{"id":418,"date":"2021-12-24T14:40:22","date_gmt":"2021-12-24T17:40:22","guid":{"rendered":"https:\/\/www.pmpf.rs.gov.br\/turismo\/?post_type=galeria&#038;p=418"},"modified":"2025-08-07T15:35:53","modified_gmt":"2025-08-07T18:35:53","slug":"praca-do-teixeirinha","status":"publish","type":"galeria","link":"https:\/\/www.pmpf.rs.gov.br\/turismo\/galeria\/praca-do-teixeirinha\/","title":{"rendered":"Pra\u00e7a do Teixeirinha"},"content":{"rendered":"\n<h2 class=\"wp-block-heading\">Homenagem ao Cantor Victor Mateus Teixeira<\/h2>\n\n\n\n<figure class=\"wp-block-gallery has-nested-images columns-default is-cropped wp-block-gallery-1 is-layout-flex wp-block-gallery-is-layout-flex\">\n<figure class=\"wp-block-image size-large\"><a href=\"https:\/\/www.pmpf.rs.gov.br\/turismo\/wp-content\/uploads\/sites\/51\/2021\/12\/I2019-03-08_13_46_51_106220.jpg\"><img loading=\"lazy\" decoding=\"async\" width=\"960\" height=\"636\" data-id=\"419\" src=\"https:\/\/www.pmpf.rs.gov.br\/turismo\/wp-content\/uploads\/sites\/51\/2021\/12\/I2019-03-08_13_46_51_106220.jpg\" alt=\"\" class=\"wp-image-419\" srcset=\"https:\/\/www.pmpf.rs.gov.br\/turismo\/wp-content\/uploads\/sites\/51\/2021\/12\/I2019-03-08_13_46_51_106220.jpg 960w, https:\/\/www.pmpf.rs.gov.br\/turismo\/wp-content\/uploads\/sites\/51\/2021\/12\/I2019-03-08_13_46_51_106220-300x199.jpg 300w, https:\/\/www.pmpf.rs.gov.br\/turismo\/wp-content\/uploads\/sites\/51\/2021\/12\/I2019-03-08_13_46_51_106220-768x509.jpg 768w\" sizes=\"(max-width: 960px) 100vw, 960px\" \/><\/a><\/figure>\n<\/figure>\n\n\n\n<p>Na Pra\u00e7a do Teixeirinha, a cidade de Passo Fundo homenageia Victor Mateus Teixeira. Famoso cantor, \u00edcone musical brasileiro, conhecido popularmente como Teixeirinha, levou o nome da cidade ao mundo inteiro. Sua m\u00fasica \u201dCora\u00e7\u00e3o de Luto\u201d vendeu mais de 25 milh\u00f5es de c\u00f3pias. &nbsp;O sucesso \u201dGa\u00facho de Passo Fundo\u201d \u00e9 cantado como m\u00fasica s\u00edmbolo da cidade. Al\u00e9m da m\u00fasica, Teixeirinha escreveu, produziu e distribuiu 10 filmes. Gravou dezenas de LP\u2019s, mais de 700 m\u00fasicas autorais, e deixou um acervo fant\u00e1stico. Teixeirinha por mais de 20 anos teve como parceira&nbsp;Mary Terezinha, que com o acordeom o acompanhou no r\u00e1dio, em shows e no cinema. A escultura do Teixeirinha, feita de sucatas e metais diversos, \u00e9 uma das obras do grande artista pl\u00e1stico Paulo Siqueira.<\/p>\n\n\n\n<p>A pra\u00e7a possui uma esta\u00e7\u00e3o de Bicicletas Compartilhadas.<\/p>\n\n\n\n<figure class=\"wp-block-gallery has-nested-images columns-2 is-cropped wp-block-gallery-2 is-layout-flex wp-block-gallery-is-layout-flex\">\n<figure class=\"wp-block-image size-large\"><a href=\"https:\/\/www.pmpf.rs.gov.br\/turismo\/wp-content\/uploads\/sites\/51\/2021\/12\/I2016-08-29_16_26_11_106220.jpg\"><img loading=\"lazy\" decoding=\"async\" width=\"640\" height=\"426\" data-id=\"422\" src=\"https:\/\/www.pmpf.rs.gov.br\/turismo\/wp-content\/uploads\/sites\/51\/2021\/12\/I2016-08-29_16_26_11_106220.jpg\" alt=\"\" class=\"wp-image-422\" srcset=\"https:\/\/www.pmpf.rs.gov.br\/turismo\/wp-content\/uploads\/sites\/51\/2021\/12\/I2016-08-29_16_26_11_106220.jpg 640w, https:\/\/www.pmpf.rs.gov.br\/turismo\/wp-content\/uploads\/sites\/51\/2021\/12\/I2016-08-29_16_26_11_106220-300x200.jpg 300w\" sizes=\"(max-width: 640px) 100vw, 640px\" \/><\/a><\/figure>\n\n\n\n<figure class=\"wp-block-image size-large\"><a href=\"https:\/\/www.pmpf.rs.gov.br\/turismo\/wp-content\/uploads\/sites\/51\/2021\/12\/I2019-03-08_13_46_51_106220.jpg\"><img loading=\"lazy\" decoding=\"async\" width=\"960\" height=\"636\" data-id=\"419\" src=\"https:\/\/www.pmpf.rs.gov.br\/turismo\/wp-content\/uploads\/sites\/51\/2021\/12\/I2019-03-08_13_46_51_106220.jpg\" alt=\"\" class=\"wp-image-419\" srcset=\"https:\/\/www.pmpf.rs.gov.br\/turismo\/wp-content\/uploads\/sites\/51\/2021\/12\/I2019-03-08_13_46_51_106220.jpg 960w, https:\/\/www.pmpf.rs.gov.br\/turismo\/wp-content\/uploads\/sites\/51\/2021\/12\/I2019-03-08_13_46_51_106220-300x199.jpg 300w, https:\/\/www.pmpf.rs.gov.br\/turismo\/wp-content\/uploads\/sites\/51\/2021\/12\/I2019-03-08_13_46_51_106220-768x509.jpg 768w\" sizes=\"(max-width: 960px) 100vw, 960px\" \/><\/a><\/figure>\n\n\n\n<figure class=\"wp-block-image size-large\"><a href=\"https:\/\/www.pmpf.rs.gov.br\/turismo\/wp-content\/uploads\/sites\/51\/2021\/12\/I2016-08-29_16_25_58_106220.jpg\"><img loading=\"lazy\" decoding=\"async\" width=\"640\" height=\"426\" data-id=\"421\" src=\"https:\/\/www.pmpf.rs.gov.br\/turismo\/wp-content\/uploads\/sites\/51\/2021\/12\/I2016-08-29_16_25_58_106220.jpg\" alt=\"\" class=\"wp-image-421\" srcset=\"https:\/\/www.pmpf.rs.gov.br\/turismo\/wp-content\/uploads\/sites\/51\/2021\/12\/I2016-08-29_16_25_58_106220.jpg 640w, https:\/\/www.pmpf.rs.gov.br\/turismo\/wp-content\/uploads\/sites\/51\/2021\/12\/I2016-08-29_16_25_58_106220-300x200.jpg 300w\" sizes=\"(max-width: 640px) 100vw, 640px\" \/><\/a><\/figure>\n\n\n\n<figure class=\"wp-block-image size-large\"><a href=\"https:\/\/www.pmpf.rs.gov.br\/turismo\/wp-content\/uploads\/sites\/51\/2021\/12\/I2019-03-08_14_02_55_106220.jpg\"><img loading=\"lazy\" decoding=\"async\" width=\"749\" height=\"562\" data-id=\"420\" src=\"https:\/\/www.pmpf.rs.gov.br\/turismo\/wp-content\/uploads\/sites\/51\/2021\/12\/I2019-03-08_14_02_55_106220.jpg\" alt=\"\" class=\"wp-image-420\" srcset=\"https:\/\/www.pmpf.rs.gov.br\/turismo\/wp-content\/uploads\/sites\/51\/2021\/12\/I2019-03-08_14_02_55_106220.jpg 749w, https:\/\/www.pmpf.rs.gov.br\/turismo\/wp-content\/uploads\/sites\/51\/2021\/12\/I2019-03-08_14_02_55_106220-300x225.jpg 300w\" sizes=\"(max-width: 749px) 100vw, 749px\" \/><\/a><\/figure>\n<\/figure>\n\n\n\n<p><strong>Endere\u00e7o:<\/strong>&nbsp;Av. Brasil esquina com a Av. 7 de setembro, Centro<\/p>\n\n\n\n<div class=\"wp-block-buttons is-horizontal is-content-justification-center is-layout-flex wp-container-core-buttons-is-layout-1 wp-block-buttons-is-layout-flex\">\n<div class=\"wp-block-button has-custom-width wp-block-button__width-50\"><a class=\"wp-block-button__link has-black-color has-luminous-vivid-amber-background-color has-text-color has-background wp-element-button\" href=\"https:\/\/goo.gl\/maps\/2hNQtg7Vnxj\" style=\"border-radius:8px\" target=\"_blank\" rel=\"noreferrer noopener\">VER NO MAPA<\/a><\/div>\n<\/div>\n","protected":false},"excerpt":{"rendered":"<p>Homenagem ao Cantor Victor Mateus Teixeira<\/p>\n","protected":false},"featured_media":419,"template":"","class_list":["post-418","galeria","type-galeria","status-publish","has-post-thumbnail","hentry"],"yoast_head":"<!-- This site is optimized with the Yoast SEO plugin v23.8 - https:\/\/yoast.com\/wordpress\/plugins\/seo\/ -->\n<title>Pra\u00e7a do Teixeirinha - Turismo<\/title>\n<meta name=\"robots\" content=\"index, follow, max-snippet:-1, max-image-preview:large, max-video-preview:-1\" \/>\n<link rel=\"canonical\" href=\"https:\/\/www.pmpf.rs.gov.br\/turismo\/galeria\/praca-do-teixeirinha\/\" \/>\n<meta property=\"og:locale\" content=\"pt_BR\" \/>\n<meta property=\"og:type\" content=\"article\" \/>\n<meta property=\"og:title\" content=\"Pra\u00e7a do Teixeirinha - Turismo\" \/>\n<meta property=\"og:description\" content=\"Homenagem ao Cantor Victor Mateus Teixeira\" \/>\n<meta property=\"og:url\" content=\"https:\/\/www.pmpf.rs.gov.br\/turismo\/galeria\/praca-do-teixeirinha\/\" \/>\n<meta property=\"og:site_name\" content=\"Turismo\" \/>\n<meta property=\"article:modified_time\" content=\"2025-08-07T18:35:53+00:00\" \/>\n<meta property=\"og:image\" content=\"https:\/\/www.pmpf.rs.gov.br\/turismo\/wp-content\/uploads\/sites\/51\/2021\/12\/I2019-03-08_13_46_51_106220.jpg\" \/>\n\t<meta property=\"og:image:width\" content=\"960\" \/>\n\t<meta property=\"og:image:height\" content=\"636\" \/>\n\t<meta property=\"og:image:type\" content=\"image\/jpeg\" \/>\n<meta name=\"twitter:card\" content=\"summary_large_image\" \/>\n<meta name=\"twitter:label1\" content=\"Est. tempo de leitura\" \/>\n\t<meta name=\"twitter:data1\" content=\"2 minutos\" \/>\n<script type=\"application\/ld+json\" class=\"yoast-schema-graph\">{\"@context\":\"https:\/\/schema.org\",\"@graph\":[{\"@type\":\"WebPage\",\"@id\":\"https:\/\/www.pmpf.rs.gov.br\/turismo\/galeria\/praca-do-teixeirinha\/\",\"url\":\"https:\/\/www.pmpf.rs.gov.br\/turismo\/galeria\/praca-do-teixeirinha\/\",\"name\":\"Pra\u00e7a do Teixeirinha - Turismo\",\"isPartOf\":{\"@id\":\"https:\/\/www.pmpf.rs.gov.br\/turismo\/#website\"},\"primaryImageOfPage\":{\"@id\":\"https:\/\/www.pmpf.rs.gov.br\/turismo\/galeria\/praca-do-teixeirinha\/#primaryimage\"},\"image\":{\"@id\":\"https:\/\/www.pmpf.rs.gov.br\/turismo\/galeria\/praca-do-teixeirinha\/#primaryimage\"},\"thumbnailUrl\":\"https:\/\/www.pmpf.rs.gov.br\/turismo\/wp-content\/uploads\/sites\/51\/2021\/12\/I2019-03-08_13_46_51_106220.jpg\",\"datePublished\":\"2021-12-24T17:40:22+00:00\",\"dateModified\":\"2025-08-07T18:35:53+00:00\",\"breadcrumb\":{\"@id\":\"https:\/\/www.pmpf.rs.gov.br\/turismo\/galeria\/praca-do-teixeirinha\/#breadcrumb\"},\"inLanguage\":\"pt-BR\",\"potentialAction\":[{\"@type\":\"ReadAction\",\"target\":[\"https:\/\/www.pmpf.rs.gov.br\/turismo\/galeria\/praca-do-teixeirinha\/\"]}]},{\"@type\":\"ImageObject\",\"inLanguage\":\"pt-BR\",\"@id\":\"https:\/\/www.pmpf.rs.gov.br\/turismo\/galeria\/praca-do-teixeirinha\/#primaryimage\",\"url\":\"https:\/\/www.pmpf.rs.gov.br\/turismo\/wp-content\/uploads\/sites\/51\/2021\/12\/I2019-03-08_13_46_51_106220.jpg\",\"contentUrl\":\"https:\/\/www.pmpf.rs.gov.br\/turismo\/wp-content\/uploads\/sites\/51\/2021\/12\/I2019-03-08_13_46_51_106220.jpg\",\"width\":960,\"height\":636},{\"@type\":\"BreadcrumbList\",\"@id\":\"https:\/\/www.pmpf.rs.gov.br\/turismo\/galeria\/praca-do-teixeirinha\/#breadcrumb\",\"itemListElement\":[{\"@type\":\"ListItem\",\"position\":1,\"name\":\"In\u00edcio\",\"item\":\"https:\/\/www.pmpf.rs.gov.br\/turismo\/\"},{\"@type\":\"ListItem\",\"position\":2,\"name\":\"Galerias\",\"item\":\"https:\/\/www.pmpf.rs.gov.br\/turismo\/galeria\/\"},{\"@type\":\"ListItem\",\"position\":3,\"name\":\"Pra\u00e7a do Teixeirinha\"}]},{\"@type\":\"WebSite\",\"@id\":\"https:\/\/www.pmpf.rs.gov.br\/turismo\/#website\",\"url\":\"https:\/\/www.pmpf.rs.gov.br\/turismo\/\",\"name\":\"Turismo\",\"description\":\"Descubra Passo Fundo\",\"potentialAction\":[{\"@type\":\"SearchAction\",\"target\":{\"@type\":\"EntryPoint\",\"urlTemplate\":\"https:\/\/www.pmpf.rs.gov.br\/turismo\/?s={search_term_string}\"},\"query-input\":{\"@type\":\"PropertyValueSpecification\",\"valueRequired\":true,\"valueName\":\"search_term_string\"}}],\"inLanguage\":\"pt-BR\"}]}<\/script>\n<!-- \/ Yoast SEO plugin. -->","yoast_head_json":{"title":"Pra\u00e7a do Teixeirinha - Turismo","robots":{"index":"index","follow":"follow","max-snippet":"max-snippet:-1","max-image-preview":"max-image-preview:large","max-video-preview":"max-video-preview:-1"},"canonical":"https:\/\/www.pmpf.rs.gov.br\/turismo\/galeria\/praca-do-teixeirinha\/","og_locale":"pt_BR","og_type":"article","og_title":"Pra\u00e7a do Teixeirinha - Turismo","og_description":"Homenagem ao Cantor Victor Mateus Teixeira","og_url":"https:\/\/www.pmpf.rs.gov.br\/turismo\/galeria\/praca-do-teixeirinha\/","og_site_name":"Turismo","article_modified_time":"2025-08-07T18:35:53+00:00","og_image":[{"width":960,"height":636,"url":"https:\/\/www.pmpf.rs.gov.br\/turismo\/wp-content\/uploads\/sites\/51\/2021\/12\/I2019-03-08_13_46_51_106220.jpg","type":"image\/jpeg"}],"twitter_card":"summary_large_image","twitter_misc":{"Est. tempo de leitura":"2 minutos"},"schema":{"@context":"https:\/\/schema.org","@graph":[{"@type":"WebPage","@id":"https:\/\/www.pmpf.rs.gov.br\/turismo\/galeria\/praca-do-teixeirinha\/","url":"https:\/\/www.pmpf.rs.gov.br\/turismo\/galeria\/praca-do-teixeirinha\/","name":"Pra\u00e7a do Teixeirinha - Turismo","isPartOf":{"@id":"https:\/\/www.pmpf.rs.gov.br\/turismo\/#website"},"primaryImageOfPage":{"@id":"https:\/\/www.pmpf.rs.gov.br\/turismo\/galeria\/praca-do-teixeirinha\/#primaryimage"},"image":{"@id":"https:\/\/www.pmpf.rs.gov.br\/turismo\/galeria\/praca-do-teixeirinha\/#primaryimage"},"thumbnailUrl":"https:\/\/www.pmpf.rs.gov.br\/turismo\/wp-content\/uploads\/sites\/51\/2021\/12\/I2019-03-08_13_46_51_106220.jpg","datePublished":"2021-12-24T17:40:22+00:00","dateModified":"2025-08-07T18:35:53+00:00","breadcrumb":{"@id":"https:\/\/www.pmpf.rs.gov.br\/turismo\/galeria\/praca-do-teixeirinha\/#breadcrumb"},"inLanguage":"pt-BR","potentialAction":[{"@type":"ReadAction","target":["https:\/\/www.pmpf.rs.gov.br\/turismo\/galeria\/praca-do-teixeirinha\/"]}]},{"@type":"ImageObject","inLanguage":"pt-BR","@id":"https:\/\/www.pmpf.rs.gov.br\/turismo\/galeria\/praca-do-teixeirinha\/#primaryimage","url":"https:\/\/www.pmpf.rs.gov.br\/turismo\/wp-content\/uploads\/sites\/51\/2021\/12\/I2019-03-08_13_46_51_106220.jpg","contentUrl":"https:\/\/www.pmpf.rs.gov.br\/turismo\/wp-content\/uploads\/sites\/51\/2021\/12\/I2019-03-08_13_46_51_106220.jpg","width":960,"height":636},{"@type":"BreadcrumbList","@id":"https:\/\/www.pmpf.rs.gov.br\/turismo\/galeria\/praca-do-teixeirinha\/#breadcrumb","itemListElement":[{"@type":"ListItem","position":1,"name":"In\u00edcio","item":"https:\/\/www.pmpf.rs.gov.br\/turismo\/"},{"@type":"ListItem","position":2,"name":"Galerias","item":"https:\/\/www.pmpf.rs.gov.br\/turismo\/galeria\/"},{"@type":"ListItem","position":3,"name":"Pra\u00e7a do Teixeirinha"}]},{"@type":"WebSite","@id":"https:\/\/www.pmpf.rs.gov.br\/turismo\/#website","url":"https:\/\/www.pmpf.rs.gov.br\/turismo\/","name":"Turismo","description":"Descubra Passo Fundo","potentialAction":[{"@type":"SearchAction","target":{"@type":"EntryPoint","urlTemplate":"https:\/\/www.pmpf.rs.gov.br\/turismo\/?s={search_term_string}"},"query-input":{"@type":"PropertyValueSpecification","valueRequired":true,"valueName":"search_term_string"}}],"inLanguage":"pt-BR"}]}},"_links":{"self":[{"href":"https:\/\/www.pmpf.rs.gov.br\/turismo\/wp-json\/wp\/v2\/galeria\/418"}],"collection":[{"href":"https:\/\/www.pmpf.rs.gov.br\/turismo\/wp-json\/wp\/v2\/galeria"}],"about":[{"href":"https:\/\/www.pmpf.rs.gov.br\/turismo\/wp-json\/wp\/v2\/types\/galeria"}],"wp:featuredmedia":[{"embeddable":true,"href":"https:\/\/www.pmpf.rs.gov.br\/turismo\/wp-json\/wp\/v2\/media\/419"}],"wp:attachment":[{"href":"https:\/\/www.pmpf.rs.gov.br\/turismo\/wp-json\/wp\/v2\/media?parent=418"}],"curies":[{"name":"wp","href":"https:\/\/api.w.org\/{rel}","templated":true}]}}