{"id":390,"date":"2021-12-24T13:56:14","date_gmt":"2021-12-24T16:56:14","guid":{"rendered":"https:\/\/www.pmpf.rs.gov.br\/turismo\/?post_type=galeria&#038;p=390"},"modified":"2021-12-24T14:25:27","modified_gmt":"2021-12-24T17:25:27","slug":"parque-banhado-da-vergueiro","status":"publish","type":"galeria","link":"https:\/\/www.pmpf.rs.gov.br\/turismo\/galeria\/parque-banhado-da-vergueiro\/","title":{"rendered":"Parque Banhado da Vergueiro"},"content":{"rendered":"\n<h2 class=\"wp-block-heading\">Parque ecol\u00f3gico<\/h2>\n\n\n\n<figure class=\"wp-block-gallery columns-1 is-cropped wp-block-gallery-1 is-layout-flex wp-block-gallery-is-layout-flex\"><ul class=\"blocks-gallery-grid\"><li class=\"blocks-gallery-item\"><figure><img loading=\"lazy\" decoding=\"async\" width=\"960\" height=\"636\" src=\"https:\/\/www.pmpf.rs.gov.br\/turismo\/wp-content\/uploads\/sites\/51\/2021\/12\/I2019-02-25_15_51_48_106220.jpg\" alt=\"\" data-id=\"394\" data-full-url=\"https:\/\/www.pmpf.rs.gov.br\/turismo\/wp-content\/uploads\/sites\/51\/2021\/12\/I2019-02-25_15_51_48_106220.jpg\" data-link=\"https:\/\/www.pmpf.rs.gov.br\/turismo\/galeria\/parque-banhado-da-vergueiro\/i2019-02-25_15_51_48_106220\/\" class=\"wp-image-394\" srcset=\"https:\/\/www.pmpf.rs.gov.br\/turismo\/wp-content\/uploads\/sites\/51\/2021\/12\/I2019-02-25_15_51_48_106220.jpg 960w, https:\/\/www.pmpf.rs.gov.br\/turismo\/wp-content\/uploads\/sites\/51\/2021\/12\/I2019-02-25_15_51_48_106220-300x199.jpg 300w, https:\/\/www.pmpf.rs.gov.br\/turismo\/wp-content\/uploads\/sites\/51\/2021\/12\/I2019-02-25_15_51_48_106220-768x509.jpg 768w\" sizes=\"(max-width: 960px) 100vw, 960px\" \/><\/figure><\/li><\/ul><\/figure>\n\n\n\n<p>Entregue \u00e0 comunidade em 2016, o Parque Banhado da Vergueiro \u00e9 um parque ecol\u00f3gico, constru\u00eddo com o cuidado e respeito ao meio ambiente. O Banhado \u00e9 um ecossistema muito comum no Rio Grande do Sul, caracterizado pela umidade, com solo n\u00e3o drenado e com vegeta\u00e7\u00e3o caracter\u00edstica. Sob esse cen\u00e1rio, a interven\u00e7\u00e3o feita foi para inserir o local no dia a dia das pessoas sem que as suas caracter\u00edsticas naturais fossem prejudicadas. No local, o visitante ver\u00e1 piso perme\u00e1vel, uma passarela que pode ser usada para conhecer o ecossistema e o reflorestamento. Uma pracinha infantil, bancos para descanso, anfiteatro e sistema de ilumina\u00e7\u00e3o. L\u00e1, tamb\u00e9m, funciona a Secretaria Municipal do Meio Ambiente, em um pr\u00e9dio que foi projetado para utilizar energias renov\u00e1veis, com capta\u00e7\u00e3o da \u00e1gua da chuva e pain\u00e9is fotovoltaicos para eletricidade.<\/p>\n\n\n\n<p>Clicar na imagem para ampliar.<\/p>\n\n\n\n<figure class=\"wp-block-gallery columns-3 is-cropped wp-block-gallery-2 is-layout-flex wp-block-gallery-is-layout-flex\"><ul class=\"blocks-gallery-grid\"><li class=\"blocks-gallery-item\"><figure><a href=\"https:\/\/www.pmpf.rs.gov.br\/turismo\/wp-content\/uploads\/sites\/51\/2021\/12\/I2019-02-25_15_53_55_106220.jpg\"><img loading=\"lazy\" decoding=\"async\" width=\"960\" height=\"456\" src=\"https:\/\/www.pmpf.rs.gov.br\/turismo\/wp-content\/uploads\/sites\/51\/2021\/12\/I2019-02-25_15_53_55_106220.jpg\" alt=\"\" data-id=\"393\" data-full-url=\"https:\/\/www.pmpf.rs.gov.br\/turismo\/wp-content\/uploads\/sites\/51\/2021\/12\/I2019-02-25_15_53_55_106220.jpg\" data-link=\"https:\/\/www.pmpf.rs.gov.br\/turismo\/?attachment_id=393\" class=\"wp-image-393\" srcset=\"https:\/\/www.pmpf.rs.gov.br\/turismo\/wp-content\/uploads\/sites\/51\/2021\/12\/I2019-02-25_15_53_55_106220.jpg 960w, https:\/\/www.pmpf.rs.gov.br\/turismo\/wp-content\/uploads\/sites\/51\/2021\/12\/I2019-02-25_15_53_55_106220-300x143.jpg 300w, https:\/\/www.pmpf.rs.gov.br\/turismo\/wp-content\/uploads\/sites\/51\/2021\/12\/I2019-02-25_15_53_55_106220-768x365.jpg 768w\" sizes=\"(max-width: 960px) 100vw, 960px\" \/><\/a><\/figure><\/li><li class=\"blocks-gallery-item\"><figure><a href=\"https:\/\/www.pmpf.rs.gov.br\/turismo\/wp-content\/uploads\/sites\/51\/2021\/12\/I2019-02-25_15_51_48_106220.jpg\"><img loading=\"lazy\" decoding=\"async\" width=\"960\" height=\"636\" src=\"https:\/\/www.pmpf.rs.gov.br\/turismo\/wp-content\/uploads\/sites\/51\/2021\/12\/I2019-02-25_15_51_48_106220.jpg\" alt=\"\" data-id=\"394\" data-full-url=\"https:\/\/www.pmpf.rs.gov.br\/turismo\/wp-content\/uploads\/sites\/51\/2021\/12\/I2019-02-25_15_51_48_106220.jpg\" data-link=\"https:\/\/www.pmpf.rs.gov.br\/turismo\/?attachment_id=394\" class=\"wp-image-394\" srcset=\"https:\/\/www.pmpf.rs.gov.br\/turismo\/wp-content\/uploads\/sites\/51\/2021\/12\/I2019-02-25_15_51_48_106220.jpg 960w, https:\/\/www.pmpf.rs.gov.br\/turismo\/wp-content\/uploads\/sites\/51\/2021\/12\/I2019-02-25_15_51_48_106220-300x199.jpg 300w, https:\/\/www.pmpf.rs.gov.br\/turismo\/wp-content\/uploads\/sites\/51\/2021\/12\/I2019-02-25_15_51_48_106220-768x509.jpg 768w\" sizes=\"(max-width: 960px) 100vw, 960px\" \/><\/a><\/figure><\/li><li class=\"blocks-gallery-item\"><figure><a href=\"https:\/\/www.pmpf.rs.gov.br\/turismo\/wp-content\/uploads\/sites\/51\/2021\/12\/I2019-02-25_15_55_03_106220.jpg\"><img loading=\"lazy\" decoding=\"async\" width=\"960\" height=\"642\" src=\"https:\/\/www.pmpf.rs.gov.br\/turismo\/wp-content\/uploads\/sites\/51\/2021\/12\/I2019-02-25_15_55_03_106220.jpg\" alt=\"\" data-id=\"392\" data-full-url=\"https:\/\/www.pmpf.rs.gov.br\/turismo\/wp-content\/uploads\/sites\/51\/2021\/12\/I2019-02-25_15_55_03_106220.jpg\" data-link=\"https:\/\/www.pmpf.rs.gov.br\/turismo\/?attachment_id=392\" class=\"wp-image-392\" srcset=\"https:\/\/www.pmpf.rs.gov.br\/turismo\/wp-content\/uploads\/sites\/51\/2021\/12\/I2019-02-25_15_55_03_106220.jpg 960w, https:\/\/www.pmpf.rs.gov.br\/turismo\/wp-content\/uploads\/sites\/51\/2021\/12\/I2019-02-25_15_55_03_106220-300x201.jpg 300w, https:\/\/www.pmpf.rs.gov.br\/turismo\/wp-content\/uploads\/sites\/51\/2021\/12\/I2019-02-25_15_55_03_106220-768x514.jpg 768w\" sizes=\"(max-width: 960px) 100vw, 960px\" \/><\/a><\/figure><\/li><li class=\"blocks-gallery-item\"><figure><a href=\"https:\/\/www.pmpf.rs.gov.br\/turismo\/wp-content\/uploads\/sites\/51\/2021\/12\/I2019-02-25_15_55_58_106220.jpg\"><img loading=\"lazy\" decoding=\"async\" width=\"960\" height=\"554\" src=\"https:\/\/www.pmpf.rs.gov.br\/turismo\/wp-content\/uploads\/sites\/51\/2021\/12\/I2019-02-25_15_55_58_106220.jpg\" alt=\"\" data-id=\"391\" data-full-url=\"https:\/\/www.pmpf.rs.gov.br\/turismo\/wp-content\/uploads\/sites\/51\/2021\/12\/I2019-02-25_15_55_58_106220.jpg\" data-link=\"https:\/\/www.pmpf.rs.gov.br\/turismo\/?attachment_id=391\" class=\"wp-image-391\" srcset=\"https:\/\/www.pmpf.rs.gov.br\/turismo\/wp-content\/uploads\/sites\/51\/2021\/12\/I2019-02-25_15_55_58_106220.jpg 960w, https:\/\/www.pmpf.rs.gov.br\/turismo\/wp-content\/uploads\/sites\/51\/2021\/12\/I2019-02-25_15_55_58_106220-300x173.jpg 300w, https:\/\/www.pmpf.rs.gov.br\/turismo\/wp-content\/uploads\/sites\/51\/2021\/12\/I2019-02-25_15_55_58_106220-768x443.jpg 768w\" sizes=\"(max-width: 960px) 100vw, 960px\" \/><\/a><\/figure><\/li><\/ul><\/figure>\n\n\n\n<p><strong>Endere\u00e7o:&nbsp;<\/strong>Rua Homero Leite, 106-124 &#8211; Centro<\/p>\n\n\n\n<div class=\"wp-block-buttons is-content-justification-center is-layout-flex wp-block-buttons-is-layout-flex\">\n<div class=\"wp-block-button has-custom-width wp-block-button__width-50\"><a class=\"wp-block-button__link has-black-color has-luminous-vivid-amber-background-color has-text-color has-background\" href=\"https:\/\/goo.gl\/maps\/Q3oW8kzxyCR2\" style=\"border-radius:8px\" target=\"_blank\" rel=\"noreferrer noopener\">VER NO MAPA<\/a><\/div>\n<\/div>\n","protected":false},"excerpt":{"rendered":"<p>Parque ecol\u00f3gico<\/p>\n","protected":false},"featured_media":394,"template":"","class_list":["post-390","galeria","type-galeria","status-publish","has-post-thumbnail","hentry"],"yoast_head":"<!-- This site is optimized with the Yoast SEO plugin v23.8 - https:\/\/yoast.com\/wordpress\/plugins\/seo\/ -->\n<title>Parque Banhado da Vergueiro - Turismo<\/title>\n<meta name=\"robots\" content=\"index, follow, max-snippet:-1, max-image-preview:large, max-video-preview:-1\" \/>\n<link rel=\"canonical\" href=\"https:\/\/www.pmpf.rs.gov.br\/turismo\/galeria\/parque-banhado-da-vergueiro\/\" \/>\n<meta property=\"og:locale\" content=\"pt_BR\" \/>\n<meta property=\"og:type\" content=\"article\" \/>\n<meta property=\"og:title\" content=\"Parque Banhado da Vergueiro - Turismo\" \/>\n<meta property=\"og:description\" content=\"Parque ecol\u00f3gico\" \/>\n<meta property=\"og:url\" content=\"https:\/\/www.pmpf.rs.gov.br\/turismo\/galeria\/parque-banhado-da-vergueiro\/\" \/>\n<meta property=\"og:site_name\" content=\"Turismo\" \/>\n<meta property=\"article:modified_time\" content=\"2021-12-24T17:25:27+00:00\" \/>\n<meta property=\"og:image\" content=\"https:\/\/www.pmpf.rs.gov.br\/turismo\/wp-content\/uploads\/sites\/51\/2021\/12\/I2019-02-25_15_51_48_106220.jpg\" \/>\n\t<meta property=\"og:image:width\" content=\"960\" \/>\n\t<meta property=\"og:image:height\" content=\"636\" \/>\n\t<meta property=\"og:image:type\" content=\"image\/jpeg\" \/>\n<meta name=\"twitter:card\" content=\"summary_large_image\" \/>\n<meta name=\"twitter:label1\" content=\"Est. tempo de leitura\" \/>\n\t<meta name=\"twitter:data1\" content=\"2 minutos\" \/>\n<script type=\"application\/ld+json\" class=\"yoast-schema-graph\">{\"@context\":\"https:\/\/schema.org\",\"@graph\":[{\"@type\":\"WebPage\",\"@id\":\"https:\/\/www.pmpf.rs.gov.br\/turismo\/galeria\/parque-banhado-da-vergueiro\/\",\"url\":\"https:\/\/www.pmpf.rs.gov.br\/turismo\/galeria\/parque-banhado-da-vergueiro\/\",\"name\":\"Parque Banhado da Vergueiro - Turismo\",\"isPartOf\":{\"@id\":\"https:\/\/www.pmpf.rs.gov.br\/turismo\/#website\"},\"primaryImageOfPage\":{\"@id\":\"https:\/\/www.pmpf.rs.gov.br\/turismo\/galeria\/parque-banhado-da-vergueiro\/#primaryimage\"},\"image\":{\"@id\":\"https:\/\/www.pmpf.rs.gov.br\/turismo\/galeria\/parque-banhado-da-vergueiro\/#primaryimage\"},\"thumbnailUrl\":\"https:\/\/www.pmpf.rs.gov.br\/turismo\/wp-content\/uploads\/sites\/51\/2021\/12\/I2019-02-25_15_51_48_106220.jpg\",\"datePublished\":\"2021-12-24T16:56:14+00:00\",\"dateModified\":\"2021-12-24T17:25:27+00:00\",\"breadcrumb\":{\"@id\":\"https:\/\/www.pmpf.rs.gov.br\/turismo\/galeria\/parque-banhado-da-vergueiro\/#breadcrumb\"},\"inLanguage\":\"pt-BR\",\"potentialAction\":[{\"@type\":\"ReadAction\",\"target\":[\"https:\/\/www.pmpf.rs.gov.br\/turismo\/galeria\/parque-banhado-da-vergueiro\/\"]}]},{\"@type\":\"ImageObject\",\"inLanguage\":\"pt-BR\",\"@id\":\"https:\/\/www.pmpf.rs.gov.br\/turismo\/galeria\/parque-banhado-da-vergueiro\/#primaryimage\",\"url\":\"https:\/\/www.pmpf.rs.gov.br\/turismo\/wp-content\/uploads\/sites\/51\/2021\/12\/I2019-02-25_15_51_48_106220.jpg\",\"contentUrl\":\"https:\/\/www.pmpf.rs.gov.br\/turismo\/wp-content\/uploads\/sites\/51\/2021\/12\/I2019-02-25_15_51_48_106220.jpg\",\"width\":960,\"height\":636},{\"@type\":\"BreadcrumbList\",\"@id\":\"https:\/\/www.pmpf.rs.gov.br\/turismo\/galeria\/parque-banhado-da-vergueiro\/#breadcrumb\",\"itemListElement\":[{\"@type\":\"ListItem\",\"position\":1,\"name\":\"In\u00edcio\",\"item\":\"https:\/\/www.pmpf.rs.gov.br\/turismo\/\"},{\"@type\":\"ListItem\",\"position\":2,\"name\":\"Galerias\",\"item\":\"https:\/\/www.pmpf.rs.gov.br\/turismo\/galeria\/\"},{\"@type\":\"ListItem\",\"position\":3,\"name\":\"Parque Banhado da Vergueiro\"}]},{\"@type\":\"WebSite\",\"@id\":\"https:\/\/www.pmpf.rs.gov.br\/turismo\/#website\",\"url\":\"https:\/\/www.pmpf.rs.gov.br\/turismo\/\",\"name\":\"Turismo\",\"description\":\"Descubra Passo Fundo\",\"potentialAction\":[{\"@type\":\"SearchAction\",\"target\":{\"@type\":\"EntryPoint\",\"urlTemplate\":\"https:\/\/www.pmpf.rs.gov.br\/turismo\/?s={search_term_string}\"},\"query-input\":{\"@type\":\"PropertyValueSpecification\",\"valueRequired\":true,\"valueName\":\"search_term_string\"}}],\"inLanguage\":\"pt-BR\"}]}<\/script>\n<!-- \/ Yoast SEO plugin. -->","yoast_head_json":{"title":"Parque Banhado da Vergueiro - Turismo","robots":{"index":"index","follow":"follow","max-snippet":"max-snippet:-1","max-image-preview":"max-image-preview:large","max-video-preview":"max-video-preview:-1"},"canonical":"https:\/\/www.pmpf.rs.gov.br\/turismo\/galeria\/parque-banhado-da-vergueiro\/","og_locale":"pt_BR","og_type":"article","og_title":"Parque Banhado da Vergueiro - Turismo","og_description":"Parque ecol\u00f3gico","og_url":"https:\/\/www.pmpf.rs.gov.br\/turismo\/galeria\/parque-banhado-da-vergueiro\/","og_site_name":"Turismo","article_modified_time":"2021-12-24T17:25:27+00:00","og_image":[{"width":960,"height":636,"url":"https:\/\/www.pmpf.rs.gov.br\/turismo\/wp-content\/uploads\/sites\/51\/2021\/12\/I2019-02-25_15_51_48_106220.jpg","type":"image\/jpeg"}],"twitter_card":"summary_large_image","twitter_misc":{"Est. tempo de leitura":"2 minutos"},"schema":{"@context":"https:\/\/schema.org","@graph":[{"@type":"WebPage","@id":"https:\/\/www.pmpf.rs.gov.br\/turismo\/galeria\/parque-banhado-da-vergueiro\/","url":"https:\/\/www.pmpf.rs.gov.br\/turismo\/galeria\/parque-banhado-da-vergueiro\/","name":"Parque Banhado da Vergueiro - Turismo","isPartOf":{"@id":"https:\/\/www.pmpf.rs.gov.br\/turismo\/#website"},"primaryImageOfPage":{"@id":"https:\/\/www.pmpf.rs.gov.br\/turismo\/galeria\/parque-banhado-da-vergueiro\/#primaryimage"},"image":{"@id":"https:\/\/www.pmpf.rs.gov.br\/turismo\/galeria\/parque-banhado-da-vergueiro\/#primaryimage"},"thumbnailUrl":"https:\/\/www.pmpf.rs.gov.br\/turismo\/wp-content\/uploads\/sites\/51\/2021\/12\/I2019-02-25_15_51_48_106220.jpg","datePublished":"2021-12-24T16:56:14+00:00","dateModified":"2021-12-24T17:25:27+00:00","breadcrumb":{"@id":"https:\/\/www.pmpf.rs.gov.br\/turismo\/galeria\/parque-banhado-da-vergueiro\/#breadcrumb"},"inLanguage":"pt-BR","potentialAction":[{"@type":"ReadAction","target":["https:\/\/www.pmpf.rs.gov.br\/turismo\/galeria\/parque-banhado-da-vergueiro\/"]}]},{"@type":"ImageObject","inLanguage":"pt-BR","@id":"https:\/\/www.pmpf.rs.gov.br\/turismo\/galeria\/parque-banhado-da-vergueiro\/#primaryimage","url":"https:\/\/www.pmpf.rs.gov.br\/turismo\/wp-content\/uploads\/sites\/51\/2021\/12\/I2019-02-25_15_51_48_106220.jpg","contentUrl":"https:\/\/www.pmpf.rs.gov.br\/turismo\/wp-content\/uploads\/sites\/51\/2021\/12\/I2019-02-25_15_51_48_106220.jpg","width":960,"height":636},{"@type":"BreadcrumbList","@id":"https:\/\/www.pmpf.rs.gov.br\/turismo\/galeria\/parque-banhado-da-vergueiro\/#breadcrumb","itemListElement":[{"@type":"ListItem","position":1,"name":"In\u00edcio","item":"https:\/\/www.pmpf.rs.gov.br\/turismo\/"},{"@type":"ListItem","position":2,"name":"Galerias","item":"https:\/\/www.pmpf.rs.gov.br\/turismo\/galeria\/"},{"@type":"ListItem","position":3,"name":"Parque Banhado da Vergueiro"}]},{"@type":"WebSite","@id":"https:\/\/www.pmpf.rs.gov.br\/turismo\/#website","url":"https:\/\/www.pmpf.rs.gov.br\/turismo\/","name":"Turismo","description":"Descubra Passo Fundo","potentialAction":[{"@type":"SearchAction","target":{"@type":"EntryPoint","urlTemplate":"https:\/\/www.pmpf.rs.gov.br\/turismo\/?s={search_term_string}"},"query-input":{"@type":"PropertyValueSpecification","valueRequired":true,"valueName":"search_term_string"}}],"inLanguage":"pt-BR"}]}},"_links":{"self":[{"href":"https:\/\/www.pmpf.rs.gov.br\/turismo\/wp-json\/wp\/v2\/galeria\/390"}],"collection":[{"href":"https:\/\/www.pmpf.rs.gov.br\/turismo\/wp-json\/wp\/v2\/galeria"}],"about":[{"href":"https:\/\/www.pmpf.rs.gov.br\/turismo\/wp-json\/wp\/v2\/types\/galeria"}],"wp:featuredmedia":[{"embeddable":true,"href":"https:\/\/www.pmpf.rs.gov.br\/turismo\/wp-json\/wp\/v2\/media\/394"}],"wp:attachment":[{"href":"https:\/\/www.pmpf.rs.gov.br\/turismo\/wp-json\/wp\/v2\/media?parent=390"}],"curies":[{"name":"wp","href":"https:\/\/api.w.org\/{rel}","templated":true}]}}