{"id":383,"date":"2021-12-24T13:53:52","date_gmt":"2021-12-24T16:53:52","guid":{"rendered":"https:\/\/www.pmpf.rs.gov.br\/turismo\/?post_type=galeria&#038;p=383"},"modified":"2025-08-07T15:37:07","modified_gmt":"2025-08-07T18:37:07","slug":"espaco-cultural-roseli-doleski-pretto","status":"publish","type":"galeria","link":"https:\/\/www.pmpf.rs.gov.br\/turismo\/galeria\/espaco-cultural-roseli-doleski-pretto\/","title":{"rendered":"Espa\u00e7o Cultural Roseli Doleski Pretto"},"content":{"rendered":"\n<h2 class=\"wp-block-heading\">Turismo hist\u00f3rico e cultural<\/h2>\n\n\n\n<figure class=\"wp-block-gallery has-nested-images columns-default is-cropped wp-block-gallery-1 is-layout-flex wp-block-gallery-is-layout-flex\">\n<figure class=\"wp-block-image size-large\"><a href=\"https:\/\/www.pmpf.rs.gov.br\/turismo\/wp-content\/uploads\/sites\/51\/2021\/12\/I2019-02-25_13_11_03_106220.jpg\"><img loading=\"lazy\" decoding=\"async\" width=\"960\" height=\"572\" data-id=\"389\" src=\"https:\/\/www.pmpf.rs.gov.br\/turismo\/wp-content\/uploads\/sites\/51\/2021\/12\/I2019-02-25_13_11_03_106220.jpg\" alt=\"\" class=\"wp-image-389\" srcset=\"https:\/\/www.pmpf.rs.gov.br\/turismo\/wp-content\/uploads\/sites\/51\/2021\/12\/I2019-02-25_13_11_03_106220.jpg 960w, https:\/\/www.pmpf.rs.gov.br\/turismo\/wp-content\/uploads\/sites\/51\/2021\/12\/I2019-02-25_13_11_03_106220-300x179.jpg 300w, https:\/\/www.pmpf.rs.gov.br\/turismo\/wp-content\/uploads\/sites\/51\/2021\/12\/I2019-02-25_13_11_03_106220-768x458.jpg 768w\" sizes=\"(max-width: 960px) 100vw, 960px\" \/><\/a><\/figure>\n<\/figure>\n\n\n\n<p>Espa\u00e7o que re\u00fane o principal conjunto arquitet\u00f4nico de valor hist\u00f3rico de Passo Fundo, onde podemos encontrar:<\/p>\n\n\n\n<p><strong>Teatro Municipal M\u00facio de Castro:<\/strong>&nbsp;a constru\u00e7\u00e3o do pr\u00e9dio data de 1883, abrigou os poderes judici\u00e1rio e legislativo da cidade. Reformado e entregue a comunidade em 2015, tem intensa programa\u00e7\u00e3o cultural.<\/p>\n\n\n\n<p><strong>Museu de Artes Visuais Ruth Schneider e Museu Hist\u00f3rico Regional:<\/strong>&nbsp;Est\u00e1 abrigado em um imponente pr\u00e9dio de 400 m\u00b2, constru\u00eddo entre 1909 e 1911 para ser a sede do poder executivo municipal. Regularmente exp\u00f5e obras de Artes de artistas variados e acervos antropol\u00f3gicos, documentais e outros que registram a vida regional. Aberto de ter\u00e7a a sexta, das 8h30 \u00e0s 17h30, s\u00e1bados e domingos, das 13h30 \u00e0s 17h30, a entrada \u00e9 gratuita.<\/p>\n\n\n\n<p><strong>Academia Passo-fundense de Letras:<\/strong>&nbsp;Pr\u00e9dio constru\u00eddo no come\u00e7o do s\u00e9culo XX, desde 1938 abriga a Academia. O pr\u00e9dio tamb\u00e9m \u00e9 conhecido por ter a porta mais alta do estado do Rio Grande do Sul.<\/p>\n\n\n\n<p><strong>Tuneis da Literatura e Monumento das Letras Gigantes:<\/strong>&nbsp;Localizados nos canteiros Guilherme Luiz Sperry e Abr\u00e3ao Madalosso, em frente ao conjunto de pr\u00e9dios hist\u00f3ricos, faz refer\u00eancia a Literatura Ga\u00fachesca e Literatura C\u00f4mica, onde regularmente s\u00e3o colocados novos textos para o p\u00fablico.<\/p>\n\n\n\n<p><strong>Biblioteca P\u00fablica Municipal Arno Viuniski:<\/strong>&nbsp;Biblioteca P\u00fablica, funciona de segunda a sexta das 08h \u00e0s 18h, entrada pela rua paralela a Av.Brasil, Rua Moron, 2019.<\/p>\n\n\n\n<p>Clicar na imagem para ampliar.<\/p>\n\n\n\n<figure class=\"wp-block-gallery has-nested-images columns-2 is-cropped wp-block-gallery-2 is-layout-flex wp-block-gallery-is-layout-flex\">\n<figure class=\"wp-block-image size-large\"><a href=\"https:\/\/www.pmpf.rs.gov.br\/turismo\/wp-content\/uploads\/sites\/51\/2021\/12\/I2019-02-25_13_21_30_106220.jpg\"><img loading=\"lazy\" decoding=\"async\" width=\"635\" height=\"960\" data-id=\"384\" src=\"https:\/\/www.pmpf.rs.gov.br\/turismo\/wp-content\/uploads\/sites\/51\/2021\/12\/I2019-02-25_13_21_30_106220.jpg\" alt=\"\" class=\"wp-image-384\" srcset=\"https:\/\/www.pmpf.rs.gov.br\/turismo\/wp-content\/uploads\/sites\/51\/2021\/12\/I2019-02-25_13_21_30_106220.jpg 635w, https:\/\/www.pmpf.rs.gov.br\/turismo\/wp-content\/uploads\/sites\/51\/2021\/12\/I2019-02-25_13_21_30_106220-198x300.jpg 198w\" sizes=\"(max-width: 635px) 100vw, 635px\" \/><\/a><\/figure>\n\n\n\n<figure class=\"wp-block-image size-large\"><a href=\"https:\/\/www.pmpf.rs.gov.br\/turismo\/wp-content\/uploads\/sites\/51\/2021\/12\/I2019-02-25_13_19_32_106220.jpg\"><img loading=\"lazy\" decoding=\"async\" width=\"421\" height=\"635\" data-id=\"385\" src=\"https:\/\/www.pmpf.rs.gov.br\/turismo\/wp-content\/uploads\/sites\/51\/2021\/12\/I2019-02-25_13_19_32_106220.jpg\" alt=\"\" class=\"wp-image-385\" srcset=\"https:\/\/www.pmpf.rs.gov.br\/turismo\/wp-content\/uploads\/sites\/51\/2021\/12\/I2019-02-25_13_19_32_106220.jpg 421w, https:\/\/www.pmpf.rs.gov.br\/turismo\/wp-content\/uploads\/sites\/51\/2021\/12\/I2019-02-25_13_19_32_106220-199x300.jpg 199w\" sizes=\"(max-width: 421px) 100vw, 421px\" \/><\/a><\/figure>\n\n\n\n<figure class=\"wp-block-image size-large\"><a href=\"https:\/\/www.pmpf.rs.gov.br\/turismo\/wp-content\/uploads\/sites\/51\/2021\/12\/I2019-02-25_13_16_53_106220.jpg\"><img loading=\"lazy\" decoding=\"async\" width=\"960\" height=\"569\" data-id=\"386\" src=\"https:\/\/www.pmpf.rs.gov.br\/turismo\/wp-content\/uploads\/sites\/51\/2021\/12\/I2019-02-25_13_16_53_106220.jpg\" alt=\"\" class=\"wp-image-386\" srcset=\"https:\/\/www.pmpf.rs.gov.br\/turismo\/wp-content\/uploads\/sites\/51\/2021\/12\/I2019-02-25_13_16_53_106220.jpg 960w, https:\/\/www.pmpf.rs.gov.br\/turismo\/wp-content\/uploads\/sites\/51\/2021\/12\/I2019-02-25_13_16_53_106220-300x178.jpg 300w, https:\/\/www.pmpf.rs.gov.br\/turismo\/wp-content\/uploads\/sites\/51\/2021\/12\/I2019-02-25_13_16_53_106220-768x455.jpg 768w\" sizes=\"(max-width: 960px) 100vw, 960px\" \/><\/a><\/figure>\n\n\n\n<figure class=\"wp-block-image size-large\"><a href=\"https:\/\/www.pmpf.rs.gov.br\/turismo\/wp-content\/uploads\/sites\/51\/2021\/12\/I2019-02-25_13_14_33_106220.jpg\"><img loading=\"lazy\" decoding=\"async\" width=\"960\" height=\"636\" data-id=\"387\" src=\"https:\/\/www.pmpf.rs.gov.br\/turismo\/wp-content\/uploads\/sites\/51\/2021\/12\/I2019-02-25_13_14_33_106220.jpg\" alt=\"\" class=\"wp-image-387\" srcset=\"https:\/\/www.pmpf.rs.gov.br\/turismo\/wp-content\/uploads\/sites\/51\/2021\/12\/I2019-02-25_13_14_33_106220.jpg 960w, https:\/\/www.pmpf.rs.gov.br\/turismo\/wp-content\/uploads\/sites\/51\/2021\/12\/I2019-02-25_13_14_33_106220-300x199.jpg 300w, https:\/\/www.pmpf.rs.gov.br\/turismo\/wp-content\/uploads\/sites\/51\/2021\/12\/I2019-02-25_13_14_33_106220-768x509.jpg 768w\" sizes=\"(max-width: 960px) 100vw, 960px\" \/><\/a><\/figure>\n\n\n\n<figure class=\"wp-block-image size-large\"><a href=\"https:\/\/www.pmpf.rs.gov.br\/turismo\/wp-content\/uploads\/sites\/51\/2021\/12\/I2019-02-25_13_10_45_106220.jpg\"><img loading=\"lazy\" decoding=\"async\" width=\"960\" height=\"636\" data-id=\"388\" src=\"https:\/\/www.pmpf.rs.gov.br\/turismo\/wp-content\/uploads\/sites\/51\/2021\/12\/I2019-02-25_13_10_45_106220.jpg\" alt=\"\" class=\"wp-image-388\" srcset=\"https:\/\/www.pmpf.rs.gov.br\/turismo\/wp-content\/uploads\/sites\/51\/2021\/12\/I2019-02-25_13_10_45_106220.jpg 960w, https:\/\/www.pmpf.rs.gov.br\/turismo\/wp-content\/uploads\/sites\/51\/2021\/12\/I2019-02-25_13_10_45_106220-300x199.jpg 300w, https:\/\/www.pmpf.rs.gov.br\/turismo\/wp-content\/uploads\/sites\/51\/2021\/12\/I2019-02-25_13_10_45_106220-768x509.jpg 768w\" sizes=\"(max-width: 960px) 100vw, 960px\" \/><\/a><\/figure>\n\n\n\n<figure class=\"wp-block-image size-large\"><a href=\"https:\/\/www.pmpf.rs.gov.br\/turismo\/wp-content\/uploads\/sites\/51\/2021\/12\/I2019-02-25_13_11_03_106220.jpg\"><img loading=\"lazy\" decoding=\"async\" width=\"960\" height=\"572\" data-id=\"389\" src=\"https:\/\/www.pmpf.rs.gov.br\/turismo\/wp-content\/uploads\/sites\/51\/2021\/12\/I2019-02-25_13_11_03_106220.jpg\" alt=\"\" class=\"wp-image-389\" srcset=\"https:\/\/www.pmpf.rs.gov.br\/turismo\/wp-content\/uploads\/sites\/51\/2021\/12\/I2019-02-25_13_11_03_106220.jpg 960w, https:\/\/www.pmpf.rs.gov.br\/turismo\/wp-content\/uploads\/sites\/51\/2021\/12\/I2019-02-25_13_11_03_106220-300x179.jpg 300w, https:\/\/www.pmpf.rs.gov.br\/turismo\/wp-content\/uploads\/sites\/51\/2021\/12\/I2019-02-25_13_11_03_106220-768x458.jpg 768w\" sizes=\"(max-width: 960px) 100vw, 960px\" \/><\/a><\/figure>\n<\/figure>\n\n\n\n<p><strong>Endere\u00e7o:&nbsp;<\/strong>Av. Brasil, 758 &#8211; Centro<\/p>\n\n\n\n<div class=\"wp-block-buttons is-horizontal is-content-justification-center is-layout-flex wp-container-core-buttons-is-layout-1 wp-block-buttons-is-layout-flex\">\n<div class=\"wp-block-button has-custom-width wp-block-button__width-50\"><a class=\"wp-block-button__link has-black-color has-luminous-vivid-amber-background-color has-text-color has-background wp-element-button\" href=\"https:\/\/goo.gl\/maps\/kQ9MUHxbXfx\" style=\"border-radius:8px\" target=\"_blank\" rel=\"noreferrer noopener\">VER NO MAPA<\/a><\/div>\n<\/div>\n","protected":false},"excerpt":{"rendered":"<p>Turismo hist\u00f3rico e cultural<\/p>\n","protected":false},"featured_media":389,"template":"","class_list":["post-383","galeria","type-galeria","status-publish","has-post-thumbnail","hentry"],"yoast_head":"<!-- This site is optimized with the Yoast SEO plugin v23.8 - https:\/\/yoast.com\/wordpress\/plugins\/seo\/ -->\n<title>Espa\u00e7o Cultural Roseli Doleski Pretto - Turismo<\/title>\n<meta name=\"robots\" content=\"index, follow, max-snippet:-1, max-image-preview:large, max-video-preview:-1\" \/>\n<link rel=\"canonical\" href=\"https:\/\/www.pmpf.rs.gov.br\/turismo\/galeria\/espaco-cultural-roseli-doleski-pretto\/\" \/>\n<meta property=\"og:locale\" content=\"pt_BR\" \/>\n<meta property=\"og:type\" content=\"article\" \/>\n<meta property=\"og:title\" content=\"Espa\u00e7o Cultural Roseli Doleski Pretto - Turismo\" \/>\n<meta property=\"og:description\" content=\"Turismo hist\u00f3rico e cultural\" \/>\n<meta property=\"og:url\" content=\"https:\/\/www.pmpf.rs.gov.br\/turismo\/galeria\/espaco-cultural-roseli-doleski-pretto\/\" \/>\n<meta property=\"og:site_name\" content=\"Turismo\" \/>\n<meta property=\"article:modified_time\" content=\"2025-08-07T18:37:07+00:00\" \/>\n<meta property=\"og:image\" content=\"https:\/\/www.pmpf.rs.gov.br\/turismo\/wp-content\/uploads\/sites\/51\/2021\/12\/I2019-02-25_13_11_03_106220.jpg\" \/>\n\t<meta property=\"og:image:width\" content=\"960\" \/>\n\t<meta property=\"og:image:height\" content=\"572\" \/>\n\t<meta property=\"og:image:type\" content=\"image\/jpeg\" \/>\n<meta name=\"twitter:card\" content=\"summary_large_image\" \/>\n<meta name=\"twitter:label1\" content=\"Est. tempo de leitura\" \/>\n\t<meta name=\"twitter:data1\" content=\"3 minutos\" \/>\n<script type=\"application\/ld+json\" class=\"yoast-schema-graph\">{\"@context\":\"https:\/\/schema.org\",\"@graph\":[{\"@type\":\"WebPage\",\"@id\":\"https:\/\/www.pmpf.rs.gov.br\/turismo\/galeria\/espaco-cultural-roseli-doleski-pretto\/\",\"url\":\"https:\/\/www.pmpf.rs.gov.br\/turismo\/galeria\/espaco-cultural-roseli-doleski-pretto\/\",\"name\":\"Espa\u00e7o Cultural Roseli Doleski Pretto - Turismo\",\"isPartOf\":{\"@id\":\"https:\/\/www.pmpf.rs.gov.br\/turismo\/#website\"},\"primaryImageOfPage\":{\"@id\":\"https:\/\/www.pmpf.rs.gov.br\/turismo\/galeria\/espaco-cultural-roseli-doleski-pretto\/#primaryimage\"},\"image\":{\"@id\":\"https:\/\/www.pmpf.rs.gov.br\/turismo\/galeria\/espaco-cultural-roseli-doleski-pretto\/#primaryimage\"},\"thumbnailUrl\":\"https:\/\/www.pmpf.rs.gov.br\/turismo\/wp-content\/uploads\/sites\/51\/2021\/12\/I2019-02-25_13_11_03_106220.jpg\",\"datePublished\":\"2021-12-24T16:53:52+00:00\",\"dateModified\":\"2025-08-07T18:37:07+00:00\",\"breadcrumb\":{\"@id\":\"https:\/\/www.pmpf.rs.gov.br\/turismo\/galeria\/espaco-cultural-roseli-doleski-pretto\/#breadcrumb\"},\"inLanguage\":\"pt-BR\",\"potentialAction\":[{\"@type\":\"ReadAction\",\"target\":[\"https:\/\/www.pmpf.rs.gov.br\/turismo\/galeria\/espaco-cultural-roseli-doleski-pretto\/\"]}]},{\"@type\":\"ImageObject\",\"inLanguage\":\"pt-BR\",\"@id\":\"https:\/\/www.pmpf.rs.gov.br\/turismo\/galeria\/espaco-cultural-roseli-doleski-pretto\/#primaryimage\",\"url\":\"https:\/\/www.pmpf.rs.gov.br\/turismo\/wp-content\/uploads\/sites\/51\/2021\/12\/I2019-02-25_13_11_03_106220.jpg\",\"contentUrl\":\"https:\/\/www.pmpf.rs.gov.br\/turismo\/wp-content\/uploads\/sites\/51\/2021\/12\/I2019-02-25_13_11_03_106220.jpg\",\"width\":960,\"height\":572},{\"@type\":\"BreadcrumbList\",\"@id\":\"https:\/\/www.pmpf.rs.gov.br\/turismo\/galeria\/espaco-cultural-roseli-doleski-pretto\/#breadcrumb\",\"itemListElement\":[{\"@type\":\"ListItem\",\"position\":1,\"name\":\"In\u00edcio\",\"item\":\"https:\/\/www.pmpf.rs.gov.br\/turismo\/\"},{\"@type\":\"ListItem\",\"position\":2,\"name\":\"Galerias\",\"item\":\"https:\/\/www.pmpf.rs.gov.br\/turismo\/galeria\/\"},{\"@type\":\"ListItem\",\"position\":3,\"name\":\"Espa\u00e7o Cultural Roseli Doleski Pretto\"}]},{\"@type\":\"WebSite\",\"@id\":\"https:\/\/www.pmpf.rs.gov.br\/turismo\/#website\",\"url\":\"https:\/\/www.pmpf.rs.gov.br\/turismo\/\",\"name\":\"Turismo\",\"description\":\"Descubra Passo Fundo\",\"potentialAction\":[{\"@type\":\"SearchAction\",\"target\":{\"@type\":\"EntryPoint\",\"urlTemplate\":\"https:\/\/www.pmpf.rs.gov.br\/turismo\/?s={search_term_string}\"},\"query-input\":{\"@type\":\"PropertyValueSpecification\",\"valueRequired\":true,\"valueName\":\"search_term_string\"}}],\"inLanguage\":\"pt-BR\"}]}<\/script>\n<!-- \/ Yoast SEO plugin. -->","yoast_head_json":{"title":"Espa\u00e7o Cultural Roseli Doleski Pretto - Turismo","robots":{"index":"index","follow":"follow","max-snippet":"max-snippet:-1","max-image-preview":"max-image-preview:large","max-video-preview":"max-video-preview:-1"},"canonical":"https:\/\/www.pmpf.rs.gov.br\/turismo\/galeria\/espaco-cultural-roseli-doleski-pretto\/","og_locale":"pt_BR","og_type":"article","og_title":"Espa\u00e7o Cultural Roseli Doleski Pretto - Turismo","og_description":"Turismo hist\u00f3rico e cultural","og_url":"https:\/\/www.pmpf.rs.gov.br\/turismo\/galeria\/espaco-cultural-roseli-doleski-pretto\/","og_site_name":"Turismo","article_modified_time":"2025-08-07T18:37:07+00:00","og_image":[{"width":960,"height":572,"url":"https:\/\/www.pmpf.rs.gov.br\/turismo\/wp-content\/uploads\/sites\/51\/2021\/12\/I2019-02-25_13_11_03_106220.jpg","type":"image\/jpeg"}],"twitter_card":"summary_large_image","twitter_misc":{"Est. tempo de leitura":"3 minutos"},"schema":{"@context":"https:\/\/schema.org","@graph":[{"@type":"WebPage","@id":"https:\/\/www.pmpf.rs.gov.br\/turismo\/galeria\/espaco-cultural-roseli-doleski-pretto\/","url":"https:\/\/www.pmpf.rs.gov.br\/turismo\/galeria\/espaco-cultural-roseli-doleski-pretto\/","name":"Espa\u00e7o Cultural Roseli Doleski Pretto - Turismo","isPartOf":{"@id":"https:\/\/www.pmpf.rs.gov.br\/turismo\/#website"},"primaryImageOfPage":{"@id":"https:\/\/www.pmpf.rs.gov.br\/turismo\/galeria\/espaco-cultural-roseli-doleski-pretto\/#primaryimage"},"image":{"@id":"https:\/\/www.pmpf.rs.gov.br\/turismo\/galeria\/espaco-cultural-roseli-doleski-pretto\/#primaryimage"},"thumbnailUrl":"https:\/\/www.pmpf.rs.gov.br\/turismo\/wp-content\/uploads\/sites\/51\/2021\/12\/I2019-02-25_13_11_03_106220.jpg","datePublished":"2021-12-24T16:53:52+00:00","dateModified":"2025-08-07T18:37:07+00:00","breadcrumb":{"@id":"https:\/\/www.pmpf.rs.gov.br\/turismo\/galeria\/espaco-cultural-roseli-doleski-pretto\/#breadcrumb"},"inLanguage":"pt-BR","potentialAction":[{"@type":"ReadAction","target":["https:\/\/www.pmpf.rs.gov.br\/turismo\/galeria\/espaco-cultural-roseli-doleski-pretto\/"]}]},{"@type":"ImageObject","inLanguage":"pt-BR","@id":"https:\/\/www.pmpf.rs.gov.br\/turismo\/galeria\/espaco-cultural-roseli-doleski-pretto\/#primaryimage","url":"https:\/\/www.pmpf.rs.gov.br\/turismo\/wp-content\/uploads\/sites\/51\/2021\/12\/I2019-02-25_13_11_03_106220.jpg","contentUrl":"https:\/\/www.pmpf.rs.gov.br\/turismo\/wp-content\/uploads\/sites\/51\/2021\/12\/I2019-02-25_13_11_03_106220.jpg","width":960,"height":572},{"@type":"BreadcrumbList","@id":"https:\/\/www.pmpf.rs.gov.br\/turismo\/galeria\/espaco-cultural-roseli-doleski-pretto\/#breadcrumb","itemListElement":[{"@type":"ListItem","position":1,"name":"In\u00edcio","item":"https:\/\/www.pmpf.rs.gov.br\/turismo\/"},{"@type":"ListItem","position":2,"name":"Galerias","item":"https:\/\/www.pmpf.rs.gov.br\/turismo\/galeria\/"},{"@type":"ListItem","position":3,"name":"Espa\u00e7o Cultural Roseli Doleski Pretto"}]},{"@type":"WebSite","@id":"https:\/\/www.pmpf.rs.gov.br\/turismo\/#website","url":"https:\/\/www.pmpf.rs.gov.br\/turismo\/","name":"Turismo","description":"Descubra Passo Fundo","potentialAction":[{"@type":"SearchAction","target":{"@type":"EntryPoint","urlTemplate":"https:\/\/www.pmpf.rs.gov.br\/turismo\/?s={search_term_string}"},"query-input":{"@type":"PropertyValueSpecification","valueRequired":true,"valueName":"search_term_string"}}],"inLanguage":"pt-BR"}]}},"_links":{"self":[{"href":"https:\/\/www.pmpf.rs.gov.br\/turismo\/wp-json\/wp\/v2\/galeria\/383"}],"collection":[{"href":"https:\/\/www.pmpf.rs.gov.br\/turismo\/wp-json\/wp\/v2\/galeria"}],"about":[{"href":"https:\/\/www.pmpf.rs.gov.br\/turismo\/wp-json\/wp\/v2\/types\/galeria"}],"wp:featuredmedia":[{"embeddable":true,"href":"https:\/\/www.pmpf.rs.gov.br\/turismo\/wp-json\/wp\/v2\/media\/389"}],"wp:attachment":[{"href":"https:\/\/www.pmpf.rs.gov.br\/turismo\/wp-json\/wp\/v2\/media?parent=383"}],"curies":[{"name":"wp","href":"https:\/\/api.w.org\/{rel}","templated":true}]}}