{"id":5,"date":"2021-12-18T18:05:23","date_gmt":"2021-12-18T21:05:23","guid":{"rendered":"https:\/\/www.pmpf.rs.gov.br\/teatro-mucio-de-castro\/?page_id=5"},"modified":"2025-05-05T14:27:49","modified_gmt":"2025-05-05T17:27:49","slug":"inicial","status":"publish","type":"page","link":"https:\/\/www.pmpf.rs.gov.br\/teatro\/","title":{"rendered":"Inicial"},"content":{"rendered":"<div class=\"wp-block-image is-resized\">\n<figure class=\"alignleft size-full\"><img loading=\"lazy\" decoding=\"async\" width=\"886\" height=\"960\" src=\"https:\/\/www.pmpf.rs.gov.br\/teatro-mucio-de-castro\/wp-content\/uploads\/sites\/38\/2021\/12\/I2015-11-06_10_21_41_106220.jpg\" alt=\"\" class=\"wp-image-8\" srcset=\"https:\/\/www.pmpf.rs.gov.br\/teatro\/wp-content\/uploads\/sites\/38\/2021\/12\/I2015-11-06_10_21_41_106220.jpg 886w, https:\/\/www.pmpf.rs.gov.br\/teatro\/wp-content\/uploads\/sites\/38\/2021\/12\/I2015-11-06_10_21_41_106220-277x300.jpg 277w, https:\/\/www.pmpf.rs.gov.br\/teatro\/wp-content\/uploads\/sites\/38\/2021\/12\/I2015-11-06_10_21_41_106220-768x832.jpg 768w\" sizes=\"(max-width: 886px) 100vw, 886px\" \/><\/figure><\/div>\n\n\n<p>Considerado o principal conjunto arquitet\u00f4nico de valor hist\u00f3rico de Passo Fundo, o Teatro M\u00facio de Castro est\u00e1 localizado ao lado do Museu de Artes Visuais Ruth Schneider e Museu Hist\u00f3rico Regional &#8211; antiga Intend\u00eancia Municipal e ao lado da Academia Passo-Fundense de Letras (antigo Clube Pinheiro Machado), constru\u00eddos na Rua do Com\u00e9rcio, atual Avenida Brasil.<\/p>\n\n\n\n<p>Em 1883, as primeiras paredes do palco foram erguidas, obra entregue seis anos depois. Inicialmente, o pr\u00e9dio serviu como sede do Clube Dram\u00e1tico Passo-Fundense, abrigou a partir de 1911, a sede do Poder Judici\u00e1rio, o Clube Pinheiro Machado, as instala\u00e7\u00f5es do Jornal O Ga\u00facho e, em 1932,serviu de local de ensino p\u00fablico para o Col\u00e9gio Elementar.<\/p>\n\n\n\n<p>Nos anos de 1940 at\u00e9 1977, foi sede do Poder Legislativo Municipal, sendo este a sede mais reconhecida e comumente denominada como antiga C\u00e2mara de Vereadores. Com a transfer\u00eancia do Poder Executivo e do Poder Legislativo para as atuais instala\u00e7\u00f5es na Avenida Brasil Leste, no Bairro Petr\u00f3polis, no ano de 1976, a edifica\u00e7\u00e3o recebeu a sede da Coordenadoria da S\u00e9tima Regi\u00e3o Tradicionalista do MTG, a Uni\u00e3o Passo-Fundense de Estudantes e outras depend\u00eancias administrativas.<\/p>\n\n\n\n<p>Na d\u00e9cada de 90, foi elaborado um projeto de readequa\u00e7\u00e3o das instala\u00e7\u00f5es para o uso como Teatro Municipal, trabalho feito pelos arquitetos Nino Roberto Machado e Maria Aldina Porto Nobre. Com a inaugura\u00e7\u00e3o do espa\u00e7o, foi homenageado o fundador do jornal O Nacional, M\u00facio de Castro.<\/p>\n\n\n\n<p>A prote\u00e7\u00e3o legal ao edif\u00edcio est\u00e1 referida na Lei n\u00ba 2608, de 25 de setembro 1990, tombando o espa\u00e7o e transformando o Teatro M\u00facio de Castro em patrim\u00f4nio hist\u00f3rico de Passo Fundo. Em 2003, o conjunto arquitet\u00f4nico do qual o Teatro faz parte, foi oficialmente reconhecido em Lei Municipal n\u00ba 4097, como Espa\u00e7o Cultural Roseli Doleski Pretto, uma homenagem a artista pl\u00e1stica passo-fundense (in memoriam).<\/p>\n\n\n\n<p>No dia 15 de maio de 2015, foram entregues pela Prefeitura de Passo Fundo as novas instala\u00e7\u00f5es do Teatro Municipal M\u00facio de Castro \u00e0 comunidade. A restaura\u00e7\u00e3o do espa\u00e7o durou 14 meses e foi custeada com recursos pr\u00f3prios do Munic\u00edpio.<\/p>\n\n\n\n<figure class=\"wp-block-gallery has-nested-images columns-default is-cropped wp-block-gallery-1 is-layout-flex wp-block-gallery-is-layout-flex\">\n<figure class=\"wp-block-image size-large is-style-default\"><a href=\"https:\/\/www.pmpf.rs.gov.br\/teatro\/wp-content\/uploads\/sites\/38\/2021\/12\/I2015-06-15_03_53_22_106220.jpg\"><img loading=\"lazy\" decoding=\"async\" width=\"357\" height=\"537\" data-id=\"11\" src=\"https:\/\/www.pmpf.rs.gov.br\/teatro-mucio-de-castro\/wp-content\/uploads\/sites\/38\/2021\/12\/I2015-06-15_03_53_22_106220.jpg\" alt=\"\" class=\"wp-image-11\" srcset=\"https:\/\/www.pmpf.rs.gov.br\/teatro\/wp-content\/uploads\/sites\/38\/2021\/12\/I2015-06-15_03_53_22_106220.jpg 357w, https:\/\/www.pmpf.rs.gov.br\/teatro\/wp-content\/uploads\/sites\/38\/2021\/12\/I2015-06-15_03_53_22_106220-199x300.jpg 199w\" sizes=\"(max-width: 357px) 100vw, 357px\" \/><\/a><\/figure>\n\n\n\n<figure class=\"wp-block-image size-large is-style-default\"><a href=\"https:\/\/www.pmpf.rs.gov.br\/teatro\/wp-content\/uploads\/sites\/38\/2021\/12\/I2015-06-15_03_51_25_106220.jpg\"><img loading=\"lazy\" decoding=\"async\" width=\"636\" height=\"960\" data-id=\"14\" src=\"https:\/\/www.pmpf.rs.gov.br\/teatro-mucio-de-castro\/wp-content\/uploads\/sites\/38\/2021\/12\/I2015-06-15_03_51_25_106220.jpg\" alt=\"\" class=\"wp-image-14\" srcset=\"https:\/\/www.pmpf.rs.gov.br\/teatro\/wp-content\/uploads\/sites\/38\/2021\/12\/I2015-06-15_03_51_25_106220.jpg 636w, https:\/\/www.pmpf.rs.gov.br\/teatro\/wp-content\/uploads\/sites\/38\/2021\/12\/I2015-06-15_03_51_25_106220-199x300.jpg 199w\" sizes=\"(max-width: 636px) 100vw, 636px\" \/><\/a><\/figure>\n\n\n\n<figure class=\"wp-block-image size-large is-style-default\"><a href=\"https:\/\/www.pmpf.rs.gov.br\/teatro\/wp-content\/uploads\/sites\/38\/2021\/12\/I2015-06-15_03_44_39_106220-scaled.jpg\"><img loading=\"lazy\" decoding=\"async\" width=\"1024\" height=\"678\" data-id=\"15\" src=\"https:\/\/www.pmpf.rs.gov.br\/teatro-mucio-de-castro\/wp-content\/uploads\/sites\/38\/2021\/12\/I2015-06-15_03_44_39_106220-1024x678.jpg\" alt=\"\" class=\"wp-image-15\" srcset=\"https:\/\/www.pmpf.rs.gov.br\/teatro\/wp-content\/uploads\/sites\/38\/2021\/12\/I2015-06-15_03_44_39_106220-1024x678.jpg 1024w, https:\/\/www.pmpf.rs.gov.br\/teatro\/wp-content\/uploads\/sites\/38\/2021\/12\/I2015-06-15_03_44_39_106220-300x199.jpg 300w, https:\/\/www.pmpf.rs.gov.br\/teatro\/wp-content\/uploads\/sites\/38\/2021\/12\/I2015-06-15_03_44_39_106220-768x509.jpg 768w, https:\/\/www.pmpf.rs.gov.br\/teatro\/wp-content\/uploads\/sites\/38\/2021\/12\/I2015-06-15_03_44_39_106220-1536x1017.jpg 1536w, https:\/\/www.pmpf.rs.gov.br\/teatro\/wp-content\/uploads\/sites\/38\/2021\/12\/I2015-06-15_03_44_39_106220-2048x1356.jpg 2048w\" sizes=\"(max-width: 1024px) 100vw, 1024px\" \/><\/a><\/figure>\n<\/figure>\n","protected":false},"excerpt":{"rendered":"<p>Considerado o principal conjunto arquitet\u00f4nico de valor hist\u00f3rico de Passo Fundo, o Teatro M\u00facio de Castro est\u00e1 localizado ao lado do Museu de Artes Visuais Ruth Schneider e Museu Hist\u00f3rico Regional &#8211; [&hellip;]<\/p>\n","protected":false},"author":1,"featured_media":0,"parent":0,"menu_order":0,"comment_status":"closed","ping_status":"closed","template":"page_secretaria_com_sidebar.php","meta":{"footnotes":""},"class_list":["post-5","page","type-page","status-publish","hentry"],"yoast_head":"<!-- This site is optimized with the Yoast SEO plugin v23.8 - https:\/\/yoast.com\/wordpress\/plugins\/seo\/ -->\n<title>Inicial - Teatro M\u00facio de Castro<\/title>\n<meta name=\"robots\" content=\"index, follow, max-snippet:-1, max-image-preview:large, max-video-preview:-1\" \/>\n<link rel=\"canonical\" href=\"https:\/\/www.pmpf.rs.gov.br\/teatro\/\" \/>\n<meta property=\"og:locale\" content=\"pt_BR\" \/>\n<meta property=\"og:type\" content=\"article\" \/>\n<meta property=\"og:title\" content=\"Inicial - Teatro M\u00facio de Castro\" \/>\n<meta property=\"og:description\" content=\"Considerado o principal conjunto arquitet\u00f4nico de valor hist\u00f3rico de Passo Fundo, o Teatro M\u00facio de Castro est\u00e1 localizado ao lado do Museu de Artes Visuais Ruth Schneider e Museu Hist\u00f3rico Regional &#8211; [&hellip;]\" \/>\n<meta property=\"og:url\" content=\"https:\/\/www.pmpf.rs.gov.br\/teatro\/\" \/>\n<meta property=\"og:site_name\" content=\"Teatro M\u00facio de Castro\" \/>\n<meta property=\"article:modified_time\" content=\"2025-05-05T17:27:49+00:00\" \/>\n<meta property=\"og:image\" content=\"https:\/\/www.pmpf.rs.gov.br\/teatro\/wp-content\/uploads\/sites\/38\/2021\/12\/I2015-11-06_10_21_41_106220.jpg\" \/>\n\t<meta property=\"og:image:width\" content=\"886\" \/>\n\t<meta property=\"og:image:height\" content=\"960\" \/>\n\t<meta property=\"og:image:type\" content=\"image\/jpeg\" \/>\n<meta name=\"twitter:card\" content=\"summary_large_image\" \/>\n<meta name=\"twitter:label1\" content=\"Est. tempo de leitura\" \/>\n\t<meta name=\"twitter:data1\" content=\"2 minutos\" \/>\n<script type=\"application\/ld+json\" class=\"yoast-schema-graph\">{\"@context\":\"https:\/\/schema.org\",\"@graph\":[{\"@type\":\"WebPage\",\"@id\":\"https:\/\/www.pmpf.rs.gov.br\/teatro\/\",\"url\":\"https:\/\/www.pmpf.rs.gov.br\/teatro\/\",\"name\":\"Inicial - Teatro M\u00facio de Castro\",\"isPartOf\":{\"@id\":\"https:\/\/www.pmpf.rs.gov.br\/teatro\/#website\"},\"primaryImageOfPage\":{\"@id\":\"https:\/\/www.pmpf.rs.gov.br\/teatro\/#primaryimage\"},\"image\":{\"@id\":\"https:\/\/www.pmpf.rs.gov.br\/teatro\/#primaryimage\"},\"thumbnailUrl\":\"https:\/\/www.pmpf.rs.gov.br\/teatro-mucio-de-castro\/wp-content\/uploads\/sites\/38\/2021\/12\/I2015-11-06_10_21_41_106220.jpg\",\"datePublished\":\"2021-12-18T21:05:23+00:00\",\"dateModified\":\"2025-05-05T17:27:49+00:00\",\"inLanguage\":\"pt-BR\",\"potentialAction\":[{\"@type\":\"ReadAction\",\"target\":[\"https:\/\/www.pmpf.rs.gov.br\/teatro\/\"]}]},{\"@type\":\"ImageObject\",\"inLanguage\":\"pt-BR\",\"@id\":\"https:\/\/www.pmpf.rs.gov.br\/teatro\/#primaryimage\",\"url\":\"https:\/\/www.pmpf.rs.gov.br\/teatro-mucio-de-castro\/wp-content\/uploads\/sites\/38\/2021\/12\/I2015-11-06_10_21_41_106220.jpg\",\"contentUrl\":\"https:\/\/www.pmpf.rs.gov.br\/teatro-mucio-de-castro\/wp-content\/uploads\/sites\/38\/2021\/12\/I2015-11-06_10_21_41_106220.jpg\"},{\"@type\":\"WebSite\",\"@id\":\"https:\/\/www.pmpf.rs.gov.br\/teatro\/#website\",\"url\":\"https:\/\/www.pmpf.rs.gov.br\/teatro\/\",\"name\":\"Teatro M\u00facio de Castro\",\"description\":\"S\u00f3 mais um site Prefeitura de Passo Fundo\",\"potentialAction\":[{\"@type\":\"SearchAction\",\"target\":{\"@type\":\"EntryPoint\",\"urlTemplate\":\"https:\/\/www.pmpf.rs.gov.br\/teatro\/?s={search_term_string}\"},\"query-input\":{\"@type\":\"PropertyValueSpecification\",\"valueRequired\":true,\"valueName\":\"search_term_string\"}}],\"inLanguage\":\"pt-BR\"}]}<\/script>\n<!-- \/ Yoast SEO plugin. -->","yoast_head_json":{"title":"Inicial - Teatro M\u00facio de Castro","robots":{"index":"index","follow":"follow","max-snippet":"max-snippet:-1","max-image-preview":"max-image-preview:large","max-video-preview":"max-video-preview:-1"},"canonical":"https:\/\/www.pmpf.rs.gov.br\/teatro\/","og_locale":"pt_BR","og_type":"article","og_title":"Inicial - Teatro M\u00facio de Castro","og_description":"Considerado o principal conjunto arquitet\u00f4nico de valor hist\u00f3rico de Passo Fundo, o Teatro M\u00facio de Castro est\u00e1 localizado ao lado do Museu de Artes Visuais Ruth Schneider e Museu Hist\u00f3rico Regional &#8211; [&hellip;]","og_url":"https:\/\/www.pmpf.rs.gov.br\/teatro\/","og_site_name":"Teatro M\u00facio de Castro","article_modified_time":"2025-05-05T17:27:49+00:00","og_image":[{"width":886,"height":960,"url":"https:\/\/www.pmpf.rs.gov.br\/teatro\/wp-content\/uploads\/sites\/38\/2021\/12\/I2015-11-06_10_21_41_106220.jpg","type":"image\/jpeg"}],"twitter_card":"summary_large_image","twitter_misc":{"Est. tempo de leitura":"2 minutos"},"schema":{"@context":"https:\/\/schema.org","@graph":[{"@type":"WebPage","@id":"https:\/\/www.pmpf.rs.gov.br\/teatro\/","url":"https:\/\/www.pmpf.rs.gov.br\/teatro\/","name":"Inicial - Teatro M\u00facio de Castro","isPartOf":{"@id":"https:\/\/www.pmpf.rs.gov.br\/teatro\/#website"},"primaryImageOfPage":{"@id":"https:\/\/www.pmpf.rs.gov.br\/teatro\/#primaryimage"},"image":{"@id":"https:\/\/www.pmpf.rs.gov.br\/teatro\/#primaryimage"},"thumbnailUrl":"https:\/\/www.pmpf.rs.gov.br\/teatro-mucio-de-castro\/wp-content\/uploads\/sites\/38\/2021\/12\/I2015-11-06_10_21_41_106220.jpg","datePublished":"2021-12-18T21:05:23+00:00","dateModified":"2025-05-05T17:27:49+00:00","inLanguage":"pt-BR","potentialAction":[{"@type":"ReadAction","target":["https:\/\/www.pmpf.rs.gov.br\/teatro\/"]}]},{"@type":"ImageObject","inLanguage":"pt-BR","@id":"https:\/\/www.pmpf.rs.gov.br\/teatro\/#primaryimage","url":"https:\/\/www.pmpf.rs.gov.br\/teatro-mucio-de-castro\/wp-content\/uploads\/sites\/38\/2021\/12\/I2015-11-06_10_21_41_106220.jpg","contentUrl":"https:\/\/www.pmpf.rs.gov.br\/teatro-mucio-de-castro\/wp-content\/uploads\/sites\/38\/2021\/12\/I2015-11-06_10_21_41_106220.jpg"},{"@type":"WebSite","@id":"https:\/\/www.pmpf.rs.gov.br\/teatro\/#website","url":"https:\/\/www.pmpf.rs.gov.br\/teatro\/","name":"Teatro M\u00facio de Castro","description":"S\u00f3 mais um site Prefeitura de Passo Fundo","potentialAction":[{"@type":"SearchAction","target":{"@type":"EntryPoint","urlTemplate":"https:\/\/www.pmpf.rs.gov.br\/teatro\/?s={search_term_string}"},"query-input":{"@type":"PropertyValueSpecification","valueRequired":true,"valueName":"search_term_string"}}],"inLanguage":"pt-BR"}]}},"_links":{"self":[{"href":"https:\/\/www.pmpf.rs.gov.br\/teatro\/wp-json\/wp\/v2\/pages\/5"}],"collection":[{"href":"https:\/\/www.pmpf.rs.gov.br\/teatro\/wp-json\/wp\/v2\/pages"}],"about":[{"href":"https:\/\/www.pmpf.rs.gov.br\/teatro\/wp-json\/wp\/v2\/types\/page"}],"author":[{"embeddable":true,"href":"https:\/\/www.pmpf.rs.gov.br\/teatro\/wp-json\/wp\/v2\/users\/1"}],"replies":[{"embeddable":true,"href":"https:\/\/www.pmpf.rs.gov.br\/teatro\/wp-json\/wp\/v2\/comments?post=5"}],"version-history":[{"count":14,"href":"https:\/\/www.pmpf.rs.gov.br\/teatro\/wp-json\/wp\/v2\/pages\/5\/revisions"}],"predecessor-version":[{"id":882,"href":"https:\/\/www.pmpf.rs.gov.br\/teatro\/wp-json\/wp\/v2\/pages\/5\/revisions\/882"}],"wp:attachment":[{"href":"https:\/\/www.pmpf.rs.gov.br\/teatro\/wp-json\/wp\/v2\/media?parent=5"}],"curies":[{"name":"wp","href":"https:\/\/api.w.org\/{rel}","templated":true}]}}