{"id":1292,"date":"2025-08-26T10:51:25","date_gmt":"2025-08-26T13:51:25","guid":{"rendered":"https:\/\/www.pmpf.rs.gov.br\/secretaria-de-seguranca-publica\/?post_type=servicos&#038;p=1292"},"modified":"2025-08-26T10:51:26","modified_gmt":"2025-08-26T13:51:26","slug":"alvaratransporteescolar","status":"publish","type":"servicos","link":"https:\/\/www.pmpf.rs.gov.br\/secretaria-de-seguranca-publica\/servicos\/alvaratransporteescolar\/","title":{"rendered":"Renova\u00e7\u00e3o de Alvar\u00e1 de Transporte Escolar"},"content":{"rendered":"\n<div class=\"wp-block-columns has-grey-background-color has-background is-layout-flex wp-container-core-columns-is-layout-1 wp-block-columns-is-layout-flex\">\n<div class=\"wp-block-column is-layout-flow wp-block-column-is-layout-flow\">\n<p class=\"has-medium-font-size\">Licen\u00e7a expedida pelo munic\u00edpio para o tr\u00e1fego de \u00a0estudantes, professores e empregados dos estabelecimentos de ensino.<\/p>\n<\/div>\n<\/div>\n\n\n\n<hr class=\"wp-block-separator has-alpha-channel-opacity\"\/>\n\n\n\n<p class=\"has-medium-font-size\"><strong>Etapas para a realiza\u00e7\u00e3o deste servi\u00e7o<\/strong><\/p>\n\n\n\n<ol class=\"wp-block-list\">\n<li>Para acessar o servi\u00e7o eletr\u00f4nico, o requerente dever\u00e1 ter uma senha (credencial), certificado digital habilitado ou acesso ao GOV.BR. Caso n\u00e3o tenha, poder\u00e1 clicar em \u201cCriar Credencial\u201d na tela de autentica\u00e7\u00e3o ou&nbsp;<a href=\"https:\/\/grp.pmpf.rs.gov.br\/grp\/acessoexterno\/programaAcessoExterno.faces?codigo=670014\" target=\"_blank\" rel=\"noreferrer noopener\">clique aqui<\/a> para realizar o cadastro. Ap\u00f3s o cadastro, o requerente receber\u00e1 a credencial no seu e-mail.<\/li>\n\n\n\n<li>O in\u00edcio do processo dar-se-\u00e1 a pedido da parte interessada, de forma online, pelo site de servi\u00e7os da prefeitura mediante cadastro de usu\u00e1rio e chave de acesso ou certificado digital.\n<ol class=\"wp-block-list\">\n<li><strong>Como solicitar<\/strong>: Clicar no bot\u00e3o <strong>&#8220;Acesso ao sistema&#8221;<\/strong>&nbsp;e informar sua senha, ap\u00f3s, selecionar o assunto:&nbsp;RENOVA\u00c7\u00c3O DE ALVAR\u00c1 DE TRANSPORTE ESCOLAR e anexar os documentos conforme rela\u00e7\u00e3o abaixo.<\/li>\n<\/ol>\n<\/li>\n\n\n\n<li>Na instaura\u00e7\u00e3o do processo, o requerente receber\u00e1 em seu e-mail o n\u00famero do protocolo para acompanhamento do processo e emiss\u00e3o da certid\u00e3o.\n<ol class=\"wp-block-list\">\n<li><strong>Como emitir<\/strong>:  Clicar no bot\u00e3o <strong>&#8220;Acompanhar solicita\u00e7\u00e3o&#8221;<\/strong>&nbsp;e informar sua senha. No programa Meus Processos, informar o exerc\u00edcio do processo e clicar no bot\u00e3o recuperar. Clicar sobre o processo desejado e verificar na aba anexo se o alvar\u00e1 est\u00e1 dispon\u00edvel e assinado.<\/li>\n<\/ol>\n<\/li>\n<\/ol>\n\n\n\n<hr class=\"wp-block-separator has-alpha-channel-opacity\"\/>\n\n\n\n<p class=\"has-medium-font-size\"><strong>Documentos Necess\u00e1rios<\/strong><\/p>\n\n\n\n<ol class=\"wp-block-list\">\n<li><strong>Documentos necess\u00e1rios de identifica\u00e7\u00e3o do requerente<\/strong>\n<ul class=\"wp-block-list\">\n<li>Se o requerente for pessoa f\u00edsica:\n<ul class=\"wp-block-list\">\n<li>Requerimento assinado (dispensado no requerimento via internet)<\/li>\n\n\n\n<li>Documento de identidade com foto ou Carteira nacional de habilita\u00e7\u00e3o<\/li>\n\n\n\n<li>Comprovante de Resid\u00eancia Atualizado<\/li>\n<\/ul>\n<\/li>\n\n\n\n<li>Se o requerente for pessoa jur\u00eddica:\n<ul class=\"wp-block-list\">\n<li>Requerimento assinado pelo representante da empresa (dispensado no requerimento via internet)<\/li>\n\n\n\n<li>Contrato social do requerente<\/li>\n\n\n\n<li>CCMEI &#8211; Certificado de Condi\u00e7\u00e3o de Microempreendedor Individual, se MEI<\/li>\n\n\n\n<li>Documento de identifica\u00e7\u00e3o com foto do representante da empresa<\/li>\n\n\n\n<li>CNPJ &#8211; Receita Federal <\/li>\n\n\n\n<li>Comprovante de Resid\u00eancia Atualizado<\/li>\n<\/ul>\n<\/li>\n<\/ul>\n<\/li>\n\n\n\n<li><strong>Documentos necess\u00e1rios do ve\u00edculo ou frota<\/strong>\n<ul class=\"wp-block-list\">\n<li>Certificado de registro e licenciamento veicular (CRLV) &#8211; De toda a frota (escolar)<\/li>\n\n\n\n<li>Vistoria DETRAN &#8211; De toda a frota (escolar)<\/li>\n\n\n\n<li>Certificado de inspe\u00e7\u00e3o de seguran\u00e7a veicular, emitido por empresa credenciada Inmetro<\/li>\n\n\n\n<li>C\u00f3pia do tac\u00f3grafo<\/li>\n<\/ul>\n<\/li>\n\n\n\n<li><strong>Documentos necess\u00e1rios para todos os condutores<\/strong>\n<ul class=\"wp-block-list\">\n<li>Carteira nacional de habilita\u00e7\u00e3o, categorias \u201cD\u201d ou \u201cE\u201d<\/li>\n\n\n\n<li>Atestado m\u00e9dico de sanidade f\u00edsica e mental, emitido por m\u00e9dico do trabalho nos \u00faltimos 30 (dias)<\/li>\n\n\n\n<li>Negativas de pontos emitida nos \u00faltimos 30(trinta) dias de pontua\u00e7\u00e3o da CNH<\/li>\n\n\n\n<li>Certificado de conclus\u00e3o de curso de forma\u00e7\u00e3o de condutores de transporte escolar<\/li>\n\n\n\n<li>Alvar\u00e1 de folha-corrida do poder judici\u00e1rio estadual<\/li>\n<\/ul>\n<\/li>\n<\/ol>\n\n\n\n<hr class=\"wp-block-separator has-alpha-channel-opacity\"\/>\n","protected":false},"featured_media":0,"template":"","canal":[8],"quem":[5,20],"servico_tags":[],"class_list":["post-1292","servicos","type-servicos","status-publish","hentry","canal-online","quem-cidadao","quem-empresa"],"yoast_head":"<!-- This site is optimized with the Yoast SEO plugin v23.8 - https:\/\/yoast.com\/wordpress\/plugins\/seo\/ -->\n<title>Renova\u00e7\u00e3o de Alvar\u00e1 de Transporte Escolar - Secretaria de Seguran\u00e7a P\u00fablica e Transporte<\/title>\n<meta name=\"robots\" content=\"index, follow, max-snippet:-1, max-image-preview:large, max-video-preview:-1\" \/>\n<link rel=\"canonical\" href=\"https:\/\/www.pmpf.rs.gov.br\/secretaria-de-seguranca-publica\/servicos\/alvaratransporteescolar\/\" \/>\n<meta property=\"og:locale\" content=\"pt_BR\" \/>\n<meta property=\"og:type\" content=\"article\" \/>\n<meta property=\"og:title\" content=\"Renova\u00e7\u00e3o de Alvar\u00e1 de Transporte Escolar - Secretaria de Seguran\u00e7a P\u00fablica e Transporte\" \/>\n<meta property=\"og:description\" content=\"Licen\u00e7a expedida pelo munic\u00edpio para o tr\u00e1fego de \u00a0estudantes, professores e empregados dos estabelecimentos de ensino. Etapas para a realiza\u00e7\u00e3o deste servi\u00e7o Documentos Necess\u00e1rios\" \/>\n<meta property=\"og:url\" content=\"https:\/\/www.pmpf.rs.gov.br\/secretaria-de-seguranca-publica\/servicos\/alvaratransporteescolar\/\" \/>\n<meta property=\"og:site_name\" content=\"Secretaria de Seguran\u00e7a P\u00fablica e Transporte\" \/>\n<meta property=\"article:modified_time\" content=\"2025-08-26T13:51:26+00:00\" \/>\n<meta name=\"twitter:card\" content=\"summary_large_image\" \/>\n<meta name=\"twitter:label1\" content=\"Est. tempo de leitura\" \/>\n\t<meta name=\"twitter:data1\" content=\"2 minutos\" \/>\n<script type=\"application\/ld+json\" class=\"yoast-schema-graph\">{\"@context\":\"https:\/\/schema.org\",\"@graph\":[{\"@type\":\"WebPage\",\"@id\":\"https:\/\/www.pmpf.rs.gov.br\/secretaria-de-seguranca-publica\/servicos\/alvaratransporteescolar\/\",\"url\":\"https:\/\/www.pmpf.rs.gov.br\/secretaria-de-seguranca-publica\/servicos\/alvaratransporteescolar\/\",\"name\":\"Renova\u00e7\u00e3o de Alvar\u00e1 de Transporte Escolar - Secretaria de Seguran\u00e7a P\u00fablica e Transporte\",\"isPartOf\":{\"@id\":\"https:\/\/www.pmpf.rs.gov.br\/secretaria-de-seguranca-publica\/#website\"},\"datePublished\":\"2025-08-26T13:51:25+00:00\",\"dateModified\":\"2025-08-26T13:51:26+00:00\",\"breadcrumb\":{\"@id\":\"https:\/\/www.pmpf.rs.gov.br\/secretaria-de-seguranca-publica\/servicos\/alvaratransporteescolar\/#breadcrumb\"},\"inLanguage\":\"pt-BR\",\"potentialAction\":[{\"@type\":\"ReadAction\",\"target\":[\"https:\/\/www.pmpf.rs.gov.br\/secretaria-de-seguranca-publica\/servicos\/alvaratransporteescolar\/\"]}]},{\"@type\":\"BreadcrumbList\",\"@id\":\"https:\/\/www.pmpf.rs.gov.br\/secretaria-de-seguranca-publica\/servicos\/alvaratransporteescolar\/#breadcrumb\",\"itemListElement\":[{\"@type\":\"ListItem\",\"position\":1,\"name\":\"In\u00edcio\",\"item\":\"https:\/\/www.pmpf.rs.gov.br\/secretaria-de-seguranca-publica\/\"},{\"@type\":\"ListItem\",\"position\":2,\"name\":\"Servi\u00e7os\",\"item\":\"https:\/\/www.pmpf.rs.gov.br\/secretaria-de-seguranca-publica\/servicos\/\"},{\"@type\":\"ListItem\",\"position\":3,\"name\":\"Renova\u00e7\u00e3o de Alvar\u00e1 de Transporte Escolar\"}]},{\"@type\":\"WebSite\",\"@id\":\"https:\/\/www.pmpf.rs.gov.br\/secretaria-de-seguranca-publica\/#website\",\"url\":\"https:\/\/www.pmpf.rs.gov.br\/secretaria-de-seguranca-publica\/\",\"name\":\"Secretaria de Seguran\u00e7a P\u00fablica e Transporte\",\"description\":\"S\u00f3 mais um site Prefeitura de Passo Fundo\",\"potentialAction\":[{\"@type\":\"SearchAction\",\"target\":{\"@type\":\"EntryPoint\",\"urlTemplate\":\"https:\/\/www.pmpf.rs.gov.br\/secretaria-de-seguranca-publica\/?s={search_term_string}\"},\"query-input\":{\"@type\":\"PropertyValueSpecification\",\"valueRequired\":true,\"valueName\":\"search_term_string\"}}],\"inLanguage\":\"pt-BR\"}]}<\/script>\n<!-- \/ Yoast SEO plugin. -->","yoast_head_json":{"title":"Renova\u00e7\u00e3o de Alvar\u00e1 de Transporte Escolar - Secretaria de Seguran\u00e7a P\u00fablica e Transporte","robots":{"index":"index","follow":"follow","max-snippet":"max-snippet:-1","max-image-preview":"max-image-preview:large","max-video-preview":"max-video-preview:-1"},"canonical":"https:\/\/www.pmpf.rs.gov.br\/secretaria-de-seguranca-publica\/servicos\/alvaratransporteescolar\/","og_locale":"pt_BR","og_type":"article","og_title":"Renova\u00e7\u00e3o de Alvar\u00e1 de Transporte Escolar - Secretaria de Seguran\u00e7a P\u00fablica e Transporte","og_description":"Licen\u00e7a expedida pelo munic\u00edpio para o tr\u00e1fego de \u00a0estudantes, professores e empregados dos estabelecimentos de ensino. Etapas para a realiza\u00e7\u00e3o deste servi\u00e7o Documentos Necess\u00e1rios","og_url":"https:\/\/www.pmpf.rs.gov.br\/secretaria-de-seguranca-publica\/servicos\/alvaratransporteescolar\/","og_site_name":"Secretaria de Seguran\u00e7a P\u00fablica e Transporte","article_modified_time":"2025-08-26T13:51:26+00:00","twitter_card":"summary_large_image","twitter_misc":{"Est. tempo de leitura":"2 minutos"},"schema":{"@context":"https:\/\/schema.org","@graph":[{"@type":"WebPage","@id":"https:\/\/www.pmpf.rs.gov.br\/secretaria-de-seguranca-publica\/servicos\/alvaratransporteescolar\/","url":"https:\/\/www.pmpf.rs.gov.br\/secretaria-de-seguranca-publica\/servicos\/alvaratransporteescolar\/","name":"Renova\u00e7\u00e3o de Alvar\u00e1 de Transporte Escolar - Secretaria de Seguran\u00e7a P\u00fablica e Transporte","isPartOf":{"@id":"https:\/\/www.pmpf.rs.gov.br\/secretaria-de-seguranca-publica\/#website"},"datePublished":"2025-08-26T13:51:25+00:00","dateModified":"2025-08-26T13:51:26+00:00","breadcrumb":{"@id":"https:\/\/www.pmpf.rs.gov.br\/secretaria-de-seguranca-publica\/servicos\/alvaratransporteescolar\/#breadcrumb"},"inLanguage":"pt-BR","potentialAction":[{"@type":"ReadAction","target":["https:\/\/www.pmpf.rs.gov.br\/secretaria-de-seguranca-publica\/servicos\/alvaratransporteescolar\/"]}]},{"@type":"BreadcrumbList","@id":"https:\/\/www.pmpf.rs.gov.br\/secretaria-de-seguranca-publica\/servicos\/alvaratransporteescolar\/#breadcrumb","itemListElement":[{"@type":"ListItem","position":1,"name":"In\u00edcio","item":"https:\/\/www.pmpf.rs.gov.br\/secretaria-de-seguranca-publica\/"},{"@type":"ListItem","position":2,"name":"Servi\u00e7os","item":"https:\/\/www.pmpf.rs.gov.br\/secretaria-de-seguranca-publica\/servicos\/"},{"@type":"ListItem","position":3,"name":"Renova\u00e7\u00e3o de Alvar\u00e1 de Transporte Escolar"}]},{"@type":"WebSite","@id":"https:\/\/www.pmpf.rs.gov.br\/secretaria-de-seguranca-publica\/#website","url":"https:\/\/www.pmpf.rs.gov.br\/secretaria-de-seguranca-publica\/","name":"Secretaria de Seguran\u00e7a P\u00fablica e Transporte","description":"S\u00f3 mais um site Prefeitura de Passo Fundo","potentialAction":[{"@type":"SearchAction","target":{"@type":"EntryPoint","urlTemplate":"https:\/\/www.pmpf.rs.gov.br\/secretaria-de-seguranca-publica\/?s={search_term_string}"},"query-input":{"@type":"PropertyValueSpecification","valueRequired":true,"valueName":"search_term_string"}}],"inLanguage":"pt-BR"}]}},"_links":{"self":[{"href":"https:\/\/www.pmpf.rs.gov.br\/secretaria-de-seguranca-publica\/wp-json\/wp\/v2\/servicos\/1292"}],"collection":[{"href":"https:\/\/www.pmpf.rs.gov.br\/secretaria-de-seguranca-publica\/wp-json\/wp\/v2\/servicos"}],"about":[{"href":"https:\/\/www.pmpf.rs.gov.br\/secretaria-de-seguranca-publica\/wp-json\/wp\/v2\/types\/servicos"}],"wp:attachment":[{"href":"https:\/\/www.pmpf.rs.gov.br\/secretaria-de-seguranca-publica\/wp-json\/wp\/v2\/media?parent=1292"}],"wp:term":[{"taxonomy":"canal","embeddable":true,"href":"https:\/\/www.pmpf.rs.gov.br\/secretaria-de-seguranca-publica\/wp-json\/wp\/v2\/canal?post=1292"},{"taxonomy":"quem","embeddable":true,"href":"https:\/\/www.pmpf.rs.gov.br\/secretaria-de-seguranca-publica\/wp-json\/wp\/v2\/quem?post=1292"},{"taxonomy":"servico_tags","embeddable":true,"href":"https:\/\/www.pmpf.rs.gov.br\/secretaria-de-seguranca-publica\/wp-json\/wp\/v2\/servico_tags?post=1292"}],"curies":[{"name":"wp","href":"https:\/\/api.w.org\/{rel}","templated":true}]}}