{"id":707,"date":"2021-12-22T19:47:19","date_gmt":"2021-12-22T22:47:19","guid":{"rendered":"https:\/\/www.pmpf.rs.gov.br\/secretaria-de-seguranca-publica\/?page_id=707"},"modified":"2022-03-03T16:23:06","modified_gmt":"2022-03-03T19:23:06","slug":"gabinete-de-gestao-integrada-municipal","status":"publish","type":"page","link":"https:\/\/www.pmpf.rs.gov.br\/secretaria-de-seguranca-publica\/gabinete-de-gestao-integrada-municipal\/","title":{"rendered":"Gabinete de Gest\u00e3o Integrada Municipal"},"content":{"rendered":"\n<h2 class=\"wp-block-heading\"><em>Gabinete de Gest\u00e3o Integrada Municipal \u2013 GGI-M<\/em><\/h2>\n\n\n\n<div class=\"wp-block-image\"><figure class=\"alignleft size-full\"><img loading=\"lazy\" decoding=\"async\" width=\"400\" height=\"300\" src=\"https:\/\/www.pmpf.rs.gov.br\/secretaria-de-seguranca-publica\/wp-content\/uploads\/sites\/54\/2021\/12\/I2013-12-12_03_00_54_164470.jpg\" alt=\"\" class=\"wp-image-708\" srcset=\"https:\/\/www.pmpf.rs.gov.br\/secretaria-de-seguranca-publica\/wp-content\/uploads\/sites\/54\/2021\/12\/I2013-12-12_03_00_54_164470.jpg 400w, https:\/\/www.pmpf.rs.gov.br\/secretaria-de-seguranca-publica\/wp-content\/uploads\/sites\/54\/2021\/12\/I2013-12-12_03_00_54_164470-300x225.jpg 300w\" sizes=\"(max-width: 400px) 100vw, 400px\" \/><\/figure><\/div>\n\n\n\n<p>GGI-M \u00e9 um canal de conex\u00e3o de todos os \u00f3rg\u00e3os de seguran\u00e7a p\u00fablica das tr\u00eas esferas de governo (municipal, estadual e federal) que atuam nas a\u00e7\u00f5es de seguran\u00e7a em Passo Fundo.<\/p>\n\n\n\n<p>O trabalho \u00e9 regido em torno do tema Seguran\u00e7a P\u00fablica, articulando a\u00e7\u00f5es de preven\u00e7\u00e3o da criminalidade, atuando nas raz\u00f5es s\u00f3cioeducativas, otimizando a\u00e7\u00f5es de Seguran\u00e7a P\u00fablica e pol\u00edticas sociais.<\/p>\n\n\n\n<p>Promove a articula\u00e7\u00e3o conjunta das diversas estrat\u00e9gias de preven\u00e7\u00e3o \u00e0 viol\u00eancia, refor\u00e7ando as potencialidades na obten\u00e7\u00e3o dos melhores resultados na redu\u00e7\u00e3o da criminalidade.<\/p>\n\n\n\n<p>Com o trabalho do GGI-M \u00e9 poss\u00edvel identificar as principais causas que influenciam na criminalidade e viol\u00eancia, a fim de propor conjuntamente solu\u00e7\u00f5es, objetivando a implementa\u00e7\u00e3o de a\u00e7\u00f5es preventivas, bem como a moderniza\u00e7\u00e3o e qualifica\u00e7\u00e3o do servi\u00e7o prestado \u00e0 comunidade.<\/p>\n\n\n\n<p>A interlocu\u00e7\u00e3o entre as institui\u00e7\u00f5es pode acontecer de diversas maneiras, desde a realiza\u00e7\u00e3o constante de reuni\u00f5es para que cada organiza\u00e7\u00e3o conhe\u00e7a o representante da outra, at\u00e9 o desenvolvimento de planos, programas e a\u00e7\u00f5es conjuntas voltadas para a preven\u00e7\u00e3o dos delitos e para a repress\u00e3o da criminalidade em determinadas \u00e1reas ou aspectos.<\/p>\n\n\n\n<p>Com o planejamento, o GGI-M tem como prioridade o planejamento e a execu\u00e7\u00e3o de a\u00e7\u00f5es integradas de preven\u00e7\u00e3o e enfrentamento da viol\u00eancia e criminalidade, aumentando a percep\u00e7\u00e3o de seguran\u00e7a por parte da popula\u00e7\u00e3o e a valoriza\u00e7\u00e3o dos servidores p\u00fablicos que atuam na \u00e1rea de seguran\u00e7a em todas as esferas.<\/p>\n\n\n\n<p>Atribui\u00e7\u00f5es do GGI-M:<\/p>\n\n\n\n<p>&#8211; Desenvolver e estimular a atua\u00e7\u00e3o conjunta dos \u00f3rg\u00e3os que o comp\u00f5em;<br>&#8211; Estimular estudos estat\u00edsticos e elabora\u00e7\u00e3o de relat\u00f3rios espec\u00edficos aos temas tratados;<br>&#8211; Identificar as \u00e1reas com maior taxa de criminalidade, bem como quais os tipos de crimes mais praticados e estabelecer prioridades com base em an\u00e1lises estat\u00edsticas;<br>-Articular de forma que torne mais \u00e1gil, eficaz e eficiente a comunica\u00e7\u00e3o entre os \u00f3rg\u00e3os de seguran\u00e7a p\u00fablica atuantes no munic\u00edpio;<br>-Incentivar programas de preven\u00e7\u00e3o e repress\u00e3o qualificada da criminalidade, estimulando as pol\u00edticas p\u00fablicas do munic\u00edpio;<br>&#8211; Promover a interlocu\u00e7\u00e3o dos \u00f3rg\u00e3os de seguran\u00e7a p\u00fablica para o planejamento e execu\u00e7\u00e3o de a\u00e7\u00f5es integradas;<br>-Identificar demandas e eleger prioridades, com base em diagn\u00f3sticos;<br>&#8211; Sugerir a ado\u00e7\u00e3o de pol\u00edticas p\u00fablicas, que possam refletir de forma positiva na preven\u00e7\u00e3o da viol\u00eancia, envolvendo a\u00e7\u00f5es de \u00f3rg\u00e3os p\u00fablicos, particulares e\/ou n\u00e3o-governamentais;<br>&#8211; Analisar informa\u00e7\u00f5es oriundas dos diversos \u00f3rg\u00e3os integrantes do sistema de Seguran\u00e7a P\u00fablica;<br>&#8211; Criar indicadores que possam medir a efici\u00eancia da execu\u00e7\u00e3o das a\u00e7\u00f5es planejadas;<br>&#8211; Acompanhar e monitorar os Projetos desenvolvidos pelo PRONASCI.<\/p>\n\n\n\n<p>Comp\u00f5em o colegiado do pleno GGI-M:<br>\u00a0Executivo Municipal<br>\u00a0Secretaria do Gabinete<br>\u00a0Secretaria de Seguran\u00e7a P\u00fablica<br>\u00a0Secretaria de Cidadania e Assist\u00eancia Social<br>\u00a0Ordem dos Advogados do Brasil (AOB)<br>\u00a0Brigada Militar<br>\u00a0Pol\u00edcia Civil<br>\u00a0Pol\u00edcia Federal<br>\u00a0Pol\u00edcia Rodovi\u00e1ria Estadual<br>\u00a0Pol\u00edcia Rodovi\u00e1ria Federal<br>\u00a0Instituto Geral de Per\u00edcias<br>\u00a0SUSEPE<\/p>\n\n\n\n<hr class=\"wp-block-separator\"\/>\n","protected":false},"excerpt":{"rendered":"<p>Gabinete de Gest\u00e3o Integrada Municipal \u2013 GGI-M GGI-M \u00e9 um canal de conex\u00e3o de todos os \u00f3rg\u00e3os de seguran\u00e7a p\u00fablica das tr\u00eas esferas de governo (municipal, estadual e federal) que atuam nas [&hellip;]<\/p>\n","protected":false},"author":1,"featured_media":0,"parent":0,"menu_order":0,"comment_status":"closed","ping_status":"closed","template":"","meta":{"footnotes":""},"class_list":["post-707","page","type-page","status-publish","hentry"],"yoast_head":"<!-- This site is optimized with the Yoast SEO plugin v23.8 - https:\/\/yoast.com\/wordpress\/plugins\/seo\/ -->\n<title>Gabinete de Gest\u00e3o Integrada Municipal - Secretaria de Seguran\u00e7a P\u00fablica e Transporte<\/title>\n<meta name=\"robots\" content=\"index, follow, max-snippet:-1, max-image-preview:large, max-video-preview:-1\" \/>\n<link rel=\"canonical\" href=\"https:\/\/www.pmpf.rs.gov.br\/secretaria-de-seguranca-publica\/gabinete-de-gestao-integrada-municipal\/\" \/>\n<meta property=\"og:locale\" content=\"pt_BR\" \/>\n<meta property=\"og:type\" content=\"article\" \/>\n<meta property=\"og:title\" content=\"Gabinete de Gest\u00e3o Integrada Municipal - Secretaria de Seguran\u00e7a P\u00fablica e Transporte\" \/>\n<meta property=\"og:description\" content=\"Gabinete de Gest\u00e3o Integrada Municipal \u2013 GGI-M GGI-M \u00e9 um canal de conex\u00e3o de todos os \u00f3rg\u00e3os de seguran\u00e7a p\u00fablica das tr\u00eas esferas de governo (municipal, estadual e federal) que atuam nas [&hellip;]\" \/>\n<meta property=\"og:url\" content=\"https:\/\/www.pmpf.rs.gov.br\/secretaria-de-seguranca-publica\/gabinete-de-gestao-integrada-municipal\/\" \/>\n<meta property=\"og:site_name\" content=\"Secretaria de Seguran\u00e7a P\u00fablica e Transporte\" \/>\n<meta property=\"article:modified_time\" content=\"2022-03-03T19:23:06+00:00\" \/>\n<meta property=\"og:image\" content=\"https:\/\/www.pmpf.rs.gov.br\/secretaria-de-seguranca-publica\/wp-content\/uploads\/sites\/54\/2021\/12\/I2013-12-12_03_00_54_164470.jpg\" \/>\n<meta name=\"twitter:card\" content=\"summary_large_image\" \/>\n<meta name=\"twitter:label1\" content=\"Est. tempo de leitura\" \/>\n\t<meta name=\"twitter:data1\" content=\"3 minutos\" \/>\n<script type=\"application\/ld+json\" class=\"yoast-schema-graph\">{\"@context\":\"https:\/\/schema.org\",\"@graph\":[{\"@type\":\"WebPage\",\"@id\":\"https:\/\/www.pmpf.rs.gov.br\/secretaria-de-seguranca-publica\/gabinete-de-gestao-integrada-municipal\/\",\"url\":\"https:\/\/www.pmpf.rs.gov.br\/secretaria-de-seguranca-publica\/gabinete-de-gestao-integrada-municipal\/\",\"name\":\"Gabinete de Gest\u00e3o Integrada Municipal - Secretaria de Seguran\u00e7a P\u00fablica e Transporte\",\"isPartOf\":{\"@id\":\"https:\/\/www.pmpf.rs.gov.br\/secretaria-de-seguranca-publica\/#website\"},\"primaryImageOfPage\":{\"@id\":\"https:\/\/www.pmpf.rs.gov.br\/secretaria-de-seguranca-publica\/gabinete-de-gestao-integrada-municipal\/#primaryimage\"},\"image\":{\"@id\":\"https:\/\/www.pmpf.rs.gov.br\/secretaria-de-seguranca-publica\/gabinete-de-gestao-integrada-municipal\/#primaryimage\"},\"thumbnailUrl\":\"https:\/\/www.pmpf.rs.gov.br\/secretaria-de-seguranca-publica\/wp-content\/uploads\/sites\/54\/2021\/12\/I2013-12-12_03_00_54_164470.jpg\",\"datePublished\":\"2021-12-22T22:47:19+00:00\",\"dateModified\":\"2022-03-03T19:23:06+00:00\",\"breadcrumb\":{\"@id\":\"https:\/\/www.pmpf.rs.gov.br\/secretaria-de-seguranca-publica\/gabinete-de-gestao-integrada-municipal\/#breadcrumb\"},\"inLanguage\":\"pt-BR\",\"potentialAction\":[{\"@type\":\"ReadAction\",\"target\":[\"https:\/\/www.pmpf.rs.gov.br\/secretaria-de-seguranca-publica\/gabinete-de-gestao-integrada-municipal\/\"]}]},{\"@type\":\"ImageObject\",\"inLanguage\":\"pt-BR\",\"@id\":\"https:\/\/www.pmpf.rs.gov.br\/secretaria-de-seguranca-publica\/gabinete-de-gestao-integrada-municipal\/#primaryimage\",\"url\":\"https:\/\/www.pmpf.rs.gov.br\/secretaria-de-seguranca-publica\/wp-content\/uploads\/sites\/54\/2021\/12\/I2013-12-12_03_00_54_164470.jpg\",\"contentUrl\":\"https:\/\/www.pmpf.rs.gov.br\/secretaria-de-seguranca-publica\/wp-content\/uploads\/sites\/54\/2021\/12\/I2013-12-12_03_00_54_164470.jpg\",\"width\":400,\"height\":300},{\"@type\":\"BreadcrumbList\",\"@id\":\"https:\/\/www.pmpf.rs.gov.br\/secretaria-de-seguranca-publica\/gabinete-de-gestao-integrada-municipal\/#breadcrumb\",\"itemListElement\":[{\"@type\":\"ListItem\",\"position\":1,\"name\":\"In\u00edcio\",\"item\":\"https:\/\/www.pmpf.rs.gov.br\/secretaria-de-seguranca-publica\/\"},{\"@type\":\"ListItem\",\"position\":2,\"name\":\"Gabinete de Gest\u00e3o Integrada Municipal\"}]},{\"@type\":\"WebSite\",\"@id\":\"https:\/\/www.pmpf.rs.gov.br\/secretaria-de-seguranca-publica\/#website\",\"url\":\"https:\/\/www.pmpf.rs.gov.br\/secretaria-de-seguranca-publica\/\",\"name\":\"Secretaria de Seguran\u00e7a P\u00fablica e Transporte\",\"description\":\"S\u00f3 mais um site Prefeitura de Passo Fundo\",\"potentialAction\":[{\"@type\":\"SearchAction\",\"target\":{\"@type\":\"EntryPoint\",\"urlTemplate\":\"https:\/\/www.pmpf.rs.gov.br\/secretaria-de-seguranca-publica\/?s={search_term_string}\"},\"query-input\":{\"@type\":\"PropertyValueSpecification\",\"valueRequired\":true,\"valueName\":\"search_term_string\"}}],\"inLanguage\":\"pt-BR\"}]}<\/script>\n<!-- \/ Yoast SEO plugin. -->","yoast_head_json":{"title":"Gabinete de Gest\u00e3o Integrada Municipal - Secretaria de Seguran\u00e7a P\u00fablica e Transporte","robots":{"index":"index","follow":"follow","max-snippet":"max-snippet:-1","max-image-preview":"max-image-preview:large","max-video-preview":"max-video-preview:-1"},"canonical":"https:\/\/www.pmpf.rs.gov.br\/secretaria-de-seguranca-publica\/gabinete-de-gestao-integrada-municipal\/","og_locale":"pt_BR","og_type":"article","og_title":"Gabinete de Gest\u00e3o Integrada Municipal - Secretaria de Seguran\u00e7a P\u00fablica e Transporte","og_description":"Gabinete de Gest\u00e3o Integrada Municipal \u2013 GGI-M GGI-M \u00e9 um canal de conex\u00e3o de todos os \u00f3rg\u00e3os de seguran\u00e7a p\u00fablica das tr\u00eas esferas de governo (municipal, estadual e federal) que atuam nas [&hellip;]","og_url":"https:\/\/www.pmpf.rs.gov.br\/secretaria-de-seguranca-publica\/gabinete-de-gestao-integrada-municipal\/","og_site_name":"Secretaria de Seguran\u00e7a P\u00fablica e Transporte","article_modified_time":"2022-03-03T19:23:06+00:00","og_image":[{"url":"https:\/\/www.pmpf.rs.gov.br\/secretaria-de-seguranca-publica\/wp-content\/uploads\/sites\/54\/2021\/12\/I2013-12-12_03_00_54_164470.jpg"}],"twitter_card":"summary_large_image","twitter_misc":{"Est. tempo de leitura":"3 minutos"},"schema":{"@context":"https:\/\/schema.org","@graph":[{"@type":"WebPage","@id":"https:\/\/www.pmpf.rs.gov.br\/secretaria-de-seguranca-publica\/gabinete-de-gestao-integrada-municipal\/","url":"https:\/\/www.pmpf.rs.gov.br\/secretaria-de-seguranca-publica\/gabinete-de-gestao-integrada-municipal\/","name":"Gabinete de Gest\u00e3o Integrada Municipal - Secretaria de Seguran\u00e7a P\u00fablica e Transporte","isPartOf":{"@id":"https:\/\/www.pmpf.rs.gov.br\/secretaria-de-seguranca-publica\/#website"},"primaryImageOfPage":{"@id":"https:\/\/www.pmpf.rs.gov.br\/secretaria-de-seguranca-publica\/gabinete-de-gestao-integrada-municipal\/#primaryimage"},"image":{"@id":"https:\/\/www.pmpf.rs.gov.br\/secretaria-de-seguranca-publica\/gabinete-de-gestao-integrada-municipal\/#primaryimage"},"thumbnailUrl":"https:\/\/www.pmpf.rs.gov.br\/secretaria-de-seguranca-publica\/wp-content\/uploads\/sites\/54\/2021\/12\/I2013-12-12_03_00_54_164470.jpg","datePublished":"2021-12-22T22:47:19+00:00","dateModified":"2022-03-03T19:23:06+00:00","breadcrumb":{"@id":"https:\/\/www.pmpf.rs.gov.br\/secretaria-de-seguranca-publica\/gabinete-de-gestao-integrada-municipal\/#breadcrumb"},"inLanguage":"pt-BR","potentialAction":[{"@type":"ReadAction","target":["https:\/\/www.pmpf.rs.gov.br\/secretaria-de-seguranca-publica\/gabinete-de-gestao-integrada-municipal\/"]}]},{"@type":"ImageObject","inLanguage":"pt-BR","@id":"https:\/\/www.pmpf.rs.gov.br\/secretaria-de-seguranca-publica\/gabinete-de-gestao-integrada-municipal\/#primaryimage","url":"https:\/\/www.pmpf.rs.gov.br\/secretaria-de-seguranca-publica\/wp-content\/uploads\/sites\/54\/2021\/12\/I2013-12-12_03_00_54_164470.jpg","contentUrl":"https:\/\/www.pmpf.rs.gov.br\/secretaria-de-seguranca-publica\/wp-content\/uploads\/sites\/54\/2021\/12\/I2013-12-12_03_00_54_164470.jpg","width":400,"height":300},{"@type":"BreadcrumbList","@id":"https:\/\/www.pmpf.rs.gov.br\/secretaria-de-seguranca-publica\/gabinete-de-gestao-integrada-municipal\/#breadcrumb","itemListElement":[{"@type":"ListItem","position":1,"name":"In\u00edcio","item":"https:\/\/www.pmpf.rs.gov.br\/secretaria-de-seguranca-publica\/"},{"@type":"ListItem","position":2,"name":"Gabinete de Gest\u00e3o Integrada Municipal"}]},{"@type":"WebSite","@id":"https:\/\/www.pmpf.rs.gov.br\/secretaria-de-seguranca-publica\/#website","url":"https:\/\/www.pmpf.rs.gov.br\/secretaria-de-seguranca-publica\/","name":"Secretaria de Seguran\u00e7a P\u00fablica e Transporte","description":"S\u00f3 mais um site Prefeitura de Passo Fundo","potentialAction":[{"@type":"SearchAction","target":{"@type":"EntryPoint","urlTemplate":"https:\/\/www.pmpf.rs.gov.br\/secretaria-de-seguranca-publica\/?s={search_term_string}"},"query-input":{"@type":"PropertyValueSpecification","valueRequired":true,"valueName":"search_term_string"}}],"inLanguage":"pt-BR"}]}},"_links":{"self":[{"href":"https:\/\/www.pmpf.rs.gov.br\/secretaria-de-seguranca-publica\/wp-json\/wp\/v2\/pages\/707"}],"collection":[{"href":"https:\/\/www.pmpf.rs.gov.br\/secretaria-de-seguranca-publica\/wp-json\/wp\/v2\/pages"}],"about":[{"href":"https:\/\/www.pmpf.rs.gov.br\/secretaria-de-seguranca-publica\/wp-json\/wp\/v2\/types\/page"}],"author":[{"embeddable":true,"href":"https:\/\/www.pmpf.rs.gov.br\/secretaria-de-seguranca-publica\/wp-json\/wp\/v2\/users\/1"}],"replies":[{"embeddable":true,"href":"https:\/\/www.pmpf.rs.gov.br\/secretaria-de-seguranca-publica\/wp-json\/wp\/v2\/comments?post=707"}],"version-history":[{"count":2,"href":"https:\/\/www.pmpf.rs.gov.br\/secretaria-de-seguranca-publica\/wp-json\/wp\/v2\/pages\/707\/revisions"}],"predecessor-version":[{"id":813,"href":"https:\/\/www.pmpf.rs.gov.br\/secretaria-de-seguranca-publica\/wp-json\/wp\/v2\/pages\/707\/revisions\/813"}],"wp:attachment":[{"href":"https:\/\/www.pmpf.rs.gov.br\/secretaria-de-seguranca-publica\/wp-json\/wp\/v2\/media?parent=707"}],"curies":[{"name":"wp","href":"https:\/\/api.w.org\/{rel}","templated":true}]}}