{"id":703,"date":"2021-12-22T19:46:19","date_gmt":"2021-12-22T22:46:19","guid":{"rendered":"https:\/\/www.pmpf.rs.gov.br\/secretaria-de-seguranca-publica\/?page_id=703"},"modified":"2022-03-04T16:27:33","modified_gmt":"2022-03-04T19:27:33","slug":"estrutura","status":"publish","type":"page","link":"https:\/\/www.pmpf.rs.gov.br\/secretaria-de-seguranca-publica\/estrutura\/","title":{"rendered":"Estrutura"},"content":{"rendered":"\n<h2 class=\"wp-block-heading\"><\/h2>\n\n\n\n<h2 class=\"wp-block-heading\">Coordenadoria de Administra\u00e7\u00e3o e Planejamento &#8211; CAP<\/h2>\n\n\n\n<p>\u00c9 o \u00f3rg\u00e3o respons\u00e1vel pela administra\u00e7\u00e3o da Secretaria, realiza o trabalho de frequ\u00eancia (assiduidade e pontualidade) dos servidores com a elabora\u00e7\u00e3o da efetividade mensal, o qual \u00e9 encaminhado ao setor de recursos Humanos da Administra\u00e7\u00e3o.&nbsp;<\/p>\n\n\n\n<p>Realiza a elabora\u00e7\u00e3o do registro e acompanhamento de f\u00e9rias, licen\u00e7as e outras situa\u00e7\u00f5es funcionais, recebimento, controle interno e expedi\u00e7\u00e3o dos processos internos e administrativos da Secretaria de Seguran\u00e7a P\u00fablica.<\/p>\n\n\n\n<p>Atua na elabora\u00e7\u00e3o de requisi\u00e7\u00f5es de materiais, servi\u00e7os, equipamentos, bem como o registro de entrada de materiais e equipamentos adquiridos para controle da demanda e conserva\u00e7\u00e3o dos mesmos.<\/p>\n\n\n\n<p>Trabalha na base de apoio administrativo \u00e0s demais coordenadorias e n\u00facleos da secretaria e de todos os processos e procedimentos administrativos. Tamb\u00e9m tem responsabilidade no controle da execu\u00e7\u00e3o or\u00e7ament\u00e1ria da secretaria.<\/p>\n\n\n\n<p><\/p>\n\n\n\n<h2 class=\"wp-block-heading\">Coordenadoria de Monitoramento e Vigil\u00e2ncia Eletr\u00f4nica<\/h2>\n\n\n\n<p>\u00c9 o \u00f3rg\u00e3o que zela pelo patrim\u00f4nio p\u00fablico municipal, coordena em conjunto com os \u00d3rg\u00e3os de seguran\u00e7a p\u00fablica o monitoramento de c\u00e2meras instaladas nas vias p\u00fablicas, pra\u00e7as e escolas municipais de Passo Fundo, analisando de forma t\u00e9cnica os locais adequados para receber os pontos de monitoramento, na busca de conter e melhorar os \u00edndices de criminalidade e danos ao patrim\u00f4nio p\u00fablico. Atrav\u00e9s de imagens do COMPAF, alcan\u00e7a imagens, relat\u00f3rios e v\u00eddeos aos \u00d3rg\u00e3os de seguran\u00e7a p\u00fablica e a Justi\u00e7a, para alimentar com provas f\u00edsicas os processos que envolvam crimes e danos ao patrim\u00f4nio (tr\u00e2nsito).<\/p>\n\n\n\n<p>Administra a gest\u00e3o e o emprego dos servidores vigilantes do munic\u00edpio e fiscaliza esse servi\u00e7o de forma ampla, incluindo a aplica\u00e7\u00e3o de vigil\u00e2ncia terceirizada.<\/p>\n\n\n\n<h2 class=\"wp-block-heading\">Coordenadoria da Defesa Civil<\/h2>\n\n\n\n<p>A Defesa Civil do munic\u00edpio elabora um conjunto de a\u00e7\u00f5es preventivas, de socorro, assistenciais, reabilitadoras e reconstrutivas, destinadas a evitar desastres ou minimizar seus impactos para a popula\u00e7\u00e3o adotando medidas saneadoras na busca de restabelecer a normalidade social.<\/p>\n\n\n\n<p>Tem o objetivo de reduzir os riscos e os danos sofridos pela popula\u00e7\u00e3o em caso de desastres e trabalha na restaura\u00e7\u00e3o dos danos. Atua antes, durante e depois de desastres por meio de a\u00e7\u00f5es distintas e inter-relacionadas: Preven\u00e7\u00e3o; Mitiga\u00e7\u00e3o; Resposta e Recupera\u00e7\u00e3o.<\/p>\n\n\n\n<h2 class=\"wp-block-heading\">Coordenadoria de Tr\u00e2nsito<\/h2>\n\n\n\n<p>Atua na fiscaliza\u00e7\u00e3o e elabora projetos de engenharia de tr\u00e1fego no tr\u00e2nsito. Fiscaliza o uso e condi\u00e7\u00f5es de passeios p\u00fablicos, orienta e auxilia os respectivos n\u00facleos na execu\u00e7\u00e3o das compet\u00eancias atribu\u00eddas na Secretaria de Seguran\u00e7a. Para a execu\u00e7\u00e3o das tarefas desta secretaria est\u00e1 organizada em n\u00facleos: N\u00facleo de Agentes Fiscais; N\u00facleo de Engenharia e N\u00facleo de Educa\u00e7\u00e3o.<\/p>\n\n\n\n<h3 class=\"wp-block-heading\"><strong>N\u00facleo de Agentes de Tr\u00e2nsito<\/strong><\/h3>\n\n\n\n<div class=\"wp-block-group alignwide\"><div class=\"wp-block-group__inner-container is-layout-flow wp-block-group-is-layout-flow\">\n<div class=\"wp-block-image\"><figure class=\"alignleft size-full is-resized\"><img loading=\"lazy\" decoding=\"async\" src=\"https:\/\/www.pmpf.rs.gov.br\/secretaria-de-seguranca-publica\/wp-content\/uploads\/sites\/54\/2022\/03\/ApplicationFrameHost_QYxehyyn7P.png\" alt=\"\" class=\"wp-image-793\" width=\"426\" height=\"277\" title=\"Os Agentes de Tr\u00e2nsito, historicamente, realizam o trabalho de preven\u00e7\u00e3o a incidentes de tr\u00e2nsito em frente as escolas com maior fluxo de pedestres e ve\u00edculos, onde nos hor\u00e1rios de entrada e sa\u00edda dos alunos s\u00e3o escalados Agentes postados em frente ao educand\u00e1rio protegendo a sa\u00edda dos alunos das escolas, organizando o fluxo de pedestres e de ve\u00edculos para que n\u00e3o ocorra nenhum sinistro de tr\u00e2nsito.\"\/><\/figure><\/div>\n<\/div><\/div>\n\n\n\n<p>O N\u00facleo de Agentes de Tr\u00e2nsito \u00e9 respons\u00e1vel pela fiscaliza\u00e7\u00e3o de tr\u00e2nsito no \u00e2mbito municipal. Compete aos Agentes realizar as fiscaliza\u00e7\u00f5es referentes \u00e0 parada, estacionamento e circula\u00e7\u00e3o. O munic\u00edpio sempre buscou trabalhar em conjunto com os \u00d3rg\u00e3os vinculados ao tr\u00e2nsito e, em n\u00edvel de estado, possui conv\u00eanio de reciprocidade, o que possibilita os Agentes a fiscalizar irregularidades no \u00e2mbito estadual.<\/p>\n\n\n\n<p>O N\u00facleo, atrav\u00e9s dos Agentes de Tr\u00e2nsito, realiza diversas atividades agregadas a fiscaliza\u00e7\u00e3o de condutores e de ve\u00edculos, como por exemplo, o fechamento e isolamentos de ruas, acompanhamento de eventos como romarias, prociss\u00f5es e carreatas, atendimentos a sinistros de tr\u00e2nsito com danos materiais, orienta\u00e7\u00f5es a pedestres e condutores, comanda o tr\u00e2nsito nas entradas e sa\u00eddas das escolas que possui maior fluxo de pedestres e ve\u00edculos.<\/p>\n\n\n\n<h3 class=\"wp-block-heading\"><strong>N\u00facleo de Sinaliza\u00e7\u00e3o<\/strong><\/h3>\n\n\n\n<p>Executa os projetos de sinaliza\u00e7\u00e3o vertical e horizontal do tr\u00e2nsito e busca a pronta resposta na reposi\u00e7\u00e3o da sinaliza\u00e7\u00e3o vertical ocasionados por acidentes e por terceiros que danificam placas e ou balizas. Trabalha na recupera\u00e7\u00e3o de materiais de sinaliza\u00e7\u00e3o usados utilizando-se de forma seletiva, efetuando a sua recupera\u00e7\u00e3o, proporcionando a reutiliza\u00e7\u00e3o do material recuperado que devido ao tempo foram desgastados.<\/p>\n\n\n\n<h3 class=\"wp-block-heading\"><strong>N\u00facleo de E<strong>duca\u00e7\u00e3o para o Tr\u00e2nsito<\/strong><\/strong><\/h3>\n\n\n\n<div class=\"wp-block-image\"><figure class=\"alignleft size-large is-resized\"><img loading=\"lazy\" decoding=\"async\" src=\"https:\/\/www.pmpf.rs.gov.br\/secretaria-de-seguranca-publica\/wp-content\/uploads\/sites\/54\/2022\/03\/ED_TRANSITO-1024x576.jpg\" alt=\"\" class=\"wp-image-800\" width=\"426\" height=\"277\"\/><\/figure><\/div>\n\n\n\n<p>O N\u00facleo de Educa\u00e7\u00e3o para o Tr\u00e2nsito elabora anualmente o Programa Municipal de Educa\u00e7\u00e3o para o Tr\u00e2nsito (PMET). Os projetos s\u00e3o elaborados a partir de dados estat\u00edsticos do Programa Vida no Tr\u00e2nsito (PVT), e a partir das resolu\u00e7\u00f5es que determinam o cronograma de campanhas educativas do CONTRAN e, a\u00e7\u00f5es oriundas de reuni\u00f5es mensais com as entidades envolvidas na tem\u00e1tica \u201cseguran\u00e7a no tr\u00e2nsito\u201d. <\/p>\n\n\n\n<p>O PMET \u00e9 composto por diversos projetos com o prop\u00f3sito de promover a Pol\u00edtica Nacional de Tr\u00e2nsito e proporcionar aos usu\u00e1rios o acesso \u00e0 informa\u00e7\u00e3o com palestras, viv\u00eancias, blitzes educativas entre outras atividades, buscando uma cultura de paz no tr\u00e2nsito. Entre os projetos desenvolvidos podemos citar: Programa Vida no Tr\u00e2nsito, Maio Amarelo, Situa\u00e7\u00f5es de Vulnerabilidade (Empresas, Motociclistas, Idosos e Escolas), Semana do Munic\u00edpio, Semana do Tr\u00e2nsito, lives de Educa\u00e7\u00e3o para o tr\u00e2nsito e mobilidade urbana.<\/p>\n\n\n\n<div class=\"wp-block-image\"><figure class=\"alignleft size-full is-resized\"><a href=\"https:\/\/www.pmpf.rs.gov.br\/secretaria-de-seguranca-publica\/educacao-para-o-transito\/\"><img loading=\"lazy\" decoding=\"async\" src=\"https:\/\/www.pmpf.rs.gov.br\/secretaria-de-seguranca-publica\/wp-content\/uploads\/sites\/54\/2022\/03\/idosos.jpg\" alt=\"\" class=\"wp-image-806\" width=\"426\" height=\"277\" title=\"Projeto Situa\u00e7\u00f5es de Vulnerabilidade \u2013 Idosos\"\/><\/a><figcaption><strong>Projeto Situa\u00e7\u00f5es de Vulnerabilidade \u2013 Idosos<\/strong><\/figcaption><\/figure><\/div>\n\n\n\n<p><\/p>\n\n\n\n<p><\/p>\n\n\n\n<p><\/p>\n\n\n\n<p><\/p>\n\n\n\n<p><\/p>\n\n\n\n<p><\/p>\n\n\n\n<p><\/p>\n\n\n\n<hr class=\"wp-block-separator\"\/>\n\n\n\n<p><\/p>\n","protected":false},"excerpt":{"rendered":"<p>Coordenadoria de Administra\u00e7\u00e3o e Planejamento &#8211; CAP \u00c9 o \u00f3rg\u00e3o respons\u00e1vel pela administra\u00e7\u00e3o da Secretaria, realiza o trabalho de frequ\u00eancia (assiduidade e pontualidade) dos servidores com a elabora\u00e7\u00e3o da efetividade mensal, o [&hellip;]<\/p>\n","protected":false},"author":1,"featured_media":0,"parent":0,"menu_order":0,"comment_status":"closed","ping_status":"closed","template":"","meta":{"footnotes":""},"class_list":["post-703","page","type-page","status-publish","hentry"],"yoast_head":"<!-- This site is optimized with the Yoast SEO plugin v23.8 - https:\/\/yoast.com\/wordpress\/plugins\/seo\/ -->\n<title>Estrutura - Secretaria de Seguran\u00e7a P\u00fablica e Transporte<\/title>\n<meta name=\"robots\" content=\"index, follow, max-snippet:-1, max-image-preview:large, max-video-preview:-1\" \/>\n<link rel=\"canonical\" href=\"https:\/\/www.pmpf.rs.gov.br\/secretaria-de-seguranca-publica\/estrutura\/\" \/>\n<meta property=\"og:locale\" content=\"pt_BR\" \/>\n<meta property=\"og:type\" content=\"article\" \/>\n<meta property=\"og:title\" content=\"Estrutura - Secretaria de Seguran\u00e7a P\u00fablica e Transporte\" \/>\n<meta property=\"og:description\" content=\"Coordenadoria de Administra\u00e7\u00e3o e Planejamento &#8211; CAP \u00c9 o \u00f3rg\u00e3o respons\u00e1vel pela administra\u00e7\u00e3o da Secretaria, realiza o trabalho de frequ\u00eancia (assiduidade e pontualidade) dos servidores com a elabora\u00e7\u00e3o da efetividade mensal, o [&hellip;]\" \/>\n<meta property=\"og:url\" content=\"https:\/\/www.pmpf.rs.gov.br\/secretaria-de-seguranca-publica\/estrutura\/\" \/>\n<meta property=\"og:site_name\" content=\"Secretaria de Seguran\u00e7a P\u00fablica e Transporte\" \/>\n<meta property=\"article:modified_time\" content=\"2022-03-04T19:27:33+00:00\" \/>\n<meta property=\"og:image\" content=\"https:\/\/www.pmpf.rs.gov.br\/secretaria-de-seguranca-publica\/wp-content\/uploads\/sites\/54\/2022\/03\/ApplicationFrameHost_QYxehyyn7P.png\" \/>\n<meta name=\"twitter:card\" content=\"summary_large_image\" \/>\n<meta name=\"twitter:label1\" content=\"Est. tempo de leitura\" \/>\n\t<meta name=\"twitter:data1\" content=\"2 minutos\" \/>\n<script type=\"application\/ld+json\" class=\"yoast-schema-graph\">{\"@context\":\"https:\/\/schema.org\",\"@graph\":[{\"@type\":\"WebPage\",\"@id\":\"https:\/\/www.pmpf.rs.gov.br\/secretaria-de-seguranca-publica\/estrutura\/\",\"url\":\"https:\/\/www.pmpf.rs.gov.br\/secretaria-de-seguranca-publica\/estrutura\/\",\"name\":\"Estrutura - Secretaria de Seguran\u00e7a P\u00fablica e Transporte\",\"isPartOf\":{\"@id\":\"https:\/\/www.pmpf.rs.gov.br\/secretaria-de-seguranca-publica\/#website\"},\"primaryImageOfPage\":{\"@id\":\"https:\/\/www.pmpf.rs.gov.br\/secretaria-de-seguranca-publica\/estrutura\/#primaryimage\"},\"image\":{\"@id\":\"https:\/\/www.pmpf.rs.gov.br\/secretaria-de-seguranca-publica\/estrutura\/#primaryimage\"},\"thumbnailUrl\":\"https:\/\/www.pmpf.rs.gov.br\/secretaria-de-seguranca-publica\/wp-content\/uploads\/sites\/54\/2022\/03\/ApplicationFrameHost_QYxehyyn7P.png\",\"datePublished\":\"2021-12-22T22:46:19+00:00\",\"dateModified\":\"2022-03-04T19:27:33+00:00\",\"breadcrumb\":{\"@id\":\"https:\/\/www.pmpf.rs.gov.br\/secretaria-de-seguranca-publica\/estrutura\/#breadcrumb\"},\"inLanguage\":\"pt-BR\",\"potentialAction\":[{\"@type\":\"ReadAction\",\"target\":[\"https:\/\/www.pmpf.rs.gov.br\/secretaria-de-seguranca-publica\/estrutura\/\"]}]},{\"@type\":\"ImageObject\",\"inLanguage\":\"pt-BR\",\"@id\":\"https:\/\/www.pmpf.rs.gov.br\/secretaria-de-seguranca-publica\/estrutura\/#primaryimage\",\"url\":\"https:\/\/www.pmpf.rs.gov.br\/secretaria-de-seguranca-publica\/wp-content\/uploads\/sites\/54\/2022\/03\/ApplicationFrameHost_QYxehyyn7P.png\",\"contentUrl\":\"https:\/\/www.pmpf.rs.gov.br\/secretaria-de-seguranca-publica\/wp-content\/uploads\/sites\/54\/2022\/03\/ApplicationFrameHost_QYxehyyn7P.png\",\"width\":915,\"height\":554},{\"@type\":\"BreadcrumbList\",\"@id\":\"https:\/\/www.pmpf.rs.gov.br\/secretaria-de-seguranca-publica\/estrutura\/#breadcrumb\",\"itemListElement\":[{\"@type\":\"ListItem\",\"position\":1,\"name\":\"In\u00edcio\",\"item\":\"https:\/\/www.pmpf.rs.gov.br\/secretaria-de-seguranca-publica\/\"},{\"@type\":\"ListItem\",\"position\":2,\"name\":\"Estrutura\"}]},{\"@type\":\"WebSite\",\"@id\":\"https:\/\/www.pmpf.rs.gov.br\/secretaria-de-seguranca-publica\/#website\",\"url\":\"https:\/\/www.pmpf.rs.gov.br\/secretaria-de-seguranca-publica\/\",\"name\":\"Secretaria de Seguran\u00e7a P\u00fablica e Transporte\",\"description\":\"S\u00f3 mais um site Prefeitura de Passo Fundo\",\"potentialAction\":[{\"@type\":\"SearchAction\",\"target\":{\"@type\":\"EntryPoint\",\"urlTemplate\":\"https:\/\/www.pmpf.rs.gov.br\/secretaria-de-seguranca-publica\/?s={search_term_string}\"},\"query-input\":{\"@type\":\"PropertyValueSpecification\",\"valueRequired\":true,\"valueName\":\"search_term_string\"}}],\"inLanguage\":\"pt-BR\"}]}<\/script>\n<!-- \/ Yoast SEO plugin. -->","yoast_head_json":{"title":"Estrutura - Secretaria de Seguran\u00e7a P\u00fablica e Transporte","robots":{"index":"index","follow":"follow","max-snippet":"max-snippet:-1","max-image-preview":"max-image-preview:large","max-video-preview":"max-video-preview:-1"},"canonical":"https:\/\/www.pmpf.rs.gov.br\/secretaria-de-seguranca-publica\/estrutura\/","og_locale":"pt_BR","og_type":"article","og_title":"Estrutura - Secretaria de Seguran\u00e7a P\u00fablica e Transporte","og_description":"Coordenadoria de Administra\u00e7\u00e3o e Planejamento &#8211; CAP \u00c9 o \u00f3rg\u00e3o respons\u00e1vel pela administra\u00e7\u00e3o da Secretaria, realiza o trabalho de frequ\u00eancia (assiduidade e pontualidade) dos servidores com a elabora\u00e7\u00e3o da efetividade mensal, o [&hellip;]","og_url":"https:\/\/www.pmpf.rs.gov.br\/secretaria-de-seguranca-publica\/estrutura\/","og_site_name":"Secretaria de Seguran\u00e7a P\u00fablica e Transporte","article_modified_time":"2022-03-04T19:27:33+00:00","og_image":[{"url":"https:\/\/www.pmpf.rs.gov.br\/secretaria-de-seguranca-publica\/wp-content\/uploads\/sites\/54\/2022\/03\/ApplicationFrameHost_QYxehyyn7P.png"}],"twitter_card":"summary_large_image","twitter_misc":{"Est. tempo de leitura":"2 minutos"},"schema":{"@context":"https:\/\/schema.org","@graph":[{"@type":"WebPage","@id":"https:\/\/www.pmpf.rs.gov.br\/secretaria-de-seguranca-publica\/estrutura\/","url":"https:\/\/www.pmpf.rs.gov.br\/secretaria-de-seguranca-publica\/estrutura\/","name":"Estrutura - Secretaria de Seguran\u00e7a P\u00fablica e Transporte","isPartOf":{"@id":"https:\/\/www.pmpf.rs.gov.br\/secretaria-de-seguranca-publica\/#website"},"primaryImageOfPage":{"@id":"https:\/\/www.pmpf.rs.gov.br\/secretaria-de-seguranca-publica\/estrutura\/#primaryimage"},"image":{"@id":"https:\/\/www.pmpf.rs.gov.br\/secretaria-de-seguranca-publica\/estrutura\/#primaryimage"},"thumbnailUrl":"https:\/\/www.pmpf.rs.gov.br\/secretaria-de-seguranca-publica\/wp-content\/uploads\/sites\/54\/2022\/03\/ApplicationFrameHost_QYxehyyn7P.png","datePublished":"2021-12-22T22:46:19+00:00","dateModified":"2022-03-04T19:27:33+00:00","breadcrumb":{"@id":"https:\/\/www.pmpf.rs.gov.br\/secretaria-de-seguranca-publica\/estrutura\/#breadcrumb"},"inLanguage":"pt-BR","potentialAction":[{"@type":"ReadAction","target":["https:\/\/www.pmpf.rs.gov.br\/secretaria-de-seguranca-publica\/estrutura\/"]}]},{"@type":"ImageObject","inLanguage":"pt-BR","@id":"https:\/\/www.pmpf.rs.gov.br\/secretaria-de-seguranca-publica\/estrutura\/#primaryimage","url":"https:\/\/www.pmpf.rs.gov.br\/secretaria-de-seguranca-publica\/wp-content\/uploads\/sites\/54\/2022\/03\/ApplicationFrameHost_QYxehyyn7P.png","contentUrl":"https:\/\/www.pmpf.rs.gov.br\/secretaria-de-seguranca-publica\/wp-content\/uploads\/sites\/54\/2022\/03\/ApplicationFrameHost_QYxehyyn7P.png","width":915,"height":554},{"@type":"BreadcrumbList","@id":"https:\/\/www.pmpf.rs.gov.br\/secretaria-de-seguranca-publica\/estrutura\/#breadcrumb","itemListElement":[{"@type":"ListItem","position":1,"name":"In\u00edcio","item":"https:\/\/www.pmpf.rs.gov.br\/secretaria-de-seguranca-publica\/"},{"@type":"ListItem","position":2,"name":"Estrutura"}]},{"@type":"WebSite","@id":"https:\/\/www.pmpf.rs.gov.br\/secretaria-de-seguranca-publica\/#website","url":"https:\/\/www.pmpf.rs.gov.br\/secretaria-de-seguranca-publica\/","name":"Secretaria de Seguran\u00e7a P\u00fablica e Transporte","description":"S\u00f3 mais um site Prefeitura de Passo Fundo","potentialAction":[{"@type":"SearchAction","target":{"@type":"EntryPoint","urlTemplate":"https:\/\/www.pmpf.rs.gov.br\/secretaria-de-seguranca-publica\/?s={search_term_string}"},"query-input":{"@type":"PropertyValueSpecification","valueRequired":true,"valueName":"search_term_string"}}],"inLanguage":"pt-BR"}]}},"_links":{"self":[{"href":"https:\/\/www.pmpf.rs.gov.br\/secretaria-de-seguranca-publica\/wp-json\/wp\/v2\/pages\/703"}],"collection":[{"href":"https:\/\/www.pmpf.rs.gov.br\/secretaria-de-seguranca-publica\/wp-json\/wp\/v2\/pages"}],"about":[{"href":"https:\/\/www.pmpf.rs.gov.br\/secretaria-de-seguranca-publica\/wp-json\/wp\/v2\/types\/page"}],"author":[{"embeddable":true,"href":"https:\/\/www.pmpf.rs.gov.br\/secretaria-de-seguranca-publica\/wp-json\/wp\/v2\/users\/1"}],"replies":[{"embeddable":true,"href":"https:\/\/www.pmpf.rs.gov.br\/secretaria-de-seguranca-publica\/wp-json\/wp\/v2\/comments?post=703"}],"version-history":[{"count":21,"href":"https:\/\/www.pmpf.rs.gov.br\/secretaria-de-seguranca-publica\/wp-json\/wp\/v2\/pages\/703\/revisions"}],"predecessor-version":[{"id":877,"href":"https:\/\/www.pmpf.rs.gov.br\/secretaria-de-seguranca-publica\/wp-json\/wp\/v2\/pages\/703\/revisions\/877"}],"wp:attachment":[{"href":"https:\/\/www.pmpf.rs.gov.br\/secretaria-de-seguranca-publica\/wp-json\/wp\/v2\/media?parent=703"}],"curies":[{"name":"wp","href":"https:\/\/api.w.org\/{rel}","templated":true}]}}