{"id":2488,"date":"2022-02-21T10:56:37","date_gmt":"2022-02-21T13:56:37","guid":{"rendered":"https:\/\/www.pmpf.rs.gov.br\/secretaria-de-saude\/?post_type=servicos&#038;p=2488"},"modified":"2026-04-09T16:41:29","modified_gmt":"2026-04-09T19:41:29","slug":"alvara-sanitario","status":"publish","type":"servicos","link":"https:\/\/www.pmpf.rs.gov.br\/secretaria-de-saude\/servicos\/alvara-sanitario\/","title":{"rendered":"Alvar\u00e1 Sanit\u00e1rio"},"content":{"rendered":"\n<div class=\"wp-block-columns has-grey-background-color has-background is-layout-flex wp-container-core-columns-is-layout-1 wp-block-columns-is-layout-flex\">\n<div class=\"wp-block-column is-layout-flow wp-block-column-is-layout-flow\">\n<p class=\"has-medium-font-size\"><\/p>\n\n\n\n<p>Para a emiss\u00e3o do primeiro Alvar\u00e1 Sanit\u00e1rio ser\u00e1 utilizado o mesmo processo de pedido de Alvar\u00e1 de Localiza\u00e7\u00e3o e Funcionamento.<\/p>\n\n\n\n<p><strong>A&nbsp;renova\u00e7\u00e3o&nbsp;do alvar\u00e1 sanit\u00e1rio dever\u00e1 ser requerida anualmente, com 30 dias antes do vencimento, via processo administrativo.<\/strong><\/p>\n\n\n\n<p>&nbsp;<strong>O alvar\u00e1 sanit\u00e1rio deve ficar exposto no estabelecimento em local de f\u00e1cil visualiza\u00e7\u00e3o.<\/strong> <\/p>\n<\/div>\n<\/div>\n\n\n\n<hr class=\"wp-block-separator has-alpha-channel-opacity\" id=\"block-c9f79bcc-ebe0-49f6-a666-ca454ae39271\"\/>\n\n\n\n<p id=\"block-64c7962b-ade7-4473-af02-0796a5791ab0\"><strong>Etapas para a realiza\u00e7\u00e3o deste servi\u00e7o<\/strong><\/p>\n\n\n\n<ol class=\"wp-block-list\">\n<li>Para acessar o servi\u00e7o eletr\u00f4nico, o requerente ou seu procurador dever\u00e1 ter uma senha (credencial), certificado digital habilitado ou acesso ao GOV.BR. Caso n\u00e3o tenha, poder\u00e1 clicar em \u201cCriar Credencial\u201d na tela de autentica\u00e7\u00e3o ou&nbsp;<a href=\"https:\/\/grp.pmpf.rs.gov.br\/grp\/acessoexterno\/programaAcessoExterno.faces?codigo=670014\" target=\"_blank\" rel=\"noreferrer noopener\">clique aqui<\/a>&nbsp;para realizar o cadastro. Ap\u00f3s o cadastro, o requerente receber\u00e1 a credencial no seu e-mail.<\/li>\n\n\n\n<li>Para que um terceiro fa\u00e7a a solicita\u00e7\u00e3o em nome do requerente, caso ainda n\u00e3o tenha procura\u00e7\u00e3o cadastrada, antes da abertura do processo, dever\u00e1 ser feito o cadastro do procurador, outorgando-lhe poderes para abertura e ou consulta dos processos em seu nome, via procura\u00e7\u00e3o eletr\u00f4nica,&nbsp;<a href=\"https:\/\/www.pmpf.rs.gov.br\/secretaria-de-administracao\/servicos\/cadastrar-procuracao-eletronica\/\">acessando aqui.<\/a><\/li>\n\n\n\n<li>O in\u00edcio do processo dar-se-\u00e1 a pedido da parte interessada, de forma online, mediante cadastro de usu\u00e1rio e chave de acesso ou certificado digital.\n<ul class=\"wp-block-list\">\n<li><strong>Como solicitar online<\/strong>: Clicar no bot\u00e3o&nbsp;<strong>\u201cAlvar\u00e1 Sanit\u00e1rio\u201d<\/strong>&nbsp;&nbsp;e informar sua senha, ap\u00f3s, selecionar o grupo: SERVI\u00c7O ELETR\u00d4NICO e assunto: RENOVA\u00c7\u00c3O DE ALVAR\u00c1 SANIT\u00c1RIO&nbsp;e anexar os documentos conforme a atividade, de acordo com a rela\u00e7\u00e3o abaixo.<\/li>\n\n\n\n<li><strong><mark>O Requerente do processo deve ser em nome da empresa (CNPJ).<\/mark><\/strong><\/li>\n<\/ul>\n<\/li>\n\n\n\n<li>Na instaura\u00e7\u00e3o do processo, o requerente receber\u00e1 em seu e-mail o n\u00famero do protocolo para acompanhamento do processo.\n<ul class=\"wp-block-list\">\n<li><strong>Como acompanhar solicita\u00e7\u00e3o<\/strong>: Clicar no bot\u00e3o&nbsp;<strong>\u201cAcompanhar solicita\u00e7\u00e3o\u201d<\/strong>&nbsp;e informar sua senha. No programa Meus Processos, informar o exerc\u00edcio do processo e clicar no bot\u00e3o recuperar. Clicar sobre o processo desejado e verificar na aba hist\u00f3rico de tramita\u00e7\u00f5es se foi autorizado, em caso positivo, o alvar\u00e1 estar\u00e1 dispon\u00edvel na aba anexos.<\/li>\n<\/ul>\n<\/li>\n<\/ol>\n\n\n\n<hr class=\"wp-block-separator has-alpha-channel-opacity\" id=\"block-adcb9181-8ca2-485d-afe4-9160a85b359b\"\/>\n\n\n\n<p id=\"block-16e19182-38c1-48c4-998e-4aa0acebfdfa\"><strong>Documentos Necess\u00e1rios<\/strong><\/p>\n\n\n\n<h5 class=\"wp-block-heading\">Para Todas as Atividades<\/h5>\n\n\n\n<ul class=\"wp-block-list\">\n<li><a href=\"https:\/\/www.pmpf.rs.gov.br\/secretaria-de-saude\/wp-content\/uploads\/sites\/50\/2022\/03\/alvara-sanitario-requerimento-29112023.odt\">Requerimento<\/a><\/li>\n<\/ul>\n\n\n\n<div class=\"wp-block-pb-accordion-item c-accordion__item js-accordion-item no-js\" data-initially-open=\"false\" data-click-to-close=\"true\" data-auto-close=\"true\" data-scroll=\"false\" data-scroll-offset=\"0\"><h5 id=\"at-24880\" class=\"c-accordion__title js-accordion-controller\" role=\"button\">ACADEMIA E\/OU PILATES<br><\/h5><div id=\"ac-24880\" class=\"c-accordion__content\">\n<ul class=\"wp-block-list\">\n<li>Contrato Social e CNPJ<\/li>\n\n\n\n<li>Documento de identifica\u00e7\u00e3o com foto do Respons\u00e1vel Legal<\/li>\n\n\n\n<li>Carteira do Conselho Profissional do respons\u00e1vel t\u00e9cnico<\/li>\n\n\n\n<li>Certificado de limpeza e manuten\u00e7\u00e3o do ar condicionado, caso o servi\u00e7o seja realizado por empresa ou POP descritivo da forma da limpeza e a periodicidade, caso realizada por conta pr\u00f3pria ou caso n\u00e3o tenha ar-condicionado no local, trazer declara\u00e7\u00e3o de que n\u00e3o possui.<\/li>\n\n\n\n<li>POP descritivo da forma da limpeza e a periodicidade, dos equipamentos de muscula\u00e7\u00e3o e aer\u00f3bicos, do espa\u00e7o f\u00edsico da academia, banheiros e vesti\u00e1rios.<\/li>\n\n\n\n<li>Certificado de Limpeza do Reservat\u00f3rio por empresa licenciada. (Portaria Estadual 1237\/2014 Artigo 3o). No caso de abastecimento exclusivo pela CORSAN apresentar c\u00f3pia do boleto e declara\u00e7\u00e3o expressa. No caso de possuir po\u00e7o artesiano, apresentar c\u00f3pia das an\u00e1lises f\u00edsico-qu\u00edmicas e microbiol\u00f3gicas da \u00e1gua e comprovante de tratamento por cloro conforme Portaria GM\/MS no 888, de 04 de maio de 2021.<\/li>\n<\/ul>\n<\/div><\/div>\n\n\n\n<div class=\"wp-block-pb-accordion-item c-accordion__item js-accordion-item no-js\" data-initially-open=\"false\" data-click-to-close=\"true\" data-auto-close=\"true\" data-scroll=\"false\" data-scroll-offset=\"0\"><h5 id=\"at-24881\" class=\"c-accordion__title js-accordion-controller\" role=\"button\">ATIVIDADES DE EST\u00c9TICA SEM PROCEDIMENTO INVASIVO E SERVI\u00c7OS DE MASSOTERAPIA<\/h5><div id=\"ac-24881\" class=\"c-accordion__content\">\n<ul class=\"wp-block-list\">\n<li>Contrato Social e CNPJ;<\/li>\n\n\n\n<li>Declara\u00e7\u00e3o citando os procedimentos de est\u00e9tica e\/ou massoterapia realizados pelo estabelecimento;<\/li>\n\n\n\n<li>Documento de identifica\u00e7\u00e3o com foto do Respons\u00e1vel Legal;<\/li>\n\n\n\n<li>Carteira de identidade profissional do Respons\u00e1vel T\u00e9cnico ou declara\u00e7\u00e3o que a atividade exercida n\u00e3o necessita de respons\u00e1vel t\u00e9cnico;<\/li>\n\n\n\n<li>Diploma\/Certificado de curso do profissional na \u00e1rea de est\u00e9tica e\/ou massoterapia;<\/li>\n\n\n\n<li>Certificado de limpeza e manuten\u00e7\u00e3o do ar-condicionado, caso o servi\u00e7o seja realizado por empresa ou POP descritivo da forma da limpeza e a periodicidade, caso realizada por conta pr\u00f3pria ou caso n\u00e3o tenha ar-condicionado no local, fazer declara\u00e7\u00e3o de que n\u00e3o possui.<\/li>\n\n\n\n<li>Certificado de Limpeza do Reservat\u00f3rio de \u00e1gua realizada por empresa licenciada. (Portaria Estadual 1237\/2014 Artigo 3\u00ba). No caso de abastecimento exclusivo pela CORSAN apresentar c\u00f3pia do boleto e declara\u00e7\u00e3o expressa. No caso de possuir po\u00e7o artesiano, apresentar c\u00f3pia das an\u00e1lises f\u00edsico-qu\u00edmicas e microbiol\u00f3gicas da \u00e1gua e comprovante de tratamento por cloro conforme Portaria GM\/MS n\u00ba 888, de 04 de maio de 2021.<\/li>\n<\/ul>\n<\/div><\/div>\n\n\n\n<div class=\"wp-block-pb-accordion-item c-accordion__item js-accordion-item no-js\" data-initially-open=\"false\" data-click-to-close=\"true\" data-auto-close=\"true\" data-scroll=\"false\" data-scroll-offset=\"0\"><h5 id=\"at-24882\" class=\"c-accordion__title js-accordion-controller\" role=\"button\">ATIVIDADES DE EST\u00c9TICA COM PROCEDIMENTOS MINIMAMENTE INVASIVOS E SERVI\u00c7OS DE PODOLOGIA<\/h5><div id=\"ac-24882\" class=\"c-accordion__content\">\n<ul class=\"wp-block-list\">\n<li>Contrato Social e CNPJ;<\/li>\n\n\n\n<li>Declara\u00e7\u00e3o citando os procedimentos de est\u00e9tica e\/ou podologia realizados pelo estabelecimento;<\/li>\n\n\n\n<li>Documento de identifica\u00e7\u00e3o com foto do Respons\u00e1vel Legal;<\/li>\n\n\n\n<li>Carteirinha de identidade profissional do Respons\u00e1vel T\u00e9cnico ou declara\u00e7\u00e3o que a atividade exercida n\u00e3o necessita de respons\u00e1vel t\u00e9cnico;<\/li>\n\n\n\n<li>Certificado de Responsabilidade T\u00e9cnica emitido pelo conselho de classe profissional ou declara\u00e7\u00e3o que a profiss\u00e3o n\u00e3o possui conselho de classe profissional estabelecido pela legisla\u00e7\u00e3o;<\/li>\n\n\n\n<li>Diploma\/Certificado de curso do profissional na \u00e1rea de est\u00e9tica e\/ou podologia;<\/li>\n\n\n\n<li>Certificado de limpeza e manuten\u00e7\u00e3o do ar-condicionado, caso o servi\u00e7o seja realizado por empresa ou POP descritivo da forma da limpeza e a periodicidade (caso realizada por conta pr\u00f3pria ou caso n\u00e3o tenha ar-condicionado no local, fazer declara\u00e7\u00e3o de que n\u00e3o possui);<\/li>\n\n\n\n<li>Certificado de Limpeza do Reservat\u00f3rio de \u00e1gua realizado por empresa licenciada. (Portaria Estadual 1237\/2014 Artigo 3\u00ba). No caso de abastecimento exclusivo pela CORSAN apresentar c\u00f3pia do boleto e declara\u00e7\u00e3o expressa. No caso de possuir po\u00e7o artesiano, apresentar c\u00f3pia das an\u00e1lises f\u00edsico-qu\u00edmicas e microbiol\u00f3gicas da \u00e1gua e comprovante de tratamento por cloro conforme Portaria GM\/MS n\u00ba 888, de 04 de maio de 2021;<\/li>\n\n\n\n<li>Certificado atualizado de recolhimento do lixo s\u00e9ptico ou do contrato com empresa especializada, com c\u00f3pia da \u00faltima guia de pagamento;<\/li>\n\n\n\n<li>Pop descrevendo como s\u00e3o realizadas a limpeza e esteriliza\u00e7\u00e3o dos materiais ou declara\u00e7\u00e3o de uso de material totalmente descart\u00e1vel;<\/li>\n\n\n\n<li>Apresentar comprova\u00e7\u00e3o de realiza\u00e7\u00e3o de teste microbiol\u00f3gico da autoclave ou declara\u00e7\u00e3o que n\u00e3o possui esse equipamento;<\/li>\n\n\n\n<li>Termo de Ades\u00e3o ao Protocolo de Exposi\u00e7\u00e3o Ocupacional \u00e0 Material Biol\u00f3gico emitido e assinado pelo n\u00facleo de Vigil\u00e2ncia em Sa\u00fade do Trabalhador, Fone 3046 0164 Rua Silva Jardim, 727-1\u00ba andar;<\/li>\n\n\n\n<li>Plano de Gerenciamento de Res\u00edduos de Servi\u00e7os de Sa\u00fade \u2013 Seguir as&nbsp;orienta\u00e7\u00f5es&nbsp;do <a href=\"https:\/\/www.pmpf.rs.gov.br\/secretaria-de-saude\/wp-content\/uploads\/sites\/50\/2021\/12\/vigilancia_sanitaria_anexoIX_orientacao_pgrss.pdf\" target=\"_blank\" rel=\"noreferrer noopener\">Anexo IX<\/a> e usar o&nbsp;modelo do <a href=\"https:\/\/www.pmpf.rs.gov.br\/secretaria-de-saude\/wp-content\/uploads\/sites\/50\/2021\/12\/vigilancia_sanitaria_anexoX_modelo_pgrss_31_10_2019.odt\" target=\"_blank\" rel=\"noreferrer noopener\">Anexo X<\/a>. Legisla\u00e7\u00f5es: Portaria 500\/2010, RDC 42\/2010 e RDC 50\/ 2002, RDC 63\/2011, Portaria 453\/98.<\/li>\n<\/ul>\n<\/div><\/div>\n\n\n\n<div class=\"wp-block-pb-accordion-item c-accordion__item js-accordion-item no-js\" data-initially-open=\"false\" data-click-to-close=\"true\" data-auto-close=\"true\" data-scroll=\"false\" data-scroll-offset=\"0\"><h5 id=\"at-24883\" class=\"c-accordion__title js-accordion-controller\" role=\"button\">AGROIND\u00daSTRIAS<\/h5><div id=\"ac-24883\" class=\"c-accordion__content\">\n<ul class=\"wp-block-list\">\n<li>Documento de identifica\u00e7\u00e3o com foto do Respons\u00e1vel Legal;<\/li>\n\n\n\n<li>Carteira de identidade profissional emitida do Respons\u00e1vel T\u00e9cnico se houver;<\/li>\n\n\n\n<li>Bloco de produtor rural com inscri\u00e7\u00e3o municipal;<\/li>\n\n\n\n<li>Certificado de Desinsetiza\u00e7\u00e3o e Desratiza\u00e7\u00e3o de estabelecimento que possua Alvar\u00e1 Sanit\u00e1rio v\u00e1lido, caso seja realizada por empresa com estabelecimento em outro munic\u00edpio anexar c\u00f3pia do respectivo Alvar\u00e1 Sanit\u00e1rio da empresa que realizou o servi\u00e7o;<\/li>\n\n\n\n<li>Certificado de limpeza e manuten\u00e7\u00e3o do ar-condicionado, caso o servi\u00e7o seja realizado por empresa ou POP descritivo da forma da limpeza e a periodicidade, caso realizada por conta pr\u00f3pria ou caso n\u00e3o tenha ar-condicionado no local, trazer declara\u00e7\u00e3o de que n\u00e3o possui;<\/li>\n\n\n\n<li>Certificado de Limpeza do Reservat\u00f3rio por empresa licenciada. (Portaria Estadual 1237\/2014 Artigo 3o). No caso de abastecimento exclusivo pela CORSAN apresentar c\u00f3pia do boleto e declara\u00e7\u00e3o expressa. No caso de possuir po\u00e7o artesiano, apresentar c\u00f3pia das an\u00e1lises f\u00edsico-qu\u00edmicas e microbiol\u00f3gicas da \u00e1gua e comprovante de tratamento por cloro conforme Portaria GM\/MS no 888, de 04 de maio de 2021.<\/li>\n\n\n\n<li>Atestado de Cadastramento no Programa Estadual de Agroind\u00fastria familiar;<\/li>\n\n\n\n<li>Manual de Boas Pr\u00e1ticas;<\/li>\n\n\n\n<li>Comprovante de capacita\u00e7\u00e3o em Boas Pr\u00e1ticas de Fabrica\u00e7\u00e3o.<\/li>\n<\/ul>\n<\/div><\/div>\n\n\n\n<div class=\"wp-block-pb-accordion-item c-accordion__item js-accordion-item no-js\" data-initially-open=\"false\" data-click-to-close=\"true\" data-auto-close=\"true\" data-scroll=\"false\" data-scroll-offset=\"0\"><h5 id=\"at-24884\" class=\"c-accordion__title js-accordion-controller\" role=\"button\">AMBUL\u00c2NCIA DE TRANSPORTE E SUPORTE B\u00c1SICO<\/h5><div id=\"ac-24884\" class=\"c-accordion__content\">\n<ul class=\"wp-block-list\">\n<li>Contrato Social e CNPJ;<\/li>\n\n\n\n<li>Documento de identifica\u00e7\u00e3o com foto do Respons\u00e1vel Legal;<\/li>\n\n\n\n<li>Documento de habilita\u00e7\u00e3o do condutor ( CNH categoria D ou E); Curso de Condutor \/ Socorrista;<\/li>\n\n\n\n<li>Certificado de Registro e Licenciamento de Veiculo (CRVL);<\/li>\n\n\n\n<li>Certificado de Forma\u00e7\u00e3o para T\u00e9cnicos de Enfermagem;<\/li>\n\n\n\n<li>Certificado de Coleta dos Res\u00edduos de Servi\u00e7os de Sa\u00fade e a \u00faltima guia de pagamento;<\/li>\n\n\n\n<li>Carteira de vacina\u00e7\u00e3o de Hepatite B, Antitet\u00e2nica e Gripe para todos os funcion\u00e1rios;<\/li>\n\n\n\n<li>Termo de Ades\u00e3o ao Protocolo de Exposi\u00e7\u00e3o Ocupacional \u00e0 Material Biol\u00f3gico no setor da Sa\u00fade do Trabalhador;<\/li>\n\n\n\n<li>Comprovante de Manuten\u00e7\u00e3o preventiva e corretiva do ve\u00edculo;<\/li>\n\n\n\n<li>Comprovante de Calibra\u00e7\u00e3o dos Equipamentos m\u00e9dicos dos \u00faltimos 12 meses;<\/li>\n\n\n\n<li>POP de Limpeza do Ve\u00edculo;<\/li>\n\n\n\n<li>POP de Limpeza e desinfec\u00e7\u00e3o de superf\u00edcies, materiais e utens\u00edlios;<\/li>\n\n\n\n<li>POP de Atendimento e Transporte do paciente;<\/li>\n\n\n\n<li>Projeto arquitet\u00f4nico aprovado pela 6o Coordenadoria Regional de Sa\u00fade.<\/li>\n<\/ul>\n<\/div><\/div>\n\n\n\n<div class=\"wp-block-pb-accordion-item c-accordion__item js-accordion-item no-js\" data-initially-open=\"false\" data-click-to-close=\"true\" data-auto-close=\"true\" data-scroll=\"false\" data-scroll-offset=\"0\"><h5 id=\"at-24885\" class=\"c-accordion__title js-accordion-controller\" role=\"button\">CASAS DE APOIO E\/OU ALBERGUES<\/h5><div id=\"ac-24885\" class=\"c-accordion__content\">\n<ul class=\"wp-block-list\">\n<li>Contrato Social e CNPJ;<\/li>\n\n\n\n<li>Documento de identifica\u00e7\u00e3o com foto do Respons\u00e1vel Legal;<\/li>\n\n\n\n<li>Carteira de identidade profissional emitida do Respons\u00e1vel T\u00e9cnico se houver;<\/li>\n\n\n\n<li>Certificado de Desinsetiza\u00e7\u00e3o e Desratiza\u00e7\u00e3o de estabelecimento que possua Alvar\u00e1 Sanit\u00e1rio v\u00e1lido, caso seja realizada por empresa com estabelecimento em outro munic\u00edpio anexar c\u00f3pia do respectivo Alvar\u00e1 Sanit\u00e1rio da empresa que realizou o servi\u00e7o;<\/li>\n\n\n\n<li>Certificado de limpeza e manuten\u00e7\u00e3o do ar-condicionado, caso o servi\u00e7o seja realizado por empresa; ou POP descritivo da forma da limpeza e a periodicidade, caso realizada por conta pr\u00f3pria, ou caso n\u00e3o tenha ar-condicionado no local, trazer declara\u00e7\u00e3o que n\u00e3o possui;<\/li>\n\n\n\n<li>Certificado de Limpeza do Reservat\u00f3rio por empresa licenciada ou Declara\u00e7\u00e3o de que n\u00e3o possui reservat\u00f3rio de \u00e1gua. (Portaria Estadual 1237\/2014 Artigo 3\u00ba).<br>No caso de abastecimento exclusivo pela CORSAN apresentar c\u00f3pia do boleto.<br>No caso de possuir po\u00e7o artesiano, apresentar c\u00f3pia das an\u00e1lises f\u00edsico-qu\u00edmicas e microbiol\u00f3gicas da \u00e1gua e comprovante de tratamento por cloro conforme Portaria GM\/MS n\u00ba 888, de 04 de maio de 2021.<\/li>\n\n\n\n<li>Planilhas de atividades di\u00e1rias (lazer, cultura, esportiva, art\u00edstica);<\/li>\n\n\n\n<li>Rela\u00e7\u00e3o dos residentes, (em caso de adolescentes deve conter: grau escolar,<br>nome da escola e atividade profissional);<\/li>\n\n\n\n<li>Rela\u00e7\u00e3o dos funcion\u00e1rios e monitores por turno, carga hor\u00e1ria e forma\u00e7\u00e3o;<\/li>\n\n\n\n<li>Comprovante de capacita\u00e7\u00e3o em Boas Pr\u00e1ticas, (RDC 216\/04 e Portaria 78\/09);<\/li>\n\n\n\n<li>Manual de Boas Pr\u00e1ticas e card\u00e1pio (RDC 216\/04 e Portaria 78\/09);<\/li>\n\n\n\n<li>Card\u00e1pio Atualizado.<\/li>\n<\/ul>\n<\/div><\/div>\n\n\n\n<div class=\"wp-block-pb-accordion-item c-accordion__item js-accordion-item no-js\" data-initially-open=\"false\" data-click-to-close=\"true\" data-auto-close=\"true\" data-scroll=\"false\" data-scroll-offset=\"0\"><h5 id=\"at-24886\" class=\"c-accordion__title js-accordion-controller\" role=\"button\">CL\u00cdNICA DE VACINAS<\/h5><div id=\"ac-24886\" class=\"c-accordion__content\">\n<ul class=\"wp-block-list\">\n<li>Contrato Social e CNPJ;<\/li>\n\n\n\n<li>Documento de identifica\u00e7\u00e3o com foto do Respons\u00e1vel Legal;<\/li>\n\n\n\n<li>Carteira de identidade profissional do Respons\u00e1vel T\u00e9cnico;<\/li>\n\n\n\n<li>Certificado de limpeza e manuten\u00e7\u00e3o do ar condicionado, caso o servi\u00e7o seja realizado por empresa ou POP descritivo da forma da limpeza e a periodicidade, caso realizada por conta pr\u00f3pria, ou caso n\u00e3o tenha ar-condicionado no local, trazer declara\u00e7\u00e3o de que n\u00e3o possui;<\/li>\n\n\n\n<li>Certificado de Limpeza do Reservat\u00f3rio por empresa licenciada. (Portaria Estadual 1237\/2014 Artigo 3\u00ba). No caso de abastecimento exclusivo pela CORSAN apresentar c\u00f3pia do boleto e declara\u00e7\u00e3o expressa. No caso de possuir po\u00e7o artesiano, apresentar c\u00f3pia das an\u00e1lises f\u00edsico-qu\u00edmicas e microbiol\u00f3gicas da \u00e1gua e comprovante de tratamento por cloro conforme Portaria GM\/MS n\u00ba 888, de 04 de maio de 2021.<\/li>\n\n\n\n<li>Comprovante de Responsabilidade T\u00e9cnica, expedido pelo Conselho de Classe do Respons\u00e1vel T\u00e9cnico, v\u00e1lido para o ano vigente. Esse documento dever\u00e1, obrigatoriamente, conter a atividade a que se designa a responsabilidade t\u00e9cnica, bem como o endere\u00e7o do local que deseja licenciamento sanit\u00e1rio;<\/li>\n\n\n\n<li>Comprovante de inscri\u00e7\u00e3o no CNESS, artigo 5, RDC 197\/2017 (renova\u00e7\u00e3o);<\/li>\n\n\n\n<li>\u00daltima guia de pagamento de recolhimento do lixo s\u00e9ptico (Artigo 10, item \u2013 RDC 197\/2017);<\/li>\n\n\n\n<li>Termo de Ades\u00e3o ao Protocolo de Exposi\u00e7\u00e3o Ocupacional \u00e0 Material Biol\u00f3gico no setor da Sa\u00fade do Trabalhador.<\/li>\n<\/ul>\n<\/div><\/div>\n\n\n\n<div class=\"wp-block-pb-accordion-item c-accordion__item js-accordion-item no-js\" data-initially-open=\"false\" data-click-to-close=\"true\" data-auto-close=\"true\" data-scroll=\"false\" data-scroll-offset=\"0\"><h5 id=\"at-24887\" class=\"c-accordion__title js-accordion-controller\" role=\"button\">CASAS DE FESTAS E EVENTOS<\/h5><div id=\"ac-24887\" class=\"c-accordion__content\">\n<ul class=\"wp-block-list\">\n<li>Contrato Social e CNPJ;<\/li>\n\n\n\n<li>Documento de identifica\u00e7\u00e3o com foto do Respons\u00e1vel Legal;<\/li>\n\n\n\n<li>Certificado de Desinsetiza\u00e7\u00e3o e Desratiza\u00e7\u00e3o de estabelecimento que possua Alvar\u00e1 Sanit\u00e1rio v\u00e1lido, caso seja realizada por empresa com estabelecimento em outro munic\u00edpio anexar c\u00f3pia do respectivo Alvar\u00e1 Sanit\u00e1rio da empresa que realizou o servi\u00e7o;<\/li>\n\n\n\n<li>Certificado de limpeza e manuten\u00e7\u00e3o do ar condicionado, caso o servi\u00e7o seja realizado por empresa; ou POP descritivo da forma da limpeza e a periodicidade, caso realizada por conta pr\u00f3pria, ou caso n\u00e3o tenha ar condicionado no local, trazer declara\u00e7\u00e3o de que n\u00e3o possui;<\/li>\n\n\n\n<li>Certificado de Limpeza do Reservat\u00f3rio por empresa licenciada e\/ou declara\u00e7\u00e3o expressa dizendo que n\u00e3o possui. ( Portaria Estadual 1237\/2014 Artigo 3o). No caso de abastecimento exclusivo pela CORSAN apresentar c\u00f3pia do boleto. No caso de possuir po\u00e7o artesiano, apresentar c\u00f3pia das an\u00e1lises f\u00edsico-qu\u00edmicas e microbiol\u00f3gicas da \u00e1gua e comprovante de tratamento por cloro conforme Portaria GM\/MS no 888, de 04 de maio de 2021.<\/li>\n\n\n\n<li><strong>OBS.: Se houver produ\u00e7\u00e3o\/manipula\u00e7\u00e3o de alimentos no local, anexar os documentos: Comprovante de capacita\u00e7\u00e3o em Boas Pr\u00e1ticas (RDC 216\/04 e Portaria 78\/09); Manual de Boas Pr\u00e1ticas (RDC 216\/04 e Portaria 78\/09).<\/strong><\/li>\n<\/ul>\n<\/div><\/div>\n\n\n\n<div class=\"wp-block-pb-accordion-item c-accordion__item js-accordion-item no-js\" data-initially-open=\"false\" data-click-to-close=\"true\" data-auto-close=\"true\" data-scroll=\"false\" data-scroll-offset=\"0\"><h5 id=\"at-24888\" class=\"c-accordion__title js-accordion-controller\" role=\"button\">COMUNIDADE TERAP\u00caUTICA<\/h5><div id=\"ac-24888\" class=\"c-accordion__content\">\n<ul class=\"wp-block-list\">\n<li>C\u00f3pia do Contrato Social e CNPJ;<\/li>\n\n\n\n<li>C\u00f3pia do CPF e documento de identifica\u00e7\u00e3o com foto do Respons\u00e1vel Legal;<\/li>\n\n\n\n<li>Respons\u00e1vel T\u00e9cnico (RT): C\u00f3pia da Carteira de identidade profissional e Certid\u00e3o de RT emitida pelo Conselho de Classe (COM COMPROVA\u00c7\u00c3O DE FORMA\u00c7\u00c3O, EXPERI\u00caNCIA OU ESPECIALIZA\u00c7\u00c3O EM SA\u00daDE MENTAL) e do Respons\u00e1vel T\u00e9cnico substituto<\/li>\n\n\n\n<li>C\u00f3pia da identidade\/habilita\u00e7\u00e3o profissional de nutricionista respons\u00e1vel pelo Servi\u00e7o de Alimenta\u00e7\u00e3o.<\/li>\n\n\n\n<li>C\u00f3pia da Certid\u00e3o de Responsabilidade T\u00e9cnica expedida pelo Conselho de Classe, para RT<\/li>\n\n\n\n<li>Rela\u00e7\u00e3o atualizada dos profissionais (nome completo, cargo\/fun\u00e7\u00e3o\/forma\u00e7\u00e3o, no Conselho de Classe (quando houver), carga hor\u00e1ria semanal\/turno de trabalho).<\/li>\n\n\n\n<li>Rela\u00e7\u00e3o de Acolhidos constando: nome, data de interna\u00e7\u00e3o, data de nascimento, patologia e cidade de proced\u00eancia;<\/li>\n\n\n\n<li>Certificado de desinsetiza\u00e7\u00e3o\/desratiza\u00e7\u00e3o, e Alvar\u00e1 Sanit\u00e1rio da empresa prestadora do servi\u00e7o<br>Certificado de limpeza e manuten\u00e7\u00e3o do ar-condicionado e POP do procedimento<\/li>\n\n\n\n<li>Certificado de limpeza do reservat\u00f3rio de \u00e1gua por empresa licenciada e Alvar\u00e1 Sanit\u00e1rio da empresa prestadora do servi\u00e7o; se abastecimento exclusivo pela CORSAN apresentar c\u00f3pia do boleto e declara\u00e7\u00e3o expressa; se possuir po\u00e7o artesiano, apresentar c\u00f3pia das an\u00e1lises f\u00edsico-qu\u00edmicas e microbiol\u00f3gicas da \u00e1gua e comprovante de tratamento por cloro conforme Portaria GM\/MS no 888, de 04 de maio de 2021;<\/li>\n\n\n\n<li>Manual de Boas Pr\u00e1ticas de Alimenta\u00e7\u00e3o (RDC 216\/04 e Portaria 799\/2023) com atualiza\u00e7\u00e3o recente;<\/li>\n\n\n\n<li>Comprovante de capacita\u00e7\u00e3o em Boas Pr\u00e1ticas de Servi\u00e7os de Alimenta\u00e7\u00e3o, (RDC 216\/04 e Portaria 799\/2023)do(s) manipulador(es) de alimentos\/cozinheira(s);<\/li>\n\n\n\n<li>Regimento Interno e\/ou de enfermagem (COREN) atualizado;<\/li>\n\n\n\n<li>C\u00f3pia do Plano de Cuidados Terap\u00eauticos.<\/li>\n<\/ul>\n<\/div><\/div>\n\n\n\n<div class=\"wp-block-pb-accordion-item c-accordion__item js-accordion-item no-js\" data-initially-open=\"false\" data-click-to-close=\"true\" data-auto-close=\"true\" data-scroll=\"false\" data-scroll-offset=\"0\"><h5 id=\"at-24889\" class=\"c-accordion__title js-accordion-controller\" role=\"button\">COM\u00c9RCIO ATACADISTA DE BEBIDAS<\/h5><div id=\"ac-24889\" class=\"c-accordion__content\">\n<ul class=\"wp-block-list\">\n<li>Contrato Social e CNPJ;<\/li>\n\n\n\n<li>Documento de identifica\u00e7\u00e3o com foto do Respons\u00e1vel Legal;<\/li>\n\n\n\n<li>Certificado de Desinsetiza\u00e7\u00e3o e Desratiza\u00e7\u00e3o. (A empresa que vai realizar o servi\u00e7o tem que possuir Alvar\u00e1 Sanit\u00e1rio v\u00e1lido, caso seja realizada por empresa com estabelecimento em outro munic\u00edpio anexar c\u00f3pia do respectivo Alvar\u00e1 Sanit\u00e1rio);<\/li>\n\n\n\n<li>Certificado de limpeza e manuten\u00e7\u00e3o do ar-condicionado, caso o servi\u00e7o seja realizado por empresa, ou POP descritivo da forma da limpeza e a periodicidade, caso realizada por conta pr\u00f3pria, ou caso n\u00e3o tenha ar-condicionado no local, trazer declara\u00e7\u00e3o de que n\u00e3o possui;<\/li>\n\n\n\n<li>Certificado de Limpeza do Reservat\u00f3rio por empresa licenciada ou Declara\u00e7\u00e3o de que n\u00e3o possui reservat\u00f3rio de \u00e1gua. (Portaria Estadual 1237\/2014 Artigo 3\u00ba). No caso de abastecimento exclusivo pela CORSAN apresentar c\u00f3pia do boleto. No caso de possuir po\u00e7o artesiano, apresentar c\u00f3pia das an\u00e1lises f\u00edsico- qu\u00edmicas e microbiol\u00f3gicas da \u00e1gua e comprovante de tratamento por cloro conforme Portaria GM\/MS n\u00ba 888, de 04 de maio de 2021.<\/li>\n<\/ul>\n<\/div><\/div>\n\n\n\n<div class=\"wp-block-pb-accordion-item c-accordion__item js-accordion-item no-js\" data-initially-open=\"false\" data-click-to-close=\"true\" data-auto-close=\"true\" data-scroll=\"false\" data-scroll-offset=\"0\"><h5 id=\"at-248810\" class=\"c-accordion__title js-accordion-controller\" role=\"button\">COM\u00c9RCIO VAREJISTA DE HORTIFRUTIGRANJEIROS (FRUTEIRA)<\/h5><div id=\"ac-248810\" class=\"c-accordion__content\">\n<ul class=\"wp-block-list\">\n<li>Contrato Social e CNPJ;<\/li>\n\n\n\n<li>Documento de identifica\u00e7\u00e3o com foto do Respons\u00e1vel Legal;<\/li>\n\n\n\n<li>Certificado de Desinsetiza\u00e7\u00e3o e Desratiza\u00e7\u00e3o do estabelecimento realizado por empresa possua Alvar\u00e1 Sanit\u00e1rio v\u00e1lido, caso seja realizada por empresa com estabelecimento em outro munic\u00edpio anexar c\u00f3pia do respectivo Alvar\u00e1 Sanit\u00e1rio da empresa que realizou o servi\u00e7o;<\/li>\n\n\n\n<li>Certificado de limpeza e manuten\u00e7\u00e3o do ar-condicionado, caso o servi\u00e7o seja realizado por empresa, ou POP descritivo da forma da limpeza e a periodicidade, caso realizada por conta pr\u00f3pria, ou caso n\u00e3o tenha ar-condicionado no local, fazer declara\u00e7\u00e3o de que n\u00e3o possui;<\/li>\n\n\n\n<li>Certificado de Limpeza do Reservat\u00f3rio de \u00e1gua realizado por empresa licenciada. (Portaria Estadual 1237\/2014 Artigo 3\u00ba). No caso de abastecimento exclusivo pela CORSAN apresentar c\u00f3pia do boleto e declara\u00e7\u00e3o expressa. No caso de possuir po\u00e7o artesiano, apresentar c\u00f3pia das an\u00e1lises f\u00edsico-qu\u00edmicas e microbiol\u00f3gicas da \u00e1gua e comprovante de tratamento por cloro conforme Portaria GM\/MS n\u00ba 888, de 04 de maio de 2021;<\/li>\n\n\n\n<li>Comprovante de capacita\u00e7\u00e3o em Boas Pr\u00e1ticas de Manipula\u00e7\u00e3o em Servi\u00e7os de Alimenta\u00e7\u00e3o;<\/li>\n\n\n\n<li>Manual de Boas Pr\u00e1ticas de Manipula\u00e7\u00e3o de Alimentos do estabelecimento.<\/li>\n<\/ul>\n<\/div><\/div>\n\n\n\n<div class=\"wp-block-pb-accordion-item c-accordion__item js-accordion-item no-js\" data-initially-open=\"false\" data-click-to-close=\"true\" data-auto-close=\"true\" data-scroll=\"false\" data-scroll-offset=\"0\"><h5 id=\"at-248811\" class=\"c-accordion__title js-accordion-controller\" role=\"button\">COM\u00c9RCIO VAREJISTA DE PRODUTOS PARA SA\u00daDE DE USO LEIGO<\/h5><div id=\"ac-248811\" class=\"c-accordion__content\">\n<ul class=\"wp-block-list\">\n<li>Contrato Social e CNPJ<\/li>\n\n\n\n<li>Documento de identifica\u00e7\u00e3o com foto do Respons\u00e1vel Legal;<\/li>\n\n\n\n<li>Carteira de identidade profissional emitida do Respons\u00e1vel T\u00e9cnico se houver;<\/li>\n\n\n\n<li>Certificado de limpeza e manuten\u00e7\u00e3o do ar-condicionado, caso o servi\u00e7o seja realizado por empresa ou POP descritivo da forma da limpeza e a periodicidade, caso realizada por conta pr\u00f3pria, caso n\u00e3o tenha ar-condicionado no local, trazer declara\u00e7\u00e3o de que n\u00e3o possui;<\/li>\n\n\n\n<li>Certificado de Limpeza do Reservat\u00f3rio por empresa licenciada ou Declara\u00e7\u00e3o de que n\u00e3o possui reservat\u00f3rio de \u00e1gua. (Portaria Estadual 1237\/2014 Artigo 3\u00ba). No caso de abastecimento exclusivo pela CORSAN apresentar c\u00f3pia do boleto. No caso de possuir po\u00e7o artesiano, apresentar c\u00f3pia das an\u00e1lises f\u00edsico- qu\u00edmicas e microbiol\u00f3gicas da \u00e1gua e comprovante de tratamento por cloro conforme Portaria GM\/MS n\u00ba 888, de 04 de maio de 2021.<\/li>\n\n\n\n<li>Se a empresa comercializar produtos de uso n\u00e3o leigo (ver item XVIII do art. 2\u00b0 da RDC 16\/2014), dever\u00e1 apresentar certid\u00e3o de regularidade expedida pelo Conselho de Classe do Respons\u00e1vel T\u00e9cnico v\u00e1lida.<\/li>\n<\/ul>\n<\/div><\/div>\n\n\n\n<div class=\"wp-block-pb-accordion-item c-accordion__item js-accordion-item no-js\" data-initially-open=\"false\" data-click-to-close=\"true\" data-auto-close=\"true\" data-scroll=\"false\" data-scroll-offset=\"0\"><h5 id=\"at-248812\" class=\"c-accordion__title js-accordion-controller\" role=\"button\">COM\u00c9RCIO VAREJISTA SANEANTES DOMISSANIT\u00c1RIOS<\/h5><div id=\"ac-248812\" class=\"c-accordion__content\">\n<ul class=\"wp-block-list\">\n<li>Contrato Social e CNPJ;<\/li>\n\n\n\n<li>Documento de identifica\u00e7\u00e3o com foto do Respons\u00e1vel Legal;<\/li>\n\n\n\n<li>Certificado de limpeza e manuten\u00e7\u00e3o do ar-condicionado, caso o servi\u00e7o seja realizado por empresa ou POP descritivo da forma da limpeza e a periodicidade, caso realizada por conta pr\u00f3pria, ou caso n\u00e3o tenha ar-condicionado no local, fazer declara\u00e7\u00e3o de que n\u00e3o possui;<\/li>\n\n\n\n<li>Certificado de Limpeza do Reservat\u00f3rio de \u00e1gua realizado por empresa licenciada. (Portaria Estadual 1237\/2014 Artigo 3\u00ba). No caso de abastecimento exclusivo pela CORSAN apresentar c\u00f3pia do boleto e declara\u00e7\u00e3o expressa. No caso de possuir po\u00e7o artesiano, apresentar c\u00f3pia das an\u00e1lises f\u00edsico-qu\u00edmicas e microbiol\u00f3gicas da \u00e1gua e comprovante de tratamento por cloro&nbsp;conforme&nbsp;Portaria GM\/MS n\u00ba 888, de 04 de maio de 2021.<\/li>\n<\/ul>\n<\/div><\/div>\n\n\n\n<div class=\"wp-block-pb-accordion-item c-accordion__item js-accordion-item no-js\" data-initially-open=\"false\" data-click-to-close=\"true\" data-auto-close=\"true\" data-scroll=\"false\" data-scroll-offset=\"0\"><h5 id=\"at-248813\" class=\"c-accordion__title js-accordion-controller\" role=\"button\">CONSULT\u00d3RIO FARMAC\u00caUTICO<\/h5><div id=\"ac-248813\" class=\"c-accordion__content\">\n<ul class=\"wp-block-list\">\n<li>CPF\/CNPJ;<\/li>\n\n\n\n<li>CNAE (85.50-0-99) atividades de profissionais da \u00e1rea da sa\u00fade n\u00e3o especificada anteriormente;<\/li>\n\n\n\n<li>Certificado de Capacita\u00e7\u00e3o;<\/li>\n\n\n\n<li>Declara\u00e7\u00e3o detalhada de quais atividades pretende executar;<\/li>\n\n\n\n<li>Manual de Boas Pr\u00e1ticas;<\/li>\n\n\n\n<li>Procedimento Operacional Padr\u00e3o (POP) das atividades realizadas;<\/li>\n\n\n\n<li>Plano de Gerenciamento de Res\u00edduos de Servi\u00e7os de Sa\u00fade \u2013 Seguir orienta\u00e7\u00f5es do <a href=\"https:\/\/www.pmpf.rs.gov.br\/secretaria-de-saude\/wp-content\/uploads\/sites\/50\/2021\/12\/vigilancia_sanitaria_anexoIX_orientacao_pgrss.pdf\" target=\"_blank\" rel=\"noreferrer noopener\">Anexo IX<\/a> e usar o modelo do <a href=\"https:\/\/www.pmpf.rs.gov.br\/secretaria-de-saude\/wp-content\/uploads\/sites\/50\/2021\/12\/vigilancia_sanitaria_anexoX_modelo_pgrss_31_10_2019.odt\" target=\"_blank\" rel=\"noreferrer noopener\">Anexo X<\/a><\/li>\n\n\n\n<li>Contrato com empresa, legalmente habilitada, recolhimento de res\u00edduos.<\/li>\n<\/ul>\n<\/div><\/div>\n\n\n\n<div class=\"wp-block-pb-accordion-item c-accordion__item js-accordion-item no-js\" data-initially-open=\"false\" data-click-to-close=\"true\" data-auto-close=\"true\" data-scroll=\"false\" data-scroll-offset=\"0\"><h5 id=\"at-248814\" class=\"c-accordion__title js-accordion-controller\" role=\"button\">COZINHA INDUSTRIAL<\/h5><div id=\"ac-248814\" class=\"c-accordion__content\">\n<ul class=\"wp-block-list\">\n<li>Contrato Social e CNPJ;<\/li>\n\n\n\n<li>Documento de identifica\u00e7\u00e3o com foto do Respons\u00e1vel Legal;<\/li>\n\n\n\n<li>Carteira de registro profissional do respons\u00e1vel t\u00e9cnico emitida pelo Conselho Regional<br>de Nutri\u00e7\u00e3o (CRN);<\/li>\n\n\n\n<li>Certid\u00e3o de Responsabilidade T\u00e9cnica expedida pelo Conselho de Classe v\u00e1lida;<\/li>\n\n\n\n<li>Certificado de Desinsetiza\u00e7\u00e3o e Desratiza\u00e7\u00e3o de estabelecimento que possua Alvar\u00e1 Sanit\u00e1rio v\u00e1lido, caso seja realizada por empresa com estabelecimento em outro munic\u00edpio anexar c\u00f3pia do respectivo Alvar\u00e1 Sanit\u00e1rio da empresa que realizou o servi\u00e7o);<\/li>\n\n\n\n<li>Certificado de limpeza e manuten\u00e7\u00e3o do ar-condicionado, caso o servi\u00e7o seja realizado por empresa; ou POP descritivo da forma da limpeza e a periodicidade, caso realizada por conta pr\u00f3pria, ou caso n\u00e3o tenha ar-condicionado no local, trazer declara\u00e7\u00e3o de que n\u00e3o possui.<\/li>\n\n\n\n<li>Certificado de Limpeza do Reservat\u00f3rio por empresa licenciada. (Portaria Estadual 1237\/2014 Artigo 3o). No caso de abastecimento exclusivo pela CORSAN apresentar c\u00f3pia do boleto e declara\u00e7\u00e3o expressa. No caso de possuir po\u00e7o artesiano, apresentar c\u00f3pia das an\u00e1lises f\u00edsico-qu\u00edmicas e microbiol\u00f3gicas da \u00e1gua e comprovante de tratamento por cloro conforme Portaria GM\/MS no 888, de 04 de maio de 2021.<\/li>\n\n\n\n<li>Comprovante de capacita\u00e7\u00e3o em Boas Pr\u00e1ticas, (RDC 216\/04 e Portaria 78\/09)<\/li>\n\n\n\n<li>Manual de Boas Pr\u00e1tica.<\/li>\n<\/ul>\n<\/div><\/div>\n\n\n\n<div class=\"wp-block-pb-accordion-item c-accordion__item js-accordion-item no-js\" data-initially-open=\"false\" data-click-to-close=\"true\" data-auto-close=\"true\" data-scroll=\"false\" data-scroll-offset=\"0\"><h5 id=\"at-248815\" class=\"c-accordion__title js-accordion-controller\" role=\"button\">CLUBES ESPORTIVOS (EST\u00c1DIOS DE FUTEBOL E CLUBES DE TIRO)<\/h5><div id=\"ac-248815\" class=\"c-accordion__content\">\n<ul class=\"wp-block-list\">\n<li>Contrato Social e CNPJ;<\/li>\n\n\n\n<li>Documento de identifica\u00e7\u00e3o com foto do Respons\u00e1vel Legal;<\/li>\n\n\n\n<li>Carteira de identidade profissional do Respons\u00e1vel T\u00e9cnico;<\/li>\n\n\n\n<li>Certificado de Desinsetiza\u00e7\u00e3o e Desratiza\u00e7\u00e3o de estabelecimento que possua Alvar\u00e1 Sanit\u00e1rio v\u00e1lido, caso seja realizada por empresa com estabelecimento em outro munic\u00edpio anexar c\u00f3pia do respectivo Alvar\u00e1 Sanit\u00e1rio da empresa que realizou o servi\u00e7o);<\/li>\n\n\n\n<li>Certificado de limpeza e manuten\u00e7\u00e3o do ar-condicionado, caso o servi\u00e7o seja realizado por empresa; ou POP descritivo da forma da limpeza e a periodicidade, caso realizada por conta pr\u00f3pria, ou caso n\u00e3o tenha ar-condicionado no local, anexar declara\u00e7\u00e3o de que n\u00e3o possui;<\/li>\n\n\n\n<li>Certificado de Limpeza do Reservat\u00f3rio por empresa licenciada ou Declara\u00e7\u00e3o de que n\u00e3o possui reservat\u00f3rio de \u00e1gua. (Portaria Estadual 1237\/2014 Artigo 3\u00ba). No caso de abastecimento exclusivo pela CORSAN apresentar c\u00f3pia do boleto. No caso de possuir po\u00e7o artesiano, apresentar c\u00f3pia das an\u00e1lises f\u00edsico- qu\u00edmicas<br>e microbiol\u00f3gicas da \u00e1gua e comprovante de tratamento por cloro conforme Portaria GM\/MS n\u00ba 888, de 04 de maio de 2021.<\/li>\n\n\n\n<li>Contrato de trabalho com o Respons\u00e1vel T\u00e9cnico: Fisioterapia (para Est\u00e1dio de<br>Futebol);<\/li>\n\n\n\n<li>Contrato com ambul\u00e2ncia dias de jogos;<\/li>\n\n\n\n<li>Seguir as normas do \u201cLaudo de condi\u00e7\u00f5es sanit\u00e1rias de higiene\u201d , conforme a Confedera\u00e7\u00e3o Ga\u00facha de Futebol (para Est\u00e1dio de Futebol);<\/li>\n\n\n\n<li>Contrato com o prestador de servi\u00e7o de alimenta\u00e7\u00e3o, quando houver terceiriza\u00e7\u00e3o de servi\u00e7os (lancheria \/ restaurante), o mesmo dever\u00e1 apresentar o certificado citado a baixo:<\/li>\n\n\n\n<li>Curso de Boas Pr\u00e1ticas em Manipula\u00e7\u00e3o de Alimentos do respons\u00e1vel pela presta\u00e7\u00e3o do servi\u00e7o de alimenta\u00e7\u00e3o caso seja o servi\u00e7o realizado pelo pr\u00f3prio<br>clube.<\/li>\n<\/ul>\n<\/div><\/div>\n\n\n\n<div class=\"wp-block-pb-accordion-item c-accordion__item js-accordion-item no-js\" data-initially-open=\"false\" data-click-to-close=\"true\" data-auto-close=\"true\" data-scroll=\"false\" data-scroll-offset=\"0\"><h5 id=\"at-248816\" class=\"c-accordion__title js-accordion-controller\" role=\"button\">DROGARIAS<\/h5><div id=\"ac-248816\" class=\"c-accordion__content\">\n<ul class=\"wp-block-list\">\n<li>Contrato Social e CNPJ;<\/li>\n\n\n\n<li>CPF do Respons\u00e1vel Legal;<\/li>\n\n\n\n<li>CPF do Respons\u00e1vel T\u00e9cnico e Assistente (s);<\/li>\n\n\n\n<li>Certificado de Regularidade emitido pelo Conselho Regional de Farm\u00e1cia, v\u00e1lido para o ano vigente;<\/li>\n\n\n\n<li>Certificado de limpeza e manuten\u00e7\u00e3o do ar condicionado, caso o servi\u00e7o seja realizado por empresa ou POP descritivo da forma da limpeza e a periodicidade, caso realizada por conta pr\u00f3pria ou caso n\u00e3o tenha ar condicionado no local, trazer declara\u00e7\u00e3o de que n\u00e3o possui;<\/li>\n\n\n\n<li>Certificado de Limpeza do Reservat\u00f3rio por empresa licenciada. No caso de abastecimento exclusivo pela CORSAN apresentar c\u00f3pia do boleto e declara\u00e7\u00e3o expressa. No caso de possuir po\u00e7o artesiano, apresentar c\u00f3pia das an\u00e1lises f\u00edsico-qu\u00edmicas e microbiol\u00f3gicas da \u00e1gua e comprovante de tratamento por cloro&nbsp;conforme&nbsp;Portaria GM\/MS n\u00ba 888, de 04 de maio de 2021.<\/li>\n\n\n\n<li>Autoriza\u00e7\u00e3o de Funcionamento (AFE);<\/li>\n\n\n\n<li>Plano de gerenciamento de res\u00edduos;<\/li>\n\n\n\n<li>Manual de Boas Pr\u00e1ticas Farmac\u00eauticas e POPs;<\/li>\n\n\n\n<li>Declara\u00e7\u00e3o de hor\u00e1rio de funcionamento do estabelecimento, conforme <a href=\"https:\/\/www.pmpf.rs.gov.br\/secretaria-de-saude\/wp-content\/uploads\/sites\/50\/2021\/12\/anexoVIII_declaracao_horario_drogarias.pdf\" target=\"_blank\" rel=\"noreferrer noopener\">anexo VIII<\/a> (dever\u00e1 ser assinado pelo respons\u00e1vel legal e t\u00e9cnico);<\/li>\n\n\n\n<li>\u00daltima guia de recolhimento de res\u00edduos;<\/li>\n\n\n\n<li>Plano de Gerenciamento de Res\u00edduos de Servi\u00e7os de Sa\u00fade \u2013 Seguir orienta\u00e7\u00f5es do <a href=\"https:\/\/www.pmpf.rs.gov.br\/secretaria-de-saude\/wp-content\/uploads\/sites\/50\/2021\/12\/vigilancia_sanitaria_anexoIX_orientacao_pgrss.pdf\" target=\"_blank\" rel=\"noreferrer noopener\">Anexo IX<\/a> e usar o modelo do <a href=\"https:\/\/www.pmpf.rs.gov.br\/secretaria-de-saude\/wp-content\/uploads\/sites\/50\/2021\/12\/vigilancia_sanitaria_anexoX_modelo_pgrss_31_10_2019.odt\" target=\"_blank\" rel=\"noreferrer noopener\">Anexo X<\/a>; <\/li>\n\n\n\n<li><strong>Para Drogarias que executam servi\u00e7os farmac\u00eauticos, servi\u00e7os de vacina\u00e7\u00e3o (RDC 197\/2017), EAC (RDC 978\/2025) ou inclus\u00e3o de atividades:<\/strong>\n<ul class=\"wp-block-list\">\n<li>Certificado de Capacita\u00e7\u00e3o dos Farmac\u00eauticos;<\/li>\n\n\n\n<li>Declara\u00e7\u00e3o detalhada de quais atividades pretende executar;<\/li>\n\n\n\n<li>Manual de Boas Pr\u00e1ticas;<\/li>\n\n\n\n<li>Procedimento Operacional Padr\u00e3o (POP) das atividades realizadas.<\/li>\n<\/ul>\n<\/li>\n<\/ul>\n\n\n\n<div class=\"wp-block-pb-accordion-item c-accordion__item js-accordion-item no-js\" data-initially-open=\"false\" data-click-to-close=\"true\" data-auto-close=\"true\" data-scroll=\"false\" data-scroll-offset=\"0\"><h5 id=\"at-248817\" class=\"c-accordion__title js-accordion-controller\" role=\"button\"><strong><br><strong>PARA ALTERA\u00c7\u00c3O DE RESPONS\u00c1VEL T\u00c9CNICO E\/OU ASSISTENTE T\u00c9CNICO:<\/strong><\/strong><\/h5><div id=\"ac-248817\" class=\"c-accordion__content\">\n<ul class=\"wp-block-list\">\n<li>Certificado de Regularidade T\u00e9cnica emitido pelo Conselho Regional de farm\u00e1cia atualizado;<\/li>\n\n\n\n<li>CPF do Farmac\u00eautico.<\/li>\n<\/ul>\n<\/div><\/div>\n\n\n\n<div class=\"wp-block-pb-accordion-item c-accordion__item js-accordion-item no-js\" data-initially-open=\"false\" data-click-to-close=\"true\" data-auto-close=\"true\" data-scroll=\"false\" data-scroll-offset=\"0\"><h5 id=\"at-248818\" class=\"c-accordion__title js-accordion-controller\" role=\"button\"><strong>PARA ALTERA\u00c7\u00c3O DE RAZ\u00c3O SOCIAL<\/strong><\/h5><div id=\"ac-248818\" class=\"c-accordion__content\">\n<ul class=\"wp-block-list\">\n<li>Contrato Social ou Ata de Constitui\u00e7\u00e3o Registrada na Junta Comercial e suas Altera\u00e7\u00f5es;<\/li>\n\n\n\n<li>Alvar\u00e1 de Localiza\u00e7\u00e3o e suas altera\u00e7\u00f5es;<\/li>\n\n\n\n<li>Certificado de Regularidade T\u00e9cnica emitido pelo Conselho Regional de farm\u00e1cia atualizado e com altera\u00e7\u00f5es;<\/li>\n\n\n\n<li>CPF do Respons\u00e1vel Legal;<\/li>\n\n\n\n<li><a><\/a> CPF do(s) Farmac\u00eautico (s);<\/li>\n\n\n\n<li>C\u00f3pia da publica\u00e7\u00e3o da AFE.<\/li>\n<\/ul>\n\n\n\n<p><strong>INCLUS\u00c3O DE ATIVIDADES<\/strong><\/p>\n\n\n\n<ul class=\"wp-block-list\">\n<li>Certificado de capacita\u00e7\u00e3o para realiza\u00e7\u00e3o dos servi\u00e7os;<\/li>\n\n\n\n<li>POP do servi\u00e7o\/atividade realizada;<\/li>\n<\/ul>\n\n\n\n<p>Para servi\u00e7os de vacina\u00e7\u00e3o, a drogaria deve seguir a RDC 197\/2017;<\/p>\n<\/div><\/div>\n\n\n\n<div class=\"wp-block-pb-accordion-item c-accordion__item js-accordion-item no-js\" data-initially-open=\"false\" data-click-to-close=\"true\" data-auto-close=\"true\" data-scroll=\"false\" data-scroll-offset=\"0\"><h5 id=\"at-248819\" class=\"c-accordion__title js-accordion-controller\" role=\"button\"><strong>ALTERA\u00c7\u00c3O DE ENDERE\u00c7O<\/strong><\/h5><div id=\"ac-248819\" class=\"c-accordion__content\">\n<ul class=\"wp-block-list\">\n<li>Contrato Social ou Ata de Constitui\u00e7\u00e3o Registrada na Junta Comercial e suas Altera\u00e7\u00f5es;<\/li>\n\n\n\n<li>Documento de inscri\u00e7\u00e3o no Cadastro Nacional de Pessoas Jur\u00eddicas \u2013 CNPJ, com altera\u00e7\u00f5es;<\/li>\n\n\n\n<li>Certificado de Regularidade emitido pelo Conselho Regional de Farm\u00e1cia, atualizado e com as altera\u00e7\u00f5es.<\/li>\n<\/ul>\n<\/div><\/div>\n<\/div><\/div>\n\n\n\n<div class=\"wp-block-pb-accordion-item c-accordion__item js-accordion-item no-js\" data-initially-open=\"false\" data-click-to-close=\"true\" data-auto-close=\"true\" data-scroll=\"false\" data-scroll-offset=\"0\"><h5 id=\"at-248820\" class=\"c-accordion__title js-accordion-controller\" role=\"button\">ESTABELECIMENTOS QUE EXECUTAM SERVI\u00c7OS DE TATUAGENS E\/OU COLOCA\u00c7\u00c3O DE ADORNOS<\/h5><div id=\"ac-248820\" class=\"c-accordion__content\">\n<ul class=\"wp-block-list\">\n<li>Contrato Social e CNPJ;<\/li>\n\n\n\n<li>Documento de identifica\u00e7\u00e3o com foto do Respons\u00e1vel Legal;<\/li>\n\n\n\n<li>Diploma de Ensino M\u00e9dio e Certificado de Curso\/Treinamento na \u00e1rea de Tatuagens e Piercing;<\/li>\n\n\n\n<li>Listagem dos equipamentos, pigmentos e produtos utilizados com c\u00f3pia do No na ANVISA;<\/li>\n\n\n\n<li>Termo de Responsabilidade para tatuagens e piercings (para menores de 18 anos);<\/li>\n\n\n\n<li>Certificado de limpeza e manuten\u00e7\u00e3o do ar-condicionado, caso o servi\u00e7o seja realizado por empresa ou POP descritivo da forma da limpeza e a periodicidade, caso realizada por conta pr\u00f3pria, ou caso n\u00e3o tenha ar-condicionado no local, fazer declara\u00e7\u00e3o de que n\u00e3o possui;<\/li>\n\n\n\n<li>Certificado de Limpeza do Reservat\u00f3rio de \u00e1gua realizado por empresa licenciada. (Portaria Estadual 1237\/2014 Artigo 3o).No caso de abastecimento exclusivo pela CORSAN apresentar c\u00f3pia do boleto e declara\u00e7\u00e3o expressa. No caso de possuir po\u00e7o artesiano, apresentar c\u00f3pia das an\u00e1lises f\u00edsico-qu\u00edmicas e microbiol\u00f3gicas da \u00e1gua e comprovante de tratamento por cloro conforme Portaria GM\/MS no 888, de 04 de maio de 2021.<\/li>\n\n\n\n<li>POP descrevendo a lavagem e esteriliza\u00e7\u00e3o de materiais ou declara\u00e7\u00e3o de uso de material totalmente descart\u00e1vel;<\/li>\n\n\n\n<li>Testes microbiol\u00f3gicos da Autoclave ou declara\u00e7\u00e3o que n\u00e3o realiza procedimentos que requeiram o uso desse equipamento;<\/li>\n\n\n\n<li>Termo de Ades\u00e3o ao Protocolo de Exposi\u00e7\u00e3o Ocupacional \u00e0 Material Biol\u00f3gico emitido e assinado pelo n\u00facleo de Vigil\u00e2ncia em Sa\u00fade do Trabalhador, Fone 3046 0164 Rua Silva Jardim, 727-1o andar;<\/li>\n\n\n\n<li>Certificado atualizado de recolhimento do lixo s\u00e9ptico ou do contrato com c\u00f3pia da \u00faltima guia de pagamento;<\/li>\n\n\n\n<li>Plano de Gerenciamento de Res\u00edduos de Servi\u00e7os de Sa\u00fade \u2013 Seguir as orienta\u00e7\u00f5es do <a href=\"https:\/\/www.pmpf.rs.gov.br\/secretaria-de-saude\/wp-content\/uploads\/sites\/50\/2021\/12\/vigilancia_sanitaria_anexoIX_orientacao_pgrss.pdf\" target=\"_blank\" rel=\"noreferrer noopener\">Anexo IX<\/a> e usar o modelo do <a href=\"https:\/\/www.pmpf.rs.gov.br\/secretaria-de-saude\/wp-content\/uploads\/sites\/50\/2021\/12\/vigilancia_sanitaria_anexoX_modelo_pgrss_31_10_2019.odt\" target=\"_blank\" rel=\"noreferrer noopener\">Anexo X<\/a> (site da prefeitura). Legisla\u00e7\u00f5es: Portaria 500\/2010, RDC 42\/2010 e RDC 50\/ 2002, RDC 63\/2011, Portaria 453\/98.<\/li>\n<\/ul>\n<\/div><\/div>\n\n\n\n<div class=\"wp-block-pb-accordion-item c-accordion__item js-accordion-item no-js\" data-initially-open=\"false\" data-click-to-close=\"true\" data-auto-close=\"true\" data-scroll=\"false\" data-scroll-offset=\"0\"><h5 id=\"at-248821\" class=\"c-accordion__title js-accordion-controller\" role=\"button\">AMBULANTES E FOOD TRUCK<\/h5><div id=\"ac-248821\" class=\"c-accordion__content\">\n<ul class=\"wp-block-list\">\n<li>Contrato Social ou Comprovante do MEI e CNPJ;<\/li>\n\n\n\n<li>RG e CPF Respons\u00e1vel Legal;<\/li>\n\n\n\n<li>Documento do ve\u00edculo e\/ou trailer (CRLV);<\/li>\n\n\n\n<li>POP descrevendo a higieniza\u00e7\u00e3o do ambiente que manipula os alimentos e do reservat\u00f3rio de \u00e1gua do local de manipula\u00e7\u00e3o e da higieniza\u00e7\u00e3o da bombona de \u00e1gua do ve\u00edculo;<\/li>\n\n\n\n<li>Manual de Boas Pr\u00e1ticas;<\/li>\n\n\n\n<li>Comprovante de capacita\u00e7\u00e3o em Boas Pr\u00e1ticas (RDC 216\/04 e Portaria 78\/09);<\/li>\n\n\n\n<li>Termo de compromisso para Ambulantes, conforme modelo <a href=\"https:\/\/www.pmpf.rs.gov.br\/secretaria-de-saude\/wp-content\/uploads\/sites\/50\/2021\/12\/Anexo-V-TERMO-DE-COMPROMISSO-AMBULANTES.docx\">anexo V<\/a>;<\/li>\n\n\n\n<li>POP descrevendo como \u00e9 feito o controle de pragas (quais produtos s\u00e3o utilizados e com que frequ\u00eancia).<\/li>\n<\/ul>\n<\/div><\/div>\n\n\n\n<div class=\"wp-block-pb-accordion-item c-accordion__item js-accordion-item no-js\" data-initially-open=\"false\" data-click-to-close=\"true\" data-auto-close=\"true\" data-scroll=\"false\" data-scroll-offset=\"0\"><h5 id=\"at-248822\" class=\"c-accordion__title js-accordion-controller\" role=\"button\">ESCOLAS DE EDUCA\u00c7\u00c3O INFANTIL (ESCOLA MUNICIPAL DE EDUCA\u00c7\u00c3O INFANTIL &#8211; EMEI)<\/h5><div id=\"ac-248822\" class=\"c-accordion__content\">\n<ul class=\"wp-block-list\">\n<li>C\u00f3pia do Alvar\u00e1 de Localiza\u00e7\u00e3o e Funcionamento;<\/li>\n\n\n\n<li>C\u00f3pia do Alvar\u00e1 Sanit\u00e1rio Anterior, em caso de renova\u00e7\u00e3o;<\/li>\n\n\n\n<li>C\u00f3pia do documento de identifica\u00e7\u00e3o com foto do Respons\u00e1vel Legal;<\/li>\n\n\n\n<li>C\u00f3pia da Carteira de identidade profissional emitida pelo Conselho de Classe do<br>Respons\u00e1vel T\u00e9cnico;<\/li>\n\n\n\n<li>Anota\u00e7\u00e3o de Responsabilidade T\u00e9cnica (ART) ou Certid\u00e3o de Cadastro e Regularidade (CCR) do profissional que assume a Responsabilidade T\u00e9cnica pelas a\u00e7\u00f5es de Sa\u00fade, emitido pelo Conselho de Classe do profissional (CRN, COREN ou CRM). Admite-se como Respons\u00e1vel T\u00e9cnico pela \u00e1rea de sa\u00fade do EEI profissionais com forma\u00e7\u00e3o superior em Enfermagem, Medicina, e Nutri\u00e7\u00e3o, sendo tamb\u00e9m admitidos profissionais com especializa\u00e7\u00e3o em sa\u00fade p\u00fablica, e profissionais da educa\u00e7\u00e3o com especializa\u00e7\u00e3o em sa\u00fade infantil;<\/li>\n\n\n\n<li>C\u00f3pia da capacita\u00e7\u00e3o de professores e funcion\u00e1rios em no\u00e7\u00f5es de primeiros socorros, conforme orienta\u00e7\u00e3o de entidades especializadas em atendimento<br>emergencial \u00e0 popula\u00e7\u00e3o. (Lei Federal 13.722\/2018 \u2013 Lei Lucas)<\/li>\n\n\n\n<li>Certificado de Desinsetiza\u00e7\u00e3o e Desratiza\u00e7\u00e3o v\u00e1lido, realizado por empresa\/estabelecimento com Alvar\u00e1 Sanit\u00e1rio v\u00e1lido. Caso seja realizada por empresa\/estabelecimento de outro munic\u00edpio anexar c\u00f3pia do respectivo Alvar\u00e1 Sanit\u00e1rio da empresa que realizou o servi\u00e7o;<\/li>\n\n\n\n<li>Certificado de limpeza e manuten\u00e7\u00e3o do ar condicionado, caso o servi\u00e7o seja realizado por empresa, com informa\u00e7\u00f5es sobre validade e assinatura do respons\u00e1vel; ou POP descritivo da forma da limpeza e a periodicidade, caso realizada por conta pr\u00f3pria; caso n\u00e3o tenha ar condicionado no local, anexar<br>declara\u00e7\u00e3o de que n\u00e3o possui;<\/li>\n\n\n\n<li>Certificado de Limpeza do Reservat\u00f3rio por empresa licenciada (Portaria Estadual 1237\/2014 Artigo 3\u00b0). No caso de abastecimento exclusivo pela CORSAN apresentar c\u00f3pia do boleto e declara\u00e7\u00e3o expressa. No caso de possuir po\u00e7o artesiano, apresentar c\u00f3pia das an\u00e1lises f\u00edsico- qu\u00edmicas e microbiol\u00f3gicas da \u00e1gua e comprovante de tratamento por cloro conforme Portaria GM\/MS no 888, de 04 de maio de 2021.<\/li>\n\n\n\n<li>Comprovante de capacita\u00e7\u00e3o em Boas Pr\u00e1ticas de Servi\u00e7os de Alimenta\u00e7\u00e3o, (RDC 216\/04 e Portaria 78\/09) do(s) manipulador(es) de alimentos\/cozinheira(s)<\/li>\n\n\n\n<li>Manual de Boas Pr\u00e1ticas (RDC 216\/04 e Portaria 78\/09) com atualiza\u00e7\u00e3o recente<\/li>\n\n\n\n<li>Card\u00e1pio atualizado, datado e assinado pela nutricionista (RDC 216\/04 e Portaria<br>78\/09);<\/li>\n\n\n\n<li>Autoriza\u00e7\u00e3o de funcionamento emitida pelo Conselho Municipal de Educa\u00e7\u00e3o e Parecer atualizado, com informa\u00e7\u00f5es sobre a faixa et\u00e1ria autorizada.<\/li>\n\n\n\n<li>Diploma do Respons\u00e1vel pela Coordena\u00e7\u00e3o Pedag\u00f3gica, com forma\u00e7\u00e3o Superior;<\/li>\n\n\n\n<li>Rela\u00e7\u00e3o do n\u00famero de crian\u00e7as por turma e turno de aula, bem como seus respectivos professores e auxiliares;<\/li>\n\n\n\n<li>Rela\u00e7\u00e3o atualizada dos profissionais (nome completo, carga hor\u00e1ria, turno,<br>forma\u00e7\u00e3o ou fun\u00e7\u00e3o)<\/li>\n\n\n\n<li>No caso de terceiriza\u00e7\u00e3o do fornecimento de alimentos, apresentar o contrato da presta\u00e7\u00e3o do servi\u00e7o terceirizado.<br><strong>Obs.: Os EEI somente estar\u00e3o aptos para funcionamento quando devidamente licenciados pela Vigil\u00e2ncia Sanit\u00e1ria, e atendendo a todas as exig\u00eancias previstas neste Regulamento T\u00e9cnico \u2013 Portaria SES\/RS 31\/2019.<\/strong><\/li>\n<\/ul>\n<\/div><\/div>\n\n\n\n<div class=\"wp-block-pb-accordion-item c-accordion__item js-accordion-item no-js\" data-initially-open=\"false\" data-click-to-close=\"true\" data-auto-close=\"true\" data-scroll=\"false\" data-scroll-offset=\"0\"><h5 id=\"at-248823\" class=\"c-accordion__title js-accordion-controller\" role=\"button\">ESCOLAS DE EDUCA\u00c7\u00c3O INFANTIL<\/h5><div id=\"ac-248823\" class=\"c-accordion__content\">\n<ul class=\"wp-block-list\">\n<li>C\u00f3pia do Contrato Social e CNPJ;<\/li>\n\n\n\n<li>C\u00f3pia do CPF e documento de identifica\u00e7\u00e3o com foto do Respons\u00e1vel Legal;<\/li>\n\n\n\n<li>C\u00f3pia da Carteira de identidade profissional do Respons\u00e1vel T\u00e9cnico da \u00e1rea sa\u00fade &#8211; profissionais com forma\u00e7\u00e3o superior em Enfermagem, Medicina, ou Nutri\u00e7\u00e3o. S\u00e3o tamb\u00e9m admitidos profissionais com especializa\u00e7\u00e3o em sa\u00fade p\u00fablica e profissionais da educa\u00e7\u00e3o com especializa\u00e7\u00e3o em sa\u00fade infantil.<\/li>\n\n\n\n<li>C\u00f3pia do Contrato de Servi\u00e7o\/trabalho Respons\u00e1vel T\u00e9cnico; ART ou CCR do respons\u00e1vel t\u00e9cnico, emitido pelo Conselho de Classe (COREN, CRM ou CRN)<\/li>\n\n\n\n<li>C\u00f3pia da identidade\/habilita\u00e7\u00e3o profissional de nutricionista respons\u00e1vel pelo Servi\u00e7o de Alimenta\u00e7\u00e3o.<\/li>\n\n\n\n<li>Rela\u00e7\u00e3o atualizada dos profissionais (nome completo, cargo\/fun\u00e7\u00e3o\/forma\u00e7\u00e3o, no Conselho de Classe (quando houver), carga hor\u00e1ria semanal\/turno de trabalho)<\/li>\n\n\n\n<li>Rela\u00e7\u00e3o do n\u00famero de crian\u00e7as por turma e turno de aula, bem como seus respectivos professores e auxiliares;<\/li>\n\n\n\n<li>Certificado de desinsetiza\u00e7\u00e3o\/desratiza\u00e7\u00e3o por empresa licenciada e Alvar\u00e1 Sanit\u00e1rio da empresa prestadora do servi\u00e7o;<\/li>\n\n\n\n<li>Certificado de limpeza e manuten\u00e7\u00e3o do ar-condicionado e POP do procedimento;<\/li>\n\n\n\n<li>Certificado de limpeza do reservat\u00f3rio de \u00e1gua por empresa licenciada e Alvar\u00e1 Sanit\u00e1rio da empresa prestadora do servi\u00e7o; caso de possuir po\u00e7o artesiano, apresentar c\u00f3pia das an\u00e1lises f\u00edsico-qu\u00edmicas e microbiol\u00f3gicas da \u00e1gua e comprovante de tratamento por cloro conforme Portaria GM\/MS no 888, de 04 de maio de 2021.<\/li>\n\n\n\n<li>Manual de Boas Pr\u00e1ticas de Alimenta\u00e7\u00e3o atualizado (RDC 216\/04 e Portaria 799\/2023) com atualiza\u00e7\u00e3o recente;<\/li>\n\n\n\n<li>Comprovante de capacita\u00e7\u00e3o em Boas Pr\u00e1ticas de Servi\u00e7os de Alimenta\u00e7\u00e3o dos manipuladores\/cozinheira(o), dispon\u00edvel gratuitamente em <a href=\"http:\/\/www.escolavirtual.gov.br\" target=\"_blank\" rel=\"noreferrer noopener\">www.escolavirtual.gov.br<\/a> Caso prefira realizar em outras institui\u00e7\u00f5es, o certificado tamb\u00e9m ser\u00e1 aceito;<\/li>\n\n\n\n<li>No caso de terceiriza\u00e7\u00e3o do fornecimento de alimentos, apresentar o contrato da presta\u00e7\u00e3o do servi\u00e7o terceirizado.<\/li>\n\n\n\n<li>Autoriza\u00e7\u00e3o de funcionamento emitida pelo Conselho Municipal de Educa\u00e7\u00e3o &#8211; CME (para Ed Infantil) ou emitida pelo Conselho Estadual de Educa\u00e7\u00e3o &#8211; CEED (para escolas com educa\u00e7\u00e3o infantil E ensino fundamental) e Parecer atualizado, com informa\u00e7\u00f5es sobre a faixa et\u00e1ria autorizada pelo Conselho de Educa\u00e7\u00e3o<\/li>\n\n\n\n<li>Diploma do Respons\u00e1vel pela Coordena\u00e7\u00e3o Pedag\u00f3gica, com forma\u00e7\u00e3o Superior;<\/li>\n<\/ul>\n<\/div><\/div>\n\n\n\n<div class=\"wp-block-pb-accordion-item c-accordion__item js-accordion-item no-js\" data-initially-open=\"false\" data-click-to-close=\"true\" data-auto-close=\"true\" data-scroll=\"false\" data-scroll-offset=\"0\"><h5 id=\"at-248824\" class=\"c-accordion__title js-accordion-controller\" role=\"button\">SERVI\u00c7OS FUNER\u00c1RIOS<\/h5><div id=\"ac-248824\" class=\"c-accordion__content\">\n<ul class=\"wp-block-list\">\n<li>Contrato Social e CNPJ;<\/li>\n\n\n\n<li>Documento de identifica\u00e7\u00e3o com foto do Respons\u00e1vel Legal<\/li>\n\n\n\n<li>Carteira de identidade profissional emitida do Respons\u00e1vel T\u00e9cnico e Certid\u00e3o de Responsabilidade T\u00e9cnica emitida pelo CREMERS, nos casos de procedimentos de Conserva\u00e7\u00e3o de Restos Mortais Humanos e\/ou Tanatopraxia;<\/li>\n\n\n\n<li>Certificado de limpeza e manuten\u00e7\u00e3o do ar-condicionado, caso o servi\u00e7o seja realizado por empresa ou POP descritivo da forma da limpeza e a periodicidade, caso realizada por conta pr\u00f3pria, ou caso n\u00e3o tenha ar-condicionado no local, trazer declara\u00e7\u00e3o de que n\u00e3o possui;<\/li>\n\n\n\n<li>Certificado de Limpeza do Reservat\u00f3rio por empresa licenciada. (Portaria Estadual 1237\/2014 Artigo 3o). No caso de abastecimento exclusivo pela CORSAN apresentar c\u00f3pia do boleto e declara\u00e7\u00e3o expressa. No caso de possuir po\u00e7o artesiano, apresentar c\u00f3pia das an\u00e1lises f\u00edsico-qu\u00edmicas e microbiol\u00f3gicas da \u00e1gua e comprovante de tratamento por cloro conforme Portaria GM\/MS no 888, de 04 de maio de 2021.<\/li>\n\n\n\n<li>Certificado atualizado de recolhimento do lixo s\u00e9ptico ou do contrato com c\u00f3pia da \u00faltima guia de pagamento. Caso n\u00e3o produza, declara\u00e7\u00e3o de que n\u00e3o produz;<\/li>\n\n\n\n<li>POP descrevendo os procedimentos de limpeza das salas.<\/li>\n<\/ul>\n<\/div><\/div>\n\n\n\n<div class=\"wp-block-pb-accordion-item c-accordion__item js-accordion-item no-js\" data-initially-open=\"false\" data-click-to-close=\"true\" data-auto-close=\"true\" data-scroll=\"false\" data-scroll-offset=\"0\"><h5 id=\"at-248825\" class=\"c-accordion__title js-accordion-controller\" role=\"button\">HOTEL, MOTEL E\/OU PENS\u00c3O<\/h5><div id=\"ac-248825\" class=\"c-accordion__content\">\n<ul class=\"wp-block-list\">\n<li>Contrato Social e CNPJ<\/li>\n\n\n\n<li>Documento de identifica\u00e7\u00e3o com foto do Respons\u00e1vel Legal;<\/li>\n\n\n\n<li>Certificado de Desinsetiza\u00e7\u00e3o e Desratiza\u00e7\u00e3o de estabelecimento que possua Alvar\u00e1 Sanit\u00e1rio v\u00e1lido, caso a seja realizada por empresa com estabelecimento em outro munic\u00edpio anexar c\u00f3pia do respectivo Alvar\u00e1 Sanit\u00e1rio da empresa que realizou o servi\u00e7o;<\/li>\n\n\n\n<li>Certificado de limpeza e manuten\u00e7\u00e3o do ar-condicionado, ou POP descritivo da forma da limpeza e a periodicidade, caso realizada por conta pr\u00f3pria, ou caso n\u00e3o tenha ar-condicionado no local, trazer declara\u00e7\u00e3o de que n\u00e3o possui;<\/li>\n\n\n\n<li>Certificado de Limpeza do Reservat\u00f3rio (caixa d\u2019\u00e1gua) por empresa licenciada. (Portaria Estadual 1237\/2014 Artigo 3\u00ba). No caso de abastecimento exclusivo pela CORSAN apresentar c\u00f3pia do boleto e declara\u00e7\u00e3o expressa. No caso de possuir po\u00e7o artesiano, apresentar c\u00f3pia das an\u00e1lises f\u00edsico-qu\u00edmicas e microbiol\u00f3gicas da \u00e1gua e comprovante de tratamento por clora\u00e7\u00e3o. Portaria GM\/MS no 888, de 04 de maio de 2021.<\/li>\n\n\n\n<li>Manual de Boas Pr\u00e1ticas e servi\u00e7o de Alimenta\u00e7\u00e3o (RDC 216\/04 e Portaria 78\/09);<\/li>\n\n\n\n<li>Comprovante de capacita\u00e7\u00e3o em Boas Pr\u00e1ticas, (RDC 216\/04 e Portaria 78\/09);<\/li>\n\n\n\n<li>POP Descritivo da Limpeza dos Quartos e Banheiros do Hotel;<\/li>\n\n\n\n<li>POP Processamento e Limpeza das Roupas e\/ou contrato com empresa prestadora de servi\u00e7os;<\/li>\n\n\n\n<li>POP de Higieniza\u00e7\u00e3o, Desinfec\u00e7\u00e3o e manuten\u00e7\u00e3o de Banheiras e Piscinas. (Quando Houver, caso contr\u00e1rio, trazer declara\u00e7\u00e3o de que n\u00e3o possui)<\/li>\n<\/ul>\n<\/div><\/div>\n\n\n\n<div class=\"wp-block-pb-accordion-item c-accordion__item js-accordion-item no-js\" data-initially-open=\"false\" data-click-to-close=\"true\" data-auto-close=\"true\" data-scroll=\"false\" data-scroll-offset=\"0\"><h5 id=\"at-248826\" class=\"c-accordion__title js-accordion-controller\" role=\"button\">INSTITUI\u00c7\u00d5ES DE LONGA PERMAN\u00caNCIA PARA IDOSOS &#8211; ILPI&#8217;s <\/h5><div id=\"ac-248826\" class=\"c-accordion__content\">\n<ul class=\"wp-block-list\">\n<li>Contrato social e CNPJ atualizado;<\/li>\n\n\n\n<li>Documento de identifica\u00e7\u00e3o com foto do Respons\u00e1vel Legal;<\/li>\n\n\n\n<li>Certificado de Desinsetiza\u00e7\u00e3o e Desratiza\u00e7\u00e3o de estabelecimento que possua Alvar\u00e1 Sanit\u00e1rio v\u00e1lido, caso seja realizada por empresa com estabelecimento em outro munic\u00edpio anexar c\u00f3pia do respectivo Alvar\u00e1 Sanit\u00e1rio da empresa que realizou o servi\u00e7o;<\/li>\n\n\n\n<li>Certificado de limpeza e manuten\u00e7\u00e3o do ar-condicionado, caso o servi\u00e7o seja realizado por empresa; ou POP descritivo da forma da limpeza e a periodicidade, caso realizada por conta pr\u00f3pria, ou caso n\u00e3o tenha ar-condicionado no local, trazer declara\u00e7\u00e3o de que n\u00e3o possui;<\/li>\n\n\n\n<li>Certificado de Limpeza do Reservat\u00f3rio (caixa d\u2019\u00e1gua) por empresa licenciada. (Portaria Estadual 1237\/2014 Artigo 3\u00ba). No caso de abastecimento exclusivo pela CORSAN apresentar c\u00f3pia do boleto e declara\u00e7\u00e3o expressa. No caso de possuir po\u00e7o artesiano, apresentar c\u00f3pia das an\u00e1lises f\u00edsico-qu\u00edmicas e microbiol\u00f3gicas da \u00e1gua e comprovante de tratamento por clora\u00e7\u00e3o. Portaria GM\/MS no 888, de 04 de maio de 2021.<\/li>\n\n\n\n<li>Inscri\u00e7\u00e3o v\u00e1lida no COMUI;<\/li>\n\n\n\n<li>Certificado de Coleta dos Res\u00edduos de Servi\u00e7os de Sa\u00fade com a \u00faltima guia de pagamento;<\/li>\n\n\n\n<li>Certid\u00e3o de Responsabilidade T\u00e9cnica v\u00e1lida, expedida pelo Conselho de Classe;<\/li>\n\n\n\n<li>Projeto arquitet\u00f4nico aprovado pela SMO (somente no primeiro licenciamento ou caso altera\u00e7\u00f5es);<\/li>\n\n\n\n<li>Contrato de servi\u00e7o de remo\u00e7\u00e3o com \u00faltima guia de pagamento;<\/li>\n\n\n\n<li>Rela\u00e7\u00e3o com os dados dos pacientes (data de nascimento, data de entrada, proced\u00eancia, graus de depend\u00eancia);<\/li>\n\n\n\n<li>Rela\u00e7\u00e3o dos profissionais e escala de trabalho (dados dos profissionais, carga hor\u00e1ria, turno, forma\u00e7\u00e3o);<\/li>\n\n\n\n<li>C\u00f3pia do termo de Ades\u00e3o ao Protocolo de Exposi\u00e7\u00e3o Ocupacional \u00e0 Material Biol\u00f3gico no setor da Sa\u00fade do Trabalhador;<\/li>\n\n\n\n<li>Comprovante de capacita\u00e7\u00e3o em Boas Pr\u00e1ticas (Portaria SES\/RS 799\/2023);<\/li>\n\n\n\n<li>Manual de Boas Pr\u00e1ticas da cozinha (Portaria SES\/RS 799\/2023).<\/li>\n<\/ul>\n<\/div><\/div>\n\n\n\n<div class=\"wp-block-pb-accordion-item c-accordion__item js-accordion-item no-js\" data-initially-open=\"false\" data-click-to-close=\"true\" data-auto-close=\"true\" data-scroll=\"false\" data-scroll-offset=\"0\"><h5 id=\"at-248827\" class=\"c-accordion__title js-accordion-controller\" role=\"button\">ESTABELECIMENTOS PARA PERMAN\u00caNCIA DIURNA DE PESSOAS IDOSAS &#8211; EPDPI<\/h5><div id=\"ac-248827\" class=\"c-accordion__content\">\n<ul class=\"wp-block-list\">\n<li>Contrato social e CNPJ atualizado;<\/li>\n\n\n\n<li>Documento de identifica\u00e7\u00e3o com foto do Respons\u00e1vel Legal;<\/li>\n\n\n\n<li>Certificado de Desinsetiza\u00e7\u00e3o e Desratiza\u00e7\u00e3o de estabelecimento que possua Alvar\u00e1 Sanit\u00e1rio v\u00e1lido, caso seja realizada por empresa com estabelecimento em outro munic\u00edpio anexar c\u00f3pia do respectivo Alvar\u00e1 Sanit\u00e1rio da empresa que realizou o servi\u00e7o;<\/li>\n\n\n\n<li>Certificado de limpeza e manuten\u00e7\u00e3o do ar-condicionado, caso o servi\u00e7o seja realizado por empresa; ou POP descritivo da forma da limpeza e a periodicidade, caso realizada por conta pr\u00f3pria, ou caso n\u00e3o tenha ar-condicionado no local, trazer declara\u00e7\u00e3o de que n\u00e3o possui;<\/li>\n\n\n\n<li>Certificado de Limpeza do Reservat\u00f3rio por empresa licenciada. ( Portaria Estadual 1237\/2014 Artigo 3o).No caso de abastecimento exclusivo pela CORSAN apresentar c\u00f3pia do boleto e declara\u00e7\u00e3o expressa. No caso de possuir po\u00e7o artesiano, apresentar c\u00f3pia das an\u00e1lises f\u00edsico-qu\u00edmicas e microbiol\u00f3gicas da \u00e1gua e comprovante de tratamento por cloro conforme Portaria GM\/MS no 888, de 04 de maio de 2021. No caso de possuir po\u00e7o artesiano, apresentar c\u00f3pia das an\u00e1lises f\u00edsico-qu\u00edmicas e microbiol\u00f3gicas da \u00e1gua e comprovante de tratamento por clora\u00e7\u00e3o. Portaria GM\/MS no 888, de 04 de maio de 2021.<\/li>\n\n\n\n<li>Inscri\u00e7\u00e3o v\u00e1lida no COMUI;<\/li>\n\n\n\n<li>Certid\u00e3o de Responsabilidade T\u00e9cnica expedida pelo Conselho de Classe v\u00e1lida;<\/li>\n\n\n\n<li>Projeto arquitet\u00f4nico aprovado pela SMO (somente no primeiro licenciamento ou caso altera\u00e7\u00f5es);<\/li>\n\n\n\n<li>Comprovante de capacita\u00e7\u00e3o em Boas Pr\u00e1ticas (Portaria SES\/RS 799\/2023);<\/li>\n\n\n\n<li>Manual de Boas Pr\u00e1ticas (Portaria SES\/RS 799\/2023)..<\/li>\n<\/ul>\n<\/div><\/div>\n\n\n\n<div class=\"wp-block-pb-accordion-item c-accordion__item js-accordion-item no-js\" data-initially-open=\"false\" data-click-to-close=\"true\" data-auto-close=\"true\" data-scroll=\"false\" data-scroll-offset=\"0\"><h5 id=\"at-248828\" class=\"c-accordion__title js-accordion-controller\" role=\"button\">LAVANDERIAS<\/h5><div id=\"ac-248828\" class=\"c-accordion__content\">\n<ul class=\"wp-block-list\">\n<li>Contrato Social e CNPJ;<\/li>\n\n\n\n<li>Documento de identifica\u00e7\u00e3o com foto do Respons\u00e1vel Legal;<\/li>\n\n\n\n<li>Certificado de limpeza e manuten\u00e7\u00e3o do ar-condicionado, caso o servi\u00e7o seja realizado por empresa; ou POP descritivo da forma da limpeza e a periodicidade, caso realizada por conta pr\u00f3pria, ou caso n\u00e3o tenha ar-condicionado no local, fazer declara\u00e7\u00e3o de que n\u00e3o possui;<\/li>\n\n\n\n<li>Certificado de Limpeza do Reservat\u00f3rio de \u00e1gua por empresa licenciada.(Portaria Estadual 1237\/2014 Artigo 3\u00ba). No caso de abastecimento exclusivo pela CORSAN apresentar c\u00f3pia do boleto e declara\u00e7\u00e3o expressa. No caso de possuir po\u00e7o artesiano, apresentar c\u00f3pia das an\u00e1lises f\u00edsico-qu\u00edmicas e microbiol\u00f3gicas da \u00e1gua e comprovante de tratamento por cloro conforme Portaria GM\/MS n\u00ba 888, de 04 de maio de 2021;<\/li>\n\n\n\n<li>Declara\u00e7\u00e3o de que n\u00e3o \u00e9 Lavanderia Hospitalar, assinada pelo propriet\u00e1rio.<\/li>\n<\/ul>\n<\/div><\/div>\n\n\n\n<div class=\"wp-block-pb-accordion-item c-accordion__item js-accordion-item no-js\" data-initially-open=\"false\" data-click-to-close=\"true\" data-auto-close=\"true\" data-scroll=\"false\" data-scroll-offset=\"0\"><h5 id=\"at-248829\" class=\"c-accordion__title js-accordion-controller\" role=\"button\">TRANSPORTE MEDICAMENTOS\/COSM\u00c9TICOS\/PRODUTOS PARA SA\u00daDE E\/OU SANEANTES<\/h5><div id=\"ac-248829\" class=\"c-accordion__content\">\n<ul class=\"wp-block-list\">\n<li>Contrato Social e CNPJ se pessoa jur\u00eddica, ou C\u00f3pia do Estatuto registrado em cart\u00f3rio<\/li>\n\n\n\n<li>CPF do Respons\u00e1vel Legal;<\/li>\n\n\n\n<li>CPF do Respons\u00e1vel T\u00e9cnico:<\/li>\n\n\n\n<li>Inscri\u00e7\u00e3o Estadual (Secretaria da Fazenda);<\/li>\n\n\n\n<li>C\u00f3pia da AFE, na primeira inspe\u00e7\u00e3o ser\u00e1 fornecido um relat\u00f3rio para o<br>peticionamento eletr\u00f4nico da Autoriza\u00e7\u00e3o de Funcionamento (AFE) na ANVISA. RDC 16\/2014;<\/li>\n\n\n\n<li>Comprovante de Responsabilidade T\u00e9cnica, expedido pelo Conselho de Classe do Respons\u00e1vel T\u00e9cnico, v\u00e1lido para o ano vigente. Esse documento dever\u00e1, obrigatoriamente, conter a atividade a que se designa a responsabilidade t\u00e9cnica, Publica\u00e7\u00e3o em Di\u00e1rio oficial da Uni\u00e3o, contendo o n\u00famero da Resolu\u00e7\u00e3o e data da Autoriza\u00e7\u00e3o de Funcionamento de Empresa (AFE) e Autoriza\u00e7\u00e3o Especial (AE) atualizada, ou c\u00f3pia da Resolu\u00e7\u00e3o capturada no s\u00edtio eletr\u00f4nico da ANVISA (<a href=\"http:\/\/www.anvisa.gov.br\">www.anvisa.gov.br<\/a>);<\/li>\n\n\n\n<li>Manual de Boas Pr\u00e1ticas de transporte de medicamentos\/cosm\u00e9ticos\/produtos para sa\u00fade\/ saneantes (RDC 430\/2020);<\/li>\n\n\n\n<li>Procedimento Operacional Padr\u00e3o das atividades;<\/li>\n\n\n\n<li>Plano de Gerenciamento de Res\u00edduos, conforme RDC 222\/18 ANVISA e Resolu\u00e7\u00e3o RDC 358\/05 CONAMA;<\/li>\n\n\n\n<li>Descri\u00e7\u00e3o de todos os ve\u00edculos pr\u00f3prios ou de terceiros sob sua responsabilidade disponibilizados pelos transportes. Essa descri\u00e7\u00e3o deve conter: Marca, modelo, ano e placas.<\/li>\n<\/ul>\n<\/div><\/div>\n\n\n\n<div class=\"wp-block-pb-accordion-item c-accordion__item js-accordion-item no-js\" data-initially-open=\"false\" data-click-to-close=\"true\" data-auto-close=\"true\" data-scroll=\"false\" data-scroll-offset=\"0\"><h5 id=\"at-248830\" class=\"c-accordion__title js-accordion-controller\" role=\"button\">HOME CARE (RDC n\u00ba 917\/2024)<\/h5><div id=\"ac-248830\" class=\"c-accordion__content\">\n<ul class=\"wp-block-list\">\n<li>Contrato Social e CNPJ;<\/li>\n\n\n\n<li>CPF do Respons\u00e1vel Legal;<\/li>\n\n\n\n<li>CPF do Respons\u00e1vel T\u00e9cnico,<\/li>\n\n\n\n<li>Comprovante de Responsabilidade T\u00e9cnica, expedido pelo Conselho de Classe do Respons\u00e1vel T\u00e9cnico, v\u00e1lido para o ano vigente. Esse documento dever\u00e1, obrigatoriamente, conter a atividade a que se designa a responsabilidade t\u00e9cnica,<\/li>\n\n\n\n<li>Termo de Ades\u00e3o ao Protocolo de Exposi\u00e7\u00e3o \u00e1 Material Biol\u00f3gico realizado na Vigil\u00e2ncia em Sa\u00fade do Trabalhador;<\/li>\n\n\n\n<li>Certificado atualizado de recolhimento do lixo s\u00e9ptico\/contrato com c\u00f3pia da \u00faltima guia de pagamento;<\/li>\n\n\n\n<li>POP\u2019S (descri\u00e7\u00e3o dos procedimentos realizados no domic\u00edlio);<\/li>\n\n\n\n<li>Plano de Aten\u00e7\u00e3o Domiciliar;<\/li>\n\n\n\n<li>Manual de Normas T\u00e9cnicas:<\/li>\n\n\n\n<li>Modelo de orienta\u00e7\u00f5es sobre Assist\u00eancia verbal\/escrita;<\/li>\n\n\n\n<li>Regimento Interno;<\/li>\n\n\n\n<li>POP de esteriliza\u00e7\u00e3o de materiais;<\/li>\n\n\n\n<li>Modelo de contrato formal com o paciente;<\/li>\n\n\n\n<li>Modelo de contrato formal com os profissionais;<\/li>\n\n\n\n<li>Modelo de Prontu\u00e1rio com dados dos pacientes e evolu\u00e7\u00e3o;<\/li>\n\n\n\n<li>Teste microbiol\u00f3gico e integrador qu\u00edmico classe 5 ou 6 da Autoclave.<\/li>\n\n\n\n<li>Certificado de limpeza e manuten\u00e7\u00e3o do ar condicionado, caso o servi\u00e7o seja realizado por empresa ou POP descritivo da forma da limpeza e a periodicidade, caso realizada por conta pr\u00f3pria, ou caso n\u00e3o tenha ar condicionado no local, trazer declara\u00e7\u00e3o de que n\u00e3o possui;<\/li>\n\n\n\n<li>Certificado de Limpeza do Reservat\u00f3rio por empresa licenciada. No caso de abastecimento exclusivo pela CORSAN apresentar c\u00f3pia do boleto e declara\u00e7\u00e3o expressa. No caso de possuir po\u00e7o artesiano, apresentar c\u00f3pia das an\u00e1lises f\u00edsico-qu\u00edmicas e microbiol\u00f3gicas da \u00e1gua e comprovante de tratamento por cloro conforme Portaria GM\/MS n\u00ba 888, de 04 de maio de 2021.<\/li>\n<\/ul>\n<\/div><\/div>\n\n\n\n<div class=\"wp-block-pb-accordion-item c-accordion__item js-accordion-item no-js\" data-initially-open=\"false\" data-click-to-close=\"true\" data-auto-close=\"true\" data-scroll=\"false\" data-scroll-offset=\"0\"><h5 id=\"at-248831\" class=\"c-accordion__title js-accordion-controller\" role=\"button\">ESTABELECIMENTOS VETERIN\u00c1RIOS<\/h5><div id=\"ac-248831\" class=\"c-accordion__content\">\n<ul class=\"wp-block-list\">\n<li>Contrato Social e CNPJ;<\/li>\n\n\n\n<li>Documento de identifica\u00e7\u00e3o com foto do Respons\u00e1vel Legal;<\/li>\n\n\n\n<li>Carteira de registro profissional do respons\u00e1vel t\u00e9cnico emitida pelo Conselho Regional de Medicina Veterin\u00e1ria (CRMV\/RS);<\/li>\n\n\n\n<li>Anota\u00e7\u00e3o de responsabilidade t\u00e9cnica do profissional m\u00e9dico veterin\u00e1rio;<\/li>\n\n\n\n<li>Certificado de Desinsetiza\u00e7\u00e3o e Desratiza\u00e7\u00e3o de estabelecimento que possua Alvar\u00e1 Sanit\u00e1rio v\u00e1lido, caso seja realizada por empresa com estabelecimento em outro munic\u00edpio anexar c\u00f3pia do respectivo Alvar\u00e1 Sanit\u00e1rio da empresa que realizou o servi\u00e7o;<\/li>\n\n\n\n<li>Certificado de limpeza e manuten\u00e7\u00e3o do ar-condicionado, ou POP descritivo da forma da limpeza e a periodicidade, caso realizada por conta pr\u00f3pria, ou caso n\u00e3o tenha ar-condicionado no local, trazer declara\u00e7\u00e3o de que n\u00e3o possui;<\/li>\n\n\n\n<li>Certificado de Limpeza do Reservat\u00f3rio por empresa licenciada. (Portaria Estadual 1237\/2014 Artigo 3\u00ba). No caso de abastecimento exclusivo pela CORSAN apresentar c\u00f3pia do boleto e declara\u00e7\u00e3o expressa. No caso de possuir po\u00e7o artesiano, apresentar c\u00f3pia das an\u00e1lises f\u00edsico-qu\u00edmicas e microbiol\u00f3gicas da \u00e1gua e comprovante de tratamento por cloro conforme Portaria GM\/MS no 888, de 04 de maio de 2021.<\/li>\n\n\n\n<li>Certificado atualizado de recolhimento do lixo s\u00e9ptico ou do contrato com c\u00f3pia da \u00faltima guia de pagamento ou, caso n\u00e3o produza, declara\u00e7\u00e3o de que n\u00e3o produz;<\/li>\n\n\n\n<li>Descri\u00e7\u00e3o dos procedimentos realizados (vacinas, cirurgias, quimioterapia, Raio-X e outros realizados);<\/li>\n\n\n\n<li>Para aparelhos de Raio-X Laudo Radio m\u00e9trico atualizado, conforme Portaria 453\/98;<\/li>\n\n\n\n<li>Teste microbiol\u00f3gico da autoclave mensal.<\/li>\n<\/ul>\n<\/div><\/div>\n\n\n\n<div class=\"wp-block-pb-accordion-item c-accordion__item js-accordion-item no-js\" data-initially-open=\"false\" data-click-to-close=\"true\" data-auto-close=\"true\" data-scroll=\"false\" data-scroll-offset=\"0\"><h5 id=\"at-248832\" class=\"c-accordion__title js-accordion-controller\" role=\"button\">CL\u00cdNICA E\/OU CONSULT\u00d3RIO M\u00c9DICO E AMBULAT\u00d3RIOS (particulares)<\/h5><div id=\"ac-248832\" class=\"c-accordion__content\">\n<ul class=\"wp-block-list\">\n<li>Contrato Social e CNPJ;<\/li>\n\n\n\n<li>Documento de identifica\u00e7\u00e3o com foto do Respons\u00e1vel Legal;<\/li>\n\n\n\n<li>Certificado de Desinsetiza\u00e7\u00e3o de estabelecimento que possua Alvar\u00e1 Sanit\u00e1rio v\u00e1lido quando houver realiza\u00e7\u00e3o de procedimento, caso seja realizada por empresa com estabelecimento em outro munic\u00edpio anexar c\u00f3pia do respectivo Alvar\u00e1 Sanit\u00e1rio da empresa que realizou o servi\u00e7o;<\/li>\n\n\n\n<li>Certificado de limpeza e manuten\u00e7\u00e3o do ar condicionado, caso o servi\u00e7o seja realizado por empresa, ou POP descritivo da forma da limpeza e a periodicidade, caso realizada por conta pr\u00f3pria, ou caso n\u00e3o tenha ar-condicionado no local, trazer declara\u00e7\u00e3o de que n\u00e3o possui;<\/li>\n\n\n\n<li>Certificado de Limpeza do Reservat\u00f3rio por empresa licenciada. (Portaria Estadual 1237\/2014 Artigo 3\u00ba). No caso de abastecimento exclusivo pela CORSAN apresentar c\u00f3pia do boleto e declara\u00e7\u00e3o expressa. No caso de possuir po\u00e7o artesiano, apresentar c\u00f3pia das an\u00e1lises f\u00edsico-qu\u00edmicas e microbiol\u00f3gicas da \u00e1gua e comprovante de tratamento por cloro conforme Portaria GM\/MS n\u00ba 888, de 04 de maio de 2021.<\/li>\n\n\n\n<li>Carteira do Conselho Profissional do respons\u00e1vel t\u00e9cnico;<\/li>\n\n\n\n<li>Rela\u00e7\u00e3o de procedimentos realizados, ou quando n\u00e3o realizado, declara\u00e7\u00e3o;<\/li>\n\n\n\n<li>Certificado atualizado de recolhimento do lixo s\u00e9ptico ou do contrato com c\u00f3pia da \u00faltima guia de pagamento; Caso n\u00e3o produza, declara\u00e7\u00e3o de que n\u00e3o produz;<\/li>\n\n\n\n<li>Termo de Ades\u00e3o ao Protocolo de Exposi\u00e7\u00e3o Ocupacional \u00e0 Material Biol\u00f3gico no setor da Sa\u00fade do Trabalhador para os que realizam procedimentos<\/li>\n\n\n\n<li>POP descrevendo a lavagem e esteriliza\u00e7\u00e3o de materiais quando realizado procedimentos de esteriliza\u00e7\u00e3o;<\/li>\n\n\n\n<li>Plano de Gerenciamento de Res\u00edduos de Servi\u00e7os de Sa\u00fade \u2013 Conforme <a href=\"https:\/\/www.pmpf.rs.gov.br\/secretaria-de-saude\/wp-content\/uploads\/sites\/50\/2021\/12\/vigilancia_sanitaria_anexoIX_orientacao_pgrss.pdf\" target=\"_blank\" rel=\"noreferrer noopener\">Anexo IX<\/a>.<\/li>\n<\/ul>\n<\/div><\/div>\n\n\n\n<div class=\"wp-block-pb-accordion-item c-accordion__item js-accordion-item no-js\" data-initially-open=\"false\" data-click-to-close=\"true\" data-auto-close=\"true\" data-scroll=\"false\" data-scroll-offset=\"0\"><h5 id=\"at-248833\" class=\"c-accordion__title js-accordion-controller\" role=\"button\">FACULDADES, CENTRO DE ESTUDO E\/OU CURSOS T\u00c9CNICOS NA \u00c1REA DE SA\u00daDE\/EST\u00c9TICA\/BELEZA<\/h5><div id=\"ac-248833\" class=\"c-accordion__content\">\n<ul class=\"wp-block-list\">\n<li>Contrato Social e CNPJ;<\/li>\n\n\n\n<li>Documento de identifica\u00e7\u00e3o com foto do Respons\u00e1vel Legal;<\/li>\n\n\n\n<li>Carteira de identidade profissional do Respons\u00e1vel T\u00e9cnico;<\/li>\n\n\n\n<li>Certificado de limpeza e manuten\u00e7\u00e3o do ar-condicionado, caso o servi\u00e7o seja realizado por empresa ou POP descritivo da forma da limpeza e a periodicidade, caso realizada por conta pr\u00f3pria, ou caso n\u00e3o tenha ar-condicionado no local, trazer declara\u00e7\u00e3o de que n\u00e3o possui;<\/li>\n\n\n\n<li>Certificado de Limpeza do Reservat\u00f3rio por empresa licenciada. (Portaria Estadual 1237\/2014 Artigo 3\u00ba).No caso de abastecimento exclusivo pela CORSAN apresentar c\u00f3pia do boleto e declara\u00e7\u00e3o expressa. No caso de possuir po\u00e7o artesiano, apresentar c\u00f3pia das an\u00e1lises f\u00edsico-qu\u00edmicas e microbiol\u00f3gicas da \u00e1gua e comprovante de tratamento por cloro&nbsp;conforme&nbsp;Portaria GM\/MS n\u00ba 888, de 04 de maio de 2021;<\/li>\n\n\n\n<li>Termo de Ades\u00e3o ao Protocolo de Exposi\u00e7\u00e3o Ocupacional \u00e1 Material Biol\u00f3gico no setor da Vigil\u00e2ncia em Sa\u00fade do Trabalhador;<\/li>\n\n\n\n<li>Certificado atualizado de recolhimento do lixo s\u00e9ptico ou do contrato com empresa especializada com c\u00f3pia da \u00faltima guia de pagamento, ou caso n\u00e3o produza, declara\u00e7\u00e3o de que n\u00e3o produz;<\/li>\n\n\n\n<li>Certificado de cursos ou declara\u00e7\u00e3o do Respons\u00e1vel T\u00e9cnico e dos professores;<\/li>\n\n\n\n<li>Manual de Boas Pr\u00e1ticas e Procedimento Operacional Padr\u00e3o;<\/li>\n\n\n\n<li>Plano de Gerenciamento de Res\u00edduos de Servi\u00e7os de Sa\u00fade \u2013 Seguir as&nbsp;orienta\u00e7\u00f5es do <a href=\"https:\/\/www.pmpf.rs.gov.br\/secretaria-de-saude\/wp-content\/uploads\/sites\/50\/2021\/12\/vigilancia_sanitaria_anexoIX_orientacao_pgrss.pdf\" target=\"_blank\" rel=\"noreferrer noopener\">Anexo IX<\/a>&nbsp;e usar o&nbsp;modelo do <a href=\"https:\/\/www.pmpf.rs.gov.br\/secretaria-de-saude\/wp-content\/uploads\/sites\/50\/2021\/12\/vigilancia_sanitaria_anexoX_modelo_pgrss_31_10_2019.odt\" target=\"_blank\" rel=\"noreferrer noopener\">Anexo X<\/a>. Legisla\u00e7\u00f5es: Portaria 500\/2010, RDC 42\/2010 e RDC 50\/ 2002, RDC 63\/2011, Portaria 453\/98.<\/li>\n<\/ul>\n<\/div><\/div>\n\n\n\n<div class=\"wp-block-pb-accordion-item c-accordion__item js-accordion-item no-js\" data-initially-open=\"false\" data-click-to-close=\"true\" data-auto-close=\"true\" data-scroll=\"false\" data-scroll-offset=\"0\"><h5 id=\"at-248834\" class=\"c-accordion__title js-accordion-controller\" role=\"button\">CABELEIREIROS, MANICURE, PEDICURE<\/h5><div id=\"ac-248834\" class=\"c-accordion__content\">\n<ul class=\"wp-block-list\">\n<li>Contrato Social e CNPJ;<\/li>\n\n\n\n<li>Documento de identifica\u00e7\u00e3o com foto do Respons\u00e1vel Legal;<\/li>\n\n\n\n<li>Certificado de curso do profissional na \u00e1rea;<\/li>\n\n\n\n<li>Certificado de limpeza e manuten\u00e7\u00e3o do ar-condicionado, caso o servi\u00e7o seja realizado por empresa ou POP descritivo da forma da limpeza e a periodicidade, caso realizada por conta pr\u00f3pria ou caso n\u00e3o tenha ar-condicionado no local, fazer declara\u00e7\u00e3o de que n\u00e3o possui;<\/li>\n\n\n\n<li>Certificado de Limpeza do Reservat\u00f3rio de \u00e1gua realizada por empresa licenciada. (Portaria Estadual 1237\/2014 Artigo 3\u00ba). No caso de abastecimento exclusivo pela CORSAN apresentar c\u00f3pia do boleto e declara\u00e7\u00e3o expressa. No caso de possuir po\u00e7o artesiano, apresentar c\u00f3pia das an\u00e1lises f\u00edsico qu\u00edmicas e microbiol\u00f3gicas da \u00e1gua e comprovante de tratamento por cloro conforme Portaria GM\/MS n\u00ba 888, de 04 de maio de 2021;<\/li>\n\n\n\n<li>POP descrevendo como s\u00e3o realizadas a limpeza e esteriliza\u00e7\u00e3o dos materiais ou declara\u00e7\u00e3o de uso dos kits individuais de cada cliente;<\/li>\n\n\n\n<li>A presentar comprova\u00e7\u00e3o de realiza\u00e7\u00e3o de teste microbiol\u00f3gico da autoclave ou declara\u00e7\u00e3o que n\u00e3o possui esse equipamento.<\/li>\n<\/ul>\n<\/div><\/div>\n\n\n\n<div class=\"wp-block-pb-accordion-item c-accordion__item js-accordion-item no-js\" data-initially-open=\"false\" data-click-to-close=\"true\" data-auto-close=\"true\" data-scroll=\"false\" data-scroll-offset=\"0\"><h5 id=\"at-248835\" class=\"c-accordion__title js-accordion-controller\" role=\"button\">COM\u00c9RCIO ATACADISTA\/DISTRIBUIDORA DE ALIMENTOS<\/h5><div id=\"ac-248835\" class=\"c-accordion__content\">\n<ul class=\"wp-block-list\">\n<li>Contrato Social e CNPJ;<\/li>\n\n\n\n<li>Documento de identifica\u00e7\u00e3o com foto do Respons\u00e1vel Legal;<\/li>\n\n\n\n<li>Certificado de Desinsetiza\u00e7\u00e3o e Desratiza\u00e7\u00e3o de estabelecimento que possua Alvar\u00e1 Sanit\u00e1rio v\u00e1lido, caso seja realizada por empresa com estabelecimento em outro munic\u00edpio anexar c\u00f3pia do respectivo Alvar\u00e1 Sanit\u00e1rio da empresa que realizou o servi\u00e7o;<\/li>\n\n\n\n<li>Certificado de limpeza e manuten\u00e7\u00e3o do ar-condicionado, caso o servi\u00e7o seja realizado por empresa; ou POP descritivo da forma da limpeza e a periodicidade, caso realizada por conta pr\u00f3pria, ou caso n\u00e3o tenha ar-condicionado no local, trazer declara\u00e7\u00e3o de que n\u00e3o possui;<\/li>\n\n\n\n<li>Certificado de Limpeza do Reservat\u00f3rio por empresa licenciada. (Portaria Estadual1237\/2014 Artigo 3\u00ba). No caso de abastecimento exclusivo pela CORSAN apresentar c\u00f3pia do boleto e declara\u00e7\u00e3o expressa. No caso de possuir po\u00e7o artesiano, apresentar c\u00f3pia das an\u00e1lises f\u00edsico-qu\u00edmicas e microbiol\u00f3gicas da \u00e1gua e comprovante de tratamento por cloro conforme Portaria GM\/MS no 888, de 04 de maio de 2021.<\/li>\n\n\n\n<li>Comprovante de capacita\u00e7\u00e3o em Boas Pr\u00e1ticas;<\/li>\n\n\n\n<li>Manual de Boas Pr\u00e1ticas.<\/li>\n<\/ul>\n<\/div><\/div>\n\n\n\n<div class=\"wp-block-pb-accordion-item c-accordion__item js-accordion-item no-js\" data-initially-open=\"false\" data-click-to-close=\"true\" data-auto-close=\"true\" data-scroll=\"false\" data-scroll-offset=\"0\"><h5 id=\"at-248836\" class=\"c-accordion__title js-accordion-controller\" role=\"button\">COM\u00c9RCIO ATACADISTA DE PRODUTOS PARA SA\u00daDE\/COSM\u00c9TICOS\/SANEANTES<\/h5><div id=\"ac-248836\" class=\"c-accordion__content\">\n<ul class=\"wp-block-list\">\n<li>Contrato Social e CNPJ<\/li>\n\n\n\n<li>CPF do Respons\u00e1vel Legal;<\/li>\n\n\n\n<li>CPF do Respons\u00e1vel T\u00e9cnico e Assistente (s);<\/li>\n\n\n\n<li>Carteira de identidade profissional emitida do Respons\u00e1vel T\u00e9cnico;<\/li>\n\n\n\n<li>Certificado de limpeza e manuten\u00e7\u00e3o do ar-condicionado, caso o servi\u00e7o seja realizado por empresa; ou POP descritivo da forma da limpeza e a periodicidade, caso realizada por conta pr\u00f3pria; ou caso n\u00e3o tenha ar-condicionado no local, declara\u00e7\u00e3o de que n\u00e3o possui;<\/li>\n\n\n\n<li>Certificado de Limpeza do Reservat\u00f3rio por empresa licenciada. No caso de abastecimento exclusivo pela CORSAN apresentar c\u00f3pia do boleto e declara\u00e7\u00e3o expressa. No caso de possuir po\u00e7o artesiano, apresentar c\u00f3pia das an\u00e1lises f\u00edsico-qu\u00edmicas e microbiol\u00f3gicas da \u00e1gua e comprovante de tratamento por cloro conforme Portaria GM\/MS n\u00ba 888, de 04 de maio de 2021.<\/li>\n\n\n\n<li>C\u00f3pia da AFE, na primeira inspe\u00e7\u00e3o ser\u00e1 fornecido um relat\u00f3rio para o peticionamento eletr\u00f4nico da Autoriza\u00e7\u00e3o de Funcionamento (AFE) na ANVISA. RDC 16\/2014;<\/li>\n\n\n\n<li>Publica\u00e7\u00e3o em Di\u00e1rio oficial da Uni\u00e3o, contendo o n\u00famero da Resolu\u00e7\u00e3o e data da Autoriza\u00e7\u00e3o de Funcionamento de Empresa (AFE) e Autoriza\u00e7\u00e3o Especial (AE) atualizada, ou c\u00f3pia da Resolu\u00e7\u00e3o capturada no s\u00edtio eletr\u00f4nico da ANVISA (<a href=\"http:\/\/www.anvisa.gov.br\">www.anvisa.gov.br<\/a>);<\/li>\n\n\n\n<li>Comprovante de Responsabilidade T\u00e9cnica, expedido pelo Conselho de Classe do Respons\u00e1vel T\u00e9cnico, v\u00e1lido para o ano vigente. Esse documento dever\u00e1, obrigatoriamente, conter a atividade a que se designa a responsabilidade t\u00e9cnica, bem como o endere\u00e7o do local que deseja licenciamento sanit\u00e1rio;<\/li>\n\n\n\n<li>Manual de Boas Pr\u00e1ticas;<\/li>\n\n\n\n<li>Procedimento Operacional Padr\u00e3o (POPs);<\/li>\n\n\n\n<li>Plano de Gerenciamento de Res\u00edduos, conforme RDC 222\/2018.<\/li>\n<\/ul>\n<\/div><\/div>\n\n\n\n<div class=\"wp-block-pb-accordion-item c-accordion__item js-accordion-item no-js\" data-initially-open=\"false\" data-click-to-close=\"true\" data-auto-close=\"true\" data-scroll=\"false\" data-scroll-offset=\"0\"><h5 id=\"at-248837\" class=\"c-accordion__title js-accordion-controller\" role=\"button\">LABORAT\u00d3RIO DE PR\u00d3TESE DENT\u00c1RIA<\/h5><div id=\"ac-248837\" class=\"c-accordion__content\">\n<ul class=\"wp-block-list\">\n<li>Contrato Social e CNPJ;<\/li>\n\n\n\n<li>Documento de identifica\u00e7\u00e3o com foto do Respons\u00e1vel Legal;<\/li>\n\n\n\n<li>Carteira de identidade profissional emitida do Respons\u00e1vel T\u00e9cnico (Cirurgi\u00e3o-dentista ou um T\u00e9cnico em Pr\u00f3tese Dent\u00e1ria devidamente habilitado e registrado no Conselho Regional de Odontologia (CRO).<\/li>\n\n\n\n<li>Certid\u00e3o de Responsabilidade T\u00e9cnica, expedido pelo Conselho de Classe do Respons\u00e1vel T\u00e9cnico, v\u00e1lido para o ano vigente.<\/li>\n\n\n\n<li>Certificado de Desinsetiza\u00e7\u00e3o de estabelecimento que possua Alvar\u00e1 Sanit\u00e1rio v\u00e1lido (obs.: caso seja realizada por empresa com estabelecimento em outro munic\u00edpio anexar c\u00f3pia do respectivo Alvar\u00e1 Sanit\u00e1rio da empresa que realizou o servi\u00e7o);<\/li>\n\n\n\n<li>Certificado de limpeza e manuten\u00e7\u00e3o do ar condicionado, caso o servi\u00e7o seja realizado por<br>empresa ou POP descritivo da forma da limpeza e a periodicidade, caso realizada por conta<br>pr\u00f3pria, ou caso n\u00e3o tenha ar condicionado no local, trazer declara\u00e7\u00e3o de que n\u00e3o possui;<\/li>\n\n\n\n<li>Certificado de Limpeza do Reservat\u00f3rio por empresa licenciada. (Portaria Estadual 1237\/2014 Artigo 3o). No caso de abastecimento exclusivo pela CORSAN apresentar c\u00f3pia do boleto e declara\u00e7\u00e3o expressa. No caso de possuir po\u00e7o artesiano, apresentar c\u00f3pia das an\u00e1lises f\u00edsico-qu\u00edmicas e microbiol\u00f3gicas da \u00e1gua e comprovante de tratamento por cloro conforme Portaria GM\/MS no 888, de 04 de maio de 2021.<\/li>\n<\/ul>\n<\/div><\/div>\n\n\n\n<div class=\"wp-block-pb-accordion-item c-accordion__item js-accordion-item no-js\" data-initially-open=\"false\" data-click-to-close=\"true\" data-auto-close=\"true\" data-scroll=\"false\" data-scroll-offset=\"0\"><h5 id=\"at-248838\" class=\"c-accordion__title js-accordion-controller\" role=\"button\">LABORAT\u00d3RIO \u00d3PTICO<\/h5><div id=\"ac-248838\" class=\"c-accordion__content\">\n<ul class=\"wp-block-list\">\n<li>Contrato Social e CNPJ;<\/li>\n\n\n\n<li>Documento de identifica\u00e7\u00e3o com foto do Respons\u00e1vel Legal;<\/li>\n\n\n\n<li>Contrato com Respons\u00e1vel T\u00e9cnico;<\/li>\n\n\n\n<li>Diploma do Respons\u00e1vel T\u00e9cnico;<\/li>\n\n\n\n<li>Certificado de limpeza e manuten\u00e7\u00e3o do ar-condicionado, caso o servi\u00e7o seja realizado por empresa ou POP descritivo da forma da limpeza e a periodicidade, caso realizada por conta pr\u00f3pria, ou caso n\u00e3o tenha ar-condicionado no local, fazer declara\u00e7\u00e3o de que n\u00e3o possui;<\/li>\n\n\n\n<li>Certificado de Limpeza do Reservat\u00f3rio de \u00e1gua realizada por empresa licenciada. (Portaria Estadual 1237\/2014 Artigo 3\u00ba). No caso de abastecimento exclusivo pela CORSAN apresentar c\u00f3pia do boleto e declara\u00e7\u00e3o expressa. No caso de possuir po\u00e7o artesiano, apresentar c\u00f3pia das an\u00e1lises f\u00edsico-qu\u00edmicas e microbiol\u00f3gicas da \u00e1gua e comprovante de tratamento por cloro conforme Portaria GM\/MS n\u00ba 888, de 04 de maio de 2021;<\/li>\n\n\n\n<li>Listagem das atividades desenvolvidas pelo estabelecimento, assinada pelo Respons\u00e1vel T\u00e9cnico;<\/li>\n<\/ul>\n<\/div><\/div>\n\n\n\n<div class=\"wp-block-pb-accordion-item c-accordion__item js-accordion-item no-js\" data-initially-open=\"false\" data-click-to-close=\"true\" data-auto-close=\"true\" data-scroll=\"false\" data-scroll-offset=\"0\"><h5 id=\"at-248839\" class=\"c-accordion__title js-accordion-controller\" role=\"button\">CLUBES SOCIAIS E ESPORTIVOS (com piscinas, saunas, academia)<\/h5><div id=\"ac-248839\" class=\"c-accordion__content\">\n<ul class=\"wp-block-list\">\n<li>Contrato Social e CNPJ;<\/li>\n\n\n\n<li>Declara\u00e7\u00e3o citando as atividades realizados pelo estabelecimento;<\/li>\n\n\n\n<li>Documento de identifica\u00e7\u00e3o com foto do Respons\u00e1vel Legal;<\/li>\n\n\n\n<li>Carteira de identidade profissional do Respons\u00e1vel T\u00e9cnico pelas piscinas\/saunas e academias;<\/li>\n\n\n\n<li>Certificado de Desinsetiza\u00e7\u00e3o e Desratiza\u00e7\u00e3o do estabelecimento realizado por empresa que possua Alvar\u00e1 Sanit\u00e1rio v\u00e1lido, caso seja realizada por empresa com estabelecimento em outro munic\u00edpio anexar c\u00f3pia do respectivo Alvar\u00e1 Sanit\u00e1rio da empresa que realizou o servi\u00e7o);<\/li>\n\n\n\n<li>Certificado de limpeza e manuten\u00e7\u00e3o do ar-condicionado, caso o servi\u00e7o seja realizado por empresa; ou POP descritivo da forma da limpeza e a periodicidade, caso realizada por conta pr\u00f3pria, ou caso n\u00e3o tenha ar- condicionado no local, fazer declara\u00e7\u00e3o de que n\u00e3o possui;<\/li>\n\n\n\n<li>Certificado de Limpeza do Reservat\u00f3rio de \u00e1gua realizado por empresa licenciada. (Portaria Estadual 1237\/2014 Artigo 3\u00ba). No caso de abastecimento exclusivo pela CORSAN apresentar c\u00f3pia do boleto e declara\u00e7\u00e3o expressa. No caso de possuir po\u00e7o artesiano, apresentar c\u00f3pia das an\u00e1lises f\u00edsico-qu\u00edmicas e microbiol\u00f3gicas da \u00e1gua e comprovante de tratamento por cloro conforme Portaria GM\/MS n\u00ba 888, de 04 de maio de 2021;<\/li>\n\n\n\n<li>Contrato de trabalho com o Respons\u00e1vel T\u00e9cnico (Qu\u00edmico, Farmac\u00eautico Bioqu\u00edmico, Bi\u00f3logo;<\/li>\n\n\n\n<li>Contrato de trabalho com o Respons\u00e1vel T\u00e9cnico (Educador F\u00edsico);<\/li>\n\n\n\n<li>Comprovante de manuten\u00e7\u00e3o de equipamentos, motores, etc. (pode ser declara\u00e7\u00e3o assinada pelo t\u00e9cnico respons\u00e1vel);<\/li>\n\n\n\n<li>Contrato de trabalho se houver terceiriza\u00e7\u00e3o de servi\u00e7os de alimenta\u00e7\u00e3o (lancheria\/restaurante);<\/li>\n\n\n\n<li>Manual de Boas Pr\u00e1ticas em Servi\u00e7os de Alimenta\u00e7\u00e3o e C\u00f3pia de Comprovante de Curso de Boas Pr\u00e1ticas em Manipula\u00e7\u00e3o de Alimentos do respons\u00e1vel pela presta\u00e7\u00e3o do servi\u00e7o de alimenta\u00e7\u00e3o e tamb\u00e9m, caso seja o servi\u00e7o, realizado pelo pr\u00f3prio clube.<\/li>\n<\/ul>\n<\/div><\/div>\n\n\n\n<div class=\"wp-block-pb-accordion-item c-accordion__item js-accordion-item no-js\" data-initially-open=\"false\" data-click-to-close=\"true\" data-auto-close=\"true\" data-scroll=\"false\" data-scroll-offset=\"0\"><h5 id=\"at-248840\" class=\"c-accordion__title js-accordion-controller\" role=\"button\">POSTO DE COLETA (RDC n\u00b0 978\/2025)<\/h5><div id=\"ac-248840\" class=\"c-accordion__content\">\n<ul class=\"wp-block-list\">\n<li>Contrato Social ou declara\u00e7\u00e3o de firma individual, registrada na Junta Comercial ou e Cart\u00f3rio de T\u00edtulos e Documentos, devendo nele constar a exist\u00eancia de Posto de Coleta. No caso do Posto de Coleta n\u00e3o ser uma filial do laborat\u00f3rio, anexar contrato de presta\u00e7\u00e3o de servi\u00e7o com o laborat\u00f3rio de apoio;<\/li>\n\n\n\n<li>CNPJ;<\/li>\n\n\n\n<li>CPF do Respons\u00e1vel Legal;<\/li>\n\n\n\n<li>CPF do Respons\u00e1vel T\u00e9cnico;<\/li>\n\n\n\n<li>Alvar\u00e1 Sanit\u00e1rio v\u00e1lido do laborat\u00f3rio que o posto de coleta remete as amostras;<\/li>\n\n\n\n<li>Certificado de limpeza e manuten\u00e7\u00e3o do ar condicionado, caso o servi\u00e7o seja realizado por empresa ou POP descritivo da forma da limpeza e a periodicidade, caso realizada por conta pr\u00f3pria, ou caso n\u00e3o tenha ar condicionado no local, trazer declara\u00e7\u00e3o de que n\u00e3o possui;<\/li>\n\n\n\n<li>Certificado de Limpeza do Reservat\u00f3rio por empresa licenciada. No caso de abastecimento exclusivo pela CORSAN apresentar c\u00f3pia do boleto e declara\u00e7\u00e3o expressa. No caso de possuir po\u00e7o artesiano, apresentar c\u00f3pia das an\u00e1lises f\u00edsico-qu\u00edmicas e microbiol\u00f3gicas da \u00e1gua e comprovante de tratamento por cloro.<\/li>\n\n\n\n<li>Comprovante de Responsabilidade T\u00e9cnica, expedido pelo Conselho de Classe do Respons\u00e1vel T\u00e9cnico, v\u00e1lido para o ano vigente. Esse documento dever\u00e1, obrigatoriamente, conter a atividade a que se designa a responsabilidade t\u00e9cnica, bem como o endere\u00e7o do local que deseja licenciamento sanit\u00e1rio;<\/li>\n\n\n\n<li>Declara\u00e7\u00e3o do Respons\u00e1vel T\u00e9cnico de que os Pop\u2019s das rotinas est\u00e3o dispon\u00edveis no posto de coleta;<\/li>\n\n\n\n<li>Certificado atualizado de recolhimento do lixo s\u00e9ptico\/ contrato com c\u00f3pia da \u00faltima guia de pagamento<\/li>\n\n\n\n<li>Declara\u00e7\u00e3o do Respons\u00e1vel T\u00e9cnico de que n\u00e3o s\u00e3o realizados exames no local, exceto testes de coagula\u00e7\u00e3o;<\/li>\n\n\n\n<li>Termo de Ades\u00e3o ao Protocolo de Exposi\u00e7\u00e3o Ocupacional \u00e0 Material Biol\u00f3gico no setor da Sa\u00fade do Trabalhador para os que produzem lixo s\u00e9ptico;<\/li>\n\n\n\n<li>Plano de Gerenciamento de Res\u00edduos de Servi\u00e7os de Sa\u00fade \u2013 Seguir orienta\u00e7\u00f5es do <a href=\"https:\/\/www.pmpf.rs.gov.br\/secretaria-de-saude\/wp-content\/uploads\/sites\/50\/2021\/12\/vigilancia_sanitaria_anexoIX_orientacao_pgrss.pdf\">Anexo IX<\/a> e usar o modelo do <a href=\"https:\/\/www.google.com\/url?sa=D&amp;q=https:\/\/www.pmpf.rs.gov.br\/secretaria-de-saude\/wp-content\/uploads\/sites\/50\/2021\/12\/vigilancia_sanitaria_anexoX_modelo_pgrss_31_10_2019.odt&amp;ust=1701518760000000&amp;usg=AOvVaw28vj8f38YNtmu8eCo_X1f7&amp;hl=pt-BR&amp;source=gmail\">Anexo X<\/a>.<\/li>\n<\/ul>\n<\/div><\/div>\n\n\n\n<div class=\"wp-block-pb-accordion-item c-accordion__item js-accordion-item no-js\" data-initially-open=\"false\" data-click-to-close=\"true\" data-auto-close=\"true\" data-scroll=\"false\" data-scroll-offset=\"0\"><h5 id=\"at-248841\" class=\"c-accordion__title js-accordion-controller\" role=\"button\">MEDICINA NUCLEAR<\/h5><div id=\"ac-248841\" class=\"c-accordion__content\">\n<ul class=\"wp-block-list\">\n<li>CNPJ atualizado<\/li>\n\n\n\n<li>Contrato Social e suas altera\u00e7\u00f5es<\/li>\n\n\n\n<li>Alvar\u00e1 municipal de localiza\u00e7\u00e3o e funcionamento quando solicita\u00e7\u00e3o de primeiro alvar\u00e1 sanit\u00e1rio<\/li>\n\n\n\n<li>CPF e RG, do respons\u00e1vel legal<\/li>\n\n\n\n<li>CPF e RG, do respons\u00e1vel t\u00e9cnico<\/li>\n\n\n\n<li>CPF e RG, do supervisor de prote\u00e7\u00e3o radiol\u00f3gica<\/li>\n\n\n\n<li>Autoriza\u00e7\u00e3o de funcionamento emitida pela CNEN<\/li>\n\n\n\n<li>Registro da instala\u00e7\u00e3o junto \u00e0 CNEN para uso de fontes radioativas (conforme CNEN NN-6.01)<\/li>\n\n\n\n<li><strong>Responsabilidade T\u00e9cnica<\/strong> \n<ul class=\"wp-block-list\">\n<li>Certificado de Responsabilidade T\u00e9cnica (RT) emitido pelo conselho profissional (CRM ou<br>CRTR) de todos os respons\u00e1veis (t\u00e9cnicos, supervisores e substitutos quando houver) <\/li>\n\n\n\n<li>Contrato de presta\u00e7\u00e3o de servi\u00e7os do RT <\/li>\n\n\n\n<li>Certificados dos t\u00e9cnicos de radiologia atuantes ou registro no CONTER\/ CRTRs <\/li>\n\n\n\n<li>C\u00f3pia da carteira profissional do m\u00e9dico respons\u00e1vel t\u00e9cnico (CRM com qualifica\u00e7\u00e3o em<br>Medicina Nuclear) <\/li>\n\n\n\n<li>Registro de pessoa f\u00edsica para uso de fontes radioativas \u201cin vivo\u201d (CNEN NN-6.01) <\/li>\n\n\n\n<li>Certificados de capacita\u00e7\u00e3o da equipe t\u00e9cnica<\/li>\n\n\n\n<li>C\u00f3pia da carteira profissional do supervisor de prote\u00e7\u00e3o radiol\u00f3gica;<\/li>\n<\/ul>\n<\/li>\n\n\n\n<li><strong>Infraestrutura e Projeto Arquitet\u00f4nico<\/strong>\n<ul class=\"wp-block-list\">\n<li>Projeto B\u00e1sico de Arquitetura (PBA) aprovado pela Vigil\u00e2ncia Sanit\u00e1ria Estadual<\/li>\n\n\n\n<li>Memorial descritivo de prote\u00e7\u00e3o radiol\u00f3gica<\/li>\n\n\n\n<li>Levantamento radiom\u00e9trico atualizado<\/li>\n<\/ul>\n<\/li>\n\n\n\n<li><strong>Equipamentos e Controle de Qualidade<\/strong>\n<ul class=\"wp-block-list\">\n<li>Relat\u00f3rios de calibra\u00e7\u00e3o e testes de aceita\u00e7\u00e3o e controle de qualidade dos equipamentos de Medicina Nuclear<\/li>\n\n\n\n<li>Planilhas s\u00ednteses dos testes realizados<\/li>\n\n\n\n<li>Contratos de manuten\u00e7\u00e3o preventiva e corretiva (quando houver)<\/li>\n\n\n\n<li>Relat\u00f3rio de manuten\u00e7\u00e3o corretiva\/ preventiva assinada por t\u00e9cnico respons\u00e1vel com registro no respectivo conselho<\/li>\n\n\n\n<li>Contrato de dosimetria com empresa credenciada pela CNEN<\/li>\n\n\n\n<li>Relat\u00f3rio dosim\u00e9trico dos \u00faltimos 3 meses, contemplando todos os funcion\u00e1rios ocupacionalmente expostos a radia\u00e7\u00f5es ionizantes.<\/li>\n\n\n\n<li>Rela\u00e7\u00e3o de equipamentos e instrumentos dispon\u00edveis no servi\u00e7o<\/li>\n\n\n\n<li>Nota fiscal ou certificado de propriedade das fontes de refer\u00eancia (Ba-133, Co-57 ou Cs-137,entre outros)<\/li>\n\n\n\n<li>Certificado de calibra\u00e7\u00e3o dos detectores de radia\u00e7\u00e3o<\/li>\n\n\n\n<li>Relat\u00f3rios de testes semestrais do calibrador de dose e da c\u00e2mara de cintila\u00e7\u00e3o (conforme<br>RDC 38\/2008 da ANVISA)<\/li>\n<\/ul>\n<\/li>\n\n\n\n<li><strong>Gest\u00e3o de Res\u00edduos e Biosseguran\u00e7a<\/strong>\n<ul class=\"wp-block-list\">\n<li>Plano de Gerenciamento de Res\u00edduos de Servi\u00e7os de Sa\u00fade (PGRSS)<\/li>\n\n\n\n<li>Contrato com empresa coletora de res\u00edduos<\/li>\n\n\n\n<li>Contrato ou descri\u00e7\u00e3o do transporte de material radioativo<\/li>\n\n\n\n<li>Plano de gerenciamento de rejeitos radioativos (armazenamento e descarte)<\/li>\n\n\n\n<li>Certificados de coleta e destina\u00e7\u00e3o de res\u00edduos<\/li>\n\n\n\n<li>Certificados de dedetiza\u00e7\u00e3o e desratiza\u00e7\u00e3o de estabelecimento que possua Alvar\u00e1 Sanit\u00e1rio<br>v\u00e1lido, caso seja realizada por empresa com estabelecimento em outro munic\u00edpio anexar c\u00f3pia do respectivo Alvar\u00e1 Sanit\u00e1rio da empresa que realizou o servi\u00e7o);<\/li>\n\n\n\n<li>Certificado de Limpeza do Reservat\u00f3rio de \u00e1gua pot\u00e1vel, por empresa licenciada. (Portaria<br>Estadual 1237\/2014, Art. 3o).No caso de abastecimento exclusivo pela CORSAN apresentar<br>c\u00f3pia do boleto e declara\u00e7\u00e3o expressa. No caso de possuir po\u00e7o artesiano, apresentar c\u00f3pia<br>das an\u00e1lises f\u00edsico-qu\u00edmicas e microbiol\u00f3gicas da \u00e1gua e comprovante de tratamento por cloro conforme Portaria GM\/MS no 888, de 04 de maio de 2021.<\/li>\n\n\n\n<li>Certificado de limpeza e manuten\u00e7\u00e3o do ar-condicionado, (caso o servi\u00e7o seja realizado por<br>empresa), ou POP descritivo da forma de limpeza e periodicidade quando realizada por conta pr\u00f3pria ou ainda, declara\u00e7\u00e3o que n\u00e3o possui ar-condicionado, (caso n\u00e3o tenha ar-condicionado no local). <strong>OBS: Para ar-condicionado cuja pot\u00eancia seja maior ou igual a 60.000 BTUs, exige-se o PMOC, conforme lei 13.589\/2018.<\/strong><\/li>\n<\/ul>\n<\/li>\n<\/ul>\n<\/div><\/div>\n\n\n\n<div class=\"wp-block-pb-accordion-item c-accordion__item js-accordion-item no-js\" data-initially-open=\"false\" data-click-to-close=\"true\" data-auto-close=\"true\" data-scroll=\"false\" data-scroll-offset=\"0\"><h5 id=\"at-248842\" class=\"c-accordion__title js-accordion-controller\" role=\"button\">RADIOLOGIA GERAL<\/h5><div id=\"ac-248842\" class=\"c-accordion__content\">\n<ul class=\"wp-block-list\">\n<li>CNPJ atualizado<\/li>\n\n\n\n<li>Contrato Social e suas altera\u00e7\u00f5es<\/li>\n\n\n\n<li>Alvar\u00e1 municipal de localiza\u00e7\u00e3o e funcionamento.<\/li>\n\n\n\n<li>CPF e RG, do respons\u00e1vel legal<\/li>\n\n\n\n<li>CPF e RG, do respons\u00e1vel t\u00e9cnico<\/li>\n\n\n\n<li>CPF e RG, do supervisor de prote\u00e7\u00e3o radiol\u00f3gica <\/li>\n\n\n\n<li><strong>Responsabilidade T\u00e9cnica<\/strong>\n<ul class=\"wp-block-list\">\n<li>Certificado de Responsabilidade T\u00e9cnica (RT) emitido pelo conselho profissional (CRM ou<br>CRTR) de todos os respons\u00e1veis (t\u00e9cnicos, supervisores e substitutos quando houver)<\/li>\n\n\n\n<li>Contrato de presta\u00e7\u00e3o de servi\u00e7os do RT<\/li>\n\n\n\n<li>Certificados dos t\u00e9cnicos de radiologia atuantes ou registro no CONTER\/ CRTRs<\/li>\n<\/ul>\n<\/li>\n\n\n\n<li><strong>Infraestrutura e Projeto Arquitet\u00f4nico<\/strong>\n<ul class=\"wp-block-list\">\n<li>Projeto B\u00e1sico de Arquitetura (PBA) aprovado pela Vigil\u00e2ncia Sanit\u00e1ria<\/li>\n\n\n\n<li>Memorial descritivo de prote\u00e7\u00e3o radiol\u00f3gica<\/li>\n\n\n\n<li>Levantamento radiom\u00e9trico atualizado (validade de 4 anos)<\/li>\n<\/ul>\n<\/li>\n\n\n\n<li><strong>Equipamentos e Controle de Qualidade<\/strong>\n<ul class=\"wp-block-list\">\n<li>Relat\u00f3rios de calibra\u00e7\u00e3o e testes de aceita\u00e7\u00e3o e controle de qualidade dos equipamentos (Raio-X convencionais, mamografia, tomografia, ultrassonografia, RMI, densitometria \u00f3ssea, etc.)<\/li>\n\n\n\n<li>Planilhas s\u00ednteses dos testes realizados<\/li>\n\n\n\n<li>Contratos de manuten\u00e7\u00e3o preventiva e corretiva (quando houver)<\/li>\n\n\n\n<li>Relat\u00f3rio de manuten\u00e7\u00e3o corretiva\/ preventiva assinada por t\u00e9cnico respons\u00e1vel com registro<br>no respectivo conselho<\/li>\n\n\n\n<li>Contrato de dosimetria com empresa credenciada pelo CNEN<\/li>\n\n\n\n<li>Relat\u00f3rio dosim\u00e9trico dos \u00faltimos 3 meses, contemplando todos os funcion\u00e1rios<br>ocupacionalmente expostos a radia\u00e7\u00f5es ionizantes.<\/li>\n<\/ul>\n<\/li>\n\n\n\n<li><strong>Gest\u00e3o de Res\u00edduos e Biosseguran\u00e7a<\/strong>\n<ul class=\"wp-block-list\">\n<li>Plano de Gerenciamento de Res\u00edduos de Servi\u00e7os de Sa\u00fade (PGRSS);<\/li>\n\n\n\n<li>C\u00f3pia do contrato de presta\u00e7\u00e3o de servi\u00e7os de esteriliza\u00e7\u00e3o quando n\u00e3o for realizada no<br>pr\u00f3prio estabelecimento. Ou declara\u00e7\u00e3o que n\u00e3o realiza procedimentos de esteriliza\u00e7\u00e3o no<br>local;<\/li>\n\n\n\n<li>Contrato com empresa coletora de res\u00edduos;<\/li>\n\n\n\n<li>Certificados de dedetiza\u00e7\u00e3o e desratiza\u00e7\u00e3o de estabelecimento que possua Alvar\u00e1 Sanit\u00e1rio<br>v\u00e1lido, caso seja realizada por empresa com estabelecimento em outro munic\u00edpio anexar c\u00f3pia do respectivo Alvar\u00e1 Sanit\u00e1rio da empresa que realizou o servi\u00e7o);<\/li>\n\n\n\n<li>Certificado de Limpeza do Reservat\u00f3rio de \u00e1gua pot\u00e1vel, por empresa licenciada. (Portaria<br>Estadual 1237\/2014 Artigo 3o). No caso de abastecimento exclusivo pela CORSAN apresentar c\u00f3pia do boleto e declara\u00e7\u00e3o expressa. No caso de possuir po\u00e7o artesiano, apresentar c\u00f3pia das an\u00e1lises f\u00edsico-qu\u00edmicas e microbiol\u00f3gicas da \u00e1gua e comprovante de tratamento por cloro conforme Portaria GM\/MS no 888, de 04 de maio de 2021;<\/li>\n\n\n\n<li>Certificado de limpeza e manuten\u00e7\u00e3o do ar-condicionado, (caso o servi\u00e7o seja realizado por<br>empresa), ou POP descritivo da forma de limpeza e periodicidade quando realizada por conta pr\u00f3pria ou ainda, declara\u00e7\u00e3o que n\u00e3o possui ar-condicionado, (caso n\u00e3o tenha ar-condicionado no local). OBS: Para ar-condicionado cuja pot\u00eancia seja maior ou igual 60.000 BTUs, exige-se o PMOC, conforme lei 13.589\/2018.<\/li>\n<\/ul>\n<\/li>\n<\/ul>\n<\/div><\/div>\n\n\n\n<div class=\"wp-block-pb-accordion-item c-accordion__item js-accordion-item no-js\" data-initially-open=\"false\" data-click-to-close=\"true\" data-auto-close=\"true\" data-scroll=\"false\" data-scroll-offset=\"0\"><h5 id=\"at-248843\" class=\"c-accordion__title js-accordion-controller\" role=\"button\">RESIDENCIAIS TERAP\u00caUTICOS<\/h5><div id=\"ac-248843\" class=\"c-accordion__content\">\n<ul class=\"wp-block-list\">\n<li>C\u00f3pia do Contrato Social e CNPJ;<\/li>\n\n\n\n<li>C\u00f3pia do CPF e documento de identifica\u00e7\u00e3o com foto do Respons\u00e1vel Legal;<\/li>\n\n\n\n<li>Respons\u00e1vel T\u00e9cnico (RT): C\u00f3pia da Carteira de identidade profissional e Certid\u00e3o de RT emitida pelo Conselho de Classe (COM COMPROVA\u00c7\u00c3O DE FORMA\u00c7\u00c3O, EXPERI\u00caNCIA OU ESPECIALIZA\u00c7\u00c3O EM SA\u00daDE MENTAL) e do Respons\u00e1vel T\u00e9cnico substituto.<\/li>\n\n\n\n<li>C\u00f3pia da identidade\/habilita\u00e7\u00e3o profissional de nutricionista respons\u00e1vel pelo Servi\u00e7o de Alimenta\u00e7\u00e3o.<\/li>\n\n\n\n<li>C\u00f3pia da Certid\u00e3o de Responsabilidade T\u00e9cnica expedida pelo Conselho de Classe, para RT<\/li>\n\n\n\n<li>Rela\u00e7\u00e3o atualizada dos profissionais (nome completo, cargo\/fun\u00e7\u00e3o\/forma\u00e7\u00e3o, no Conselho de Classe (quando houver), carga hor\u00e1ria semanal\/turno de trabalho)<\/li>\n\n\n\n<li>Rela\u00e7\u00e3o de Residentes\/ Acolhidos, constando: nome, data de interna\u00e7\u00e3o, data de nascimento, patologia e cidade de proced\u00eancia;<\/li>\n\n\n\n<li>Certificado de desinsetiza\u00e7\u00e3o\/desratiza\u00e7\u00e3o, e Alvar\u00e1 Sanit\u00e1rio da empresa prestadora do servi\u00e7o.<\/li>\n\n\n\n<li>Certificado de limpeza e manuten\u00e7\u00e3o do ar-condicionado e POP do procedimento.<\/li>\n\n\n\n<li>Certificado de limpeza do reservat\u00f3rio de \u00e1gua por empresa licenciada e Alvar\u00e1 Sanit\u00e1rio da empresa prestadora do servi\u00e7o; se abastecimento exclusivo pela CORSAN apresentar c\u00f3pia do boleto e declara\u00e7\u00e3o expressa; se possuir po\u00e7o artesiano, apresentar c\u00f3pia das an\u00e1lises f\u00edsico-qu\u00edmicas e microbiol\u00f3gicas da \u00e1gua e comprovante de tratamento por cloro conforme Portaria GM\/MS no 888, de04 de maio de 2021;<\/li>\n\n\n\n<li>Se o estabelecimento for gerador de res\u00edduos de sa\u00fade, apresentar o Plano de Gerenciamento de Res\u00edduos de Servi\u00e7os de Sa\u00fade \u2013 Seguir as <a href=\"https:\/\/www.pmpf.rs.gov.br\/secretaria-de-saude\/wp-content\/uploads\/sites\/50\/2021\/12\/vigilancia_sanitaria_anexoIX_orientacao_pgrss.pdf\" target=\"_blank\" rel=\"noreferrer noopener\">orienta\u00e7\u00f5es<\/a> e usar o <a href=\"https:\/\/www.pmpf.rs.gov.br\/secretaria-de-saude\/wp-content\/uploads\/sites\/50\/2021\/12\/vigilancia_sanitaria_anexoX_modelo_pgrss_31_10_2019.odt\" target=\"_blank\" rel=\"noreferrer noopener\">modelo<\/a>. Legisla\u00e7\u00f5es: Portaria 500\/2010, RDC 42\/2010 e RDC 50\/ 2002, RDC 63\/2011, Portaria 453\/98.<\/li>\n\n\n\n<li>Certificado atualizado de recolhimento do lixo s\u00e9ptico ou do contrato, com c\u00f3pia da \u00faltima guia de pagamento; caso n\u00e3o produza, declara\u00e7\u00e3o de que n\u00e3o produz;<\/li>\n\n\n\n<li>C\u00f3pia do Termo de Ades\u00e3o ao Protocolo de Exposi\u00e7\u00e3o Ocupacional \u00e0 Material Biol\u00f3gico no setor da Sa\u00fade do Trabalhador para os que produzem lixo s\u00e9ptico;<\/li>\n\n\n\n<li>Manual de Boas Pr\u00e1ticas de Alimenta\u00e7\u00e3o (RDC 216\/04 e Portaria 799\/2023) com atualiza\u00e7\u00e3o recente;<\/li>\n\n\n\n<li>Comprovante de capacita\u00e7\u00e3o em Boas Pr\u00e1ticas de Servi\u00e7os de Alimenta\u00e7\u00e3o, (RDC 216\/04 e Portaria 799\/2023) do(s) manipulador(es) de alimentos\/cozinheira(s)<\/li>\n\n\n\n<li>Regimento Interno e\/ou de enfermagem (COREN) atualizado;<\/li>\n\n\n\n<li>C\u00f3pia do Plano de Cuidados Terap\u00eauticos.<\/li>\n<\/ul>\n\n\n\n<p class=\"has-grey-background-color has-background has-small-font-size\"><strong>Observa\u00e7\u00e3o: em caso de modifica\u00e7\u00e3o estrutural da \u00e1rea f\u00edsica (reforma) ou mudan\u00e7a de endere\u00e7o: C\u00f3pia do Projeto Arquitet\u00f4nico aprovado pela Secretaria Municipal de Obras (SMO)<\/strong><\/p>\n<\/div><\/div>\n\n\n\n<div class=\"wp-block-pb-accordion-item c-accordion__item js-accordion-item no-js\" data-initially-open=\"false\" data-click-to-close=\"true\" data-auto-close=\"true\" data-scroll=\"false\" data-scroll-offset=\"0\"><h5 id=\"at-248844\" class=\"c-accordion__title js-accordion-controller\" role=\"button\">SUPERMERCADOS, MERCADOS, A\u00c7OUGUE E PEIXARIA<\/h5><div id=\"ac-248844\" class=\"c-accordion__content\">\n<ul class=\"wp-block-list\">\n<li>Contrato Social e CNPJ;<\/li>\n\n\n\n<li>Documento de identifica\u00e7\u00e3o com foto do Respons\u00e1vel Legal;<\/li>\n\n\n\n<li>Certificado de Desinsetiza\u00e7\u00e3o e Desratiza\u00e7\u00e3o de estabelecimento que possua Alvar\u00e1 Sanit\u00e1rio v\u00e1lido, caso seja realizada por empresa com estabelecimento em outro munic\u00edpio anexar c\u00f3pia do respectivo Alvar\u00e1 Sanit\u00e1rio da empresa que realizou o servi\u00e7o;<\/li>\n\n\n\n<li>Certificado de limpeza e manuten\u00e7\u00e3o do ar-condicionado, caso o servi\u00e7o seja realizado por empresa; ou POP descritivo da forma da limpeza e a periodicidade, caso realizada por conta pr\u00f3pria, ou caso n\u00e3o tenha ar-condicionado no local, trazer declara\u00e7\u00e3o de que n\u00e3o possui;<\/li>\n\n\n\n<li>Certificado de Limpeza do Reservat\u00f3rio por empresa licenciada. (Portaria Estadual 1237\/2014 Artigo 3o). No caso de possuir po\u00e7o artesiano, apresentar c\u00f3pia das an\u00e1lises f\u00edsico-qu\u00edmicas e microbiol\u00f3gicas da \u00e1gua e comprovante de tratamento por cloro conforme Portaria GM\/MS no 888, de 04 de maio de 2021.<\/li>\n\n\n\n<li>Comprovante de capacita\u00e7\u00e3o em Boas Pr\u00e1ticas (RDC 216\/04 e Portaria 78\/09);<\/li>\n\n\n\n<li>Manual de Boas Pr\u00e1ticas, (RDC 216\/04 e Portaria 78\/09).<\/li>\n<\/ul>\n<\/div><\/div>\n\n\n\n<div class=\"wp-block-pb-accordion-item c-accordion__item js-accordion-item no-js\" data-initially-open=\"false\" data-click-to-close=\"true\" data-auto-close=\"true\" data-scroll=\"false\" data-scroll-offset=\"0\"><h5 id=\"at-248845\" class=\"c-accordion__title js-accordion-controller\" role=\"button\">RESTAURANTE, BAR, LANCHERIA, CANTINAS ESCOLARES, PADARIA, FORNECIMENTO DE ALIMENTOS PREPARADOS, ARMAZ\u00c9M, SORVETERIA, LOJA DE CONVENI\u00caNCIA, COM\u00c9RCIO VAREJISTA E DISTRIBUIDORA DE ALIMENTOS (INCLUSIVE BEBIDAS), E ESTABELECIMENTOS CONG\u00caNERES<\/h5><div id=\"ac-248845\" class=\"c-accordion__content\">\n<ul class=\"wp-block-list\">\n<li>Contrato Social e CNPJ;<\/li>\n\n\n\n<li>Documento de identifica\u00e7\u00e3o com foto do Respons\u00e1vel Legal;<\/li>\n\n\n\n<li>Certificado de Desinsetiza\u00e7\u00e3o e Desratiza\u00e7\u00e3o. (A empresa que vai realizar o<br>servi\u00e7o tem que possuir Alvar\u00e1 Sanit\u00e1rio v\u00e1lido, caso seja realizada por empresa<br>com estabelecimento em outro munic\u00edpio anexar c\u00f3pia do respectivo Alvar\u00e1<br>Sanit\u00e1rio);<\/li>\n\n\n\n<li>Certificado de limpeza e manuten\u00e7\u00e3o do ar-condicionado, caso o servi\u00e7o seja<br>realizado por empresa, ou POP descritivo da forma da limpeza e a periodicidade,<br>caso realizada por conta pr\u00f3pria, ou caso n\u00e3o tenha ar-condicionado no local,<br>trazer declara\u00e7\u00e3o de que n\u00e3o possui;<\/li>\n\n\n\n<li>Certificado de Limpeza do Reservat\u00f3rio por empresa licenciada ou Declara\u00e7\u00e3o de<br>que n\u00e3o possui reservat\u00f3rio de \u00e1gua. (Portaria Estadual 1237\/2014 Artigo 3\u00ba). No<br>caso de abastecimento exclusivo pela CORSAN apresentar c\u00f3pia do boleto. No<br>caso de possuir po\u00e7o artesiano, apresentar c\u00f3pia das an\u00e1lises f\u00edsico- qu\u00edmicas e<br>microbiol\u00f3gicas da \u00e1gua e comprovante de tratamento por cloro conforme<br>Portaria GM\/MS n\u00ba 888, de 04 de maio de 2021<\/li>\n\n\n\n<li>Comprovante de capacita\u00e7\u00e3o em Boas Pr\u00e1ticas, (RDC 216\/04 e Portaria SES 799\/2023);<\/li>\n\n\n\n<li>Manual de Boas Pr\u00e1ticas conforme (RDC 216\/04 e Portaria<strong> SES 799\/2023).<\/strong><br><\/li>\n<\/ul>\n<\/div><\/div>\n\n\n\n<div class=\"wp-block-pb-accordion-item c-accordion__item js-accordion-item no-js\" data-initially-open=\"false\" data-click-to-close=\"true\" data-auto-close=\"true\" data-scroll=\"false\" data-scroll-offset=\"0\"><h5 id=\"at-248846\" class=\"c-accordion__title js-accordion-controller\" role=\"button\">SERVI\u00c7OS DE ENDOSCOPIA<\/h5><div id=\"ac-248846\" class=\"c-accordion__content\">\n<ul class=\"wp-block-list\">\n<li>Contrato Social e CNPJ;<\/li>\n\n\n\n<li>Documento de identifica\u00e7\u00e3o com foto do Respons\u00e1vel Legal;<\/li>\n\n\n\n<li>Ficha reduzida do Cadastro Nacional de Estabelecimentos de Sa\u00fade \u2013 CNES, emitido atrav\u00e9s do site do mesmo;<\/li>\n\n\n\n<li>Certid\u00e3o de Responsabilidade T\u00e9cnica de profissional legalmente habilitado, de acordo com as atividades desenvolvidas no estabelecimento, expedida pelo respectivo Conselho de Classe;<\/li>\n\n\n\n<li>Certificado de Desinsetiza\u00e7\u00e3o de estabelecimento que possua Alvar\u00e1 Sanit\u00e1rio v\u00e1lido, caso seja realizada por empresa com estabelecimento em outro munic\u00edpio anexar c\u00f3pia do respectivo Alvar\u00e1 Sanit\u00e1rio da empresa que realizou o servi\u00e7o);<\/li>\n\n\n\n<li>Certificado de limpeza e manuten\u00e7\u00e3o do ar condicionado, caso o servi\u00e7o seja realizado por<br>empresa ou POP descritivo da forma da limpeza e a periodicidade, caso realizada por conta<br>pr\u00f3pria, ou caso n\u00e3o tenha ar condicionado no local, trazer declara\u00e7\u00e3o de que n\u00e3o possui;<\/li>\n\n\n\n<li>Certificado de Limpeza do Reservat\u00f3rio por empresa licenciada. (Portaria Estadual 1237\/2014 Artigo 3o).No caso de abastecimento exclusivo pela CORSAN apresentar c\u00f3pia do boleto e declara\u00e7\u00e3o expressa. No caso de possuir po\u00e7o artesiano, apresentar c\u00f3pia das an\u00e1lises f\u00edsico-qu\u00edmicas e microbiol\u00f3gicas da \u00e1gua e comprovante de tratamento por cloro conforme Portaria GM\/MS no 888, de 04 de maio de 2021.<\/li>\n\n\n\n<li>Plano de Gerenciamento de Res\u00edduos de Servi\u00e7os de Sa\u00fade (PGRSS).<\/li>\n\n\n\n<li>Contrato de recolhimento do lixo, e c\u00f3pia da \u00faltima guia de pagamento ou comprovante de<br>recolhimento do lixo, ou caso n\u00e3o produza, declara\u00e7\u00e3o de que n\u00e3o produz;<\/li>\n\n\n\n<li>Listagem de Equipamentos com o n\u00famero de registro na ANVISA;<\/li>\n\n\n\n<li>POP com detalhamento de todas as etapas de processamento dos equipamentos e acess\u00f3rios<br>utilizados nos procedimentos endosc\u00f3picos.<\/li>\n\n\n\n<li>Registro do processamento de Materiais Cr\u00edticos (Esteriliza\u00e7\u00e3o).<\/li>\n\n\n\n<li>Registro de controle das subst\u00e2ncias e medicamentos sujeitos a controle especial (entorpecentes e psicotr\u00f3picos) utilizados durante o procedimento endosc\u00f3pico;<\/li>\n\n\n\n<li>Documenta\u00e7\u00e3o e Registro de Manuten\u00e7\u00e3o dos Equipamentos dos \u00faltimos 12 meses.<\/li>\n\n\n\n<li>C\u00f3pia do Projeto Arquitet\u00f4nico do Estabelecimento de Sa\u00fade ou justificativa da inexist\u00eancia do mesmo, a ser avaliada pelo fiscal;( se houver modifica\u00e7\u00e3o ou no 1\u00b0 Alvar\u00e1).<\/li>\n\n\n\n<li>Planta baixa aprovada do projeto arquitet\u00f4nico do Estabelecimento de Sa\u00fade pelo \u00d3rg\u00e3o da Vigil\u00e2ncia Sanit\u00e1ria ou \u00d3rg\u00e3o Municipal Competente. (se houver modifica\u00e7\u00e3o ou no 1\u00b0 Alvar\u00e1).<\/li>\n<\/ul>\n<\/div><\/div>\n\n\n\n<div class=\"wp-block-pb-accordion-item c-accordion__item js-accordion-item no-js\" data-initially-open=\"false\" data-click-to-close=\"true\" data-auto-close=\"true\" data-scroll=\"false\" data-scroll-offset=\"0\"><h5 id=\"at-248847\" class=\"c-accordion__title js-accordion-controller\" role=\"button\">SERVI\u00c7OS DE DESINSETIZA\u00c7\u00c3O<\/h5><div id=\"ac-248847\" class=\"c-accordion__content\">\n<ul class=\"wp-block-list\">\n<li>Contrato Social e CNPJ;<\/li>\n\n\n\n<li>Documento de identifica\u00e7\u00e3o com foto do Respons\u00e1vel Legal;<\/li>\n\n\n\n<li>Carteira de identidade profissional emitida do Respons\u00e1vel T\u00e9cnico se houver;<\/li>\n\n\n\n<li>Certificado de limpeza e manuten\u00e7\u00e3o do ar condicionado, caso o servi\u00e7o seja realizado por<br>empresa; ou POP descritivo da forma da limpeza e a periodicidade, caso realizada por conta<br>pr\u00f3pria ou caso n\u00e3o tenha ar condicionado no local, trazer declara\u00e7\u00e3o de que n\u00e3o possui;<\/li>\n\n\n\n<li>Certificado de Limpeza do Reservat\u00f3rio por empresa licenciada ou Declara\u00e7\u00e3o de que n\u00e3o possui reservat\u00f3rio de \u00e1gua. (Portaria Estadual 1237\/2014 Artigo 3o). No caso de abastecimento exclusivo pela CORSAN apresentar c\u00f3pia do boleto. No caso de possuir po\u00e7o artesiano, apresentar c\u00f3pia das an\u00e1lises f\u00edsico- qu\u00edmicas e microbiol\u00f3gicas da \u00e1gua e comprovante de tratamento por cloro conforme Portaria GM\/MS no 888, de 04 de maio de 2021.<\/li>\n\n\n\n<li>Documento do ve\u00edculo (CRLV) atualizado, que ser\u00e1 utilizado para transportar os saneantes<br>desinfetantes;<\/li>\n\n\n\n<li>Certificado de Anota\u00e7\u00e3o de Fun\u00e7\u00e3o T\u00e9cnica \u2013 AFT e Certificado de Registro do Respons\u00e1vel<br>T\u00e9cnico v\u00e1lido;<\/li>\n\n\n\n<li>Autoriza\u00e7\u00e3o de Funcionamento da FEPAM;<\/li>\n\n\n\n<li>POP \u2013 Memorial descritivo das atividades das Atribui\u00e7\u00f5es do Respons\u00e1vel T\u00e9cnico;<\/li>\n\n\n\n<li>Plano de Gerenciamento de Res\u00edduos, conforme RDC RDC 222\/18 ANVISA e Resolu\u00e7\u00e3o RDC 358\/05 CONAMA.<\/li>\n<\/ul>\n<\/div><\/div>\n\n\n\n<div class=\"wp-block-pb-accordion-item c-accordion__item js-accordion-item no-js\" data-initially-open=\"false\" data-click-to-close=\"true\" data-auto-close=\"true\" data-scroll=\"false\" data-scroll-offset=\"0\"><h5 id=\"at-248848\" class=\"c-accordion__title js-accordion-controller\" role=\"button\">SERVI\u00c7O DE DESINFEC\u00c7\u00c3O E LIMPEZA DE RESERVAT\u00d3RIO DE \u00c1GUA E TRATAMENTO DE \u00c1GUA<\/h5><div id=\"ac-248848\" class=\"c-accordion__content\">\n<ul class=\"wp-block-list\">\n<li>Contrato Social e CNPJ;<\/li>\n\n\n\n<li>Documento de identifica\u00e7\u00e3o com foto do Respons\u00e1vel Legal;<\/li>\n\n\n\n<li>Carteira de identidade profissional emitida do Respons\u00e1vel T\u00e9cnico;<\/li>\n\n\n\n<li>Certificado de limpeza e manuten\u00e7\u00e3o do ar-condicionado, caso o servi\u00e7o seja realizado por empresa; ou POP descritivo da forma da limpeza e a periodicidade, caso realizada por conta pr\u00f3pria ou caso n\u00e3o tenha ar-condicionado no local, trazer declara\u00e7\u00e3o de que n\u00e3o possui;<\/li>\n\n\n\n<li>Certificado de Limpeza do Reservat\u00f3rio por empresa licenciada ou Declara\u00e7\u00e3o de que n\u00e3o possui reservat\u00f3rio de \u00e1gua. (Portaria Estadual 1237\/2014 Artigo 3\u00ba).<br>No caso de abastecimento exclusivo pela CORSAN apresentar c\u00f3pia do boleto.<br>No caso de possuir po\u00e7o artesiano, apresentar c\u00f3pia das an\u00e1lises f\u00edsico-qu\u00edmicas e microbiol\u00f3gicas da \u00e1gua e comprovante de tratamento por cloro conforme Portaria GM\/MS n\u00ba 888, de 04 de maio de 2021.<\/li>\n\n\n\n<li>Carteira Profissional do Respons\u00e1vel T\u00e9cnico;<\/li>\n\n\n\n<li>Contrato de trabalho com o Respons\u00e1vel T\u00e9cnico;<\/li>\n\n\n\n<li>Comprovante da taxa quitada com o Conselho do Respons\u00e1vel T\u00e9cnico;<\/li>\n\n\n\n<li>POP com descri\u00e7\u00e3o detalhada de todas atividades desenvolvida assinadas pelo respons\u00e1vel da empresa e respons\u00e1vel t\u00e9cnico e autenticada em todas as vias pelo RT;<\/li>\n\n\n\n<li>POP descritivo de como \u00e9 realizado o tratamento de \u00e1gua.<\/li>\n<\/ul>\n<\/div><\/div>\n\n\n\n<div class=\"wp-block-pb-accordion-item c-accordion__item js-accordion-item no-js\" data-initially-open=\"false\" data-click-to-close=\"true\" data-auto-close=\"true\" data-scroll=\"false\" data-scroll-offset=\"0\"><h5 id=\"at-248849\" class=\"c-accordion__title js-accordion-controller\" role=\"button\">TRANSPORTE DE ALIMENTOS<\/h5><div id=\"ac-248849\" class=\"c-accordion__content\">\n<ul class=\"wp-block-list\">\n<li>C\u00f3pia do Alvar\u00e1 de Localiza\u00e7\u00e3o se MEI ou Aut\u00f4nomo ou c\u00f3pia do Contrato<br>Social e CNPJ se Pessoa Jur\u00eddica;<\/li>\n\n\n\n<li>Documento de Identifica\u00e7\u00e3o com foto do Respons\u00e1vel Legal;<\/li>\n\n\n\n<li>Documento do ve\u00edculo (CRLV) atualizado;<\/li>\n\n\n\n<li><a href=\"https:\/\/www.pmpf.rs.gov.br\/secretaria-de-saude\/wp-content\/uploads\/sites\/50\/2022\/03\/alvara-sanitario-termo-transporte-1.odt\">Termo de Responsabilidade<\/a> para solicita\u00e7\u00e3o de licen\u00e7a para Ve\u00edculos de Transporte de Alimentos. <\/li>\n\n\n\n<li>Em caso de transportar carga para estabelecimento(s) espec\u00edfico(s), apresentar c\u00f3pia dos Alvar\u00e1(s) Sanit\u00e1rio(s) atualizado(s) da(s) empresa(s).<\/li>\n<\/ul>\n<\/div><\/div>\n\n\n\n<div class=\"wp-block-pb-accordion-item c-accordion__item js-accordion-item no-js\" data-initially-open=\"false\" data-click-to-close=\"true\" data-auto-close=\"true\" data-scroll=\"false\" data-scroll-offset=\"0\"><h5 id=\"at-248850\" class=\"c-accordion__title js-accordion-controller\" role=\"button\">UNIDADES DE SA\u00daDE (UBS, ESF)<\/h5><div id=\"ac-248850\" class=\"c-accordion__content\">\n<ul class=\"wp-block-list\">\n<li>Licen\u00e7a de localiza\u00e7\u00e3o;<\/li>\n\n\n\n<li>Certificado de Desinsetiza\u00e7\u00e3o;<\/li>\n\n\n\n<li>Certificado de limpeza e manuten\u00e7\u00e3o do ar condicionado;<\/li>\n\n\n\n<li>Certificado de Limpeza do Reservat\u00f3rio por empresa licenciada;<\/li>\n\n\n\n<li>Carteira do Conselho Profissional do respons\u00e1vel t\u00e9cnico;<\/li>\n\n\n\n<li>Rela\u00e7\u00e3o de atividades desenvolvidas na Unidade e dos procedimentos realizados em cada<br>atividade;<\/li>\n\n\n\n<li>Certificado atualizado de recolhimento do lixo s\u00e9ptico ou do contrato com c\u00f3pia da \u00faltima guia de pagamento;<\/li>\n\n\n\n<li>Termo de Ades\u00e3o ao Protocolo de Exposi\u00e7\u00e3o Ocupacional \u00e0 Material Biol\u00f3gico no setor da<br>Sa\u00fade do Trabalhador para os que realizam procedimentos;<\/li>\n\n\n\n<li>POP descrevendo a lavagem e esteriliza\u00e7\u00e3o de materiais quando realizado procedimentos de<br>esteriliza\u00e7\u00e3o;<\/li>\n\n\n\n<li>Plano de Gerenciamento de Res\u00edduos de Servi\u00e7os de Sa\u00fade \u2013 Conforme <a href=\"https:\/\/www.pmpf.rs.gov.br\/secretaria-de-saude\/wp-content\/uploads\/sites\/50\/2021\/12\/vigilancia_sanitaria_anexoIX_orientacao_pgrss.pdf\">Anexo IX<\/a>.<\/li>\n\n\n\n<li><strong>Obs.: Nas Unidades onde s\u00e3o desenvolvidas atividades como vacina\u00e7\u00e3o, dispensa\u00e7\u00e3o de medicamentos, odontologia, diagn\u00f3stico por imagem e posto de coleta, dever\u00e3o ser apresentados tamb\u00e9m os documentos espec\u00edficos, necess\u00e1rios para o exerc\u00edcio dessas atividades.<\/strong><\/li>\n<\/ul>\n<\/div><\/div>\n\n\n\n<div class=\"wp-block-pb-accordion-item c-accordion__item js-accordion-item no-js\" data-initially-open=\"false\" data-click-to-close=\"true\" data-auto-close=\"true\" data-scroll=\"false\" data-scroll-offset=\"0\"><h5 id=\"at-248851\" class=\"c-accordion__title js-accordion-controller\" role=\"button\">CL\u00cdNICA E\/OU CONSULT\u00d3RIO ODONTOL\u00d3GICO SEM RX<\/h5><div id=\"ac-248851\" class=\"c-accordion__content\">\n<ul class=\"wp-block-list\">\n<li>Contrato Social e CNPJ;<\/li>\n\n\n\n<li>Documento de identifica\u00e7\u00e3o com foto do Respons\u00e1vel Legal;<\/li>\n\n\n\n<li><strong>Se Cl\u00ednica:<\/strong> (Empresa Prestadora de Assist\u00eancia Odontol\u00f3gica\/ EPAO): apresentar c\u00f3pia do<br>certificado de registro e inscri\u00e7\u00e3o com o nome e o n\u00famero do CRO do respons\u00e1vel t\u00e9cnico v\u00e1lido emitido pelo CRO e Carteira do Conselho Profissional do respons\u00e1vel t\u00e9cnico;<\/li>\n\n\n\n<li><strong>Se Consult\u00f3rio:<\/strong> Carteira do Conselho Profissional do respons\u00e1vel t\u00e9cnico;<\/li>\n\n\n\n<li>Certificado de Desinsetiza\u00e7\u00e3o de estabelecimento que possua Alvar\u00e1 Sanit\u00e1rio v\u00e1lido, caso seja realizada por empresa com estabelecimento em outro munic\u00edpio anexar c\u00f3pia do respectivo Alvar\u00e1 Sanit\u00e1rio da empresa que realizou o servi\u00e7o);<\/li>\n\n\n\n<li>Certificado de limpeza e manuten\u00e7\u00e3o do ar condicionado, caso o servi\u00e7o seja realizado por<br>empresa ou POP descritivo da forma da limpeza e a periodicidade, caso realizada por conta<br>pr\u00f3pria, ou caso n\u00e3o tenha ar condicionado no local, trazer declara\u00e7\u00e3o de que n\u00e3o possui;<\/li>\n\n\n\n<li>Certificado de Limpeza do Reservat\u00f3rio por empresa licenciada. (Portaria Estadual 1237\/2014 Artigo 3\u00ba). No caso de abastecimento exclusivo pela CORSAN apresentar c\u00f3pia do boleto e declara\u00e7\u00e3o expressa. No caso de possuir po\u00e7o artesiano, apresentar c\u00f3pia das an\u00e1lises f\u00edsico-qu\u00edmicas e microbiol\u00f3gicas da \u00e1gua e comprovante de tratamento por cloro conforme Portaria GM\/MS no 888, de 04 de maio de 2021.<\/li>\n\n\n\n<li>POP descrevendo a lavagem e esteriliza\u00e7\u00e3o de materiais;<\/li>\n\n\n\n<li>Teste biol\u00f3gico da Autoclave semanal dos \u00faltimos 6 meses, e arquivados no local para avalia\u00e7\u00e3o do fiscal ou se equipamento novo, testes desde a instala\u00e7\u00e3o. Portaria Estadual 500\/2012;<\/li>\n\n\n\n<li>Ficha Odontol\u00f3gica (ANAMNESE);<\/li>\n\n\n\n<li>Termo de Ades\u00e3o ao Protocolo de Exposi\u00e7\u00e3o Ocupacional \u00e0 Material Biol\u00f3gico no setor da Sa\u00fade do Trabalhador Contato (3046-0164);<\/li>\n\n\n\n<li>Contrato de recolhimento do lixo, e c\u00f3pia da \u00faltima guia de pagamento ou comprovante de recolhimento do lixo, ou caso n\u00e3o produza, declara\u00e7\u00e3o de que n\u00e3o produz;<\/li>\n\n\n\n<li>Plano de Gerenciamento de Res\u00edduos de Servi\u00e7os de Sa\u00fade \u2013 Seguir as orienta\u00e7\u00f5es do <a href=\"https:\/\/www.pmpf.rs.gov.br\/secretaria-de-saude\/wp-content\/uploads\/sites\/50\/2021\/12\/vigilancia_sanitaria_anexoIX_orientacao_pgrss.pdf\" target=\"_blank\" rel=\"noreferrer noopener\">Anexo IX<\/a> e usar o modelo do <a href=\"https:\/\/www.pmpf.rs.gov.br\/secretaria-de-saude\/wp-content\/uploads\/sites\/50\/2021\/12\/vigilancia_sanitaria_anexoX_modelo_pgrss_31_10_2019.odt\" target=\"_blank\" rel=\"noreferrer noopener\">Anexo X<\/a>. Legisla\u00e7\u00f5es: Portaria 500\/2010, RDC 42\/2010 e RDC 50\/ 2002, RDC 63\/2011, Portaria 453\/98.<\/li>\n<\/ul>\n<\/div><\/div>\n\n\n\n<div class=\"wp-block-pb-accordion-item c-accordion__item js-accordion-item no-js\" data-initially-open=\"false\" data-click-to-close=\"true\" data-auto-close=\"true\" data-scroll=\"false\" data-scroll-offset=\"0\"><h5 id=\"at-248852\" class=\"c-accordion__title js-accordion-controller\" role=\"button\">CL\u00cdNICA E\/OU CONSULT\u00d3RIO ODONTOL\u00d3GICO COM RX<\/h5><div id=\"ac-248852\" class=\"c-accordion__content\">\n<ul class=\"wp-block-list\">\n<li>Contrato Social e CNPJ;<\/li>\n\n\n\n<li>Documento de identifica\u00e7\u00e3o com foto do Respons\u00e1vel Legal;<\/li>\n\n\n\n<li>Se Cl\u00ednica: (Empresa Prestadora de Assist\u00eancia Odontol\u00f3gica\/ EPAO): apresentar c\u00f3pia do<br>certificado de registro e inscri\u00e7\u00e3o com o nome e o n\u00famero do CRO do respons\u00e1vel t\u00e9cnico v\u00e1lido emitido pelo CRO e Carteira do Conselho Profissional do respons\u00e1vel t\u00e9cnico;<\/li>\n\n\n\n<li>Se Consult\u00f3rio: Carteira do Conselho Profissional do respons\u00e1vel t\u00e9cnico;<\/li>\n\n\n\n<li>Certificado de Desinsetiza\u00e7\u00e3o de estabelecimento que possua Alvar\u00e1 Sanit\u00e1rio v\u00e1lido, caso seja realizada por empresa com estabelecimento em outro munic\u00edpio anexar c\u00f3pia do respectivo Alvar\u00e1 Sanit\u00e1rio da empresa que realizou o servi\u00e7o);<\/li>\n\n\n\n<li>Certificado de limpeza e manuten\u00e7\u00e3o do ar-condicionado, caso o servi\u00e7o seja realizado por empresa ou POP descritivo da forma da limpeza e a periodicidade, caso realizada por conta pr\u00f3pria, ou caso n\u00e3o tenha ar-condicionado no local, trazer declara\u00e7\u00e3o de que n\u00e3o possui;<\/li>\n\n\n\n<li>Certificado de Limpeza do Reservat\u00f3rio por empresa licenciada. (Portaria Estadual 1237\/2014 Artigo 3o). No caso de abastecimento exclusivo pela CORSAN apresentar c\u00f3pia do boleto e declara\u00e7\u00e3o expressa. No caso de possuir po\u00e7o artesiano, apresentar c\u00f3pia das an\u00e1lises f\u00edsico-qu\u00edmicas e microbiol\u00f3gicas da \u00e1gua e comprovante de tratamento por cloro conforme Portaria GM\/MS no 888, de 04 de maio de 2021.<\/li>\n\n\n\n<li>POP descrevendo a lavagem e esteriliza\u00e7\u00e3o de materiais;<\/li>\n\n\n\n<li>Teste biol\u00f3gico semanal da Autoclave dos \u00faltimos 6 meses, e arquivados no local para avalia\u00e7\u00e3o do fiscal ou se equipamento novo, testes desde a instala\u00e7\u00e3o. Portaria Estadual 500\/2012<\/li>\n\n\n\n<li>Ficha odontol\u00f3gica (ANAMNESE);<\/li>\n\n\n\n<li>Termo de Ades\u00e3o ao Protocolo de Exposi\u00e7\u00e3o Ocupacional \u00e0 Material Biol\u00f3gico no setor da Sa\u00fade do Trabalhador Contato (3046-0164);<\/li>\n\n\n\n<li>Contrato de recolhimento do lixo, e c\u00f3pia da \u00faltima guia de pagamento ou comprovante de<br>recolhimento do lixo, ou caso n\u00e3o produza, declara\u00e7\u00e3o de que n\u00e3o produz;<\/li>\n\n\n\n<li>Plano de Gerenciamento de Res\u00edduos de Servi\u00e7os de Sa\u00fade \u2013 Seguir as orienta\u00e7\u00f5es do <a href=\"https:\/\/www.pmpf.rs.gov.br\/secretaria-de-saude\/wp-content\/uploads\/sites\/50\/2021\/12\/vigilancia_sanitaria_anexoIX_orientacao_pgrss.pdf\" target=\"_blank\" rel=\"noreferrer noopener\">Anexo IX<\/a> e usar o modelo do <a href=\"https:\/\/www.pmpf.rs.gov.br\/secretaria-de-saude\/wp-content\/uploads\/sites\/50\/2021\/12\/vigilancia_sanitaria_anexoX_modelo_pgrss_31_10_2019.odt\" target=\"_blank\" rel=\"noreferrer noopener\">Anexo X<\/a>. Legisla\u00e7\u00f5es: Portaria 500\/2010, RDC 42\/2010 e RDC 50\/ 2002, RDC 63\/2011, Portaria 453\/98.<\/li>\n\n\n\n<li><strong>Para servi\u00e7os que utilizam equipamentos de RX intra-oral:<\/strong>\n<ul class=\"wp-block-list\">\n<li>Levantamento Radiom\u00e9trico (v\u00e1lido por 4 anos);<\/li>\n\n\n\n<li>Certificado de Blindagem do Cabe\u00e7ote (teste de radia\u00e7\u00e3o de fuga)<\/li>\n\n\n\n<li>Testes de Controle de Qualidade (v\u00e1lido por 2 anos).<\/li>\n<\/ul>\n<\/li>\n\n\n\n<li><strong>Para servi\u00e7os que utilizam equipamentos de RX extra-oral:<\/strong>\n<ul class=\"wp-block-list\">\n<li>Ficha reduzida do Cadastro Nacional de Estabelecimentos de Sa\u00fade \u2013 CNES, emitido atrav\u00e9s do site do mesmo;<\/li>\n\n\n\n<li>C\u00f3pia do parecer de Aprova\u00e7\u00e3o do Projeto de Prote\u00e7\u00e3o Radiol\u00f3gica;<\/li>\n\n\n\n<li>C\u00f3pia de Contrato de Monitora\u00e7\u00e3o Individual (com relat\u00f3rio de doses dos tr\u00eas \u00faltimos meses);<\/li>\n\n\n\n<li>Levantamento radiom\u00e9trico (v\u00e1lido por 4 anos);<\/li>\n\n\n\n<li>Certificado de Blindagem do Cabe\u00e7ote (teste de radia\u00e7\u00e3o de fuga);<\/li>\n\n\n\n<li>Testes de Controle de Qualidade (v\u00e1lido por 2 anos);<\/li>\n\n\n\n<li>Aten\u00e7\u00e3o: somente ser\u00e3o aceitos laudos das empresas litadas em: <a href=\"https:\/\/www.cevs.rs.gov.br\/upload\/arquivos\/202206\/06170136-cadastro-empresas-na-area-fisica-medica-revisaocevs-03-06-2022.pdf\">https:\/\/www.cevs.rs.gov.br\/upload\/arquivos\/202206\/06170136-cadastro-empresas-na-area-fisica-medica-revisaocevs-03-06-2022.pdf<\/a>.<\/li>\n<\/ul>\n<\/li>\n<\/ul>\n<\/div><\/div>\n\n\n\n<div class=\"wp-block-pb-accordion-item c-accordion__item js-accordion-item no-js\" data-initially-open=\"false\" data-click-to-close=\"true\" data-auto-close=\"true\" data-scroll=\"false\" data-scroll-offset=\"0\"><h5 id=\"at-248853\" class=\"c-accordion__title js-accordion-controller\" role=\"button\">EST\u00c9TICA ODONTOL\u00d3GICA<\/h5><div id=\"ac-248853\" class=\"c-accordion__content\">\n<ul class=\"wp-block-list\">\n<li>Contrato Social e CNPJ;<\/li>\n\n\n\n<li>Documento de identifica\u00e7\u00e3o com foto do Respons\u00e1vel Legal;<\/li>\n\n\n\n<li>Carteira do Conselho Profissional do respons\u00e1vel t\u00e9cnico;<\/li>\n\n\n\n<li>Curso\/ comprovante de Especializa\u00e7\u00e3o em Harmoniza\u00e7\u00e3o Orofacial conforme estabelecido pelo Conselho Federal de Odontologia (CFO);<\/li>\n\n\n\n<li>Lista de medicamentos utilizados com registro na ANVISA;<\/li>\n\n\n\n<li>Comprovante do Controle de Temperatura da Geladeira\/Refrigerador que armazena os medicamentos;<\/li>\n\n\n\n<li>Certificado de Desinsetiza\u00e7\u00e3o de estabelecimento que possua Alvar\u00e1 Sanit\u00e1rio v\u00e1lido, caso seja realizada por empresa com estabelecimento em outro munic\u00edpio anexar c\u00f3pia do respectivo Alvar\u00e1 Sanit\u00e1rio da empresa que realizou o servi\u00e7o.<\/li>\n\n\n\n<li>Certificado de limpeza e manuten\u00e7\u00e3o do ar-condicionado, caso o servi\u00e7o seja realizado por empresa ou POP descritivo da forma da limpeza e a periodicidade, caso realizada por conta pr\u00f3pria, ou caso n\u00e3o tenha ar-condicionado no local, trazer declara\u00e7\u00e3o de que n\u00e3o possui;<\/li>\n\n\n\n<li>Certificado de Limpeza do Reservat\u00f3rio por empresa licenciada. (Portaria Estadual 1237\/2014 Artigo 3\u00ba). No caso de abastecimento exclusivo pela CORSAN apresentar c\u00f3pia do boleto e declara\u00e7\u00e3o expressa. No caso de possuir po\u00e7o artesiano, apresentar c\u00f3pia das an\u00e1lises f\u00edsico- qu\u00edmicas e microbiol\u00f3gicas da \u00e1gua e comprovante de tratamento por cloro conforme Portaria GM\/MS no 888, de 04 de maio de 2021.<\/li>\n\n\n\n<li>Teste biol\u00f3gico da Autoclave ou Declara\u00e7\u00e3o que n\u00e3o possui esse equipamento;<\/li>\n\n\n\n<li>Pop descrevendo como s\u00e3o realizadas a limpeza e esteriliza\u00e7\u00e3o dos materiais ou declara\u00e7\u00e3o de uso de material totalmente descart\u00e1vel;<\/li>\n\n\n\n<li>Termo de Ades\u00e3o ao Protocolo de Exposi\u00e7\u00e3o Ocupacional \u00e0 Material Biol\u00f3gico no setor da Sa\u00fade do Trabalhador Contato (3046-0164);<\/li>\n\n\n\n<li>Contrato de recolhimento do lixo, e c\u00f3pia da \u00faltima guia de pagamento ou comprovante de recolhimento do lixo, ou caso n\u00e3o produza, declara\u00e7\u00e3o de que n\u00e3o produz;<\/li>\n\n\n\n<li>Plano de Gerenciamento de Res\u00edduos de Servi\u00e7os de Sa\u00fade \u2013 Seguir as orienta\u00e7\u00f5es do <a href=\"https:\/\/www.pmpf.rs.gov.br\/secretaria-de-saude\/wp-content\/uploads\/sites\/50\/2021\/12\/vigilancia_sanitaria_anexoIX_orientacao_pgrss.pdf\" target=\"_blank\" rel=\"noreferrer noopener\">Anexo IX<\/a> e usar o modelo do <a href=\"https:\/\/www.pmpf.rs.gov.br\/secretaria-de-saude\/wp-content\/uploads\/sites\/50\/2021\/12\/vigilancia_sanitaria_anexoX_modelo_pgrss_31_10_2019.odt\" target=\"_blank\" rel=\"noreferrer noopener\">Anexo X<\/a>. Legisla\u00e7\u00f5es: Portaria 500\/2010, RDC 42\/2010 e RDC 50\/ 2002, RDC 63\/2011, Portaria 453\/98.<\/li>\n<\/ul>\n<\/div><\/div>\n\n\n\n<div class=\"wp-block-pb-accordion-item c-accordion__item js-accordion-item no-js\" data-initially-open=\"false\" data-click-to-close=\"true\" data-auto-close=\"true\" data-scroll=\"false\" data-scroll-offset=\"0\"><h5 id=\"at-248854\" class=\"c-accordion__title js-accordion-controller\" role=\"button\">AMBUL\u00c2NCIA SUPORTE AVAN\u00c7ADO<\/h5><div id=\"ac-248854\" class=\"c-accordion__content\">\n<ul class=\"wp-block-list\">\n<li>Contrato Social e CNPJ;<\/li>\n\n\n\n<li>Documento de identifica\u00e7\u00e3o com foto do Respons\u00e1vel Legal;<\/li>\n\n\n\n<li>Documento de habilita\u00e7\u00e3o do condutor (CNH categoria D ou E);Curso de Condutor \/ Socorrista;<\/li>\n\n\n\n<li>Certificado de Registro e Licenciamento de Veiculo (CRVL);<\/li>\n\n\n\n<li>Registro profissional dos membros da equipe ( m\u00e9dicos, enfermeiros, t\u00e9cnicos de Enfermagem, condutores socorristas);<\/li>\n\n\n\n<li>Comprovante de Treinamento de Suporte Avan\u00e7ado de Vida;<\/li>\n\n\n\n<li>Certid\u00e3o de Responsabilidade T\u00e9cnica, emitida pelo \u00f3rg\u00e3o competente;<\/li>\n\n\n\n<li>Certificado de Coleta dos Res\u00edduos de Servi\u00e7os de Sa\u00fade e a \u00faltima guia de pagamento;<\/li>\n\n\n\n<li>Carteira de vacina\u00e7\u00e3o de Hepatite B, Antitet\u00e2nica e Gripe para todos os funcion\u00e1rios;<\/li>\n\n\n\n<li>Termo de Ades\u00e3o ao Protocolo de Exposi\u00e7\u00e3o Ocupacional \u00e0 Material Biol\u00f3gico no setor da Sa\u00fade do Trabalhador;<\/li>\n\n\n\n<li>Comprovante de Manuten\u00e7\u00e3o preventiva e corretiva do ve\u00edculo;<\/li>\n\n\n\n<li>Comprovante de Calibra\u00e7\u00e3o dos Equipamentos m\u00e9dicos dos \u00faltimos 12 meses;<\/li>\n\n\n\n<li>POP de Limpeza do Ve\u00edculo;<\/li>\n\n\n\n<li>POP de Limpeza e desinfec\u00e7\u00e3o de superf\u00edcies, materiais e utens\u00edlios;<\/li>\n\n\n\n<li>POP de Atendimento e Transporte do paciente;<\/li>\n\n\n\n<li>Contrato com lavanderia hospitalar com a \u00faltima guia de pagamento;<\/li>\n\n\n\n<li>Projeto arquitet\u00f4nico aprovado pela 6\u00ba Coordenadoria Regional de Sa\u00fade.<\/li>\n<\/ul>\n<\/div><\/div>\n\n\n\n<div class=\"wp-block-pb-accordion-item c-accordion__item js-accordion-item no-js\" data-initially-open=\"false\" data-click-to-close=\"true\" data-auto-close=\"true\" data-scroll=\"false\" data-scroll-offset=\"0\"><h5 id=\"at-248855\" class=\"c-accordion__title js-accordion-controller\" role=\"button\">VACINA\u00c7\u00c3O EXTRAMUROS<\/h5><div id=\"ac-248855\" class=\"c-accordion__content\">\n<ul class=\"wp-block-list\">\n<li>Contrato social e CNPJ:<\/li>\n\n\n\n<li>C\u00f3pia da Licen\u00e7a Sanit\u00e1ria vigente, obtida junto a vigil\u00e2ncia sanit\u00e1ria competente da \u00e1rea de jurisdi\u00e7\u00e3o da sede do estabelecimento, constando a licen\u00e7a para vacina\u00e7\u00e3o extramuros;<\/li>\n\n\n\n<li>Certid\u00e3o Respons\u00e1vel T\u00e9cnico emitida pelo Conselho de Classe v\u00e1lida;<\/li>\n\n\n\n<li>Apresenta\u00e7\u00e3o de um cronograma com o endere\u00e7o do local onde ser\u00e1 realizada a atividade, as datas em que a atividade ser\u00e1 realizada e o nome dos profissionais;<\/li>\n\n\n\n<li>CPF do Respons\u00e1vel Legal;<\/li>\n\n\n\n<li>Carteira de identidade profissional emitida do Respons\u00e1vel T\u00e9cnico;<\/li>\n\n\n\n<li>Lista de funcion\u00e1rios que atuar\u00e3o na atividade de vacina\u00e7\u00e3o tempor\u00e1ria, com nome completo, CPF e n\u00famero de registro profissional;<\/li>\n\n\n\n<li>C\u00f3pia do Plano de Gerenciamento de Res\u00edduos em Servi\u00e7os de Sa\u00fade do estabelecimento de sa\u00fade onde conste o manejo e a destina\u00e7\u00e3o final dos res\u00edduos provenientes da atividade extramuros;<\/li>\n\n\n\n<li>POP\u2019S dos procedimentos;<\/li>\n<\/ul>\n<\/div><\/div>\n\n\n\n<hr class=\"wp-block-separator has-css-opacity\"\/>\n\n\n\n<p class=\"has-grey-background-color has-background\"><\/p>\n\n\n\n<p><\/p>\n","protected":false},"featured_media":0,"template":"","canal":[26],"quem":[6,9],"servico_tags":[10],"class_list":["post-2488","servicos","type-servicos","status-publish","hentry","canal-online","quem-cidadao","quem-empresa","servico_tags-alvara"],"yoast_head":"<!-- This site is optimized with the Yoast SEO plugin v23.8 - https:\/\/yoast.com\/wordpress\/plugins\/seo\/ -->\n<title>Alvar\u00e1 Sanit\u00e1rio - Secretaria de Sa\u00fade<\/title>\n<meta name=\"robots\" content=\"index, follow, max-snippet:-1, max-image-preview:large, max-video-preview:-1\" \/>\n<link rel=\"canonical\" href=\"https:\/\/www.pmpf.rs.gov.br\/secretaria-de-saude\/servicos\/alvara-sanitario\/\" \/>\n<meta property=\"og:locale\" content=\"pt_BR\" \/>\n<meta property=\"og:type\" content=\"article\" \/>\n<meta property=\"og:title\" content=\"Alvar\u00e1 Sanit\u00e1rio - Secretaria de Sa\u00fade\" \/>\n<meta property=\"og:description\" content=\"Para a emiss\u00e3o do primeiro Alvar\u00e1 Sanit\u00e1rio ser\u00e1 utilizado o mesmo processo de pedido de Alvar\u00e1 de Localiza\u00e7\u00e3o e Funcionamento. A&nbsp;renova\u00e7\u00e3o&nbsp;do alvar\u00e1 sanit\u00e1rio dever\u00e1 ser requerida anualmente, com 30 dias antes do [&hellip;]\" \/>\n<meta property=\"og:url\" content=\"https:\/\/www.pmpf.rs.gov.br\/secretaria-de-saude\/servicos\/alvara-sanitario\/\" \/>\n<meta property=\"og:site_name\" content=\"Secretaria de Sa\u00fade\" \/>\n<meta property=\"article:modified_time\" content=\"2026-04-09T19:41:29+00:00\" \/>\n<meta name=\"twitter:card\" content=\"summary_large_image\" \/>\n<meta name=\"twitter:label1\" content=\"Est. tempo de leitura\" \/>\n\t<meta name=\"twitter:data1\" content=\"71 minutos\" \/>\n<script type=\"application\/ld+json\" class=\"yoast-schema-graph\">{\"@context\":\"https:\/\/schema.org\",\"@graph\":[{\"@type\":\"WebPage\",\"@id\":\"https:\/\/www.pmpf.rs.gov.br\/secretaria-de-saude\/servicos\/alvara-sanitario\/\",\"url\":\"https:\/\/www.pmpf.rs.gov.br\/secretaria-de-saude\/servicos\/alvara-sanitario\/\",\"name\":\"Alvar\u00e1 Sanit\u00e1rio - Secretaria de Sa\u00fade\",\"isPartOf\":{\"@id\":\"https:\/\/www.pmpf.rs.gov.br\/secretaria-de-saude\/#website\"},\"datePublished\":\"2022-02-21T13:56:37+00:00\",\"dateModified\":\"2026-04-09T19:41:29+00:00\",\"breadcrumb\":{\"@id\":\"https:\/\/www.pmpf.rs.gov.br\/secretaria-de-saude\/servicos\/alvara-sanitario\/#breadcrumb\"},\"inLanguage\":\"pt-BR\",\"potentialAction\":[{\"@type\":\"ReadAction\",\"target\":[\"https:\/\/www.pmpf.rs.gov.br\/secretaria-de-saude\/servicos\/alvara-sanitario\/\"]}]},{\"@type\":\"BreadcrumbList\",\"@id\":\"https:\/\/www.pmpf.rs.gov.br\/secretaria-de-saude\/servicos\/alvara-sanitario\/#breadcrumb\",\"itemListElement\":[{\"@type\":\"ListItem\",\"position\":1,\"name\":\"In\u00edcio\",\"item\":\"https:\/\/www.pmpf.rs.gov.br\/secretaria-de-saude\/\"},{\"@type\":\"ListItem\",\"position\":2,\"name\":\"Servi\u00e7os\",\"item\":\"https:\/\/www.pmpf.rs.gov.br\/secretaria-de-saude\/servicos\/\"},{\"@type\":\"ListItem\",\"position\":3,\"name\":\"Alvar\u00e1 Sanit\u00e1rio\"}]},{\"@type\":\"WebSite\",\"@id\":\"https:\/\/www.pmpf.rs.gov.br\/secretaria-de-saude\/#website\",\"url\":\"https:\/\/www.pmpf.rs.gov.br\/secretaria-de-saude\/\",\"name\":\"Secretaria de Sa\u00fade\",\"description\":\"S\u00f3 mais um site Prefeitura de Passo Fundo\",\"potentialAction\":[{\"@type\":\"SearchAction\",\"target\":{\"@type\":\"EntryPoint\",\"urlTemplate\":\"https:\/\/www.pmpf.rs.gov.br\/secretaria-de-saude\/?s={search_term_string}\"},\"query-input\":{\"@type\":\"PropertyValueSpecification\",\"valueRequired\":true,\"valueName\":\"search_term_string\"}}],\"inLanguage\":\"pt-BR\"}]}<\/script>\n<!-- \/ Yoast SEO plugin. -->","yoast_head_json":{"title":"Alvar\u00e1 Sanit\u00e1rio - Secretaria de Sa\u00fade","robots":{"index":"index","follow":"follow","max-snippet":"max-snippet:-1","max-image-preview":"max-image-preview:large","max-video-preview":"max-video-preview:-1"},"canonical":"https:\/\/www.pmpf.rs.gov.br\/secretaria-de-saude\/servicos\/alvara-sanitario\/","og_locale":"pt_BR","og_type":"article","og_title":"Alvar\u00e1 Sanit\u00e1rio - Secretaria de Sa\u00fade","og_description":"Para a emiss\u00e3o do primeiro Alvar\u00e1 Sanit\u00e1rio ser\u00e1 utilizado o mesmo processo de pedido de Alvar\u00e1 de Localiza\u00e7\u00e3o e Funcionamento. A&nbsp;renova\u00e7\u00e3o&nbsp;do alvar\u00e1 sanit\u00e1rio dever\u00e1 ser requerida anualmente, com 30 dias antes do [&hellip;]","og_url":"https:\/\/www.pmpf.rs.gov.br\/secretaria-de-saude\/servicos\/alvara-sanitario\/","og_site_name":"Secretaria de Sa\u00fade","article_modified_time":"2026-04-09T19:41:29+00:00","twitter_card":"summary_large_image","twitter_misc":{"Est. tempo de leitura":"71 minutos"},"schema":{"@context":"https:\/\/schema.org","@graph":[{"@type":"WebPage","@id":"https:\/\/www.pmpf.rs.gov.br\/secretaria-de-saude\/servicos\/alvara-sanitario\/","url":"https:\/\/www.pmpf.rs.gov.br\/secretaria-de-saude\/servicos\/alvara-sanitario\/","name":"Alvar\u00e1 Sanit\u00e1rio - Secretaria de Sa\u00fade","isPartOf":{"@id":"https:\/\/www.pmpf.rs.gov.br\/secretaria-de-saude\/#website"},"datePublished":"2022-02-21T13:56:37+00:00","dateModified":"2026-04-09T19:41:29+00:00","breadcrumb":{"@id":"https:\/\/www.pmpf.rs.gov.br\/secretaria-de-saude\/servicos\/alvara-sanitario\/#breadcrumb"},"inLanguage":"pt-BR","potentialAction":[{"@type":"ReadAction","target":["https:\/\/www.pmpf.rs.gov.br\/secretaria-de-saude\/servicos\/alvara-sanitario\/"]}]},{"@type":"BreadcrumbList","@id":"https:\/\/www.pmpf.rs.gov.br\/secretaria-de-saude\/servicos\/alvara-sanitario\/#breadcrumb","itemListElement":[{"@type":"ListItem","position":1,"name":"In\u00edcio","item":"https:\/\/www.pmpf.rs.gov.br\/secretaria-de-saude\/"},{"@type":"ListItem","position":2,"name":"Servi\u00e7os","item":"https:\/\/www.pmpf.rs.gov.br\/secretaria-de-saude\/servicos\/"},{"@type":"ListItem","position":3,"name":"Alvar\u00e1 Sanit\u00e1rio"}]},{"@type":"WebSite","@id":"https:\/\/www.pmpf.rs.gov.br\/secretaria-de-saude\/#website","url":"https:\/\/www.pmpf.rs.gov.br\/secretaria-de-saude\/","name":"Secretaria de Sa\u00fade","description":"S\u00f3 mais um site Prefeitura de Passo Fundo","potentialAction":[{"@type":"SearchAction","target":{"@type":"EntryPoint","urlTemplate":"https:\/\/www.pmpf.rs.gov.br\/secretaria-de-saude\/?s={search_term_string}"},"query-input":{"@type":"PropertyValueSpecification","valueRequired":true,"valueName":"search_term_string"}}],"inLanguage":"pt-BR"}]}},"_links":{"self":[{"href":"https:\/\/www.pmpf.rs.gov.br\/secretaria-de-saude\/wp-json\/wp\/v2\/servicos\/2488"}],"collection":[{"href":"https:\/\/www.pmpf.rs.gov.br\/secretaria-de-saude\/wp-json\/wp\/v2\/servicos"}],"about":[{"href":"https:\/\/www.pmpf.rs.gov.br\/secretaria-de-saude\/wp-json\/wp\/v2\/types\/servicos"}],"wp:attachment":[{"href":"https:\/\/www.pmpf.rs.gov.br\/secretaria-de-saude\/wp-json\/wp\/v2\/media?parent=2488"}],"wp:term":[{"taxonomy":"canal","embeddable":true,"href":"https:\/\/www.pmpf.rs.gov.br\/secretaria-de-saude\/wp-json\/wp\/v2\/canal?post=2488"},{"taxonomy":"quem","embeddable":true,"href":"https:\/\/www.pmpf.rs.gov.br\/secretaria-de-saude\/wp-json\/wp\/v2\/quem?post=2488"},{"taxonomy":"servico_tags","embeddable":true,"href":"https:\/\/www.pmpf.rs.gov.br\/secretaria-de-saude\/wp-json\/wp\/v2\/servico_tags?post=2488"}],"curies":[{"name":"wp","href":"https:\/\/api.w.org\/{rel}","templated":true}]}}