{"id":2602,"date":"2022-03-09T15:57:16","date_gmt":"2022-03-09T18:57:16","guid":{"rendered":"https:\/\/www.pmpf.rs.gov.br\/secretaria-de-saude\/?page_id=2602"},"modified":"2022-03-11T14:02:00","modified_gmt":"2022-03-11T17:02:00","slug":"coordenadoria-de-vigilancia-em-saude","status":"publish","type":"page","link":"https:\/\/www.pmpf.rs.gov.br\/secretaria-de-saude\/coordenadoria-de-vigilancia-em-saude\/","title":{"rendered":"Vigil\u00e2ncia em Sa\u00fade"},"content":{"rendered":"\n<h2 class=\"wp-block-heading\">Fun\u00e7\u00e3o e estrutura<\/h2>\n\n\n\n<p>\u201cVigil\u00e2ncia \u00e9 a observa\u00e7\u00e3o cont\u00ednua da distribui\u00e7\u00e3o e tend\u00eancias da incid\u00eancia de doen\u00e7as mediante a coleta sistem\u00e1tica, consolida\u00e7\u00e3o e avalia\u00e7\u00e3o de informes de morbidade e mortalidade, assim como outros dados relevantes, e a regular dissemina\u00e7\u00e3o dessas informa\u00e7\u00f5es a todos os que necessitam conhec\u00ea-la\u201d. (Alexander Langmuir)<\/p>\n\n\n\n<p>A Coordenadoria de Vigil\u00e2ncia em Sa\u00fade, no munic\u00edpio de Passo Fundo, est\u00e1 estruturada formalmente com tr\u00eas n\u00facleos:<\/p>\n\n\n\n<ol class=\"wp-block-list\"><li><strong>N\u00facleo de Vigil\u00e2ncia da Sa\u00fade do Trabalhador e Ambiental em Sa\u00fade<\/strong><br>1.1 Vigil\u00e2ncia Ambiental em Sa\u00fade<br>1.2<strong> <\/strong>Vigil\u00e2ncia em Sa\u00fade do Trabalhador<br><\/li><li><strong>N\u00facleo de Vigil\u00e2ncia Sanit\u00e1ria<\/strong><br><\/li><li><strong>N\u00facleo de Vigil\u00e2ncia Epidemiol\u00f3gica<\/strong><br>3.1 <strong>SAE &#8211; Servi\u00e7o de Atendimento Especializado<\/strong>: ISTs HIV\/Aids, Hepatites Virais, Tuberculose e Hansen\u00edase, Servi\u00e7os de Refer\u00eancia para PEP- Profilaxia p\u00f3s exposi\u00e7\u00e3o para o HIV<\/li><\/ol>\n\n\n\n<p><\/p>\n\n\n\n<p><strong>Contatos:<\/strong><\/p>\n\n\n\n<p><strong>Localiza\u00e7\u00e3o:<\/strong>\u00a0Rua Silva Jardim 727, esquina com a Rua Independ\u00eancia, Centro.<\/p>\n\n\n\n<p><strong>Fone:<\/strong> (54)3046-0153 \/ (54)3046-0087<\/p>\n\n\n\n<p><strong>E-mail: <\/strong><a href=\"mailto:vigsaude@pmpf.rs.gov.br\"><strong>vigsaude@pmpf.rs.gov.br<\/strong><\/a><\/p>\n\n\n\n<p><br><strong>Hor\u00e1rio de Atendimento:<\/strong>\u00a08h \u00e0s 12h e 13h \u00e0s 17h de segunda a sexta-feira.<\/p>\n","protected":false},"excerpt":{"rendered":"<p>Fun\u00e7\u00e3o e estrutura \u201cVigil\u00e2ncia \u00e9 a observa\u00e7\u00e3o cont\u00ednua da distribui\u00e7\u00e3o e tend\u00eancias da incid\u00eancia de doen\u00e7as mediante a coleta sistem\u00e1tica, consolida\u00e7\u00e3o e avalia\u00e7\u00e3o de informes de morbidade e mortalidade, assim como outros [&hellip;]<\/p>\n","protected":false},"author":4,"featured_media":0,"parent":0,"menu_order":0,"comment_status":"closed","ping_status":"closed","template":"","meta":{"footnotes":""},"class_list":["post-2602","page","type-page","status-publish","hentry"],"yoast_head":"<!-- This site is optimized with the Yoast SEO plugin v23.8 - https:\/\/yoast.com\/wordpress\/plugins\/seo\/ -->\n<title>Vigil\u00e2ncia em Sa\u00fade - Secretaria de Sa\u00fade<\/title>\n<meta name=\"robots\" content=\"index, follow, max-snippet:-1, max-image-preview:large, max-video-preview:-1\" \/>\n<link rel=\"canonical\" href=\"https:\/\/www.pmpf.rs.gov.br\/secretaria-de-saude\/coordenadoria-de-vigilancia-em-saude\/\" \/>\n<meta property=\"og:locale\" content=\"pt_BR\" \/>\n<meta property=\"og:type\" content=\"article\" \/>\n<meta property=\"og:title\" content=\"Vigil\u00e2ncia em Sa\u00fade - Secretaria de Sa\u00fade\" \/>\n<meta property=\"og:description\" content=\"Fun\u00e7\u00e3o e estrutura \u201cVigil\u00e2ncia \u00e9 a observa\u00e7\u00e3o cont\u00ednua da distribui\u00e7\u00e3o e tend\u00eancias da incid\u00eancia de doen\u00e7as mediante a coleta sistem\u00e1tica, consolida\u00e7\u00e3o e avalia\u00e7\u00e3o de informes de morbidade e mortalidade, assim como outros [&hellip;]\" \/>\n<meta property=\"og:url\" content=\"https:\/\/www.pmpf.rs.gov.br\/secretaria-de-saude\/coordenadoria-de-vigilancia-em-saude\/\" \/>\n<meta property=\"og:site_name\" content=\"Secretaria de Sa\u00fade\" \/>\n<meta property=\"article:modified_time\" content=\"2022-03-11T17:02:00+00:00\" \/>\n<meta name=\"twitter:card\" content=\"summary_large_image\" \/>\n<meta name=\"twitter:label1\" content=\"Est. tempo de leitura\" \/>\n\t<meta name=\"twitter:data1\" content=\"1 minuto\" \/>\n<script type=\"application\/ld+json\" class=\"yoast-schema-graph\">{\"@context\":\"https:\/\/schema.org\",\"@graph\":[{\"@type\":\"WebPage\",\"@id\":\"https:\/\/www.pmpf.rs.gov.br\/secretaria-de-saude\/coordenadoria-de-vigilancia-em-saude\/\",\"url\":\"https:\/\/www.pmpf.rs.gov.br\/secretaria-de-saude\/coordenadoria-de-vigilancia-em-saude\/\",\"name\":\"Vigil\u00e2ncia em Sa\u00fade - Secretaria de Sa\u00fade\",\"isPartOf\":{\"@id\":\"https:\/\/www.pmpf.rs.gov.br\/secretaria-de-saude\/#website\"},\"datePublished\":\"2022-03-09T18:57:16+00:00\",\"dateModified\":\"2022-03-11T17:02:00+00:00\",\"breadcrumb\":{\"@id\":\"https:\/\/www.pmpf.rs.gov.br\/secretaria-de-saude\/coordenadoria-de-vigilancia-em-saude\/#breadcrumb\"},\"inLanguage\":\"pt-BR\",\"potentialAction\":[{\"@type\":\"ReadAction\",\"target\":[\"https:\/\/www.pmpf.rs.gov.br\/secretaria-de-saude\/coordenadoria-de-vigilancia-em-saude\/\"]}]},{\"@type\":\"BreadcrumbList\",\"@id\":\"https:\/\/www.pmpf.rs.gov.br\/secretaria-de-saude\/coordenadoria-de-vigilancia-em-saude\/#breadcrumb\",\"itemListElement\":[{\"@type\":\"ListItem\",\"position\":1,\"name\":\"In\u00edcio\",\"item\":\"https:\/\/www.pmpf.rs.gov.br\/secretaria-de-saude\/\"},{\"@type\":\"ListItem\",\"position\":2,\"name\":\"Vigil\u00e2ncia em Sa\u00fade\"}]},{\"@type\":\"WebSite\",\"@id\":\"https:\/\/www.pmpf.rs.gov.br\/secretaria-de-saude\/#website\",\"url\":\"https:\/\/www.pmpf.rs.gov.br\/secretaria-de-saude\/\",\"name\":\"Secretaria de Sa\u00fade\",\"description\":\"S\u00f3 mais um site Prefeitura de Passo Fundo\",\"potentialAction\":[{\"@type\":\"SearchAction\",\"target\":{\"@type\":\"EntryPoint\",\"urlTemplate\":\"https:\/\/www.pmpf.rs.gov.br\/secretaria-de-saude\/?s={search_term_string}\"},\"query-input\":{\"@type\":\"PropertyValueSpecification\",\"valueRequired\":true,\"valueName\":\"search_term_string\"}}],\"inLanguage\":\"pt-BR\"}]}<\/script>\n<!-- \/ Yoast SEO plugin. -->","yoast_head_json":{"title":"Vigil\u00e2ncia em Sa\u00fade - Secretaria de Sa\u00fade","robots":{"index":"index","follow":"follow","max-snippet":"max-snippet:-1","max-image-preview":"max-image-preview:large","max-video-preview":"max-video-preview:-1"},"canonical":"https:\/\/www.pmpf.rs.gov.br\/secretaria-de-saude\/coordenadoria-de-vigilancia-em-saude\/","og_locale":"pt_BR","og_type":"article","og_title":"Vigil\u00e2ncia em Sa\u00fade - Secretaria de Sa\u00fade","og_description":"Fun\u00e7\u00e3o e estrutura \u201cVigil\u00e2ncia \u00e9 a observa\u00e7\u00e3o cont\u00ednua da distribui\u00e7\u00e3o e tend\u00eancias da incid\u00eancia de doen\u00e7as mediante a coleta sistem\u00e1tica, consolida\u00e7\u00e3o e avalia\u00e7\u00e3o de informes de morbidade e mortalidade, assim como outros [&hellip;]","og_url":"https:\/\/www.pmpf.rs.gov.br\/secretaria-de-saude\/coordenadoria-de-vigilancia-em-saude\/","og_site_name":"Secretaria de Sa\u00fade","article_modified_time":"2022-03-11T17:02:00+00:00","twitter_card":"summary_large_image","twitter_misc":{"Est. tempo de leitura":"1 minuto"},"schema":{"@context":"https:\/\/schema.org","@graph":[{"@type":"WebPage","@id":"https:\/\/www.pmpf.rs.gov.br\/secretaria-de-saude\/coordenadoria-de-vigilancia-em-saude\/","url":"https:\/\/www.pmpf.rs.gov.br\/secretaria-de-saude\/coordenadoria-de-vigilancia-em-saude\/","name":"Vigil\u00e2ncia em Sa\u00fade - Secretaria de Sa\u00fade","isPartOf":{"@id":"https:\/\/www.pmpf.rs.gov.br\/secretaria-de-saude\/#website"},"datePublished":"2022-03-09T18:57:16+00:00","dateModified":"2022-03-11T17:02:00+00:00","breadcrumb":{"@id":"https:\/\/www.pmpf.rs.gov.br\/secretaria-de-saude\/coordenadoria-de-vigilancia-em-saude\/#breadcrumb"},"inLanguage":"pt-BR","potentialAction":[{"@type":"ReadAction","target":["https:\/\/www.pmpf.rs.gov.br\/secretaria-de-saude\/coordenadoria-de-vigilancia-em-saude\/"]}]},{"@type":"BreadcrumbList","@id":"https:\/\/www.pmpf.rs.gov.br\/secretaria-de-saude\/coordenadoria-de-vigilancia-em-saude\/#breadcrumb","itemListElement":[{"@type":"ListItem","position":1,"name":"In\u00edcio","item":"https:\/\/www.pmpf.rs.gov.br\/secretaria-de-saude\/"},{"@type":"ListItem","position":2,"name":"Vigil\u00e2ncia em Sa\u00fade"}]},{"@type":"WebSite","@id":"https:\/\/www.pmpf.rs.gov.br\/secretaria-de-saude\/#website","url":"https:\/\/www.pmpf.rs.gov.br\/secretaria-de-saude\/","name":"Secretaria de Sa\u00fade","description":"S\u00f3 mais um site Prefeitura de Passo Fundo","potentialAction":[{"@type":"SearchAction","target":{"@type":"EntryPoint","urlTemplate":"https:\/\/www.pmpf.rs.gov.br\/secretaria-de-saude\/?s={search_term_string}"},"query-input":{"@type":"PropertyValueSpecification","valueRequired":true,"valueName":"search_term_string"}}],"inLanguage":"pt-BR"}]}},"_links":{"self":[{"href":"https:\/\/www.pmpf.rs.gov.br\/secretaria-de-saude\/wp-json\/wp\/v2\/pages\/2602"}],"collection":[{"href":"https:\/\/www.pmpf.rs.gov.br\/secretaria-de-saude\/wp-json\/wp\/v2\/pages"}],"about":[{"href":"https:\/\/www.pmpf.rs.gov.br\/secretaria-de-saude\/wp-json\/wp\/v2\/types\/page"}],"author":[{"embeddable":true,"href":"https:\/\/www.pmpf.rs.gov.br\/secretaria-de-saude\/wp-json\/wp\/v2\/users\/4"}],"replies":[{"embeddable":true,"href":"https:\/\/www.pmpf.rs.gov.br\/secretaria-de-saude\/wp-json\/wp\/v2\/comments?post=2602"}],"version-history":[{"count":11,"href":"https:\/\/www.pmpf.rs.gov.br\/secretaria-de-saude\/wp-json\/wp\/v2\/pages\/2602\/revisions"}],"predecessor-version":[{"id":2753,"href":"https:\/\/www.pmpf.rs.gov.br\/secretaria-de-saude\/wp-json\/wp\/v2\/pages\/2602\/revisions\/2753"}],"wp:attachment":[{"href":"https:\/\/www.pmpf.rs.gov.br\/secretaria-de-saude\/wp-json\/wp\/v2\/media?parent=2602"}],"curies":[{"name":"wp","href":"https:\/\/api.w.org\/{rel}","templated":true}]}}