{"id":2542,"date":"2022-03-08T14:50:54","date_gmt":"2022-03-08T17:50:54","guid":{"rendered":"https:\/\/www.pmpf.rs.gov.br\/secretaria-de-saude\/?page_id=2542"},"modified":"2022-03-14T14:39:16","modified_gmt":"2022-03-14T17:39:16","slug":"atencao-primaria-a-saude","status":"publish","type":"page","link":"https:\/\/www.pmpf.rs.gov.br\/secretaria-de-saude\/atencao-primaria-a-saude\/","title":{"rendered":"Aten\u00e7\u00e3o Prim\u00e1ria \u00e0 Sa\u00fade"},"content":{"rendered":"\n<h2 class=\"wp-block-heading\">Aten\u00e7\u00e3o B\u00e1sica<\/h2>\n\n\n\n<p>A Aten\u00e7\u00e3o Prim\u00e1ria \u00e0 Sa\u00fade (APS), tamb\u00e9m chamada de Aten\u00e7\u00e3o B\u00e1sica, \u00e9 caracterizada por ser o primeiro n\u00edvel de contato das pessoas, da fam\u00edlia e da comunidade com o Sistema \u00danico de Sa\u00fade. Possui um conjunto de a\u00e7\u00f5es de sa\u00fade, no \u00e2mbito individual e coletivo, que abrange a promo\u00e7\u00e3o e a prote\u00e7\u00e3o da sa\u00fade, a preven\u00e7\u00e3o de agravos, o diagn\u00f3stico, o tratamento, a reabilita\u00e7\u00e3o, a redu\u00e7\u00e3o de danos e a manuten\u00e7\u00e3o da sa\u00fade com o objetivo de desenvolver uma aten\u00e7\u00e3o integral que impacte positivamente na situa\u00e7\u00e3o de sa\u00fade das coletividades. Trata-se da principal porta de entrada do SUS e do centro de comunica\u00e7\u00e3o com toda a Rede de Aten\u00e7\u00e3o dos SUS, devendo se orientar pelos princ\u00edpios da universalidade, da acessibilidade, da continuidade do cuidado, da integralidade da aten\u00e7\u00e3o, da responsabiliza\u00e7\u00e3o, da humaniza\u00e7\u00e3o e da equidade.<\/p>\n\n\n\n<p>O modelo de Estrat\u00e9gia de Sa\u00fade da Fam\u00edlia (ESF) \u00e9 a estrat\u00e9gia priorit\u00e1ria orientada pelo Minist\u00e9rio da Sa\u00fade, favorecendo o acesso \u00e0 sa\u00fade da popula\u00e7\u00e3o nas comunidades, possibilitando o estabelecimento de v\u00ednculos entre a equipe e a popula\u00e7\u00e3o e a continuidade do cuidado. Nas unidades de sa\u00fade s\u00e3o disponibilizados: atendimentos m\u00e9dicos, odontol\u00f3gicos e de enfermagem, vacinas, exames, curativos, pr\u00e9-natal, testes r\u00e1pidos, contraceptivos, grupos de cuidado, atividades de promo\u00e7\u00e3o \u00e0 sa\u00fade, entre outros.<\/p>\n\n\n\n<h3 class=\"wp-block-heading\"><strong>Unidades de Sa\u00fade<\/strong><\/h3>\n\n\n\n<p>Atualmente Passo Fundo conta com tr\u00eas tipos de Unidades de Sa\u00fade:<\/p>\n\n\n\n<h3 class=\"wp-block-heading\">1. Unidade B\u00e1sica de Sa\u00fade (UBS)<\/h3>\n\n\n\n<p>Unidade de Aten\u00e7\u00e3o Prim\u00e1ria \u00e0 Sa\u00fade respons\u00e1vel pelo cuidado de uma popula\u00e7\u00e3o e \u00e1rea definida, e preparada para atender a maioria de seus problemas de sa\u00fade. Possui uma equipe com m\u00e9dico, enfermeiro e t\u00e9cnico de enfermagem que pode ser de 20h, 30h ou 40h semanais. Pode conter tamb\u00e9m um dentista e outros profissionais como psic\u00f3logo, fisioterapeuta, nutricionista, etc. Cada pessoa tem uma UBS de refer\u00eancia de acordo com seu endere\u00e7o de moradia.<\/p>\n\n\n\n<p><strong>Hor\u00e1rio de funcionamento: <\/strong>Segunda a Sexta-feira, das 8:00h \u00e0s 12:00h e 13:00h \u00e0s 17:00h<\/p>\n\n\n\n<h3 class=\"wp-block-heading\">2. Unidade B\u00e1sica de Sa\u00fade com Estrat\u00e9gia de Sa\u00fade da Fam\u00edlia (ESF)<\/h3>\n\n\n\n<p>A Estrat\u00e9gia de Sa\u00fade da Fam\u00edlia (ESF) \u00e9 o modelo priorit\u00e1rio e estrat\u00e9gico para a qualifica\u00e7\u00e3o do cuidado e a melhoria do acesso \u00e0 Aten\u00e7\u00e3o Prim\u00e1ria \u00e0 Sa\u00fade. Se diferencia por possuir o Agente Comunit\u00e1rio de Sa\u00fade (ACS) na equipe, que deve residir na \u00e1rea de sua unidade e tem o papel de unir a equipe e a comunidade. Todos os membros da equipe devem possuir carga hor\u00e1ria de 40h semanais, isto \u00e9, 8 horas por dia de trabalho.<\/p>\n\n\n\n<p><strong>Hor\u00e1rio de funcionamento: Segunda a Sexta-feira, das 8:00h \u00e0s 12:00h e 13:00h \u00e0s 17:00h<\/strong><\/p>\n\n\n\n<h3 class=\"wp-block-heading\">3. Unidade Mista: Centro de Aten\u00e7\u00e3o Integral \u00e0 Sa\u00fade (CAIS)<\/h3>\n\n\n\n<p>Os Centros de Aten\u00e7\u00e3o Integral \u00e0 Sa\u00fade (CAIS) tamb\u00e9m oferecem os servi\u00e7os da Aten\u00e7\u00e3o Prim\u00e1ria, assim como as Unidades B\u00e1sicas de Sa\u00fade. S\u00e3o considerados unidades mistas, pois possuem tamb\u00e9m atendimento m\u00e9dico especializado, como ginecologia, cardiologia, psiquiatria, entre outros.<\/p>\n\n\n\n<p><strong>Hor\u00e1rio de funcionamento: Segunda a Sexta-feira, das 7:00h \u00e0s 19:00h e s\u00e1bado das 8:00h \u00e0s 12:00h<\/strong><\/p>\n\n\n\n<h3 class=\"wp-block-heading\"><strong>Servi\u00e7os oferecidos pelas Unidades de Sa\u00fade:<\/strong><\/h3>\n\n\n\n<ul class=\"wp-block-list\"><li>Consultas individuais e coletivas<\/li><li>Visita domiciliar<\/li><li>Sa\u00fade Bucal<\/li><\/ul>\n\n\n\n<ul class=\"wp-block-list\"><li>Pr\u00e9-natal e Puerp\u00e9rio<\/li><li>Acolhimento m\u00e3e-beb\u00ea ap\u00f3s alta na maternidade<\/li><li>Rastreamento de c\u00e2ncer de colo uterino (preventivo) e c\u00e2ncer de mama<\/li><li>Vacina\u00e7\u00e3o<\/li><li>Curativos<\/li><li>Planejamento familiar<\/li><li>Teste r\u00e1pido de s\u00edfilis e HIV<\/li><li>Teste r\u00e1pido de gravidez<\/li><li>Controle do Tabagismo<\/li><li>Acompanhamento de doen\u00e7as cr\u00f4nicas<\/li><li>A\u00e7\u00f5es de promo\u00e7\u00e3o da sa\u00fade e prote\u00e7\u00e3o social na comunidade<\/li><li>A\u00e7\u00f5es de controle da dengue e outros riscos ambientais em sa\u00fade<\/li><li>Preven\u00e7\u00e3o e acompanhamento das DTS e HIV<\/li><li>Identifica\u00e7\u00e3o e acompanhamento da tuberculose<\/li><li>Identifica\u00e7\u00e3o e acompanhamento da hansen\u00edase<\/li><li>Confec\u00e7\u00e3o de Cart\u00e3o SUS<\/li><li>Entrega de medicamentos e insumos b\u00e1sicos<\/li><li>Encaminhamento para realiza\u00e7\u00e3o de exames (raio-x, eletrocardiograma, exames laboratoriais (sangue, urina, fezes e escarro), ultrassonografia etc.)<\/li><li>Encaminhamento para especialidades m\u00e9dicas, caso necess\u00e1rio<br><\/li><\/ul>\n\n\n\n<h3 class=\"wp-block-heading\"><strong>Atendimentos no Interior do Munic\u00edpio<\/strong><\/h3>\n\n\n\n<p>O munic\u00edpio conta com o Programa Sa\u00fade no Interior, em que descentraliza os atendimentos para os distritos do munic\u00edpio, ampliando e facilitando o acesso aos servi\u00e7os de sa\u00fade por toda a popula\u00e7\u00e3o. Os atendimentos contam com uma equipe composta por m\u00e9dico, enfermeiro e t\u00e9cnico de enfermagem, que se desloca at\u00e9 o interior com uma unidade m\u00f3vel. As consultas ocorrem em sistema de rod\u00edzio nos distritos de Bela Vista, Pulador, Bom Recreio, Capinzal, S\u00e3o Roque\/S\u00e3o Valentim e Sede Independ\u00eancia. Cada distrito recebe a equipe quinzenalmente, com exce\u00e7\u00e3o da comunidade de Bom Recreio, onde os atendimentos s\u00e3o semanais. Tamb\u00e9m \u00e9 realizada a coleta de alguns exames, facilitando o acesso por parte dos moradores.<\/p>\n","protected":false},"excerpt":{"rendered":"<p>Aten\u00e7\u00e3o B\u00e1sica A Aten\u00e7\u00e3o Prim\u00e1ria \u00e0 Sa\u00fade (APS), tamb\u00e9m chamada de Aten\u00e7\u00e3o B\u00e1sica, \u00e9 caracterizada por ser o primeiro n\u00edvel de contato das pessoas, da fam\u00edlia e da comunidade com o Sistema [&hellip;]<\/p>\n","protected":false},"author":4,"featured_media":0,"parent":0,"menu_order":0,"comment_status":"closed","ping_status":"closed","template":"","meta":{"footnotes":""},"class_list":["post-2542","page","type-page","status-publish","hentry"],"yoast_head":"<!-- This site is optimized with the Yoast SEO plugin v23.8 - https:\/\/yoast.com\/wordpress\/plugins\/seo\/ -->\n<title>Aten\u00e7\u00e3o Prim\u00e1ria \u00e0 Sa\u00fade - Secretaria de Sa\u00fade<\/title>\n<meta name=\"robots\" content=\"index, follow, max-snippet:-1, max-image-preview:large, max-video-preview:-1\" \/>\n<link rel=\"canonical\" href=\"https:\/\/www.pmpf.rs.gov.br\/secretaria-de-saude\/atencao-primaria-a-saude\/\" \/>\n<meta property=\"og:locale\" content=\"pt_BR\" \/>\n<meta property=\"og:type\" content=\"article\" \/>\n<meta property=\"og:title\" content=\"Aten\u00e7\u00e3o Prim\u00e1ria \u00e0 Sa\u00fade - Secretaria de Sa\u00fade\" \/>\n<meta property=\"og:description\" content=\"Aten\u00e7\u00e3o B\u00e1sica A Aten\u00e7\u00e3o Prim\u00e1ria \u00e0 Sa\u00fade (APS), tamb\u00e9m chamada de Aten\u00e7\u00e3o B\u00e1sica, \u00e9 caracterizada por ser o primeiro n\u00edvel de contato das pessoas, da fam\u00edlia e da comunidade com o Sistema [&hellip;]\" \/>\n<meta property=\"og:url\" content=\"https:\/\/www.pmpf.rs.gov.br\/secretaria-de-saude\/atencao-primaria-a-saude\/\" \/>\n<meta property=\"og:site_name\" content=\"Secretaria de Sa\u00fade\" \/>\n<meta property=\"article:modified_time\" content=\"2022-03-14T17:39:16+00:00\" \/>\n<meta name=\"twitter:card\" content=\"summary_large_image\" \/>\n<meta name=\"twitter:label1\" content=\"Est. tempo de leitura\" \/>\n\t<meta name=\"twitter:data1\" content=\"4 minutos\" \/>\n<script type=\"application\/ld+json\" class=\"yoast-schema-graph\">{\"@context\":\"https:\/\/schema.org\",\"@graph\":[{\"@type\":\"WebPage\",\"@id\":\"https:\/\/www.pmpf.rs.gov.br\/secretaria-de-saude\/atencao-primaria-a-saude\/\",\"url\":\"https:\/\/www.pmpf.rs.gov.br\/secretaria-de-saude\/atencao-primaria-a-saude\/\",\"name\":\"Aten\u00e7\u00e3o Prim\u00e1ria \u00e0 Sa\u00fade - Secretaria de Sa\u00fade\",\"isPartOf\":{\"@id\":\"https:\/\/www.pmpf.rs.gov.br\/secretaria-de-saude\/#website\"},\"datePublished\":\"2022-03-08T17:50:54+00:00\",\"dateModified\":\"2022-03-14T17:39:16+00:00\",\"breadcrumb\":{\"@id\":\"https:\/\/www.pmpf.rs.gov.br\/secretaria-de-saude\/atencao-primaria-a-saude\/#breadcrumb\"},\"inLanguage\":\"pt-BR\",\"potentialAction\":[{\"@type\":\"ReadAction\",\"target\":[\"https:\/\/www.pmpf.rs.gov.br\/secretaria-de-saude\/atencao-primaria-a-saude\/\"]}]},{\"@type\":\"BreadcrumbList\",\"@id\":\"https:\/\/www.pmpf.rs.gov.br\/secretaria-de-saude\/atencao-primaria-a-saude\/#breadcrumb\",\"itemListElement\":[{\"@type\":\"ListItem\",\"position\":1,\"name\":\"In\u00edcio\",\"item\":\"https:\/\/www.pmpf.rs.gov.br\/secretaria-de-saude\/\"},{\"@type\":\"ListItem\",\"position\":2,\"name\":\"Aten\u00e7\u00e3o Prim\u00e1ria \u00e0 Sa\u00fade\"}]},{\"@type\":\"WebSite\",\"@id\":\"https:\/\/www.pmpf.rs.gov.br\/secretaria-de-saude\/#website\",\"url\":\"https:\/\/www.pmpf.rs.gov.br\/secretaria-de-saude\/\",\"name\":\"Secretaria de Sa\u00fade\",\"description\":\"S\u00f3 mais um site Prefeitura de Passo Fundo\",\"potentialAction\":[{\"@type\":\"SearchAction\",\"target\":{\"@type\":\"EntryPoint\",\"urlTemplate\":\"https:\/\/www.pmpf.rs.gov.br\/secretaria-de-saude\/?s={search_term_string}\"},\"query-input\":{\"@type\":\"PropertyValueSpecification\",\"valueRequired\":true,\"valueName\":\"search_term_string\"}}],\"inLanguage\":\"pt-BR\"}]}<\/script>\n<!-- \/ Yoast SEO plugin. -->","yoast_head_json":{"title":"Aten\u00e7\u00e3o Prim\u00e1ria \u00e0 Sa\u00fade - Secretaria de Sa\u00fade","robots":{"index":"index","follow":"follow","max-snippet":"max-snippet:-1","max-image-preview":"max-image-preview:large","max-video-preview":"max-video-preview:-1"},"canonical":"https:\/\/www.pmpf.rs.gov.br\/secretaria-de-saude\/atencao-primaria-a-saude\/","og_locale":"pt_BR","og_type":"article","og_title":"Aten\u00e7\u00e3o Prim\u00e1ria \u00e0 Sa\u00fade - Secretaria de Sa\u00fade","og_description":"Aten\u00e7\u00e3o B\u00e1sica A Aten\u00e7\u00e3o Prim\u00e1ria \u00e0 Sa\u00fade (APS), tamb\u00e9m chamada de Aten\u00e7\u00e3o B\u00e1sica, \u00e9 caracterizada por ser o primeiro n\u00edvel de contato das pessoas, da fam\u00edlia e da comunidade com o Sistema [&hellip;]","og_url":"https:\/\/www.pmpf.rs.gov.br\/secretaria-de-saude\/atencao-primaria-a-saude\/","og_site_name":"Secretaria de Sa\u00fade","article_modified_time":"2022-03-14T17:39:16+00:00","twitter_card":"summary_large_image","twitter_misc":{"Est. tempo de leitura":"4 minutos"},"schema":{"@context":"https:\/\/schema.org","@graph":[{"@type":"WebPage","@id":"https:\/\/www.pmpf.rs.gov.br\/secretaria-de-saude\/atencao-primaria-a-saude\/","url":"https:\/\/www.pmpf.rs.gov.br\/secretaria-de-saude\/atencao-primaria-a-saude\/","name":"Aten\u00e7\u00e3o Prim\u00e1ria \u00e0 Sa\u00fade - Secretaria de Sa\u00fade","isPartOf":{"@id":"https:\/\/www.pmpf.rs.gov.br\/secretaria-de-saude\/#website"},"datePublished":"2022-03-08T17:50:54+00:00","dateModified":"2022-03-14T17:39:16+00:00","breadcrumb":{"@id":"https:\/\/www.pmpf.rs.gov.br\/secretaria-de-saude\/atencao-primaria-a-saude\/#breadcrumb"},"inLanguage":"pt-BR","potentialAction":[{"@type":"ReadAction","target":["https:\/\/www.pmpf.rs.gov.br\/secretaria-de-saude\/atencao-primaria-a-saude\/"]}]},{"@type":"BreadcrumbList","@id":"https:\/\/www.pmpf.rs.gov.br\/secretaria-de-saude\/atencao-primaria-a-saude\/#breadcrumb","itemListElement":[{"@type":"ListItem","position":1,"name":"In\u00edcio","item":"https:\/\/www.pmpf.rs.gov.br\/secretaria-de-saude\/"},{"@type":"ListItem","position":2,"name":"Aten\u00e7\u00e3o Prim\u00e1ria \u00e0 Sa\u00fade"}]},{"@type":"WebSite","@id":"https:\/\/www.pmpf.rs.gov.br\/secretaria-de-saude\/#website","url":"https:\/\/www.pmpf.rs.gov.br\/secretaria-de-saude\/","name":"Secretaria de Sa\u00fade","description":"S\u00f3 mais um site Prefeitura de Passo Fundo","potentialAction":[{"@type":"SearchAction","target":{"@type":"EntryPoint","urlTemplate":"https:\/\/www.pmpf.rs.gov.br\/secretaria-de-saude\/?s={search_term_string}"},"query-input":{"@type":"PropertyValueSpecification","valueRequired":true,"valueName":"search_term_string"}}],"inLanguage":"pt-BR"}]}},"_links":{"self":[{"href":"https:\/\/www.pmpf.rs.gov.br\/secretaria-de-saude\/wp-json\/wp\/v2\/pages\/2542"}],"collection":[{"href":"https:\/\/www.pmpf.rs.gov.br\/secretaria-de-saude\/wp-json\/wp\/v2\/pages"}],"about":[{"href":"https:\/\/www.pmpf.rs.gov.br\/secretaria-de-saude\/wp-json\/wp\/v2\/types\/page"}],"author":[{"embeddable":true,"href":"https:\/\/www.pmpf.rs.gov.br\/secretaria-de-saude\/wp-json\/wp\/v2\/users\/4"}],"replies":[{"embeddable":true,"href":"https:\/\/www.pmpf.rs.gov.br\/secretaria-de-saude\/wp-json\/wp\/v2\/comments?post=2542"}],"version-history":[{"count":6,"href":"https:\/\/www.pmpf.rs.gov.br\/secretaria-de-saude\/wp-json\/wp\/v2\/pages\/2542\/revisions"}],"predecessor-version":[{"id":2825,"href":"https:\/\/www.pmpf.rs.gov.br\/secretaria-de-saude\/wp-json\/wp\/v2\/pages\/2542\/revisions\/2825"}],"wp:attachment":[{"href":"https:\/\/www.pmpf.rs.gov.br\/secretaria-de-saude\/wp-json\/wp\/v2\/media?parent=2542"}],"curies":[{"name":"wp","href":"https:\/\/api.w.org\/{rel}","templated":true}]}}