{"id":2347,"date":"2021-12-22T21:58:16","date_gmt":"2021-12-23T00:58:16","guid":{"rendered":"https:\/\/www.pmpf.rs.gov.br\/secretaria-de-saude\/?page_id=2347"},"modified":"2026-01-07T15:37:06","modified_gmt":"2026-01-07T18:37:06","slug":"ambulatorios","status":"publish","type":"page","link":"https:\/\/www.pmpf.rs.gov.br\/secretaria-de-saude\/ambulatorios\/","title":{"rendered":"UBS (Aten\u00e7\u00e3o B\u00e1sica)"},"content":{"rendered":"\n<p>A Aten\u00e7\u00e3o Prim\u00e1ria \u00e0 Sa\u00fade (APS), tamb\u00e9m chamada de Aten\u00e7\u00e3o B\u00e1sica, \u00e9 caracterizada por ser o primeiro n\u00edvel de contato das pessoas, da fam\u00edlia e da comunidade com o Sistema \u00danico de Sa\u00fade (SUS). Possui um conjunto de a\u00e7\u00f5es de sa\u00fade, no \u00e2mbito individual e coletivo, que abrange a promo\u00e7\u00e3o e a prote\u00e7\u00e3o da sa\u00fade, a preven\u00e7\u00e3o de agravos, o diagn\u00f3stico, o tratamento, a reabilita\u00e7\u00e3o, a redu\u00e7\u00e3o de danos e a manuten\u00e7\u00e3o da sa\u00fade com o objetivo de desenvolver uma aten\u00e7\u00e3o integral que impacte positivamente na situa\u00e7\u00e3o de sa\u00fade das coletividades. Trata-se da principal porta de entrada do SUS e do<br>centro de comunica\u00e7\u00e3o com toda a Rede de Aten\u00e7\u00e3o dos SUS, devendo se orientar pelos princ\u00edpios da universalidade, da acessibilidade, da continuidade do cuidado, da integralidade da aten\u00e7\u00e3o, da responsabiliza\u00e7\u00e3o, da humaniza\u00e7\u00e3o e da equidade.<\/p>\n\n\n\n<p>Para receber atendimento, basta o cidad\u00e3o se dirigir at\u00e9 a Unidade de Sa\u00fade mais pr\u00f3xima da sua resid\u00eancia, com documentos de identifica\u00e7\u00e3o pessoal, cart\u00e3o do SUS e um comprovante de resid\u00eancia (conta de \u00e1gua, luz, telefone). <\/p>\n\n\n\n<p><strong>Hor\u00e1rio de funcionamento (UBS):<\/strong> Segunda a Sexta-feira, das 8h \u00e0s 12h e das 13h \u00e0s 17h.<\/p>\n\n\n\n<h3 class=\"wp-block-heading\">Unidade B\u00e1sica de Sa\u00fade (UBS)<\/h3>\n\n\n\n<p>As Unidades B\u00e1sicas de Sa\u00fade UBS) s\u00e3o respons\u00e1veis pelo cuidado de uma popula\u00e7\u00e3o, em uma \u00e1rea definida, e preparada para atender a maioria de seus problemas de sa\u00fade. Possui uma equipe com m\u00e9dico, enfermeiro e t\u00e9cnico de enfermagem. Algumas equipes tamb\u00e9m contam com dentista, psic\u00f3logo, fisioterapeuta, nutricionista, entre outros profissionais. Cada cidad\u00e3o tem uma UBS de refer\u00eancia, de acordo com seu endere\u00e7o de moradia.<\/p>\n\n\n\n<h3 class=\"wp-block-heading\">Unidade B\u00e1sica de Sa\u00fade com Estrat\u00e9gia de Sa\u00fade da Fam\u00edlia (ESF)<\/h3>\n\n\n\n<p>A Estrat\u00e9gia de Sa\u00fade da Fam\u00edlia (ESF) \u00e9 o modelo priorit\u00e1rio orientado pelo Minist\u00e9rio da Sa\u00fade, porque qualifica o cuidado e facilita o acesso da popula\u00e7\u00e3o \u00e0 Aten\u00e7\u00e3o Prim\u00e1ria \u00e0 Sa\u00fade. Se diferencia por possuir um Agente Comunit\u00e1rio de Sa\u00fade (ACS) na equipe, que reside na \u00e1rea de sua unidade, favorecendo os<br>v\u00ednculos com a comunidade e a continuidade do atendimento.<\/p>\n\n\n\n<p>Nas Unidades de Sa\u00fade s\u00e3o disponibilizados atendimentos m\u00e9dicos, odontol\u00f3gicos e de enfermagem, vacinas, exames, curativos, pr\u00e9-natal, testes r\u00e1pidos, contraceptivos, grupos de cuidado, atividades de promo\u00e7\u00e3o \u00e0 sa\u00fade, entre outros.<\/p>\n\n\n\n<h3 class=\"wp-block-heading\">Servi\u00e7os oferecidos pelas Unidades de Sa\u00fade:<\/h3>\n\n\n\n<ul class=\"wp-block-list\">\n<li>Consultas individuais e coletivas;<\/li>\n\n\n\n<li>Visita domiciliar;<\/li>\n\n\n\n<li>Atendimento e acompanhamento odontol\u00f3gico;<\/li>\n\n\n\n<li>Pr\u00e9-natal e Puerp\u00e9rio;<\/li>\n\n\n\n<li>Acolhimento m\u00e3e-beb\u00ea ap\u00f3s alta da maternidade;<\/li>\n\n\n\n<li>Planejamento reprodutivo;<\/li>\n\n\n\n<li>Rastreamento de c\u00e2ncer de colo uterino (preventivo) e c\u00e2ncer de mama (exame das mamas e encaminhamento para mamografia);<\/li>\n\n\n\n<li>Vacina\u00e7\u00e3o;<\/li>\n\n\n\n<li>Procedimentos de enfermagem, como curativos, retirada de pontos, testes r\u00e1pidos e administra\u00e7\u00e3o de medicamentos conforme prescri\u00e7\u00e3o;<\/li>\n\n\n\n<li>Teste r\u00e1pido de s\u00edfilis, HIV e hepatites virais;<\/li>\n\n\n\n<li>Teste r\u00e1pido de gravidez;<\/li>\n\n\n\n<li>Teste r\u00e1pido para dengue (conforme indica\u00e7\u00e3o em protocolo cl\u00ednico);<\/li>\n\n\n\n<li>Teste r\u00e1pido para covid-19 (conforme indica\u00e7\u00e3o em protocolo cl\u00ednico);<\/li>\n\n\n\n<li>Controle do Tabagismo;<\/li>\n\n\n\n<li>Acompanhamento de doen\u00e7as cr\u00f4nicas;<\/li>\n\n\n\n<li>A\u00e7\u00f5es coletivas e atividades de educa\u00e7\u00e3o em sa\u00fade nas escolas;<\/li>\n\n\n\n<li>A\u00e7\u00f5es de promo\u00e7\u00e3o da sa\u00fade e prote\u00e7\u00e3o social na comunidade;<\/li>\n\n\n\n<li>A\u00e7\u00f5es de controle da dengue e outros riscos ambientais em sa\u00fade;<\/li>\n\n\n\n<li>Preven\u00e7\u00e3o e acompanhamento das ITs, HIV e hepatites virais;<\/li>\n\n\n\n<li>Identifica\u00e7\u00e3o e acompanhamento da tuberculose;<\/li>\n\n\n\n<li>Identifica\u00e7\u00e3o e acompanhamento da hansen\u00edase;<\/li>\n\n\n\n<li>Cadastro Nacional de Sa\u00fade (Cart\u00e3o SUS);<\/li>\n\n\n\n<li>Dispensa\u00e7\u00e3o de medicamentos e insumos b\u00e1sicos;<\/li>\n\n\n\n<li>Encaminhamento para realiza\u00e7\u00e3o de exames laboratoriais e de imagem, conforme protocolos cl\u00ednicos (raio-x, ultrassonografia, eletrocardiografia, exames laboratoriais de sangue, urina, fezes e escarro, dentre outros;<\/li>\n\n\n\n<li>Encaminhamento para especialidades m\u00e9dicas, de acordo com protocolos cl\u00ednicos vigentes.<\/li>\n<\/ul>\n\n\n\n<h3 class=\"wp-block-heading\">Atendimentos no Interior do Munic\u00edpio<\/h3>\n\n\n\n<p>O munic\u00edpio conta com o Programa Sa\u00fade no Interior, em que descentraliza os atendimentos para os distritos do munic\u00edpio, ampliando e facilitando o acesso aos servi\u00e7os de sa\u00fade para toda a popula\u00e7\u00e3o. Os atendimentos contam com uma equipe composta por m\u00e9dico, enfermeiro e t\u00e9cnico de enfermagem, que<br>se desloca at\u00e9 o interior com uma unidade m\u00f3vel. As consultas ocorrem em sistema de rod\u00edzio nos distritos de Bela Vista, Pulador, Bom Recreio, Capinzal, S\u00e3o Roque\/S\u00e3o Valentim e Sede Independ\u00eancia. Cada distrito recebe a equipe quinzenalmente, com exce\u00e7\u00e3o da comunidade de Bom Recreio, onde os<br>atendimentos s\u00e3o semanais.<\/p>\n\n\n\n<p><strong>Hor\u00e1rio de funcionamento:<\/strong> Segunda a Sexta-feira, das 13h \u00e0s 17h.<\/p>\n\n\n\n<h3 class=\"wp-block-heading has-text-align-center\"><strong>Lista das Unidades de Sa\u00fade com Endere\u00e7os e Telefones &#8211; <a href=\"https:\/\/www.pmpf.rs.gov.br\/secretaria-de-saude\/wp-content\/uploads\/sites\/50\/2022\/03\/lista-unidades-publica-imprensa-06012026.pdf\" target=\"_blank\" rel=\"noreferrer noopener\">Acesse Aqui<\/a><\/strong><\/h3>\n\n\n\n<hr class=\"wp-block-separator has-css-opacity\"\/>\n\n\n\n<p><\/p>\n","protected":false},"excerpt":{"rendered":"<p>A Aten\u00e7\u00e3o Prim\u00e1ria \u00e0 Sa\u00fade (APS), tamb\u00e9m chamada de Aten\u00e7\u00e3o B\u00e1sica, \u00e9 caracterizada por ser o primeiro n\u00edvel de contato das pessoas, da fam\u00edlia e da comunidade com o Sistema \u00danico de [&hellip;]<\/p>\n","protected":false},"author":1,"featured_media":0,"parent":0,"menu_order":0,"comment_status":"closed","ping_status":"closed","template":"","meta":{"footnotes":""},"class_list":["post-2347","page","type-page","status-publish","hentry"],"yoast_head":"<!-- This site is optimized with the Yoast SEO plugin v23.8 - https:\/\/yoast.com\/wordpress\/plugins\/seo\/ -->\n<title>UBS (Aten\u00e7\u00e3o B\u00e1sica) - Secretaria de Sa\u00fade<\/title>\n<meta name=\"robots\" content=\"index, follow, max-snippet:-1, max-image-preview:large, max-video-preview:-1\" \/>\n<link rel=\"canonical\" href=\"https:\/\/www.pmpf.rs.gov.br\/secretaria-de-saude\/ambulatorios\/\" \/>\n<meta property=\"og:locale\" content=\"pt_BR\" \/>\n<meta property=\"og:type\" content=\"article\" \/>\n<meta property=\"og:title\" content=\"UBS (Aten\u00e7\u00e3o B\u00e1sica) - Secretaria de Sa\u00fade\" \/>\n<meta property=\"og:description\" content=\"A Aten\u00e7\u00e3o Prim\u00e1ria \u00e0 Sa\u00fade (APS), tamb\u00e9m chamada de Aten\u00e7\u00e3o B\u00e1sica, \u00e9 caracterizada por ser o primeiro n\u00edvel de contato das pessoas, da fam\u00edlia e da comunidade com o Sistema \u00danico de [&hellip;]\" \/>\n<meta property=\"og:url\" content=\"https:\/\/www.pmpf.rs.gov.br\/secretaria-de-saude\/ambulatorios\/\" \/>\n<meta property=\"og:site_name\" content=\"Secretaria de Sa\u00fade\" \/>\n<meta property=\"article:modified_time\" content=\"2026-01-07T18:37:06+00:00\" \/>\n<meta name=\"twitter:card\" content=\"summary_large_image\" \/>\n<meta name=\"twitter:label1\" content=\"Est. tempo de leitura\" \/>\n\t<meta name=\"twitter:data1\" content=\"4 minutos\" \/>\n<script type=\"application\/ld+json\" class=\"yoast-schema-graph\">{\"@context\":\"https:\/\/schema.org\",\"@graph\":[{\"@type\":\"WebPage\",\"@id\":\"https:\/\/www.pmpf.rs.gov.br\/secretaria-de-saude\/ambulatorios\/\",\"url\":\"https:\/\/www.pmpf.rs.gov.br\/secretaria-de-saude\/ambulatorios\/\",\"name\":\"UBS (Aten\u00e7\u00e3o B\u00e1sica) - Secretaria de Sa\u00fade\",\"isPartOf\":{\"@id\":\"https:\/\/www.pmpf.rs.gov.br\/secretaria-de-saude\/#website\"},\"datePublished\":\"2021-12-23T00:58:16+00:00\",\"dateModified\":\"2026-01-07T18:37:06+00:00\",\"breadcrumb\":{\"@id\":\"https:\/\/www.pmpf.rs.gov.br\/secretaria-de-saude\/ambulatorios\/#breadcrumb\"},\"inLanguage\":\"pt-BR\",\"potentialAction\":[{\"@type\":\"ReadAction\",\"target\":[\"https:\/\/www.pmpf.rs.gov.br\/secretaria-de-saude\/ambulatorios\/\"]}]},{\"@type\":\"BreadcrumbList\",\"@id\":\"https:\/\/www.pmpf.rs.gov.br\/secretaria-de-saude\/ambulatorios\/#breadcrumb\",\"itemListElement\":[{\"@type\":\"ListItem\",\"position\":1,\"name\":\"In\u00edcio\",\"item\":\"https:\/\/www.pmpf.rs.gov.br\/secretaria-de-saude\/\"},{\"@type\":\"ListItem\",\"position\":2,\"name\":\"UBS (Aten\u00e7\u00e3o B\u00e1sica)\"}]},{\"@type\":\"WebSite\",\"@id\":\"https:\/\/www.pmpf.rs.gov.br\/secretaria-de-saude\/#website\",\"url\":\"https:\/\/www.pmpf.rs.gov.br\/secretaria-de-saude\/\",\"name\":\"Secretaria de Sa\u00fade\",\"description\":\"S\u00f3 mais um site Prefeitura de Passo Fundo\",\"potentialAction\":[{\"@type\":\"SearchAction\",\"target\":{\"@type\":\"EntryPoint\",\"urlTemplate\":\"https:\/\/www.pmpf.rs.gov.br\/secretaria-de-saude\/?s={search_term_string}\"},\"query-input\":{\"@type\":\"PropertyValueSpecification\",\"valueRequired\":true,\"valueName\":\"search_term_string\"}}],\"inLanguage\":\"pt-BR\"}]}<\/script>\n<!-- \/ Yoast SEO plugin. -->","yoast_head_json":{"title":"UBS (Aten\u00e7\u00e3o B\u00e1sica) - Secretaria de Sa\u00fade","robots":{"index":"index","follow":"follow","max-snippet":"max-snippet:-1","max-image-preview":"max-image-preview:large","max-video-preview":"max-video-preview:-1"},"canonical":"https:\/\/www.pmpf.rs.gov.br\/secretaria-de-saude\/ambulatorios\/","og_locale":"pt_BR","og_type":"article","og_title":"UBS (Aten\u00e7\u00e3o B\u00e1sica) - Secretaria de Sa\u00fade","og_description":"A Aten\u00e7\u00e3o Prim\u00e1ria \u00e0 Sa\u00fade (APS), tamb\u00e9m chamada de Aten\u00e7\u00e3o B\u00e1sica, \u00e9 caracterizada por ser o primeiro n\u00edvel de contato das pessoas, da fam\u00edlia e da comunidade com o Sistema \u00danico de [&hellip;]","og_url":"https:\/\/www.pmpf.rs.gov.br\/secretaria-de-saude\/ambulatorios\/","og_site_name":"Secretaria de Sa\u00fade","article_modified_time":"2026-01-07T18:37:06+00:00","twitter_card":"summary_large_image","twitter_misc":{"Est. tempo de leitura":"4 minutos"},"schema":{"@context":"https:\/\/schema.org","@graph":[{"@type":"WebPage","@id":"https:\/\/www.pmpf.rs.gov.br\/secretaria-de-saude\/ambulatorios\/","url":"https:\/\/www.pmpf.rs.gov.br\/secretaria-de-saude\/ambulatorios\/","name":"UBS (Aten\u00e7\u00e3o B\u00e1sica) - Secretaria de Sa\u00fade","isPartOf":{"@id":"https:\/\/www.pmpf.rs.gov.br\/secretaria-de-saude\/#website"},"datePublished":"2021-12-23T00:58:16+00:00","dateModified":"2026-01-07T18:37:06+00:00","breadcrumb":{"@id":"https:\/\/www.pmpf.rs.gov.br\/secretaria-de-saude\/ambulatorios\/#breadcrumb"},"inLanguage":"pt-BR","potentialAction":[{"@type":"ReadAction","target":["https:\/\/www.pmpf.rs.gov.br\/secretaria-de-saude\/ambulatorios\/"]}]},{"@type":"BreadcrumbList","@id":"https:\/\/www.pmpf.rs.gov.br\/secretaria-de-saude\/ambulatorios\/#breadcrumb","itemListElement":[{"@type":"ListItem","position":1,"name":"In\u00edcio","item":"https:\/\/www.pmpf.rs.gov.br\/secretaria-de-saude\/"},{"@type":"ListItem","position":2,"name":"UBS (Aten\u00e7\u00e3o B\u00e1sica)"}]},{"@type":"WebSite","@id":"https:\/\/www.pmpf.rs.gov.br\/secretaria-de-saude\/#website","url":"https:\/\/www.pmpf.rs.gov.br\/secretaria-de-saude\/","name":"Secretaria de Sa\u00fade","description":"S\u00f3 mais um site Prefeitura de Passo Fundo","potentialAction":[{"@type":"SearchAction","target":{"@type":"EntryPoint","urlTemplate":"https:\/\/www.pmpf.rs.gov.br\/secretaria-de-saude\/?s={search_term_string}"},"query-input":{"@type":"PropertyValueSpecification","valueRequired":true,"valueName":"search_term_string"}}],"inLanguage":"pt-BR"}]}},"_links":{"self":[{"href":"https:\/\/www.pmpf.rs.gov.br\/secretaria-de-saude\/wp-json\/wp\/v2\/pages\/2347"}],"collection":[{"href":"https:\/\/www.pmpf.rs.gov.br\/secretaria-de-saude\/wp-json\/wp\/v2\/pages"}],"about":[{"href":"https:\/\/www.pmpf.rs.gov.br\/secretaria-de-saude\/wp-json\/wp\/v2\/types\/page"}],"author":[{"embeddable":true,"href":"https:\/\/www.pmpf.rs.gov.br\/secretaria-de-saude\/wp-json\/wp\/v2\/users\/1"}],"replies":[{"embeddable":true,"href":"https:\/\/www.pmpf.rs.gov.br\/secretaria-de-saude\/wp-json\/wp\/v2\/comments?post=2347"}],"version-history":[{"count":13,"href":"https:\/\/www.pmpf.rs.gov.br\/secretaria-de-saude\/wp-json\/wp\/v2\/pages\/2347\/revisions"}],"predecessor-version":[{"id":4937,"href":"https:\/\/www.pmpf.rs.gov.br\/secretaria-de-saude\/wp-json\/wp\/v2\/pages\/2347\/revisions\/4937"}],"wp:attachment":[{"href":"https:\/\/www.pmpf.rs.gov.br\/secretaria-de-saude\/wp-json\/wp\/v2\/media?parent=2347"}],"curies":[{"name":"wp","href":"https:\/\/api.w.org\/{rel}","templated":true}]}}