{"id":2328,"date":"2021-12-22T21:55:10","date_gmt":"2021-12-23T00:55:10","guid":{"rendered":"https:\/\/www.pmpf.rs.gov.br\/secretaria-de-saude\/?page_id=2328"},"modified":"2025-11-19T16:14:43","modified_gmt":"2025-11-19T19:14:43","slug":"nucleo-de-saude-mental","status":"publish","type":"page","link":"https:\/\/www.pmpf.rs.gov.br\/secretaria-de-saude\/nucleo-de-saude-mental\/","title":{"rendered":"Sa\u00fade Mental"},"content":{"rendered":"\n<p>O N\u00facleo de Sa\u00fade Mental \u00e9 respons\u00e1vel pela organiza\u00e7\u00e3o, planejamento, monitoramento e avalia\u00e7\u00e3o do atendimento em Sa\u00fade Mental prestado \u00e0 comunidade. A Linha de Cuidado em Sa\u00fade Mental que o Munic\u00edpio de Passo Fundo disp\u00f5e conta com a\u00e7\u00f5es e servi\u00e7os em todos os n\u00edveis de complexidade do Sistema \u00danico de Sa\u00fade. Na Aten\u00e7\u00e3o Prim\u00e1ria, todas as Unidades B\u00e1sicas de Sa\u00fade, Estrat\u00e9gias de Sa\u00fade  a Fam\u00edlia e Ambulat\u00f3rios contam com acolhimento aberto em Sa\u00fade Mental.<\/p>\n\n\n\n<p>Em rela\u00e7\u00e3o aos Servi\u00e7os de Sa\u00fade Mental na Aten\u00e7\u00e3o Especializada: compreendem os servi\u00e7os dos  entros de Aten\u00e7\u00e3o Psicossocial (m\u00e9dia complexidade), atendimento psicol\u00f3gico e psiqui\u00e1tricos regulados  pelo Teleagendamento e os leitos de interna\u00e7\u00e3o SUS em hospitais gerais e psiqui\u00e1tricos (alta complexidade).<br>O N\u00facleo funciona junto a Secretaria de Sa\u00fade e atende nos telefones:<br>(54)3316-1003 \/ (54)3316-1042.<\/p>\n\n\n\n<hr class=\"wp-block-separator has-alpha-channel-opacity\"\/>\n\n\n\n<h3 class=\"wp-block-heading\">CAPS AD \u2013 \u00c1LCOOL E DROGAS<\/h3>\n\n\n\n<p>O Centro de Aten\u00e7\u00e3o Psicossocial \u00e1lcool e outras drogas \u00e9 um servi\u00e7o especializado em sa\u00fade mental e depend\u00eancia qu\u00edmica, que atende pessoas com problemas decorrentes do uso ou abuso de \u00e1lcool e\/ou outras drogas, visando a reabilita\u00e7\u00e3o e reinser\u00e7\u00e3o na sociedade. Atende pessoas com 18 anos ou mais, por demanda espont\u00e2nea e por encaminhamentos de outros servi\u00e7os de sa\u00fade (poder judici\u00e1rio, conselho tutelar e demais \u00f3rg\u00e3os). Conta com uma equipe multiprofissional que desenvolve atividades terap\u00eauticas diversas, de acordo com as necessidades de cada pessoa.<\/p>\n\n\n\n<p>O trabalho compreende consulta de enfermagem, consulta m\u00e9dica, psicoterapia individual e de grupo, atendimento de servi\u00e7o social, visita domiciliar, visita hospitalar, encaminhamento para interna\u00e7\u00e3o em hospitais e comunidades terap\u00eauticas. Al\u00e9m disso, oferece oficinas terap\u00eauticas, tais como:<br>m\u00fasica, artesanato, atividade f\u00edsica entre outras, com objetivo de ofertar encaminhamentos para uma vida saud\u00e1vel.<\/p>\n\n\n\n<p><strong>Endere\u00e7o:<\/strong> Rua 7 de Agosto 511, esquina com a Rua Paissand\u00fa, Bairro Boqueir\u00e3o.<\/p>\n\n\n\n<p><strong>Telefone<\/strong>: (54)3314-7721<\/p>\n\n\n\n<p><strong>Hor\u00e1rio de funcionamento:<\/strong> Segunda \u00e0 Sexta-feira, das 08h \u00e0s 18h.<\/p>\n\n\n\n<hr class=\"wp-block-separator has-alpha-channel-opacity\"\/>\n\n\n\n<h3 class=\"wp-block-heading\">CAPS II \u2013 NOSSO ESPA\u00c7O<\/h3>\n\n\n\n<p>O CAPS II \u00e9 um Servi\u00e7o aberto e comunit\u00e1rio, que oferece atendimento e tratamento para pessoas que sofrem com transtornos mentais graves (tais como esquizofrenia, transtorno bipolar, depress\u00e3o grave, idea\u00e7\u00e3o e tentativas de suic\u00eddio, entre outros), em sofrimento ps\u00edquico intenso, cuja severidade e\/ou<br>persist\u00eancia justifiquem sua perman\u00eancia num servi\u00e7o de cuidado intensivo, com equipe multidisciplinar.<\/p>\n\n\n\n<p>Para ser atendida no CAPS II NOSSO ESPA\u00c7O, a pr\u00f3pria pessoa, seu familiar ou cuidador, pode procurar diretamente o servi\u00e7o ou ser encaminhada por qualquer outro servi\u00e7o de sa\u00fade, assist\u00eancia social, poder judici\u00e1rio, Conselho Tutelar, etc, onde inicialmente ser\u00e1 realizado um Acolhimento e, posteriormente, os encaminhamentos necess\u00e1rios.<\/p>\n\n\n\n<p>As atividades desenvolvidas pelo Servi\u00e7o s\u00e3o atendimentos individuais e em grupos; oficinas terap\u00eauticas; dispensa\u00e7\u00e3o, orienta\u00e7\u00e3o e acompanhamento do uso da medica\u00e7\u00e3o; interven\u00e7\u00f5es multidisciplinares com pacientes e familiares; visitas domiciliares; assembleia com usu\u00e1rios; consultas psiqui\u00e1tricas; articula\u00e7\u00e3o com outros Servi\u00e7os da Rede; avalia\u00e7\u00e3o e inser\u00e7\u00e3o no sistema para interna\u00e7\u00e3o psiqui\u00e1trica pelo SUS e de casos para inser\u00e7\u00e3o ou alta de Institui\u00e7\u00f5es de Longa Perman\u00eancia Terap\u00eautica.<\/p>\n\n\n\n<p><strong>Endere\u00e7o:<\/strong> Rua Paissand\u00fa, no 649, Bairro Centro<\/p>\n\n\n\n<p><strong>Telefone:<\/strong> (54) 3314-5276<\/p>\n\n\n\n<hr class=\"wp-block-separator has-alpha-channel-opacity\"\/>\n\n\n\n<h3 class=\"wp-block-heading\">CAPSi \u2013 INFANTOJUVENIL<\/h3>\n\n\n\n<p>O Centro de Atendimento Psicossocial Infantojuvenil \u00e9 um servi\u00e7o de aten\u00e7\u00e3o psicossocial que atende crian\u00e7as e adolescentes com transtornos mentais severos e\/ou persistentes, ou seja, com grave comprometimento ps\u00edquico, incluindo os transtornos relacionados \u00e0s subst\u00e2ncias psicoativas (\u00e1lcool e outras drogas).<\/p>\n\n\n\n<p>Atende crian\u00e7as e adolescentes at\u00e9 18 anos, por demanda espont\u00e2nea e por encaminhamentos de outros servi\u00e7os de sa\u00fade, (poder judici\u00e1rio, conselho tutelar, escolas e demais \u00f3rg\u00e3os). Conta com uma equipe multiprofissional que desenvolve atividades terap\u00eauticas diversas, de acordo com as necessidades de<br>cada pessoa.<\/p>\n\n\n\n<p>S\u00e3o realizados consultas e atendimentos individuais, trabalhos em grupos terap\u00eauticos orienta\u00e7\u00e3o e acompanhamento do uso da medica\u00e7\u00e3o, atendimentos e grupos com familiares, visitas domiciliares aos usu\u00e1rios do servi\u00e7o, consultas psiqui\u00e1tricas para usu\u00e1rios atendidos pelo servi\u00e7o e usu\u00e1rios encaminhados para avalia\u00e7\u00e3o de inser\u00e7\u00e3o ou interna\u00e7\u00e3o psiqui\u00e1trica; articula\u00e7\u00e3o de redes visando a promo\u00e7\u00e3o, aten\u00e7\u00e3o e tratamento em sa\u00fade mental e a inclus\u00e3o social.<\/p>\n\n\n\n<p><strong>Endere\u00e7o:<\/strong> Rua XV de Novembro, 1365, Centro<\/p>\n\n\n\n<p><strong>Telefone: <\/strong>(54) 3311-2584 ou (54) 3045-5323<\/p>\n\n\n\n<p><strong>Hor\u00e1rio de funcionamento:<\/strong> Segunda a Sexta-feira, das 08h \u00e0s 18h<\/p>\n\n\n\n<hr class=\"wp-block-separator has-alpha-channel-opacity\"\/>\n\n\n\n<p><br><br><br><\/p>\n\n\n\n<p><br><\/p>\n","protected":false},"excerpt":{"rendered":"<p>O N\u00facleo de Sa\u00fade Mental \u00e9 respons\u00e1vel pela organiza\u00e7\u00e3o, planejamento, monitoramento e avalia\u00e7\u00e3o do atendimento em Sa\u00fade Mental prestado \u00e0 comunidade. A Linha de Cuidado em Sa\u00fade Mental que o Munic\u00edpio de [&hellip;]<\/p>\n","protected":false},"author":1,"featured_media":0,"parent":0,"menu_order":0,"comment_status":"closed","ping_status":"closed","template":"","meta":{"footnotes":""},"class_list":["post-2328","page","type-page","status-publish","hentry"],"yoast_head":"<!-- This site is optimized with the Yoast SEO plugin v23.8 - https:\/\/yoast.com\/wordpress\/plugins\/seo\/ -->\n<title>Sa\u00fade Mental - Secretaria de Sa\u00fade<\/title>\n<meta name=\"robots\" content=\"index, follow, max-snippet:-1, max-image-preview:large, max-video-preview:-1\" \/>\n<link rel=\"canonical\" href=\"https:\/\/www.pmpf.rs.gov.br\/secretaria-de-saude\/nucleo-de-saude-mental\/\" \/>\n<meta property=\"og:locale\" content=\"pt_BR\" \/>\n<meta property=\"og:type\" content=\"article\" \/>\n<meta property=\"og:title\" content=\"Sa\u00fade Mental - Secretaria de Sa\u00fade\" \/>\n<meta property=\"og:description\" content=\"O N\u00facleo de Sa\u00fade Mental \u00e9 respons\u00e1vel pela organiza\u00e7\u00e3o, planejamento, monitoramento e avalia\u00e7\u00e3o do atendimento em Sa\u00fade Mental prestado \u00e0 comunidade. A Linha de Cuidado em Sa\u00fade Mental que o Munic\u00edpio de [&hellip;]\" \/>\n<meta property=\"og:url\" content=\"https:\/\/www.pmpf.rs.gov.br\/secretaria-de-saude\/nucleo-de-saude-mental\/\" \/>\n<meta property=\"og:site_name\" content=\"Secretaria de Sa\u00fade\" \/>\n<meta property=\"article:modified_time\" content=\"2025-11-19T19:14:43+00:00\" \/>\n<meta name=\"twitter:card\" content=\"summary_large_image\" \/>\n<meta name=\"twitter:label1\" content=\"Est. tempo de leitura\" \/>\n\t<meta name=\"twitter:data1\" content=\"1 minuto\" \/>\n<script type=\"application\/ld+json\" class=\"yoast-schema-graph\">{\"@context\":\"https:\/\/schema.org\",\"@graph\":[{\"@type\":\"WebPage\",\"@id\":\"https:\/\/www.pmpf.rs.gov.br\/secretaria-de-saude\/nucleo-de-saude-mental\/\",\"url\":\"https:\/\/www.pmpf.rs.gov.br\/secretaria-de-saude\/nucleo-de-saude-mental\/\",\"name\":\"Sa\u00fade Mental - Secretaria de Sa\u00fade\",\"isPartOf\":{\"@id\":\"https:\/\/www.pmpf.rs.gov.br\/secretaria-de-saude\/#website\"},\"datePublished\":\"2021-12-23T00:55:10+00:00\",\"dateModified\":\"2025-11-19T19:14:43+00:00\",\"breadcrumb\":{\"@id\":\"https:\/\/www.pmpf.rs.gov.br\/secretaria-de-saude\/nucleo-de-saude-mental\/#breadcrumb\"},\"inLanguage\":\"pt-BR\",\"potentialAction\":[{\"@type\":\"ReadAction\",\"target\":[\"https:\/\/www.pmpf.rs.gov.br\/secretaria-de-saude\/nucleo-de-saude-mental\/\"]}]},{\"@type\":\"BreadcrumbList\",\"@id\":\"https:\/\/www.pmpf.rs.gov.br\/secretaria-de-saude\/nucleo-de-saude-mental\/#breadcrumb\",\"itemListElement\":[{\"@type\":\"ListItem\",\"position\":1,\"name\":\"In\u00edcio\",\"item\":\"https:\/\/www.pmpf.rs.gov.br\/secretaria-de-saude\/\"},{\"@type\":\"ListItem\",\"position\":2,\"name\":\"Sa\u00fade Mental\"}]},{\"@type\":\"WebSite\",\"@id\":\"https:\/\/www.pmpf.rs.gov.br\/secretaria-de-saude\/#website\",\"url\":\"https:\/\/www.pmpf.rs.gov.br\/secretaria-de-saude\/\",\"name\":\"Secretaria de Sa\u00fade\",\"description\":\"S\u00f3 mais um site Prefeitura de Passo Fundo\",\"potentialAction\":[{\"@type\":\"SearchAction\",\"target\":{\"@type\":\"EntryPoint\",\"urlTemplate\":\"https:\/\/www.pmpf.rs.gov.br\/secretaria-de-saude\/?s={search_term_string}\"},\"query-input\":{\"@type\":\"PropertyValueSpecification\",\"valueRequired\":true,\"valueName\":\"search_term_string\"}}],\"inLanguage\":\"pt-BR\"}]}<\/script>\n<!-- \/ Yoast SEO plugin. -->","yoast_head_json":{"title":"Sa\u00fade Mental - Secretaria de Sa\u00fade","robots":{"index":"index","follow":"follow","max-snippet":"max-snippet:-1","max-image-preview":"max-image-preview:large","max-video-preview":"max-video-preview:-1"},"canonical":"https:\/\/www.pmpf.rs.gov.br\/secretaria-de-saude\/nucleo-de-saude-mental\/","og_locale":"pt_BR","og_type":"article","og_title":"Sa\u00fade Mental - Secretaria de Sa\u00fade","og_description":"O N\u00facleo de Sa\u00fade Mental \u00e9 respons\u00e1vel pela organiza\u00e7\u00e3o, planejamento, monitoramento e avalia\u00e7\u00e3o do atendimento em Sa\u00fade Mental prestado \u00e0 comunidade. A Linha de Cuidado em Sa\u00fade Mental que o Munic\u00edpio de [&hellip;]","og_url":"https:\/\/www.pmpf.rs.gov.br\/secretaria-de-saude\/nucleo-de-saude-mental\/","og_site_name":"Secretaria de Sa\u00fade","article_modified_time":"2025-11-19T19:14:43+00:00","twitter_card":"summary_large_image","twitter_misc":{"Est. tempo de leitura":"1 minuto"},"schema":{"@context":"https:\/\/schema.org","@graph":[{"@type":"WebPage","@id":"https:\/\/www.pmpf.rs.gov.br\/secretaria-de-saude\/nucleo-de-saude-mental\/","url":"https:\/\/www.pmpf.rs.gov.br\/secretaria-de-saude\/nucleo-de-saude-mental\/","name":"Sa\u00fade Mental - Secretaria de Sa\u00fade","isPartOf":{"@id":"https:\/\/www.pmpf.rs.gov.br\/secretaria-de-saude\/#website"},"datePublished":"2021-12-23T00:55:10+00:00","dateModified":"2025-11-19T19:14:43+00:00","breadcrumb":{"@id":"https:\/\/www.pmpf.rs.gov.br\/secretaria-de-saude\/nucleo-de-saude-mental\/#breadcrumb"},"inLanguage":"pt-BR","potentialAction":[{"@type":"ReadAction","target":["https:\/\/www.pmpf.rs.gov.br\/secretaria-de-saude\/nucleo-de-saude-mental\/"]}]},{"@type":"BreadcrumbList","@id":"https:\/\/www.pmpf.rs.gov.br\/secretaria-de-saude\/nucleo-de-saude-mental\/#breadcrumb","itemListElement":[{"@type":"ListItem","position":1,"name":"In\u00edcio","item":"https:\/\/www.pmpf.rs.gov.br\/secretaria-de-saude\/"},{"@type":"ListItem","position":2,"name":"Sa\u00fade Mental"}]},{"@type":"WebSite","@id":"https:\/\/www.pmpf.rs.gov.br\/secretaria-de-saude\/#website","url":"https:\/\/www.pmpf.rs.gov.br\/secretaria-de-saude\/","name":"Secretaria de Sa\u00fade","description":"S\u00f3 mais um site Prefeitura de Passo Fundo","potentialAction":[{"@type":"SearchAction","target":{"@type":"EntryPoint","urlTemplate":"https:\/\/www.pmpf.rs.gov.br\/secretaria-de-saude\/?s={search_term_string}"},"query-input":{"@type":"PropertyValueSpecification","valueRequired":true,"valueName":"search_term_string"}}],"inLanguage":"pt-BR"}]}},"_links":{"self":[{"href":"https:\/\/www.pmpf.rs.gov.br\/secretaria-de-saude\/wp-json\/wp\/v2\/pages\/2328"}],"collection":[{"href":"https:\/\/www.pmpf.rs.gov.br\/secretaria-de-saude\/wp-json\/wp\/v2\/pages"}],"about":[{"href":"https:\/\/www.pmpf.rs.gov.br\/secretaria-de-saude\/wp-json\/wp\/v2\/types\/page"}],"author":[{"embeddable":true,"href":"https:\/\/www.pmpf.rs.gov.br\/secretaria-de-saude\/wp-json\/wp\/v2\/users\/1"}],"replies":[{"embeddable":true,"href":"https:\/\/www.pmpf.rs.gov.br\/secretaria-de-saude\/wp-json\/wp\/v2\/comments?post=2328"}],"version-history":[{"count":9,"href":"https:\/\/www.pmpf.rs.gov.br\/secretaria-de-saude\/wp-json\/wp\/v2\/pages\/2328\/revisions"}],"predecessor-version":[{"id":4767,"href":"https:\/\/www.pmpf.rs.gov.br\/secretaria-de-saude\/wp-json\/wp\/v2\/pages\/2328\/revisions\/4767"}],"wp:attachment":[{"href":"https:\/\/www.pmpf.rs.gov.br\/secretaria-de-saude\/wp-json\/wp\/v2\/media?parent=2328"}],"curies":[{"name":"wp","href":"https:\/\/api.w.org\/{rel}","templated":true}]}}