{"id":1218,"date":"2021-12-22T14:26:40","date_gmt":"2021-12-22T17:26:40","guid":{"rendered":"https:\/\/www.pmpf.rs.gov.br\/secretaria-de-obras\/?post_type=servicos&#038;p=1218"},"modified":"2025-07-02T15:20:30","modified_gmt":"2025-07-02T18:20:30","slug":"obra-facil-smo","status":"publish","type":"servicos","link":"https:\/\/www.pmpf.rs.gov.br\/secretaria-de-obras\/servicos\/obra-facil-smo\/","title":{"rendered":"Obra F\u00e1cil"},"content":{"rendered":"\n<div class=\"wp-block-columns has-grey-background-color has-background is-layout-flex wp-container-core-columns-is-layout-1 wp-block-columns-is-layout-flex\">\n<div class=\"wp-block-column is-layout-flow wp-block-column-is-layout-flow\">\n<p>Programa de simplifica\u00e7\u00e3o de procedimentos e processos que versem sobre pedidos de aprova\u00e7\u00e3o e licenciamento de obras civis, denominado &#8220;Programa Obra F\u00e1cil&#8221;. O programa foi institu\u00eddo pela <a href=\"https:\/\/leismunicipais.com.br\/a1\/rs\/p\/passo-fundo\/lei-ordinaria\/2021\/556\/5558\/lei-ordinaria-n-5558-2021-do-poder-executivo-municipal?q=5558%2F2021\" target=\"_blank\" rel=\"noreferrer noopener\">Lei 5558\/2021<\/a> e regulamentado pelo&nbsp;<a href=\"https:\/\/leismunicipais.com.br\/a1\/rs\/p\/passo-fundo\/decreto\/2021\/11\/102\/decreto-n-102-2021-regulamenta-a-lei-n-5558-de-9-de-agosto-de-2021-que-institui-o-programa-obra-facil-e-da-outras-providencias?q=102%2F2021\" target=\"_blank\" rel=\"noreferrer noopener\">Decreto 102\/2021.<\/a><\/p>\n\n\n\n<p>A Secretaria Municipal de Obras, atrav\u00e9s do N\u00facleo de Licenciamento de Obras, disponibiliza o <a href=\"https:\/\/www.pmpf.rs.gov.br\/secretaria-de-obras\/wp-content\/uploads\/sites\/49\/2021\/12\/prancha_unica.pdf\" target=\"_blank\" rel=\"noreferrer noopener\">MODELO de PRANCHA \u00daNICA<\/a>, para&nbsp;<strong>orienta\u00e7\u00e3o<\/strong> dos cidad\u00e3os e dos t\u00e9cnicos, garantindo maior agilidade na tramita\u00e7\u00e3o dos protocolos referentes aos servi\u00e7os e an\u00e1lises dos processos no sistema OBRA F\u00c1CIL. Salientamos que esta prancha modelo \u00e9 <strong>meramente ilustrativo<\/strong>, sendo que n\u00e3o eximir\u00e1 as indica\u00e7\u00f5es e caracter\u00edsticas espec\u00edficas para cada caso e situa\u00e7\u00e3o.<\/p>\n<\/div>\n<\/div>\n\n\n\n<hr class=\"wp-block-separator has-css-opacity\"\/>\n\n\n\n<p class=\"has-medium-font-size\"><strong>Etapas para a realiza\u00e7\u00e3o deste servi\u00e7o<\/strong><\/p>\n\n\n\n<ol class=\"wp-block-list\">\n<li>Para acessar o servi\u00e7o eletr\u00f4nico, o requerente ou respons\u00e1vel t\u00e9cnico dever\u00e1 ter uma senha (credencial), certificado digital habilitado ou acesso ao GOV.BR. Caso n\u00e3o tenha, poder\u00e1 clicar em \u201cCriar Credencial\u201d na tela de autentica\u00e7\u00e3o ou&nbsp;<a href=\"https:\/\/grp.pmpf.rs.gov.br\/grp\/acessoexterno\/programaAcessoExterno.faces?codigo=670014\" target=\"_blank\" rel=\"noreferrer noopener\">clique aqui<\/a> para realizar o cadastro. Ap\u00f3s o cadastro, o requerente receber\u00e1 a credencial no seu e-mail.<\/li>\n\n\n\n<li>Para que um respons\u00e1vel t\u00e9cnico fa\u00e7a a solicita\u00e7\u00e3o em nome do requerente, caso ainda n\u00e3o tenha procura\u00e7\u00e3o cadastrada, antes da abertura do processo, dever\u00e1 ser feito o cadastro do procurador, outorgando-lhe poderes para abertura e ou consulta dos processos em seu nome, via procura\u00e7\u00e3o eletr\u00f4nica, <a href=\"https:\/\/www.pmpf.rs.gov.br\/secretaria-de-administracao\/servicos\/cadastrar-procuracao-eletronica\/\" target=\"_blank\" rel=\"noreferrer noopener\">acessando aqui.<\/a><\/li>\n\n\n\n<li>O in\u00edcio do processo dar-se-\u00e1 a pedido da parte interessada, de forma online, pelo site de servi\u00e7os da prefeitura mediante cadastro de usu\u00e1rio e chave de acesso ou certificado digital.\n<ul class=\"wp-block-list\">\n<li><strong>Como solicitar<\/strong>: Clicar no bot\u00e3o <strong>&#8220;Acesso ao sistema&#8221;<\/strong>&nbsp;e informar sua senha, ap\u00f3s, selecionar o  assunto OBRA F\u00c1CIL de acordo com o tipo de aprova\u00e7\u00e3o ou licenciamento. Para cada assunto, dever\u00e1 ser anexado os documentos conforme o caso.<\/li>\n\n\n\n<li><strong><mark style=\"background-color:#e0e0e0\" class=\"has-inline-color has-red-color\">O Requerente do processo deve ser o propriet\u00e1rio da obra.<\/mark><\/strong><\/li>\n<\/ul>\n<\/li>\n\n\n\n<li>Na instaura\u00e7\u00e3o do processo, o requerente receber\u00e1 em seu e-mail o n\u00famero do protocolo para acompanhamento do processo.\n<ul class=\"wp-block-list\">\n<li><strong>Como acompanhar<\/strong>:  Clicar no bot\u00e3o <strong>&#8220;Acompanhar solicita\u00e7\u00e3o&#8221;<\/strong>&nbsp;e informar sua senha. No programa Meus Processos, informar o exerc\u00edcio do processo e clicar no bot\u00e3o recuperar. Clicar sobre o processo desejado e verificar as informa\u00e7\u00f5es da aba hist\u00f3rico de tramita\u00e7\u00f5es e anexos.<\/li>\n<\/ul>\n<\/li>\n<\/ol>\n\n\n\n<hr class=\"wp-block-separator has-css-opacity\"\/>\n\n\n\n<p class=\"has-medium-font-size\"><strong>Documentos Necess\u00e1rios<\/strong><\/p>\n\n\n\n<div class=\"wp-block-group\"><div class=\"wp-block-group__inner-container is-layout-flow wp-block-group-is-layout-flow\">\n<div class=\"wp-block-pb-accordion-item c-accordion__item js-accordion-item no-js\" data-initially-open=\"false\" data-click-to-close=\"true\" data-auto-close=\"true\" data-scroll=\"false\" data-scroll-offset=\"0\"><h5 id=\"at-12180\" class=\"c-accordion__title js-accordion-controller\" role=\"button\">APROVA\u00c7\u00c3O DE PROJETO &#8211; Residencial Unifamiliar<\/h5><div id=\"ac-12180\" class=\"c-accordion__content\">\n<ul class=\"wp-block-list\">\n<li>* Requerimento &#8211; <a href=\"https:\/\/www.pmpf.rs.gov.br\/secretaria-de-obras\/wp-content\/uploads\/sites\/49\/2021\/12\/requerimento_smo_1.pdf\" target=\"_blank\" rel=\"noreferrer noopener\">clique aqui<\/a><\/li>\n\n\n\n<li>* Quadro de \u00edndice plano diretor &#8211; <a href=\"https:\/\/www.pmpf.rs.gov.br\/secretaria-de-obras\/wp-content\/uploads\/sites\/49\/2021\/12\/tabela_classificacao_pddi_smo_1.pdf\" target=\"_blank\" rel=\"noreferrer noopener\">clique aqui<\/a><\/li>\n\n\n\n<li>* Matr\u00edcula do Im\u00f3vel\/Certid\u00e3o Registro &#8211; Prazo de validade determinado pelo Cart\u00f3rio<br>de Registro de Im\u00f3veis<\/li>\n\n\n\n<li>* ART\/RRT\/TRT \u2013 Projeto &#8211; Projeto arquitet\u00f4nico<\/li>\n\n\n\n<li>* Prancha \u00fanica \u2013 Planta de situa\u00e7\u00e3o e localiza\u00e7\u00e3o, planta esquem\u00e1tica de per\u00edmetro e cortes esquem\u00e1ticos longitudinal e transversal<\/li>\n\n\n\n<li>* Termo de declara\u00e7\u00e3o de responsabilidade \u2013 <a href=\"https:\/\/www.pmpf.rs.gov.br\/secretaria-de-obras\/wp-content\/uploads\/sites\/49\/2021\/12\/documentacao_obras_termo_responsabilidade_aprovacao.pdf\" target=\"_blank\" rel=\"noreferrer noopener\">clique aqui<\/a><\/li>\n\n\n\n<li>Contrato de promessa de compra e venda e\/ou escritura p\u00fablica &#8211; Se for o caso<\/li>\n\n\n\n<li>Autoriza\u00e7\u00e3o do propriet\u00e1rio &#8211; Se for o caso, relacionado ao item anterior<\/li>\n\n\n\n<li>* Identifica\u00e7\u00e3o Pessoal \u2013 Se o requerente for pessoa f\u00edsica ou, em caso de pessoa jur\u00eddica,<br>documento do respons\u00e1vel pela empresa<\/li>\n\n\n\n<li>Contrato social\/Estatuto\/Ato constitutivo \u2013 Se o requerente for pessoa jur\u00eddica<\/li>\n\n\n\n<li>Identifica\u00e7\u00e3o do RT<\/li>\n<\/ul>\n\n\n\n<p class=\"has-grey-background-color has-background\">Os documentos com * s\u00e3o obrigat\u00f3rios anexar na abertura do processo.<\/p>\n\n\n\n<p><\/p>\n\n\n\n<div class=\"wp-block-group\"><div class=\"wp-block-group__inner-container is-layout-flow wp-block-group-is-layout-flow\"><\/div><\/div>\n\n\n\n<p><\/p>\n<\/div><\/div>\n\n\n\n<div class=\"wp-block-pb-accordion-item c-accordion__item js-accordion-item no-js\" data-initially-open=\"false\" data-click-to-close=\"true\" data-auto-close=\"true\" data-scroll=\"false\" data-scroll-offset=\"0\"><h5 id=\"at-12181\" class=\"c-accordion__title js-accordion-controller\" role=\"button\">APROVA\u00c7\u00c3O E LICENCIAMENTO DE PROJETO &#8211; Residencial Unifamiliar<br><\/h5><div id=\"ac-12181\" class=\"c-accordion__content\">\n<ul class=\"wp-block-list\">\n<li>* Requerimento &#8211; <a href=\"https:\/\/www.pmpf.rs.gov.br\/secretaria-de-obras\/wp-content\/uploads\/sites\/49\/2021\/12\/requerimento_smo_1.pdf\" target=\"_blank\" rel=\"noreferrer noopener\">clique aqui<\/a><\/li>\n\n\n\n<li>* Quadro de \u00edndice plano diretor &#8211; <a href=\"https:\/\/www.pmpf.rs.gov.br\/secretaria-de-obras\/wp-content\/uploads\/sites\/49\/2021\/12\/tabela_classificacao_pddi_smo_1.pdf\" target=\"_blank\" rel=\"noreferrer noopener\">clique aqui<\/a><\/li>\n\n\n\n<li>* Matr\u00edcula do Im\u00f3vel\/Certid\u00e3o Registro &#8211; Prazo de validade determinado pelo Cart\u00f3rio de Registro de Im\u00f3veis<\/li>\n\n\n\n<li>* ART\/RRT\/TRT \u2013 Projeto &#8211; Projeto arquitet\u00f4nico<\/li>\n\n\n\n<li>* Prancha \u00fanica \u2013 Planta de situa\u00e7\u00e3o e localiza\u00e7\u00e3o, planta esquem\u00e1tica de per\u00edmetro e cortes esquem\u00e1ticos longitudinal e transversal<\/li>\n\n\n\n<li>* Termo de declara\u00e7\u00e3o de responsabilidade \u2013 Projeto &#8211; <a href=\"https:\/\/www.pmpf.rs.gov.br\/secretaria-de-obras\/wp-content\/uploads\/sites\/49\/2021\/12\/documentacao_obras_termo_responsabilidade_aprovacao.pdf\" target=\"_blank\" rel=\"noreferrer noopener\">clique aqui<\/a><\/li>\n\n\n\n<li>* Termo de declara\u00e7\u00e3o de responsabilidade \u2013 Execu\u00e7\u00e3o &#8211; <a href=\"https:\/\/www.pmpf.rs.gov.br\/secretaria-de-obras\/wp-content\/uploads\/sites\/49\/2021\/12\/documentacao_termo_responsabilidade_licenca-1.pdf\" target=\"_blank\" rel=\"noreferrer noopener\">clique aqui<\/a><\/li>\n\n\n\n<li>Contrato de promessa de compra e venda e\/ou escritura p\u00fablica, se for o caso<\/li>\n\n\n\n<li>Autoriza\u00e7\u00e3o do propriet\u00e1rio, se for o caso, relacionado ao item anterior<\/li>\n\n\n\n<li>* Identifica\u00e7\u00e3o Pessoal \u2013 Se o requerente for pessoa f\u00edsica ou, em caso de pessoa jur\u00eddica, documento do respons\u00e1vel pela empresa<\/li>\n\n\n\n<li>Contrato social\/Estatuto\/Ato constitutivo \u2013 Se o requerente for pessoa jur\u00eddica<\/li>\n\n\n\n<li>Identifica\u00e7\u00e3o do RT<\/li>\n<\/ul>\n\n\n\n<p class=\"has-grey-background-color has-background\">Obs. Os documentos com \u201c*\u201d s\u00e3o obrigat\u00f3rios anexar na abertura do processo.<\/p>\n<\/div><\/div>\n<\/div><\/div>\n\n\n\n<p><\/p>\n\n\n\n<div class=\"wp-block-pb-accordion-item c-accordion__item js-accordion-item no-js\" data-initially-open=\"false\" data-click-to-close=\"true\" data-auto-close=\"true\" data-scroll=\"false\" data-scroll-offset=\"0\"><h5 id=\"at-12182\" class=\"c-accordion__title js-accordion-controller\" role=\"button\">LICENCIAMENTO DE PROJETO &#8211; Residencial Unifamiliar<\/h5><div id=\"ac-12182\" class=\"c-accordion__content\">\n<ul class=\"wp-block-list\">\n<li>* Requerimento &#8211; <a href=\"https:\/\/www.pmpf.rs.gov.br\/secretaria-de-obras\/wp-content\/uploads\/sites\/49\/2021\/12\/requerimento_smo_1.pdf\" target=\"_blank\" rel=\"noreferrer noopener\">clique aqui<\/a><\/li>\n\n\n\n<li>* ART\/RRT\/TRT \u2013 Projeto \u2013 Todos os projetos complementares<\/li>\n\n\n\n<li>* ART\/RRT\/TRT \u2013 Execu\u00e7\u00e3o \u2013 Todas as atividades t\u00e9cnicas que envolvam a execu\u00e7\u00e3o da obra<\/li>\n\n\n\n<li>* Termo de declara\u00e7\u00e3o de responsabilidade \u2013 Execu\u00e7\u00e3o &#8211; <a href=\"https:\/\/www.pmpf.rs.gov.br\/secretaria-de-obras\/wp-content\/uploads\/sites\/49\/2021\/12\/documentacao_termo_responsabilidade_licenca-1.pdf\" target=\"_blank\" rel=\"noreferrer noopener\">clique aqui<\/a><\/li>\n\n\n\n<li>* Identifica\u00e7\u00e3o Pessoal \u2013 Se o requerente for pessoa f\u00edsica ou, em caso de pessoa jur\u00eddica, documento do respons\u00e1vel pela empresa<\/li>\n\n\n\n<li>Contrato social\/Estatuto\/Ato constitutivo \u2013 Se o requerente for pessoa jur\u00eddica <\/li>\n\n\n\n<li>Identifica\u00e7\u00e3o do RT<\/li>\n<\/ul>\n\n\n\n<p><\/p>\n\n\n\n<p class=\"has-grey-background-color has-background\">Obs. Os documentos com \u201c*\u201d s\u00e3o obrigat\u00f3rios anexar na abertura do processo.<\/p>\n<\/div><\/div>\n\n\n\n<div class=\"wp-block-pb-accordion-item c-accordion__item js-accordion-item no-js\" data-initially-open=\"false\" data-click-to-close=\"true\" data-auto-close=\"true\" data-scroll=\"false\" data-scroll-offset=\"0\"><h5 id=\"at-12183\" class=\"c-accordion__title js-accordion-controller\" role=\"button\">APROVA\u00c7\u00c3O DE PROJETO &#8211; Residencial Multifamiliar &#8211; R2<\/h5><div id=\"ac-12183\" class=\"c-accordion__content\">\n<ul class=\"wp-block-list\">\n<li>* Requerimento &#8211; <a href=\"https:\/\/www.pmpf.rs.gov.br\/secretaria-de-obras\/wp-content\/uploads\/sites\/49\/2021\/12\/requerimento_smo_1.pdf\" target=\"_blank\" rel=\"noreferrer noopener\">clique aqui<\/a><\/li>\n\n\n\n<li>* Quadro de \u00edndice plano diretor &#8211; <a href=\"https:\/\/www.pmpf.rs.gov.br\/secretaria-de-obras\/wp-content\/uploads\/sites\/49\/2021\/12\/tabela_classificacao_pddi_smo_1.pdf\" target=\"_blank\" rel=\"noreferrer noopener\">clique aqui<\/a><\/li>\n\n\n\n<li>* Matr\u00edcula do Im\u00f3vel\/Certid\u00e3o Registro &#8211; Prazo de validade determinado pelo Cart\u00f3rio de Registro de Im\u00f3veis<\/li>\n\n\n\n<li>* ART\/RRT\/TRT \u2013 Projeto &#8211; Projeto arquitet\u00f4nico<\/li>\n\n\n\n<li>* Planilhas n\u00ba 01 e 02 da NBR \u2013 12721<\/li>\n\n\n\n<li> Documento ref. ao PPCI &#8211; Comprovante de protocolo do projeto de preven\u00e7\u00e3o contra inc\u00eandio<\/li>\n\n\n\n<li>Relat\u00f3rio de impacto de vizinhan\u00e7a (RIV) \u2013 Conforme o plano diretor do munic\u00edpio, obrigat\u00f3rio para projetos enquadrados no Art. 122 da Lei Complementar 170\/2006.<\/li>\n\n\n\n<li>Licen\u00e7a Ambiental &#8211; Se for o caso<\/li>\n\n\n\n<li>* Prancha \u00fanica \u2013 Planta de situa\u00e7\u00e3o e localiza\u00e7\u00e3o, planta esquem\u00e1tica de per\u00edmetro e cortes esquem\u00e1ticos longitudinal e transversal<\/li>\n\n\n\n<li>* Termo de declara\u00e7\u00e3o de responsabilidade &#8211; <a href=\"https:\/\/www.pmpf.rs.gov.br\/secretaria-de-obras\/wp-content\/uploads\/sites\/49\/2021\/12\/documentacao_termo_responsabilidade_licenca-1.pdf\" target=\"_blank\" rel=\"noreferrer noopener\">clique aqui<\/a><\/li>\n\n\n\n<li>Contrato de promessa de compra e venda e\/ou escritura p\u00fablica, se for o caso<\/li>\n\n\n\n<li>Autoriza\u00e7\u00e3o do propriet\u00e1rio, se for o caso, relacionado ao item anterior<\/li>\n\n\n\n<li>* Identifica\u00e7\u00e3o Pessoal \u2013 Se o requerente for pessoa f\u00edsica ou, em caso de pessoa jur\u00eddica, documento do respons\u00e1vel pela empresa<\/li>\n\n\n\n<li>Contrato social\/Estatuto\/Ato constitutivo \u2013 Se o requerente for pessoa jur\u00eddica<\/li>\n\n\n\n<li>Identifica\u00e7\u00e3o do RT<\/li>\n<\/ul>\n\n\n\n<p><\/p>\n\n\n\n<p class=\"has-grey-background-color has-background\">Obs. Os documentos com \u201c*\u201d s\u00e3o obrigat\u00f3rios anexar na abertura do processo.<\/p>\n<\/div><\/div>\n\n\n\n<div class=\"wp-block-pb-accordion-item c-accordion__item js-accordion-item no-js\" data-initially-open=\"false\" data-click-to-close=\"true\" data-auto-close=\"true\" data-scroll=\"false\" data-scroll-offset=\"0\"><h5 id=\"at-12184\" class=\"c-accordion__title js-accordion-controller\" role=\"button\">APROVA\u00c7\u00c3O E LICENCIAMENTO DE PROJETO &#8211; Residencial Multifamiliar &#8211; R2<br><\/h5><div id=\"ac-12184\" class=\"c-accordion__content\">\n<ul class=\"wp-block-list\">\n<li>* Requerimento &#8211; <a href=\"https:\/\/www.pmpf.rs.gov.br\/secretaria-de-obras\/wp-content\/uploads\/sites\/49\/2021\/12\/requerimento_smo_1.pdf\" target=\"_blank\" rel=\"noreferrer noopener\">clique aqui<\/a><\/li>\n\n\n\n<li>* Quadro de \u00edndice plano diretor &#8211; <a href=\"https:\/\/www.pmpf.rs.gov.br\/secretaria-de-obras\/wp-content\/uploads\/sites\/49\/2021\/12\/tabela_classificacao_pddi_smo_1.pdf\" target=\"_blank\" rel=\"noreferrer noopener\">clique aqui<\/a><\/li>\n\n\n\n<li>* Matr\u00edcula do Im\u00f3vel\/Certid\u00e3o Registro &#8211; Prazo de validade determinado pelo Cart\u00f3rio de Registro de Im\u00f3veis<\/li>\n\n\n\n<li>* ART\/RRT\/TRT \u2013 Projeto &#8211; Projeto arquitet\u00f4nico<\/li>\n\n\n\n<li>* Planilhas n\u00ba 01 e 02 da NBR \u2013 12721<\/li>\n\n\n\n<li> Documento ref. ao PPCI &#8211; Comprovante de protocolo do projeto de preven\u00e7\u00e3o contra inc\u00eandio<\/li>\n\n\n\n<li>* Prancha \u00fanica \u2013 Planta de situa\u00e7\u00e3o e localiza\u00e7\u00e3o, planta esquem\u00e1tica de per\u00edmetro e cortes esquem\u00e1ticos longitudinal e transversal<\/li>\n\n\n\n<li>Relat\u00f3rio de impacto de vizinhan\u00e7a (RIV) \u2013 Conforme o plano diretor do munic\u00edpio, obrigat\u00f3rio para projetos enquadrados no Art. 122 da Lei Complementar 170\/2006.<\/li>\n\n\n\n<li>Licen\u00e7a Ambiental, se for o caso<\/li>\n\n\n\n<li>* Termo de declara\u00e7\u00e3o de responsabilidade \u2013 Projeto &#8211; <a href=\"https:\/\/www.pmpf.rs.gov.br\/secretaria-de-obras\/wp-content\/uploads\/sites\/49\/2021\/12\/documentacao_obras_termo_responsabilidade_aprovacao.pdf\" target=\"_blank\" rel=\"noreferrer noopener\">clique aqui<\/a><\/li>\n\n\n\n<li>* Termo de declara\u00e7\u00e3o de responsabilidade \u2013 Execu\u00e7\u00e3o &#8211; <a href=\"https:\/\/www.pmpf.rs.gov.br\/secretaria-de-obras\/wp-content\/uploads\/sites\/49\/2021\/12\/documentacao_termo_responsabilidade_licenca.pdf\" target=\"_blank\" rel=\"noreferrer noopener\">clique aqui<\/a><\/li>\n\n\n\n<li>Contrato de promessa de compra e venda e\/ou escritura p\u00fablica, se for o caso<\/li>\n\n\n\n<li>Autoriza\u00e7\u00e3o do propriet\u00e1rio, se for o caso, relacionado ao item anterior<\/li>\n\n\n\n<li>* Identifica\u00e7\u00e3o Pessoal \u2013 Se o requerente for pessoa f\u00edsica ou, em caso de pessoa jur\u00eddica, documento do respons\u00e1vel pela empresa<\/li>\n\n\n\n<li>Contrato social\/Estatuto\/Ato constitutivo \u2013 Se o requerente for pessoa jur\u00eddica<\/li>\n\n\n\n<li>Identifica\u00e7\u00e3o do RT<\/li>\n<\/ul>\n\n\n\n<p class=\"has-grey-background-color has-background\">Os documentos com \u201c*\u201d s\u00e3o obrigat\u00f3rios anexar na abertura do processo.<\/p>\n<\/div><\/div>\n\n\n\n<p><\/p>\n\n\n\n<div class=\"wp-block-pb-accordion-item c-accordion__item js-accordion-item no-js\" data-initially-open=\"false\" data-click-to-close=\"true\" data-auto-close=\"true\" data-scroll=\"false\" data-scroll-offset=\"0\"><h5 id=\"at-12185\" class=\"c-accordion__title js-accordion-controller\" role=\"button\">LICENCIAMENTO DE PROJETO &#8211; Residencial Multifamiliar &#8211; R2<\/h5><div id=\"ac-12185\" class=\"c-accordion__content\">\n<ul class=\"wp-block-list\">\n<li>* Requerimento &#8211; <a href=\"https:\/\/www.pmpf.rs.gov.br\/secretaria-de-obras\/wp-content\/uploads\/sites\/49\/2021\/12\/requerimento_smo_1.pdf\" target=\"_blank\" rel=\"noreferrer noopener\">clique aqui<\/a><\/li>\n\n\n\n<li>* ART\/RRT\/TRT \u2013 Projeto &#8211; Todos os projetos complementares<\/li>\n\n\n\n<li>* ART\/RRT\/TRT \u2013 Execu\u00e7\u00e3o &#8211; Todas as atividades t\u00e9cnicas que envolvam a execu\u00e7\u00e3o da obra<\/li>\n\n\n\n<li>* Termo de declara\u00e7\u00e3o de responsabilidade \u2013 <a href=\"https:\/\/www.pmpf.rs.gov.br\/secretaria-de-obras\/wp-content\/uploads\/sites\/49\/2021\/12\/documentacao_termo_responsabilidade_licenca.pdf\" target=\"_blank\" rel=\"noreferrer noopener\">clique aqui<\/a><\/li>\n\n\n\n<li>Documento ref. ao PPCI &#8211; Certificado de aprova\u00e7\u00e3o do projeto de preven\u00e7\u00e3o contra inc\u00eandio<\/li>\n\n\n\n<li>Licen\u00e7a Ambiental, se for o caso<\/li>\n\n\n\n<li>* Identifica\u00e7\u00e3o Pessoal \u2013 Se o requerente for pessoa f\u00edsica ou, em caso de pessoa jur\u00eddica, documento do respons\u00e1vel pela empresa<\/li>\n\n\n\n<li>Contrato social\/Estatuto\/Ato constitutivo \u2013 Se o requerente for pessoa jur\u00eddica<\/li>\n\n\n\n<li>Identifica\u00e7\u00e3o do RT<\/li>\n<\/ul>\n\n\n\n<p class=\"has-grey-background-color has-background\">Os documentos com \u201c*\u201d s\u00e3o obrigat\u00f3rios anexar na abertura do processo.<\/p>\n<\/div><\/div>\n\n\n\n<div class=\"wp-block-pb-accordion-item c-accordion__item js-accordion-item no-js\" data-initially-open=\"false\" data-click-to-close=\"true\" data-auto-close=\"true\" data-scroll=\"false\" data-scroll-offset=\"0\"><h5 id=\"at-12186\" class=\"c-accordion__title js-accordion-controller\" role=\"button\">APROVA\u00c7\u00c3O DE PROJETO &#8211; Comercial<\/h5><div id=\"ac-12186\" class=\"c-accordion__content\">\n<ul class=\"wp-block-list\">\n<li>* Requerimento &#8211; <a href=\"https:\/\/www.pmpf.rs.gov.br\/secretaria-de-obras\/wp-content\/uploads\/sites\/49\/2021\/12\/requerimento_smo_1.pdf\" target=\"_blank\" rel=\"noreferrer noopener\">clique aqui<\/a><\/li>\n\n\n\n<li>* Quadro de \u00edndice plano diretor &#8211; <a href=\"https:\/\/www.pmpf.rs.gov.br\/secretaria-de-obras\/wp-content\/uploads\/sites\/49\/2021\/12\/tabela_classificacao_pddi_smo_1.pdf\" target=\"_blank\" rel=\"noreferrer noopener\">clique aqui<\/a><\/li>\n\n\n\n<li>* Matr\u00edcula do Im\u00f3vel\/Certid\u00e3o Registro &#8211; Prazo de validade determinado pelo Cart\u00f3rio de Registro de Im\u00f3veis<\/li>\n\n\n\n<li>* ART\/RRT\/TRT \u2013 Projeto &#8211; Projeto arquitet\u00f4nico<\/li>\n\n\n\n<li>* Planilhas n\u00ba 01 e 02 da NBR \u2013 12721<\/li>\n\n\n\n<li>* Prancha \u00fanica \u2013 Planta de situa\u00e7\u00e3o e localiza\u00e7\u00e3o, planta esquem\u00e1tica de per\u00edmetro e cortes esquem\u00e1ticos longitudinal e transversal<\/li>\n\n\n\n<li> Documento ref. ao PPCI &#8211; Comprovante de protocolo do projeto de preven\u00e7\u00e3o contra inc\u00eandio, emitido pelo Corpo de Bombeiros<\/li>\n\n\n\n<li>Relat\u00f3rio de impacto de vizinhan\u00e7a (RIV) \u2013 Conforme o plano diretor do munic\u00edpio, obrigat\u00f3rio para projetos enquadrados no Art. 122 da Lei Complementar 170\/2006.<\/li>\n\n\n\n<li>Licen\u00e7a Ambiental &#8211; Se for o caso<\/li>\n\n\n\n<li>* Termo de declara\u00e7\u00e3o de responsabilidade &#8211; <a href=\"https:\/\/www.pmpf.rs.gov.br\/secretaria-de-obras\/wp-content\/uploads\/sites\/49\/2021\/12\/documentacao_obras_termo_responsabilidade_aprovacao.pdf\" target=\"_blank\" rel=\"noreferrer noopener\">clique aqui<\/a><\/li>\n\n\n\n<li>Contrato de promessa de compra e venda e\/ou escritura p\u00fablica, se for o caso<\/li>\n\n\n\n<li>Autoriza\u00e7\u00e3o do propriet\u00e1rio, se for o caso, relacionado ao item anterior<\/li>\n\n\n\n<li>* Identifica\u00e7\u00e3o Pessoal \u2013 Se o requerente for pessoa f\u00edsica ou, em caso de pessoa jur\u00eddica, documento do respons\u00e1vel pela empresa<\/li>\n\n\n\n<li>Contrato social\/Estatuto\/Ato constitutivo \u2013 Se o requerente for pessoa jur\u00eddica<\/li>\n\n\n\n<li>Identifica\u00e7\u00e3o do RT<\/li>\n<\/ul>\n\n\n\n<p class=\"has-grey-background-color has-background\">Os documentos com \u201c*\u201d s\u00e3o obrigat\u00f3rios anexar na abertura do processo.<\/p>\n\n\n\n<p><\/p>\n<\/div><\/div>\n\n\n\n<div class=\"wp-block-pb-accordion-item c-accordion__item js-accordion-item no-js\" data-initially-open=\"false\" data-click-to-close=\"true\" data-auto-close=\"true\" data-scroll=\"false\" data-scroll-offset=\"0\"><h5 id=\"at-12187\" class=\"c-accordion__title js-accordion-controller\" role=\"button\">APROVA\u00c7\u00c3O E LICENCIAMENTO DE PROJETO &#8211; Comercial<\/h5><div id=\"ac-12187\" class=\"c-accordion__content\">\n<ul class=\"wp-block-list\">\n<li>* Requerimento &#8211; <a href=\"https:\/\/www.pmpf.rs.gov.br\/secretaria-de-obras\/wp-content\/uploads\/sites\/49\/2021\/12\/requerimento_smo_1.pdf\" target=\"_blank\" rel=\"noreferrer noopener\">clique aqui<\/a><\/li>\n\n\n\n<li>* Quadro de \u00edndice plano diretor &#8211; <a href=\"https:\/\/www.pmpf.rs.gov.br\/secretaria-de-obras\/wp-content\/uploads\/sites\/49\/2021\/12\/tabela_classificacao_pddi_smo_1.pdf\" target=\"_blank\" rel=\"noreferrer noopener\">clique aqui<\/a><\/li>\n\n\n\n<li>* Matr\u00edcula do Im\u00f3vel\/Certid\u00e3o Registro &#8211; Prazo de validade determinado pelo Cart\u00f3rio de Registro de Im\u00f3veis<\/li>\n\n\n\n<li>* ART\/RRT\/TRT \u2013 Projeto &#8211; Projeto arquitet\u00f4nico<\/li>\n\n\n\n<li>* ART\/RRT\/TRT \u2013 Execu\u00e7\u00e3o &#8211; Todas as atividades t\u00e9cnicas que envolvam a execu\u00e7\u00e3o da obra<\/li>\n\n\n\n<li>* Planilhas n\u00ba 01 e 02 da NBR \u2013 12721, se for o caso<\/li>\n\n\n\n<li> Documento ref. ao PPCI &#8211; Certificado de aprova\u00e7\u00e3o do projeto de preven\u00e7\u00e3o contra inc\u00eandio<\/li>\n\n\n\n<li>* Prancha \u00fanica \u2013 Planta de situa\u00e7\u00e3o e localiza\u00e7\u00e3o, planta esquem\u00e1tica de per\u00edmetro e cortes esquem\u00e1ticos longitudinal e transversal<\/li>\n\n\n\n<li>Relat\u00f3rio de impacto de vizinhan\u00e7a (RIV) \u2013 Conforme o plano diretor do munic\u00edpio, obrigat\u00f3rio para projetos enquadrados no Art. 122 da Lei Complementar 170\/2006<\/li>\n\n\n\n<li>Licen\u00e7a Ambiental, se for o caso<\/li>\n\n\n\n<li>* Termo de declara\u00e7\u00e3o de responsabilidade \u2013 Projeto &#8211; <a href=\"https:\/\/www.pmpf.rs.gov.br\/secretaria-de-obras\/wp-content\/uploads\/sites\/49\/2021\/12\/documentacao_obras_termo_responsabilidade_aprovacao.pdf\" target=\"_blank\" rel=\"noreferrer noopener\">clique aqui<\/a><\/li>\n\n\n\n<li>* Termo de declara\u00e7\u00e3o de responsabilidade \u2013 Execu\u00e7\u00e3o &#8211; <a href=\"https:\/\/www.pmpf.rs.gov.br\/secretaria-de-obras\/wp-content\/uploads\/sites\/49\/2021\/12\/documentacao_termo_responsabilidade_licenca.pdf\" target=\"_blank\" rel=\"noreferrer noopener\">clique aqui<\/a><\/li>\n\n\n\n<li>Contrato de promessa de compra e venda e\/ou escritura p\u00fablica, se for o caso<\/li>\n\n\n\n<li>Autoriza\u00e7\u00e3o do propriet\u00e1rio, se for o caso, relacionado ao item anterior<\/li>\n\n\n\n<li>* Identifica\u00e7\u00e3o Pessoal \u2013 Se o requerente for pessoa f\u00edsica ou, em caso de pessoa jur\u00eddica, documento do respons\u00e1vel pela empresa<\/li>\n\n\n\n<li>Contrato social\/Estatuto\/Ato constitutivo \u2013 Se o requerente for pessoa jur\u00eddica<\/li>\n\n\n\n<li>Gerenciamento de Res\u00edduos &#8211; Acompanhado de ART<\/li>\n\n\n\n<li>C\u00e1lculo do tr\u00e1fego de elevador &#8211; Assinado pelo RT<\/li>\n\n\n\n<li>Identifica\u00e7\u00e3o do RT<\/li>\n<\/ul>\n\n\n\n<p class=\"has-grey-background-color has-background\">Os documentos com \u201c*\u201d s\u00e3o obrigat\u00f3rios anexar na abertura do processo.<\/p>\n<\/div><\/div>\n\n\n\n<div class=\"wp-block-pb-accordion-item c-accordion__item js-accordion-item no-js\" data-initially-open=\"false\" data-click-to-close=\"true\" data-auto-close=\"true\" data-scroll=\"false\" data-scroll-offset=\"0\"><h5 id=\"at-12188\" class=\"c-accordion__title js-accordion-controller\" role=\"button\">LICENCIAMENTO DE PROJETO &#8211; Comercial<\/h5><div id=\"ac-12188\" class=\"c-accordion__content\">\n<ul class=\"wp-block-list\">\n<li>Requerimento &#8211; <a href=\"https:\/\/www.pmpf.rs.gov.br\/secretaria-de-obras\/wp-content\/uploads\/sites\/49\/2021\/12\/requerimento_smo_1.pdf\" target=\"_blank\" rel=\"noreferrer noopener\">clique aqui<\/a><\/li>\n\n\n\n<li>* ART\/RRT\/TRT \u2013 Projeto &#8211; Todos os projetos complementares<\/li>\n\n\n\n<li>* ART\/RRT\/TRT \u2013 Execu\u00e7\u00e3o &#8211; Todas as atividades t\u00e9cnicas que envolvam a execu\u00e7\u00e3o da obra<\/li>\n\n\n\n<li>* Termo de declara\u00e7\u00e3o de responsabilidade \u2013Execu\u00e7\u00e3o &#8211; <a href=\"https:\/\/www.pmpf.rs.gov.br\/secretaria-de-obras\/wp-content\/uploads\/sites\/49\/2021\/12\/documentacao_termo_responsabilidade_licenca.pdf\" target=\"_blank\" rel=\"noreferrer noopener\">clique aqui<\/a><\/li>\n\n\n\n<li>Documento referente ao PPCI &#8211; Certificado de aprova\u00e7\u00e3o do projeto de preven\u00e7\u00e3o contra inc\u00eandio<\/li>\n\n\n\n<li>Licen\u00e7a Ambiental, se for o caso* Identifica\u00e7\u00e3o Pessoal \u2013 Se o requerente for pessoa f\u00edsica ou, em caso de pessoa jur\u00eddica, documento do respons\u00e1vel pela empresa<\/li>\n\n\n\n<li>Contrato social\/Estatuto\/Ato constitutivo \u2013 Se o requerente for pessoa jur\u00eddica<\/li>\n\n\n\n<li>Gerenciamento de Res\u00edduos &#8211; Acompanhado de ART<\/li>\n\n\n\n<li>C\u00e1lculo do tr\u00e1fego de elevador &#8211; Assinado pelo RT<\/li>\n\n\n\n<li>Identifica\u00e7\u00e3o do RT<\/li>\n<\/ul>\n\n\n\n<p class=\"has-grey-background-color has-background\">Os documentos com \u201c*\u201d s\u00e3o obrigat\u00f3rios anexar na abertura do processo.<\/p>\n<\/div><\/div>\n\n\n\n<div class=\"wp-block-pb-accordion-item c-accordion__item js-accordion-item no-js\" data-initially-open=\"false\" data-click-to-close=\"true\" data-auto-close=\"true\" data-scroll=\"false\" data-scroll-offset=\"0\"><h5 id=\"at-12189\" class=\"c-accordion__title js-accordion-controller\" role=\"button\">APURA\u00c7\u00c3O DE ISS <\/h5><div id=\"ac-12189\" class=\"c-accordion__content\">\n<ul class=\"wp-block-list\">\n<li>* Requerimento &#8211; <a href=\"https:\/\/www.pmpf.rs.gov.br\/secretaria-de-obras\/wp-content\/uploads\/sites\/49\/2021\/12\/Requerimento_-Apuracao_ISS2.pdf\" target=\"_blank\" rel=\"noreferrer noopener\">clique aqui<\/a><\/li>\n\n\n\n<li>* Documento de identifica\u00e7\u00e3o pessoal com foto da PF ou do S\u00f3cio Principal da PJ<\/li>\n\n\n\n<li>* Alvar\u00e1 de Licen\u00e7a da Constru\u00e7\u00e3o<\/li>\n\n\n\n<li>* Declara\u00e7\u00e3o de solicita\u00e7\u00e3o do c\u00e1lculo para apura\u00e7\u00e3o do ISS na forma presumido ou op\u00e7\u00e3o pela contabilidade regular por obra &#8211; <a href=\"https:\/\/www.pmpf.rs.gov.br\/financas\/declaracao-de-opcao-de-calculo-para-cv\/\" target=\"_blank\" rel=\"noreferrer noopener\">Clique aqui<\/a><\/li>\n\n\n\n<li>GFIP<\/li>\n\n\n\n<li>Planilha com a rela\u00e7\u00e3o das GFIPs &#8211; <a href=\"https:\/\/www.pmpf.rs.gov.br\/secretaria-de-obras\/wp-content\/uploads\/sites\/49\/2021\/12\/Planilha-GFIPS.xls\" target=\"_blank\" rel=\"noreferrer noopener\">Clique aqui<\/a><\/li>\n\n\n\n<li>Planilhas n\u00ba 01 e 02 da NBR &#8211; 12721 &#8211; Capa acompanhada da ART\/RRT atualizado, caso seja exigido para regulariza\u00e7\u00e3o da obra<\/li>\n\n\n\n<li>Contrato de empreita, se houver<\/li>\n\n\n\n<li>*Foto da obra<\/li>\n\n\n\n<li>*Classifica\u00e7\u00e3o do CUB &#8211; <a href=\"https:\/\/www.pmpf.rs.gov.br\/financas\/declaracao-da-classificacao-do-cub\/\" target=\"_blank\" rel=\"noreferrer noopener\">Clique aqui<\/a><\/li>\n\n\n\n<li>Notas fiscais de presta\u00e7\u00e3o de servi\u00e7o<\/li>\n\n\n\n<li>Planilha com a rela\u00e7\u00e3o das Notas Fiscais &#8211; <a href=\"https:\/\/www.pmpf.rs.gov.br\/secretaria-de-obras\/wp-content\/uploads\/sites\/49\/2021\/12\/Planilha-NOTAS-FISCAIS.xls\" target=\"_blank\" rel=\"noreferrer noopener\">Clique aqui<\/a><\/li>\n\n\n\n<li>Documento de identifica\u00e7\u00e3o com foto do <strong>Respons\u00e1vel T\u00e9cnico<\/strong>, \u00a0bem como a <strong>NFS-e correspondente ao servi\u00e7o.\u00a0<\/strong><\/li>\n<\/ul>\n\n\n\n<p class=\"has-grey-background-color has-background\">A apresenta\u00e7\u00e3o da documenta\u00e7\u00e3o n\u00e3o isenta o contribuinte de ter que apresentar outros documentos que n\u00e3o est\u00e3o elencados acima, em face da necessidade de apura\u00e7\u00e3o dos impostos pelo Fisco. <strong>Os documentos com * s\u00e3o obrigat\u00f3rios<\/strong>, <strong>na falta de qualquer documento obrigat\u00f3rio ser\u00e1 indeferido de plano, sem an\u00e1lise.<\/strong><\/p>\n<\/div><\/div>\n\n\n\n<div class=\"wp-block-pb-accordion-item c-accordion__item js-accordion-item no-js\" data-initially-open=\"false\" data-click-to-close=\"true\" data-auto-close=\"true\" data-scroll=\"false\" data-scroll-offset=\"0\"><h5 id=\"at-121810\" class=\"c-accordion__title js-accordion-controller\" role=\"button\">HABITE-SE<br><\/h5><div id=\"ac-121810\" class=\"c-accordion__content\">\n<ul class=\"wp-block-list\">\n<li>* Requerimento \u2013 <a href=\"https:\/\/www.pmpf.rs.gov.br\/secretaria-de-obras\/wp-content\/uploads\/sites\/49\/2021\/12\/requerimento_smo_1.pdf\" target=\"_blank\" rel=\"noreferrer noopener\">clique aqui<\/a><\/li>\n\n\n\n<li>*Projeto arquitet\u00f4nico aprovado completo (com o carimbo da Prefeitura)<\/li>\n\n\n\n<li>*Documento de identifica\u00e7\u00e3o pessoal com foto do Requerente do processo se Pessoa F\u00edsica ou do S\u00f3cio Principal da Pessoa Jur\u00eddica<\/li>\n\n\n\n<li>Carta de entrega  do elevador<\/li>\n\n\n\n<li>Visto da libera\u00e7\u00e3o das instala\u00e7\u00f5es de preven\u00e7\u00e3o de inc\u00eandio<\/li>\n\n\n\n<li>*Visto da libera\u00e7\u00e3o das instala\u00e7\u00f5es hidrossanit\u00e1rias e el\u00e9tricas (conta de \u00e1gua e luz)<\/li>\n\n\n\n<li>Licen\u00e7a ambiental de opera\u00e7\u00e3o e ou funcionamento expedidos pelo \u00f3rg\u00e3o competente<\/li>\n\n\n\n<li>*Certid\u00e3o positiva com efeito de negativa de apura\u00e7\u00e3o do ISS<\/li>\n<\/ul>\n\n\n\n<p class=\"has-grey-background-color has-background\">Aten\u00e7\u00e3o: \u00c9 obrigat\u00f3rio a informa\u00e7\u00e3o do n\u00famero do im\u00f3vel (economia),  n\u00famero do processo de apura\u00e7\u00e3o de ISS e o n\u00famero do processo de aprova\u00e7\u00e3o\/licenciamento do projeto. Na falta dessas informa\u00e7\u00f5es, o processo ser\u00e1 indeferido de plano, sem an\u00e1lise.<\/p>\n\n\n\n<p><\/p>\n<\/div><\/div>\n","protected":false},"featured_media":1547,"template":"","canal":[2],"quem":[3,9],"servico_tags":[31,6],"class_list":["post-1218","servicos","type-servicos","status-publish","has-post-thumbnail","hentry","canal-online","quem-cidadao","quem-empresa","servico_tags-aprovacao-e-licenciamento-de-obras","servico_tags-obra-facil"],"yoast_head":"<!-- This site is optimized with the Yoast SEO plugin v23.8 - https:\/\/yoast.com\/wordpress\/plugins\/seo\/ -->\n<title>Obra F\u00e1cil - Secretaria de Obras<\/title>\n<meta name=\"robots\" content=\"index, follow, max-snippet:-1, max-image-preview:large, max-video-preview:-1\" \/>\n<link rel=\"canonical\" href=\"https:\/\/www.pmpf.rs.gov.br\/secretaria-de-obras\/servicos\/obra-facil-smo\/\" \/>\n<meta property=\"og:locale\" content=\"pt_BR\" \/>\n<meta property=\"og:type\" content=\"article\" \/>\n<meta property=\"og:title\" content=\"Obra F\u00e1cil - Secretaria de Obras\" \/>\n<meta property=\"og:description\" content=\"Programa de simplifica\u00e7\u00e3o de procedimentos e processos que versem sobre pedidos de aprova\u00e7\u00e3o e licenciamento de obras civis, denominado &#8220;Programa Obra F\u00e1cil&#8221;. O programa foi institu\u00eddo pela Lei 5558\/2021 e regulamentado pelo&nbsp;Decreto [&hellip;]\" \/>\n<meta property=\"og:url\" content=\"https:\/\/www.pmpf.rs.gov.br\/secretaria-de-obras\/servicos\/obra-facil-smo\/\" \/>\n<meta property=\"og:site_name\" content=\"Secretaria de Obras\" \/>\n<meta property=\"article:modified_time\" content=\"2025-07-02T18:20:30+00:00\" \/>\n<meta property=\"og:image\" content=\"https:\/\/www.pmpf.rs.gov.br\/secretaria-de-obras\/wp-content\/uploads\/sites\/49\/2021\/12\/I2021-09-22_14_48_15_106220.png\" \/>\n\t<meta property=\"og:image:width\" content=\"148\" \/>\n\t<meta property=\"og:image:height\" content=\"111\" \/>\n\t<meta property=\"og:image:type\" content=\"image\/png\" \/>\n<meta name=\"twitter:card\" content=\"summary_large_image\" \/>\n<meta name=\"twitter:label1\" content=\"Est. tempo de leitura\" \/>\n\t<meta name=\"twitter:data1\" content=\"2 minutos\" \/>\n<script type=\"application\/ld+json\" class=\"yoast-schema-graph\">{\"@context\":\"https:\/\/schema.org\",\"@graph\":[{\"@type\":\"WebPage\",\"@id\":\"https:\/\/www.pmpf.rs.gov.br\/secretaria-de-obras\/servicos\/obra-facil-smo\/\",\"url\":\"https:\/\/www.pmpf.rs.gov.br\/secretaria-de-obras\/servicos\/obra-facil-smo\/\",\"name\":\"Obra F\u00e1cil - Secretaria de Obras\",\"isPartOf\":{\"@id\":\"https:\/\/www.pmpf.rs.gov.br\/secretaria-de-obras\/#website\"},\"primaryImageOfPage\":{\"@id\":\"https:\/\/www.pmpf.rs.gov.br\/secretaria-de-obras\/servicos\/obra-facil-smo\/#primaryimage\"},\"image\":{\"@id\":\"https:\/\/www.pmpf.rs.gov.br\/secretaria-de-obras\/servicos\/obra-facil-smo\/#primaryimage\"},\"thumbnailUrl\":\"https:\/\/www.pmpf.rs.gov.br\/secretaria-de-obras\/wp-content\/uploads\/sites\/49\/2021\/12\/I2021-09-22_14_48_15_106220.png\",\"datePublished\":\"2021-12-22T17:26:40+00:00\",\"dateModified\":\"2025-07-02T18:20:30+00:00\",\"breadcrumb\":{\"@id\":\"https:\/\/www.pmpf.rs.gov.br\/secretaria-de-obras\/servicos\/obra-facil-smo\/#breadcrumb\"},\"inLanguage\":\"pt-BR\",\"potentialAction\":[{\"@type\":\"ReadAction\",\"target\":[\"https:\/\/www.pmpf.rs.gov.br\/secretaria-de-obras\/servicos\/obra-facil-smo\/\"]}]},{\"@type\":\"ImageObject\",\"inLanguage\":\"pt-BR\",\"@id\":\"https:\/\/www.pmpf.rs.gov.br\/secretaria-de-obras\/servicos\/obra-facil-smo\/#primaryimage\",\"url\":\"https:\/\/www.pmpf.rs.gov.br\/secretaria-de-obras\/wp-content\/uploads\/sites\/49\/2021\/12\/I2021-09-22_14_48_15_106220.png\",\"contentUrl\":\"https:\/\/www.pmpf.rs.gov.br\/secretaria-de-obras\/wp-content\/uploads\/sites\/49\/2021\/12\/I2021-09-22_14_48_15_106220.png\",\"width\":148,\"height\":111},{\"@type\":\"BreadcrumbList\",\"@id\":\"https:\/\/www.pmpf.rs.gov.br\/secretaria-de-obras\/servicos\/obra-facil-smo\/#breadcrumb\",\"itemListElement\":[{\"@type\":\"ListItem\",\"position\":1,\"name\":\"In\u00edcio\",\"item\":\"https:\/\/www.pmpf.rs.gov.br\/secretaria-de-obras\/\"},{\"@type\":\"ListItem\",\"position\":2,\"name\":\"Servi\u00e7os\",\"item\":\"https:\/\/www.pmpf.rs.gov.br\/secretaria-de-obras\/servicos\/\"},{\"@type\":\"ListItem\",\"position\":3,\"name\":\"Obra F\u00e1cil\"}]},{\"@type\":\"WebSite\",\"@id\":\"https:\/\/www.pmpf.rs.gov.br\/secretaria-de-obras\/#website\",\"url\":\"https:\/\/www.pmpf.rs.gov.br\/secretaria-de-obras\/\",\"name\":\"Secretaria de Obras\",\"description\":\"S\u00f3 mais um site Prefeitura de Passo Fundo\",\"potentialAction\":[{\"@type\":\"SearchAction\",\"target\":{\"@type\":\"EntryPoint\",\"urlTemplate\":\"https:\/\/www.pmpf.rs.gov.br\/secretaria-de-obras\/?s={search_term_string}\"},\"query-input\":{\"@type\":\"PropertyValueSpecification\",\"valueRequired\":true,\"valueName\":\"search_term_string\"}}],\"inLanguage\":\"pt-BR\"}]}<\/script>\n<!-- \/ Yoast SEO plugin. -->","yoast_head_json":{"title":"Obra F\u00e1cil - Secretaria de Obras","robots":{"index":"index","follow":"follow","max-snippet":"max-snippet:-1","max-image-preview":"max-image-preview:large","max-video-preview":"max-video-preview:-1"},"canonical":"https:\/\/www.pmpf.rs.gov.br\/secretaria-de-obras\/servicos\/obra-facil-smo\/","og_locale":"pt_BR","og_type":"article","og_title":"Obra F\u00e1cil - Secretaria de Obras","og_description":"Programa de simplifica\u00e7\u00e3o de procedimentos e processos que versem sobre pedidos de aprova\u00e7\u00e3o e licenciamento de obras civis, denominado &#8220;Programa Obra F\u00e1cil&#8221;. O programa foi institu\u00eddo pela Lei 5558\/2021 e regulamentado pelo&nbsp;Decreto [&hellip;]","og_url":"https:\/\/www.pmpf.rs.gov.br\/secretaria-de-obras\/servicos\/obra-facil-smo\/","og_site_name":"Secretaria de Obras","article_modified_time":"2025-07-02T18:20:30+00:00","og_image":[{"width":148,"height":111,"url":"https:\/\/www.pmpf.rs.gov.br\/secretaria-de-obras\/wp-content\/uploads\/sites\/49\/2021\/12\/I2021-09-22_14_48_15_106220.png","type":"image\/png"}],"twitter_card":"summary_large_image","twitter_misc":{"Est. tempo de leitura":"2 minutos"},"schema":{"@context":"https:\/\/schema.org","@graph":[{"@type":"WebPage","@id":"https:\/\/www.pmpf.rs.gov.br\/secretaria-de-obras\/servicos\/obra-facil-smo\/","url":"https:\/\/www.pmpf.rs.gov.br\/secretaria-de-obras\/servicos\/obra-facil-smo\/","name":"Obra F\u00e1cil - Secretaria de Obras","isPartOf":{"@id":"https:\/\/www.pmpf.rs.gov.br\/secretaria-de-obras\/#website"},"primaryImageOfPage":{"@id":"https:\/\/www.pmpf.rs.gov.br\/secretaria-de-obras\/servicos\/obra-facil-smo\/#primaryimage"},"image":{"@id":"https:\/\/www.pmpf.rs.gov.br\/secretaria-de-obras\/servicos\/obra-facil-smo\/#primaryimage"},"thumbnailUrl":"https:\/\/www.pmpf.rs.gov.br\/secretaria-de-obras\/wp-content\/uploads\/sites\/49\/2021\/12\/I2021-09-22_14_48_15_106220.png","datePublished":"2021-12-22T17:26:40+00:00","dateModified":"2025-07-02T18:20:30+00:00","breadcrumb":{"@id":"https:\/\/www.pmpf.rs.gov.br\/secretaria-de-obras\/servicos\/obra-facil-smo\/#breadcrumb"},"inLanguage":"pt-BR","potentialAction":[{"@type":"ReadAction","target":["https:\/\/www.pmpf.rs.gov.br\/secretaria-de-obras\/servicos\/obra-facil-smo\/"]}]},{"@type":"ImageObject","inLanguage":"pt-BR","@id":"https:\/\/www.pmpf.rs.gov.br\/secretaria-de-obras\/servicos\/obra-facil-smo\/#primaryimage","url":"https:\/\/www.pmpf.rs.gov.br\/secretaria-de-obras\/wp-content\/uploads\/sites\/49\/2021\/12\/I2021-09-22_14_48_15_106220.png","contentUrl":"https:\/\/www.pmpf.rs.gov.br\/secretaria-de-obras\/wp-content\/uploads\/sites\/49\/2021\/12\/I2021-09-22_14_48_15_106220.png","width":148,"height":111},{"@type":"BreadcrumbList","@id":"https:\/\/www.pmpf.rs.gov.br\/secretaria-de-obras\/servicos\/obra-facil-smo\/#breadcrumb","itemListElement":[{"@type":"ListItem","position":1,"name":"In\u00edcio","item":"https:\/\/www.pmpf.rs.gov.br\/secretaria-de-obras\/"},{"@type":"ListItem","position":2,"name":"Servi\u00e7os","item":"https:\/\/www.pmpf.rs.gov.br\/secretaria-de-obras\/servicos\/"},{"@type":"ListItem","position":3,"name":"Obra F\u00e1cil"}]},{"@type":"WebSite","@id":"https:\/\/www.pmpf.rs.gov.br\/secretaria-de-obras\/#website","url":"https:\/\/www.pmpf.rs.gov.br\/secretaria-de-obras\/","name":"Secretaria de Obras","description":"S\u00f3 mais um site Prefeitura de Passo Fundo","potentialAction":[{"@type":"SearchAction","target":{"@type":"EntryPoint","urlTemplate":"https:\/\/www.pmpf.rs.gov.br\/secretaria-de-obras\/?s={search_term_string}"},"query-input":{"@type":"PropertyValueSpecification","valueRequired":true,"valueName":"search_term_string"}}],"inLanguage":"pt-BR"}]}},"_links":{"self":[{"href":"https:\/\/www.pmpf.rs.gov.br\/secretaria-de-obras\/wp-json\/wp\/v2\/servicos\/1218"}],"collection":[{"href":"https:\/\/www.pmpf.rs.gov.br\/secretaria-de-obras\/wp-json\/wp\/v2\/servicos"}],"about":[{"href":"https:\/\/www.pmpf.rs.gov.br\/secretaria-de-obras\/wp-json\/wp\/v2\/types\/servicos"}],"wp:featuredmedia":[{"embeddable":true,"href":"https:\/\/www.pmpf.rs.gov.br\/secretaria-de-obras\/wp-json\/wp\/v2\/media\/1547"}],"wp:attachment":[{"href":"https:\/\/www.pmpf.rs.gov.br\/secretaria-de-obras\/wp-json\/wp\/v2\/media?parent=1218"}],"wp:term":[{"taxonomy":"canal","embeddable":true,"href":"https:\/\/www.pmpf.rs.gov.br\/secretaria-de-obras\/wp-json\/wp\/v2\/canal?post=1218"},{"taxonomy":"quem","embeddable":true,"href":"https:\/\/www.pmpf.rs.gov.br\/secretaria-de-obras\/wp-json\/wp\/v2\/quem?post=1218"},{"taxonomy":"servico_tags","embeddable":true,"href":"https:\/\/www.pmpf.rs.gov.br\/secretaria-de-obras\/wp-json\/wp\/v2\/servico_tags?post=1218"}],"curies":[{"name":"wp","href":"https:\/\/api.w.org\/{rel}","templated":true}]}}