{"id":1053,"date":"2021-12-22T13:44:43","date_gmt":"2021-12-22T16:44:43","guid":{"rendered":"https:\/\/www.pmpf.rs.gov.br\/secretaria-de-meio-ambiente\/?post_type=programa&#038;p=1053"},"modified":"2025-09-11T11:21:20","modified_gmt":"2025-09-11T14:21:20","slug":"e-o-bicho","status":"publish","type":"programa","link":"https:\/\/www.pmpf.rs.gov.br\/secretaria-de-meio-ambiente\/programa\/e-o-bicho\/","title":{"rendered":"\u00c9 o Bicho"},"content":{"rendered":"\n<p>O Programa \u00c9 o Bicho \u00e9 dedicado ao bem-estar dos animais de rua do munic\u00edpio, especialmente, c\u00e3es e gatos.<\/p>\n\n\n\n<p>A inten\u00e7\u00e3o \u00e9 evitar a procria\u00e7\u00e3o descontrolada e o abandono de animais, atrav\u00e9s do procedimento de castra\u00e7\u00e3o cir\u00fargica e cuidados em geral. Atrav\u00e9s de uma unidade m\u00f3vel, o programa leva c\u00e3es e gatos at\u00e9 cl\u00ednicas veterin\u00e1rias conveniadas para realizar o procedimento de castra\u00e7\u00e3o cir\u00fargica.<\/p>\n\n\n\n<p>Desde 2014, quando o programa \u00c9 o Bicho foi implementado, a Prefeitura de Passo Fundo castrou gratuitamente quase 14 mil animais. S\u00e3o c\u00e3es e gatos que tiveram ciclos de procria\u00e7\u00e3o interrompidos, reduzindo, como consequ\u00eancia, poss\u00edveis abandonos e maus-tratos.<\/p>\n\n\n\n<p>O programa beneficia os usu\u00e1rios inscritos no Cadastro \u00danico (Cad\u00danico) \u2013 com renda mensal de at\u00e9 meio sal\u00e1rio m\u00ednimo por pessoa ou renda mensal total de at\u00e9 tr\u00eas sal\u00e1rios m\u00ednimos \u2013 e as organiza\u00e7\u00f5es protetoras dos animais.<\/p>\n\n\n\n<p>Mais informa\u00e7\u00f5es sobre o programa podem ser obtidas na Secretaria de Meio Ambiente pelos telefones <strong>(54) 3311-5494 e (54) 3313-3542<\/strong>.<\/p>\n\n\n\n<hr class=\"wp-block-separator has-css-opacity\"\/>\n\n\n\n<figure class=\"wp-block-embed is-type-video is-provider-youtube wp-block-embed-youtube wp-embed-aspect-16-9 wp-has-aspect-ratio\"><div class=\"wp-block-embed__wrapper\">\n<iframe loading=\"lazy\" title=\"Programa \u00c9 o Bicho\" width=\"600\" height=\"338\" src=\"https:\/\/www.youtube.com\/embed\/_VU_W8a0z6I?feature=oembed\" frameborder=\"0\" allow=\"accelerometer; autoplay; clipboard-write; encrypted-media; gyroscope; picture-in-picture; web-share\" referrerpolicy=\"strict-origin-when-cross-origin\" allowfullscreen><\/iframe>\n<\/div><\/figure>\n\n\n\n<div style=\"height:10px\" aria-hidden=\"true\" class=\"wp-block-spacer\"><\/div>\n\n\n\n<figure class=\"wp-block-gallery has-nested-images columns-default is-cropped wp-block-gallery-1 is-layout-flex wp-block-gallery-is-layout-flex\">\n<figure class=\"wp-block-image size-large is-style-default\"><a href=\"https:\/\/www.pmpf.rs.gov.br\/secretaria-de-meio-ambiente\/wp-content\/uploads\/sites\/48\/2022\/08\/eobicho_08.jpg\"><img loading=\"lazy\" decoding=\"async\" width=\"960\" height=\"640\" data-id=\"1494\" src=\"https:\/\/www.pmpf.rs.gov.br\/secretaria-de-meio-ambiente\/wp-content\/uploads\/sites\/48\/2022\/08\/eobicho_08.jpg\" alt=\"\" class=\"wp-image-1494\" srcset=\"https:\/\/www.pmpf.rs.gov.br\/secretaria-de-meio-ambiente\/wp-content\/uploads\/sites\/48\/2022\/08\/eobicho_08.jpg 960w, https:\/\/www.pmpf.rs.gov.br\/secretaria-de-meio-ambiente\/wp-content\/uploads\/sites\/48\/2022\/08\/eobicho_08-300x200.jpg 300w, https:\/\/www.pmpf.rs.gov.br\/secretaria-de-meio-ambiente\/wp-content\/uploads\/sites\/48\/2022\/08\/eobicho_08-768x512.jpg 768w\" sizes=\"(max-width: 960px) 100vw, 960px\" \/><\/a><\/figure>\n\n\n\n<figure class=\"wp-block-image size-large is-style-default\"><a href=\"https:\/\/www.pmpf.rs.gov.br\/secretaria-de-meio-ambiente\/wp-content\/uploads\/sites\/48\/2022\/08\/eobicho_10.jpg\"><img loading=\"lazy\" decoding=\"async\" width=\"960\" height=\"640\" data-id=\"1496\" src=\"https:\/\/www.pmpf.rs.gov.br\/secretaria-de-meio-ambiente\/wp-content\/uploads\/sites\/48\/2022\/08\/eobicho_10.jpg\" alt=\"\" class=\"wp-image-1496\" srcset=\"https:\/\/www.pmpf.rs.gov.br\/secretaria-de-meio-ambiente\/wp-content\/uploads\/sites\/48\/2022\/08\/eobicho_10.jpg 960w, https:\/\/www.pmpf.rs.gov.br\/secretaria-de-meio-ambiente\/wp-content\/uploads\/sites\/48\/2022\/08\/eobicho_10-300x200.jpg 300w, https:\/\/www.pmpf.rs.gov.br\/secretaria-de-meio-ambiente\/wp-content\/uploads\/sites\/48\/2022\/08\/eobicho_10-768x512.jpg 768w\" sizes=\"(max-width: 960px) 100vw, 960px\" \/><\/a><\/figure>\n\n\n\n<figure class=\"wp-block-image size-large is-style-default\"><a href=\"https:\/\/www.pmpf.rs.gov.br\/secretaria-de-meio-ambiente\/wp-content\/uploads\/sites\/48\/2022\/08\/eobicho_09.jpg\"><img loading=\"lazy\" decoding=\"async\" width=\"960\" height=\"640\" data-id=\"1493\" src=\"https:\/\/www.pmpf.rs.gov.br\/secretaria-de-meio-ambiente\/wp-content\/uploads\/sites\/48\/2022\/08\/eobicho_09.jpg\" alt=\"\" class=\"wp-image-1493\" srcset=\"https:\/\/www.pmpf.rs.gov.br\/secretaria-de-meio-ambiente\/wp-content\/uploads\/sites\/48\/2022\/08\/eobicho_09.jpg 960w, https:\/\/www.pmpf.rs.gov.br\/secretaria-de-meio-ambiente\/wp-content\/uploads\/sites\/48\/2022\/08\/eobicho_09-300x200.jpg 300w, https:\/\/www.pmpf.rs.gov.br\/secretaria-de-meio-ambiente\/wp-content\/uploads\/sites\/48\/2022\/08\/eobicho_09-768x512.jpg 768w\" sizes=\"(max-width: 960px) 100vw, 960px\" \/><\/a><\/figure>\n\n\n\n<figure class=\"wp-block-image size-large is-style-default\"><a href=\"https:\/\/www.pmpf.rs.gov.br\/secretaria-de-meio-ambiente\/wp-content\/uploads\/sites\/48\/2022\/08\/eobicho_07.jpg\"><img loading=\"lazy\" decoding=\"async\" width=\"960\" height=\"640\" data-id=\"1492\" src=\"https:\/\/www.pmpf.rs.gov.br\/secretaria-de-meio-ambiente\/wp-content\/uploads\/sites\/48\/2022\/08\/eobicho_07.jpg\" alt=\"\" class=\"wp-image-1492\" srcset=\"https:\/\/www.pmpf.rs.gov.br\/secretaria-de-meio-ambiente\/wp-content\/uploads\/sites\/48\/2022\/08\/eobicho_07.jpg 960w, https:\/\/www.pmpf.rs.gov.br\/secretaria-de-meio-ambiente\/wp-content\/uploads\/sites\/48\/2022\/08\/eobicho_07-300x200.jpg 300w, https:\/\/www.pmpf.rs.gov.br\/secretaria-de-meio-ambiente\/wp-content\/uploads\/sites\/48\/2022\/08\/eobicho_07-768x512.jpg 768w\" sizes=\"(max-width: 960px) 100vw, 960px\" \/><\/a><\/figure>\n\n\n\n<figure class=\"wp-block-image size-large is-style-default\"><a href=\"https:\/\/www.pmpf.rs.gov.br\/secretaria-de-meio-ambiente\/wp-content\/uploads\/sites\/48\/2022\/08\/eobicho_05.jpg\"><img loading=\"lazy\" decoding=\"async\" width=\"960\" height=\"640\" data-id=\"1491\" src=\"https:\/\/www.pmpf.rs.gov.br\/secretaria-de-meio-ambiente\/wp-content\/uploads\/sites\/48\/2022\/08\/eobicho_05.jpg\" alt=\"\" class=\"wp-image-1491\" srcset=\"https:\/\/www.pmpf.rs.gov.br\/secretaria-de-meio-ambiente\/wp-content\/uploads\/sites\/48\/2022\/08\/eobicho_05.jpg 960w, https:\/\/www.pmpf.rs.gov.br\/secretaria-de-meio-ambiente\/wp-content\/uploads\/sites\/48\/2022\/08\/eobicho_05-300x200.jpg 300w, https:\/\/www.pmpf.rs.gov.br\/secretaria-de-meio-ambiente\/wp-content\/uploads\/sites\/48\/2022\/08\/eobicho_05-768x512.jpg 768w\" sizes=\"(max-width: 960px) 100vw, 960px\" \/><\/a><\/figure>\n\n\n\n<figure class=\"wp-block-image size-large is-style-default\"><a href=\"https:\/\/www.pmpf.rs.gov.br\/secretaria-de-meio-ambiente\/wp-content\/uploads\/sites\/48\/2022\/08\/eobicho_02.jpg\"><img loading=\"lazy\" decoding=\"async\" width=\"960\" height=\"640\" data-id=\"1490\" src=\"https:\/\/www.pmpf.rs.gov.br\/secretaria-de-meio-ambiente\/wp-content\/uploads\/sites\/48\/2022\/08\/eobicho_02.jpg\" alt=\"\" class=\"wp-image-1490\" srcset=\"https:\/\/www.pmpf.rs.gov.br\/secretaria-de-meio-ambiente\/wp-content\/uploads\/sites\/48\/2022\/08\/eobicho_02.jpg 960w, https:\/\/www.pmpf.rs.gov.br\/secretaria-de-meio-ambiente\/wp-content\/uploads\/sites\/48\/2022\/08\/eobicho_02-300x200.jpg 300w, https:\/\/www.pmpf.rs.gov.br\/secretaria-de-meio-ambiente\/wp-content\/uploads\/sites\/48\/2022\/08\/eobicho_02-768x512.jpg 768w\" sizes=\"(max-width: 960px) 100vw, 960px\" \/><\/a><\/figure>\n\n\n\n<figure class=\"wp-block-image size-large is-style-default\"><a href=\"https:\/\/www.pmpf.rs.gov.br\/secretaria-de-meio-ambiente\/wp-content\/uploads\/sites\/48\/2022\/08\/eobicho_03.jpg\"><img loading=\"lazy\" decoding=\"async\" width=\"960\" height=\"640\" data-id=\"1489\" src=\"https:\/\/www.pmpf.rs.gov.br\/secretaria-de-meio-ambiente\/wp-content\/uploads\/sites\/48\/2022\/08\/eobicho_03.jpg\" alt=\"\" class=\"wp-image-1489\" srcset=\"https:\/\/www.pmpf.rs.gov.br\/secretaria-de-meio-ambiente\/wp-content\/uploads\/sites\/48\/2022\/08\/eobicho_03.jpg 960w, https:\/\/www.pmpf.rs.gov.br\/secretaria-de-meio-ambiente\/wp-content\/uploads\/sites\/48\/2022\/08\/eobicho_03-300x200.jpg 300w, https:\/\/www.pmpf.rs.gov.br\/secretaria-de-meio-ambiente\/wp-content\/uploads\/sites\/48\/2022\/08\/eobicho_03-768x512.jpg 768w\" sizes=\"(max-width: 960px) 100vw, 960px\" \/><\/a><\/figure>\n\n\n\n<figure class=\"wp-block-image size-large is-style-default\"><a href=\"https:\/\/www.pmpf.rs.gov.br\/secretaria-de-meio-ambiente\/wp-content\/uploads\/sites\/48\/2022\/08\/eobicho_01.jpg\"><img loading=\"lazy\" decoding=\"async\" width=\"960\" height=\"640\" data-id=\"1487\" src=\"https:\/\/www.pmpf.rs.gov.br\/secretaria-de-meio-ambiente\/wp-content\/uploads\/sites\/48\/2022\/08\/eobicho_01.jpg\" alt=\"\" class=\"wp-image-1487\" srcset=\"https:\/\/www.pmpf.rs.gov.br\/secretaria-de-meio-ambiente\/wp-content\/uploads\/sites\/48\/2022\/08\/eobicho_01.jpg 960w, https:\/\/www.pmpf.rs.gov.br\/secretaria-de-meio-ambiente\/wp-content\/uploads\/sites\/48\/2022\/08\/eobicho_01-300x200.jpg 300w, https:\/\/www.pmpf.rs.gov.br\/secretaria-de-meio-ambiente\/wp-content\/uploads\/sites\/48\/2022\/08\/eobicho_01-768x512.jpg 768w\" sizes=\"(max-width: 960px) 100vw, 960px\" \/><\/a><\/figure>\n<\/figure>\n\n\n\n<hr class=\"wp-block-separator has-css-opacity\"\/>\n","protected":false},"excerpt":{"rendered":"<p>Evitar a procria\u00e7\u00e3o descontrolada e o abandono de animais \u00e9 o objetivo do programa.<\/p>\n","protected":false},"featured_media":1054,"template":"","class_list":["post-1053","programa","type-programa","status-publish","has-post-thumbnail","hentry"],"yoast_head":"<!-- This site is optimized with the Yoast SEO plugin v23.8 - https:\/\/yoast.com\/wordpress\/plugins\/seo\/ -->\n<title>\u00c9 o Bicho - Secretaria de Meio Ambiente<\/title>\n<meta name=\"robots\" content=\"index, follow, max-snippet:-1, max-image-preview:large, max-video-preview:-1\" \/>\n<link rel=\"canonical\" href=\"https:\/\/www.pmpf.rs.gov.br\/secretaria-de-meio-ambiente\/programa\/e-o-bicho\/\" \/>\n<meta property=\"og:locale\" content=\"pt_BR\" \/>\n<meta property=\"og:type\" content=\"article\" \/>\n<meta property=\"og:title\" content=\"\u00c9 o Bicho - Secretaria de Meio Ambiente\" \/>\n<meta property=\"og:description\" content=\"Evitar a procria\u00e7\u00e3o descontrolada e o abandono de animais \u00e9 o objetivo do programa.\" \/>\n<meta property=\"og:url\" content=\"https:\/\/www.pmpf.rs.gov.br\/secretaria-de-meio-ambiente\/programa\/e-o-bicho\/\" \/>\n<meta property=\"og:site_name\" content=\"Secretaria de Meio Ambiente\" \/>\n<meta property=\"article:modified_time\" content=\"2025-09-11T14:21:20+00:00\" \/>\n<meta property=\"og:image\" content=\"https:\/\/www.pmpf.rs.gov.br\/secretaria-de-meio-ambiente\/wp-content\/uploads\/sites\/48\/2021\/12\/I2014-08-19_11_07_41_164470.jpg\" \/>\n\t<meta property=\"og:image:width\" content=\"280\" \/>\n\t<meta property=\"og:image:height\" content=\"186\" \/>\n\t<meta property=\"og:image:type\" content=\"image\/jpeg\" \/>\n<meta name=\"twitter:card\" content=\"summary_large_image\" \/>\n<meta name=\"twitter:label1\" content=\"Est. tempo de leitura\" \/>\n\t<meta name=\"twitter:data1\" content=\"1 minuto\" \/>\n<script type=\"application\/ld+json\" class=\"yoast-schema-graph\">{\"@context\":\"https:\/\/schema.org\",\"@graph\":[{\"@type\":\"WebPage\",\"@id\":\"https:\/\/www.pmpf.rs.gov.br\/secretaria-de-meio-ambiente\/programa\/e-o-bicho\/\",\"url\":\"https:\/\/www.pmpf.rs.gov.br\/secretaria-de-meio-ambiente\/programa\/e-o-bicho\/\",\"name\":\"\u00c9 o Bicho - Secretaria de Meio Ambiente\",\"isPartOf\":{\"@id\":\"https:\/\/www.pmpf.rs.gov.br\/secretaria-de-meio-ambiente\/#website\"},\"primaryImageOfPage\":{\"@id\":\"https:\/\/www.pmpf.rs.gov.br\/secretaria-de-meio-ambiente\/programa\/e-o-bicho\/#primaryimage\"},\"image\":{\"@id\":\"https:\/\/www.pmpf.rs.gov.br\/secretaria-de-meio-ambiente\/programa\/e-o-bicho\/#primaryimage\"},\"thumbnailUrl\":\"https:\/\/www.pmpf.rs.gov.br\/secretaria-de-meio-ambiente\/wp-content\/uploads\/sites\/48\/2021\/12\/I2014-08-19_11_07_41_164470.jpg\",\"datePublished\":\"2021-12-22T16:44:43+00:00\",\"dateModified\":\"2025-09-11T14:21:20+00:00\",\"breadcrumb\":{\"@id\":\"https:\/\/www.pmpf.rs.gov.br\/secretaria-de-meio-ambiente\/programa\/e-o-bicho\/#breadcrumb\"},\"inLanguage\":\"pt-BR\",\"potentialAction\":[{\"@type\":\"ReadAction\",\"target\":[\"https:\/\/www.pmpf.rs.gov.br\/secretaria-de-meio-ambiente\/programa\/e-o-bicho\/\"]}]},{\"@type\":\"ImageObject\",\"inLanguage\":\"pt-BR\",\"@id\":\"https:\/\/www.pmpf.rs.gov.br\/secretaria-de-meio-ambiente\/programa\/e-o-bicho\/#primaryimage\",\"url\":\"https:\/\/www.pmpf.rs.gov.br\/secretaria-de-meio-ambiente\/wp-content\/uploads\/sites\/48\/2021\/12\/I2014-08-19_11_07_41_164470.jpg\",\"contentUrl\":\"https:\/\/www.pmpf.rs.gov.br\/secretaria-de-meio-ambiente\/wp-content\/uploads\/sites\/48\/2021\/12\/I2014-08-19_11_07_41_164470.jpg\",\"width\":280,\"height\":186},{\"@type\":\"BreadcrumbList\",\"@id\":\"https:\/\/www.pmpf.rs.gov.br\/secretaria-de-meio-ambiente\/programa\/e-o-bicho\/#breadcrumb\",\"itemListElement\":[{\"@type\":\"ListItem\",\"position\":1,\"name\":\"Programas\",\"item\":\"https:\/\/www.pmpf.rs.gov.br\/secretaria-de-meio-ambiente\/programa\/\"},{\"@type\":\"ListItem\",\"position\":2,\"name\":\"\u00c9 o Bicho\"}]},{\"@type\":\"WebSite\",\"@id\":\"https:\/\/www.pmpf.rs.gov.br\/secretaria-de-meio-ambiente\/#website\",\"url\":\"https:\/\/www.pmpf.rs.gov.br\/secretaria-de-meio-ambiente\/\",\"name\":\"Secretaria de Meio Ambiente\",\"description\":\"S\u00f3 mais um site Prefeitura de Passo Fundo\",\"potentialAction\":[{\"@type\":\"SearchAction\",\"target\":{\"@type\":\"EntryPoint\",\"urlTemplate\":\"https:\/\/www.pmpf.rs.gov.br\/secretaria-de-meio-ambiente\/?s={search_term_string}\"},\"query-input\":{\"@type\":\"PropertyValueSpecification\",\"valueRequired\":true,\"valueName\":\"search_term_string\"}}],\"inLanguage\":\"pt-BR\"}]}<\/script>\n<!-- \/ Yoast SEO plugin. -->","yoast_head_json":{"title":"\u00c9 o Bicho - Secretaria de Meio Ambiente","robots":{"index":"index","follow":"follow","max-snippet":"max-snippet:-1","max-image-preview":"max-image-preview:large","max-video-preview":"max-video-preview:-1"},"canonical":"https:\/\/www.pmpf.rs.gov.br\/secretaria-de-meio-ambiente\/programa\/e-o-bicho\/","og_locale":"pt_BR","og_type":"article","og_title":"\u00c9 o Bicho - Secretaria de Meio Ambiente","og_description":"Evitar a procria\u00e7\u00e3o descontrolada e o abandono de animais \u00e9 o objetivo do programa.","og_url":"https:\/\/www.pmpf.rs.gov.br\/secretaria-de-meio-ambiente\/programa\/e-o-bicho\/","og_site_name":"Secretaria de Meio Ambiente","article_modified_time":"2025-09-11T14:21:20+00:00","og_image":[{"width":280,"height":186,"url":"https:\/\/www.pmpf.rs.gov.br\/secretaria-de-meio-ambiente\/wp-content\/uploads\/sites\/48\/2021\/12\/I2014-08-19_11_07_41_164470.jpg","type":"image\/jpeg"}],"twitter_card":"summary_large_image","twitter_misc":{"Est. tempo de leitura":"1 minuto"},"schema":{"@context":"https:\/\/schema.org","@graph":[{"@type":"WebPage","@id":"https:\/\/www.pmpf.rs.gov.br\/secretaria-de-meio-ambiente\/programa\/e-o-bicho\/","url":"https:\/\/www.pmpf.rs.gov.br\/secretaria-de-meio-ambiente\/programa\/e-o-bicho\/","name":"\u00c9 o Bicho - Secretaria de Meio Ambiente","isPartOf":{"@id":"https:\/\/www.pmpf.rs.gov.br\/secretaria-de-meio-ambiente\/#website"},"primaryImageOfPage":{"@id":"https:\/\/www.pmpf.rs.gov.br\/secretaria-de-meio-ambiente\/programa\/e-o-bicho\/#primaryimage"},"image":{"@id":"https:\/\/www.pmpf.rs.gov.br\/secretaria-de-meio-ambiente\/programa\/e-o-bicho\/#primaryimage"},"thumbnailUrl":"https:\/\/www.pmpf.rs.gov.br\/secretaria-de-meio-ambiente\/wp-content\/uploads\/sites\/48\/2021\/12\/I2014-08-19_11_07_41_164470.jpg","datePublished":"2021-12-22T16:44:43+00:00","dateModified":"2025-09-11T14:21:20+00:00","breadcrumb":{"@id":"https:\/\/www.pmpf.rs.gov.br\/secretaria-de-meio-ambiente\/programa\/e-o-bicho\/#breadcrumb"},"inLanguage":"pt-BR","potentialAction":[{"@type":"ReadAction","target":["https:\/\/www.pmpf.rs.gov.br\/secretaria-de-meio-ambiente\/programa\/e-o-bicho\/"]}]},{"@type":"ImageObject","inLanguage":"pt-BR","@id":"https:\/\/www.pmpf.rs.gov.br\/secretaria-de-meio-ambiente\/programa\/e-o-bicho\/#primaryimage","url":"https:\/\/www.pmpf.rs.gov.br\/secretaria-de-meio-ambiente\/wp-content\/uploads\/sites\/48\/2021\/12\/I2014-08-19_11_07_41_164470.jpg","contentUrl":"https:\/\/www.pmpf.rs.gov.br\/secretaria-de-meio-ambiente\/wp-content\/uploads\/sites\/48\/2021\/12\/I2014-08-19_11_07_41_164470.jpg","width":280,"height":186},{"@type":"BreadcrumbList","@id":"https:\/\/www.pmpf.rs.gov.br\/secretaria-de-meio-ambiente\/programa\/e-o-bicho\/#breadcrumb","itemListElement":[{"@type":"ListItem","position":1,"name":"Programas","item":"https:\/\/www.pmpf.rs.gov.br\/secretaria-de-meio-ambiente\/programa\/"},{"@type":"ListItem","position":2,"name":"\u00c9 o Bicho"}]},{"@type":"WebSite","@id":"https:\/\/www.pmpf.rs.gov.br\/secretaria-de-meio-ambiente\/#website","url":"https:\/\/www.pmpf.rs.gov.br\/secretaria-de-meio-ambiente\/","name":"Secretaria de Meio Ambiente","description":"S\u00f3 mais um site Prefeitura de Passo Fundo","potentialAction":[{"@type":"SearchAction","target":{"@type":"EntryPoint","urlTemplate":"https:\/\/www.pmpf.rs.gov.br\/secretaria-de-meio-ambiente\/?s={search_term_string}"},"query-input":{"@type":"PropertyValueSpecification","valueRequired":true,"valueName":"search_term_string"}}],"inLanguage":"pt-BR"}]}},"_links":{"self":[{"href":"https:\/\/www.pmpf.rs.gov.br\/secretaria-de-meio-ambiente\/wp-json\/wp\/v2\/programa\/1053"}],"collection":[{"href":"https:\/\/www.pmpf.rs.gov.br\/secretaria-de-meio-ambiente\/wp-json\/wp\/v2\/programa"}],"about":[{"href":"https:\/\/www.pmpf.rs.gov.br\/secretaria-de-meio-ambiente\/wp-json\/wp\/v2\/types\/programa"}],"wp:featuredmedia":[{"embeddable":true,"href":"https:\/\/www.pmpf.rs.gov.br\/secretaria-de-meio-ambiente\/wp-json\/wp\/v2\/media\/1054"}],"wp:attachment":[{"href":"https:\/\/www.pmpf.rs.gov.br\/secretaria-de-meio-ambiente\/wp-json\/wp\/v2\/media?parent=1053"}],"curies":[{"name":"wp","href":"https:\/\/api.w.org\/{rel}","templated":true}]}}