{"id":48,"date":"2021-12-21T18:56:33","date_gmt":"2021-12-21T21:56:33","guid":{"rendered":"https:\/\/www.pmpf.rs.gov.br\/secretaria-de-meio-ambiente\/?page_id=48"},"modified":"2025-10-03T08:40:32","modified_gmt":"2025-10-03T11:40:32","slug":"o-parque","status":"publish","type":"page","link":"https:\/\/www.pmpf.rs.gov.br\/secretaria-de-meio-ambiente\/o-parque\/","title":{"rendered":"O Parque"},"content":{"rendered":"\n<h2 class=\"wp-block-heading\" id=\"parque-ambiental\">Parque Ambiental<\/h2>\n\n\n<div class=\"wp-block-image\">\n<figure class=\"alignleft size-full\"><img loading=\"lazy\" decoding=\"async\" width=\"320\" height=\"400\" src=\"https:\/\/www.pmpf.rs.gov.br\/secretaria-de-meio-ambiente\/wp-content\/uploads\/sites\/48\/2025\/10\/post-banhado-quero-quero.webp\" alt=\"\" class=\"wp-image-1814\" srcset=\"https:\/\/www.pmpf.rs.gov.br\/secretaria-de-meio-ambiente\/wp-content\/uploads\/sites\/48\/2025\/10\/post-banhado-quero-quero.webp 320w, https:\/\/www.pmpf.rs.gov.br\/secretaria-de-meio-ambiente\/wp-content\/uploads\/sites\/48\/2025\/10\/post-banhado-quero-quero-240x300.webp 240w\" sizes=\"(max-width: 320px) 100vw, 320px\" \/><\/figure><\/div>\n\n\n<p>Espa\u00e7o de refer\u00eancia na cidade, o Banhado da Vergueiro foi transformado pela Prefeitura Passo Fundo em Parque Ambiental, num Projeto que prioriza o cuidado com o meio ambiente e traz o conceito de conviver em harmonia com a natureza. O que antes era uma \u00e1rea abandonada passou a ser um espa\u00e7o de preserva\u00e7\u00e3o e contato com um dos ecossistemas mais ricos em termo de biodiversidade: o banhado.<\/p>\n\n\n\n<p><strong>O projeto<\/strong><\/p>\n\n\n\n<p>O Parque Ambiental Banhado da Vergueiro apresenta nova infraestrutura e sistema de preserva\u00e7\u00e3o do ecossistema. A parte estrutural conta com uma edifica\u00e7\u00e3o voltada para o atendimento e servi\u00e7os prestados pela Secretaria de Meio Ambiente, bem como, sanit\u00e1rios p\u00fablicos, pra\u00e7a com playground, anfiteatro ao ar livre, \u00e1reas de contempla\u00e7\u00e3o, passarela, pavimenta\u00e7\u00e3o do passeio, cria\u00e7\u00e3o de passeios internos, ilumina\u00e7\u00e3o, paisagismo, coloca\u00e7\u00e3o de bancos, lixeiras e demais mobili\u00e1rios, comunica\u00e7\u00e3o visual e p\u00f3rticos. A parte voltada ao meio ambiente encontra aporte em todos os espa\u00e7os, onde o Parque possui local espec\u00edfico para trabalhar a Educa\u00e7\u00e3o Ambiental no pr\u00e9dio da Secretaria, passarela elevada para que as pessoas possam caminhar pelo parque e conhecer o seu bioma, sem destru\u00ed-lo e um sistema de capta\u00e7\u00e3o de energia solar e \u00e1gua das chuvas. Foram feitas ainda, interven\u00e7\u00f5es para limpeza e despolui\u00e7\u00e3o das nascentes, recupera\u00e7\u00e3o da flora e preserva\u00e7\u00e3o das esp\u00e9cies nativas.<\/p>\n\n\n\n<p><strong>Porque o nome banhado?<\/strong><\/p>\n\n\n\n<p>A recupera\u00e7\u00e3o ambiental da \u00e1rea conhecida como Banhado da Vergueiro foi alvo de um Termo de Ajustamento de Conduta junto ao Minist\u00e9rio P\u00fablico, a fim de preconizar a preserva\u00e7\u00e3o de fauna e flora de banhado. O pedido foi cumprido e acompanhado por in\u00fameras entidades ligadas \u00e0 quest\u00e3o ambiental do munic\u00edpio. Muitas pessoas tem o termo banhado como pejorativo, o que n\u00e3o \u00e9 correto, principalmente pelo termo significar a riqueza de um ecossistema. O Banhado da Vergueiro abriga diversas esp\u00e9cies t\u00edpicas da regi\u00e3o, tais como: mam\u00edferos, como o rat\u00e3o-do-banhado e pre\u00e1, p\u00e1ssaros, como sabi\u00e1, can\u00e1rio, jo\u00e3o-de-barro e tico-tico, vegetais, como aroeira, canela-guaiac\u00e1, aguap\u00e9, junto e butiazeiro, al\u00e9m de outras esp\u00e9cies.<\/p>\n\n\n\n<hr class=\"wp-block-separator has-css-opacity\"\/>\n\n\n\n<figure class=\"wp-block-gallery has-nested-images columns-default is-cropped wp-block-gallery-1 is-layout-flex wp-block-gallery-is-layout-flex\">\n<figure class=\"wp-block-image size-large\"><a href=\"https:\/\/www.pmpf.rs.gov.br\/secretaria-de-meio-ambiente\/wp-content\/uploads\/sites\/48\/2021\/12\/I2021-11-11_164512_402193.jpg\"><img loading=\"lazy\" decoding=\"async\" width=\"1280\" height=\"854\" data-id=\"1038\" src=\"https:\/\/www.pmpf.rs.gov.br\/secretaria-de-meio-ambiente\/wp-content\/uploads\/sites\/48\/2021\/12\/I2021-11-11_164512_402193.jpg\" alt=\"\" class=\"wp-image-1038\" srcset=\"https:\/\/www.pmpf.rs.gov.br\/secretaria-de-meio-ambiente\/wp-content\/uploads\/sites\/48\/2021\/12\/I2021-11-11_164512_402193.jpg 1280w, https:\/\/www.pmpf.rs.gov.br\/secretaria-de-meio-ambiente\/wp-content\/uploads\/sites\/48\/2021\/12\/I2021-11-11_164512_402193-300x200.jpg 300w, https:\/\/www.pmpf.rs.gov.br\/secretaria-de-meio-ambiente\/wp-content\/uploads\/sites\/48\/2021\/12\/I2021-11-11_164512_402193-1024x683.jpg 1024w, https:\/\/www.pmpf.rs.gov.br\/secretaria-de-meio-ambiente\/wp-content\/uploads\/sites\/48\/2021\/12\/I2021-11-11_164512_402193-768x512.jpg 768w\" sizes=\"(max-width: 1280px) 100vw, 1280px\" \/><\/a><\/figure>\n\n\n\n<figure class=\"wp-block-image size-large\"><a href=\"https:\/\/www.pmpf.rs.gov.br\/secretaria-de-meio-ambiente\/wp-content\/uploads\/sites\/48\/2021\/12\/I2019-02-05_153618_339528.jpg\"><img loading=\"lazy\" decoding=\"async\" width=\"1676\" height=\"1110\" data-id=\"941\" src=\"https:\/\/www.pmpf.rs.gov.br\/secretaria-de-meio-ambiente\/wp-content\/uploads\/sites\/48\/2021\/12\/I2019-02-05_153618_339528.jpg\" alt=\"\" class=\"wp-image-941\" srcset=\"https:\/\/www.pmpf.rs.gov.br\/secretaria-de-meio-ambiente\/wp-content\/uploads\/sites\/48\/2021\/12\/I2019-02-05_153618_339528.jpg 1676w, https:\/\/www.pmpf.rs.gov.br\/secretaria-de-meio-ambiente\/wp-content\/uploads\/sites\/48\/2021\/12\/I2019-02-05_153618_339528-300x199.jpg 300w, https:\/\/www.pmpf.rs.gov.br\/secretaria-de-meio-ambiente\/wp-content\/uploads\/sites\/48\/2021\/12\/I2019-02-05_153618_339528-1024x678.jpg 1024w, https:\/\/www.pmpf.rs.gov.br\/secretaria-de-meio-ambiente\/wp-content\/uploads\/sites\/48\/2021\/12\/I2019-02-05_153618_339528-768x509.jpg 768w, https:\/\/www.pmpf.rs.gov.br\/secretaria-de-meio-ambiente\/wp-content\/uploads\/sites\/48\/2021\/12\/I2019-02-05_153618_339528-1536x1017.jpg 1536w\" sizes=\"(max-width: 1676px) 100vw, 1676px\" \/><\/a><\/figure>\n\n\n\n<figure class=\"wp-block-image size-large\"><a href=\"https:\/\/www.pmpf.rs.gov.br\/secretaria-de-meio-ambiente\/wp-content\/uploads\/sites\/48\/2022\/02\/I2017-06-13_160418_385109-267x200-1.jpg\"><img loading=\"lazy\" decoding=\"async\" width=\"267\" height=\"200\" data-id=\"1177\" src=\"https:\/\/www.pmpf.rs.gov.br\/secretaria-de-meio-ambiente\/wp-content\/uploads\/sites\/48\/2022\/02\/I2017-06-13_160418_385109-267x200-1.jpg\" alt=\"\" class=\"wp-image-1177\"\/><\/a><\/figure>\n\n\n\n<figure class=\"wp-block-image size-large is-style-default\"><a href=\"https:\/\/www.pmpf.rs.gov.br\/secretaria-de-meio-ambiente\/wp-content\/uploads\/sites\/48\/2022\/03\/parque_banhado_vergueiro.png\"><img loading=\"lazy\" decoding=\"async\" width=\"1024\" height=\"575\" data-id=\"1306\" src=\"https:\/\/www.pmpf.rs.gov.br\/secretaria-de-meio-ambiente\/wp-content\/uploads\/sites\/48\/2022\/03\/parque_banhado_vergueiro-1024x575.png\" alt=\"\" class=\"wp-image-1306\" srcset=\"https:\/\/www.pmpf.rs.gov.br\/secretaria-de-meio-ambiente\/wp-content\/uploads\/sites\/48\/2022\/03\/parque_banhado_vergueiro-1024x575.png 1024w, https:\/\/www.pmpf.rs.gov.br\/secretaria-de-meio-ambiente\/wp-content\/uploads\/sites\/48\/2022\/03\/parque_banhado_vergueiro-300x169.png 300w, https:\/\/www.pmpf.rs.gov.br\/secretaria-de-meio-ambiente\/wp-content\/uploads\/sites\/48\/2022\/03\/parque_banhado_vergueiro-768x432.png 768w, https:\/\/www.pmpf.rs.gov.br\/secretaria-de-meio-ambiente\/wp-content\/uploads\/sites\/48\/2022\/03\/parque_banhado_vergueiro-1536x863.png 1536w, https:\/\/www.pmpf.rs.gov.br\/secretaria-de-meio-ambiente\/wp-content\/uploads\/sites\/48\/2022\/03\/parque_banhado_vergueiro-520x292.png 520w, https:\/\/www.pmpf.rs.gov.br\/secretaria-de-meio-ambiente\/wp-content\/uploads\/sites\/48\/2022\/03\/parque_banhado_vergueiro.png 1600w\" sizes=\"(max-width: 1024px) 100vw, 1024px\" \/><\/a><\/figure>\n\n\n\n<figure class=\"wp-block-image size-large is-style-default\"><a href=\"https:\/\/www.pmpf.rs.gov.br\/secretaria-de-meio-ambiente\/wp-content\/uploads\/sites\/48\/2022\/03\/animal_silvestre.png\"><img loading=\"lazy\" decoding=\"async\" width=\"1024\" height=\"767\" data-id=\"1307\" src=\"https:\/\/www.pmpf.rs.gov.br\/secretaria-de-meio-ambiente\/wp-content\/uploads\/sites\/48\/2022\/03\/animal_silvestre-1024x767.png\" alt=\"\" class=\"wp-image-1307\" srcset=\"https:\/\/www.pmpf.rs.gov.br\/secretaria-de-meio-ambiente\/wp-content\/uploads\/sites\/48\/2022\/03\/animal_silvestre-1024x767.png 1024w, https:\/\/www.pmpf.rs.gov.br\/secretaria-de-meio-ambiente\/wp-content\/uploads\/sites\/48\/2022\/03\/animal_silvestre-300x225.png 300w, https:\/\/www.pmpf.rs.gov.br\/secretaria-de-meio-ambiente\/wp-content\/uploads\/sites\/48\/2022\/03\/animal_silvestre-768x575.png 768w, https:\/\/www.pmpf.rs.gov.br\/secretaria-de-meio-ambiente\/wp-content\/uploads\/sites\/48\/2022\/03\/animal_silvestre.png 1280w\" sizes=\"(max-width: 1024px) 100vw, 1024px\" \/><\/a><\/figure>\n\n\n\n<figure class=\"wp-block-image size-large is-style-default\"><a href=\"https:\/\/www.pmpf.rs.gov.br\/secretaria-de-meio-ambiente\/wp-content\/uploads\/sites\/48\/2022\/03\/passaro_vergueiro1.png\"><img loading=\"lazy\" decoding=\"async\" width=\"1024\" height=\"767\" data-id=\"1309\" src=\"https:\/\/www.pmpf.rs.gov.br\/secretaria-de-meio-ambiente\/wp-content\/uploads\/sites\/48\/2022\/03\/passaro_vergueiro1-1024x767.png\" alt=\"\" class=\"wp-image-1309\" srcset=\"https:\/\/www.pmpf.rs.gov.br\/secretaria-de-meio-ambiente\/wp-content\/uploads\/sites\/48\/2022\/03\/passaro_vergueiro1-1024x767.png 1024w, https:\/\/www.pmpf.rs.gov.br\/secretaria-de-meio-ambiente\/wp-content\/uploads\/sites\/48\/2022\/03\/passaro_vergueiro1-300x225.png 300w, https:\/\/www.pmpf.rs.gov.br\/secretaria-de-meio-ambiente\/wp-content\/uploads\/sites\/48\/2022\/03\/passaro_vergueiro1-768x575.png 768w, https:\/\/www.pmpf.rs.gov.br\/secretaria-de-meio-ambiente\/wp-content\/uploads\/sites\/48\/2022\/03\/passaro_vergueiro1.png 1280w\" sizes=\"(max-width: 1024px) 100vw, 1024px\" \/><\/a><\/figure>\n\n\n\n<figure class=\"wp-block-image size-large is-style-default\"><a href=\"https:\/\/www.pmpf.rs.gov.br\/secretaria-de-meio-ambiente\/wp-content\/uploads\/sites\/48\/2022\/03\/passaro_vergueiro2.png\"><img loading=\"lazy\" decoding=\"async\" width=\"1024\" height=\"769\" data-id=\"1310\" src=\"https:\/\/www.pmpf.rs.gov.br\/secretaria-de-meio-ambiente\/wp-content\/uploads\/sites\/48\/2022\/03\/passaro_vergueiro2-1024x769.png\" alt=\"\" class=\"wp-image-1310\" srcset=\"https:\/\/www.pmpf.rs.gov.br\/secretaria-de-meio-ambiente\/wp-content\/uploads\/sites\/48\/2022\/03\/passaro_vergueiro2-1024x769.png 1024w, https:\/\/www.pmpf.rs.gov.br\/secretaria-de-meio-ambiente\/wp-content\/uploads\/sites\/48\/2022\/03\/passaro_vergueiro2-300x225.png 300w, https:\/\/www.pmpf.rs.gov.br\/secretaria-de-meio-ambiente\/wp-content\/uploads\/sites\/48\/2022\/03\/passaro_vergueiro2-768x577.png 768w, https:\/\/www.pmpf.rs.gov.br\/secretaria-de-meio-ambiente\/wp-content\/uploads\/sites\/48\/2022\/03\/passaro_vergueiro2.png 1280w\" sizes=\"(max-width: 1024px) 100vw, 1024px\" \/><\/a><\/figure>\n\n\n\n<figure class=\"wp-block-image size-large is-style-default\"><a href=\"https:\/\/www.pmpf.rs.gov.br\/secretaria-de-meio-ambiente\/wp-content\/uploads\/sites\/48\/2022\/03\/passaro_vergueiro3-2.png\"><img loading=\"lazy\" decoding=\"async\" width=\"1024\" height=\"769\" data-id=\"1316\" src=\"https:\/\/www.pmpf.rs.gov.br\/secretaria-de-meio-ambiente\/wp-content\/uploads\/sites\/48\/2022\/03\/passaro_vergueiro3-2-1024x769.png\" alt=\"\" class=\"wp-image-1316\" srcset=\"https:\/\/www.pmpf.rs.gov.br\/secretaria-de-meio-ambiente\/wp-content\/uploads\/sites\/48\/2022\/03\/passaro_vergueiro3-2-1024x769.png 1024w, https:\/\/www.pmpf.rs.gov.br\/secretaria-de-meio-ambiente\/wp-content\/uploads\/sites\/48\/2022\/03\/passaro_vergueiro3-2-300x225.png 300w, https:\/\/www.pmpf.rs.gov.br\/secretaria-de-meio-ambiente\/wp-content\/uploads\/sites\/48\/2022\/03\/passaro_vergueiro3-2-768x577.png 768w, https:\/\/www.pmpf.rs.gov.br\/secretaria-de-meio-ambiente\/wp-content\/uploads\/sites\/48\/2022\/03\/passaro_vergueiro3-2.png 1280w\" sizes=\"(max-width: 1024px) 100vw, 1024px\" \/><\/a><\/figure>\n\n\n\n<figure class=\"wp-block-image size-large is-style-default\"><a href=\"https:\/\/www.pmpf.rs.gov.br\/secretaria-de-meio-ambiente\/wp-content\/uploads\/sites\/48\/2022\/03\/flora_vergueiro1.png\"><img loading=\"lazy\" decoding=\"async\" width=\"1024\" height=\"769\" data-id=\"1319\" src=\"https:\/\/www.pmpf.rs.gov.br\/secretaria-de-meio-ambiente\/wp-content\/uploads\/sites\/48\/2022\/03\/flora_vergueiro1-1024x769.png\" alt=\"\" class=\"wp-image-1319\" srcset=\"https:\/\/www.pmpf.rs.gov.br\/secretaria-de-meio-ambiente\/wp-content\/uploads\/sites\/48\/2022\/03\/flora_vergueiro1-1024x769.png 1024w, https:\/\/www.pmpf.rs.gov.br\/secretaria-de-meio-ambiente\/wp-content\/uploads\/sites\/48\/2022\/03\/flora_vergueiro1-300x225.png 300w, https:\/\/www.pmpf.rs.gov.br\/secretaria-de-meio-ambiente\/wp-content\/uploads\/sites\/48\/2022\/03\/flora_vergueiro1-768x577.png 768w, https:\/\/www.pmpf.rs.gov.br\/secretaria-de-meio-ambiente\/wp-content\/uploads\/sites\/48\/2022\/03\/flora_vergueiro1.png 1280w\" sizes=\"(max-width: 1024px) 100vw, 1024px\" \/><\/a><\/figure>\n\n\n\n<figure class=\"wp-block-image size-large is-style-default\"><a href=\"https:\/\/www.pmpf.rs.gov.br\/secretaria-de-meio-ambiente\/wp-content\/uploads\/sites\/48\/2022\/03\/flora_vergueiro2.png\"><img loading=\"lazy\" decoding=\"async\" width=\"1024\" height=\"769\" data-id=\"1318\" src=\"https:\/\/www.pmpf.rs.gov.br\/secretaria-de-meio-ambiente\/wp-content\/uploads\/sites\/48\/2022\/03\/flora_vergueiro2-1024x769.png\" alt=\"\" class=\"wp-image-1318\" srcset=\"https:\/\/www.pmpf.rs.gov.br\/secretaria-de-meio-ambiente\/wp-content\/uploads\/sites\/48\/2022\/03\/flora_vergueiro2-1024x769.png 1024w, https:\/\/www.pmpf.rs.gov.br\/secretaria-de-meio-ambiente\/wp-content\/uploads\/sites\/48\/2022\/03\/flora_vergueiro2-300x225.png 300w, https:\/\/www.pmpf.rs.gov.br\/secretaria-de-meio-ambiente\/wp-content\/uploads\/sites\/48\/2022\/03\/flora_vergueiro2-768x577.png 768w, https:\/\/www.pmpf.rs.gov.br\/secretaria-de-meio-ambiente\/wp-content\/uploads\/sites\/48\/2022\/03\/flora_vergueiro2.png 1280w\" sizes=\"(max-width: 1024px) 100vw, 1024px\" \/><\/a><\/figure>\n\n\n\n<figure class=\"wp-block-image size-large is-style-default\"><a href=\"https:\/\/www.pmpf.rs.gov.br\/secretaria-de-meio-ambiente\/wp-content\/uploads\/sites\/48\/2022\/03\/passaro_vergueiro4.png\"><img loading=\"lazy\" decoding=\"async\" width=\"1024\" height=\"769\" data-id=\"1320\" src=\"https:\/\/www.pmpf.rs.gov.br\/secretaria-de-meio-ambiente\/wp-content\/uploads\/sites\/48\/2022\/03\/passaro_vergueiro4-1024x769.png\" alt=\"\" class=\"wp-image-1320\" srcset=\"https:\/\/www.pmpf.rs.gov.br\/secretaria-de-meio-ambiente\/wp-content\/uploads\/sites\/48\/2022\/03\/passaro_vergueiro4-1024x769.png 1024w, https:\/\/www.pmpf.rs.gov.br\/secretaria-de-meio-ambiente\/wp-content\/uploads\/sites\/48\/2022\/03\/passaro_vergueiro4-300x225.png 300w, https:\/\/www.pmpf.rs.gov.br\/secretaria-de-meio-ambiente\/wp-content\/uploads\/sites\/48\/2022\/03\/passaro_vergueiro4-768x577.png 768w, https:\/\/www.pmpf.rs.gov.br\/secretaria-de-meio-ambiente\/wp-content\/uploads\/sites\/48\/2022\/03\/passaro_vergueiro4.png 1280w\" sizes=\"(max-width: 1024px) 100vw, 1024px\" \/><\/a><\/figure>\n\n\n\n<figure class=\"wp-block-image size-large is-style-default\"><a href=\"https:\/\/www.pmpf.rs.gov.br\/secretaria-de-meio-ambiente\/wp-content\/uploads\/sites\/48\/2022\/03\/parque_banhado_vergueiro_2.png\"><img loading=\"lazy\" decoding=\"async\" width=\"1024\" height=\"769\" data-id=\"1322\" src=\"https:\/\/www.pmpf.rs.gov.br\/secretaria-de-meio-ambiente\/wp-content\/uploads\/sites\/48\/2022\/03\/parque_banhado_vergueiro_2-1024x769.png\" alt=\"\" class=\"wp-image-1322\" srcset=\"https:\/\/www.pmpf.rs.gov.br\/secretaria-de-meio-ambiente\/wp-content\/uploads\/sites\/48\/2022\/03\/parque_banhado_vergueiro_2-1024x769.png 1024w, https:\/\/www.pmpf.rs.gov.br\/secretaria-de-meio-ambiente\/wp-content\/uploads\/sites\/48\/2022\/03\/parque_banhado_vergueiro_2-300x225.png 300w, https:\/\/www.pmpf.rs.gov.br\/secretaria-de-meio-ambiente\/wp-content\/uploads\/sites\/48\/2022\/03\/parque_banhado_vergueiro_2-768x577.png 768w, https:\/\/www.pmpf.rs.gov.br\/secretaria-de-meio-ambiente\/wp-content\/uploads\/sites\/48\/2022\/03\/parque_banhado_vergueiro_2.png 1280w\" sizes=\"(max-width: 1024px) 100vw, 1024px\" \/><\/a><\/figure>\n<\/figure>\n\n\n\n<hr class=\"wp-block-separator has-css-opacity\"\/>\n","protected":false},"excerpt":{"rendered":"<p>Parque Ambiental Espa\u00e7o de refer\u00eancia na cidade, o Banhado da Vergueiro foi transformado pela Prefeitura Passo Fundo em Parque Ambiental, num Projeto que prioriza o cuidado com o meio ambiente e traz [&hellip;]<\/p>\n","protected":false},"author":1,"featured_media":0,"parent":0,"menu_order":0,"comment_status":"closed","ping_status":"closed","template":"","meta":{"footnotes":""},"class_list":["post-48","page","type-page","status-publish","hentry"],"yoast_head":"<!-- This site is optimized with the Yoast SEO plugin v23.8 - https:\/\/yoast.com\/wordpress\/plugins\/seo\/ -->\n<title>O Parque - Secretaria de Meio Ambiente<\/title>\n<meta name=\"robots\" content=\"index, follow, max-snippet:-1, max-image-preview:large, max-video-preview:-1\" \/>\n<link rel=\"canonical\" href=\"https:\/\/www.pmpf.rs.gov.br\/secretaria-de-meio-ambiente\/o-parque\/\" \/>\n<meta property=\"og:locale\" content=\"pt_BR\" \/>\n<meta property=\"og:type\" content=\"article\" \/>\n<meta property=\"og:title\" content=\"O Parque - Secretaria de Meio Ambiente\" \/>\n<meta property=\"og:description\" content=\"Parque Ambiental Espa\u00e7o de refer\u00eancia na cidade, o Banhado da Vergueiro foi transformado pela Prefeitura Passo Fundo em Parque Ambiental, num Projeto que prioriza o cuidado com o meio ambiente e traz [&hellip;]\" \/>\n<meta property=\"og:url\" content=\"https:\/\/www.pmpf.rs.gov.br\/secretaria-de-meio-ambiente\/o-parque\/\" \/>\n<meta property=\"og:site_name\" content=\"Secretaria de Meio Ambiente\" \/>\n<meta property=\"article:modified_time\" content=\"2025-10-03T11:40:32+00:00\" \/>\n<meta property=\"og:image\" content=\"https:\/\/www.pmpf.rs.gov.br\/secretaria-de-meio-ambiente\/wp-content\/uploads\/sites\/48\/2025\/10\/post-banhado-quero-quero.webp\" \/>\n\t<meta property=\"og:image:width\" content=\"320\" \/>\n\t<meta property=\"og:image:height\" content=\"400\" \/>\n\t<meta property=\"og:image:type\" content=\"image\/webp\" \/>\n<meta name=\"twitter:card\" content=\"summary_large_image\" \/>\n<meta name=\"twitter:label1\" content=\"Est. tempo de leitura\" \/>\n\t<meta name=\"twitter:data1\" content=\"2 minutos\" \/>\n<script type=\"application\/ld+json\" class=\"yoast-schema-graph\">{\"@context\":\"https:\/\/schema.org\",\"@graph\":[{\"@type\":\"WebPage\",\"@id\":\"https:\/\/www.pmpf.rs.gov.br\/secretaria-de-meio-ambiente\/o-parque\/\",\"url\":\"https:\/\/www.pmpf.rs.gov.br\/secretaria-de-meio-ambiente\/o-parque\/\",\"name\":\"O Parque - Secretaria de Meio Ambiente\",\"isPartOf\":{\"@id\":\"https:\/\/www.pmpf.rs.gov.br\/secretaria-de-meio-ambiente\/#website\"},\"primaryImageOfPage\":{\"@id\":\"https:\/\/www.pmpf.rs.gov.br\/secretaria-de-meio-ambiente\/o-parque\/#primaryimage\"},\"image\":{\"@id\":\"https:\/\/www.pmpf.rs.gov.br\/secretaria-de-meio-ambiente\/o-parque\/#primaryimage\"},\"thumbnailUrl\":\"https:\/\/www.pmpf.rs.gov.br\/secretaria-de-meio-ambiente\/wp-content\/uploads\/sites\/48\/2025\/10\/post-banhado-quero-quero.webp\",\"datePublished\":\"2021-12-21T21:56:33+00:00\",\"dateModified\":\"2025-10-03T11:40:32+00:00\",\"inLanguage\":\"pt-BR\",\"potentialAction\":[{\"@type\":\"ReadAction\",\"target\":[\"https:\/\/www.pmpf.rs.gov.br\/secretaria-de-meio-ambiente\/o-parque\/\"]}]},{\"@type\":\"ImageObject\",\"inLanguage\":\"pt-BR\",\"@id\":\"https:\/\/www.pmpf.rs.gov.br\/secretaria-de-meio-ambiente\/o-parque\/#primaryimage\",\"url\":\"https:\/\/www.pmpf.rs.gov.br\/secretaria-de-meio-ambiente\/wp-content\/uploads\/sites\/48\/2025\/10\/post-banhado-quero-quero.webp\",\"contentUrl\":\"https:\/\/www.pmpf.rs.gov.br\/secretaria-de-meio-ambiente\/wp-content\/uploads\/sites\/48\/2025\/10\/post-banhado-quero-quero.webp\",\"width\":320,\"height\":400},{\"@type\":\"WebSite\",\"@id\":\"https:\/\/www.pmpf.rs.gov.br\/secretaria-de-meio-ambiente\/#website\",\"url\":\"https:\/\/www.pmpf.rs.gov.br\/secretaria-de-meio-ambiente\/\",\"name\":\"Secretaria de Meio Ambiente\",\"description\":\"S\u00f3 mais um site Prefeitura de Passo Fundo\",\"potentialAction\":[{\"@type\":\"SearchAction\",\"target\":{\"@type\":\"EntryPoint\",\"urlTemplate\":\"https:\/\/www.pmpf.rs.gov.br\/secretaria-de-meio-ambiente\/?s={search_term_string}\"},\"query-input\":{\"@type\":\"PropertyValueSpecification\",\"valueRequired\":true,\"valueName\":\"search_term_string\"}}],\"inLanguage\":\"pt-BR\"}]}<\/script>\n<!-- \/ Yoast SEO plugin. -->","yoast_head_json":{"title":"O Parque - Secretaria de Meio Ambiente","robots":{"index":"index","follow":"follow","max-snippet":"max-snippet:-1","max-image-preview":"max-image-preview:large","max-video-preview":"max-video-preview:-1"},"canonical":"https:\/\/www.pmpf.rs.gov.br\/secretaria-de-meio-ambiente\/o-parque\/","og_locale":"pt_BR","og_type":"article","og_title":"O Parque - Secretaria de Meio Ambiente","og_description":"Parque Ambiental Espa\u00e7o de refer\u00eancia na cidade, o Banhado da Vergueiro foi transformado pela Prefeitura Passo Fundo em Parque Ambiental, num Projeto que prioriza o cuidado com o meio ambiente e traz [&hellip;]","og_url":"https:\/\/www.pmpf.rs.gov.br\/secretaria-de-meio-ambiente\/o-parque\/","og_site_name":"Secretaria de Meio Ambiente","article_modified_time":"2025-10-03T11:40:32+00:00","og_image":[{"width":320,"height":400,"url":"https:\/\/www.pmpf.rs.gov.br\/secretaria-de-meio-ambiente\/wp-content\/uploads\/sites\/48\/2025\/10\/post-banhado-quero-quero.webp","type":"image\/webp"}],"twitter_card":"summary_large_image","twitter_misc":{"Est. tempo de leitura":"2 minutos"},"schema":{"@context":"https:\/\/schema.org","@graph":[{"@type":"WebPage","@id":"https:\/\/www.pmpf.rs.gov.br\/secretaria-de-meio-ambiente\/o-parque\/","url":"https:\/\/www.pmpf.rs.gov.br\/secretaria-de-meio-ambiente\/o-parque\/","name":"O Parque - Secretaria de Meio Ambiente","isPartOf":{"@id":"https:\/\/www.pmpf.rs.gov.br\/secretaria-de-meio-ambiente\/#website"},"primaryImageOfPage":{"@id":"https:\/\/www.pmpf.rs.gov.br\/secretaria-de-meio-ambiente\/o-parque\/#primaryimage"},"image":{"@id":"https:\/\/www.pmpf.rs.gov.br\/secretaria-de-meio-ambiente\/o-parque\/#primaryimage"},"thumbnailUrl":"https:\/\/www.pmpf.rs.gov.br\/secretaria-de-meio-ambiente\/wp-content\/uploads\/sites\/48\/2025\/10\/post-banhado-quero-quero.webp","datePublished":"2021-12-21T21:56:33+00:00","dateModified":"2025-10-03T11:40:32+00:00","inLanguage":"pt-BR","potentialAction":[{"@type":"ReadAction","target":["https:\/\/www.pmpf.rs.gov.br\/secretaria-de-meio-ambiente\/o-parque\/"]}]},{"@type":"ImageObject","inLanguage":"pt-BR","@id":"https:\/\/www.pmpf.rs.gov.br\/secretaria-de-meio-ambiente\/o-parque\/#primaryimage","url":"https:\/\/www.pmpf.rs.gov.br\/secretaria-de-meio-ambiente\/wp-content\/uploads\/sites\/48\/2025\/10\/post-banhado-quero-quero.webp","contentUrl":"https:\/\/www.pmpf.rs.gov.br\/secretaria-de-meio-ambiente\/wp-content\/uploads\/sites\/48\/2025\/10\/post-banhado-quero-quero.webp","width":320,"height":400},{"@type":"WebSite","@id":"https:\/\/www.pmpf.rs.gov.br\/secretaria-de-meio-ambiente\/#website","url":"https:\/\/www.pmpf.rs.gov.br\/secretaria-de-meio-ambiente\/","name":"Secretaria de Meio Ambiente","description":"S\u00f3 mais um site Prefeitura de Passo Fundo","potentialAction":[{"@type":"SearchAction","target":{"@type":"EntryPoint","urlTemplate":"https:\/\/www.pmpf.rs.gov.br\/secretaria-de-meio-ambiente\/?s={search_term_string}"},"query-input":{"@type":"PropertyValueSpecification","valueRequired":true,"valueName":"search_term_string"}}],"inLanguage":"pt-BR"}]}},"_links":{"self":[{"href":"https:\/\/www.pmpf.rs.gov.br\/secretaria-de-meio-ambiente\/wp-json\/wp\/v2\/pages\/48"}],"collection":[{"href":"https:\/\/www.pmpf.rs.gov.br\/secretaria-de-meio-ambiente\/wp-json\/wp\/v2\/pages"}],"about":[{"href":"https:\/\/www.pmpf.rs.gov.br\/secretaria-de-meio-ambiente\/wp-json\/wp\/v2\/types\/page"}],"author":[{"embeddable":true,"href":"https:\/\/www.pmpf.rs.gov.br\/secretaria-de-meio-ambiente\/wp-json\/wp\/v2\/users\/1"}],"replies":[{"embeddable":true,"href":"https:\/\/www.pmpf.rs.gov.br\/secretaria-de-meio-ambiente\/wp-json\/wp\/v2\/comments?post=48"}],"version-history":[{"count":12,"href":"https:\/\/www.pmpf.rs.gov.br\/secretaria-de-meio-ambiente\/wp-json\/wp\/v2\/pages\/48\/revisions"}],"predecessor-version":[{"id":1815,"href":"https:\/\/www.pmpf.rs.gov.br\/secretaria-de-meio-ambiente\/wp-json\/wp\/v2\/pages\/48\/revisions\/1815"}],"wp:attachment":[{"href":"https:\/\/www.pmpf.rs.gov.br\/secretaria-de-meio-ambiente\/wp-json\/wp\/v2\/media?parent=48"}],"curies":[{"name":"wp","href":"https:\/\/api.w.org\/{rel}","templated":true}]}}