{"id":25,"date":"2021-12-21T18:38:32","date_gmt":"2021-12-21T21:38:32","guid":{"rendered":"https:\/\/www.pmpf.rs.gov.br\/secretaria-de-meio-ambiente\/?page_id=25"},"modified":"2022-02-15T14:28:04","modified_gmt":"2022-02-15T17:28:04","slug":"educacao-ambiental","status":"publish","type":"page","link":"https:\/\/www.pmpf.rs.gov.br\/secretaria-de-meio-ambiente\/educacao-ambiental\/","title":{"rendered":"Educa\u00e7\u00e3o Ambiental"},"content":{"rendered":"\n<h2 class=\"wp-block-heading\" id=\"setor-responsavel-pelo-trabalho-que-visa-a-melhoria-do-cuidado-com-o-meio-ambiente\"><em>Setor respons\u00e1vel pelo trabalho que visa a melhoria do cuidado com o meio ambiente<\/em><\/h2>\n\n\n\n<p>A Educa\u00e7\u00e3o Ambiental (EA) tem como principal objetivo a forma\u00e7\u00e3o de indiv\u00edduos preocupados e entendidos a cerca de quest\u00f5es ambientais. Compreender que a estrutura do Parque \u00e9 importante para aspectos reprodutivos, de habita\u00e7\u00e3o e alimenta\u00e7\u00e3o de diversas esp\u00e9cies e que nele se encontra um ecossistema e uma biodiversidade essencial para o equil\u00edbrio de diversos aspectos \u00e9 fundamental para o<br>desenvolvimento de cidad\u00e3os mais interessados pela conserva\u00e7\u00e3o.<\/p>\n\n\n\n<p>O Parque Banhado da Vergueiro est\u00e1 aberto para visita\u00e7\u00e3o guiada. As atividades s\u00e3o organizadas de acordo com a idade dos visitantes.<br>Os agendamentos podem ser feitos com a Secretaria pelos:<\/p>\n\n\n\n<p><strong>Telefones  (54) 3312-9201 e (54) 3317-2529<\/strong><\/p>\n\n\n\n<p><strong>E-mail smam@pmpf.rs.gov.br<\/strong>.<\/p>\n\n\n\n<p><\/p>\n\n\n\n<hr class=\"wp-block-separator\"\/>\n","protected":false},"excerpt":{"rendered":"<p>Setor respons\u00e1vel pelo trabalho que visa a melhoria do cuidado com o meio ambiente A Educa\u00e7\u00e3o Ambiental (EA) tem como principal objetivo a forma\u00e7\u00e3o de indiv\u00edduos preocupados e entendidos a cerca de [&hellip;]<\/p>\n","protected":false},"author":1,"featured_media":0,"parent":0,"menu_order":0,"comment_status":"closed","ping_status":"closed","template":"","meta":{"footnotes":""},"class_list":["post-25","page","type-page","status-publish","hentry"],"yoast_head":"<!-- This site is optimized with the Yoast SEO plugin v23.8 - https:\/\/yoast.com\/wordpress\/plugins\/seo\/ -->\n<title>Educa\u00e7\u00e3o Ambiental - Secretaria de Meio Ambiente<\/title>\n<meta name=\"robots\" content=\"index, follow, max-snippet:-1, max-image-preview:large, max-video-preview:-1\" \/>\n<link rel=\"canonical\" href=\"https:\/\/www.pmpf.rs.gov.br\/secretaria-de-meio-ambiente\/educacao-ambiental\/\" \/>\n<meta property=\"og:locale\" content=\"pt_BR\" \/>\n<meta property=\"og:type\" content=\"article\" \/>\n<meta property=\"og:title\" content=\"Educa\u00e7\u00e3o Ambiental - Secretaria de Meio Ambiente\" \/>\n<meta property=\"og:description\" content=\"Setor respons\u00e1vel pelo trabalho que visa a melhoria do cuidado com o meio ambiente A Educa\u00e7\u00e3o Ambiental (EA) tem como principal objetivo a forma\u00e7\u00e3o de indiv\u00edduos preocupados e entendidos a cerca de [&hellip;]\" \/>\n<meta property=\"og:url\" content=\"https:\/\/www.pmpf.rs.gov.br\/secretaria-de-meio-ambiente\/educacao-ambiental\/\" \/>\n<meta property=\"og:site_name\" content=\"Secretaria de Meio Ambiente\" \/>\n<meta property=\"article:modified_time\" content=\"2022-02-15T17:28:04+00:00\" \/>\n<meta name=\"twitter:card\" content=\"summary_large_image\" \/>\n<meta name=\"twitter:label1\" content=\"Est. tempo de leitura\" \/>\n\t<meta name=\"twitter:data1\" content=\"4 minutos\" \/>\n<script type=\"application\/ld+json\" class=\"yoast-schema-graph\">{\"@context\":\"https:\/\/schema.org\",\"@graph\":[{\"@type\":\"WebPage\",\"@id\":\"https:\/\/www.pmpf.rs.gov.br\/secretaria-de-meio-ambiente\/educacao-ambiental\/\",\"url\":\"https:\/\/www.pmpf.rs.gov.br\/secretaria-de-meio-ambiente\/educacao-ambiental\/\",\"name\":\"Educa\u00e7\u00e3o Ambiental - Secretaria de Meio Ambiente\",\"isPartOf\":{\"@id\":\"https:\/\/www.pmpf.rs.gov.br\/secretaria-de-meio-ambiente\/#website\"},\"datePublished\":\"2021-12-21T21:38:32+00:00\",\"dateModified\":\"2022-02-15T17:28:04+00:00\",\"inLanguage\":\"pt-BR\",\"potentialAction\":[{\"@type\":\"ReadAction\",\"target\":[\"https:\/\/www.pmpf.rs.gov.br\/secretaria-de-meio-ambiente\/educacao-ambiental\/\"]}]},{\"@type\":\"WebSite\",\"@id\":\"https:\/\/www.pmpf.rs.gov.br\/secretaria-de-meio-ambiente\/#website\",\"url\":\"https:\/\/www.pmpf.rs.gov.br\/secretaria-de-meio-ambiente\/\",\"name\":\"Secretaria de Meio Ambiente\",\"description\":\"S\u00f3 mais um site Prefeitura de Passo Fundo\",\"potentialAction\":[{\"@type\":\"SearchAction\",\"target\":{\"@type\":\"EntryPoint\",\"urlTemplate\":\"https:\/\/www.pmpf.rs.gov.br\/secretaria-de-meio-ambiente\/?s={search_term_string}\"},\"query-input\":{\"@type\":\"PropertyValueSpecification\",\"valueRequired\":true,\"valueName\":\"search_term_string\"}}],\"inLanguage\":\"pt-BR\"}]}<\/script>\n<!-- \/ Yoast SEO plugin. -->","yoast_head_json":{"title":"Educa\u00e7\u00e3o Ambiental - Secretaria de Meio Ambiente","robots":{"index":"index","follow":"follow","max-snippet":"max-snippet:-1","max-image-preview":"max-image-preview:large","max-video-preview":"max-video-preview:-1"},"canonical":"https:\/\/www.pmpf.rs.gov.br\/secretaria-de-meio-ambiente\/educacao-ambiental\/","og_locale":"pt_BR","og_type":"article","og_title":"Educa\u00e7\u00e3o Ambiental - Secretaria de Meio Ambiente","og_description":"Setor respons\u00e1vel pelo trabalho que visa a melhoria do cuidado com o meio ambiente A Educa\u00e7\u00e3o Ambiental (EA) tem como principal objetivo a forma\u00e7\u00e3o de indiv\u00edduos preocupados e entendidos a cerca de [&hellip;]","og_url":"https:\/\/www.pmpf.rs.gov.br\/secretaria-de-meio-ambiente\/educacao-ambiental\/","og_site_name":"Secretaria de Meio Ambiente","article_modified_time":"2022-02-15T17:28:04+00:00","twitter_card":"summary_large_image","twitter_misc":{"Est. tempo de leitura":"4 minutos"},"schema":{"@context":"https:\/\/schema.org","@graph":[{"@type":"WebPage","@id":"https:\/\/www.pmpf.rs.gov.br\/secretaria-de-meio-ambiente\/educacao-ambiental\/","url":"https:\/\/www.pmpf.rs.gov.br\/secretaria-de-meio-ambiente\/educacao-ambiental\/","name":"Educa\u00e7\u00e3o Ambiental - Secretaria de Meio Ambiente","isPartOf":{"@id":"https:\/\/www.pmpf.rs.gov.br\/secretaria-de-meio-ambiente\/#website"},"datePublished":"2021-12-21T21:38:32+00:00","dateModified":"2022-02-15T17:28:04+00:00","inLanguage":"pt-BR","potentialAction":[{"@type":"ReadAction","target":["https:\/\/www.pmpf.rs.gov.br\/secretaria-de-meio-ambiente\/educacao-ambiental\/"]}]},{"@type":"WebSite","@id":"https:\/\/www.pmpf.rs.gov.br\/secretaria-de-meio-ambiente\/#website","url":"https:\/\/www.pmpf.rs.gov.br\/secretaria-de-meio-ambiente\/","name":"Secretaria de Meio Ambiente","description":"S\u00f3 mais um site Prefeitura de Passo Fundo","potentialAction":[{"@type":"SearchAction","target":{"@type":"EntryPoint","urlTemplate":"https:\/\/www.pmpf.rs.gov.br\/secretaria-de-meio-ambiente\/?s={search_term_string}"},"query-input":{"@type":"PropertyValueSpecification","valueRequired":true,"valueName":"search_term_string"}}],"inLanguage":"pt-BR"}]}},"_links":{"self":[{"href":"https:\/\/www.pmpf.rs.gov.br\/secretaria-de-meio-ambiente\/wp-json\/wp\/v2\/pages\/25"}],"collection":[{"href":"https:\/\/www.pmpf.rs.gov.br\/secretaria-de-meio-ambiente\/wp-json\/wp\/v2\/pages"}],"about":[{"href":"https:\/\/www.pmpf.rs.gov.br\/secretaria-de-meio-ambiente\/wp-json\/wp\/v2\/types\/page"}],"author":[{"embeddable":true,"href":"https:\/\/www.pmpf.rs.gov.br\/secretaria-de-meio-ambiente\/wp-json\/wp\/v2\/users\/1"}],"replies":[{"embeddable":true,"href":"https:\/\/www.pmpf.rs.gov.br\/secretaria-de-meio-ambiente\/wp-json\/wp\/v2\/comments?post=25"}],"version-history":[{"count":5,"href":"https:\/\/www.pmpf.rs.gov.br\/secretaria-de-meio-ambiente\/wp-json\/wp\/v2\/pages\/25\/revisions"}],"predecessor-version":[{"id":1230,"href":"https:\/\/www.pmpf.rs.gov.br\/secretaria-de-meio-ambiente\/wp-json\/wp\/v2\/pages\/25\/revisions\/1230"}],"wp:attachment":[{"href":"https:\/\/www.pmpf.rs.gov.br\/secretaria-de-meio-ambiente\/wp-json\/wp\/v2\/media?parent=25"}],"curies":[{"name":"wp","href":"https:\/\/api.w.org\/{rel}","templated":true}]}}