{"id":1823,"date":"2022-02-18T14:54:08","date_gmt":"2022-02-18T17:54:08","guid":{"rendered":"https:\/\/www.pmpf.rs.gov.br\/secretaria-de-desenvolvimento-economico\/?post_type=servicos&#038;p=1823"},"modified":"2024-10-10T16:41:08","modified_gmt":"2024-10-10T19:41:08","slug":"pedido-de-alteracao-de-alvara-de-localizacao-e-funcionamento-ou-contato","status":"publish","type":"servicos","link":"https:\/\/www.pmpf.rs.gov.br\/secretaria-de-desenvolvimento-economico\/servicos\/pedido-de-alteracao-de-alvara-de-localizacao-e-funcionamento-ou-contato\/","title":{"rendered":"Altera\u00e7\u00e3o de Alvar\u00e1 de Localiza\u00e7\u00e3o e Funcionamento ou Contato"},"content":{"rendered":"\n<div class=\"wp-block-columns has-grey-background-color has-background is-layout-flex wp-container-core-columns-is-layout-1 wp-block-columns-is-layout-flex\">\n<div class=\"wp-block-column is-layout-flow wp-block-column-is-layout-flow\">\n<p class=\"has-medium-font-size\"><\/p>\n\n\n\n<p>Para efetuar qualquer modifica\u00e7\u00e3o nos dados da empresa, \u00e9 necess\u00e1rio proceder com a atualiza\u00e7\u00e3o, via processo eletr\u00f4nico,  das informa\u00e7\u00f5es junto \u00e0 prefeitura, a fim de possibilitar a emiss\u00e3o de um novo alvar\u00e1.<\/p>\n<\/div>\n<\/div>\n\n\n\n<hr class=\"wp-block-separator has-css-opacity\"\/>\n\n\n\n<p class=\"has-medium-font-size\"><strong>Etapas para a realiza\u00e7\u00e3o deste servi\u00e7o<\/strong><\/p>\n\n\n\n<ol class=\"wp-block-list\">\n<li>Para acessar o servi\u00e7o eletr\u00f4nico, o requerente dever\u00e1 ter uma senha, <strong>esta poder\u00e1 ser criada <\/strong>atrav\u00e9s:\n<ol class=\"wp-block-list\" style=\"list-style-type:lower-alpha\">\n<li> <strong>de uma credencial<\/strong>, clicar em \u201cCriar Credencial\u201d na tela de autentica\u00e7\u00e3o ou&nbsp;<strong><a href=\"https:\/\/grp.pmpf.rs.gov.br\/grp\/acessoexterno\/programaAcessoExterno.faces?codigo=670014\">clique aqui<\/a><\/strong> para realizar o cadastro. Ap\u00f3s o cadastro, o requerente receber\u00e1 a credencial no seu e-mail. <em>Obs: esta op\u00e7\u00e3o de credencial \u00e9 valida tanto para inscri\u00e7\u00e3o de CPF como para CNPJ.<\/em><\/li>\n\n\n\n<li> <strong>de certificado digital habilitado<\/strong>; para quem j\u00e1 possui.<\/li>\n\n\n\n<li><strong> ou acesso pelo GOV.BR<\/strong>, o acesso pelo GOV.BR, s\u00f3 \u00e9 poss\u00edvel para pessoa f\u00edsica (CPF). No caso de Empresas (CNPJ), <strong>Solicitar credencial<\/strong>, op\u00e7\u00e3o \u201c<strong>a<\/strong>\u201d, ou utilizar o <strong>certificado digital habilitado<\/strong>, op\u00e7\u00e3o \u201c<strong>b<\/strong>\u201d, (se houver).<\/li>\n<\/ol>\n<\/li>\n\n\n\n<li>O in\u00edcio do processo dar-se-\u00e1 a pedido da parte interessada, de forma online, pelo site de servi\u00e7os da prefeitura mediante cadastro de usu\u00e1rio e chave de acesso ou certificado digital.\n<ul class=\"wp-block-list\">\n<li><strong>Como solicitar<\/strong>: Clicar no bot\u00e3o <strong>&#8220;Acesso ao sistema&#8221;<\/strong>&nbsp;e informar sua senha, ap\u00f3s preencher as informa\u00e7\u00f5es do formul\u00e1rio, dever\u00e3o ser anexados os documentos conforme cada caso.<\/li>\n<\/ul>\n<\/li>\n\n\n\n<li>Na instaura\u00e7\u00e3o do processo, o requerente receber\u00e1 em seu e-mail o n\u00famero do protocolo para acompanhamento do processo e emiss\u00e3o da autoriza\u00e7\u00e3o.\n<ul class=\"wp-block-list\">\n<li><strong>Como consultar<\/strong>:  Clicar no bot\u00e3o <strong>&#8220;Acompanhar solicita\u00e7\u00e3o&#8221;<\/strong>&nbsp;e informar sua senha. No programa Meus Processos, informar o exerc\u00edcio do processo e clicar no bot\u00e3o recuperar. Clicar sobre o processo desejado e verificar os hist\u00f3ricos de tramita\u00e7\u00f5es e aba anexos.<\/li>\n<\/ul>\n<\/li>\n<\/ol>\n\n\n\n<hr class=\"wp-block-separator has-css-opacity\"\/>\n\n\n\n<p class=\"has-medium-font-size\"><strong>Documentos Necess\u00e1rios<\/strong><\/p>\n\n\n\n<p><strong>1- Altera\u00e7\u00e3o de endere\u00e7o:<\/strong><br>a) C\u00e9dula de Identidade e do CPF do titular ou s\u00f3cio administrador;<br>b) protocolo de solicita\u00e7\u00e3o de vistoria do Corpo de Bombeiros (se houver escrit\u00f3rio ou estabelecimento com portas abertas ao p\u00fablico);<br>c) guia do IPTU;<br>d) Relat\u00f3rio de Impacto de Vizinhan\u00e7a (R.I.V.) conforme atividades do anexo III do <a href=\"https:\/\/leismunicipais.com.br\/a1\/rs\/p\/passo-fundo\/decreto\/2018\/4\/33\/decreto-n-33-2018-cria-a-rede-nacional-para-a-simplificacao-do-registro-e-da-legalizacao-de-empresas-e-negocios-redesim-e-da-outras-\" target=\"_blank\" rel=\"noreferrer noopener\">Decreto 33\/2018<\/a>;<br>e) Alvar\u00e1 do Corpo de Bombeiros e\/ou declara\u00e7\u00e3o no <a href=\"https:\/\/www.pmpf.rs.gov.br\/secretaria-de-desenvolvimento-economico\/wp-content\/uploads\/sites\/27\/2021\/11\/alvara-requerimento2024.pdf\" target=\"_blank\" rel=\"noreferrer noopener\">formul\u00e1rio de requerimento<\/a>, conforme o caso;<br>f) <a href=\"https:\/\/www.pmpf.rs.gov.br\/secretaria-de-desenvolvimento-economico\/wp-content\/uploads\/sites\/27\/2021\/11\/DECLARACAO-DISPENSA-BOMBEIROS-1.pdf\" target=\"_blank\" rel=\"noreferrer noopener\">Declara\u00e7\u00e3o de dispensa de Alvar\u00e1 do Corpo de Bombeiros<\/a>, conforme o caso;<br>f) viabilidade da Jucis-rs para pessoa jur\u00eddica;<br>g) dever\u00e1 declarar na s\u00edntese do pedido quando se tratar de alvar\u00e1 exclusivo para contato o seguinte: &#8220;Declaro que meu alvar\u00e1 se enquadra como endere\u00e7o exclusivo para contato, estritamente para fins residenciais, n\u00e3o havendo recep\u00e7\u00e3o de pessoas e estoque no local&#8221;;<\/p>\n\n\n\n<p><\/p>\n\n\n\n<p><strong>2 &#8211; Inclus\u00e3o ou altera\u00e7\u00e3o de atividades:<\/strong><br>a) C\u00e9dula de Identidade e do CPF do titular ou s\u00f3cio administrador;<br>b) Requerimento de Empres\u00e1rio, Estatuto ou Contrato Social;<br>c) CNPJ;<br>d) guia do IPTU;<br>e) Alvar\u00e1 do Corpo de Bombeiros e\/ou declara\u00e7\u00e3o no <a href=\"https:\/\/www.pmpf.rs.gov.br\/secretaria-de-desenvolvimento-economico\/wp-content\/uploads\/sites\/27\/2021\/11\/alvara-requerimento-2024.pdf\" target=\"_blank\" rel=\"noreferrer noopener\">formul\u00e1rio de requerimento<\/a>, conforme o caso;<br>f) <a href=\"https:\/\/www.pmpf.rs.gov.br\/secretaria-de-desenvolvimento-economico\/wp-content\/uploads\/sites\/27\/2021\/11\/DECLARACAO-DISPENSA-BOMBEIROS-1.pdf\" target=\"_blank\" rel=\"noreferrer noopener\">Declara\u00e7\u00e3o de dispensa de Alvar\u00e1 do Corpo de Bombeiros<\/a>, conforme o caso;<br>g) Relat\u00f3rio de Impacto de Vizinhan\u00e7a (R.I.V.) conforme atividades do anexo III do <a href=\"https:\/\/leismunicipais.com.br\/a1\/rs\/p\/passo-fundo\/decreto\/2018\/4\/33\/decreto-n-33-2018-cria-a-rede-nacional-para-a-simplificacao-do-registro-e-da-legalizacao-de-empresas-e-negocios-redesim-e-da-outras-\" target=\"_blank\" rel=\"noreferrer noopener\">Decreto 33\/2018<\/a>;<br>h) viabilidade da Jucis-rs para pessoa jur\u00eddica.<\/p>\n\n\n\n<p><\/p>\n\n\n\n<p><strong>3 &#8211; Altera\u00e7\u00e3o de s\u00f3cios:<\/strong><br>a) C\u00e9dula de Identidade e do CPF dos s\u00f3cios;<br>b) Estatuto ou Contrato social j\u00e1 alterado.<\/p>\n\n\n\n<p><strong>4 &#8211; Altera\u00e7\u00e3o de Raz\u00e3o Social:<\/strong><br>a) C\u00e9dula de Identidade e do CPF do titular ou s\u00f3cio-administrador;<br>b) Requerimento de Empres\u00e1rio, Estatuto ou Contrato Social;<br>c) CNPJ.<\/p>\n\n\n\n<hr class=\"wp-block-separator has-css-opacity\"\/>\n\n\n\n<p><\/p>\n\n\n\n<p><\/p>\n","protected":false},"featured_media":0,"template":"","canal":[3],"quem":[4,5],"servico_tags":[7,14],"class_list":["post-1823","servicos","type-servicos","status-publish","hentry","canal-online","quem-cidadao","quem-empresa","servico_tags-alvara","servico_tags-autorizacoes-e-licencas"],"yoast_head":"<!-- This site is optimized with the Yoast SEO plugin v23.8 - https:\/\/yoast.com\/wordpress\/plugins\/seo\/ -->\n<title>Altera\u00e7\u00e3o de Alvar\u00e1 de Localiza\u00e7\u00e3o e Funcionamento ou Contato - Secretaria de Desenvolvimento Econ\u00f4mico<\/title>\n<meta name=\"robots\" content=\"index, follow, max-snippet:-1, max-image-preview:large, max-video-preview:-1\" \/>\n<link rel=\"canonical\" href=\"https:\/\/www.pmpf.rs.gov.br\/secretaria-de-desenvolvimento-economico\/servicos\/pedido-de-alteracao-de-alvara-de-localizacao-e-funcionamento-ou-contato\/\" \/>\n<meta property=\"og:locale\" content=\"pt_BR\" \/>\n<meta property=\"og:type\" content=\"article\" \/>\n<meta property=\"og:title\" content=\"Altera\u00e7\u00e3o de Alvar\u00e1 de Localiza\u00e7\u00e3o e Funcionamento ou Contato - Secretaria de Desenvolvimento Econ\u00f4mico\" \/>\n<meta property=\"og:description\" content=\"Para efetuar qualquer modifica\u00e7\u00e3o nos dados da empresa, \u00e9 necess\u00e1rio proceder com a atualiza\u00e7\u00e3o, via processo eletr\u00f4nico, das informa\u00e7\u00f5es junto \u00e0 prefeitura, a fim de possibilitar a emiss\u00e3o de um novo alvar\u00e1. [&hellip;]\" \/>\n<meta property=\"og:url\" content=\"https:\/\/www.pmpf.rs.gov.br\/secretaria-de-desenvolvimento-economico\/servicos\/pedido-de-alteracao-de-alvara-de-localizacao-e-funcionamento-ou-contato\/\" \/>\n<meta property=\"og:site_name\" content=\"Secretaria de Desenvolvimento Econ\u00f4mico\" \/>\n<meta property=\"article:modified_time\" content=\"2024-10-10T19:41:08+00:00\" \/>\n<meta name=\"twitter:card\" content=\"summary_large_image\" \/>\n<meta name=\"twitter:label1\" content=\"Est. tempo de leitura\" \/>\n\t<meta name=\"twitter:data1\" content=\"3 minutos\" \/>\n<script type=\"application\/ld+json\" class=\"yoast-schema-graph\">{\"@context\":\"https:\/\/schema.org\",\"@graph\":[{\"@type\":\"WebPage\",\"@id\":\"https:\/\/www.pmpf.rs.gov.br\/secretaria-de-desenvolvimento-economico\/servicos\/pedido-de-alteracao-de-alvara-de-localizacao-e-funcionamento-ou-contato\/\",\"url\":\"https:\/\/www.pmpf.rs.gov.br\/secretaria-de-desenvolvimento-economico\/servicos\/pedido-de-alteracao-de-alvara-de-localizacao-e-funcionamento-ou-contato\/\",\"name\":\"Altera\u00e7\u00e3o de Alvar\u00e1 de Localiza\u00e7\u00e3o e Funcionamento ou Contato - Secretaria de Desenvolvimento Econ\u00f4mico\",\"isPartOf\":{\"@id\":\"https:\/\/www.pmpf.rs.gov.br\/secretaria-de-desenvolvimento-economico\/#website\"},\"datePublished\":\"2022-02-18T17:54:08+00:00\",\"dateModified\":\"2024-10-10T19:41:08+00:00\",\"breadcrumb\":{\"@id\":\"https:\/\/www.pmpf.rs.gov.br\/secretaria-de-desenvolvimento-economico\/servicos\/pedido-de-alteracao-de-alvara-de-localizacao-e-funcionamento-ou-contato\/#breadcrumb\"},\"inLanguage\":\"pt-BR\",\"potentialAction\":[{\"@type\":\"ReadAction\",\"target\":[\"https:\/\/www.pmpf.rs.gov.br\/secretaria-de-desenvolvimento-economico\/servicos\/pedido-de-alteracao-de-alvara-de-localizacao-e-funcionamento-ou-contato\/\"]}]},{\"@type\":\"BreadcrumbList\",\"@id\":\"https:\/\/www.pmpf.rs.gov.br\/secretaria-de-desenvolvimento-economico\/servicos\/pedido-de-alteracao-de-alvara-de-localizacao-e-funcionamento-ou-contato\/#breadcrumb\",\"itemListElement\":[{\"@type\":\"ListItem\",\"position\":1,\"name\":\"Servi\u00e7os\",\"item\":\"https:\/\/www.pmpf.rs.gov.br\/secretaria-de-desenvolvimento-economico\/servicos\/\"},{\"@type\":\"ListItem\",\"position\":2,\"name\":\"Altera\u00e7\u00e3o de Alvar\u00e1 de Localiza\u00e7\u00e3o e Funcionamento ou Contato\"}]},{\"@type\":\"WebSite\",\"@id\":\"https:\/\/www.pmpf.rs.gov.br\/secretaria-de-desenvolvimento-economico\/#website\",\"url\":\"https:\/\/www.pmpf.rs.gov.br\/secretaria-de-desenvolvimento-economico\/\",\"name\":\"Secretaria de Desenvolvimento Econ\u00f4mico\",\"description\":\"S\u00f3 mais um site Prefeitura de Passo Fundo\",\"potentialAction\":[{\"@type\":\"SearchAction\",\"target\":{\"@type\":\"EntryPoint\",\"urlTemplate\":\"https:\/\/www.pmpf.rs.gov.br\/secretaria-de-desenvolvimento-economico\/?s={search_term_string}\"},\"query-input\":{\"@type\":\"PropertyValueSpecification\",\"valueRequired\":true,\"valueName\":\"search_term_string\"}}],\"inLanguage\":\"pt-BR\"}]}<\/script>\n<!-- \/ Yoast SEO plugin. -->","yoast_head_json":{"title":"Altera\u00e7\u00e3o de Alvar\u00e1 de Localiza\u00e7\u00e3o e Funcionamento ou Contato - Secretaria de Desenvolvimento Econ\u00f4mico","robots":{"index":"index","follow":"follow","max-snippet":"max-snippet:-1","max-image-preview":"max-image-preview:large","max-video-preview":"max-video-preview:-1"},"canonical":"https:\/\/www.pmpf.rs.gov.br\/secretaria-de-desenvolvimento-economico\/servicos\/pedido-de-alteracao-de-alvara-de-localizacao-e-funcionamento-ou-contato\/","og_locale":"pt_BR","og_type":"article","og_title":"Altera\u00e7\u00e3o de Alvar\u00e1 de Localiza\u00e7\u00e3o e Funcionamento ou Contato - Secretaria de Desenvolvimento Econ\u00f4mico","og_description":"Para efetuar qualquer modifica\u00e7\u00e3o nos dados da empresa, \u00e9 necess\u00e1rio proceder com a atualiza\u00e7\u00e3o, via processo eletr\u00f4nico, das informa\u00e7\u00f5es junto \u00e0 prefeitura, a fim de possibilitar a emiss\u00e3o de um novo alvar\u00e1. [&hellip;]","og_url":"https:\/\/www.pmpf.rs.gov.br\/secretaria-de-desenvolvimento-economico\/servicos\/pedido-de-alteracao-de-alvara-de-localizacao-e-funcionamento-ou-contato\/","og_site_name":"Secretaria de Desenvolvimento Econ\u00f4mico","article_modified_time":"2024-10-10T19:41:08+00:00","twitter_card":"summary_large_image","twitter_misc":{"Est. tempo de leitura":"3 minutos"},"schema":{"@context":"https:\/\/schema.org","@graph":[{"@type":"WebPage","@id":"https:\/\/www.pmpf.rs.gov.br\/secretaria-de-desenvolvimento-economico\/servicos\/pedido-de-alteracao-de-alvara-de-localizacao-e-funcionamento-ou-contato\/","url":"https:\/\/www.pmpf.rs.gov.br\/secretaria-de-desenvolvimento-economico\/servicos\/pedido-de-alteracao-de-alvara-de-localizacao-e-funcionamento-ou-contato\/","name":"Altera\u00e7\u00e3o de Alvar\u00e1 de Localiza\u00e7\u00e3o e Funcionamento ou Contato - Secretaria de Desenvolvimento Econ\u00f4mico","isPartOf":{"@id":"https:\/\/www.pmpf.rs.gov.br\/secretaria-de-desenvolvimento-economico\/#website"},"datePublished":"2022-02-18T17:54:08+00:00","dateModified":"2024-10-10T19:41:08+00:00","breadcrumb":{"@id":"https:\/\/www.pmpf.rs.gov.br\/secretaria-de-desenvolvimento-economico\/servicos\/pedido-de-alteracao-de-alvara-de-localizacao-e-funcionamento-ou-contato\/#breadcrumb"},"inLanguage":"pt-BR","potentialAction":[{"@type":"ReadAction","target":["https:\/\/www.pmpf.rs.gov.br\/secretaria-de-desenvolvimento-economico\/servicos\/pedido-de-alteracao-de-alvara-de-localizacao-e-funcionamento-ou-contato\/"]}]},{"@type":"BreadcrumbList","@id":"https:\/\/www.pmpf.rs.gov.br\/secretaria-de-desenvolvimento-economico\/servicos\/pedido-de-alteracao-de-alvara-de-localizacao-e-funcionamento-ou-contato\/#breadcrumb","itemListElement":[{"@type":"ListItem","position":1,"name":"Servi\u00e7os","item":"https:\/\/www.pmpf.rs.gov.br\/secretaria-de-desenvolvimento-economico\/servicos\/"},{"@type":"ListItem","position":2,"name":"Altera\u00e7\u00e3o de Alvar\u00e1 de Localiza\u00e7\u00e3o e Funcionamento ou Contato"}]},{"@type":"WebSite","@id":"https:\/\/www.pmpf.rs.gov.br\/secretaria-de-desenvolvimento-economico\/#website","url":"https:\/\/www.pmpf.rs.gov.br\/secretaria-de-desenvolvimento-economico\/","name":"Secretaria de Desenvolvimento Econ\u00f4mico","description":"S\u00f3 mais um site Prefeitura de Passo Fundo","potentialAction":[{"@type":"SearchAction","target":{"@type":"EntryPoint","urlTemplate":"https:\/\/www.pmpf.rs.gov.br\/secretaria-de-desenvolvimento-economico\/?s={search_term_string}"},"query-input":{"@type":"PropertyValueSpecification","valueRequired":true,"valueName":"search_term_string"}}],"inLanguage":"pt-BR"}]}},"_links":{"self":[{"href":"https:\/\/www.pmpf.rs.gov.br\/secretaria-de-desenvolvimento-economico\/wp-json\/wp\/v2\/servicos\/1823"}],"collection":[{"href":"https:\/\/www.pmpf.rs.gov.br\/secretaria-de-desenvolvimento-economico\/wp-json\/wp\/v2\/servicos"}],"about":[{"href":"https:\/\/www.pmpf.rs.gov.br\/secretaria-de-desenvolvimento-economico\/wp-json\/wp\/v2\/types\/servicos"}],"wp:attachment":[{"href":"https:\/\/www.pmpf.rs.gov.br\/secretaria-de-desenvolvimento-economico\/wp-json\/wp\/v2\/media?parent=1823"}],"wp:term":[{"taxonomy":"canal","embeddable":true,"href":"https:\/\/www.pmpf.rs.gov.br\/secretaria-de-desenvolvimento-economico\/wp-json\/wp\/v2\/canal?post=1823"},{"taxonomy":"quem","embeddable":true,"href":"https:\/\/www.pmpf.rs.gov.br\/secretaria-de-desenvolvimento-economico\/wp-json\/wp\/v2\/quem?post=1823"},{"taxonomy":"servico_tags","embeddable":true,"href":"https:\/\/www.pmpf.rs.gov.br\/secretaria-de-desenvolvimento-economico\/wp-json\/wp\/v2\/servico_tags?post=1823"}],"curies":[{"name":"wp","href":"https:\/\/api.w.org\/{rel}","templated":true}]}}