{"id":1785,"date":"2022-02-03T13:47:37","date_gmt":"2022-02-03T16:47:37","guid":{"rendered":"https:\/\/www.pmpf.rs.gov.br\/secretaria-de-desenvolvimento-economico\/?post_type=servicos&#038;p=1785"},"modified":"2023-11-06T15:58:15","modified_gmt":"2023-11-06T18:58:15","slug":"licenca-para-realizacao-de-feira-eventual-de-natureza-economica","status":"publish","type":"servicos","link":"https:\/\/www.pmpf.rs.gov.br\/secretaria-de-desenvolvimento-economico\/servicos\/licenca-para-realizacao-de-feira-eventual-de-natureza-economica\/","title":{"rendered":"Licen\u00e7a para Realiza\u00e7\u00e3o de Feira Eventual de Natureza Econ\u00f4mica"},"content":{"rendered":"\n<div class=\"wp-block-columns has-grey-background-color has-background is-layout-flex wp-container-core-columns-is-layout-1 wp-block-columns-is-layout-flex\">\n<div class=\"wp-block-column is-layout-flow wp-block-column-is-layout-flow\">\n<p class=\"has-medium-font-size\"><\/p>\n\n\n\n<p>Consideram-se como feiras eventuais de natureza econ\u00f4mica todos os eventos tempor\u00e1rios, cuja atividade principal seja a venda direta ao consumidor de produtos industrializados ou manufaturados, com fim comercial ou n\u00e3o.<\/p>\n<\/div>\n<\/div>\n\n\n\n<hr class=\"wp-block-separator has-css-opacity\"\/>\n\n\n\n<p class=\"has-medium-font-size\"><strong>Etapas para a realiza\u00e7\u00e3o deste servi\u00e7o<\/strong><\/p>\n\n\n\n<ol class=\"wp-block-list\">\n<li>Para acessar o servi\u00e7o eletr\u00f4nico, o requerente dever\u00e1 ter uma senha (credencial), certificado digital habilitado ou acesso ao GOV.BR. Caso n\u00e3o tenha, poder\u00e1 clicar em \u201cCriar Credencial\u201d na tela de autentica\u00e7\u00e3o ou&nbsp;<a href=\"https:\/\/grp.pmpf.rs.gov.br\/grp\/acessoexterno\/programaAcessoExterno.faces?codigo=670014\" target=\"_blank\" rel=\"noreferrer noopener\">clique aqui<\/a> para realizar o cadastro. Ap\u00f3s o cadastro, o requerente receber\u00e1 a credencial no seu e-mail.<\/li>\n\n\n\n<li>O in\u00edcio do processo dar-se-\u00e1 a pedido da parte interessada, de forma online, pelo site de servi\u00e7os da prefeitura mediante cadastro de usu\u00e1rio e chave de acesso ou certificado digital.\n<ol class=\"wp-block-list\">\n<li><strong>Como solicitar<\/strong>: Clicar no bot\u00e3o <strong>&#8220;Acesso ao sistema&#8221;<\/strong>&nbsp;e informar sua senha, ap\u00f3s, selecionar o assunto:&nbsp;&nbsp;LICEN\u00c7A PARA REALIZA\u00c7\u00c3O DE FEIRAS EVENTUAIS DE NATUREZA ECON\u00d4MICA&nbsp;e anexar os documentos conforme rela\u00e7\u00e3o abaixo.<\/li>\n<\/ol>\n<\/li>\n\n\n\n<li>Na instaura\u00e7\u00e3o do processo, o requerente receber\u00e1 em seu e-mail o n\u00famero do protocolo para acompanhamento do processo e emiss\u00e3o da autoriza\u00e7\u00e3o.\n<ol class=\"wp-block-list\">\n<li><strong>Como consultar<\/strong>:  Clicar no bot\u00e3o <strong>&#8220;Acompanhar solicita\u00e7\u00e3o&#8221;<\/strong>&nbsp;e informar sua senha. No programa Meus Processos, informar o exerc\u00edcio do processo e clicar no bot\u00e3o recuperar. Clicar sobre o processo desejado e verificar os hist\u00f3ricos de tramita\u00e7\u00f5es e aba anexos.<\/li>\n<\/ol>\n<\/li>\n<\/ol>\n\n\n\n<hr class=\"wp-block-separator has-css-opacity\"\/>\n\n\n\n<p class=\"has-medium-font-size\"><strong>Documentos Necess\u00e1rios<\/strong><\/p>\n\n\n\n<ol class=\"wp-block-list\">\n<li>Identifica\u00e7\u00e3o pessoal &#8211; documento oficial com foto do representante da empresa promotora do evento<\/li>\n\n\n\n<li>CNPJ da empresa solicitante<\/li>\n\n\n\n<li>Certid\u00e3o da Fazenda Estadual, relativamente \u00e0 sede do seu estabelecimento<\/li>\n\n\n\n<li>Certid\u00e3o de d\u00e9bitos relativa aos tributos federais da empresa proponente, relativamente \u00e0 sede do seu estabelecimento<\/li>\n\n\n\n<li>Contrato de loca\u00e7\u00e3o, ou autoriza\u00e7\u00e3o de uso do local do evento, com \u00e1rea de estacionamento privativo para pelo menos 300 (trezentos) ve\u00edculos<\/li>\n\n\n\n<li>Laudo de delibera\u00e7\u00e3o das respectivas instala\u00e7\u00f5es, fornecido pelo Corpo de Bombeiros, com descri\u00e7\u00e3o do plano de seguran\u00e7a contra inc\u00eandios, e acesso facilitado para deficientes f\u00edsicos e idosos, considerando a \u00e1rea global e respectivos &#8220;stands&#8221; individualizados<\/li>\n\n\n\n<li>Croqui de localiza\u00e7\u00e3o dos &#8220;stands&#8221;, indicando as respectivas \u00e1reas que dever\u00e3o ser destinadas para cada participante, bem como dos \u00f3rg\u00e3os administrativos da feira<\/li>\n\n\n\n<li>Comprovante de pagamento de seguro com cobertura de responsabilidade civil para danos pessoais ou materiais contra terceiros, cuja ap\u00f3lice dever\u00e1 prever a vig\u00eancia desde a montagem, realiza\u00e7\u00e3o, e desmontagem das instala\u00e7\u00f5es<\/li>\n\n\n\n<li>&nbsp;Laudo de libera\u00e7\u00e3o fornecido pela Secretaria Municipal da Sa\u00fade<\/li>\n\n\n\n<li>Rela\u00e7\u00e3o das empresas que participar\u00e3o do evento, anexando as suas respectivas certid\u00f5es negativas de d\u00e9bitos junto as Fazendas Nacional e Estadual, do estabelecimento onde se situa a sede social, nominando e qualificando o seu s\u00f3cio gerente<\/li>\n<\/ol>\n\n\n\n<p><\/p>\n\n\n\n<p class=\"has-grey-background-color has-background\">Preencher as informa\u00e7\u00f5es adicionais requeridas no formul\u00e1rio de abertura: per\u00edodo da realiza\u00e7\u00e3o do evento, dias da semana, hor\u00e1rios, endere\u00e7o e ponto de refer\u00eancia.<\/p>\n","protected":false},"featured_media":0,"template":"","canal":[3],"quem":[4,5],"servico_tags":[7,14],"class_list":["post-1785","servicos","type-servicos","status-publish","hentry","canal-online","quem-cidadao","quem-empresa","servico_tags-alvara","servico_tags-autorizacoes-e-licencas"],"yoast_head":"<!-- This site is optimized with the Yoast SEO plugin v23.8 - https:\/\/yoast.com\/wordpress\/plugins\/seo\/ -->\n<title>Licen\u00e7a para Realiza\u00e7\u00e3o de Feira Eventual de Natureza Econ\u00f4mica - Secretaria de Desenvolvimento Econ\u00f4mico<\/title>\n<meta name=\"robots\" content=\"index, follow, max-snippet:-1, max-image-preview:large, max-video-preview:-1\" \/>\n<link rel=\"canonical\" href=\"https:\/\/www.pmpf.rs.gov.br\/secretaria-de-desenvolvimento-economico\/servicos\/licenca-para-realizacao-de-feira-eventual-de-natureza-economica\/\" \/>\n<meta property=\"og:locale\" content=\"pt_BR\" \/>\n<meta property=\"og:type\" content=\"article\" \/>\n<meta property=\"og:title\" content=\"Licen\u00e7a para Realiza\u00e7\u00e3o de Feira Eventual de Natureza Econ\u00f4mica - Secretaria de Desenvolvimento Econ\u00f4mico\" \/>\n<meta property=\"og:description\" content=\"Consideram-se como feiras eventuais de natureza econ\u00f4mica todos os eventos tempor\u00e1rios, cuja atividade principal seja a venda direta ao consumidor de produtos industrializados ou manufaturados, com fim comercial ou n\u00e3o. Etapas para [&hellip;]\" \/>\n<meta property=\"og:url\" content=\"https:\/\/www.pmpf.rs.gov.br\/secretaria-de-desenvolvimento-economico\/servicos\/licenca-para-realizacao-de-feira-eventual-de-natureza-economica\/\" \/>\n<meta property=\"og:site_name\" content=\"Secretaria de Desenvolvimento Econ\u00f4mico\" \/>\n<meta property=\"article:modified_time\" content=\"2023-11-06T18:58:15+00:00\" \/>\n<meta name=\"twitter:card\" content=\"summary_large_image\" \/>\n<meta name=\"twitter:label1\" content=\"Est. tempo de leitura\" \/>\n\t<meta name=\"twitter:data1\" content=\"3 minutos\" \/>\n<script type=\"application\/ld+json\" class=\"yoast-schema-graph\">{\"@context\":\"https:\/\/schema.org\",\"@graph\":[{\"@type\":\"WebPage\",\"@id\":\"https:\/\/www.pmpf.rs.gov.br\/secretaria-de-desenvolvimento-economico\/servicos\/licenca-para-realizacao-de-feira-eventual-de-natureza-economica\/\",\"url\":\"https:\/\/www.pmpf.rs.gov.br\/secretaria-de-desenvolvimento-economico\/servicos\/licenca-para-realizacao-de-feira-eventual-de-natureza-economica\/\",\"name\":\"Licen\u00e7a para Realiza\u00e7\u00e3o de Feira Eventual de Natureza Econ\u00f4mica - Secretaria de Desenvolvimento Econ\u00f4mico\",\"isPartOf\":{\"@id\":\"https:\/\/www.pmpf.rs.gov.br\/secretaria-de-desenvolvimento-economico\/#website\"},\"datePublished\":\"2022-02-03T16:47:37+00:00\",\"dateModified\":\"2023-11-06T18:58:15+00:00\",\"breadcrumb\":{\"@id\":\"https:\/\/www.pmpf.rs.gov.br\/secretaria-de-desenvolvimento-economico\/servicos\/licenca-para-realizacao-de-feira-eventual-de-natureza-economica\/#breadcrumb\"},\"inLanguage\":\"pt-BR\",\"potentialAction\":[{\"@type\":\"ReadAction\",\"target\":[\"https:\/\/www.pmpf.rs.gov.br\/secretaria-de-desenvolvimento-economico\/servicos\/licenca-para-realizacao-de-feira-eventual-de-natureza-economica\/\"]}]},{\"@type\":\"BreadcrumbList\",\"@id\":\"https:\/\/www.pmpf.rs.gov.br\/secretaria-de-desenvolvimento-economico\/servicos\/licenca-para-realizacao-de-feira-eventual-de-natureza-economica\/#breadcrumb\",\"itemListElement\":[{\"@type\":\"ListItem\",\"position\":1,\"name\":\"Servi\u00e7os\",\"item\":\"https:\/\/www.pmpf.rs.gov.br\/secretaria-de-desenvolvimento-economico\/servicos\/\"},{\"@type\":\"ListItem\",\"position\":2,\"name\":\"Licen\u00e7a para Realiza\u00e7\u00e3o de Feira Eventual de Natureza Econ\u00f4mica\"}]},{\"@type\":\"WebSite\",\"@id\":\"https:\/\/www.pmpf.rs.gov.br\/secretaria-de-desenvolvimento-economico\/#website\",\"url\":\"https:\/\/www.pmpf.rs.gov.br\/secretaria-de-desenvolvimento-economico\/\",\"name\":\"Secretaria de Desenvolvimento Econ\u00f4mico\",\"description\":\"S\u00f3 mais um site Prefeitura de Passo Fundo\",\"potentialAction\":[{\"@type\":\"SearchAction\",\"target\":{\"@type\":\"EntryPoint\",\"urlTemplate\":\"https:\/\/www.pmpf.rs.gov.br\/secretaria-de-desenvolvimento-economico\/?s={search_term_string}\"},\"query-input\":{\"@type\":\"PropertyValueSpecification\",\"valueRequired\":true,\"valueName\":\"search_term_string\"}}],\"inLanguage\":\"pt-BR\"}]}<\/script>\n<!-- \/ Yoast SEO plugin. -->","yoast_head_json":{"title":"Licen\u00e7a para Realiza\u00e7\u00e3o de Feira Eventual de Natureza Econ\u00f4mica - Secretaria de Desenvolvimento Econ\u00f4mico","robots":{"index":"index","follow":"follow","max-snippet":"max-snippet:-1","max-image-preview":"max-image-preview:large","max-video-preview":"max-video-preview:-1"},"canonical":"https:\/\/www.pmpf.rs.gov.br\/secretaria-de-desenvolvimento-economico\/servicos\/licenca-para-realizacao-de-feira-eventual-de-natureza-economica\/","og_locale":"pt_BR","og_type":"article","og_title":"Licen\u00e7a para Realiza\u00e7\u00e3o de Feira Eventual de Natureza Econ\u00f4mica - Secretaria de Desenvolvimento Econ\u00f4mico","og_description":"Consideram-se como feiras eventuais de natureza econ\u00f4mica todos os eventos tempor\u00e1rios, cuja atividade principal seja a venda direta ao consumidor de produtos industrializados ou manufaturados, com fim comercial ou n\u00e3o. Etapas para [&hellip;]","og_url":"https:\/\/www.pmpf.rs.gov.br\/secretaria-de-desenvolvimento-economico\/servicos\/licenca-para-realizacao-de-feira-eventual-de-natureza-economica\/","og_site_name":"Secretaria de Desenvolvimento Econ\u00f4mico","article_modified_time":"2023-11-06T18:58:15+00:00","twitter_card":"summary_large_image","twitter_misc":{"Est. tempo de leitura":"3 minutos"},"schema":{"@context":"https:\/\/schema.org","@graph":[{"@type":"WebPage","@id":"https:\/\/www.pmpf.rs.gov.br\/secretaria-de-desenvolvimento-economico\/servicos\/licenca-para-realizacao-de-feira-eventual-de-natureza-economica\/","url":"https:\/\/www.pmpf.rs.gov.br\/secretaria-de-desenvolvimento-economico\/servicos\/licenca-para-realizacao-de-feira-eventual-de-natureza-economica\/","name":"Licen\u00e7a para Realiza\u00e7\u00e3o de Feira Eventual de Natureza Econ\u00f4mica - Secretaria de Desenvolvimento Econ\u00f4mico","isPartOf":{"@id":"https:\/\/www.pmpf.rs.gov.br\/secretaria-de-desenvolvimento-economico\/#website"},"datePublished":"2022-02-03T16:47:37+00:00","dateModified":"2023-11-06T18:58:15+00:00","breadcrumb":{"@id":"https:\/\/www.pmpf.rs.gov.br\/secretaria-de-desenvolvimento-economico\/servicos\/licenca-para-realizacao-de-feira-eventual-de-natureza-economica\/#breadcrumb"},"inLanguage":"pt-BR","potentialAction":[{"@type":"ReadAction","target":["https:\/\/www.pmpf.rs.gov.br\/secretaria-de-desenvolvimento-economico\/servicos\/licenca-para-realizacao-de-feira-eventual-de-natureza-economica\/"]}]},{"@type":"BreadcrumbList","@id":"https:\/\/www.pmpf.rs.gov.br\/secretaria-de-desenvolvimento-economico\/servicos\/licenca-para-realizacao-de-feira-eventual-de-natureza-economica\/#breadcrumb","itemListElement":[{"@type":"ListItem","position":1,"name":"Servi\u00e7os","item":"https:\/\/www.pmpf.rs.gov.br\/secretaria-de-desenvolvimento-economico\/servicos\/"},{"@type":"ListItem","position":2,"name":"Licen\u00e7a para Realiza\u00e7\u00e3o de Feira Eventual de Natureza Econ\u00f4mica"}]},{"@type":"WebSite","@id":"https:\/\/www.pmpf.rs.gov.br\/secretaria-de-desenvolvimento-economico\/#website","url":"https:\/\/www.pmpf.rs.gov.br\/secretaria-de-desenvolvimento-economico\/","name":"Secretaria de Desenvolvimento Econ\u00f4mico","description":"S\u00f3 mais um site Prefeitura de Passo Fundo","potentialAction":[{"@type":"SearchAction","target":{"@type":"EntryPoint","urlTemplate":"https:\/\/www.pmpf.rs.gov.br\/secretaria-de-desenvolvimento-economico\/?s={search_term_string}"},"query-input":{"@type":"PropertyValueSpecification","valueRequired":true,"valueName":"search_term_string"}}],"inLanguage":"pt-BR"}]}},"_links":{"self":[{"href":"https:\/\/www.pmpf.rs.gov.br\/secretaria-de-desenvolvimento-economico\/wp-json\/wp\/v2\/servicos\/1785"}],"collection":[{"href":"https:\/\/www.pmpf.rs.gov.br\/secretaria-de-desenvolvimento-economico\/wp-json\/wp\/v2\/servicos"}],"about":[{"href":"https:\/\/www.pmpf.rs.gov.br\/secretaria-de-desenvolvimento-economico\/wp-json\/wp\/v2\/types\/servicos"}],"wp:attachment":[{"href":"https:\/\/www.pmpf.rs.gov.br\/secretaria-de-desenvolvimento-economico\/wp-json\/wp\/v2\/media?parent=1785"}],"wp:term":[{"taxonomy":"canal","embeddable":true,"href":"https:\/\/www.pmpf.rs.gov.br\/secretaria-de-desenvolvimento-economico\/wp-json\/wp\/v2\/canal?post=1785"},{"taxonomy":"quem","embeddable":true,"href":"https:\/\/www.pmpf.rs.gov.br\/secretaria-de-desenvolvimento-economico\/wp-json\/wp\/v2\/quem?post=1785"},{"taxonomy":"servico_tags","embeddable":true,"href":"https:\/\/www.pmpf.rs.gov.br\/secretaria-de-desenvolvimento-economico\/wp-json\/wp\/v2\/servico_tags?post=1785"}],"curies":[{"name":"wp","href":"https:\/\/api.w.org\/{rel}","templated":true}]}}