{"id":1833,"date":"2022-02-24T14:58:56","date_gmt":"2022-02-24T17:58:56","guid":{"rendered":"https:\/\/www.pmpf.rs.gov.br\/secretaria-de-desenvolvimento-economico\/?post_type=programa&#038;p=1833"},"modified":"2025-05-14T09:51:12","modified_gmt":"2025-05-14T12:51:12","slug":"acelera-passo-fundo","status":"publish","type":"programa","link":"https:\/\/www.pmpf.rs.gov.br\/secretaria-de-desenvolvimento-economico\/programa\/acelera-passo-fundo\/","title":{"rendered":"Acelera Passo Fundo &#8211; 2\u00aa Edi\u00e7\u00e3o"},"content":{"rendered":"\n<p>O Programa ACELERA PF consiste em uma s\u00e9rie de a\u00e7\u00f5es que estimulam o desenvolvimento econ\u00f4mico e setores produtivos de Passo Fundo. O programa est\u00e1 centralizado na agilidade das decis\u00f5es, na desburocratiza\u00e7\u00e3o e no fomento ao empreendedorismo.<\/p>\n\n\n\n<p>Quando falamos em agilidade do Poder P\u00fablico estamos falando em dar mais velocidade aos processos de desenvolvimento de novos neg\u00f3cios ou amplia\u00e7\u00e3o de neg\u00f3cios j\u00e1 existentes.<\/p>\n\n\n\n<p><strong><mark class=\"has-inline-color has-green-color\"><a href=\"https:\/\/www.google.com\/maps\/d\/edit?hl=pt-BR&amp;mid=1adD7jKTYBj7P9LhGeyaotPkAt4Gs8Dw&amp;ll=-28.249259070895597%2C-52.428764790119935&amp;z=16\">Acesse aqui o mapa das \u00e1reas dispon\u00edveis<\/a><\/mark><\/strong><\/p>\n\n\n\n<p>Se voc\u00ea possui alguma \u00e1rea dispon\u00edvel para cadastrar, preencha este formul\u00e1rio: <a href=\"https:\/\/forms.gle\/vhsAS7G4YcKUwkiP9\">Acessar formul\u00e1rio<\/a><\/p>\n\n\n\n<p><em>Para mais informa\u00e7\u00f5es, contate a Secretaria de Desenvolvimento Econ\u00f4mico <\/em><\/p>\n\n\n\n<p><\/p>\n\n\n\n<h3 class=\"wp-block-heading has-green-color has-text-color\">A\u00e7\u00f5es do Acelera Passo Fundo &#8211; 1\u00aa Edi\u00e7\u00e3o<\/h3>\n\n\n\n<h3 class=\"wp-block-heading\">Selecione a a\u00e7\u00e3o desejada para mais informa\u00e7\u00f5es:<\/h3>\n\n\n\n<div class=\"wp-block-pb-accordion-item c-accordion__item js-accordion-item no-js\" data-initially-open=\"false\" data-click-to-close=\"true\" data-auto-close=\"true\" data-scroll=\"false\" data-scroll-offset=\"0\"><h4 id=\"at-18330\" class=\"c-accordion__title js-accordion-controller\" role=\"button\">Alvar\u00e1 Online<\/h4><div id=\"ac-18330\" class=\"c-accordion__content\">\n<p>A implanta\u00e7\u00e3o do processo de Alvar\u00e1 Online, trouxe maior facilidade para quem quer empreender e maior agilidade aos servidores que atendem a demanda.<\/p>\n\n\n\n<div class=\"wp-block-buttons is-layout-flex wp-block-buttons-is-layout-flex\">\n<div class=\"wp-block-button has-custom-font-size\" style=\"font-size:14px\"><a class=\"wp-block-button__link has-white-color has-blue-background-color has-text-color has-background wp-element-button\" href=\"https:\/\/www.pmpf.rs.gov.br\/servicos\/?q=&amp;ct%5B%5D=Alvar%C3%A1\" style=\"border-radius:4px\" target=\"_blank\" rel=\"noreferrer noopener\">Acesso ao sistema<\/a><\/div>\n<\/div>\n\n\n\n<div style=\"height:10px\" aria-hidden=\"true\" class=\"wp-block-spacer\"><\/div>\n<\/div><\/div>\n\n\n\n<div class=\"wp-block-pb-accordion-item c-accordion__item js-accordion-item no-js\" data-initially-open=\"false\" data-click-to-close=\"true\" data-auto-close=\"true\" data-scroll=\"false\" data-scroll-offset=\"0\"><h4 id=\"at-18331\" class=\"c-accordion__title js-accordion-controller\" role=\"button\">Mutir\u00f5es de libera\u00e7\u00e3o de obras<\/h4><div id=\"ac-18331\" class=\"c-accordion__content\">\n<p>O objetivo \u00e9 dar mais celeridade \u00e0 libera\u00e7\u00e3o de processos de solicita\u00e7\u00e3o de obras no munic\u00edpio, como Regulariza\u00e7\u00e3o, Habite-se, Desdobramentos de \u00e1reas, Demoli\u00e7\u00f5es e Certid\u00f5es de Topografia.<\/p>\n<\/div><\/div>\n\n\n\n<div class=\"wp-block-pb-accordion-item c-accordion__item js-accordion-item no-js\" data-initially-open=\"false\" data-click-to-close=\"true\" data-auto-close=\"true\" data-scroll=\"false\" data-scroll-offset=\"0\"><h4 id=\"at-18332\" class=\"c-accordion__title js-accordion-controller\" role=\"button\">Acelera ITBI<\/h4><div id=\"ac-18332\" class=\"c-accordion__content\">\n<p>Ap\u00f3s a solicita\u00e7\u00e3o realizada no sistema, para im\u00f3veis sem d\u00e9bito com o munic\u00edpio ou diverg\u00eancias cadastrais, a guia de ITBI \u00e9 emitida em at\u00e9 48 horas.<\/p>\n\n\n\n<div class=\"wp-block-buttons is-layout-flex wp-block-buttons-is-layout-flex\">\n<div class=\"wp-block-button has-custom-font-size\" style=\"font-size:14px\"><a class=\"wp-block-button__link has-white-color has-blue-background-color has-text-color has-background wp-element-button\" href=\"https:\/\/www.pmpf.rs.gov.br\/financas\/servicos\/pedido-guia-itbi-web\/\" style=\"border-radius:4px\" target=\"_blank\" rel=\"noreferrer noopener\">Acesso ao sistema<\/a><\/div>\n<\/div>\n\n\n\n<div style=\"height:10px\" aria-hidden=\"true\" class=\"wp-block-spacer\"><\/div>\n<\/div><\/div>\n\n\n\n<div class=\"wp-block-pb-accordion-item c-accordion__item js-accordion-item no-js\" data-initially-open=\"false\" data-click-to-close=\"true\" data-auto-close=\"true\" data-scroll=\"false\" data-scroll-offset=\"0\"><h4 id=\"at-18333\" class=\"c-accordion__title js-accordion-controller\" role=\"button\">Capta\u00e7\u00e3o de Recursos<\/h4><div id=\"ac-18333\" class=\"c-accordion__content\">\n<p>A Secretaria Extraordin\u00e1ria de Capta\u00e7\u00e3o de Recursos passou a desenvolver uma busca ativa de recursos atrav\u00e9s de Emendas Parlamentares e Editais dos Governos Estadual e Federal, para investimento em infraestrutura e servi\u00e7os em demandas que o munic\u00edpio tenha necessidade.<\/p>\n<\/div><\/div>\n\n\n\n<div class=\"wp-block-pb-accordion-item c-accordion__item js-accordion-item no-js\" data-initially-open=\"false\" data-click-to-close=\"true\" data-auto-close=\"true\" data-scroll=\"false\" data-scroll-offset=\"0\"><h4 id=\"at-18334\" class=\"c-accordion__title js-accordion-controller\" role=\"button\">Obra F\u00e1cil<\/h4><div id=\"ac-18334\" class=\"c-accordion__content\">\n<p>Objetivo de desburocratizar o processo de libera\u00e7\u00e3o de pequenas obras, especialmente, casas e edifica\u00e7\u00f5es comerciais de at\u00e9 750 m\u00b2, reduzindo o n\u00famero de 70 documentos para 30. O princ\u00edpio \u00e9 aumentar a responsabilidade do empreendedor, cabendo ao munic\u00edpio o recebimento, an\u00e1lise, libera\u00e7\u00e3o e posterior fiscaliza\u00e7\u00e3o. 6.JURO ZERO O objetivo foi atender ao MEI dos segmentos de Eventos, Ensino de Esportes, Profissionais do Condicionamento F\u00edsico, Profissionais de Embelezamento e Transporte Escolar. Segmentos que tiveram grandes dificuldades durante a pandemia. Visando fomentar o empreendedorismo e a economia do munic\u00edpio e auxiliar os MEIS na retomada de seus neg\u00f3cios.<\/p>\n\n\n\n<div class=\"wp-block-buttons is-layout-flex wp-block-buttons-is-layout-flex\">\n<div class=\"wp-block-button has-custom-font-size\" style=\"font-size:14px\"><a class=\"wp-block-button__link has-white-color has-blue-background-color has-text-color has-background wp-element-button\" href=\"https:\/\/www.pmpf.rs.gov.br\/secretaria-de-obras\/servicos\/obra-facil-smo\/\" style=\"border-radius:4px\" target=\"_blank\" rel=\"noreferrer noopener\">Acesso ao sistema<\/a><\/div>\n<\/div>\n\n\n\n<div style=\"height:10px\" aria-hidden=\"true\" class=\"wp-block-spacer\"><\/div>\n<\/div><\/div>\n\n\n\n<div class=\"wp-block-pb-accordion-item c-accordion__item js-accordion-item no-js\" data-initially-open=\"false\" data-click-to-close=\"true\" data-auto-close=\"true\" data-scroll=\"false\" data-scroll-offset=\"0\"><h4 id=\"at-18335\" class=\"c-accordion__title js-accordion-controller\" role=\"button\">Juro Zero<\/h4><div id=\"ac-18335\" class=\"c-accordion__content\">\n<p>Cria\u00e7\u00e3o de uma linha de cr\u00e9dito junto \u00e0 Institui\u00e7\u00e3o Financeira cadastrada. O MEI teve acesso a recursos no valor de at\u00e9 R$ 10.000,00 reais, com prazo de car\u00eancia de at\u00e9 6 seis meses e pagamento em at\u00e9 24 meses. Os juros advindos desta opera\u00e7\u00e3o juntos \u00e0s Institui\u00e7\u00f5es Financeiras credenciadas foram pagos pela Prefeitura, conforme Lei Municipal 5547\/2021.<\/p>\n<\/div><\/div>\n\n\n\n<div class=\"wp-block-pb-accordion-item c-accordion__item js-accordion-item no-js\" data-initially-open=\"false\" data-click-to-close=\"true\" data-auto-close=\"true\" data-scroll=\"false\" data-scroll-offset=\"0\"><h4 id=\"at-18336\" class=\"c-accordion__title js-accordion-controller\" role=\"button\">Campo Conectado<\/h4><div id=\"ac-18336\" class=\"c-accordion__content\">\n<p>Priorizando as necessidades estruturais dos 6 (seis) Distritos de Passo Fundo, est\u00e1 sendo atendida uma das principais demandas dos empreendedores rurais, o acesso \u00e0 internet para 906 fam\u00edlias, a\u00e7\u00e3o que disponibilizar\u00e1 informa\u00e7\u00e3o e dar\u00e1 agilidade digital, fundamental para quem produz e gera riqueza.<\/p>\n<\/div><\/div>\n\n\n\n<div class=\"wp-block-pb-accordion-item c-accordion__item js-accordion-item no-js\" data-initially-open=\"false\" data-click-to-close=\"true\" data-auto-close=\"true\" data-scroll=\"false\" data-scroll-offset=\"0\"><h4 id=\"at-18337\" class=\"c-accordion__title js-accordion-controller\" role=\"button\">Escrit\u00f3rio de projetos especiais<\/h4><div id=\"ac-18337\" class=\"c-accordion__content\">\n<p>Escrit\u00f3rio tem o objetivo de atender projetos inovadores e transformadores que tragam resultados positivos no desenvolvimento na cidade. A Secretaria de Desenvolvimento Econ\u00f4mico lidera a tramita\u00e7\u00e3o destes projetos em conjunto com as outras secretarias, demandadas conforme a extens\u00e3o e sua complexidade.<\/p>\n<\/div><\/div>\n\n\n\n<div class=\"wp-block-pb-accordion-item c-accordion__item js-accordion-item no-js\" data-initially-open=\"false\" data-click-to-close=\"true\" data-auto-close=\"true\" data-scroll=\"false\" data-scroll-offset=\"0\"><h4 id=\"at-18338\" class=\"c-accordion__title js-accordion-controller\" role=\"button\">Caf\u00e9 com Emprego <\/h4><div id=\"ac-18338\" class=\"c-accordion__content\">\n<p>Aproximar quem procura uma vaga no mercado de trabalho, de quem oferece vagas dispon\u00edveis \u00e9 o objetivo do Caf\u00e9 com Emprego. A\u00e7\u00e3o que ter\u00e1 v\u00e1rias edi\u00e7\u00f5es por ano, em local de f\u00e1cil acesso, reunindo interessados nas vagas, empresas e entidades associativas representando seus segmentos de atua\u00e7\u00e3o.<\/p>\n\n\n\n<div class=\"wp-block-buttons is-layout-flex wp-block-buttons-is-layout-flex\">\n<div class=\"wp-block-button has-custom-font-size\" style=\"font-size:14px\"><a class=\"wp-block-button__link has-white-color has-blue-background-color has-text-color has-background wp-element-button\" href=\"https:\/\/www.pmpf.rs.gov.br\/secretaria-de-desenvolvimento-economico\/programa\/cafe-com-emprego\/\" style=\"border-radius:4px\">Acesse o Site<\/a><\/div>\n<\/div>\n\n\n\n<div style=\"height:10px\" aria-hidden=\"true\" class=\"wp-block-spacer\"><\/div>\n<\/div><\/div>\n\n\n\n<div class=\"wp-block-pb-accordion-item c-accordion__item js-accordion-item no-js\" data-initially-open=\"false\" data-click-to-close=\"true\" data-auto-close=\"true\" data-scroll=\"false\" data-scroll-offset=\"0\"><h4 id=\"at-18339\" class=\"c-accordion__title js-accordion-controller\" role=\"button\">Meu Bairro meu Neg\u00f3cio<\/h4><div id=\"ac-18339\" class=\"c-accordion__content\">\n<p>A secretaria recebe uma vez por m\u00eas, empresas de determinados bairros para apresentar dados do munic\u00edpio, \u00edndices e informa\u00e7\u00f5es relevantes, os empres\u00e1rios trazem suas demandas e solicita\u00e7\u00f5es de melhorias que envolvem outras secretarias como Obras, Servi\u00e7os Gerais, Meio Ambiente. A Secretaria de Desenvolvimento faz a conex\u00e3o com empresas que geram emprego e renda em diversos segmentos da nossa cidade.<\/p>\n<\/div><\/div>\n\n\n\n<div class=\"wp-block-pb-accordion-item c-accordion__item js-accordion-item no-js\" data-initially-open=\"false\" data-click-to-close=\"true\" data-auto-close=\"true\" data-scroll=\"false\" data-scroll-offset=\"0\"><h4 id=\"at-183310\" class=\"c-accordion__title js-accordion-controller\" role=\"button\">Portal do Emprego &#8211; Caf\u00e9 com Emprego Online<\/h4><div id=\"ac-183310\" class=\"c-accordion__content\">\n<p>Projeto em os cidad\u00e3os poder\u00e3o consultar vagas de empregos dispon\u00edveis no munic\u00edpio atrav\u00e9s do site da Prefeitura de Passo Fundo.<\/p>\n\n\n\n<div class=\"wp-block-buttons is-layout-flex wp-block-buttons-is-layout-flex\">\n<div class=\"wp-block-button has-custom-font-size\" style=\"font-size:14px\"><a class=\"wp-block-button__link has-white-color has-blue-background-color has-text-color has-background wp-element-button\" href=\"https:\/\/www.pmpf.rs.gov.br\/cafe-com-emprego\/\" style=\"border-radius:4px\">Acesse o Site<\/a><\/div>\n<\/div>\n\n\n\n<div style=\"height:10px\" aria-hidden=\"true\" class=\"wp-block-spacer\"><\/div>\n<\/div><\/div>\n\n\n\n<div class=\"wp-block-pb-accordion-item c-accordion__item js-accordion-item no-js\" data-initially-open=\"false\" data-click-to-close=\"true\" data-auto-close=\"true\" data-scroll=\"false\" data-scroll-offset=\"0\"><h4 id=\"at-183311\" class=\"c-accordion__title js-accordion-controller\" role=\"button\">Escola das Profiss\u00f5es<\/h4><div id=\"ac-183311\" class=\"c-accordion__content\">\n<p>A finalidade do programa \u00e9 a cria\u00e7\u00e3o de cursos profissionalizantes para oportunizar a qualifica\u00e7\u00e3o profissional de quem almeja entrar no mercado de trabalho e quem busca qualificar seu conhecimento\/capacita\u00e7\u00e3o. Ao mesmo passo, atender a demanda das empresas e ind\u00fastrias que procuram por profissionais preparados para o mercado.<\/p>\n<\/div><\/div>\n\n\n\n<div class=\"wp-block-pb-accordion-item c-accordion__item js-accordion-item no-js\" data-initially-open=\"false\" data-click-to-close=\"true\" data-auto-close=\"true\" data-scroll=\"false\" data-scroll-offset=\"0\"><h4 id=\"at-183312\" class=\"c-accordion__title js-accordion-controller\" role=\"button\">Fomento ao Turismo<\/h4><div id=\"ac-183312\" class=\"c-accordion__content\">\n<p>Fomentar o desenvolvimento e boa utiliza\u00e7\u00e3o dos recursos tur\u00edsticos, bem como estimular a instala\u00e7\u00e3o, localiza\u00e7\u00e3o e manuten\u00e7\u00e3o de empreendimentos tur\u00edsticos no munic\u00edpio;<\/p>\n\n\n\n<p>O Radar do Turismo \u00e9 uma ferramenta importante para pautar a estrat\u00e9gia do munic\u00edpio para qualifica\u00e7\u00e3o do setor, atra\u00e7\u00e3o de novos investimentos e fortalecimento da rede existente (oferta, infraestrutura e servi\u00e7os p\u00fablicos voltados para a \u00e1rea). Ser\u00e3o realizadas visitas t\u00e9cnicas em diversos segmentos do turismo do munic\u00edpio com o objetivo de identificar potencialidades e para levantamento de dados \u2013 hotelaria, ag\u00eancias de viagens e locais com interesse em desenvolver atividades tur\u00edsticas.<\/p>\n\n\n\n<p>Plano Municipal de Turismo: \u00c9 um instrumento de pol\u00edticas p\u00fablicas que tem a miss\u00e3o de promover o desenvolvimento sustent\u00e1vel do setor por meio da valoriza\u00e7\u00e3o dos atrativos naturais e hist\u00f3rico-culturais, fomento dos neg\u00f3cios locais, oferecendo experi\u00eancias aos turistas que visitam a cidade.<\/p>\n<\/div><\/div>\n\n\n\n<div class=\"wp-block-pb-accordion-item c-accordion__item js-accordion-item no-js\" data-initially-open=\"false\" data-click-to-close=\"true\" data-auto-close=\"true\" data-scroll=\"false\" data-scroll-offset=\"0\"><h4 id=\"at-183313\" class=\"c-accordion__title js-accordion-controller\" role=\"button\">A\u00e7\u00e3o Projeto de Lei Desburocratiza\u00e7\u00e3o<\/h4><div id=\"ac-183313\" class=\"c-accordion__content\">\n<p>O objetivo do Projeto de Lei da Desburocratiza\u00e7\u00e3o \u00e9 a an\u00e1lise das leis municipais vigentes (Leis n\u00ba 3276\/1997, 4401\/2007 e 5111\/2015) que abordam temas relacionados a incentivos fiscais e de desenvolvimento dos setores industrial e log\u00edstico como est\u00edmulo \u00e0 atividade empresarial local e atra\u00e7\u00e3o de novos investimentos, propor inova\u00e7\u00e3o e moderniza\u00e7\u00e3o das leis, viabilizando maior acesso ao empreendedor, de modo menos burocr\u00e1tico e mais c\u00e9lere.<\/p>\n<\/div><\/div>\n\n\n\n<div class=\"wp-block-pb-accordion-item c-accordion__item js-accordion-item no-js\" data-initially-open=\"false\" data-click-to-close=\"true\" data-auto-close=\"true\" data-scroll=\"false\" data-scroll-offset=\"0\"><h4 id=\"at-183314\" class=\"c-accordion__title js-accordion-controller\" role=\"button\">Procon<\/h4><div id=\"ac-183314\" class=\"c-accordion__content\">\n<p>Presta atendimento pessoal a todo consumidor que encontra problemas ou d\u00favidas no mercado de consumo, dentre a lista abaixo especificada:<\/p>\n\n\n\n<p>Compra de produtos (por pessoa f\u00edsica)<\/p>\n\n\n\n<p>Contrata\u00e7\u00e3o de servi\u00e7os (por pessoa f\u00edsica)<\/p>\n\n\n\n<p>Servi\u00e7os oferecidos por institui\u00e7\u00f5es financeiras<\/p>\n\n\n\n<p>Servi\u00e7os oferecidos por operadoras de plano de sa\u00fade, telefonia e administradoras de benef\u00edcios.<\/p>\n\n\n\n<div class=\"wp-block-buttons is-layout-flex wp-block-buttons-is-layout-flex\">\n<div class=\"wp-block-button has-custom-font-size\" style=\"font-size:14px\"><a class=\"wp-block-button__link has-white-color has-blue-background-color has-text-color has-background wp-element-button\" href=\"http:\/\/procon.pmpf.rs.gov.br\/\" style=\"border-radius:4px\">Acesse o Site<\/a><\/div>\n<\/div>\n<\/div><\/div>\n\n\n\n<div style=\"height:10px\" aria-hidden=\"true\" class=\"wp-block-spacer\"><\/div>\n\n\n\n<hr class=\"wp-block-separator has-css-opacity\"\/>\n\n\n\n<div style=\"height:9px\" aria-hidden=\"true\" class=\"wp-block-spacer\"><\/div>\n\n\n\n<figure class=\"wp-block-gallery has-nested-images columns-default is-cropped wp-block-gallery-1 is-layout-flex wp-block-gallery-is-layout-flex\">\n<figure class=\"wp-block-image size-large is-style-default\"><a href=\"https:\/\/www.pmpf.rs.gov.br\/secretaria-de-desenvolvimento-economico\/wp-content\/uploads\/sites\/27\/2022\/08\/acelera_passofundo13.jpg\"><img loading=\"lazy\" decoding=\"async\" width=\"960\" height=\"640\" data-id=\"1977\" src=\"https:\/\/www.pmpf.rs.gov.br\/secretaria-de-desenvolvimento-economico\/wp-content\/uploads\/sites\/27\/2022\/08\/acelera_passofundo13.jpg\" alt=\"\" class=\"wp-image-1977\" srcset=\"https:\/\/www.pmpf.rs.gov.br\/secretaria-de-desenvolvimento-economico\/wp-content\/uploads\/sites\/27\/2022\/08\/acelera_passofundo13.jpg 960w, https:\/\/www.pmpf.rs.gov.br\/secretaria-de-desenvolvimento-economico\/wp-content\/uploads\/sites\/27\/2022\/08\/acelera_passofundo13-300x200.jpg 300w, https:\/\/www.pmpf.rs.gov.br\/secretaria-de-desenvolvimento-economico\/wp-content\/uploads\/sites\/27\/2022\/08\/acelera_passofundo13-768x512.jpg 768w\" sizes=\"(max-width: 960px) 100vw, 960px\" \/><\/a><\/figure>\n\n\n\n<figure class=\"wp-block-image size-large is-style-default\"><a href=\"https:\/\/www.pmpf.rs.gov.br\/secretaria-de-desenvolvimento-economico\/wp-content\/uploads\/sites\/27\/2022\/08\/acelera_passofundo10.jpg\"><img loading=\"lazy\" decoding=\"async\" width=\"960\" height=\"640\" data-id=\"1974\" src=\"https:\/\/www.pmpf.rs.gov.br\/secretaria-de-desenvolvimento-economico\/wp-content\/uploads\/sites\/27\/2022\/08\/acelera_passofundo10.jpg\" alt=\"\" class=\"wp-image-1974\" srcset=\"https:\/\/www.pmpf.rs.gov.br\/secretaria-de-desenvolvimento-economico\/wp-content\/uploads\/sites\/27\/2022\/08\/acelera_passofundo10.jpg 960w, https:\/\/www.pmpf.rs.gov.br\/secretaria-de-desenvolvimento-economico\/wp-content\/uploads\/sites\/27\/2022\/08\/acelera_passofundo10-300x200.jpg 300w, https:\/\/www.pmpf.rs.gov.br\/secretaria-de-desenvolvimento-economico\/wp-content\/uploads\/sites\/27\/2022\/08\/acelera_passofundo10-768x512.jpg 768w\" sizes=\"(max-width: 960px) 100vw, 960px\" \/><\/a><\/figure>\n\n\n\n<figure class=\"wp-block-image size-large is-style-default\"><a href=\"https:\/\/www.pmpf.rs.gov.br\/secretaria-de-desenvolvimento-economico\/wp-content\/uploads\/sites\/27\/2022\/08\/acelera_passofundo7.jpg\"><img loading=\"lazy\" decoding=\"async\" width=\"960\" height=\"640\" data-id=\"1972\" src=\"https:\/\/www.pmpf.rs.gov.br\/secretaria-de-desenvolvimento-economico\/wp-content\/uploads\/sites\/27\/2022\/08\/acelera_passofundo7.jpg\" alt=\"\" class=\"wp-image-1972\" srcset=\"https:\/\/www.pmpf.rs.gov.br\/secretaria-de-desenvolvimento-economico\/wp-content\/uploads\/sites\/27\/2022\/08\/acelera_passofundo7.jpg 960w, https:\/\/www.pmpf.rs.gov.br\/secretaria-de-desenvolvimento-economico\/wp-content\/uploads\/sites\/27\/2022\/08\/acelera_passofundo7-300x200.jpg 300w, https:\/\/www.pmpf.rs.gov.br\/secretaria-de-desenvolvimento-economico\/wp-content\/uploads\/sites\/27\/2022\/08\/acelera_passofundo7-768x512.jpg 768w\" sizes=\"(max-width: 960px) 100vw, 960px\" \/><\/a><\/figure>\n\n\n\n<figure class=\"wp-block-image size-large is-style-default\"><a href=\"https:\/\/www.pmpf.rs.gov.br\/secretaria-de-desenvolvimento-economico\/wp-content\/uploads\/sites\/27\/2022\/08\/acelera_passofundo6.jpg\"><img loading=\"lazy\" decoding=\"async\" width=\"960\" height=\"640\" data-id=\"1971\" src=\"https:\/\/www.pmpf.rs.gov.br\/secretaria-de-desenvolvimento-economico\/wp-content\/uploads\/sites\/27\/2022\/08\/acelera_passofundo6.jpg\" alt=\"\" class=\"wp-image-1971\" srcset=\"https:\/\/www.pmpf.rs.gov.br\/secretaria-de-desenvolvimento-economico\/wp-content\/uploads\/sites\/27\/2022\/08\/acelera_passofundo6.jpg 960w, https:\/\/www.pmpf.rs.gov.br\/secretaria-de-desenvolvimento-economico\/wp-content\/uploads\/sites\/27\/2022\/08\/acelera_passofundo6-300x200.jpg 300w, https:\/\/www.pmpf.rs.gov.br\/secretaria-de-desenvolvimento-economico\/wp-content\/uploads\/sites\/27\/2022\/08\/acelera_passofundo6-768x512.jpg 768w\" sizes=\"(max-width: 960px) 100vw, 960px\" \/><\/a><\/figure>\n\n\n\n<figure class=\"wp-block-image size-large is-style-default\"><a href=\"https:\/\/www.pmpf.rs.gov.br\/secretaria-de-desenvolvimento-economico\/wp-content\/uploads\/sites\/27\/2022\/08\/acelera_passofundo8.jpg\"><img loading=\"lazy\" decoding=\"async\" width=\"960\" height=\"640\" data-id=\"1970\" src=\"https:\/\/www.pmpf.rs.gov.br\/secretaria-de-desenvolvimento-economico\/wp-content\/uploads\/sites\/27\/2022\/08\/acelera_passofundo8.jpg\" alt=\"\" class=\"wp-image-1970\" srcset=\"https:\/\/www.pmpf.rs.gov.br\/secretaria-de-desenvolvimento-economico\/wp-content\/uploads\/sites\/27\/2022\/08\/acelera_passofundo8.jpg 960w, https:\/\/www.pmpf.rs.gov.br\/secretaria-de-desenvolvimento-economico\/wp-content\/uploads\/sites\/27\/2022\/08\/acelera_passofundo8-300x200.jpg 300w, https:\/\/www.pmpf.rs.gov.br\/secretaria-de-desenvolvimento-economico\/wp-content\/uploads\/sites\/27\/2022\/08\/acelera_passofundo8-768x512.jpg 768w\" sizes=\"(max-width: 960px) 100vw, 960px\" \/><\/a><\/figure>\n\n\n\n<figure class=\"wp-block-image size-large is-style-default\"><a href=\"https:\/\/www.pmpf.rs.gov.br\/secretaria-de-desenvolvimento-economico\/wp-content\/uploads\/sites\/27\/2022\/08\/acelera_passofundo4.jpg\"><img loading=\"lazy\" decoding=\"async\" width=\"960\" height=\"640\" data-id=\"1967\" src=\"https:\/\/www.pmpf.rs.gov.br\/secretaria-de-desenvolvimento-economico\/wp-content\/uploads\/sites\/27\/2022\/08\/acelera_passofundo4.jpg\" alt=\"\" class=\"wp-image-1967\" srcset=\"https:\/\/www.pmpf.rs.gov.br\/secretaria-de-desenvolvimento-economico\/wp-content\/uploads\/sites\/27\/2022\/08\/acelera_passofundo4.jpg 960w, https:\/\/www.pmpf.rs.gov.br\/secretaria-de-desenvolvimento-economico\/wp-content\/uploads\/sites\/27\/2022\/08\/acelera_passofundo4-300x200.jpg 300w, https:\/\/www.pmpf.rs.gov.br\/secretaria-de-desenvolvimento-economico\/wp-content\/uploads\/sites\/27\/2022\/08\/acelera_passofundo4-768x512.jpg 768w\" sizes=\"(max-width: 960px) 100vw, 960px\" \/><\/a><\/figure>\n<\/figure>\n\n\n\n<hr class=\"wp-block-separator has-css-opacity\"\/>\n","protected":false},"excerpt":{"rendered":"<p>Programa de atra\u00e7\u00e3o de novos neg\u00f3cios<\/p>\n","protected":false},"featured_media":2281,"template":"","class_list":["post-1833","programa","type-programa","status-publish","has-post-thumbnail","hentry"],"yoast_head":"<!-- This site is optimized with the Yoast SEO plugin v23.8 - https:\/\/yoast.com\/wordpress\/plugins\/seo\/ -->\n<title>Acelera Passo Fundo - 2\u00aa Edi\u00e7\u00e3o - Secretaria de Desenvolvimento Econ\u00f4mico<\/title>\n<meta name=\"robots\" content=\"index, follow, max-snippet:-1, max-image-preview:large, max-video-preview:-1\" \/>\n<link rel=\"canonical\" href=\"https:\/\/www.pmpf.rs.gov.br\/secretaria-de-desenvolvimento-economico\/programa\/acelera-passo-fundo\/\" \/>\n<meta property=\"og:locale\" content=\"pt_BR\" \/>\n<meta property=\"og:type\" content=\"article\" \/>\n<meta property=\"og:title\" content=\"Acelera Passo Fundo - 2\u00aa Edi\u00e7\u00e3o - Secretaria de Desenvolvimento Econ\u00f4mico\" \/>\n<meta property=\"og:description\" content=\"Programa de atra\u00e7\u00e3o de novos neg\u00f3cios\" \/>\n<meta property=\"og:url\" content=\"https:\/\/www.pmpf.rs.gov.br\/secretaria-de-desenvolvimento-economico\/programa\/acelera-passo-fundo\/\" \/>\n<meta property=\"og:site_name\" content=\"Secretaria de Desenvolvimento Econ\u00f4mico\" \/>\n<meta property=\"article:modified_time\" content=\"2025-05-14T12:51:12+00:00\" \/>\n<meta property=\"og:image\" content=\"https:\/\/www.pmpf.rs.gov.br\/secretaria-de-desenvolvimento-economico\/wp-content\/uploads\/sites\/27\/2022\/02\/CM-0028-24-Novos-Empreendimentos-Marca-RGB-1.png\" \/>\n\t<meta property=\"og:image:width\" content=\"3507\" \/>\n\t<meta property=\"og:image:height\" content=\"2480\" \/>\n\t<meta property=\"og:image:type\" content=\"image\/png\" \/>\n<meta name=\"twitter:card\" content=\"summary_large_image\" \/>\n<meta name=\"twitter:label1\" content=\"Est. tempo de leitura\" \/>\n\t<meta name=\"twitter:data1\" content=\"5 minutos\" \/>\n<script type=\"application\/ld+json\" class=\"yoast-schema-graph\">{\"@context\":\"https:\/\/schema.org\",\"@graph\":[{\"@type\":\"WebPage\",\"@id\":\"https:\/\/www.pmpf.rs.gov.br\/secretaria-de-desenvolvimento-economico\/programa\/acelera-passo-fundo\/\",\"url\":\"https:\/\/www.pmpf.rs.gov.br\/secretaria-de-desenvolvimento-economico\/programa\/acelera-passo-fundo\/\",\"name\":\"Acelera Passo Fundo - 2\u00aa Edi\u00e7\u00e3o - Secretaria de Desenvolvimento Econ\u00f4mico\",\"isPartOf\":{\"@id\":\"https:\/\/www.pmpf.rs.gov.br\/secretaria-de-desenvolvimento-economico\/#website\"},\"primaryImageOfPage\":{\"@id\":\"https:\/\/www.pmpf.rs.gov.br\/secretaria-de-desenvolvimento-economico\/programa\/acelera-passo-fundo\/#primaryimage\"},\"image\":{\"@id\":\"https:\/\/www.pmpf.rs.gov.br\/secretaria-de-desenvolvimento-economico\/programa\/acelera-passo-fundo\/#primaryimage\"},\"thumbnailUrl\":\"https:\/\/www.pmpf.rs.gov.br\/secretaria-de-desenvolvimento-economico\/wp-content\/uploads\/sites\/27\/2022\/02\/CM-0028-24-Novos-Empreendimentos-Marca-RGB-1.png\",\"datePublished\":\"2022-02-24T17:58:56+00:00\",\"dateModified\":\"2025-05-14T12:51:12+00:00\",\"breadcrumb\":{\"@id\":\"https:\/\/www.pmpf.rs.gov.br\/secretaria-de-desenvolvimento-economico\/programa\/acelera-passo-fundo\/#breadcrumb\"},\"inLanguage\":\"pt-BR\",\"potentialAction\":[{\"@type\":\"ReadAction\",\"target\":[\"https:\/\/www.pmpf.rs.gov.br\/secretaria-de-desenvolvimento-economico\/programa\/acelera-passo-fundo\/\"]}]},{\"@type\":\"ImageObject\",\"inLanguage\":\"pt-BR\",\"@id\":\"https:\/\/www.pmpf.rs.gov.br\/secretaria-de-desenvolvimento-economico\/programa\/acelera-passo-fundo\/#primaryimage\",\"url\":\"https:\/\/www.pmpf.rs.gov.br\/secretaria-de-desenvolvimento-economico\/wp-content\/uploads\/sites\/27\/2022\/02\/CM-0028-24-Novos-Empreendimentos-Marca-RGB-1.png\",\"contentUrl\":\"https:\/\/www.pmpf.rs.gov.br\/secretaria-de-desenvolvimento-economico\/wp-content\/uploads\/sites\/27\/2022\/02\/CM-0028-24-Novos-Empreendimentos-Marca-RGB-1.png\",\"width\":3507,\"height\":2480},{\"@type\":\"BreadcrumbList\",\"@id\":\"https:\/\/www.pmpf.rs.gov.br\/secretaria-de-desenvolvimento-economico\/programa\/acelera-passo-fundo\/#breadcrumb\",\"itemListElement\":[{\"@type\":\"ListItem\",\"position\":1,\"name\":\"Programas\",\"item\":\"https:\/\/www.pmpf.rs.gov.br\/secretaria-de-desenvolvimento-economico\/programa\/\"},{\"@type\":\"ListItem\",\"position\":2,\"name\":\"Acelera Passo Fundo &#8211; 2\u00aa Edi\u00e7\u00e3o\"}]},{\"@type\":\"WebSite\",\"@id\":\"https:\/\/www.pmpf.rs.gov.br\/secretaria-de-desenvolvimento-economico\/#website\",\"url\":\"https:\/\/www.pmpf.rs.gov.br\/secretaria-de-desenvolvimento-economico\/\",\"name\":\"Secretaria de Desenvolvimento Econ\u00f4mico\",\"description\":\"S\u00f3 mais um site Prefeitura de Passo Fundo\",\"potentialAction\":[{\"@type\":\"SearchAction\",\"target\":{\"@type\":\"EntryPoint\",\"urlTemplate\":\"https:\/\/www.pmpf.rs.gov.br\/secretaria-de-desenvolvimento-economico\/?s={search_term_string}\"},\"query-input\":{\"@type\":\"PropertyValueSpecification\",\"valueRequired\":true,\"valueName\":\"search_term_string\"}}],\"inLanguage\":\"pt-BR\"}]}<\/script>\n<!-- \/ Yoast SEO plugin. -->","yoast_head_json":{"title":"Acelera Passo Fundo - 2\u00aa Edi\u00e7\u00e3o - Secretaria de Desenvolvimento Econ\u00f4mico","robots":{"index":"index","follow":"follow","max-snippet":"max-snippet:-1","max-image-preview":"max-image-preview:large","max-video-preview":"max-video-preview:-1"},"canonical":"https:\/\/www.pmpf.rs.gov.br\/secretaria-de-desenvolvimento-economico\/programa\/acelera-passo-fundo\/","og_locale":"pt_BR","og_type":"article","og_title":"Acelera Passo Fundo - 2\u00aa Edi\u00e7\u00e3o - Secretaria de Desenvolvimento Econ\u00f4mico","og_description":"Programa de atra\u00e7\u00e3o de novos neg\u00f3cios","og_url":"https:\/\/www.pmpf.rs.gov.br\/secretaria-de-desenvolvimento-economico\/programa\/acelera-passo-fundo\/","og_site_name":"Secretaria de Desenvolvimento Econ\u00f4mico","article_modified_time":"2025-05-14T12:51:12+00:00","og_image":[{"width":3507,"height":2480,"url":"https:\/\/www.pmpf.rs.gov.br\/secretaria-de-desenvolvimento-economico\/wp-content\/uploads\/sites\/27\/2022\/02\/CM-0028-24-Novos-Empreendimentos-Marca-RGB-1.png","type":"image\/png"}],"twitter_card":"summary_large_image","twitter_misc":{"Est. tempo de leitura":"5 minutos"},"schema":{"@context":"https:\/\/schema.org","@graph":[{"@type":"WebPage","@id":"https:\/\/www.pmpf.rs.gov.br\/secretaria-de-desenvolvimento-economico\/programa\/acelera-passo-fundo\/","url":"https:\/\/www.pmpf.rs.gov.br\/secretaria-de-desenvolvimento-economico\/programa\/acelera-passo-fundo\/","name":"Acelera Passo Fundo - 2\u00aa Edi\u00e7\u00e3o - Secretaria de Desenvolvimento Econ\u00f4mico","isPartOf":{"@id":"https:\/\/www.pmpf.rs.gov.br\/secretaria-de-desenvolvimento-economico\/#website"},"primaryImageOfPage":{"@id":"https:\/\/www.pmpf.rs.gov.br\/secretaria-de-desenvolvimento-economico\/programa\/acelera-passo-fundo\/#primaryimage"},"image":{"@id":"https:\/\/www.pmpf.rs.gov.br\/secretaria-de-desenvolvimento-economico\/programa\/acelera-passo-fundo\/#primaryimage"},"thumbnailUrl":"https:\/\/www.pmpf.rs.gov.br\/secretaria-de-desenvolvimento-economico\/wp-content\/uploads\/sites\/27\/2022\/02\/CM-0028-24-Novos-Empreendimentos-Marca-RGB-1.png","datePublished":"2022-02-24T17:58:56+00:00","dateModified":"2025-05-14T12:51:12+00:00","breadcrumb":{"@id":"https:\/\/www.pmpf.rs.gov.br\/secretaria-de-desenvolvimento-economico\/programa\/acelera-passo-fundo\/#breadcrumb"},"inLanguage":"pt-BR","potentialAction":[{"@type":"ReadAction","target":["https:\/\/www.pmpf.rs.gov.br\/secretaria-de-desenvolvimento-economico\/programa\/acelera-passo-fundo\/"]}]},{"@type":"ImageObject","inLanguage":"pt-BR","@id":"https:\/\/www.pmpf.rs.gov.br\/secretaria-de-desenvolvimento-economico\/programa\/acelera-passo-fundo\/#primaryimage","url":"https:\/\/www.pmpf.rs.gov.br\/secretaria-de-desenvolvimento-economico\/wp-content\/uploads\/sites\/27\/2022\/02\/CM-0028-24-Novos-Empreendimentos-Marca-RGB-1.png","contentUrl":"https:\/\/www.pmpf.rs.gov.br\/secretaria-de-desenvolvimento-economico\/wp-content\/uploads\/sites\/27\/2022\/02\/CM-0028-24-Novos-Empreendimentos-Marca-RGB-1.png","width":3507,"height":2480},{"@type":"BreadcrumbList","@id":"https:\/\/www.pmpf.rs.gov.br\/secretaria-de-desenvolvimento-economico\/programa\/acelera-passo-fundo\/#breadcrumb","itemListElement":[{"@type":"ListItem","position":1,"name":"Programas","item":"https:\/\/www.pmpf.rs.gov.br\/secretaria-de-desenvolvimento-economico\/programa\/"},{"@type":"ListItem","position":2,"name":"Acelera Passo Fundo &#8211; 2\u00aa Edi\u00e7\u00e3o"}]},{"@type":"WebSite","@id":"https:\/\/www.pmpf.rs.gov.br\/secretaria-de-desenvolvimento-economico\/#website","url":"https:\/\/www.pmpf.rs.gov.br\/secretaria-de-desenvolvimento-economico\/","name":"Secretaria de Desenvolvimento Econ\u00f4mico","description":"S\u00f3 mais um site Prefeitura de Passo Fundo","potentialAction":[{"@type":"SearchAction","target":{"@type":"EntryPoint","urlTemplate":"https:\/\/www.pmpf.rs.gov.br\/secretaria-de-desenvolvimento-economico\/?s={search_term_string}"},"query-input":{"@type":"PropertyValueSpecification","valueRequired":true,"valueName":"search_term_string"}}],"inLanguage":"pt-BR"}]}},"_links":{"self":[{"href":"https:\/\/www.pmpf.rs.gov.br\/secretaria-de-desenvolvimento-economico\/wp-json\/wp\/v2\/programa\/1833"}],"collection":[{"href":"https:\/\/www.pmpf.rs.gov.br\/secretaria-de-desenvolvimento-economico\/wp-json\/wp\/v2\/programa"}],"about":[{"href":"https:\/\/www.pmpf.rs.gov.br\/secretaria-de-desenvolvimento-economico\/wp-json\/wp\/v2\/types\/programa"}],"wp:featuredmedia":[{"embeddable":true,"href":"https:\/\/www.pmpf.rs.gov.br\/secretaria-de-desenvolvimento-economico\/wp-json\/wp\/v2\/media\/2281"}],"wp:attachment":[{"href":"https:\/\/www.pmpf.rs.gov.br\/secretaria-de-desenvolvimento-economico\/wp-json\/wp\/v2\/media?parent=1833"}],"curies":[{"name":"wp","href":"https:\/\/api.w.org\/{rel}","templated":true}]}}