{"id":16,"date":"2021-11-17T11:22:44","date_gmt":"2021-11-17T14:22:44","guid":{"rendered":"https:\/\/www.pmpf.rs.gov.br\/secretaria-de-desenvolvimento-economico\/?page_id=16"},"modified":"2022-03-18T10:59:28","modified_gmt":"2022-03-18T13:59:28","slug":"informacoes-sobre-alvaras","status":"publish","type":"page","link":"https:\/\/www.pmpf.rs.gov.br\/secretaria-de-desenvolvimento-economico\/informacoes-sobre-alvaras\/","title":{"rendered":"Alvar\u00e1s"},"content":{"rendered":"\n<h2 class=\"wp-block-heading\">Alvar\u00e1 de Localiza\u00e7\u00e3o e Funcionamento<\/h2>\n\n\n\n<p>A taxa de alvar\u00e1 de licen\u00e7a para localiza\u00e7\u00e3o e funcionamento \u00e9 devida por toda pessoa jur\u00eddica ou pessoa f\u00edsica que exer\u00e7a atividades relacionadas com a produ\u00e7\u00e3o, comercializa\u00e7\u00e3o, industrializa\u00e7\u00e3o, presta\u00e7\u00e3o de servi\u00e7os ou que execute atividades sem finalidade lucrativa desde que estabelecidos e pass\u00edveis de fiscaliza\u00e7\u00e3o por parte do munic\u00edpio. A&nbsp;<strong>renova\u00e7\u00e3o<\/strong>&nbsp;\u00e9 feita no in\u00edcio de cada ano, mediante o pagamento da taxa correspondente(<a href=\"https:\/\/grp.pmpf.rs.gov.br\/grp\/acessoexterno\/programaAcessoExterno.faces?codigo=685950\" target=\"_blank\" rel=\"noreferrer noopener\">Taxa renova\u00e7\u00e3o do Alvar\u00e1 de Localiza\u00e7\u00e3o e Funcionamento<\/a>), sendo emitido acessando(<a href=\"https:\/\/grp.pmpf.rs.gov.br\/grp\/acessoexterno\/programaAcessoExterno.faces?codigo=683646\" target=\"_blank\" rel=\"noreferrer noopener\">Renova\u00e7\u00e3o do Alvar\u00e1 de Localiza\u00e7\u00e3o e Funcionamento<\/a>), ap\u00f3s 48h do pagamento da taxa.<\/p>\n\n\n\n<p>O alvar\u00e1 deve ficar exposto no estabelecimento em local de f\u00e1cil visualiza\u00e7\u00e3o.<\/p>\n\n\n\n<p>Para a concess\u00e3o do Alvar\u00e1 de Localiza\u00e7\u00e3o e Funcionamento, a pessoa jur\u00eddica ou pessoa f\u00edsica n\u00e3o pode estar inscrita em d\u00edvida ativa com a Fazenda Municipal, exceto os inscritos em d\u00edvida ativa que n\u00e3o estiverem em atraso com o respectivo parcelamento. Para os microempreendedores individuais (MEI), aut\u00f4nomos e profissionais liberais dever\u00e3o fazer consulta previa quanto a an\u00e1lise do zoneamento (LC n\u00ba. 170\/2006) atrav\u00e9s de contato telef\u00f4nico pelo n\u00famero (54) 3314 5546 (necess\u00e1rio guia do IPTU\/economia do local) e para os demais tipos de empresas, exceto MEI, dever\u00e3o solicitar a viabilidade atrav\u00e9s do site\u00a0<a href=\"https:\/\/jucisrs.rs.gov.br\/inicial\" target=\"_blank\" rel=\"noreferrer noopener\">www.jucisrs.rs.gov.br<\/a>. Para altera\u00e7\u00f5es de atividades desenvolvidas e endere\u00e7o tamb\u00e9m \u00e9 necess\u00e1rio a viabilidade e ou an\u00e1lise de zoneamento.<\/p>\n\n\n\n<p>A inscri\u00e7\u00e3o no Cadastro Municipal de Contribuintes deve ser efetuada antes do in\u00edcio das atividades, e no caso de altera\u00e7\u00f5es cadastrais, dever\u00e1 ser feita dentro de 30 (trinta) dias da ocorr\u00eancia das circunst\u00e2ncias que a motivaram.<br>A pessoa jur\u00eddica ou pessoa f\u00edsica deve promover tantas inscri\u00e7\u00f5es quantos forem o n\u00famero de estabelecimentos, sendo obrigat\u00f3ria a descri\u00e7\u00e3o das atividades.<br>Para efetuar a inscri\u00e7\u00e3o municipal, o requerente deve fazer o pedido eletr\u00f4nico de alvar\u00e1 de localiza\u00e7\u00e3o e funcionamento atrav\u00e9s do site da Prefeitura em<a href=\"https:\/\/grp.pmpf.rs.gov.br\/grp\/acessoexterno\/programaAcessoExterno.faces?codigo=685950\" target=\"_blank\" rel=\"noreferrer noopener\">&nbsp;<\/a><a href=\"http:\/\/grp.pmpf.rs.gov.br\/grp\/acessoexterno\/programaAcessoExterno.faces?codigo=690258\" target=\"_blank\" rel=\"noreferrer noopener\">Servi\u00e7os \u2013 Alvar\u00e1 \u2013 Pedido de Alvar\u00e1 de Localiza\u00e7\u00e3o e Funcionamento <\/a><a href=\"https:\/\/grp.pmpf.rs.gov.br\/grp\/acessoexterno\/programaAcessoExterno.faces?codigo=685950\" target=\"_blank\" rel=\"noreferrer noopener\">para Contato&nbsp;<\/a>e caso j\u00e1 tenha alvar\u00e1 e precise alterar os dados dever\u00e1 acessar o site da Prefeitura em&nbsp;<a href=\"https:\/\/grp.pmpf.rs.gov.br\/grp\/acessoexterno\/programaAcessoExterno.faces?codigo=695622\" target=\"_blank\" rel=\"noreferrer noopener\">Servi\u00e7os \u2013 Alvar\u00e1 \u2013 Pedido de altera\u00e7\u00e3o de dados do Alvar\u00e1 de Localiza\u00e7\u00e3o e Funcionamento&nbsp;<\/a>, sendo que, no bot\u00e3o Informa\u00e7\u00f5es ao lado de cada tipo de processo ir\u00e1 constar a documenta\u00e7\u00e3o necess\u00e1ria.<\/p>\n\n\n\n<p>O pedido de notas fiscais para presta\u00e7\u00e3o de servi\u00e7o dever\u00e1 ser solicitado no Setor de ISS na Secretaria de Finan\u00e7as, por\u00e9m deve aguardar o deferimento do seu processo eletr\u00f4nico para pedido de alvar\u00e1 e ou de altera\u00e7\u00e3o dos dados do alvar\u00e1.<\/p>\n\n\n\n<p><a href=\"https:\/\/leismunicipais.com.br\/a1\/rs\/p\/passo-fundo\/decreto\/2018\/4\/33\/decreto-n-33-2018-cria-a-rede-nacional-para-a-simplificacao-do-registro-e-da-legalizacao-de-empresas-e-negocios-redesim-e-da-outras-\" target=\"_blank\" rel=\"noreferrer noopener\">Decreto 33\/2018<\/a><\/p>\n\n\n\n<p><strong>Alvar\u00e1 de localiza\u00e7\u00e3o e funcionamento pela Web<\/strong><br>Para renova\u00e7\u00e3o de alvar\u00e1 de localiza\u00e7\u00e3o e funcionamento na web \u00e9 necess\u00e1rio aguardar 48h do pagamento da taxa, sendo necess\u00e1rio o n\u00famero da inscri\u00e7\u00e3o municipal, o qual consta no alvar\u00e1 anteriormente emitido e o n\u00famero do CPF e\/ou CNPJ.<br>Para as inscri\u00e7\u00f5es de alvar\u00e1 para CONTATO e PROFISSIONAL LIBERAL PESSOA F\u00cdSICA n\u00e3o tem renova\u00e7\u00e3o anual do alvar\u00e1.<br>As inscri\u00e7\u00f5es que tiverem restri\u00e7\u00f5es quanto a algum licenciamento (sanit\u00e1rio, ambiental, parecer do CMDI, cadastro na Secretaria de Servi\u00e7os Gerais &#8211; STSG) e ou,  que seja exigido o alvar\u00e1 dos bombeiros vigente na renova\u00e7\u00e3o anual tamb\u00e9m ficam impedidos de emitir o alvar\u00e1 pelo site, devendo entrar em contato pelo telefone  ou e-mail alvara@pmpf.rs.gov.br.<\/p>\n\n\n\n<p>Para emiss\u00e3o da taxa anual, alvar\u00e1 web e demais servi\u00e7os correspondentes a alvar\u00e1s, licen\u00e7as e autoriza\u00e7\u00f5es dever\u00e1 acessar os <a href=\"https:\/\/www.pmpf.rs.gov.br\/servicos\/\">servi\u00e7os digitais.<\/a><\/p>\n","protected":false},"excerpt":{"rendered":"<p>Alvar\u00e1 de Localiza\u00e7\u00e3o e Funcionamento A taxa de alvar\u00e1 de licen\u00e7a para localiza\u00e7\u00e3o e funcionamento \u00e9 devida por toda pessoa jur\u00eddica ou pessoa f\u00edsica que exer\u00e7a atividades relacionadas com a produ\u00e7\u00e3o, comercializa\u00e7\u00e3o, [&hellip;]<\/p>\n","protected":false},"author":1,"featured_media":0,"parent":0,"menu_order":0,"comment_status":"closed","ping_status":"closed","template":"","meta":{"footnotes":""},"class_list":["post-16","page","type-page","status-publish","hentry"],"yoast_head":"<!-- This site is optimized with the Yoast SEO plugin v23.8 - https:\/\/yoast.com\/wordpress\/plugins\/seo\/ -->\n<title>Alvar\u00e1s - Secretaria de Desenvolvimento Econ\u00f4mico<\/title>\n<meta name=\"robots\" content=\"index, follow, max-snippet:-1, max-image-preview:large, max-video-preview:-1\" \/>\n<link rel=\"canonical\" href=\"https:\/\/www.pmpf.rs.gov.br\/secretaria-de-desenvolvimento-economico\/informacoes-sobre-alvaras\/\" \/>\n<meta property=\"og:locale\" content=\"pt_BR\" \/>\n<meta property=\"og:type\" content=\"article\" \/>\n<meta property=\"og:title\" content=\"Alvar\u00e1s - Secretaria de Desenvolvimento Econ\u00f4mico\" \/>\n<meta property=\"og:description\" content=\"Alvar\u00e1 de Localiza\u00e7\u00e3o e Funcionamento A taxa de alvar\u00e1 de licen\u00e7a para localiza\u00e7\u00e3o e funcionamento \u00e9 devida por toda pessoa jur\u00eddica ou pessoa f\u00edsica que exer\u00e7a atividades relacionadas com a produ\u00e7\u00e3o, comercializa\u00e7\u00e3o, [&hellip;]\" \/>\n<meta property=\"og:url\" content=\"https:\/\/www.pmpf.rs.gov.br\/secretaria-de-desenvolvimento-economico\/informacoes-sobre-alvaras\/\" \/>\n<meta property=\"og:site_name\" content=\"Secretaria de Desenvolvimento Econ\u00f4mico\" \/>\n<meta property=\"article:modified_time\" content=\"2022-03-18T13:59:28+00:00\" \/>\n<meta name=\"twitter:card\" content=\"summary_large_image\" \/>\n<meta name=\"twitter:label1\" content=\"Est. tempo de leitura\" \/>\n\t<meta name=\"twitter:data1\" content=\"3 minutos\" \/>\n<script type=\"application\/ld+json\" class=\"yoast-schema-graph\">{\"@context\":\"https:\/\/schema.org\",\"@graph\":[{\"@type\":\"WebPage\",\"@id\":\"https:\/\/www.pmpf.rs.gov.br\/secretaria-de-desenvolvimento-economico\/informacoes-sobre-alvaras\/\",\"url\":\"https:\/\/www.pmpf.rs.gov.br\/secretaria-de-desenvolvimento-economico\/informacoes-sobre-alvaras\/\",\"name\":\"Alvar\u00e1s - Secretaria de Desenvolvimento Econ\u00f4mico\",\"isPartOf\":{\"@id\":\"https:\/\/www.pmpf.rs.gov.br\/secretaria-de-desenvolvimento-economico\/#website\"},\"datePublished\":\"2021-11-17T14:22:44+00:00\",\"dateModified\":\"2022-03-18T13:59:28+00:00\",\"inLanguage\":\"pt-BR\",\"potentialAction\":[{\"@type\":\"ReadAction\",\"target\":[\"https:\/\/www.pmpf.rs.gov.br\/secretaria-de-desenvolvimento-economico\/informacoes-sobre-alvaras\/\"]}]},{\"@type\":\"WebSite\",\"@id\":\"https:\/\/www.pmpf.rs.gov.br\/secretaria-de-desenvolvimento-economico\/#website\",\"url\":\"https:\/\/www.pmpf.rs.gov.br\/secretaria-de-desenvolvimento-economico\/\",\"name\":\"Secretaria de Desenvolvimento Econ\u00f4mico\",\"description\":\"S\u00f3 mais um site Prefeitura de Passo Fundo\",\"potentialAction\":[{\"@type\":\"SearchAction\",\"target\":{\"@type\":\"EntryPoint\",\"urlTemplate\":\"https:\/\/www.pmpf.rs.gov.br\/secretaria-de-desenvolvimento-economico\/?s={search_term_string}\"},\"query-input\":{\"@type\":\"PropertyValueSpecification\",\"valueRequired\":true,\"valueName\":\"search_term_string\"}}],\"inLanguage\":\"pt-BR\"}]}<\/script>\n<!-- \/ Yoast SEO plugin. -->","yoast_head_json":{"title":"Alvar\u00e1s - Secretaria de Desenvolvimento Econ\u00f4mico","robots":{"index":"index","follow":"follow","max-snippet":"max-snippet:-1","max-image-preview":"max-image-preview:large","max-video-preview":"max-video-preview:-1"},"canonical":"https:\/\/www.pmpf.rs.gov.br\/secretaria-de-desenvolvimento-economico\/informacoes-sobre-alvaras\/","og_locale":"pt_BR","og_type":"article","og_title":"Alvar\u00e1s - Secretaria de Desenvolvimento Econ\u00f4mico","og_description":"Alvar\u00e1 de Localiza\u00e7\u00e3o e Funcionamento A taxa de alvar\u00e1 de licen\u00e7a para localiza\u00e7\u00e3o e funcionamento \u00e9 devida por toda pessoa jur\u00eddica ou pessoa f\u00edsica que exer\u00e7a atividades relacionadas com a produ\u00e7\u00e3o, comercializa\u00e7\u00e3o, [&hellip;]","og_url":"https:\/\/www.pmpf.rs.gov.br\/secretaria-de-desenvolvimento-economico\/informacoes-sobre-alvaras\/","og_site_name":"Secretaria de Desenvolvimento Econ\u00f4mico","article_modified_time":"2022-03-18T13:59:28+00:00","twitter_card":"summary_large_image","twitter_misc":{"Est. tempo de leitura":"3 minutos"},"schema":{"@context":"https:\/\/schema.org","@graph":[{"@type":"WebPage","@id":"https:\/\/www.pmpf.rs.gov.br\/secretaria-de-desenvolvimento-economico\/informacoes-sobre-alvaras\/","url":"https:\/\/www.pmpf.rs.gov.br\/secretaria-de-desenvolvimento-economico\/informacoes-sobre-alvaras\/","name":"Alvar\u00e1s - Secretaria de Desenvolvimento Econ\u00f4mico","isPartOf":{"@id":"https:\/\/www.pmpf.rs.gov.br\/secretaria-de-desenvolvimento-economico\/#website"},"datePublished":"2021-11-17T14:22:44+00:00","dateModified":"2022-03-18T13:59:28+00:00","inLanguage":"pt-BR","potentialAction":[{"@type":"ReadAction","target":["https:\/\/www.pmpf.rs.gov.br\/secretaria-de-desenvolvimento-economico\/informacoes-sobre-alvaras\/"]}]},{"@type":"WebSite","@id":"https:\/\/www.pmpf.rs.gov.br\/secretaria-de-desenvolvimento-economico\/#website","url":"https:\/\/www.pmpf.rs.gov.br\/secretaria-de-desenvolvimento-economico\/","name":"Secretaria de Desenvolvimento Econ\u00f4mico","description":"S\u00f3 mais um site Prefeitura de Passo Fundo","potentialAction":[{"@type":"SearchAction","target":{"@type":"EntryPoint","urlTemplate":"https:\/\/www.pmpf.rs.gov.br\/secretaria-de-desenvolvimento-economico\/?s={search_term_string}"},"query-input":{"@type":"PropertyValueSpecification","valueRequired":true,"valueName":"search_term_string"}}],"inLanguage":"pt-BR"}]}},"_links":{"self":[{"href":"https:\/\/www.pmpf.rs.gov.br\/secretaria-de-desenvolvimento-economico\/wp-json\/wp\/v2\/pages\/16"}],"collection":[{"href":"https:\/\/www.pmpf.rs.gov.br\/secretaria-de-desenvolvimento-economico\/wp-json\/wp\/v2\/pages"}],"about":[{"href":"https:\/\/www.pmpf.rs.gov.br\/secretaria-de-desenvolvimento-economico\/wp-json\/wp\/v2\/types\/page"}],"author":[{"embeddable":true,"href":"https:\/\/www.pmpf.rs.gov.br\/secretaria-de-desenvolvimento-economico\/wp-json\/wp\/v2\/users\/1"}],"replies":[{"embeddable":true,"href":"https:\/\/www.pmpf.rs.gov.br\/secretaria-de-desenvolvimento-economico\/wp-json\/wp\/v2\/comments?post=16"}],"version-history":[{"count":13,"href":"https:\/\/www.pmpf.rs.gov.br\/secretaria-de-desenvolvimento-economico\/wp-json\/wp\/v2\/pages\/16\/revisions"}],"predecessor-version":[{"id":1907,"href":"https:\/\/www.pmpf.rs.gov.br\/secretaria-de-desenvolvimento-economico\/wp-json\/wp\/v2\/pages\/16\/revisions\/1907"}],"wp:attachment":[{"href":"https:\/\/www.pmpf.rs.gov.br\/secretaria-de-desenvolvimento-economico\/wp-json\/wp\/v2\/media?parent=16"}],"curies":[{"name":"wp","href":"https:\/\/api.w.org\/{rel}","templated":true}]}}