{"id":5,"date":"2021-12-22T18:38:00","date_gmt":"2021-12-22T21:38:00","guid":{"rendered":"https:\/\/www.pmpf.rs.gov.br\/revisao-do-plano-diretor\/?page_id=5"},"modified":"2021-12-23T19:34:23","modified_gmt":"2021-12-23T22:34:23","slug":"o-que-e-o-plano-diretor","status":"publish","type":"page","link":"https:\/\/www.pmpf.rs.gov.br\/revisao-do-plano-diretor\/","title":{"rendered":"Inicial"},"content":{"rendered":"\n<h2 class=\"wp-block-heading\">O que \u00e9 o Plano Diretor?<br>Instrumento da pol\u00edtica urbana de planejamento municipal<\/h2>\n\n\n\n<div class=\"wp-block-image\"><figure class=\"alignleft size-full\"><img loading=\"lazy\" decoding=\"async\" width=\"280\" height=\"186\" src=\"https:\/\/www.pmpf.rs.gov.br\/revisao-do-plano-diretor\/wp-content\/uploads\/sites\/56\/2021\/12\/I2017-05-10_15_00_50_106220.jpg\" alt=\"\" class=\"wp-image-6\"\/><\/figure><\/div>\n\n\n\n<p>O Plano Diretor \u00e9 um instrumento da pol\u00edtica urbana de planejamento municipal que visa garantir a todos os cidad\u00e3os do munic\u00edpio um lugar adequado para morar, trabalhar e viver com dignidade. Reitera o preceito constitucional de que a propriedade urbana somente cumprir\u00e1 sua fun\u00e7\u00e3o social quando atender \u00e0s exig\u00eancias fundamentais de ordena\u00e7\u00e3o da cidade expressas no plano diretor, assegurando o atendimento das necessidades dos cidad\u00e3os quanto \u00e0 qualidade de vida, \u00e0 justi\u00e7a social e ao desenvolvimento das atividades econ\u00f4micas, dentre outros. \u00c9 uma lei em que est\u00e3o definidas diretrizes de ocupa\u00e7\u00e3o do munic\u00edpio, buscando garantir que o interesse coletivo prevale\u00e7a sobre os interesses individuais.<\/p>\n\n\n\n<p><strong>O que \u00e9 um Plano Diretor participativo?<\/strong><\/p>\n\n\n\n<p>O Plano Diretor participativo \u00e9 um pacto da sociedade para, a partir de uma leitura coletiva da realidade, tra\u00e7ar diretrizes, instrumentos e meios para alterar a realidade e alcan\u00e7ar os objetivos acordados.<\/p>\n\n\n\n<p>O PDDI &#8211; O Plano Diretor de Desenvolvimento Integrado \u2013 PDDI, institu\u00eddo atrav\u00e9s da&nbsp;<a href=\"https:\/\/leismunicipais.com.br\/a1\/plano-diretor-passo-fundo-rs\" target=\"_blank\" rel=\"noreferrer noopener\">Lei Complementar 170<\/a>&nbsp;de 09 de outubro de 2006, \u00e9 o instrumento b\u00e1sico da pol\u00edtica de desenvolvimento do munic\u00edpio.<\/p>\n\n\n\n<p><a href=\"https:\/\/www.pmpf.rs.gov.br\/revisao-do-plano-diretor\/wp-content\/uploads\/sites\/56\/2021\/12\/pddi_ataMetodologia_14112017.pdf\" target=\"_blank\" rel=\"noreferrer noopener\">Ata do dia 14\/11\/2017 &#8211; Reuni\u00e3o do N\u00facleo Gestor para Revis\u00e3o do Plano Diretor<\/a><\/p>\n","protected":false},"excerpt":{"rendered":"<p>O que \u00e9 o Plano Diretor?Instrumento da pol\u00edtica urbana de planejamento municipal O Plano Diretor \u00e9 um instrumento da pol\u00edtica urbana de planejamento municipal que visa garantir a todos os cidad\u00e3os do [&hellip;]<\/p>\n","protected":false},"author":1,"featured_media":274,"parent":0,"menu_order":0,"comment_status":"closed","ping_status":"closed","template":"page_secretaria_com_sidebar.php","meta":{"footnotes":""},"class_list":["post-5","page","type-page","status-publish","has-post-thumbnail","hentry"],"yoast_head":"<!-- This site is optimized with the Yoast SEO plugin v23.8 - https:\/\/yoast.com\/wordpress\/plugins\/seo\/ -->\n<title>Inicial - Revis\u00e3o do Plano Diretor<\/title>\n<meta name=\"robots\" content=\"index, follow, max-snippet:-1, max-image-preview:large, max-video-preview:-1\" \/>\n<link rel=\"canonical\" href=\"https:\/\/www.pmpf.rs.gov.br\/revisao-do-plano-diretor\/\" \/>\n<meta property=\"og:locale\" content=\"pt_BR\" \/>\n<meta property=\"og:type\" content=\"article\" \/>\n<meta property=\"og:title\" content=\"Inicial - Revis\u00e3o do Plano Diretor\" \/>\n<meta property=\"og:description\" content=\"O que \u00e9 o Plano Diretor?Instrumento da pol\u00edtica urbana de planejamento municipal O Plano Diretor \u00e9 um instrumento da pol\u00edtica urbana de planejamento municipal que visa garantir a todos os cidad\u00e3os do [&hellip;]\" \/>\n<meta property=\"og:url\" content=\"https:\/\/www.pmpf.rs.gov.br\/revisao-do-plano-diretor\/\" \/>\n<meta property=\"og:site_name\" content=\"Revis\u00e3o do Plano Diretor\" \/>\n<meta property=\"article:modified_time\" content=\"2021-12-23T22:34:23+00:00\" \/>\n<meta name=\"twitter:card\" content=\"summary_large_image\" \/>\n<meta name=\"twitter:label1\" content=\"Est. tempo de leitura\" \/>\n\t<meta name=\"twitter:data1\" content=\"2 minutos\" \/>\n<script type=\"application\/ld+json\" class=\"yoast-schema-graph\">{\"@context\":\"https:\/\/schema.org\",\"@graph\":[{\"@type\":\"WebPage\",\"@id\":\"https:\/\/www.pmpf.rs.gov.br\/revisao-do-plano-diretor\/\",\"url\":\"https:\/\/www.pmpf.rs.gov.br\/revisao-do-plano-diretor\/\",\"name\":\"Inicial - Revis\u00e3o do Plano Diretor\",\"isPartOf\":{\"@id\":\"https:\/\/www.pmpf.rs.gov.br\/revisao-do-plano-diretor\/#website\"},\"primaryImageOfPage\":{\"@id\":\"https:\/\/www.pmpf.rs.gov.br\/revisao-do-plano-diretor\/#primaryimage\"},\"image\":{\"@id\":\"https:\/\/www.pmpf.rs.gov.br\/revisao-do-plano-diretor\/#primaryimage\"},\"thumbnailUrl\":\"https:\/\/www.pmpf.rs.gov.br\/revisao-do-plano-diretor\/wp-content\/uploads\/sites\/56\/2021\/12\/icone-plano-diretor.svg\",\"datePublished\":\"2021-12-22T21:38:00+00:00\",\"dateModified\":\"2021-12-23T22:34:23+00:00\",\"breadcrumb\":{\"@id\":\"https:\/\/www.pmpf.rs.gov.br\/revisao-do-plano-diretor\/#breadcrumb\"},\"inLanguage\":\"pt-BR\",\"potentialAction\":[{\"@type\":\"ReadAction\",\"target\":[\"https:\/\/www.pmpf.rs.gov.br\/revisao-do-plano-diretor\/\"]}]},{\"@type\":\"ImageObject\",\"inLanguage\":\"pt-BR\",\"@id\":\"https:\/\/www.pmpf.rs.gov.br\/revisao-do-plano-diretor\/#primaryimage\",\"url\":\"https:\/\/www.pmpf.rs.gov.br\/revisao-do-plano-diretor\/wp-content\/uploads\/sites\/56\/2021\/12\/icone-plano-diretor.svg\",\"contentUrl\":\"https:\/\/www.pmpf.rs.gov.br\/revisao-do-plano-diretor\/wp-content\/uploads\/sites\/56\/2021\/12\/icone-plano-diretor.svg\",\"width\":280,\"height\":280},{\"@type\":\"BreadcrumbList\",\"@id\":\"https:\/\/www.pmpf.rs.gov.br\/revisao-do-plano-diretor\/#breadcrumb\",\"itemListElement\":[{\"@type\":\"ListItem\",\"position\":1,\"name\":\"In\u00edcio\",\"item\":\"https:\/\/www.pmpf.rs.gov.br\/revisao-do-plano-diretor\/\"},{\"@type\":\"ListItem\",\"position\":2,\"name\":\"Inicial\"}]},{\"@type\":\"WebSite\",\"@id\":\"https:\/\/www.pmpf.rs.gov.br\/revisao-do-plano-diretor\/#website\",\"url\":\"https:\/\/www.pmpf.rs.gov.br\/revisao-do-plano-diretor\/\",\"name\":\"Revis\u00e3o do Plano Diretor\",\"description\":\"S\u00f3 mais um site Prefeitura de Passo Fundo\",\"potentialAction\":[{\"@type\":\"SearchAction\",\"target\":{\"@type\":\"EntryPoint\",\"urlTemplate\":\"https:\/\/www.pmpf.rs.gov.br\/revisao-do-plano-diretor\/?s={search_term_string}\"},\"query-input\":{\"@type\":\"PropertyValueSpecification\",\"valueRequired\":true,\"valueName\":\"search_term_string\"}}],\"inLanguage\":\"pt-BR\"}]}<\/script>\n<!-- \/ Yoast SEO plugin. -->","yoast_head_json":{"title":"Inicial - Revis\u00e3o do Plano Diretor","robots":{"index":"index","follow":"follow","max-snippet":"max-snippet:-1","max-image-preview":"max-image-preview:large","max-video-preview":"max-video-preview:-1"},"canonical":"https:\/\/www.pmpf.rs.gov.br\/revisao-do-plano-diretor\/","og_locale":"pt_BR","og_type":"article","og_title":"Inicial - Revis\u00e3o do Plano Diretor","og_description":"O que \u00e9 o Plano Diretor?Instrumento da pol\u00edtica urbana de planejamento municipal O Plano Diretor \u00e9 um instrumento da pol\u00edtica urbana de planejamento municipal que visa garantir a todos os cidad\u00e3os do [&hellip;]","og_url":"https:\/\/www.pmpf.rs.gov.br\/revisao-do-plano-diretor\/","og_site_name":"Revis\u00e3o do Plano Diretor","article_modified_time":"2021-12-23T22:34:23+00:00","twitter_card":"summary_large_image","twitter_misc":{"Est. tempo de leitura":"2 minutos"},"schema":{"@context":"https:\/\/schema.org","@graph":[{"@type":"WebPage","@id":"https:\/\/www.pmpf.rs.gov.br\/revisao-do-plano-diretor\/","url":"https:\/\/www.pmpf.rs.gov.br\/revisao-do-plano-diretor\/","name":"Inicial - Revis\u00e3o do Plano Diretor","isPartOf":{"@id":"https:\/\/www.pmpf.rs.gov.br\/revisao-do-plano-diretor\/#website"},"primaryImageOfPage":{"@id":"https:\/\/www.pmpf.rs.gov.br\/revisao-do-plano-diretor\/#primaryimage"},"image":{"@id":"https:\/\/www.pmpf.rs.gov.br\/revisao-do-plano-diretor\/#primaryimage"},"thumbnailUrl":"https:\/\/www.pmpf.rs.gov.br\/revisao-do-plano-diretor\/wp-content\/uploads\/sites\/56\/2021\/12\/icone-plano-diretor.svg","datePublished":"2021-12-22T21:38:00+00:00","dateModified":"2021-12-23T22:34:23+00:00","breadcrumb":{"@id":"https:\/\/www.pmpf.rs.gov.br\/revisao-do-plano-diretor\/#breadcrumb"},"inLanguage":"pt-BR","potentialAction":[{"@type":"ReadAction","target":["https:\/\/www.pmpf.rs.gov.br\/revisao-do-plano-diretor\/"]}]},{"@type":"ImageObject","inLanguage":"pt-BR","@id":"https:\/\/www.pmpf.rs.gov.br\/revisao-do-plano-diretor\/#primaryimage","url":"https:\/\/www.pmpf.rs.gov.br\/revisao-do-plano-diretor\/wp-content\/uploads\/sites\/56\/2021\/12\/icone-plano-diretor.svg","contentUrl":"https:\/\/www.pmpf.rs.gov.br\/revisao-do-plano-diretor\/wp-content\/uploads\/sites\/56\/2021\/12\/icone-plano-diretor.svg","width":280,"height":280},{"@type":"BreadcrumbList","@id":"https:\/\/www.pmpf.rs.gov.br\/revisao-do-plano-diretor\/#breadcrumb","itemListElement":[{"@type":"ListItem","position":1,"name":"In\u00edcio","item":"https:\/\/www.pmpf.rs.gov.br\/revisao-do-plano-diretor\/"},{"@type":"ListItem","position":2,"name":"Inicial"}]},{"@type":"WebSite","@id":"https:\/\/www.pmpf.rs.gov.br\/revisao-do-plano-diretor\/#website","url":"https:\/\/www.pmpf.rs.gov.br\/revisao-do-plano-diretor\/","name":"Revis\u00e3o do Plano Diretor","description":"S\u00f3 mais um site Prefeitura de Passo Fundo","potentialAction":[{"@type":"SearchAction","target":{"@type":"EntryPoint","urlTemplate":"https:\/\/www.pmpf.rs.gov.br\/revisao-do-plano-diretor\/?s={search_term_string}"},"query-input":{"@type":"PropertyValueSpecification","valueRequired":true,"valueName":"search_term_string"}}],"inLanguage":"pt-BR"}]}},"_links":{"self":[{"href":"https:\/\/www.pmpf.rs.gov.br\/revisao-do-plano-diretor\/wp-json\/wp\/v2\/pages\/5"}],"collection":[{"href":"https:\/\/www.pmpf.rs.gov.br\/revisao-do-plano-diretor\/wp-json\/wp\/v2\/pages"}],"about":[{"href":"https:\/\/www.pmpf.rs.gov.br\/revisao-do-plano-diretor\/wp-json\/wp\/v2\/types\/page"}],"author":[{"embeddable":true,"href":"https:\/\/www.pmpf.rs.gov.br\/revisao-do-plano-diretor\/wp-json\/wp\/v2\/users\/1"}],"replies":[{"embeddable":true,"href":"https:\/\/www.pmpf.rs.gov.br\/revisao-do-plano-diretor\/wp-json\/wp\/v2\/comments?post=5"}],"version-history":[{"count":3,"href":"https:\/\/www.pmpf.rs.gov.br\/revisao-do-plano-diretor\/wp-json\/wp\/v2\/pages\/5\/revisions"}],"predecessor-version":[{"id":39,"href":"https:\/\/www.pmpf.rs.gov.br\/revisao-do-plano-diretor\/wp-json\/wp\/v2\/pages\/5\/revisions\/39"}],"wp:featuredmedia":[{"embeddable":true,"href":"https:\/\/www.pmpf.rs.gov.br\/revisao-do-plano-diretor\/wp-json\/wp\/v2\/media\/274"}],"wp:attachment":[{"href":"https:\/\/www.pmpf.rs.gov.br\/revisao-do-plano-diretor\/wp-json\/wp\/v2\/media?parent=5"}],"curies":[{"name":"wp","href":"https:\/\/api.w.org\/{rel}","templated":true}]}}