{"id":230,"date":"2021-12-23T17:26:03","date_gmt":"2021-12-23T20:26:03","guid":{"rendered":"https:\/\/www.pmpf.rs.gov.br\/revisao-do-plano-diretor\/?page_id=230"},"modified":"2021-12-23T18:58:21","modified_gmt":"2021-12-23T21:58:21","slug":"etapa-03","status":"publish","type":"page","link":"https:\/\/www.pmpf.rs.gov.br\/revisao-do-plano-diretor\/etapa-03\/","title":{"rendered":"Etapa 03"},"content":{"rendered":"\n<h2 class=\"wp-block-heading\">Proposi\u00e7\u00f5es<\/h2>\n\n\n\n<p>Esta etapa constitui a concep\u00e7\u00e3o do novo Plano Diretor em si.<\/p>\n\n\n\n<p>Tem como objetivo a constru\u00e7\u00e3o coletiva de propostas englobando o debate dos objetivos, diretrizes, metas, eixos estrat\u00e9gicos do Plano Diretor, al\u00e9m de proposi\u00e7\u00f5es relativas aos instrumentos do Estatuto da Cidade, ordenamento territorial e o modelo espacial idealizado no conceito do Plano Diretor, entre outros aspectos. Nesse momento \u00e9 necess\u00e1rio o cruzamento das informa\u00e7\u00f5es e dados obtidos na etapa anterior no sentido de configurar propostas que traduzam as quest\u00f5es e anseios apontados no Diagn\u00f3stico Participativo.<\/p>\n\n\n\n<p>As ATIVIDADES PRESENCIAIS desta etapa incluem a realiza\u00e7\u00e3o de oficinas propositivas tem\u00e1ticas, semin\u00e1rio da cidade e audi\u00eancias p\u00fablicas para debate e proposi\u00e7\u00f5es de propostas para o Plano Diretor.<\/p>\n\n\n\n<p>Al\u00e9m das atividades presenciais, poder\u00e3o ser feitas contribui\u00e7\u00f5es pela internet e via protocolo junto a Prefeitura Municipal, observando-se os prazos estabelecidos.<\/p>\n\n\n\n<h2 class=\"wp-block-heading\">Semin\u00e1rio da Cidade<\/h2>\n\n\n\n<p>O Semin\u00e1rio da Cidade faz parte da etapa 03 da Revis\u00e3o do Plano Diretor de Passo Fundo.<\/p>\n\n\n\n<p>O Semin\u00e1rio tem como objetivo espec\u00edfico a consolida\u00e7\u00e3o de objetivos e diretrizes a partir das contribui\u00e7\u00f5es da comunidade e das avalia\u00e7\u00f5es do N\u00facleo T\u00e9cnico e do N\u00facleo Gestor.<\/p>\n\n\n\n<p>O Semin\u00e1rio da Cidade aconteceu de 16\/05 a 18\/05\/2019 conforme Edital e Regimento dispon\u00edveis em downloads.<\/p>\n\n\n\n<h2 class=\"wp-block-heading\">Valida\u00e7\u00e3o de Produto<\/h2>\n\n\n\n<p>Este \u00e9 o produto Estudos de Concep\u00e7\u00e3o da Etapa 03 da Revis\u00e3o do Plano Diretor. At\u00e9 o dia 16\/08 voc\u00ea poder\u00e1 contribuir para este produto. Cabe ressaltar que s\u00f3 ser\u00e3o consideradas contribui\u00e7\u00f5es v\u00e1lidas, aquelas com justificativas.<\/p>\n\n\n\n<p>Sua contribui\u00e7\u00e3o \u00e9 muito importante para o processo de constru\u00e7\u00e3o coletiva da Revis\u00e3o do Plano.<\/p>\n\n\n\n<div class=\"wp-block-columns is-layout-flex wp-container-core-columns-is-layout-1 wp-block-columns-is-layout-flex\">\n<div class=\"wp-block-column is-layout-flow wp-block-column-is-layout-flow\">\n<div class=\"wp-block-image\"><figure class=\"alignleft size-full\"><a href=\"https:\/\/www.pmpf.rs.gov.br\/revisao-do-plano-diretor\/wp-content\/uploads\/sites\/56\/2021\/12\/revisao_plano_diretor_etapa3_concepcao_1.pdf\"><img loading=\"lazy\" decoding=\"async\" width=\"180\" height=\"52\" src=\"https:\/\/www.pmpf.rs.gov.br\/revisao-do-plano-diretor\/wp-content\/uploads\/sites\/56\/2021\/12\/I2019-07-26_15_30_40_106220.png\" alt=\"Baixar Aqui Volume 1!\" class=\"wp-image-233\"\/><\/a><\/figure><\/div>\n<\/div>\n\n\n\n<div class=\"wp-block-column is-layout-flow wp-block-column-is-layout-flow\">\n<div class=\"wp-block-image\"><figure class=\"alignleft size-full\"><a href=\"https:\/\/www.pmpf.rs.gov.br\/revisao-do-plano-diretor\/wp-content\/uploads\/sites\/56\/2021\/12\/revisao_plano_diretor_etapa3_concepcao_2.pdf\"><img loading=\"lazy\" decoding=\"async\" width=\"180\" height=\"52\" src=\"https:\/\/www.pmpf.rs.gov.br\/revisao-do-plano-diretor\/wp-content\/uploads\/sites\/56\/2021\/12\/I2019-07-26_15_30_59_106220.png\" alt=\"Baixar Aqui Volume 2!\" class=\"wp-image-232\"\/><\/a><\/figure><\/div>\n<\/div>\n\n\n\n<div class=\"wp-block-column is-layout-flow wp-block-column-is-layout-flow\">\n<figure class=\"wp-block-image size-full\"><a href=\"https:\/\/forms.gle\/NrcYCaL1jaexCTzv5\"><img loading=\"lazy\" decoding=\"async\" width=\"180\" height=\"52\" src=\"https:\/\/www.pmpf.rs.gov.br\/revisao-do-plano-diretor\/wp-content\/uploads\/sites\/56\/2021\/12\/I2019-07-25_15_55_30_106220.png\" alt=\"Fa\u00e7a Aqui Sua Contribui\u00e7\u00e3o!\" class=\"wp-image-231\"\/><\/a><\/figure>\n<\/div>\n<\/div>\n\n\n\n<h2 class=\"wp-block-heading\">Continua\u00e7\u00e3o da Valida\u00e7\u00e3o do Produto 03: Estudos de Concep\u00e7\u00e3o<\/h2>\n\n\n\n<p>Em virtude da extens\u00e3o da mat\u00e9ria discutida, a audi\u00eancia p\u00fablica Valida\u00e7\u00e3o do Produto 03: Estudos de Concep\u00e7\u00e3o da Revis\u00e3o do Plano Diretor ter\u00e1 a continuidade dos trabalhos na pr\u00f3xima semana, dia 12 de setembro. Num primeiro momento, o assunto foi discutido no dia 29 de agosto e um segundo encontro ficou acordado entre os participantes.<\/p>\n\n\n\n<p>A continua\u00e7\u00e3o ser\u00e1 realizada no mesmo espa\u00e7o do encontro anterior, que \u00e9 o Audit\u00f3rio da Universidade Federal Fronteira Sul (UFFS), que fica no centro da cidade. Os debates acontecem a partir das 18h30min.<\/p>\n\n\n\n<p>O documento apreciado nestas duas oportunidades \u00e9 fruto da etapa 3 do processo de revis\u00e3o do Plano Diretor, que tem como objetivo a constru\u00e7\u00e3o coletiva de propostas englobando o debate dos objetivos, diretrizes, eixos estrat\u00e9gicos do Plano Diretor, entre outros aspectos, como o cruzamento das informa\u00e7\u00f5es e dados obtidos na etapa anterior para configurar propostas que traduzam as quest\u00f5es e anseios apontados no Diagn\u00f3stico Participativo.<\/p>\n\n\n\n<p>A Prefeitura Municipal est\u00e1 disponibilizando material que ser\u00e1 colocado em vota\u00e7\u00e3o com a comunidade para inclus\u00e3o ou n\u00e3o no documento do Produto 03: Estudos de Concep\u00e7\u00e3o. Acessando o link\u00a0<a href=\"https:\/\/www.pmpf.rs.gov.br\/revisao-do-plano-diretor\/wp-content\/uploads\/sites\/56\/2021\/12\/material_audiencia_publica_12092019.pdf\" target=\"_blank\" rel=\"noreferrer noopener\">Baixar Aqui<\/a>\u00a0\u00e9 poss\u00edvel ler e analisar o que ser\u00e1 discutido na Audi\u00eancia P\u00fablica do dia 12 de setembro na continuidade da valida\u00e7\u00e3o do Produto 03.<\/p>\n\n\n\n<figure class=\"wp-block-image size-full\"><a href=\"https:\/\/www.pmpf.rs.gov.br\/revisao-do-plano-diretor\/wp-content\/uploads\/sites\/56\/2021\/12\/material_audiencia_publica_12092019.pdf\"><img loading=\"lazy\" decoding=\"async\" width=\"180\" height=\"52\" src=\"https:\/\/www.pmpf.rs.gov.br\/revisao-do-plano-diretor\/wp-content\/uploads\/sites\/56\/2021\/12\/I2019-09-05_09_52_35_106220.png\" alt=\"Baixar Aqui Material Audi\u00eancia!\" class=\"wp-image-234\"\/><\/a><\/figure>\n\n\n\n<h2 class=\"wp-block-heading\">Produto 03 &#8211; Estudos de Concep\u00e7\u00e3o<\/h2>\n\n\n\n<p>Esta \u00e9 a vers\u00e3o final do&nbsp;<strong>Produto 03: Estudos de Concep\u00e7\u00e3o<\/strong>, referente \u00e0 etapa da Revis\u00e3o do Plano Diretor de Passo Fundo.<\/p>\n\n\n\n<div class=\"wp-block-columns is-layout-flex wp-container-core-columns-is-layout-2 wp-block-columns-is-layout-flex\">\n<div class=\"wp-block-column is-layout-flow wp-block-column-is-layout-flow\">\n<div class=\"wp-block-image\"><figure class=\"alignleft size-full\"><a href=\"https:\/\/www.pmpf.rs.gov.br\/revisao-do-plano-diretor\/wp-content\/uploads\/sites\/56\/2021\/12\/revisao_plano_diretor_etapa3_volume1.pdf\"><img loading=\"lazy\" decoding=\"async\" width=\"180\" height=\"52\" src=\"https:\/\/www.pmpf.rs.gov.br\/revisao-do-plano-diretor\/wp-content\/uploads\/sites\/56\/2021\/12\/I2019-07-26_15_30_40_106220-1.png\" alt=\"Baixar Aqui Volume 1!\" class=\"wp-image-236\"\/><\/a><\/figure><\/div>\n<\/div>\n\n\n\n<div class=\"wp-block-column is-layout-flow wp-block-column-is-layout-flow\">\n<div class=\"wp-block-image\"><figure class=\"alignleft size-full\"><a href=\"https:\/\/www.pmpf.rs.gov.br\/revisao-do-plano-diretor\/wp-content\/uploads\/sites\/56\/2021\/12\/revisao_plano_diretor_etapa3_concepcao_2.pdf\"><img loading=\"lazy\" decoding=\"async\" width=\"180\" height=\"52\" src=\"https:\/\/www.pmpf.rs.gov.br\/revisao-do-plano-diretor\/wp-content\/uploads\/sites\/56\/2021\/12\/I2019-07-26_15_30_59_106220-1.png\" alt=\"Baixar Aqui Volume 2!\" class=\"wp-image-235\"\/><\/a><\/figure><\/div>\n\n\n\n<p><\/p>\n<\/div>\n<\/div>\n\n\n\n<p><a href=\"https:\/\/www.pmpf.rs.gov.br\/revisao-do-plano-diretor\/downloads\/revisao-do-plano-diretor-3a-etapa\/\">Revis\u00e3o do Plano Diretor &#8211; 3\u00aa Etapa<\/a><\/p>\n","protected":false},"excerpt":{"rendered":"<p>Proposi\u00e7\u00f5es Esta etapa constitui a concep\u00e7\u00e3o do novo Plano Diretor em si. Tem como objetivo a constru\u00e7\u00e3o coletiva de propostas englobando o debate dos objetivos, diretrizes, metas, eixos estrat\u00e9gicos do Plano Diretor, [&hellip;]<\/p>\n","protected":false},"author":1,"featured_media":0,"parent":0,"menu_order":0,"comment_status":"closed","ping_status":"closed","template":"","meta":{"footnotes":""},"class_list":["post-230","page","type-page","status-publish","hentry"],"yoast_head":"<!-- This site is optimized with the Yoast SEO plugin v23.8 - https:\/\/yoast.com\/wordpress\/plugins\/seo\/ -->\n<title>Etapa 03 - Revis\u00e3o do Plano Diretor<\/title>\n<meta name=\"robots\" content=\"index, follow, max-snippet:-1, max-image-preview:large, max-video-preview:-1\" \/>\n<link rel=\"canonical\" href=\"https:\/\/www.pmpf.rs.gov.br\/revisao-do-plano-diretor\/etapa-03\/\" \/>\n<meta property=\"og:locale\" content=\"pt_BR\" \/>\n<meta property=\"og:type\" content=\"article\" \/>\n<meta property=\"og:title\" content=\"Etapa 03 - Revis\u00e3o do Plano Diretor\" \/>\n<meta property=\"og:description\" content=\"Proposi\u00e7\u00f5es Esta etapa constitui a concep\u00e7\u00e3o do novo Plano Diretor em si. Tem como objetivo a constru\u00e7\u00e3o coletiva de propostas englobando o debate dos objetivos, diretrizes, metas, eixos estrat\u00e9gicos do Plano Diretor, [&hellip;]\" \/>\n<meta property=\"og:url\" content=\"https:\/\/www.pmpf.rs.gov.br\/revisao-do-plano-diretor\/etapa-03\/\" \/>\n<meta property=\"og:site_name\" content=\"Revis\u00e3o do Plano Diretor\" \/>\n<meta property=\"article:modified_time\" content=\"2021-12-23T21:58:21+00:00\" \/>\n<meta property=\"og:image\" content=\"https:\/\/www.pmpf.rs.gov.br\/revisao-do-plano-diretor\/wp-content\/uploads\/sites\/56\/2021\/12\/I2019-07-26_15_30_40_106220.png\" \/>\n<meta name=\"twitter:card\" content=\"summary_large_image\" \/>\n<meta name=\"twitter:label1\" content=\"Est. tempo de leitura\" \/>\n\t<meta name=\"twitter:data1\" content=\"4 minutos\" \/>\n<script type=\"application\/ld+json\" class=\"yoast-schema-graph\">{\"@context\":\"https:\/\/schema.org\",\"@graph\":[{\"@type\":\"WebPage\",\"@id\":\"https:\/\/www.pmpf.rs.gov.br\/revisao-do-plano-diretor\/etapa-03\/\",\"url\":\"https:\/\/www.pmpf.rs.gov.br\/revisao-do-plano-diretor\/etapa-03\/\",\"name\":\"Etapa 03 - Revis\u00e3o do Plano Diretor\",\"isPartOf\":{\"@id\":\"https:\/\/www.pmpf.rs.gov.br\/revisao-do-plano-diretor\/#website\"},\"primaryImageOfPage\":{\"@id\":\"https:\/\/www.pmpf.rs.gov.br\/revisao-do-plano-diretor\/etapa-03\/#primaryimage\"},\"image\":{\"@id\":\"https:\/\/www.pmpf.rs.gov.br\/revisao-do-plano-diretor\/etapa-03\/#primaryimage\"},\"thumbnailUrl\":\"https:\/\/www.pmpf.rs.gov.br\/revisao-do-plano-diretor\/wp-content\/uploads\/sites\/56\/2021\/12\/I2019-07-26_15_30_40_106220.png\",\"datePublished\":\"2021-12-23T20:26:03+00:00\",\"dateModified\":\"2021-12-23T21:58:21+00:00\",\"breadcrumb\":{\"@id\":\"https:\/\/www.pmpf.rs.gov.br\/revisao-do-plano-diretor\/etapa-03\/#breadcrumb\"},\"inLanguage\":\"pt-BR\",\"potentialAction\":[{\"@type\":\"ReadAction\",\"target\":[\"https:\/\/www.pmpf.rs.gov.br\/revisao-do-plano-diretor\/etapa-03\/\"]}]},{\"@type\":\"ImageObject\",\"inLanguage\":\"pt-BR\",\"@id\":\"https:\/\/www.pmpf.rs.gov.br\/revisao-do-plano-diretor\/etapa-03\/#primaryimage\",\"url\":\"https:\/\/www.pmpf.rs.gov.br\/revisao-do-plano-diretor\/wp-content\/uploads\/sites\/56\/2021\/12\/I2019-07-26_15_30_40_106220.png\",\"contentUrl\":\"https:\/\/www.pmpf.rs.gov.br\/revisao-do-plano-diretor\/wp-content\/uploads\/sites\/56\/2021\/12\/I2019-07-26_15_30_40_106220.png\",\"width\":180,\"height\":52},{\"@type\":\"BreadcrumbList\",\"@id\":\"https:\/\/www.pmpf.rs.gov.br\/revisao-do-plano-diretor\/etapa-03\/#breadcrumb\",\"itemListElement\":[{\"@type\":\"ListItem\",\"position\":1,\"name\":\"In\u00edcio\",\"item\":\"https:\/\/www.pmpf.rs.gov.br\/revisao-do-plano-diretor\/\"},{\"@type\":\"ListItem\",\"position\":2,\"name\":\"Etapa 03\"}]},{\"@type\":\"WebSite\",\"@id\":\"https:\/\/www.pmpf.rs.gov.br\/revisao-do-plano-diretor\/#website\",\"url\":\"https:\/\/www.pmpf.rs.gov.br\/revisao-do-plano-diretor\/\",\"name\":\"Revis\u00e3o do Plano Diretor\",\"description\":\"S\u00f3 mais um site Prefeitura de Passo Fundo\",\"potentialAction\":[{\"@type\":\"SearchAction\",\"target\":{\"@type\":\"EntryPoint\",\"urlTemplate\":\"https:\/\/www.pmpf.rs.gov.br\/revisao-do-plano-diretor\/?s={search_term_string}\"},\"query-input\":{\"@type\":\"PropertyValueSpecification\",\"valueRequired\":true,\"valueName\":\"search_term_string\"}}],\"inLanguage\":\"pt-BR\"}]}<\/script>\n<!-- \/ Yoast SEO plugin. -->","yoast_head_json":{"title":"Etapa 03 - Revis\u00e3o do Plano Diretor","robots":{"index":"index","follow":"follow","max-snippet":"max-snippet:-1","max-image-preview":"max-image-preview:large","max-video-preview":"max-video-preview:-1"},"canonical":"https:\/\/www.pmpf.rs.gov.br\/revisao-do-plano-diretor\/etapa-03\/","og_locale":"pt_BR","og_type":"article","og_title":"Etapa 03 - Revis\u00e3o do Plano Diretor","og_description":"Proposi\u00e7\u00f5es Esta etapa constitui a concep\u00e7\u00e3o do novo Plano Diretor em si. Tem como objetivo a constru\u00e7\u00e3o coletiva de propostas englobando o debate dos objetivos, diretrizes, metas, eixos estrat\u00e9gicos do Plano Diretor, [&hellip;]","og_url":"https:\/\/www.pmpf.rs.gov.br\/revisao-do-plano-diretor\/etapa-03\/","og_site_name":"Revis\u00e3o do Plano Diretor","article_modified_time":"2021-12-23T21:58:21+00:00","og_image":[{"url":"https:\/\/www.pmpf.rs.gov.br\/revisao-do-plano-diretor\/wp-content\/uploads\/sites\/56\/2021\/12\/I2019-07-26_15_30_40_106220.png"}],"twitter_card":"summary_large_image","twitter_misc":{"Est. tempo de leitura":"4 minutos"},"schema":{"@context":"https:\/\/schema.org","@graph":[{"@type":"WebPage","@id":"https:\/\/www.pmpf.rs.gov.br\/revisao-do-plano-diretor\/etapa-03\/","url":"https:\/\/www.pmpf.rs.gov.br\/revisao-do-plano-diretor\/etapa-03\/","name":"Etapa 03 - Revis\u00e3o do Plano Diretor","isPartOf":{"@id":"https:\/\/www.pmpf.rs.gov.br\/revisao-do-plano-diretor\/#website"},"primaryImageOfPage":{"@id":"https:\/\/www.pmpf.rs.gov.br\/revisao-do-plano-diretor\/etapa-03\/#primaryimage"},"image":{"@id":"https:\/\/www.pmpf.rs.gov.br\/revisao-do-plano-diretor\/etapa-03\/#primaryimage"},"thumbnailUrl":"https:\/\/www.pmpf.rs.gov.br\/revisao-do-plano-diretor\/wp-content\/uploads\/sites\/56\/2021\/12\/I2019-07-26_15_30_40_106220.png","datePublished":"2021-12-23T20:26:03+00:00","dateModified":"2021-12-23T21:58:21+00:00","breadcrumb":{"@id":"https:\/\/www.pmpf.rs.gov.br\/revisao-do-plano-diretor\/etapa-03\/#breadcrumb"},"inLanguage":"pt-BR","potentialAction":[{"@type":"ReadAction","target":["https:\/\/www.pmpf.rs.gov.br\/revisao-do-plano-diretor\/etapa-03\/"]}]},{"@type":"ImageObject","inLanguage":"pt-BR","@id":"https:\/\/www.pmpf.rs.gov.br\/revisao-do-plano-diretor\/etapa-03\/#primaryimage","url":"https:\/\/www.pmpf.rs.gov.br\/revisao-do-plano-diretor\/wp-content\/uploads\/sites\/56\/2021\/12\/I2019-07-26_15_30_40_106220.png","contentUrl":"https:\/\/www.pmpf.rs.gov.br\/revisao-do-plano-diretor\/wp-content\/uploads\/sites\/56\/2021\/12\/I2019-07-26_15_30_40_106220.png","width":180,"height":52},{"@type":"BreadcrumbList","@id":"https:\/\/www.pmpf.rs.gov.br\/revisao-do-plano-diretor\/etapa-03\/#breadcrumb","itemListElement":[{"@type":"ListItem","position":1,"name":"In\u00edcio","item":"https:\/\/www.pmpf.rs.gov.br\/revisao-do-plano-diretor\/"},{"@type":"ListItem","position":2,"name":"Etapa 03"}]},{"@type":"WebSite","@id":"https:\/\/www.pmpf.rs.gov.br\/revisao-do-plano-diretor\/#website","url":"https:\/\/www.pmpf.rs.gov.br\/revisao-do-plano-diretor\/","name":"Revis\u00e3o do Plano Diretor","description":"S\u00f3 mais um site Prefeitura de Passo Fundo","potentialAction":[{"@type":"SearchAction","target":{"@type":"EntryPoint","urlTemplate":"https:\/\/www.pmpf.rs.gov.br\/revisao-do-plano-diretor\/?s={search_term_string}"},"query-input":{"@type":"PropertyValueSpecification","valueRequired":true,"valueName":"search_term_string"}}],"inLanguage":"pt-BR"}]}},"_links":{"self":[{"href":"https:\/\/www.pmpf.rs.gov.br\/revisao-do-plano-diretor\/wp-json\/wp\/v2\/pages\/230"}],"collection":[{"href":"https:\/\/www.pmpf.rs.gov.br\/revisao-do-plano-diretor\/wp-json\/wp\/v2\/pages"}],"about":[{"href":"https:\/\/www.pmpf.rs.gov.br\/revisao-do-plano-diretor\/wp-json\/wp\/v2\/types\/page"}],"author":[{"embeddable":true,"href":"https:\/\/www.pmpf.rs.gov.br\/revisao-do-plano-diretor\/wp-json\/wp\/v2\/users\/1"}],"replies":[{"embeddable":true,"href":"https:\/\/www.pmpf.rs.gov.br\/revisao-do-plano-diretor\/wp-json\/wp\/v2\/comments?post=230"}],"version-history":[{"count":3,"href":"https:\/\/www.pmpf.rs.gov.br\/revisao-do-plano-diretor\/wp-json\/wp\/v2\/pages\/230\/revisions"}],"predecessor-version":[{"id":267,"href":"https:\/\/www.pmpf.rs.gov.br\/revisao-do-plano-diretor\/wp-json\/wp\/v2\/pages\/230\/revisions\/267"}],"wp:attachment":[{"href":"https:\/\/www.pmpf.rs.gov.br\/revisao-do-plano-diretor\/wp-json\/wp\/v2\/media?parent=230"}],"curies":[{"name":"wp","href":"https:\/\/api.w.org\/{rel}","templated":true}]}}