{"id":20,"date":"2021-12-22T18:44:13","date_gmt":"2021-12-22T21:44:13","guid":{"rendered":"https:\/\/www.pmpf.rs.gov.br\/revisao-do-plano-diretor\/?page_id=20"},"modified":"2021-12-22T18:44:14","modified_gmt":"2021-12-22T21:44:14","slug":"desafios-do-planejamento-urbano","status":"publish","type":"page","link":"https:\/\/www.pmpf.rs.gov.br\/revisao-do-plano-diretor\/desafios-do-planejamento-urbano\/","title":{"rendered":"Desafios do Planejamento Urbano"},"content":{"rendered":"\n<h2 class=\"wp-block-heading\">Busca pela qualidade de vida<\/h2>\n\n\n\n<div class=\"wp-block-image\"><figure class=\"alignleft size-full\"><img loading=\"lazy\" decoding=\"async\" width=\"280\" height=\"186\" src=\"https:\/\/www.pmpf.rs.gov.br\/revisao-do-plano-diretor\/wp-content\/uploads\/sites\/56\/2021\/12\/I2017-05-10_15_00_50_106220-2.jpg\" alt=\"\" class=\"wp-image-21\"\/><\/figure><\/div>\n\n\n\n<p>Hoje o processo de urbaniza\u00e7\u00e3o \u00e9 mais lento que nas d\u00e9cadas passadas, mas herdamos diversos problemas advindos dessa explos\u00e3o de atratividade que as cidades exerceram nos \u00faltimos anos. O planejamento deve buscar que os novos bairros sejam estruturados sem esquecer-se do olhar para a cidade j\u00e1 constitu\u00edda, seus problemas e enfrentamentos.<\/p>\n\n\n\n<p>Quest\u00f5es relativas aos desafios na \u00e1rea da habita\u00e7\u00e3o, saneamento, democracia, educa\u00e7\u00e3o, seguran\u00e7a, meio ambiente, desenvolvimento econ\u00f4mico e qualidade de vida, ser\u00e3o as principais pautas dos gestores e da sociedade como um todo.<\/p>\n\n\n\n<p>Para isso \u00e9 importante ter uma vis\u00e3o de territ\u00f3rio em tr\u00eas escalas: Macro, onde s\u00e3o analisados os fen\u00f4menos em rela\u00e7\u00e3o \u00e0 escala regional; Meso (m\u00e9dio) onde s\u00e3o analisados os fen\u00f4menos territoriais; Micro, onde est\u00e1 o aspecto da humaniza\u00e7\u00e3o, das pessoas que formam o munic\u00edpio. As pol\u00edticas p\u00fablicas devem permear essas tr\u00eas esferas para que se obtenha desenvolvimento econ\u00f4mico, ambiental e social, buscando sempre melhorar a vida de cada pessoa que habita Passo Fundo.<\/p>\n\n\n\n<p>Nesse aspecto, a defini\u00e7\u00e3o de um conceito de territ\u00f3rio em que o interesse coletivo \u00e9 preponderante sobre o individual, coloca-se como pauta priorit\u00e1ria na busca pela qualidade de vida de cada cidad\u00e3o, que deve ser amparada na melhoria da coletividade, no conv\u00edvio social, na colabora\u00e7\u00e3o entre a esfera p\u00fablica e a sociedade, na apropria\u00e7\u00e3o do territ\u00f3rio por parte do cidad\u00e3o, na sa\u00fade coletiva, na seguran\u00e7a e principalmente na educa\u00e7\u00e3o, entre outros aspectos.<\/p>\n","protected":false},"excerpt":{"rendered":"<p>Busca pela qualidade de vida Hoje o processo de urbaniza\u00e7\u00e3o \u00e9 mais lento que nas d\u00e9cadas passadas, mas herdamos diversos problemas advindos dessa explos\u00e3o de atratividade que as cidades exerceram nos \u00faltimos [&hellip;]<\/p>\n","protected":false},"author":1,"featured_media":0,"parent":0,"menu_order":0,"comment_status":"closed","ping_status":"closed","template":"","meta":{"footnotes":""},"class_list":["post-20","page","type-page","status-publish","hentry"],"yoast_head":"<!-- This site is optimized with the Yoast SEO plugin v23.8 - https:\/\/yoast.com\/wordpress\/plugins\/seo\/ -->\n<title>Desafios do Planejamento Urbano - Revis\u00e3o do Plano Diretor<\/title>\n<meta name=\"robots\" content=\"index, follow, max-snippet:-1, max-image-preview:large, max-video-preview:-1\" \/>\n<link rel=\"canonical\" href=\"https:\/\/www.pmpf.rs.gov.br\/revisao-do-plano-diretor\/desafios-do-planejamento-urbano\/\" \/>\n<meta property=\"og:locale\" content=\"pt_BR\" \/>\n<meta property=\"og:type\" content=\"article\" \/>\n<meta property=\"og:title\" content=\"Desafios do Planejamento Urbano - Revis\u00e3o do Plano Diretor\" \/>\n<meta property=\"og:description\" content=\"Busca pela qualidade de vida Hoje o processo de urbaniza\u00e7\u00e3o \u00e9 mais lento que nas d\u00e9cadas passadas, mas herdamos diversos problemas advindos dessa explos\u00e3o de atratividade que as cidades exerceram nos \u00faltimos [&hellip;]\" \/>\n<meta property=\"og:url\" content=\"https:\/\/www.pmpf.rs.gov.br\/revisao-do-plano-diretor\/desafios-do-planejamento-urbano\/\" \/>\n<meta property=\"og:site_name\" content=\"Revis\u00e3o do Plano Diretor\" \/>\n<meta property=\"article:modified_time\" content=\"2021-12-22T21:44:14+00:00\" \/>\n<meta property=\"og:image\" content=\"https:\/\/www.pmpf.rs.gov.br\/revisao-do-plano-diretor\/wp-content\/uploads\/sites\/56\/2021\/12\/I2017-05-10_15_00_50_106220-2.jpg\" \/>\n<meta name=\"twitter:card\" content=\"summary_large_image\" \/>\n<meta name=\"twitter:label1\" content=\"Est. tempo de leitura\" \/>\n\t<meta name=\"twitter:data1\" content=\"2 minutos\" \/>\n<script type=\"application\/ld+json\" class=\"yoast-schema-graph\">{\"@context\":\"https:\/\/schema.org\",\"@graph\":[{\"@type\":\"WebPage\",\"@id\":\"https:\/\/www.pmpf.rs.gov.br\/revisao-do-plano-diretor\/desafios-do-planejamento-urbano\/\",\"url\":\"https:\/\/www.pmpf.rs.gov.br\/revisao-do-plano-diretor\/desafios-do-planejamento-urbano\/\",\"name\":\"Desafios do Planejamento Urbano - Revis\u00e3o do Plano Diretor\",\"isPartOf\":{\"@id\":\"https:\/\/www.pmpf.rs.gov.br\/revisao-do-plano-diretor\/#website\"},\"primaryImageOfPage\":{\"@id\":\"https:\/\/www.pmpf.rs.gov.br\/revisao-do-plano-diretor\/desafios-do-planejamento-urbano\/#primaryimage\"},\"image\":{\"@id\":\"https:\/\/www.pmpf.rs.gov.br\/revisao-do-plano-diretor\/desafios-do-planejamento-urbano\/#primaryimage\"},\"thumbnailUrl\":\"https:\/\/www.pmpf.rs.gov.br\/revisao-do-plano-diretor\/wp-content\/uploads\/sites\/56\/2021\/12\/I2017-05-10_15_00_50_106220-2.jpg\",\"datePublished\":\"2021-12-22T21:44:13+00:00\",\"dateModified\":\"2021-12-22T21:44:14+00:00\",\"breadcrumb\":{\"@id\":\"https:\/\/www.pmpf.rs.gov.br\/revisao-do-plano-diretor\/desafios-do-planejamento-urbano\/#breadcrumb\"},\"inLanguage\":\"pt-BR\",\"potentialAction\":[{\"@type\":\"ReadAction\",\"target\":[\"https:\/\/www.pmpf.rs.gov.br\/revisao-do-plano-diretor\/desafios-do-planejamento-urbano\/\"]}]},{\"@type\":\"ImageObject\",\"inLanguage\":\"pt-BR\",\"@id\":\"https:\/\/www.pmpf.rs.gov.br\/revisao-do-plano-diretor\/desafios-do-planejamento-urbano\/#primaryimage\",\"url\":\"https:\/\/www.pmpf.rs.gov.br\/revisao-do-plano-diretor\/wp-content\/uploads\/sites\/56\/2021\/12\/I2017-05-10_15_00_50_106220-2.jpg\",\"contentUrl\":\"https:\/\/www.pmpf.rs.gov.br\/revisao-do-plano-diretor\/wp-content\/uploads\/sites\/56\/2021\/12\/I2017-05-10_15_00_50_106220-2.jpg\",\"width\":280,\"height\":186},{\"@type\":\"BreadcrumbList\",\"@id\":\"https:\/\/www.pmpf.rs.gov.br\/revisao-do-plano-diretor\/desafios-do-planejamento-urbano\/#breadcrumb\",\"itemListElement\":[{\"@type\":\"ListItem\",\"position\":1,\"name\":\"In\u00edcio\",\"item\":\"https:\/\/www.pmpf.rs.gov.br\/revisao-do-plano-diretor\/\"},{\"@type\":\"ListItem\",\"position\":2,\"name\":\"Desafios do Planejamento Urbano\"}]},{\"@type\":\"WebSite\",\"@id\":\"https:\/\/www.pmpf.rs.gov.br\/revisao-do-plano-diretor\/#website\",\"url\":\"https:\/\/www.pmpf.rs.gov.br\/revisao-do-plano-diretor\/\",\"name\":\"Revis\u00e3o do Plano Diretor\",\"description\":\"S\u00f3 mais um site Prefeitura de Passo Fundo\",\"potentialAction\":[{\"@type\":\"SearchAction\",\"target\":{\"@type\":\"EntryPoint\",\"urlTemplate\":\"https:\/\/www.pmpf.rs.gov.br\/revisao-do-plano-diretor\/?s={search_term_string}\"},\"query-input\":{\"@type\":\"PropertyValueSpecification\",\"valueRequired\":true,\"valueName\":\"search_term_string\"}}],\"inLanguage\":\"pt-BR\"}]}<\/script>\n<!-- \/ Yoast SEO plugin. -->","yoast_head_json":{"title":"Desafios do Planejamento Urbano - Revis\u00e3o do Plano Diretor","robots":{"index":"index","follow":"follow","max-snippet":"max-snippet:-1","max-image-preview":"max-image-preview:large","max-video-preview":"max-video-preview:-1"},"canonical":"https:\/\/www.pmpf.rs.gov.br\/revisao-do-plano-diretor\/desafios-do-planejamento-urbano\/","og_locale":"pt_BR","og_type":"article","og_title":"Desafios do Planejamento Urbano - Revis\u00e3o do Plano Diretor","og_description":"Busca pela qualidade de vida Hoje o processo de urbaniza\u00e7\u00e3o \u00e9 mais lento que nas d\u00e9cadas passadas, mas herdamos diversos problemas advindos dessa explos\u00e3o de atratividade que as cidades exerceram nos \u00faltimos [&hellip;]","og_url":"https:\/\/www.pmpf.rs.gov.br\/revisao-do-plano-diretor\/desafios-do-planejamento-urbano\/","og_site_name":"Revis\u00e3o do Plano Diretor","article_modified_time":"2021-12-22T21:44:14+00:00","og_image":[{"url":"https:\/\/www.pmpf.rs.gov.br\/revisao-do-plano-diretor\/wp-content\/uploads\/sites\/56\/2021\/12\/I2017-05-10_15_00_50_106220-2.jpg"}],"twitter_card":"summary_large_image","twitter_misc":{"Est. tempo de leitura":"2 minutos"},"schema":{"@context":"https:\/\/schema.org","@graph":[{"@type":"WebPage","@id":"https:\/\/www.pmpf.rs.gov.br\/revisao-do-plano-diretor\/desafios-do-planejamento-urbano\/","url":"https:\/\/www.pmpf.rs.gov.br\/revisao-do-plano-diretor\/desafios-do-planejamento-urbano\/","name":"Desafios do Planejamento Urbano - Revis\u00e3o do Plano Diretor","isPartOf":{"@id":"https:\/\/www.pmpf.rs.gov.br\/revisao-do-plano-diretor\/#website"},"primaryImageOfPage":{"@id":"https:\/\/www.pmpf.rs.gov.br\/revisao-do-plano-diretor\/desafios-do-planejamento-urbano\/#primaryimage"},"image":{"@id":"https:\/\/www.pmpf.rs.gov.br\/revisao-do-plano-diretor\/desafios-do-planejamento-urbano\/#primaryimage"},"thumbnailUrl":"https:\/\/www.pmpf.rs.gov.br\/revisao-do-plano-diretor\/wp-content\/uploads\/sites\/56\/2021\/12\/I2017-05-10_15_00_50_106220-2.jpg","datePublished":"2021-12-22T21:44:13+00:00","dateModified":"2021-12-22T21:44:14+00:00","breadcrumb":{"@id":"https:\/\/www.pmpf.rs.gov.br\/revisao-do-plano-diretor\/desafios-do-planejamento-urbano\/#breadcrumb"},"inLanguage":"pt-BR","potentialAction":[{"@type":"ReadAction","target":["https:\/\/www.pmpf.rs.gov.br\/revisao-do-plano-diretor\/desafios-do-planejamento-urbano\/"]}]},{"@type":"ImageObject","inLanguage":"pt-BR","@id":"https:\/\/www.pmpf.rs.gov.br\/revisao-do-plano-diretor\/desafios-do-planejamento-urbano\/#primaryimage","url":"https:\/\/www.pmpf.rs.gov.br\/revisao-do-plano-diretor\/wp-content\/uploads\/sites\/56\/2021\/12\/I2017-05-10_15_00_50_106220-2.jpg","contentUrl":"https:\/\/www.pmpf.rs.gov.br\/revisao-do-plano-diretor\/wp-content\/uploads\/sites\/56\/2021\/12\/I2017-05-10_15_00_50_106220-2.jpg","width":280,"height":186},{"@type":"BreadcrumbList","@id":"https:\/\/www.pmpf.rs.gov.br\/revisao-do-plano-diretor\/desafios-do-planejamento-urbano\/#breadcrumb","itemListElement":[{"@type":"ListItem","position":1,"name":"In\u00edcio","item":"https:\/\/www.pmpf.rs.gov.br\/revisao-do-plano-diretor\/"},{"@type":"ListItem","position":2,"name":"Desafios do Planejamento Urbano"}]},{"@type":"WebSite","@id":"https:\/\/www.pmpf.rs.gov.br\/revisao-do-plano-diretor\/#website","url":"https:\/\/www.pmpf.rs.gov.br\/revisao-do-plano-diretor\/","name":"Revis\u00e3o do Plano Diretor","description":"S\u00f3 mais um site Prefeitura de Passo Fundo","potentialAction":[{"@type":"SearchAction","target":{"@type":"EntryPoint","urlTemplate":"https:\/\/www.pmpf.rs.gov.br\/revisao-do-plano-diretor\/?s={search_term_string}"},"query-input":{"@type":"PropertyValueSpecification","valueRequired":true,"valueName":"search_term_string"}}],"inLanguage":"pt-BR"}]}},"_links":{"self":[{"href":"https:\/\/www.pmpf.rs.gov.br\/revisao-do-plano-diretor\/wp-json\/wp\/v2\/pages\/20"}],"collection":[{"href":"https:\/\/www.pmpf.rs.gov.br\/revisao-do-plano-diretor\/wp-json\/wp\/v2\/pages"}],"about":[{"href":"https:\/\/www.pmpf.rs.gov.br\/revisao-do-plano-diretor\/wp-json\/wp\/v2\/types\/page"}],"author":[{"embeddable":true,"href":"https:\/\/www.pmpf.rs.gov.br\/revisao-do-plano-diretor\/wp-json\/wp\/v2\/users\/1"}],"replies":[{"embeddable":true,"href":"https:\/\/www.pmpf.rs.gov.br\/revisao-do-plano-diretor\/wp-json\/wp\/v2\/comments?post=20"}],"version-history":[{"count":1,"href":"https:\/\/www.pmpf.rs.gov.br\/revisao-do-plano-diretor\/wp-json\/wp\/v2\/pages\/20\/revisions"}],"predecessor-version":[{"id":22,"href":"https:\/\/www.pmpf.rs.gov.br\/revisao-do-plano-diretor\/wp-json\/wp\/v2\/pages\/20\/revisions\/22"}],"wp:attachment":[{"href":"https:\/\/www.pmpf.rs.gov.br\/revisao-do-plano-diretor\/wp-json\/wp\/v2\/media?parent=20"}],"curies":[{"name":"wp","href":"https:\/\/api.w.org\/{rel}","templated":true}]}}