{"id":179,"date":"2021-12-23T17:35:58","date_gmt":"2021-12-23T20:35:58","guid":{"rendered":"https:\/\/www.pmpf.rs.gov.br\/revisao-do-plano-diretor\/?page_id=179"},"modified":"2021-12-23T17:46:00","modified_gmt":"2021-12-23T20:46:00","slug":"seminario-da-cidade","status":"publish","type":"page","link":"https:\/\/www.pmpf.rs.gov.br\/revisao-do-plano-diretor\/seminario-da-cidade\/","title":{"rendered":"Semin\u00e1rio da Cidade"},"content":{"rendered":"\n<h2 class=\"wp-block-heading\">Revis\u00e3o Participativa<\/h2>\n\n\n\n<p><a href=\"https:\/\/www.pmpf.rs.gov.br\/revisao-do-plano-diretor\/wp-content\/uploads\/sites\/56\/2021\/12\/revisao_plano_diretor_apresentacao_diretrizes_gerais_27052019.pdf\" target=\"_blank\" rel=\"noreferrer noopener\">Apresenta\u00e7\u00e3o das Diretrizes Gerais<\/a><\/p>\n\n\n\n<p><a href=\"https:\/\/www.pmpf.rs.gov.br\/revisao-do-plano-diretor\/wp-content\/uploads\/sites\/56\/2021\/12\/revisao_plano_diretor_diretrizes_gerais_27052019.pdf\" target=\"_blank\" rel=\"noreferrer noopener\">Diretrizes Gerais e Resultados Oficiais<\/a><\/p>\n\n\n\n<p><a href=\"https:\/\/www.pmpf.rs.gov.br\/revisao-do-plano-diretor\/wp-content\/uploads\/sites\/56\/2021\/12\/revisao_plano_diretor_instrumentos_estatuto_cidades_27052019.pdf\" target=\"_blank\" rel=\"noreferrer noopener\">Instrumentos do Estatuto da Cidade &#8211; Andr\u00e9ia Mussi<\/a><\/p>\n\n\n\n<p><a href=\"https:\/\/www.pmpf.rs.gov.br\/revisao-do-plano-diretor\/wp-content\/uploads\/sites\/56\/2021\/12\/revisao_plano_diretor_zoneamento_uso_solo_cidade_27052019.pdf\" target=\"_blank\" rel=\"noreferrer noopener\">Zoneamento e Uso do Solo na Cidade Contempor\u00e2nea &#8211; Rosa Maria Locatelli Kalil<\/a><\/p>\n","protected":false},"excerpt":{"rendered":"<p>Revis\u00e3o Participativa Apresenta\u00e7\u00e3o das Diretrizes Gerais Diretrizes Gerais e Resultados Oficiais Instrumentos do Estatuto da Cidade &#8211; Andr\u00e9ia Mussi Zoneamento e Uso do Solo na Cidade Contempor\u00e2nea &#8211; Rosa Maria Locatelli Kalil<\/p>\n","protected":false},"author":1,"featured_media":0,"parent":0,"menu_order":0,"comment_status":"closed","ping_status":"closed","template":"","meta":{"footnotes":""},"class_list":["post-179","page","type-page","status-publish","hentry"],"yoast_head":"<!-- This site is optimized with the Yoast SEO plugin v23.8 - https:\/\/yoast.com\/wordpress\/plugins\/seo\/ -->\n<title>Semin\u00e1rio da Cidade - Revis\u00e3o do Plano Diretor<\/title>\n<meta name=\"robots\" content=\"index, follow, max-snippet:-1, max-image-preview:large, max-video-preview:-1\" \/>\n<link rel=\"canonical\" href=\"https:\/\/www.pmpf.rs.gov.br\/revisao-do-plano-diretor\/seminario-da-cidade\/\" \/>\n<meta property=\"og:locale\" content=\"pt_BR\" \/>\n<meta property=\"og:type\" content=\"article\" \/>\n<meta property=\"og:title\" content=\"Semin\u00e1rio da Cidade - Revis\u00e3o do Plano Diretor\" \/>\n<meta property=\"og:description\" content=\"Revis\u00e3o Participativa Apresenta\u00e7\u00e3o das Diretrizes Gerais Diretrizes Gerais e Resultados Oficiais Instrumentos do Estatuto da Cidade &#8211; Andr\u00e9ia Mussi Zoneamento e Uso do Solo na Cidade Contempor\u00e2nea &#8211; Rosa Maria Locatelli Kalil\" \/>\n<meta property=\"og:url\" content=\"https:\/\/www.pmpf.rs.gov.br\/revisao-do-plano-diretor\/seminario-da-cidade\/\" \/>\n<meta property=\"og:site_name\" content=\"Revis\u00e3o do Plano Diretor\" \/>\n<meta property=\"article:modified_time\" content=\"2021-12-23T20:46:00+00:00\" \/>\n<meta name=\"twitter:card\" content=\"summary_large_image\" \/>\n<meta name=\"twitter:label1\" content=\"Est. tempo de leitura\" \/>\n\t<meta name=\"twitter:data1\" content=\"1 minuto\" \/>\n<script type=\"application\/ld+json\" class=\"yoast-schema-graph\">{\"@context\":\"https:\/\/schema.org\",\"@graph\":[{\"@type\":\"WebPage\",\"@id\":\"https:\/\/www.pmpf.rs.gov.br\/revisao-do-plano-diretor\/seminario-da-cidade\/\",\"url\":\"https:\/\/www.pmpf.rs.gov.br\/revisao-do-plano-diretor\/seminario-da-cidade\/\",\"name\":\"Semin\u00e1rio da Cidade - Revis\u00e3o do Plano Diretor\",\"isPartOf\":{\"@id\":\"https:\/\/www.pmpf.rs.gov.br\/revisao-do-plano-diretor\/#website\"},\"datePublished\":\"2021-12-23T20:35:58+00:00\",\"dateModified\":\"2021-12-23T20:46:00+00:00\",\"breadcrumb\":{\"@id\":\"https:\/\/www.pmpf.rs.gov.br\/revisao-do-plano-diretor\/seminario-da-cidade\/#breadcrumb\"},\"inLanguage\":\"pt-BR\",\"potentialAction\":[{\"@type\":\"ReadAction\",\"target\":[\"https:\/\/www.pmpf.rs.gov.br\/revisao-do-plano-diretor\/seminario-da-cidade\/\"]}]},{\"@type\":\"BreadcrumbList\",\"@id\":\"https:\/\/www.pmpf.rs.gov.br\/revisao-do-plano-diretor\/seminario-da-cidade\/#breadcrumb\",\"itemListElement\":[{\"@type\":\"ListItem\",\"position\":1,\"name\":\"In\u00edcio\",\"item\":\"https:\/\/www.pmpf.rs.gov.br\/revisao-do-plano-diretor\/\"},{\"@type\":\"ListItem\",\"position\":2,\"name\":\"Semin\u00e1rio da Cidade\"}]},{\"@type\":\"WebSite\",\"@id\":\"https:\/\/www.pmpf.rs.gov.br\/revisao-do-plano-diretor\/#website\",\"url\":\"https:\/\/www.pmpf.rs.gov.br\/revisao-do-plano-diretor\/\",\"name\":\"Revis\u00e3o do Plano Diretor\",\"description\":\"S\u00f3 mais um site Prefeitura de Passo Fundo\",\"potentialAction\":[{\"@type\":\"SearchAction\",\"target\":{\"@type\":\"EntryPoint\",\"urlTemplate\":\"https:\/\/www.pmpf.rs.gov.br\/revisao-do-plano-diretor\/?s={search_term_string}\"},\"query-input\":{\"@type\":\"PropertyValueSpecification\",\"valueRequired\":true,\"valueName\":\"search_term_string\"}}],\"inLanguage\":\"pt-BR\"}]}<\/script>\n<!-- \/ Yoast SEO plugin. -->","yoast_head_json":{"title":"Semin\u00e1rio da Cidade - Revis\u00e3o do Plano Diretor","robots":{"index":"index","follow":"follow","max-snippet":"max-snippet:-1","max-image-preview":"max-image-preview:large","max-video-preview":"max-video-preview:-1"},"canonical":"https:\/\/www.pmpf.rs.gov.br\/revisao-do-plano-diretor\/seminario-da-cidade\/","og_locale":"pt_BR","og_type":"article","og_title":"Semin\u00e1rio da Cidade - Revis\u00e3o do Plano Diretor","og_description":"Revis\u00e3o Participativa Apresenta\u00e7\u00e3o das Diretrizes Gerais Diretrizes Gerais e Resultados Oficiais Instrumentos do Estatuto da Cidade &#8211; Andr\u00e9ia Mussi Zoneamento e Uso do Solo na Cidade Contempor\u00e2nea &#8211; Rosa Maria Locatelli Kalil","og_url":"https:\/\/www.pmpf.rs.gov.br\/revisao-do-plano-diretor\/seminario-da-cidade\/","og_site_name":"Revis\u00e3o do Plano Diretor","article_modified_time":"2021-12-23T20:46:00+00:00","twitter_card":"summary_large_image","twitter_misc":{"Est. tempo de leitura":"1 minuto"},"schema":{"@context":"https:\/\/schema.org","@graph":[{"@type":"WebPage","@id":"https:\/\/www.pmpf.rs.gov.br\/revisao-do-plano-diretor\/seminario-da-cidade\/","url":"https:\/\/www.pmpf.rs.gov.br\/revisao-do-plano-diretor\/seminario-da-cidade\/","name":"Semin\u00e1rio da Cidade - Revis\u00e3o do Plano Diretor","isPartOf":{"@id":"https:\/\/www.pmpf.rs.gov.br\/revisao-do-plano-diretor\/#website"},"datePublished":"2021-12-23T20:35:58+00:00","dateModified":"2021-12-23T20:46:00+00:00","breadcrumb":{"@id":"https:\/\/www.pmpf.rs.gov.br\/revisao-do-plano-diretor\/seminario-da-cidade\/#breadcrumb"},"inLanguage":"pt-BR","potentialAction":[{"@type":"ReadAction","target":["https:\/\/www.pmpf.rs.gov.br\/revisao-do-plano-diretor\/seminario-da-cidade\/"]}]},{"@type":"BreadcrumbList","@id":"https:\/\/www.pmpf.rs.gov.br\/revisao-do-plano-diretor\/seminario-da-cidade\/#breadcrumb","itemListElement":[{"@type":"ListItem","position":1,"name":"In\u00edcio","item":"https:\/\/www.pmpf.rs.gov.br\/revisao-do-plano-diretor\/"},{"@type":"ListItem","position":2,"name":"Semin\u00e1rio da Cidade"}]},{"@type":"WebSite","@id":"https:\/\/www.pmpf.rs.gov.br\/revisao-do-plano-diretor\/#website","url":"https:\/\/www.pmpf.rs.gov.br\/revisao-do-plano-diretor\/","name":"Revis\u00e3o do Plano Diretor","description":"S\u00f3 mais um site Prefeitura de Passo Fundo","potentialAction":[{"@type":"SearchAction","target":{"@type":"EntryPoint","urlTemplate":"https:\/\/www.pmpf.rs.gov.br\/revisao-do-plano-diretor\/?s={search_term_string}"},"query-input":{"@type":"PropertyValueSpecification","valueRequired":true,"valueName":"search_term_string"}}],"inLanguage":"pt-BR"}]}},"_links":{"self":[{"href":"https:\/\/www.pmpf.rs.gov.br\/revisao-do-plano-diretor\/wp-json\/wp\/v2\/pages\/179"}],"collection":[{"href":"https:\/\/www.pmpf.rs.gov.br\/revisao-do-plano-diretor\/wp-json\/wp\/v2\/pages"}],"about":[{"href":"https:\/\/www.pmpf.rs.gov.br\/revisao-do-plano-diretor\/wp-json\/wp\/v2\/types\/page"}],"author":[{"embeddable":true,"href":"https:\/\/www.pmpf.rs.gov.br\/revisao-do-plano-diretor\/wp-json\/wp\/v2\/users\/1"}],"replies":[{"embeddable":true,"href":"https:\/\/www.pmpf.rs.gov.br\/revisao-do-plano-diretor\/wp-json\/wp\/v2\/comments?post=179"}],"version-history":[{"count":3,"href":"https:\/\/www.pmpf.rs.gov.br\/revisao-do-plano-diretor\/wp-json\/wp\/v2\/pages\/179\/revisions"}],"predecessor-version":[{"id":253,"href":"https:\/\/www.pmpf.rs.gov.br\/revisao-do-plano-diretor\/wp-json\/wp\/v2\/pages\/179\/revisions\/253"}],"wp:attachment":[{"href":"https:\/\/www.pmpf.rs.gov.br\/revisao-do-plano-diretor\/wp-json\/wp\/v2\/media?parent=179"}],"curies":[{"name":"wp","href":"https:\/\/api.w.org\/{rel}","templated":true}]}}