{"id":191,"date":"2021-12-28T15:20:57","date_gmt":"2021-12-28T18:20:57","guid":{"rendered":"https:\/\/www.pmpf.rs.gov.br\/prevencao-do-coronavirus\/?page_id=191"},"modified":"2023-03-20T14:52:21","modified_gmt":"2023-03-20T17:52:21","slug":"o-que-voce-precisa-saber","status":"publish","type":"page","link":"https:\/\/www.pmpf.rs.gov.br\/prevencao-do-coronavirus\/o-que-voce-precisa-saber\/","title":{"rendered":"O que voc\u00ea precisa saber"},"content":{"rendered":"\n<h2 class=\"wp-block-heading\">O que voc\u00ea precisa saber e fazer<\/h2>\n\n\n\n<h2 class=\"has-green-color has-text-color wp-block-heading\" id=\"covid-19\">O que \u00e9 a COVID-19?<\/h2>\n\n\n\n<p>A COVID-19 \u00e9 uma doen\u00e7a respirat\u00f3ria causada pelo Coronav\u00edrus. O agente do coronav\u00edrus foi descoberto no final de 2019 e provoca sintomas e sinais semelhantes aos da gripe ou resfriado. As principais medidas para conter a prolifera\u00e7\u00e3o do v\u00edrus s\u00e3o baseadas na preven\u00e7\u00e3o. Os pacientes e seus familiares s\u00e3o orientados por profissionais da sa\u00fade quanto \u00e0s medidas de evitar cont\u00e1gio e tratamento.<\/p>\n\n\n\n<h2 class=\"has-green-color has-text-color wp-block-heading\" id=\"sintomas\">Quais s\u00e3o os sintomas?<\/h2>\n\n\n\n<p>Tosse, febre, coriza, dor de garganta e dificuldade para respirar.<\/p>\n\n\n\n<h2 class=\"has-green-color has-text-color wp-block-heading\" id=\"transmissao\">Como \u00e9 transmitido?<\/h2>\n\n\n\n<p>Contato pessoal pr\u00f3ximo, como toque ou aperto de m\u00e3o, seguido de contato com a boca, nariz ou olhos; Got\u00edculas de saliva; espirro; tosse; catarro; contato com objetos ou superf\u00edcies contaminadas, seguido de contato com a boca, nariz ou olhos. <\/p>\n\n\n\n<h2 class=\"has-green-color has-text-color wp-block-heading\" id=\"protege\">Como se proteger?<\/h2>\n\n\n\n<figure class=\"wp-block-gallery has-nested-images columns-default is-cropped wp-block-gallery-1 is-layout-flex wp-block-gallery-is-layout-flex\">\n<figure class=\"wp-block-image size-large is-style-default\"><img loading=\"lazy\" decoding=\"async\" width=\"80\" height=\"75\" data-id=\"2098\" src=\"https:\/\/www.pmpf.rs.gov.br\/prevencao-do-coronavirus\/wp-content\/uploads\/sites\/60\/2023\/03\/cuidadosCoronavirus01.svg\" alt=\"\" class=\"wp-image-2098\"\/><\/figure>\n\n\n\n<figure class=\"wp-block-image size-large is-style-default\"><img loading=\"lazy\" decoding=\"async\" width=\"80\" height=\"75\" data-id=\"2099\" src=\"https:\/\/www.pmpf.rs.gov.br\/prevencao-do-coronavirus\/wp-content\/uploads\/sites\/60\/2023\/03\/cuidadosCoronavirus02.svg\" alt=\"\" class=\"wp-image-2099\"\/><\/figure>\n\n\n\n<figure class=\"wp-block-image size-large is-style-default\"><img loading=\"lazy\" decoding=\"async\" width=\"80\" height=\"75\" data-id=\"2100\" src=\"https:\/\/www.pmpf.rs.gov.br\/prevencao-do-coronavirus\/wp-content\/uploads\/sites\/60\/2023\/03\/cuidadosCoronavirus03.svg\" alt=\"\" class=\"wp-image-2100\"\/><\/figure>\n\n\n\n<figure class=\"wp-block-image size-large is-style-default\"><img loading=\"lazy\" decoding=\"async\" width=\"80\" height=\"75\" data-id=\"2101\" src=\"https:\/\/www.pmpf.rs.gov.br\/prevencao-do-coronavirus\/wp-content\/uploads\/sites\/60\/2023\/03\/cuidadosCoronavirus04.svg\" alt=\"\" class=\"wp-image-2101\"\/><\/figure>\n\n\n\n<figure class=\"wp-block-image size-large is-style-default\"><img loading=\"lazy\" decoding=\"async\" width=\"80\" height=\"75\" data-id=\"2102\" src=\"https:\/\/www.pmpf.rs.gov.br\/prevencao-do-coronavirus\/wp-content\/uploads\/sites\/60\/2023\/03\/cuidadosCoronavirus05.svg\" alt=\"\" class=\"wp-image-2102\"\/><\/figure>\n\n\n\n<figure class=\"wp-block-image size-large is-style-default\"><img loading=\"lazy\" decoding=\"async\" width=\"80\" height=\"75\" data-id=\"2103\" src=\"https:\/\/www.pmpf.rs.gov.br\/prevencao-do-coronavirus\/wp-content\/uploads\/sites\/60\/2023\/03\/cuidadosCoronavirus06.svg\" alt=\"\" class=\"wp-image-2103\"\/><\/figure>\n<\/figure>\n\n\n\n<p>Fonte: <a href=\"https:\/\/www.unasus.gov.br\/especial\/covid19\/\" target=\"_blank\" rel=\"noreferrer noopener\">https:\/\/www.unasus.gov.br\/especial\/covid19\/<\/a><\/p>\n\n\n\n<p> <\/p>\n\n\n\n<h2 class=\"has-green-color has-text-color wp-block-heading\" id=\"atendimento\">Onde buscar atendimento?<\/h2>\n\n\n\n<p>Se voc\u00ea ou algum dos seus familiares est\u00e1 com sintomas ou tem d\u00favidas sobre o Coronav\u00edrus, ligue para o servi\u00e7o da\u00a0<strong>Central de Teleatendimento<\/strong> pelos telefones (54) 3316-8595 ou (54) 9 9667 6279, dispon\u00edvel de segunda a sexta das 8 horas \u00e0s 20 horas, S\u00e1bados e domingos das 9 \u00e0s 19 horas.<\/p>\n\n\n\n<p>Pessoas com idade superior a 60 anos ou com problemas de sa\u00fade como doen\u00e7a card\u00edaca, diabetes, hipertens\u00e3o, tratamento de c\u00e2ncer, asma entre outros problemas cr\u00f4nicos devem buscar o atendimento presencial.<\/p>\n\n\n\n<h3 class=\"wp-block-heading\">Unidades B\u00e1sicas de Sa\u00fade e CAIS<\/h3>\n\n\n\n<p>Nessas unidades s\u00e3o atendidas as demandas espont\u00e2neas das pessoas com sintomas gripais e demais problemas de sa\u00fade. Ap\u00f3s o atendimento da recep\u00e7\u00e3o o enfermeiro\/a da unidade deve realizar a triagem e orientar sobre as condutas a serem adotadas ou encaminhamento para a consulta m\u00e9dica.<\/p>\n\n\n\n<h3 class=\"wp-block-heading\">Cais Petr\u00f3polis<\/h3>\n\n\n\n<p>O Cais Petr\u00f3polis \u00e9 o Centro de Triagem do Coronav\u00edrus. O espa\u00e7o est\u00e1 funcionando para garantir o acesso dos pacientes com sintomas leves a moderados. Seu atendimento \u00e9 das 7h as 22h de segunda a sexta e das 8h as 12h no s\u00e1bado.<\/p>\n\n\n\n<p>&nbsp;&nbsp;&nbsp;&nbsp;&nbsp;&nbsp;<a href=\"https:\/\/goo.gl\/maps\/cnYbaPkaVERR47zE8\">Acesse aqui os endere\u00e7os de todas as unidades de sa\u00fade de Passo Fundo<\/a><\/p>\n\n\n\n<h3 class=\"wp-block-heading\">Hospital Beneficente Cesar Santos<\/h3>\n\n\n\n<p>Os atendimentos das pessoas com sintomas gripais s\u00e3o realizados nas 24h.<\/p>\n\n\n\n<h3 class=\"wp-block-heading\">Hospital de Cl\u00ednicas de Passo Fundo e Hospital S\u00e3o Vicente de Paulo<\/h3>\n\n\n\n<p>S\u00e3o os hospitais de refer\u00eancia para o atendimentos das pessoas com sintomas gripais de maior gravidade como febre alta e dificuldade respirat\u00f3ria.<\/p>\n","protected":false},"excerpt":{"rendered":"<p>O que voc\u00ea precisa saber e fazer O que \u00e9 a COVID-19? A COVID-19 \u00e9 uma doen\u00e7a respirat\u00f3ria causada pelo Coronav\u00edrus. O agente do coronav\u00edrus foi descoberto no final de 2019 e [&hellip;]<\/p>\n","protected":false},"author":1,"featured_media":0,"parent":0,"menu_order":0,"comment_status":"closed","ping_status":"closed","template":"","meta":{"footnotes":""},"class_list":["post-191","page","type-page","status-publish","hentry"],"yoast_head":"<!-- This site is optimized with the Yoast SEO plugin v23.8 - https:\/\/yoast.com\/wordpress\/plugins\/seo\/ -->\n<title>O que voc\u00ea precisa saber - Preven\u00e7\u00e3o do Coronav\u00edrus<\/title>\n<meta name=\"robots\" content=\"index, follow, max-snippet:-1, max-image-preview:large, max-video-preview:-1\" \/>\n<link rel=\"canonical\" href=\"https:\/\/www.pmpf.rs.gov.br\/prevencao-do-coronavirus\/o-que-voce-precisa-saber\/\" \/>\n<meta property=\"og:locale\" content=\"pt_BR\" \/>\n<meta property=\"og:type\" content=\"article\" \/>\n<meta property=\"og:title\" content=\"O que voc\u00ea precisa saber - Preven\u00e7\u00e3o do Coronav\u00edrus\" \/>\n<meta property=\"og:description\" content=\"O que voc\u00ea precisa saber e fazer O que \u00e9 a COVID-19? A COVID-19 \u00e9 uma doen\u00e7a respirat\u00f3ria causada pelo Coronav\u00edrus. O agente do coronav\u00edrus foi descoberto no final de 2019 e [&hellip;]\" \/>\n<meta property=\"og:url\" content=\"https:\/\/www.pmpf.rs.gov.br\/prevencao-do-coronavirus\/o-que-voce-precisa-saber\/\" \/>\n<meta property=\"og:site_name\" content=\"Preven\u00e7\u00e3o do Coronav\u00edrus\" \/>\n<meta property=\"article:modified_time\" content=\"2023-03-20T17:52:21+00:00\" \/>\n<meta property=\"og:image\" content=\"https:\/\/www.pmpf.rs.gov.br\/prevencao-do-coronavirus\/wp-content\/uploads\/sites\/60\/2023\/03\/cuidadosCoronavirus01.svg\" \/>\n<meta name=\"twitter:card\" content=\"summary_large_image\" \/>\n<meta name=\"twitter:label1\" content=\"Est. tempo de leitura\" \/>\n\t<meta name=\"twitter:data1\" content=\"4 minutos\" \/>\n<script type=\"application\/ld+json\" class=\"yoast-schema-graph\">{\"@context\":\"https:\/\/schema.org\",\"@graph\":[{\"@type\":\"WebPage\",\"@id\":\"https:\/\/www.pmpf.rs.gov.br\/prevencao-do-coronavirus\/o-que-voce-precisa-saber\/\",\"url\":\"https:\/\/www.pmpf.rs.gov.br\/prevencao-do-coronavirus\/o-que-voce-precisa-saber\/\",\"name\":\"O que voc\u00ea precisa saber - Preven\u00e7\u00e3o do Coronav\u00edrus\",\"isPartOf\":{\"@id\":\"https:\/\/www.pmpf.rs.gov.br\/prevencao-do-coronavirus\/#website\"},\"primaryImageOfPage\":{\"@id\":\"https:\/\/www.pmpf.rs.gov.br\/prevencao-do-coronavirus\/o-que-voce-precisa-saber\/#primaryimage\"},\"image\":{\"@id\":\"https:\/\/www.pmpf.rs.gov.br\/prevencao-do-coronavirus\/o-que-voce-precisa-saber\/#primaryimage\"},\"thumbnailUrl\":\"https:\/\/www.pmpf.rs.gov.br\/prevencao-do-coronavirus\/wp-content\/uploads\/sites\/60\/2023\/03\/cuidadosCoronavirus01.svg\",\"datePublished\":\"2021-12-28T18:20:57+00:00\",\"dateModified\":\"2023-03-20T17:52:21+00:00\",\"breadcrumb\":{\"@id\":\"https:\/\/www.pmpf.rs.gov.br\/prevencao-do-coronavirus\/o-que-voce-precisa-saber\/#breadcrumb\"},\"inLanguage\":\"pt-BR\",\"potentialAction\":[{\"@type\":\"ReadAction\",\"target\":[\"https:\/\/www.pmpf.rs.gov.br\/prevencao-do-coronavirus\/o-que-voce-precisa-saber\/\"]}]},{\"@type\":\"ImageObject\",\"inLanguage\":\"pt-BR\",\"@id\":\"https:\/\/www.pmpf.rs.gov.br\/prevencao-do-coronavirus\/o-que-voce-precisa-saber\/#primaryimage\",\"url\":\"https:\/\/www.pmpf.rs.gov.br\/prevencao-do-coronavirus\/wp-content\/uploads\/sites\/60\/2023\/03\/cuidadosCoronavirus01.svg\",\"contentUrl\":\"https:\/\/www.pmpf.rs.gov.br\/prevencao-do-coronavirus\/wp-content\/uploads\/sites\/60\/2023\/03\/cuidadosCoronavirus01.svg\",\"width\":80,\"height\":75},{\"@type\":\"BreadcrumbList\",\"@id\":\"https:\/\/www.pmpf.rs.gov.br\/prevencao-do-coronavirus\/o-que-voce-precisa-saber\/#breadcrumb\",\"itemListElement\":[{\"@type\":\"ListItem\",\"position\":1,\"name\":\"In\u00edcio\",\"item\":\"https:\/\/www.pmpf.rs.gov.br\/prevencao-do-coronavirus\/\"},{\"@type\":\"ListItem\",\"position\":2,\"name\":\"O que voc\u00ea precisa saber\"}]},{\"@type\":\"WebSite\",\"@id\":\"https:\/\/www.pmpf.rs.gov.br\/prevencao-do-coronavirus\/#website\",\"url\":\"https:\/\/www.pmpf.rs.gov.br\/prevencao-do-coronavirus\/\",\"name\":\"Preven\u00e7\u00e3o do Coronav\u00edrus\",\"description\":\"S\u00f3 mais um site Prefeitura de Passo Fundo\",\"potentialAction\":[{\"@type\":\"SearchAction\",\"target\":{\"@type\":\"EntryPoint\",\"urlTemplate\":\"https:\/\/www.pmpf.rs.gov.br\/prevencao-do-coronavirus\/?s={search_term_string}\"},\"query-input\":{\"@type\":\"PropertyValueSpecification\",\"valueRequired\":true,\"valueName\":\"search_term_string\"}}],\"inLanguage\":\"pt-BR\"}]}<\/script>\n<!-- \/ Yoast SEO plugin. -->","yoast_head_json":{"title":"O que voc\u00ea precisa saber - Preven\u00e7\u00e3o do Coronav\u00edrus","robots":{"index":"index","follow":"follow","max-snippet":"max-snippet:-1","max-image-preview":"max-image-preview:large","max-video-preview":"max-video-preview:-1"},"canonical":"https:\/\/www.pmpf.rs.gov.br\/prevencao-do-coronavirus\/o-que-voce-precisa-saber\/","og_locale":"pt_BR","og_type":"article","og_title":"O que voc\u00ea precisa saber - Preven\u00e7\u00e3o do Coronav\u00edrus","og_description":"O que voc\u00ea precisa saber e fazer O que \u00e9 a COVID-19? A COVID-19 \u00e9 uma doen\u00e7a respirat\u00f3ria causada pelo Coronav\u00edrus. O agente do coronav\u00edrus foi descoberto no final de 2019 e [&hellip;]","og_url":"https:\/\/www.pmpf.rs.gov.br\/prevencao-do-coronavirus\/o-que-voce-precisa-saber\/","og_site_name":"Preven\u00e7\u00e3o do Coronav\u00edrus","article_modified_time":"2023-03-20T17:52:21+00:00","og_image":[{"url":"https:\/\/www.pmpf.rs.gov.br\/prevencao-do-coronavirus\/wp-content\/uploads\/sites\/60\/2023\/03\/cuidadosCoronavirus01.svg"}],"twitter_card":"summary_large_image","twitter_misc":{"Est. tempo de leitura":"4 minutos"},"schema":{"@context":"https:\/\/schema.org","@graph":[{"@type":"WebPage","@id":"https:\/\/www.pmpf.rs.gov.br\/prevencao-do-coronavirus\/o-que-voce-precisa-saber\/","url":"https:\/\/www.pmpf.rs.gov.br\/prevencao-do-coronavirus\/o-que-voce-precisa-saber\/","name":"O que voc\u00ea precisa saber - Preven\u00e7\u00e3o do Coronav\u00edrus","isPartOf":{"@id":"https:\/\/www.pmpf.rs.gov.br\/prevencao-do-coronavirus\/#website"},"primaryImageOfPage":{"@id":"https:\/\/www.pmpf.rs.gov.br\/prevencao-do-coronavirus\/o-que-voce-precisa-saber\/#primaryimage"},"image":{"@id":"https:\/\/www.pmpf.rs.gov.br\/prevencao-do-coronavirus\/o-que-voce-precisa-saber\/#primaryimage"},"thumbnailUrl":"https:\/\/www.pmpf.rs.gov.br\/prevencao-do-coronavirus\/wp-content\/uploads\/sites\/60\/2023\/03\/cuidadosCoronavirus01.svg","datePublished":"2021-12-28T18:20:57+00:00","dateModified":"2023-03-20T17:52:21+00:00","breadcrumb":{"@id":"https:\/\/www.pmpf.rs.gov.br\/prevencao-do-coronavirus\/o-que-voce-precisa-saber\/#breadcrumb"},"inLanguage":"pt-BR","potentialAction":[{"@type":"ReadAction","target":["https:\/\/www.pmpf.rs.gov.br\/prevencao-do-coronavirus\/o-que-voce-precisa-saber\/"]}]},{"@type":"ImageObject","inLanguage":"pt-BR","@id":"https:\/\/www.pmpf.rs.gov.br\/prevencao-do-coronavirus\/o-que-voce-precisa-saber\/#primaryimage","url":"https:\/\/www.pmpf.rs.gov.br\/prevencao-do-coronavirus\/wp-content\/uploads\/sites\/60\/2023\/03\/cuidadosCoronavirus01.svg","contentUrl":"https:\/\/www.pmpf.rs.gov.br\/prevencao-do-coronavirus\/wp-content\/uploads\/sites\/60\/2023\/03\/cuidadosCoronavirus01.svg","width":80,"height":75},{"@type":"BreadcrumbList","@id":"https:\/\/www.pmpf.rs.gov.br\/prevencao-do-coronavirus\/o-que-voce-precisa-saber\/#breadcrumb","itemListElement":[{"@type":"ListItem","position":1,"name":"In\u00edcio","item":"https:\/\/www.pmpf.rs.gov.br\/prevencao-do-coronavirus\/"},{"@type":"ListItem","position":2,"name":"O que voc\u00ea precisa saber"}]},{"@type":"WebSite","@id":"https:\/\/www.pmpf.rs.gov.br\/prevencao-do-coronavirus\/#website","url":"https:\/\/www.pmpf.rs.gov.br\/prevencao-do-coronavirus\/","name":"Preven\u00e7\u00e3o do Coronav\u00edrus","description":"S\u00f3 mais um site Prefeitura de Passo Fundo","potentialAction":[{"@type":"SearchAction","target":{"@type":"EntryPoint","urlTemplate":"https:\/\/www.pmpf.rs.gov.br\/prevencao-do-coronavirus\/?s={search_term_string}"},"query-input":{"@type":"PropertyValueSpecification","valueRequired":true,"valueName":"search_term_string"}}],"inLanguage":"pt-BR"}]}},"_links":{"self":[{"href":"https:\/\/www.pmpf.rs.gov.br\/prevencao-do-coronavirus\/wp-json\/wp\/v2\/pages\/191"}],"collection":[{"href":"https:\/\/www.pmpf.rs.gov.br\/prevencao-do-coronavirus\/wp-json\/wp\/v2\/pages"}],"about":[{"href":"https:\/\/www.pmpf.rs.gov.br\/prevencao-do-coronavirus\/wp-json\/wp\/v2\/types\/page"}],"author":[{"embeddable":true,"href":"https:\/\/www.pmpf.rs.gov.br\/prevencao-do-coronavirus\/wp-json\/wp\/v2\/users\/1"}],"replies":[{"embeddable":true,"href":"https:\/\/www.pmpf.rs.gov.br\/prevencao-do-coronavirus\/wp-json\/wp\/v2\/comments?post=191"}],"version-history":[{"count":18,"href":"https:\/\/www.pmpf.rs.gov.br\/prevencao-do-coronavirus\/wp-json\/wp\/v2\/pages\/191\/revisions"}],"predecessor-version":[{"id":2114,"href":"https:\/\/www.pmpf.rs.gov.br\/prevencao-do-coronavirus\/wp-json\/wp\/v2\/pages\/191\/revisions\/2114"}],"wp:attachment":[{"href":"https:\/\/www.pmpf.rs.gov.br\/prevencao-do-coronavirus\/wp-json\/wp\/v2\/media?parent=191"}],"curies":[{"name":"wp","href":"https:\/\/api.w.org\/{rel}","templated":true}]}}