{"id":2911,"date":"2022-03-09T20:33:47","date_gmt":"2022-03-09T23:33:47","guid":{"rendered":"https:\/\/www.pmpf.rs.gov.br\/prefeito\/?page_id=2911"},"modified":"2023-06-27T10:51:27","modified_gmt":"2023-06-27T13:51:27","slug":"equipe-de-governo","status":"publish","type":"page","link":"https:\/\/www.pmpf.rs.gov.br\/prefeito\/equipe-de-governo\/","title":{"rendered":"Equipe de Governo"},"content":{"rendered":"\n<p>O Munic\u00edpio de Passo Fundo conta uma estrutura organizacional qualificada que, sob coordena\u00e7\u00e3o do Prefeito Municipal Pedro Almeida \u00e9 respons\u00e1vel pelas pol\u00edticas relacionadas aos diferentes setores da administra\u00e7\u00e3o p\u00fablica municipal. Conhe\u00e7a quem est\u00e1 \u00e0 frente das secretarias, autarquias e empresas da administra\u00e7\u00e3o municipal.<\/p>\n","protected":false},"excerpt":{"rendered":"<p>O Munic\u00edpio de Passo Fundo conta uma estrutura organizacional qualificada que, sob coordena\u00e7\u00e3o do Prefeito Municipal Pedro Almeida \u00e9 respons\u00e1vel pelas pol\u00edticas relacionadas aos diferentes setores da administra\u00e7\u00e3o p\u00fablica municipal. Conhe\u00e7a quem [&hellip;]<\/p>\n","protected":false},"author":11,"featured_media":0,"parent":0,"menu_order":0,"comment_status":"closed","ping_status":"closed","template":"","meta":{"footnotes":""},"class_list":["post-2911","page","type-page","status-publish","hentry"],"yoast_head":"<!-- This site is optimized with the Yoast SEO plugin v23.8 - https:\/\/yoast.com\/wordpress\/plugins\/seo\/ -->\n<title>Equipe de Governo - Prefeito<\/title>\n<meta name=\"robots\" content=\"index, follow, max-snippet:-1, max-image-preview:large, max-video-preview:-1\" \/>\n<link rel=\"canonical\" href=\"https:\/\/www.pmpf.rs.gov.br\/prefeito\/equipe-de-governo\/\" \/>\n<meta property=\"og:locale\" content=\"pt_BR\" \/>\n<meta property=\"og:type\" content=\"article\" \/>\n<meta property=\"og:title\" content=\"Equipe de Governo - Prefeito\" \/>\n<meta property=\"og:description\" content=\"O Munic\u00edpio de Passo Fundo conta uma estrutura organizacional qualificada que, sob coordena\u00e7\u00e3o do Prefeito Municipal Pedro Almeida \u00e9 respons\u00e1vel pelas pol\u00edticas relacionadas aos diferentes setores da administra\u00e7\u00e3o p\u00fablica municipal. Conhe\u00e7a quem [&hellip;]\" \/>\n<meta property=\"og:url\" content=\"https:\/\/www.pmpf.rs.gov.br\/prefeito\/equipe-de-governo\/\" \/>\n<meta property=\"og:site_name\" content=\"Prefeito\" \/>\n<meta property=\"article:modified_time\" content=\"2023-06-27T13:51:27+00:00\" \/>\n<meta name=\"twitter:card\" content=\"summary_large_image\" \/>\n<script type=\"application\/ld+json\" class=\"yoast-schema-graph\">{\"@context\":\"https:\/\/schema.org\",\"@graph\":[{\"@type\":\"WebPage\",\"@id\":\"https:\/\/www.pmpf.rs.gov.br\/prefeito\/equipe-de-governo\/\",\"url\":\"https:\/\/www.pmpf.rs.gov.br\/prefeito\/equipe-de-governo\/\",\"name\":\"Equipe de Governo - Prefeito\",\"isPartOf\":{\"@id\":\"https:\/\/www.pmpf.rs.gov.br\/prefeito\/#website\"},\"datePublished\":\"2022-03-09T23:33:47+00:00\",\"dateModified\":\"2023-06-27T13:51:27+00:00\",\"inLanguage\":\"pt-BR\",\"potentialAction\":[{\"@type\":\"ReadAction\",\"target\":[\"https:\/\/www.pmpf.rs.gov.br\/prefeito\/equipe-de-governo\/\"]}]},{\"@type\":\"WebSite\",\"@id\":\"https:\/\/www.pmpf.rs.gov.br\/prefeito\/#website\",\"url\":\"https:\/\/www.pmpf.rs.gov.br\/prefeito\/\",\"name\":\"Prefeito\",\"description\":\"S\u00f3 mais um site Prefeitura de Passo Fundo\",\"potentialAction\":[{\"@type\":\"SearchAction\",\"target\":{\"@type\":\"EntryPoint\",\"urlTemplate\":\"https:\/\/www.pmpf.rs.gov.br\/prefeito\/?s={search_term_string}\"},\"query-input\":{\"@type\":\"PropertyValueSpecification\",\"valueRequired\":true,\"valueName\":\"search_term_string\"}}],\"inLanguage\":\"pt-BR\"}]}<\/script>\n<!-- \/ Yoast SEO plugin. -->","yoast_head_json":{"title":"Equipe de Governo - Prefeito","robots":{"index":"index","follow":"follow","max-snippet":"max-snippet:-1","max-image-preview":"max-image-preview:large","max-video-preview":"max-video-preview:-1"},"canonical":"https:\/\/www.pmpf.rs.gov.br\/prefeito\/equipe-de-governo\/","og_locale":"pt_BR","og_type":"article","og_title":"Equipe de Governo - Prefeito","og_description":"O Munic\u00edpio de Passo Fundo conta uma estrutura organizacional qualificada que, sob coordena\u00e7\u00e3o do Prefeito Municipal Pedro Almeida \u00e9 respons\u00e1vel pelas pol\u00edticas relacionadas aos diferentes setores da administra\u00e7\u00e3o p\u00fablica municipal. Conhe\u00e7a quem [&hellip;]","og_url":"https:\/\/www.pmpf.rs.gov.br\/prefeito\/equipe-de-governo\/","og_site_name":"Prefeito","article_modified_time":"2023-06-27T13:51:27+00:00","twitter_card":"summary_large_image","schema":{"@context":"https:\/\/schema.org","@graph":[{"@type":"WebPage","@id":"https:\/\/www.pmpf.rs.gov.br\/prefeito\/equipe-de-governo\/","url":"https:\/\/www.pmpf.rs.gov.br\/prefeito\/equipe-de-governo\/","name":"Equipe de Governo - Prefeito","isPartOf":{"@id":"https:\/\/www.pmpf.rs.gov.br\/prefeito\/#website"},"datePublished":"2022-03-09T23:33:47+00:00","dateModified":"2023-06-27T13:51:27+00:00","inLanguage":"pt-BR","potentialAction":[{"@type":"ReadAction","target":["https:\/\/www.pmpf.rs.gov.br\/prefeito\/equipe-de-governo\/"]}]},{"@type":"WebSite","@id":"https:\/\/www.pmpf.rs.gov.br\/prefeito\/#website","url":"https:\/\/www.pmpf.rs.gov.br\/prefeito\/","name":"Prefeito","description":"S\u00f3 mais um site Prefeitura de Passo Fundo","potentialAction":[{"@type":"SearchAction","target":{"@type":"EntryPoint","urlTemplate":"https:\/\/www.pmpf.rs.gov.br\/prefeito\/?s={search_term_string}"},"query-input":{"@type":"PropertyValueSpecification","valueRequired":true,"valueName":"search_term_string"}}],"inLanguage":"pt-BR"}]}},"_links":{"self":[{"href":"https:\/\/www.pmpf.rs.gov.br\/prefeito\/wp-json\/wp\/v2\/pages\/2911"}],"collection":[{"href":"https:\/\/www.pmpf.rs.gov.br\/prefeito\/wp-json\/wp\/v2\/pages"}],"about":[{"href":"https:\/\/www.pmpf.rs.gov.br\/prefeito\/wp-json\/wp\/v2\/types\/page"}],"author":[{"embeddable":true,"href":"https:\/\/www.pmpf.rs.gov.br\/prefeito\/wp-json\/wp\/v2\/users\/11"}],"replies":[{"embeddable":true,"href":"https:\/\/www.pmpf.rs.gov.br\/prefeito\/wp-json\/wp\/v2\/comments?post=2911"}],"version-history":[{"count":3,"href":"https:\/\/www.pmpf.rs.gov.br\/prefeito\/wp-json\/wp\/v2\/pages\/2911\/revisions"}],"predecessor-version":[{"id":2930,"href":"https:\/\/www.pmpf.rs.gov.br\/prefeito\/wp-json\/wp\/v2\/pages\/2911\/revisions\/2930"}],"wp:attachment":[{"href":"https:\/\/www.pmpf.rs.gov.br\/prefeito\/wp-json\/wp\/v2\/media?parent=2911"}],"curies":[{"name":"wp","href":"https:\/\/api.w.org\/{rel}","templated":true}]}}