{"id":136,"date":"2022-01-14T11:25:54","date_gmt":"2022-01-14T14:25:54","guid":{"rendered":"https:\/\/www.pmpf.rs.gov.br\/portal-do-servidor-publico\/?page_id=136"},"modified":"2026-04-23T15:44:29","modified_gmt":"2026-04-23T18:44:29","slug":"ordens-de-servico","status":"publish","type":"page","link":"https:\/\/www.pmpf.rs.gov.br\/portal-do-servidor-publico\/ordens-de-servico\/","title":{"rendered":"Ordens de Servi\u00e7o"},"content":{"rendered":"\n<h3 class=\"wp-block-heading\">Ano 2026<\/h3>\n\n\n\n<figure class=\"wp-block-table\"><table><tbody><tr><td>Data<\/td><td>Ordem<\/td><\/tr><tr><td>25\/03\/2026<\/td><td><a href=\"https:\/\/www.pmpf.rs.gov.br\/portal-do-servidor-publico\/wp-content\/uploads\/sites\/41\/2022\/02\/ordem-servico-01-2026.pdf\" target=\"_blank\" rel=\"noreferrer noopener\">Ordem 01\/2026<\/a> &#8211; Concess\u00e3o de f\u00e9rias aos servidores celetistas. Observ\u00e2ncia estrita da CLT. Responsabilidade.<\/td><\/tr><tr><td>14\/04\/2026<\/td><td><a href=\"https:\/\/www.pmpf.rs.gov.br\/portal-do-servidor-publico\/wp-content\/uploads\/sites\/41\/2022\/02\/ordem-servico-2-2026.pdf\" target=\"_blank\" rel=\"noreferrer noopener\">Ordem 02\/2026<\/a> &#8211; Disp\u00f5e sobre o funcionamento da Procuradoria Geral do Munic\u00edpio, a jornada de trabalho, a gest\u00e3o da assiduidade, a efetividade funcional e d\u00e1 outras provid\u00eancias.<\/td><\/tr><tr><td>23\/04\/2026<\/td><td><a href=\"https:\/\/www.pmpf.rs.gov.br\/portal-do-servidor-publico\/wp-content\/uploads\/sites\/41\/2022\/02\/ordem-servico-03-2026.pdf\" target=\"_blank\" rel=\"noreferrer noopener\">Ordem 03\/2026<\/a> &#8211; Revoga a Ordem de Servi\u00e7o n\u00ba 02\/2026, que &#8220;disp\u00f5e sobre o funcionamento da Procuradoria Geral do Munic\u00edpio, a jornada de trabalho, a gest\u00e3o da assiduidade, a efetividade funcional e d\u00e1 outras provid\u00eancias&#8221;.<\/td><\/tr><\/tbody><\/table><\/figure>\n\n\n\n<h3 class=\"wp-block-heading\">Ano 2025<\/h3>\n\n\n\n<figure class=\"wp-block-table\"><table><tbody><tr><td>Data<\/td><td>Ordem<\/td><\/tr><tr><td>06\/03\/2025<\/td><td><a href=\"https:\/\/www.pmpf.rs.gov.br\/portal-do-servidor-publico\/wp-content\/uploads\/sites\/41\/2022\/02\/os-1-2025.pdf\" target=\"_blank\" rel=\"noreferrer noopener\">Ordem 01\/2025<\/a> &#8211; Informa\u00e7\u00e3o mensal \u00e0 CORSAN dos passo-fundenses inscritos no Cadastro \u00danico para fins de tarifa social.<\/td><\/tr><tr><td>10\/03\/2025<\/td><td><a href=\"https:\/\/www.pmpf.rs.gov.br\/portal-do-servidor-publico\/wp-content\/uploads\/sites\/41\/2022\/02\/os-10032025.pdf\" target=\"_blank\" rel=\"noreferrer noopener\">Ordem de Servi\u00e7o<\/a>&nbsp;\u2013 Determina \u00e0 Secretaria de Obras a imposi\u00e7\u00e3o de multa di\u00e1ria de 25.000 UFM\u2019s \u00e0 CORSAN nos termos que especifica.<\/td><\/tr><tr><td>03\/09\/2025<\/td><td><a href=\"https:\/\/www.pmpf.rs.gov.br\/portal-do-servidor-publico\/wp-content\/uploads\/sites\/41\/2022\/02\/os-01-2025-atendimento-sms-03092025.pdf\" target=\"_blank\" rel=\"noreferrer noopener\">Ordem de Servi\u00e7o 01\/2025 &#8211; SMS<\/a> &#8211; Disp\u00f5e sobre o fluxo de atendimentos e d\u00e1 outras provid\u00eancias na rede de aten\u00e7\u00e3o prim\u00e1ria \u00e0 sa\u00fade de Passo Fundo\/RS<\/td><\/tr><tr><td>03\/09\/2025<\/td><td><a href=\"https:\/\/www.pmpf.rs.gov.br\/portal-do-servidor-publico\/wp-content\/uploads\/sites\/41\/2022\/02\/os-02-2025-funcionamento-ambulancias-sms-03092025.pdf\" target=\"_blank\" rel=\"noreferrer noopener\">Ordem de Servi\u00e7o 02\/2025 &#8211; SMS <\/a>&#8211; Regulamenta o uso e funcionamento das ambul\u00e2ncias tipo B (suporte b\u00e1sico) na Secretaria Municipal de Sa\u00fade de Passo Fundo<\/td><\/tr><tr><td>05\/12\/2025<\/td><td><a href=\"https:\/\/www.pmpf.rs.gov.br\/portal-do-servidor-publico\/wp-content\/uploads\/sites\/41\/2022\/02\/os-03-2025-transporte-04122025.pdf\" target=\"_blank\" rel=\"noreferrer noopener\">Ordem de Servi\u00e7o 03\/2025 &#8211; Transporte<\/a> &#8211; Estabelece a regulamenta\u00e7\u00e3o do transporte para intera\u00e7\u00f5es hospitalares eletivas via Sistema \u00danico de Sa\u00fade &#8211; SUS<\/td><\/tr><tr><td>12\/12\/2025<\/td><td><a href=\"https:\/\/www.pmpf.rs.gov.br\/portal-do-servidor-publico\/wp-content\/uploads\/sites\/41\/2022\/02\/os-2-2025-fisc-obras-12122025.pdf\" target=\"_blank\" rel=\"noreferrer noopener\">Ordem de Servi\u00e7o 02\/2025<\/a> &#8211; Determina a intensifica\u00e7\u00e3o das a\u00e7\u00f5es de fiscaliza\u00e7\u00e3o em todas as obras e servi\u00e7os realizados em logradouros p\u00fablicos no Munic\u00edpio de Passo Fundo.<\/td><\/tr><\/tbody><\/table><\/figure>\n\n\n\n<h3 class=\"wp-block-heading\">Ano 2024<\/h3>\n\n\n\n<figure class=\"wp-block-table is-style-regular\"><table><tbody><tr><td>Data<\/td><td>Ordem<\/td><\/tr><tr><td>12\/08\/2024<\/td><td><a href=\"https:\/\/www.pmpf.rs.gov.br\/portal-do-servidor-publico\/wp-content\/uploads\/sites\/41\/2022\/02\/os-1-2024.pdf\" target=\"_blank\" rel=\"noreferrer noopener\">Ordem de Servi\u00e7o 01\/2024<\/a> &#8211; Estabelece o fluxograma para aquisi\u00e7\u00e3o de pe\u00e7as e contrata\u00e7\u00e3o de servi\u00e7os para conserva\u00e7\u00e3o da frota de ve\u00edculos, m\u00e1quinas e demais equipamentos do munic\u00edpio.<\/td><\/tr><tr><td>13\/06\/2024<\/td><td><a href=\"https:\/\/www.pmpf.rs.gov.br\/portal-do-servidor-publico\/wp-content\/uploads\/sites\/41\/2022\/02\/os-02-2024.pdf\" target=\"_blank\" rel=\"noreferrer noopener\">Ordem de Servi\u00e7o 02\/2024<\/a> &#8211; Estabelece regulamenta\u00e7\u00e3o acerca dos procedimentos para solicita\u00e7\u00e3o de exames complementares para diagn\u00f3stico de s\u00edndromes e dengue nas unidades de sa\u00fade de aten\u00e7\u00e3o prim\u00e1ria, especializada, hospital Dia a Crian\u00e7a e Hospital Beneficente Cesar Santos de Passo Fundo.<\/td><\/tr><tr><td>25\/07\/2024<\/td><td><a href=\"https:\/\/www.pmpf.rs.gov.br\/portal-do-servidor-publico\/wp-content\/uploads\/sites\/41\/2022\/02\/os-03-2024.pdf\" target=\"_blank\" rel=\"noreferrer noopener\">Ordem de Servi\u00e7o 03\/2024<\/a> &#8211; Estabelece regulamenta\u00e7\u00e3o acerca do acesso aos prontu\u00e1rios m\u00e9dicos de pacientes das unidades de sa\u00fade vinculadas a Secretaria Municipal de Sa\u00fade de Passo Fundo. <\/td><\/tr><tr><td>02\/09\/2024<\/td><td><a href=\"https:\/\/www.pmpf.rs.gov.br\/portal-do-servidor-publico\/wp-content\/uploads\/sites\/41\/2022\/02\/os-04-2024-mpox-1.pdf\" target=\"_blank\" rel=\"noreferrer noopener\">Ordem de Servi\u00e7o 04\/2024 <\/a>&#8211; Estabelece regulamenta\u00e7\u00e3o acerca do fluxo de atendimento e notifica\u00e7\u00e3o dos casos suspeitos de MPOX na Rede de Sa\u00fade P\u00fablica do Munic\u00edpio de Passo Fundo, frente \u00e0 nova variante do CLADO I circulando na regi\u00e3o da \u00c1frica.<\/td><\/tr><tr><td>14\/10\/2024<\/td><td><a href=\"https:\/\/www.pmpf.rs.gov.br\/portal-do-servidor-publico\/wp-content\/uploads\/sites\/41\/2022\/02\/os-5-2024.pdf\" target=\"_blank\" rel=\"noreferrer noopener\">Ordem de Servi\u00e7o 05\/2024<\/a> &#8211; Estabelece diretrizes e fluxo de atendimento em planejamento familiar atrav\u00e9s do m\u00e9todo Implante Subd\u00e9rmico de Etonogestrel na Rede P\u00fablica de Sa\u00fade de Passo Fundo.<\/td><\/tr><tr><td>14\/10\/2024<\/td><td><a href=\"https:\/\/www.pmpf.rs.gov.br\/portal-do-servidor-publico\/wp-content\/uploads\/sites\/41\/2022\/02\/os-6-2024.pdf\" target=\"_blank\" rel=\"noreferrer noopener\">Ordem de Servi\u00e7o 06\/2024<\/a> &#8211; Estabelece regulamenta\u00e7\u00e3o acerca do protocolo para a solicita\u00e7\u00e3o dos exames de Endoscopia, Colonoscopia e similares na Rede P\u00fablica de Sa\u00fade do Munic\u00edpio de Passo Fundo. <\/td><\/tr><\/tbody><\/table><\/figure>\n\n\n\n<h3 class=\"wp-block-heading\">Ano 2023<\/h3>\n\n\n\n<figure class=\"wp-block-table is-style-regular\"><table><tbody><tr><td>Data<\/td><td>Ordem<\/td><\/tr><tr><td>01\/02\/2023<\/td><td><a href=\"https:\/\/www.pmpf.rs.gov.br\/portal-do-servidor-publico\/wp-content\/uploads\/sites\/41\/2022\/02\/os_01_2023_diretores.pdf\" target=\"_blank\" rel=\"noreferrer noopener\">Ordem de Servi\u00e7o 01\/2023 \u2013 SME<\/a><\/td><\/tr><tr><td>12\/04\/2023<\/td><td><a href=\"https:\/\/www.pmpf.rs.gov.br\/portal-do-servidor-publico\/wp-content\/uploads\/sites\/41\/2022\/02\/OS_01-2023_SMS.pdf\" target=\"_blank\" rel=\"noreferrer noopener\">Ordem de Servi\u00e7o 01\/2023 &#8211; SMS<\/a><\/td><\/tr><tr><td>18\/05\/2023<\/td><td><a href=\"https:\/\/www.pmpf.rs.gov.br\/portal-do-servidor-publico\/wp-content\/uploads\/sites\/41\/2022\/02\/ORDEM-DE-SERVICO-1-2023.pdf\" target=\"_blank\" rel=\"noreferrer noopener\">Ordem de Servi\u00e7o 01\/2023 &#8211; SEAD<\/a><\/td><\/tr><tr><td>06\/06\/2023<\/td><td><a href=\"https:\/\/www.pmpf.rs.gov.br\/portal-do-servidor-publico\/wp-content\/uploads\/sites\/41\/2022\/02\/Ordem-de-Servico-Absenteismo-1.pdf\" target=\"_blank\" rel=\"noreferrer noopener\">Ordem de Servi\u00e7o 03\/2023 &#8211; SMS<\/a><\/td><\/tr><tr><td>05\/09\/2023<\/td><td><a href=\"https:\/\/www.pmpf.rs.gov.br\/portal-do-servidor-publico\/wp-content\/uploads\/sites\/41\/2022\/02\/os_08_2023_despacho.pdf\" target=\"_blank\" rel=\"noreferrer noopener\">Ordem de Servi\u00e7o 08\/2023 &#8211; SEAD &#8211; Despacho Processo Eletr\u00f4nico<\/a><\/td><\/tr><tr><td>05\/09\/2023<\/td><td><a href=\"https:\/\/www.pmpf.rs.gov.br\/portal-do-servidor-publico\/wp-content\/uploads\/sites\/41\/2022\/02\/os_09_2023_saude.pdf\" target=\"_blank\" rel=\"noreferrer noopener\">Ordem de Servi\u00e7o 09\/2023 &#8211; SMS<\/a><\/td><\/tr><tr><td>16\/10\/2023<\/td><td><a href=\"https:\/\/www.pmpf.rs.gov.br\/portal-do-servidor-publico\/wp-content\/uploads\/sites\/41\/2022\/02\/os06-2023.pdf\" target=\"_blank\" rel=\"noreferrer noopener\">Ordem de Servi\u00e7o 06\/2023 &#8211; SEAD<\/a><\/td><\/tr><tr><td>01\/11\/2023<\/td><td><a href=\"https:\/\/www.pmpf.rs.gov.br\/portal-do-servidor-publico\/wp-content\/uploads\/sites\/41\/2022\/02\/os_10_2023_quadro_escolas.pdf\" target=\"_blank\" rel=\"noreferrer noopener\">Ordem de Servi\u00e7o 10\/2023- SME<\/a><\/td><\/tr><\/tbody><\/table><\/figure>\n\n\n\n<h3 class=\"wp-block-heading\">Pesquisa por Anos Anteriores<\/h3>\n\n\n\n<p><strong>Selecione o Ano Desejado<\/strong><\/p>\n\n\n\n<p class=\"has-medium-font-size\">|&nbsp;<a href=\"https:\/\/www.pmpf.rs.gov.br\/portal-do-servidor-publico\/ordens-de-servico\/ano-2001\/\" target=\"_blank\" rel=\"noreferrer noopener\">2001<\/a>&nbsp;|&nbsp;<a href=\"https:\/\/www.pmpf.rs.gov.br\/portal-do-servidor-publico\/ordens-de-servico\/ano-2002\/\" target=\"_blank\" rel=\"noreferrer noopener\">2002<\/a>&nbsp;|&nbsp;<a href=\"https:\/\/www.pmpf.rs.gov.br\/portal-do-servidor-publico\/ordens-de-servico\/ano-2003\/\" target=\"_blank\" rel=\"noreferrer noopener\">2003<\/a>&nbsp;|&nbsp;<a href=\"https:\/\/www.pmpf.rs.gov.br\/portal-do-servidor-publico\/ordens-de-servico\/ano-2004\/\" target=\"_blank\" rel=\"noreferrer noopener\">2004<\/a>&nbsp;|&nbsp;<a href=\"https:\/\/www.pmpf.rs.gov.br\/portal-do-servidor-publico\/ordens-de-servico\/ano-2005\/\" target=\"_blank\" rel=\"noreferrer noopener\">2005<\/a>&nbsp;|&nbsp;<a href=\"https:\/\/www.pmpf.rs.gov.br\/portal-do-servidor-publico\/ordens-de-servico\/ano-2006\/\" target=\"_blank\" rel=\"noreferrer noopener\">2006<\/a>&nbsp;|&nbsp;<a href=\"https:\/\/www.pmpf.rs.gov.br\/portal-do-servidor-publico\/ordens-de-servico\/ano-2007\/\" target=\"_blank\" rel=\"noreferrer noopener\">2007<\/a>&nbsp;|&nbsp;<a href=\"https:\/\/www.pmpf.rs.gov.br\/portal-do-servidor-publico\/ordens-de-servico\/ano-2008\/\" target=\"_blank\" rel=\"noreferrer noopener\">2008<\/a>&nbsp;|&nbsp;<a href=\"https:\/\/www.pmpf.rs.gov.br\/portal-do-servidor-publico\/ordens-de-servico\/ano-2009\/\" target=\"_blank\" rel=\"noreferrer noopener\">2009<\/a>&nbsp;|&nbsp;<a href=\"https:\/\/www.pmpf.rs.gov.br\/portal-do-servidor-publico\/ordens-de-servico\/ano-2010\/\" target=\"_blank\" rel=\"noreferrer noopener\">2010<\/a> |&nbsp;<a href=\"https:\/\/www.pmpf.rs.gov.br\/portal-do-servidor-publico\/ordens-de-servico\/ano-2011\/\" target=\"_blank\" rel=\"noreferrer noopener\">2011<\/a>&nbsp;|&nbsp;<a href=\"https:\/\/www.pmpf.rs.gov.br\/portal-do-servidor-publico\/ordens-de-servico\/ano-2012\/\" target=\"_blank\" rel=\"noreferrer noopener\">2012<\/a>&nbsp;|<\/p>\n\n\n\n<p class=\"has-medium-font-size\">|&nbsp;<a href=\"https:\/\/www.pmpf.rs.gov.br\/portal-do-servidor-publico\/ordens-de-servico\/ano-2013\/\" target=\"_blank\" rel=\"noreferrer noopener\">2013<\/a>&nbsp;|&nbsp;<a href=\"https:\/\/www.pmpf.rs.gov.br\/portal-do-servidor-publico\/ordens-de-servico\/ano-2014\/\" target=\"_blank\" rel=\"noreferrer noopener\">2014<\/a>&nbsp;|&nbsp;<a href=\"https:\/\/www.pmpf.rs.gov.br\/portal-do-servidor-publico\/ordens-de-servico\/ano-2015\/\" target=\"_blank\" rel=\"noreferrer noopener\">2015<\/a>&nbsp;|&nbsp;<a href=\"https:\/\/www.pmpf.rs.gov.br\/portal-do-servidor-publico\/ordens-de-servico\/ano-2016\/\" target=\"_blank\" rel=\"noreferrer noopener\">2016<\/a>&nbsp;|&nbsp;<a href=\"https:\/\/www.pmpf.rs.gov.br\/portal-do-servidor-publico\/ordens-de-servico\/ano-2017\/\" target=\"_blank\" rel=\"noreferrer noopener\">2017<\/a>&nbsp;|&nbsp;<a href=\"https:\/\/www.pmpf.rs.gov.br\/portal-do-servidor-publico\/ordens-de-servico\/ano-2019\/\" target=\"_blank\" rel=\"noreferrer noopener\">2019<\/a>&nbsp;|&nbsp;<a href=\"https:\/\/www.pmpf.rs.gov.br\/portal-do-servidor-publico\/ordens-de-servico\/ano-2021\/\" target=\"_blank\" rel=\"noreferrer noopener\">2021<\/a> |&nbsp;<a href=\"https:\/\/www.pmpf.rs.gov.br\/portal-do-servidor-publico\/ordens-de-servico\/ano-2022\/\">2022<\/a> |<\/p>\n\n\n\n<hr class=\"wp-block-separator has-alpha-channel-opacity\"\/>\n","protected":false},"excerpt":{"rendered":"<p>Ano 2026 Data Ordem 25\/03\/2026 Ordem 01\/2026 &#8211; Concess\u00e3o de f\u00e9rias aos servidores celetistas. Observ\u00e2ncia estrita da CLT. Responsabilidade. 14\/04\/2026 Ordem 02\/2026 &#8211; Disp\u00f5e sobre o funcionamento da Procuradoria Geral do Munic\u00edpio, [&hellip;]<\/p>\n","protected":false},"author":1,"featured_media":0,"parent":0,"menu_order":88,"comment_status":"closed","ping_status":"closed","template":"page_secretaria_com_sidebar.php","meta":{"footnotes":""},"class_list":["post-136","page","type-page","status-publish","hentry"],"yoast_head":"<!-- This site is optimized with the Yoast SEO plugin v23.8 - https:\/\/yoast.com\/wordpress\/plugins\/seo\/ -->\n<title>Ordens de Servi\u00e7o - Portal do Servidor P\u00fablico<\/title>\n<meta name=\"robots\" content=\"index, follow, max-snippet:-1, max-image-preview:large, max-video-preview:-1\" \/>\n<link rel=\"canonical\" href=\"https:\/\/www.pmpf.rs.gov.br\/portal-do-servidor-publico\/ordens-de-servico\/\" \/>\n<meta property=\"og:locale\" content=\"pt_BR\" \/>\n<meta property=\"og:type\" content=\"article\" \/>\n<meta property=\"og:title\" content=\"Ordens de Servi\u00e7o - Portal do Servidor P\u00fablico\" \/>\n<meta property=\"og:description\" content=\"Ano 2026 Data Ordem 25\/03\/2026 Ordem 01\/2026 &#8211; Concess\u00e3o de f\u00e9rias aos servidores celetistas. Observ\u00e2ncia estrita da CLT. Responsabilidade. 14\/04\/2026 Ordem 02\/2026 &#8211; Disp\u00f5e sobre o funcionamento da Procuradoria Geral do Munic\u00edpio, [&hellip;]\" \/>\n<meta property=\"og:url\" content=\"https:\/\/www.pmpf.rs.gov.br\/portal-do-servidor-publico\/ordens-de-servico\/\" \/>\n<meta property=\"og:site_name\" content=\"Portal do Servidor P\u00fablico\" \/>\n<meta property=\"article:modified_time\" content=\"2026-04-23T18:44:29+00:00\" \/>\n<meta name=\"twitter:card\" content=\"summary_large_image\" \/>\n<meta name=\"twitter:label1\" content=\"Est. tempo de leitura\" \/>\n\t<meta name=\"twitter:data1\" content=\"1 minuto\" \/>\n<script type=\"application\/ld+json\" class=\"yoast-schema-graph\">{\"@context\":\"https:\/\/schema.org\",\"@graph\":[{\"@type\":\"WebPage\",\"@id\":\"https:\/\/www.pmpf.rs.gov.br\/portal-do-servidor-publico\/ordens-de-servico\/\",\"url\":\"https:\/\/www.pmpf.rs.gov.br\/portal-do-servidor-publico\/ordens-de-servico\/\",\"name\":\"Ordens de Servi\u00e7o - Portal do Servidor P\u00fablico\",\"isPartOf\":{\"@id\":\"https:\/\/www.pmpf.rs.gov.br\/portal-do-servidor-publico\/#website\"},\"datePublished\":\"2022-01-14T14:25:54+00:00\",\"dateModified\":\"2026-04-23T18:44:29+00:00\",\"inLanguage\":\"pt-BR\",\"potentialAction\":[{\"@type\":\"ReadAction\",\"target\":[\"https:\/\/www.pmpf.rs.gov.br\/portal-do-servidor-publico\/ordens-de-servico\/\"]}]},{\"@type\":\"WebSite\",\"@id\":\"https:\/\/www.pmpf.rs.gov.br\/portal-do-servidor-publico\/#website\",\"url\":\"https:\/\/www.pmpf.rs.gov.br\/portal-do-servidor-publico\/\",\"name\":\"Portal do Servidor P\u00fablico\",\"description\":\"S\u00f3 mais um site Prefeitura de Passo Fundo\",\"potentialAction\":[{\"@type\":\"SearchAction\",\"target\":{\"@type\":\"EntryPoint\",\"urlTemplate\":\"https:\/\/www.pmpf.rs.gov.br\/portal-do-servidor-publico\/?s={search_term_string}\"},\"query-input\":{\"@type\":\"PropertyValueSpecification\",\"valueRequired\":true,\"valueName\":\"search_term_string\"}}],\"inLanguage\":\"pt-BR\"}]}<\/script>\n<!-- \/ Yoast SEO plugin. -->","yoast_head_json":{"title":"Ordens de Servi\u00e7o - Portal do Servidor P\u00fablico","robots":{"index":"index","follow":"follow","max-snippet":"max-snippet:-1","max-image-preview":"max-image-preview:large","max-video-preview":"max-video-preview:-1"},"canonical":"https:\/\/www.pmpf.rs.gov.br\/portal-do-servidor-publico\/ordens-de-servico\/","og_locale":"pt_BR","og_type":"article","og_title":"Ordens de Servi\u00e7o - Portal do Servidor P\u00fablico","og_description":"Ano 2026 Data Ordem 25\/03\/2026 Ordem 01\/2026 &#8211; Concess\u00e3o de f\u00e9rias aos servidores celetistas. Observ\u00e2ncia estrita da CLT. Responsabilidade. 14\/04\/2026 Ordem 02\/2026 &#8211; Disp\u00f5e sobre o funcionamento da Procuradoria Geral do Munic\u00edpio, [&hellip;]","og_url":"https:\/\/www.pmpf.rs.gov.br\/portal-do-servidor-publico\/ordens-de-servico\/","og_site_name":"Portal do Servidor P\u00fablico","article_modified_time":"2026-04-23T18:44:29+00:00","twitter_card":"summary_large_image","twitter_misc":{"Est. tempo de leitura":"1 minuto"},"schema":{"@context":"https:\/\/schema.org","@graph":[{"@type":"WebPage","@id":"https:\/\/www.pmpf.rs.gov.br\/portal-do-servidor-publico\/ordens-de-servico\/","url":"https:\/\/www.pmpf.rs.gov.br\/portal-do-servidor-publico\/ordens-de-servico\/","name":"Ordens de Servi\u00e7o - Portal do Servidor P\u00fablico","isPartOf":{"@id":"https:\/\/www.pmpf.rs.gov.br\/portal-do-servidor-publico\/#website"},"datePublished":"2022-01-14T14:25:54+00:00","dateModified":"2026-04-23T18:44:29+00:00","inLanguage":"pt-BR","potentialAction":[{"@type":"ReadAction","target":["https:\/\/www.pmpf.rs.gov.br\/portal-do-servidor-publico\/ordens-de-servico\/"]}]},{"@type":"WebSite","@id":"https:\/\/www.pmpf.rs.gov.br\/portal-do-servidor-publico\/#website","url":"https:\/\/www.pmpf.rs.gov.br\/portal-do-servidor-publico\/","name":"Portal do Servidor P\u00fablico","description":"S\u00f3 mais um site Prefeitura de Passo Fundo","potentialAction":[{"@type":"SearchAction","target":{"@type":"EntryPoint","urlTemplate":"https:\/\/www.pmpf.rs.gov.br\/portal-do-servidor-publico\/?s={search_term_string}"},"query-input":{"@type":"PropertyValueSpecification","valueRequired":true,"valueName":"search_term_string"}}],"inLanguage":"pt-BR"}]}},"_links":{"self":[{"href":"https:\/\/www.pmpf.rs.gov.br\/portal-do-servidor-publico\/wp-json\/wp\/v2\/pages\/136"}],"collection":[{"href":"https:\/\/www.pmpf.rs.gov.br\/portal-do-servidor-publico\/wp-json\/wp\/v2\/pages"}],"about":[{"href":"https:\/\/www.pmpf.rs.gov.br\/portal-do-servidor-publico\/wp-json\/wp\/v2\/types\/page"}],"author":[{"embeddable":true,"href":"https:\/\/www.pmpf.rs.gov.br\/portal-do-servidor-publico\/wp-json\/wp\/v2\/users\/1"}],"replies":[{"embeddable":true,"href":"https:\/\/www.pmpf.rs.gov.br\/portal-do-servidor-publico\/wp-json\/wp\/v2\/comments?post=136"}],"version-history":[{"count":74,"href":"https:\/\/www.pmpf.rs.gov.br\/portal-do-servidor-publico\/wp-json\/wp\/v2\/pages\/136\/revisions"}],"predecessor-version":[{"id":1702,"href":"https:\/\/www.pmpf.rs.gov.br\/portal-do-servidor-publico\/wp-json\/wp\/v2\/pages\/136\/revisions\/1702"}],"wp:attachment":[{"href":"https:\/\/www.pmpf.rs.gov.br\/portal-do-servidor-publico\/wp-json\/wp\/v2\/media?parent=136"}],"curies":[{"name":"wp","href":"https:\/\/api.w.org\/{rel}","templated":true}]}}