{"id":644,"date":"2022-01-07T17:34:13","date_gmt":"2022-01-07T20:34:13","guid":{"rendered":"https:\/\/www.pmpf.rs.gov.br\/financas\/?post_type=servicos&#038;p=644"},"modified":"2022-02-08T11:14:25","modified_gmt":"2022-02-08T14:14:25","slug":"valor-adicionado-da-producao-primaria","status":"publish","type":"servicos","link":"https:\/\/www.pmpf.rs.gov.br\/financas\/servicos\/valor-adicionado-da-producao-primaria\/","title":{"rendered":"Valor Adicionado da Produ\u00e7\u00e3o Prim\u00e1ria"},"content":{"rendered":"\n<h2 class=\"wp-block-heading\"><\/h2>\n\n\n\n<p class=\"has-grey-background-color has-background\">Cadastro para inscri\u00e7\u00e3o de Produtor Rural, entrega e devolu\u00e7\u00e3o de tal\u00f5es de produtor. Orienta\u00e7\u00e3o ao contribuinte no que se refere ao preenchimento das informa\u00e7\u00f5es fiscais na Guia do ICMS.<\/p>\n\n\n\n<hr class=\"wp-block-separator\"\/>\n\n\n\n<p class=\"has-medium-font-size\"><strong>Etapas para a realiza\u00e7\u00e3o deste servi\u00e7o<\/strong><\/p>\n\n\n\n<ol class=\"wp-block-list\"><li>O in\u00edcio do pedido dar-se-\u00e1 pela parte interessada, de forma presencial, no endere\u00e7o: Rua Ant\u00f4nio Ara\u00fajo, 1002&nbsp;&#8211; CEP: 99010-220.<\/li><\/ol>\n\n\n\n<hr class=\"wp-block-separator\"\/>\n\n\n\n<p class=\"has-medium-font-size\"><strong>Documentos Necess\u00e1rios<\/strong><\/p>\n\n\n\n<ol class=\"wp-block-list\"><li>Ficha de Cadastramento e Altera\u00e7\u00e3o Cadastral &#8211; Setor Prim\u00e1rio, assinada<\/li><li>Declara\u00e7\u00e3o de Enquadramento\/Desenquadramento ME\/MPR\/EPP, na hip\u00f3tese de o contribuinte solicitar enquadramento na categoria MPR<\/li><li>Documento de identifica\u00e7\u00e3o do(s) titular(es) do estabelecimento e do(s) participante(s)<\/li><li>CPF do(s) titular(es) participante(s), se pessoa f\u00edsica, ou do comprovante de inscri\u00e7\u00e3o no CGC\/MF, se pessoa jur\u00eddica<\/li><li>Certid\u00e3o de nascimento ou casamento, se o participante for c\u00f4njuge, filho ou ascendente do titular do dom\u00ednio, da concess\u00e3o de uso ou o arrendamento da terra ou de qualquer direito real sobre ele incidente<\/li><li>Matr\u00edculas das propriedades que comp\u00f5em o estabelecimento<\/li><li>Documento comprobat\u00f3rio da posse para uso e explora\u00e7\u00e3o da propriedade, no caso de n\u00e3o ser propriet\u00e1rio (Contrato de Arrendamento, Parceria ou Comodato)<\/li><li>Alvar\u00e1 de autoriza\u00e7\u00e3o de instala\u00e7\u00e3o e funcionamento fornecido pela Prefeitura, se o estabelecimento situar-se em zona urbana<\/li><\/ol>\n\n\n\n<p class=\"has-grey-background-color has-background\">Prazo do Servi\u00e7o: <em>48 horas para homologa\u00e7\u00e3o da inscri\u00e7\u00e3o e 15 dias para confec\u00e7\u00e3o do tal\u00e3o de notas.<\/em><\/p>\n","protected":false},"featured_media":0,"template":"","canal":[23],"quem":[4,20],"servico_tags":[13],"class_list":["post-644","servicos","type-servicos","status-publish","hentry","canal-presencial","quem-cidadao","quem-empresa","servico_tags-icms"],"yoast_head":"<!-- This site is optimized with the Yoast SEO plugin v23.8 - https:\/\/yoast.com\/wordpress\/plugins\/seo\/ -->\n<title>Valor Adicionado da Produ\u00e7\u00e3o Prim\u00e1ria - Finan\u00e7as<\/title>\n<meta name=\"robots\" content=\"index, follow, max-snippet:-1, max-image-preview:large, max-video-preview:-1\" \/>\n<link rel=\"canonical\" href=\"https:\/\/www.pmpf.rs.gov.br\/financas\/servicos\/valor-adicionado-da-producao-primaria\/\" \/>\n<meta property=\"og:locale\" content=\"pt_BR\" \/>\n<meta property=\"og:type\" content=\"article\" \/>\n<meta property=\"og:title\" content=\"Valor Adicionado da Produ\u00e7\u00e3o Prim\u00e1ria - Finan\u00e7as\" \/>\n<meta property=\"og:description\" content=\"Cadastro para inscri\u00e7\u00e3o de Produtor Rural, entrega e devolu\u00e7\u00e3o de tal\u00f5es de produtor. Orienta\u00e7\u00e3o ao contribuinte no que se refere ao preenchimento das informa\u00e7\u00f5es fiscais na Guia do ICMS. Etapas para a [&hellip;]\" \/>\n<meta property=\"og:url\" content=\"https:\/\/www.pmpf.rs.gov.br\/financas\/servicos\/valor-adicionado-da-producao-primaria\/\" \/>\n<meta property=\"og:site_name\" content=\"Finan\u00e7as\" \/>\n<meta property=\"article:modified_time\" content=\"2022-02-08T14:14:25+00:00\" \/>\n<meta name=\"twitter:card\" content=\"summary_large_image\" \/>\n<meta name=\"twitter:label1\" content=\"Est. tempo de leitura\" \/>\n\t<meta name=\"twitter:data1\" content=\"2 minutos\" \/>\n<script type=\"application\/ld+json\" class=\"yoast-schema-graph\">{\"@context\":\"https:\/\/schema.org\",\"@graph\":[{\"@type\":\"WebPage\",\"@id\":\"https:\/\/www.pmpf.rs.gov.br\/financas\/servicos\/valor-adicionado-da-producao-primaria\/\",\"url\":\"https:\/\/www.pmpf.rs.gov.br\/financas\/servicos\/valor-adicionado-da-producao-primaria\/\",\"name\":\"Valor Adicionado da Produ\u00e7\u00e3o Prim\u00e1ria - Finan\u00e7as\",\"isPartOf\":{\"@id\":\"https:\/\/www.pmpf.rs.gov.br\/financas\/#website\"},\"datePublished\":\"2022-01-07T20:34:13+00:00\",\"dateModified\":\"2022-02-08T14:14:25+00:00\",\"breadcrumb\":{\"@id\":\"https:\/\/www.pmpf.rs.gov.br\/financas\/servicos\/valor-adicionado-da-producao-primaria\/#breadcrumb\"},\"inLanguage\":\"pt-BR\",\"potentialAction\":[{\"@type\":\"ReadAction\",\"target\":[\"https:\/\/www.pmpf.rs.gov.br\/financas\/servicos\/valor-adicionado-da-producao-primaria\/\"]}]},{\"@type\":\"BreadcrumbList\",\"@id\":\"https:\/\/www.pmpf.rs.gov.br\/financas\/servicos\/valor-adicionado-da-producao-primaria\/#breadcrumb\",\"itemListElement\":[{\"@type\":\"ListItem\",\"position\":1,\"name\":\"Servi\u00e7os\",\"item\":\"https:\/\/www.pmpf.rs.gov.br\/financas\/servicos\/\"},{\"@type\":\"ListItem\",\"position\":2,\"name\":\"Valor Adicionado da Produ\u00e7\u00e3o Prim\u00e1ria\"}]},{\"@type\":\"WebSite\",\"@id\":\"https:\/\/www.pmpf.rs.gov.br\/financas\/#website\",\"url\":\"https:\/\/www.pmpf.rs.gov.br\/financas\/\",\"name\":\"Finan\u00e7as\",\"description\":\"S\u00f3 mais um site Prefeitura de Passo Fundo\",\"potentialAction\":[{\"@type\":\"SearchAction\",\"target\":{\"@type\":\"EntryPoint\",\"urlTemplate\":\"https:\/\/www.pmpf.rs.gov.br\/financas\/?s={search_term_string}\"},\"query-input\":{\"@type\":\"PropertyValueSpecification\",\"valueRequired\":true,\"valueName\":\"search_term_string\"}}],\"inLanguage\":\"pt-BR\"}]}<\/script>\n<!-- \/ Yoast SEO plugin. -->","yoast_head_json":{"title":"Valor Adicionado da Produ\u00e7\u00e3o Prim\u00e1ria - Finan\u00e7as","robots":{"index":"index","follow":"follow","max-snippet":"max-snippet:-1","max-image-preview":"max-image-preview:large","max-video-preview":"max-video-preview:-1"},"canonical":"https:\/\/www.pmpf.rs.gov.br\/financas\/servicos\/valor-adicionado-da-producao-primaria\/","og_locale":"pt_BR","og_type":"article","og_title":"Valor Adicionado da Produ\u00e7\u00e3o Prim\u00e1ria - Finan\u00e7as","og_description":"Cadastro para inscri\u00e7\u00e3o de Produtor Rural, entrega e devolu\u00e7\u00e3o de tal\u00f5es de produtor. Orienta\u00e7\u00e3o ao contribuinte no que se refere ao preenchimento das informa\u00e7\u00f5es fiscais na Guia do ICMS. Etapas para a [&hellip;]","og_url":"https:\/\/www.pmpf.rs.gov.br\/financas\/servicos\/valor-adicionado-da-producao-primaria\/","og_site_name":"Finan\u00e7as","article_modified_time":"2022-02-08T14:14:25+00:00","twitter_card":"summary_large_image","twitter_misc":{"Est. tempo de leitura":"2 minutos"},"schema":{"@context":"https:\/\/schema.org","@graph":[{"@type":"WebPage","@id":"https:\/\/www.pmpf.rs.gov.br\/financas\/servicos\/valor-adicionado-da-producao-primaria\/","url":"https:\/\/www.pmpf.rs.gov.br\/financas\/servicos\/valor-adicionado-da-producao-primaria\/","name":"Valor Adicionado da Produ\u00e7\u00e3o Prim\u00e1ria - Finan\u00e7as","isPartOf":{"@id":"https:\/\/www.pmpf.rs.gov.br\/financas\/#website"},"datePublished":"2022-01-07T20:34:13+00:00","dateModified":"2022-02-08T14:14:25+00:00","breadcrumb":{"@id":"https:\/\/www.pmpf.rs.gov.br\/financas\/servicos\/valor-adicionado-da-producao-primaria\/#breadcrumb"},"inLanguage":"pt-BR","potentialAction":[{"@type":"ReadAction","target":["https:\/\/www.pmpf.rs.gov.br\/financas\/servicos\/valor-adicionado-da-producao-primaria\/"]}]},{"@type":"BreadcrumbList","@id":"https:\/\/www.pmpf.rs.gov.br\/financas\/servicos\/valor-adicionado-da-producao-primaria\/#breadcrumb","itemListElement":[{"@type":"ListItem","position":1,"name":"Servi\u00e7os","item":"https:\/\/www.pmpf.rs.gov.br\/financas\/servicos\/"},{"@type":"ListItem","position":2,"name":"Valor Adicionado da Produ\u00e7\u00e3o Prim\u00e1ria"}]},{"@type":"WebSite","@id":"https:\/\/www.pmpf.rs.gov.br\/financas\/#website","url":"https:\/\/www.pmpf.rs.gov.br\/financas\/","name":"Finan\u00e7as","description":"S\u00f3 mais um site Prefeitura de Passo Fundo","potentialAction":[{"@type":"SearchAction","target":{"@type":"EntryPoint","urlTemplate":"https:\/\/www.pmpf.rs.gov.br\/financas\/?s={search_term_string}"},"query-input":{"@type":"PropertyValueSpecification","valueRequired":true,"valueName":"search_term_string"}}],"inLanguage":"pt-BR"}]}},"_links":{"self":[{"href":"https:\/\/www.pmpf.rs.gov.br\/financas\/wp-json\/wp\/v2\/servicos\/644"}],"collection":[{"href":"https:\/\/www.pmpf.rs.gov.br\/financas\/wp-json\/wp\/v2\/servicos"}],"about":[{"href":"https:\/\/www.pmpf.rs.gov.br\/financas\/wp-json\/wp\/v2\/types\/servicos"}],"wp:attachment":[{"href":"https:\/\/www.pmpf.rs.gov.br\/financas\/wp-json\/wp\/v2\/media?parent=644"}],"wp:term":[{"taxonomy":"canal","embeddable":true,"href":"https:\/\/www.pmpf.rs.gov.br\/financas\/wp-json\/wp\/v2\/canal?post=644"},{"taxonomy":"quem","embeddable":true,"href":"https:\/\/www.pmpf.rs.gov.br\/financas\/wp-json\/wp\/v2\/quem?post=644"},{"taxonomy":"servico_tags","embeddable":true,"href":"https:\/\/www.pmpf.rs.gov.br\/financas\/wp-json\/wp\/v2\/servico_tags?post=644"}],"curies":[{"name":"wp","href":"https:\/\/api.w.org\/{rel}","templated":true}]}}