{"id":1046,"date":"2023-05-19T16:50:24","date_gmt":"2023-05-19T19:50:24","guid":{"rendered":"https:\/\/www.pmpf.rs.gov.br\/financas\/?post_type=servicos&#038;p=1046"},"modified":"2023-05-22T09:48:28","modified_gmt":"2023-05-22T12:48:28","slug":"isencao-de-taxa-de-alvara","status":"publish","type":"servicos","link":"https:\/\/www.pmpf.rs.gov.br\/financas\/servicos\/isencao-de-taxa-de-alvara\/","title":{"rendered":"Isen\u00e7\u00e3o de taxa de Alvar\u00e1"},"content":{"rendered":"\n<h2 class=\"wp-block-heading\"><\/h2>\n\n\n\n<p class=\"has-grey-background-color has-background\">A solicita\u00e7\u00e3o de isen\u00e7\u00e3o de taxa de alvar\u00e1 \u00e9 um benef\u00edcio concedido a determinadas categorias de empresas, entidades ou empreendimentos, permitindo que sejam dispensadas do pagamento das taxas de alvar\u00e1 de funcionamento exigidas pela legisla\u00e7\u00e3o municipal. Essa solicita\u00e7\u00e3o \u00e9 realizada, exclusivamente de forma digital por meio de processo eletr\u00f4nico.<\/p>\n\n\n\n<p class=\"has-grey-background-color has-background\">Legisla\u00e7\u00e3o: <a href=\"https:\/\/leismunicipais.com.br\/a1\/rs\/p\/passo-fundo\/lei-complementar\/2004\/13\/137\/lei-complementar-n-137-2004-faz-modificacoes-na-legislacao-do-imposto-sobre-servicos-de-qualquer-natureza\">Lei Complementar n\u00ba 137, de 29 de dezembro de 2004<\/a>; <a href=\"https:\/\/leismunicipais.com.br\/a1\/codigo-tributario-passo-fundo-rs\">Lei 1779, de 23 de dezembro de 1977<\/a>; <a href=\"https:\/\/leismunicipais.com.br\/a1\/rs\/p\/passo-fundo\/lei-ordinaria\/2019\/539\/5388\/lei-ordinaria-n-5388-2019-dispoe-sobre-a-utilizacao-de-meios-eletronicos-para-a-tramitacao-dos-processos-administrativos-e-internos-no-mbito-da-administracao-publica-municipal-direta-autarquica-e-fundacional?q=5388%2F2019\">Lei Ordin\u00e1ria 5.388, de 09 de janeiro de 2019.<\/a><\/p>\n\n\n\n<hr class=\"wp-block-separator has-css-opacity\"\/>\n\n\n\n<p><strong>Etapas para a realiza\u00e7\u00e3o deste servi\u00e7o<\/strong><\/p>\n\n\n\n<ol class=\"wp-block-list\">\n<li>O in\u00edcio do processo dar-se-\u00e1 a pedido da parte interessada, de forma online, mediante autentica\u00e7\u00e3o por credencial municipal, certificado digital ou acesso GOV.BR. Caso n\u00e3o tenha as op\u00e7\u00f5es de acesso mencionadas, poder\u00e1 solicitar a credencial,&nbsp;<a href=\"https:\/\/grp.pmpf.rs.gov.br\/grp\/acessoexterno\/programaAcessoExterno.faces?codigo=670014\" target=\"_blank\" rel=\"noreferrer noopener\">clicando aqui<\/a>&nbsp;para realizar o cadastro. Ap\u00f3s o cadastro, o requerente receber\u00e1 a credencial em seu e-mail.\n<ul class=\"wp-block-list\">\n<li><strong>Como solicitar<\/strong>: Clicar no bot\u00e3o&nbsp;<strong>\u201cAcesso ao sistema\u201d<\/strong>&nbsp;e informar sua senha, ap\u00f3s, selecionar o assunto:&nbsp;ISEN\u00c7\u00c3O DE TAXA DE ALVAR\u00c1 &nbsp;e anexar os documentos relacionados abaixo, conforme o caso.<\/li>\n<\/ul>\n<\/li>\n\n\n\n<li>Na instaura\u00e7\u00e3o do processo, o requerente receber\u00e1 em seu e-mail o n\u00famero do protocolo para acompanhamento do processo.\n<ul class=\"wp-block-list\">\n<li><strong>Como acompanhar sua solicita\u00e7\u00e3o<\/strong>: Clicar no bot\u00e3o&nbsp;<strong>\u201cAcompanhar solicita\u00e7\u00e3o\u201d<\/strong>&nbsp;e informar sua senha. No programa Meus Processos, informar o exerc\u00edcio do processo e clicar no bot\u00e3o recuperar. Clicar sobre o processo desejado e verificar nas abas hist\u00f3ricos e anexos informa\u00e7\u00f5es referente ao pedido.<\/li>\n<\/ul>\n<\/li>\n<\/ol>\n\n\n\n<hr class=\"wp-block-separator has-css-opacity\"\/>\n\n\n\n<p class=\"has-medium-font-size\"><strong>Documentos Necess\u00e1rios<\/strong><\/p>\n\n\n\n<ol class=\"wp-block-list\">\n<li>Documento de identifica\u00e7\u00e3o pessoal com foto;<\/li>\n\n\n\n<li>CNPJ;<\/li>\n\n\n\n<li>Contrato social\/Estatuto\/Ato constitutivo;<\/li>\n\n\n\n<li>Ata de posse da \u00faltima diretoria;<\/li>\n\n\n\n<li>Alvar\u00e1 de bombeiros;<\/li>\n\n\n\n<li>Procura\u00e7\u00e3o e documento de identifica\u00e7\u00e3o do outorgado, se for o caso<\/li>\n<\/ol>\n\n\n\n<p><\/p>\n\n\n\n<hr class=\"wp-block-separator has-css-opacity\"\/>\n\n\n\n<p><a href=\"javascript:print();\"><\/a><a href=\"https:\/\/www.facebook.com\/sharer.php?u=http%3A%2F%2Fwww.pmpf.rs.gov.br%2Ffinancas%2Fservicos%2Fcertidao-narratoria%2F&amp;t=Certid%C3%A3o+narrat%C3%B3ria\" rel=\"noreferrer noopener\" target=\"_blank\"><\/a><a href=\"https:\/\/twitter.com\/share?url=http%3A%2F%2Fwww.pmpf.rs.gov.br%2Ffinancas%2Fservicos%2Fcertidao-narratoria%2F&amp;text=Certid%C3%A3o+narrat%C3%B3ria&amp;original_referer=http%3A%2F%2Fwww.pmpf.rs.gov.br%2Ffinancas%2F\" rel=\"noreferrer noopener\" target=\"_blank\"><\/a><a href=\"https:\/\/wa.me\/?text=Certid%C3%A3o+narrat%C3%B3ria+http%3A%2F%2Fwww.pmpf.rs.gov.br%2Ffinancas%2Fservicos%2Fcertidao-narratoria%2F\" rel=\"noreferrer noopener\" target=\"_blank\"><\/a><a href=\"mailto:?subject=Certid%C3%A3o+narrat%C3%B3ria&amp;body=Achei+que+voc%C3%AA+estaria+interessado+no+que+encontrei%3A+Certid%C3%A3o+narrat%C3%B3ria+http%3A%2F%2Fwww.pmpf.rs.gov.br%2Ffinancas%2Fservicos%2Fcertidao-narratoria%2F\" rel=\"noreferrer noopener\" target=\"_blank\"><\/a><\/p>\n","protected":false},"featured_media":0,"template":"","canal":[3],"quem":[20],"servico_tags":[37,22],"class_list":["post-1046","servicos","type-servicos","status-publish","hentry","canal-online","quem-empresa","servico_tags-alvara","servico_tags-iss"],"yoast_head":"<!-- This site is optimized with the Yoast SEO plugin v23.8 - https:\/\/yoast.com\/wordpress\/plugins\/seo\/ -->\n<title>Isen\u00e7\u00e3o de taxa de Alvar\u00e1 - Finan\u00e7as<\/title>\n<meta name=\"robots\" content=\"index, follow, max-snippet:-1, max-image-preview:large, max-video-preview:-1\" \/>\n<link rel=\"canonical\" href=\"https:\/\/www.pmpf.rs.gov.br\/financas\/servicos\/isencao-de-taxa-de-alvara\/\" \/>\n<meta property=\"og:locale\" content=\"pt_BR\" \/>\n<meta property=\"og:type\" content=\"article\" \/>\n<meta property=\"og:title\" content=\"Isen\u00e7\u00e3o de taxa de Alvar\u00e1 - Finan\u00e7as\" \/>\n<meta property=\"og:description\" content=\"A solicita\u00e7\u00e3o de isen\u00e7\u00e3o de taxa de alvar\u00e1 \u00e9 um benef\u00edcio concedido a determinadas categorias de empresas, entidades ou empreendimentos, permitindo que sejam dispensadas do pagamento das taxas de alvar\u00e1 de funcionamento [&hellip;]\" \/>\n<meta property=\"og:url\" content=\"https:\/\/www.pmpf.rs.gov.br\/financas\/servicos\/isencao-de-taxa-de-alvara\/\" \/>\n<meta property=\"og:site_name\" content=\"Finan\u00e7as\" \/>\n<meta property=\"article:modified_time\" content=\"2023-05-22T12:48:28+00:00\" \/>\n<meta name=\"twitter:card\" content=\"summary_large_image\" \/>\n<meta name=\"twitter:label1\" content=\"Est. tempo de leitura\" \/>\n\t<meta name=\"twitter:data1\" content=\"2 minutos\" \/>\n<script type=\"application\/ld+json\" class=\"yoast-schema-graph\">{\"@context\":\"https:\/\/schema.org\",\"@graph\":[{\"@type\":\"WebPage\",\"@id\":\"https:\/\/www.pmpf.rs.gov.br\/financas\/servicos\/isencao-de-taxa-de-alvara\/\",\"url\":\"https:\/\/www.pmpf.rs.gov.br\/financas\/servicos\/isencao-de-taxa-de-alvara\/\",\"name\":\"Isen\u00e7\u00e3o de taxa de Alvar\u00e1 - Finan\u00e7as\",\"isPartOf\":{\"@id\":\"https:\/\/www.pmpf.rs.gov.br\/financas\/#website\"},\"datePublished\":\"2023-05-19T19:50:24+00:00\",\"dateModified\":\"2023-05-22T12:48:28+00:00\",\"breadcrumb\":{\"@id\":\"https:\/\/www.pmpf.rs.gov.br\/financas\/servicos\/isencao-de-taxa-de-alvara\/#breadcrumb\"},\"inLanguage\":\"pt-BR\",\"potentialAction\":[{\"@type\":\"ReadAction\",\"target\":[\"https:\/\/www.pmpf.rs.gov.br\/financas\/servicos\/isencao-de-taxa-de-alvara\/\"]}]},{\"@type\":\"BreadcrumbList\",\"@id\":\"https:\/\/www.pmpf.rs.gov.br\/financas\/servicos\/isencao-de-taxa-de-alvara\/#breadcrumb\",\"itemListElement\":[{\"@type\":\"ListItem\",\"position\":1,\"name\":\"Servi\u00e7os\",\"item\":\"https:\/\/www.pmpf.rs.gov.br\/financas\/servicos\/\"},{\"@type\":\"ListItem\",\"position\":2,\"name\":\"Isen\u00e7\u00e3o de taxa de Alvar\u00e1\"}]},{\"@type\":\"WebSite\",\"@id\":\"https:\/\/www.pmpf.rs.gov.br\/financas\/#website\",\"url\":\"https:\/\/www.pmpf.rs.gov.br\/financas\/\",\"name\":\"Finan\u00e7as\",\"description\":\"S\u00f3 mais um site Prefeitura de Passo Fundo\",\"potentialAction\":[{\"@type\":\"SearchAction\",\"target\":{\"@type\":\"EntryPoint\",\"urlTemplate\":\"https:\/\/www.pmpf.rs.gov.br\/financas\/?s={search_term_string}\"},\"query-input\":{\"@type\":\"PropertyValueSpecification\",\"valueRequired\":true,\"valueName\":\"search_term_string\"}}],\"inLanguage\":\"pt-BR\"}]}<\/script>\n<!-- \/ Yoast SEO plugin. -->","yoast_head_json":{"title":"Isen\u00e7\u00e3o de taxa de Alvar\u00e1 - Finan\u00e7as","robots":{"index":"index","follow":"follow","max-snippet":"max-snippet:-1","max-image-preview":"max-image-preview:large","max-video-preview":"max-video-preview:-1"},"canonical":"https:\/\/www.pmpf.rs.gov.br\/financas\/servicos\/isencao-de-taxa-de-alvara\/","og_locale":"pt_BR","og_type":"article","og_title":"Isen\u00e7\u00e3o de taxa de Alvar\u00e1 - Finan\u00e7as","og_description":"A solicita\u00e7\u00e3o de isen\u00e7\u00e3o de taxa de alvar\u00e1 \u00e9 um benef\u00edcio concedido a determinadas categorias de empresas, entidades ou empreendimentos, permitindo que sejam dispensadas do pagamento das taxas de alvar\u00e1 de funcionamento [&hellip;]","og_url":"https:\/\/www.pmpf.rs.gov.br\/financas\/servicos\/isencao-de-taxa-de-alvara\/","og_site_name":"Finan\u00e7as","article_modified_time":"2023-05-22T12:48:28+00:00","twitter_card":"summary_large_image","twitter_misc":{"Est. tempo de leitura":"2 minutos"},"schema":{"@context":"https:\/\/schema.org","@graph":[{"@type":"WebPage","@id":"https:\/\/www.pmpf.rs.gov.br\/financas\/servicos\/isencao-de-taxa-de-alvara\/","url":"https:\/\/www.pmpf.rs.gov.br\/financas\/servicos\/isencao-de-taxa-de-alvara\/","name":"Isen\u00e7\u00e3o de taxa de Alvar\u00e1 - Finan\u00e7as","isPartOf":{"@id":"https:\/\/www.pmpf.rs.gov.br\/financas\/#website"},"datePublished":"2023-05-19T19:50:24+00:00","dateModified":"2023-05-22T12:48:28+00:00","breadcrumb":{"@id":"https:\/\/www.pmpf.rs.gov.br\/financas\/servicos\/isencao-de-taxa-de-alvara\/#breadcrumb"},"inLanguage":"pt-BR","potentialAction":[{"@type":"ReadAction","target":["https:\/\/www.pmpf.rs.gov.br\/financas\/servicos\/isencao-de-taxa-de-alvara\/"]}]},{"@type":"BreadcrumbList","@id":"https:\/\/www.pmpf.rs.gov.br\/financas\/servicos\/isencao-de-taxa-de-alvara\/#breadcrumb","itemListElement":[{"@type":"ListItem","position":1,"name":"Servi\u00e7os","item":"https:\/\/www.pmpf.rs.gov.br\/financas\/servicos\/"},{"@type":"ListItem","position":2,"name":"Isen\u00e7\u00e3o de taxa de Alvar\u00e1"}]},{"@type":"WebSite","@id":"https:\/\/www.pmpf.rs.gov.br\/financas\/#website","url":"https:\/\/www.pmpf.rs.gov.br\/financas\/","name":"Finan\u00e7as","description":"S\u00f3 mais um site Prefeitura de Passo Fundo","potentialAction":[{"@type":"SearchAction","target":{"@type":"EntryPoint","urlTemplate":"https:\/\/www.pmpf.rs.gov.br\/financas\/?s={search_term_string}"},"query-input":{"@type":"PropertyValueSpecification","valueRequired":true,"valueName":"search_term_string"}}],"inLanguage":"pt-BR"}]}},"_links":{"self":[{"href":"https:\/\/www.pmpf.rs.gov.br\/financas\/wp-json\/wp\/v2\/servicos\/1046"}],"collection":[{"href":"https:\/\/www.pmpf.rs.gov.br\/financas\/wp-json\/wp\/v2\/servicos"}],"about":[{"href":"https:\/\/www.pmpf.rs.gov.br\/financas\/wp-json\/wp\/v2\/types\/servicos"}],"wp:attachment":[{"href":"https:\/\/www.pmpf.rs.gov.br\/financas\/wp-json\/wp\/v2\/media?parent=1046"}],"wp:term":[{"taxonomy":"canal","embeddable":true,"href":"https:\/\/www.pmpf.rs.gov.br\/financas\/wp-json\/wp\/v2\/canal?post=1046"},{"taxonomy":"quem","embeddable":true,"href":"https:\/\/www.pmpf.rs.gov.br\/financas\/wp-json\/wp\/v2\/quem?post=1046"},{"taxonomy":"servico_tags","embeddable":true,"href":"https:\/\/www.pmpf.rs.gov.br\/financas\/wp-json\/wp\/v2\/servico_tags?post=1046"}],"curies":[{"name":"wp","href":"https:\/\/api.w.org\/{rel}","templated":true}]}}