{"id":6,"date":"2022-09-01T08:37:42","date_gmt":"2022-09-01T11:37:42","guid":{"rendered":"https:\/\/www.pmpf.rs.gov.br\/fecit\/?page_id=6"},"modified":"2024-11-22T10:35:20","modified_gmt":"2024-11-22T13:35:20","slug":"inicial","status":"publish","type":"page","link":"https:\/\/www.pmpf.rs.gov.br\/fecit\/","title":{"rendered":"Festival de Ci\u00eancia, Inova\u00e7\u00e3o e Tecnologia da Rede Municipal de Ensino &#8211; 3\u00aa EDI\u00c7\u00c3O"},"content":{"rendered":"\n<h2 class=\"wp-block-heading\">De 26\/11 a 29\/11\/24<\/h2>\n\n\n\n<p><\/p>\n\n\n\n<p>A 3\u00aa edi\u00e7\u00e3o do FECIT \u2013 Festival de Ci\u00eancia, Inova\u00e7\u00e3o e Tecnologia est\u00e1 chegando!<\/p>\n\n\n\n<p>O FECIT 2024, o Festival de Ci\u00eancia, Inova\u00e7\u00e3o e Tecnologia da Rede Municipal de Ensino de Passo Fundo, est\u00e1 chegando para mais uma edi\u00e7\u00e3o entre os dias 26 e 29 de novembro, e ser\u00e1 ainda maior e melhor do que nunca! Este evento foi pensado para mergulhar os estudantes em um universo de ci\u00eancia, tecnologia e inova\u00e7\u00e3o, promovendo o compartilhamento de projetos incr\u00edveis desenvolvidos nas escolas municipais.<\/p>\n\n\n\n<p>Al\u00e9m dos projetos escolares, o FECIT trar\u00e1 hackathons, campeonatos de games, conta\u00e7\u00e3o de hist\u00f3rias, shows, palestras e experi\u00eancias maker, tornando o evento uma verdadeira celebra\u00e7\u00e3o do conhecimento cient\u00edfico e tecnol\u00f3gico. E o melhor: \u00e9 aberto ao p\u00fablico! Toda a comunidade est\u00e1 convidada a prestigiar e participar deste evento que destaca a criatividade e inova\u00e7\u00e3o das nossas escolas.<\/p>\n\n\n\n<p>Anote na sua agenda e venha participar conosco na Universidade de Passo Fundo (UPF)!<\/p>\n\n\n\n<h2 class=\"wp-block-heading\">Qual o objetivo?<\/h2>\n\n\n\n<p>Criar um ambiente de compartilhamento e socializa\u00e7\u00e3o dos projetos que j\u00e1 vem sendo desenvolvidos em nossas escolas, nos diferentes componentes curriculares em especial naqueles que comp\u00f5em a Parte Diversificada: Cidadania Global, Pensamento Cient\u00edfico e Cultura Digital.<\/p>\n\n\n\n<p>Promover uma imers\u00e3o dos estudantes da Rede Municipal de Ensino em um universo de ci\u00eancia, inova\u00e7\u00e3o e tecnologia.<\/p>\n\n\n\n<h2 class=\"wp-block-heading\">Onde vai ocorrer?<\/h2>\n\n\n\n<p>Gin\u00e1sio de Esportes do Instituto de Sa\u00fade &#8211; Pr\u00e9dio A12 &#8211; Universidade de Passo Fundo &#8211; BR 285, S\u00e3o Jos\u00e9 &#8211; Passo Fundo\/RS &#8211; CEP: 99052-900<\/p>\n\n\n\n<h2 class=\"wp-block-heading\">Quando?<\/h2>\n\n\n\n<p>De 26 a 29\/11\/24<\/p>\n\n\n\n<h2 class=\"wp-block-heading\">Hor\u00e1rio?<\/h2>\n\n\n\n<p>Manh\u00e3 das 9h \u00e0s 11h&nbsp; e Tarde das 14h \u00e0s 16h<\/p>\n\n\n\n<p><\/p>\n\n\n\n<h2 class=\"wp-block-heading\">O que mais ter\u00e1 no FECIT?<\/h2>\n\n\n\n<p>Contar\u00e1 com hackathons, campeonatos de games, conta\u00e7\u00e3o de hist\u00f3rias, shows, palestras, experi\u00eancias maker, dentre outras a\u00e7\u00f5es relacionadas \u00e0 Ci\u00eancia, Inova\u00e7\u00e3o e Tecnologia.<\/p>\n\n\n\n<p>Confira a programa\u00e7\u00e3o:<br><\/p> <div style=\"position: relative;width: 100%;height: 0;padding-top: 141.4286%;padding-bottom: 0;margin-top: 1.6em;margin-bottom: 0.9em;overflow: hidden;border-radius: 8px\">\n  \n  \n<\/div>\n<a href=\"https:&#x2F;&#x2F;www.canva.com&#x2F;design&#x2F;DAGW2oyuMas&#x2F;QwC5cQ0LN17l6CztVNdewQ&#x2F;view?utm_content=DAGW2oyuMas&amp;utm_campaign=designshare&amp;utm_medium=embeds&amp;utm_source=link\" target=\"_blank\" rel=\"noopener\"> 2024 FECIT Programa\u00e7\u00e3o<\/a> de J\u00falio Ferreira\n\n\n\n\n<h2 class=\"wp-block-heading\">Ser\u00e1 aberto ao p\u00fablico?<\/h2>\n\n\n\n<p>A comunidade passo-fundense ser\u00e1 convidada a conhecer os projetos das nossas escolas.<\/p>\n","protected":false},"excerpt":{"rendered":"<p>De 26\/11 a 29\/11\/24 A 3\u00aa edi\u00e7\u00e3o do FECIT \u2013 Festival de Ci\u00eancia, Inova\u00e7\u00e3o e Tecnologia est\u00e1 chegando! O FECIT 2024, o Festival de Ci\u00eancia, Inova\u00e7\u00e3o e Tecnologia da Rede Municipal de [&hellip;]<\/p>\n","protected":false},"author":4,"featured_media":0,"parent":0,"menu_order":0,"comment_status":"closed","ping_status":"closed","template":"page_secretaria_com_sidebar.php","meta":{"footnotes":""},"class_list":["post-6","page","type-page","status-publish","hentry"],"yoast_head":"<!-- This site is optimized with the Yoast SEO plugin v23.8 - https:\/\/yoast.com\/wordpress\/plugins\/seo\/ -->\n<title>Festival de Ci\u00eancia, Inova\u00e7\u00e3o e Tecnologia da Rede Municipal de Ensino - 3\u00aa EDI\u00c7\u00c3O - Festival de Ci\u00eancia Inova\u00e7\u00e3o e Tecnologia da Rede Municipal de Ensino<\/title>\n<meta name=\"robots\" content=\"index, follow, max-snippet:-1, max-image-preview:large, max-video-preview:-1\" \/>\n<link rel=\"canonical\" href=\"https:\/\/www.pmpf.rs.gov.br\/fecit\/\" \/>\n<meta property=\"og:locale\" content=\"pt_BR\" \/>\n<meta property=\"og:type\" content=\"article\" \/>\n<meta property=\"og:title\" content=\"Festival de Ci\u00eancia, Inova\u00e7\u00e3o e Tecnologia da Rede Municipal de Ensino - 3\u00aa EDI\u00c7\u00c3O - Festival de Ci\u00eancia Inova\u00e7\u00e3o e Tecnologia da Rede Municipal de Ensino\" \/>\n<meta property=\"og:description\" content=\"De 26\/11 a 29\/11\/24 A 3\u00aa edi\u00e7\u00e3o do FECIT \u2013 Festival de Ci\u00eancia, Inova\u00e7\u00e3o e Tecnologia est\u00e1 chegando! O FECIT 2024, o Festival de Ci\u00eancia, Inova\u00e7\u00e3o e Tecnologia da Rede Municipal de [&hellip;]\" \/>\n<meta property=\"og:url\" content=\"https:\/\/www.pmpf.rs.gov.br\/fecit\/\" \/>\n<meta property=\"og:site_name\" content=\"Festival de Ci\u00eancia Inova\u00e7\u00e3o e Tecnologia da Rede Municipal de Ensino\" \/>\n<meta property=\"article:modified_time\" content=\"2024-11-22T13:35:20+00:00\" \/>\n<meta name=\"twitter:card\" content=\"summary_large_image\" \/>\n<meta name=\"twitter:label1\" content=\"Est. tempo de leitura\" \/>\n\t<meta name=\"twitter:data1\" content=\"2 minutos\" \/>\n<script type=\"application\/ld+json\" class=\"yoast-schema-graph\">{\"@context\":\"https:\/\/schema.org\",\"@graph\":[{\"@type\":\"WebPage\",\"@id\":\"https:\/\/www.pmpf.rs.gov.br\/fecit\/\",\"url\":\"https:\/\/www.pmpf.rs.gov.br\/fecit\/\",\"name\":\"Festival de Ci\u00eancia, Inova\u00e7\u00e3o e Tecnologia da Rede Municipal de Ensino - 3\u00aa EDI\u00c7\u00c3O - Festival de Ci\u00eancia Inova\u00e7\u00e3o e Tecnologia da Rede Municipal de Ensino\",\"isPartOf\":{\"@id\":\"https:\/\/www.pmpf.rs.gov.br\/fecit\/#website\"},\"datePublished\":\"2022-09-01T11:37:42+00:00\",\"dateModified\":\"2024-11-22T13:35:20+00:00\",\"breadcrumb\":{\"@id\":\"https:\/\/www.pmpf.rs.gov.br\/fecit\/#breadcrumb\"},\"inLanguage\":\"pt-BR\",\"potentialAction\":[{\"@type\":\"ReadAction\",\"target\":[\"https:\/\/www.pmpf.rs.gov.br\/fecit\/\"]}]},{\"@type\":\"BreadcrumbList\",\"@id\":\"https:\/\/www.pmpf.rs.gov.br\/fecit\/#breadcrumb\",\"itemListElement\":[{\"@type\":\"ListItem\",\"position\":1,\"name\":\"In\u00edcio\",\"item\":\"https:\/\/www.pmpf.rs.gov.br\/fecit\/\"},{\"@type\":\"ListItem\",\"position\":2,\"name\":\"Festival de Ci\u00eancia, Inova\u00e7\u00e3o e Tecnologia da Rede Municipal de Ensino &#8211; 3\u00aa EDI\u00c7\u00c3O\"}]},{\"@type\":\"WebSite\",\"@id\":\"https:\/\/www.pmpf.rs.gov.br\/fecit\/#website\",\"url\":\"https:\/\/www.pmpf.rs.gov.br\/fecit\/\",\"name\":\"Festival de Ci\u00eancia Inova\u00e7\u00e3o e Tecnologia da Rede Municipal de Ensino\",\"description\":\"S\u00f3 mais um site Prefeitura de Passo Fundo\",\"potentialAction\":[{\"@type\":\"SearchAction\",\"target\":{\"@type\":\"EntryPoint\",\"urlTemplate\":\"https:\/\/www.pmpf.rs.gov.br\/fecit\/?s={search_term_string}\"},\"query-input\":{\"@type\":\"PropertyValueSpecification\",\"valueRequired\":true,\"valueName\":\"search_term_string\"}}],\"inLanguage\":\"pt-BR\"}]}<\/script>\n<!-- \/ Yoast SEO plugin. -->","yoast_head_json":{"title":"Festival de Ci\u00eancia, Inova\u00e7\u00e3o e Tecnologia da Rede Municipal de Ensino - 3\u00aa EDI\u00c7\u00c3O - Festival de Ci\u00eancia Inova\u00e7\u00e3o e Tecnologia da Rede Municipal de Ensino","robots":{"index":"index","follow":"follow","max-snippet":"max-snippet:-1","max-image-preview":"max-image-preview:large","max-video-preview":"max-video-preview:-1"},"canonical":"https:\/\/www.pmpf.rs.gov.br\/fecit\/","og_locale":"pt_BR","og_type":"article","og_title":"Festival de Ci\u00eancia, Inova\u00e7\u00e3o e Tecnologia da Rede Municipal de Ensino - 3\u00aa EDI\u00c7\u00c3O - Festival de Ci\u00eancia Inova\u00e7\u00e3o e Tecnologia da Rede Municipal de Ensino","og_description":"De 26\/11 a 29\/11\/24 A 3\u00aa edi\u00e7\u00e3o do FECIT \u2013 Festival de Ci\u00eancia, Inova\u00e7\u00e3o e Tecnologia est\u00e1 chegando! O FECIT 2024, o Festival de Ci\u00eancia, Inova\u00e7\u00e3o e Tecnologia da Rede Municipal de [&hellip;]","og_url":"https:\/\/www.pmpf.rs.gov.br\/fecit\/","og_site_name":"Festival de Ci\u00eancia Inova\u00e7\u00e3o e Tecnologia da Rede Municipal de Ensino","article_modified_time":"2024-11-22T13:35:20+00:00","twitter_card":"summary_large_image","twitter_misc":{"Est. tempo de leitura":"2 minutos"},"schema":{"@context":"https:\/\/schema.org","@graph":[{"@type":"WebPage","@id":"https:\/\/www.pmpf.rs.gov.br\/fecit\/","url":"https:\/\/www.pmpf.rs.gov.br\/fecit\/","name":"Festival de Ci\u00eancia, Inova\u00e7\u00e3o e Tecnologia da Rede Municipal de Ensino - 3\u00aa EDI\u00c7\u00c3O - Festival de Ci\u00eancia Inova\u00e7\u00e3o e Tecnologia da Rede Municipal de Ensino","isPartOf":{"@id":"https:\/\/www.pmpf.rs.gov.br\/fecit\/#website"},"datePublished":"2022-09-01T11:37:42+00:00","dateModified":"2024-11-22T13:35:20+00:00","breadcrumb":{"@id":"https:\/\/www.pmpf.rs.gov.br\/fecit\/#breadcrumb"},"inLanguage":"pt-BR","potentialAction":[{"@type":"ReadAction","target":["https:\/\/www.pmpf.rs.gov.br\/fecit\/"]}]},{"@type":"BreadcrumbList","@id":"https:\/\/www.pmpf.rs.gov.br\/fecit\/#breadcrumb","itemListElement":[{"@type":"ListItem","position":1,"name":"In\u00edcio","item":"https:\/\/www.pmpf.rs.gov.br\/fecit\/"},{"@type":"ListItem","position":2,"name":"Festival de Ci\u00eancia, Inova\u00e7\u00e3o e Tecnologia da Rede Municipal de Ensino &#8211; 3\u00aa EDI\u00c7\u00c3O"}]},{"@type":"WebSite","@id":"https:\/\/www.pmpf.rs.gov.br\/fecit\/#website","url":"https:\/\/www.pmpf.rs.gov.br\/fecit\/","name":"Festival de Ci\u00eancia Inova\u00e7\u00e3o e Tecnologia da Rede Municipal de Ensino","description":"S\u00f3 mais um site Prefeitura de Passo Fundo","potentialAction":[{"@type":"SearchAction","target":{"@type":"EntryPoint","urlTemplate":"https:\/\/www.pmpf.rs.gov.br\/fecit\/?s={search_term_string}"},"query-input":{"@type":"PropertyValueSpecification","valueRequired":true,"valueName":"search_term_string"}}],"inLanguage":"pt-BR"}]}},"_links":{"self":[{"href":"https:\/\/www.pmpf.rs.gov.br\/fecit\/wp-json\/wp\/v2\/pages\/6"}],"collection":[{"href":"https:\/\/www.pmpf.rs.gov.br\/fecit\/wp-json\/wp\/v2\/pages"}],"about":[{"href":"https:\/\/www.pmpf.rs.gov.br\/fecit\/wp-json\/wp\/v2\/types\/page"}],"author":[{"embeddable":true,"href":"https:\/\/www.pmpf.rs.gov.br\/fecit\/wp-json\/wp\/v2\/users\/4"}],"replies":[{"embeddable":true,"href":"https:\/\/www.pmpf.rs.gov.br\/fecit\/wp-json\/wp\/v2\/comments?post=6"}],"version-history":[{"count":25,"href":"https:\/\/www.pmpf.rs.gov.br\/fecit\/wp-json\/wp\/v2\/pages\/6\/revisions"}],"predecessor-version":[{"id":110,"href":"https:\/\/www.pmpf.rs.gov.br\/fecit\/wp-json\/wp\/v2\/pages\/6\/revisions\/110"}],"wp:attachment":[{"href":"https:\/\/www.pmpf.rs.gov.br\/fecit\/wp-json\/wp\/v2\/media?parent=6"}],"curies":[{"name":"wp","href":"https:\/\/api.w.org\/{rel}","templated":true}]}}