{"id":9917,"date":"2025-03-06T09:42:55","date_gmt":"2025-03-06T12:42:55","guid":{"rendered":"https:\/\/www.pmpf.rs.gov.br\/educacao\/?page_id=9917"},"modified":"2025-05-21T16:31:02","modified_gmt":"2025-05-21T19:31:02","slug":"cardapio-escolar-2025","status":"publish","type":"page","link":"https:\/\/www.pmpf.rs.gov.br\/educacao\/cardapio-escolar-2025\/","title":{"rendered":"Card\u00e1pio Escolar 2025"},"content":{"rendered":"\n<p><strong>Escolas Municipais de Educa\u00e7\u00e3o Infantil &#8211; EMEIs<\/strong><\/p>\n\n\n\n<ul class=\"wp-block-list\">\n<li><a href=\"https:\/\/www.pmpf.rs.gov.br\/fecit\/wp-content\/uploads\/sites\/74\/2025\/03\/Cardapio-2025-EMEI-VERAO-PARCIAL-CRECHE-06-A-12-MESES-2.pdf\" target=\"_blank\" rel=\"noreferrer noopener\">Card\u00e1pio para crian\u00e7as de 6 a 12 meses &#8211; ver\u00e3o<\/a><\/li>\n\n\n\n<li><a href=\"https:\/\/www.pmpf.rs.gov.br\/fecit\/wp-content\/uploads\/sites\/74\/2025\/03\/Cardapio-2025-EMEI-VERAO-INTEGRAL-CRECHE-06-A-12-MESES-2.pdf\">Card\u00e1pio para crian\u00e7as de 6 a 12 meses &#8211; TEMPO INTEGRAL- VER\u00c3O<\/a><\/li>\n\n\n\n<li><a href=\"https:\/\/www.pmpf.rs.gov.br\/fecit\/wp-content\/uploads\/sites\/74\/2025\/03\/Cardapio-2025-EMEI-VERAO-PARCIAL-CRECHE-1-A-3-ANOS-2.pdf\" target=\"_blank\" rel=\"noreferrer noopener\">Card\u00e1pio para Educa\u00e7\u00e3o Infantil &#8211; 1 a 3 anos &#8211; ver\u00e3o<\/a><\/li>\n\n\n\n<li><a href=\"https:\/\/www.pmpf.rs.gov.br\/fecit\/wp-content\/uploads\/sites\/74\/2025\/03\/Cardapio-2025-EMEI-VERAO-INTEGRAL-CRECHE-1-A-3-ANOS-3.pdf\" target=\"_blank\" rel=\"noreferrer noopener\">Card\u00e1pio para Educa\u00e7\u00e3o Infantil &#8211; 1 a 3 anos &#8211;  TEMPO INTEGRAL &#8211; ver\u00e3o<\/a><\/li>\n\n\n\n<li><a href=\"https:\/\/www.pmpf.rs.gov.br\/fecit\/wp-content\/uploads\/sites\/74\/2025\/03\/Cardapio-2025-EMEI-VERAO-PARCIAL-PRE-ESCOLA-4-A-5-ANOS-3.pdf\">C\u00e1rdapio para Educa\u00e7\u00e3o Infantil &#8211; 4 a 5 anos &#8211; ver\u00e3o<\/a><\/li>\n\n\n\n<li><a href=\"https:\/\/www.pmpf.rs.gov.br\/fecit\/wp-content\/uploads\/sites\/74\/2025\/05\/EMEI-INVERNO-EMEI-INVERNO-PARCIAL-6-A-12-MESES-1a-e-3a-semana-3.pdf\">Card\u00e1pio para Educa\u00e7\u00e3o Infantil &#8211; PARCIAL 6 A 12 MESES 1a E 3a SEMANA &#8211; inverno<\/a><\/li>\n\n\n\n<li><a href=\"https:\/\/www.pmpf.rs.gov.br\/fecit\/wp-content\/uploads\/sites\/74\/2025\/05\/EMEI-INVERNO-EMEI-INVERNO-PARCIAL-6-A-12-MESES-2a-e-4a-semana-2.pdf\">Card\u00e1pio para Educa\u00e7\u00e3o Infantil &#8211; PARCIAL 6 A 12 MESES 2a E 4a SEMANA &#8211; inverno<\/a><\/li>\n\n\n\n<li><a href=\"https:\/\/www.pmpf.rs.gov.br\/fecit\/wp-content\/uploads\/sites\/74\/2025\/05\/EMEI-INVERNO-EMEI-INVERNO-PARCIAL-1-A-3-ANOS-1a-e-3a-semana-2.pdf\">Card\u00e1pio para Educa\u00e7\u00e3o Infantil &#8211; PARCIAL 1 A 3 ANOS 1a E 3a SEMANA &#8211; inverno<\/a><\/li>\n\n\n\n<li><a href=\"https:\/\/www.pmpf.rs.gov.br\/fecit\/wp-content\/uploads\/sites\/74\/2025\/05\/EMEI-INVERNO-EMEI-INVERNO-PARCIAL-1-A-3-ANOS-2a-e-4a-semana-2.pdf\">Card\u00e1pio para Educa\u00e7\u00e3o Infantil &#8211; PARCIAL 1 A 3 ANOS 2a E 4a SEMANA &#8211; inverno<\/a><\/li>\n\n\n\n<li><a href=\"https:\/\/www.pmpf.rs.gov.br\/fecit\/wp-content\/uploads\/sites\/74\/2025\/05\/EMEI-INVERNO-EMEI-INVERNO-PARCIAL-4-A-5-ANOS-1a-e-3a-semana-3.pdf\">Card\u00e1pio para Educa\u00e7\u00e3o Infantil &#8211; PARCIAL 4 A 5 ANOS 1a E 3a SEMANA &#8211; inverno<\/a><\/li>\n\n\n\n<li><a href=\"https:\/\/www.pmpf.rs.gov.br\/fecit\/wp-content\/uploads\/sites\/74\/2025\/05\/EMEI-INVERNO-EMEI-INVERNO-PARCIAL-4-A-5-ANOS-2a-e-4a-semana-2.pdf\">Card\u00e1pio para Educa\u00e7\u00e3o Infantil &#8211; PARCIAL 4 A 5 ANOS 2a E 4a SEMANA &#8211; inverno <\/a><\/li>\n\n\n\n<li><a href=\"https:\/\/www.pmpf.rs.gov.br\/fecit\/wp-content\/uploads\/sites\/74\/2025\/05\/EMEI-INVERNO-EMEI-INVERNO-INTEGRAL-6-A-12-MESES-1a-e-3a-semana-4.pdf\">Card\u00e1pio para Educa\u00e7\u00e3o Infantil &#8211; INTEGRAL 6 A 12 MESES 1a E 3a SEMANA &#8211; inverno<\/a><\/li>\n\n\n\n<li><a href=\"https:\/\/www.pmpf.rs.gov.br\/fecit\/wp-content\/uploads\/sites\/74\/2025\/05\/EMEI-INVERNO-EMEI-INVERNO-INTEGRAL-6-A-12-MESES-2a-e-4a-semana.pdf\">Card\u00e1pio para Educa\u00e7\u00e3o Infantil &#8211; INTEGRAL 6 A 12 MESES 2a E 4a SEMANA &#8211; inverno<\/a><\/li>\n\n\n\n<li><a href=\"https:\/\/www.pmpf.rs.gov.br\/fecit\/wp-content\/uploads\/sites\/74\/2025\/05\/EMEI-INVERNO-EMEI-INVERNO-INTEGRAL-1-A-3-ANOS-1a-e-3a-semana-4.pdf\">Card\u00e1pio para Educa\u00e7\u00e3o Infantil &#8211; INTEGRAL 1 A 3 ANOS 1a E 3a SEMANA &#8211; inverno<\/a><\/li>\n\n\n\n<li><a href=\"https:\/\/www.pmpf.rs.gov.br\/fecit\/wp-content\/uploads\/sites\/74\/2025\/05\/EMEI-INVERNO-EMEI-INVERNO-INTEGRAL-1-A-3-A-ANOS-2a-e-4a-semana-1.pdf\">Card\u00e1pio para Educa\u00e7\u00e3o Infantil &#8211; INTEGRAL 1 A 3 ANOS 2a E 4a SEMANA &#8211; inverno<\/a><\/li>\n<\/ul>\n\n\n\n<p><strong>Escolas Municipais de Ensino Fundamental &#8211; EMEFs<\/strong><\/p>\n\n\n\n<ul class=\"wp-block-list\">\n<li><a href=\"https:\/\/www.pmpf.rs.gov.br\/fecit\/wp-content\/uploads\/sites\/74\/2025\/03\/Cardapio-2025-EMEF-VERAO-PARCIAL-1.pdf\" target=\"_blank\" rel=\"noreferrer noopener\">Card\u00e1pio para Ensino Fundamental turno parcial &#8211; ver\u00e3o<\/a><\/li>\n\n\n\n<li><a href=\"https:\/\/www.pmpf.rs.gov.br\/fecit\/wp-content\/uploads\/sites\/74\/2025\/03\/Cardapio-2025-EMEF-VERAO-INTEGRAL-2.pdf\" target=\"_blank\" rel=\"noreferrer noopener\">Card\u00e1pio para Ensino Fundamental turno integral &#8211; ver\u00e3o<\/a><\/li>\n\n\n\n<li><a href=\"https:\/\/www.pmpf.rs.gov.br\/fecit\/wp-content\/uploads\/sites\/74\/2025\/05\/EMEF-INVERNO-CARDAPIOS-ALMOCO-TI-ALUNOS-UPF-2.pdf\">Card\u00e1pio para Ensino Fundamental &#8211; ALMO\u00c7O TI UPF &#8211; inverno<\/a><\/li>\n\n\n\n<li><a href=\"https:\/\/www.pmpf.rs.gov.br\/fecit\/wp-content\/uploads\/sites\/74\/2025\/05\/EMEF-INVERNO-CARDAPIOS-TI-LANCHE-UPF-1.pdf\">Card\u00e1pio para Ensino Fundamental &#8211; LANCHE TI UPF &#8211; inverno<\/a><\/li>\n\n\n\n<li><a href=\"https:\/\/www.pmpf.rs.gov.br\/fecit\/wp-content\/uploads\/sites\/74\/2025\/05\/EMEF-INVERNO-CARDAPIOS-EMEF-INVERNO-PARCIAL-1a-e-3a-semana-5.pdf\">Card\u00e1pio para Ensino Fundamental &#8211; PARCIAL 1a E 3a SEMANA &#8211; inverno<\/a><\/li>\n\n\n\n<li><a href=\"https:\/\/www.pmpf.rs.gov.br\/fecit\/wp-content\/uploads\/sites\/74\/2025\/05\/EMEF-INVERNO-CARDAPIOS-EMEF-INVERNO-PARCIAL-2a-e-4a-semana-4.pdf\">Card\u00e1pio para Ensino Fundamental &#8211; PARCIAL 2a E 4a SEMANA &#8211; inverno<\/a><\/li>\n\n\n\n<li><a href=\"https:\/\/www.pmpf.rs.gov.br\/fecit\/wp-content\/uploads\/sites\/74\/2025\/05\/EMEF-INVERNO-CARDAPIOS-EMEF-INVERNO-INTEGRAL-1a-e-3a-semana-4.pdf\">Card\u00e1pio para Ensino Fundamental &#8211; INTEGRAL 1a E 3a SEMANA &#8211; inverno<\/a><\/li>\n\n\n\n<li><a href=\"https:\/\/www.pmpf.rs.gov.br\/fecit\/wp-content\/uploads\/sites\/74\/2025\/05\/EMEF-INVERNO-CARDAPIOS-EMEF-INVERNO-INTEGRAL-2a-e-4a-semana-4.pdf\">Card\u00e1pio para Ensino Fundamental &#8211; INTEGRAL 2a E 4a SEMANA &#8211; inverno<\/a><\/li>\n<\/ul>\n","protected":false},"excerpt":{"rendered":"<p>Escolas Municipais de Educa\u00e7\u00e3o Infantil &#8211; EMEIs Escolas Municipais de Ensino Fundamental &#8211; EMEFs<\/p>\n","protected":false},"author":22,"featured_media":0,"parent":0,"menu_order":0,"comment_status":"closed","ping_status":"closed","template":"","meta":{"footnotes":""},"class_list":["post-9917","page","type-page","status-publish","hentry"],"yoast_head":"<!-- This site is optimized with the Yoast SEO plugin v23.8 - https:\/\/yoast.com\/wordpress\/plugins\/seo\/ -->\n<title>Card\u00e1pio Escolar 2025 - Secretaria de Educa\u00e7\u00e3o<\/title>\n<meta name=\"robots\" content=\"index, follow, max-snippet:-1, max-image-preview:large, max-video-preview:-1\" \/>\n<link rel=\"canonical\" href=\"https:\/\/www.pmpf.rs.gov.br\/educacao\/cardapio-escolar-2025\/\" \/>\n<meta property=\"og:locale\" content=\"pt_BR\" \/>\n<meta property=\"og:type\" content=\"article\" \/>\n<meta property=\"og:title\" content=\"Card\u00e1pio Escolar 2025 - Secretaria de Educa\u00e7\u00e3o\" \/>\n<meta property=\"og:description\" content=\"Escolas Municipais de Educa\u00e7\u00e3o Infantil &#8211; EMEIs Escolas Municipais de Ensino Fundamental &#8211; EMEFs\" \/>\n<meta property=\"og:url\" content=\"https:\/\/www.pmpf.rs.gov.br\/educacao\/cardapio-escolar-2025\/\" \/>\n<meta property=\"og:site_name\" content=\"Secretaria de Educa\u00e7\u00e3o\" \/>\n<meta property=\"article:modified_time\" content=\"2025-05-21T19:31:02+00:00\" \/>\n<meta name=\"twitter:card\" content=\"summary_large_image\" \/>\n<meta name=\"twitter:label1\" content=\"Est. tempo de leitura\" \/>\n\t<meta name=\"twitter:data1\" content=\"2 minutos\" \/>\n<script type=\"application\/ld+json\" class=\"yoast-schema-graph\">{\"@context\":\"https:\/\/schema.org\",\"@graph\":[{\"@type\":\"WebPage\",\"@id\":\"https:\/\/www.pmpf.rs.gov.br\/educacao\/cardapio-escolar-2025\/\",\"url\":\"https:\/\/www.pmpf.rs.gov.br\/educacao\/cardapio-escolar-2025\/\",\"name\":\"Card\u00e1pio Escolar 2025 - Secretaria de Educa\u00e7\u00e3o\",\"isPartOf\":{\"@id\":\"https:\/\/www.pmpf.rs.gov.br\/educacao\/#website\"},\"datePublished\":\"2025-03-06T12:42:55+00:00\",\"dateModified\":\"2025-05-21T19:31:02+00:00\",\"inLanguage\":\"pt-BR\",\"potentialAction\":[{\"@type\":\"ReadAction\",\"target\":[\"https:\/\/www.pmpf.rs.gov.br\/educacao\/cardapio-escolar-2025\/\"]}]},{\"@type\":\"WebSite\",\"@id\":\"https:\/\/www.pmpf.rs.gov.br\/educacao\/#website\",\"url\":\"https:\/\/www.pmpf.rs.gov.br\/educacao\/\",\"name\":\"Secretaria de Educa\u00e7\u00e3o\",\"description\":\"Secretaria de Educa\u00e7\u00e3o da cidade de Passo Fundo\",\"potentialAction\":[{\"@type\":\"SearchAction\",\"target\":{\"@type\":\"EntryPoint\",\"urlTemplate\":\"https:\/\/www.pmpf.rs.gov.br\/educacao\/?s={search_term_string}\"},\"query-input\":{\"@type\":\"PropertyValueSpecification\",\"valueRequired\":true,\"valueName\":\"search_term_string\"}}],\"inLanguage\":\"pt-BR\"}]}<\/script>\n<!-- \/ Yoast SEO plugin. -->","yoast_head_json":{"title":"Card\u00e1pio Escolar 2025 - Secretaria de Educa\u00e7\u00e3o","robots":{"index":"index","follow":"follow","max-snippet":"max-snippet:-1","max-image-preview":"max-image-preview:large","max-video-preview":"max-video-preview:-1"},"canonical":"https:\/\/www.pmpf.rs.gov.br\/educacao\/cardapio-escolar-2025\/","og_locale":"pt_BR","og_type":"article","og_title":"Card\u00e1pio Escolar 2025 - Secretaria de Educa\u00e7\u00e3o","og_description":"Escolas Municipais de Educa\u00e7\u00e3o Infantil &#8211; EMEIs Escolas Municipais de Ensino Fundamental &#8211; EMEFs","og_url":"https:\/\/www.pmpf.rs.gov.br\/educacao\/cardapio-escolar-2025\/","og_site_name":"Secretaria de Educa\u00e7\u00e3o","article_modified_time":"2025-05-21T19:31:02+00:00","twitter_card":"summary_large_image","twitter_misc":{"Est. tempo de leitura":"2 minutos"},"schema":{"@context":"https:\/\/schema.org","@graph":[{"@type":"WebPage","@id":"https:\/\/www.pmpf.rs.gov.br\/educacao\/cardapio-escolar-2025\/","url":"https:\/\/www.pmpf.rs.gov.br\/educacao\/cardapio-escolar-2025\/","name":"Card\u00e1pio Escolar 2025 - Secretaria de Educa\u00e7\u00e3o","isPartOf":{"@id":"https:\/\/www.pmpf.rs.gov.br\/educacao\/#website"},"datePublished":"2025-03-06T12:42:55+00:00","dateModified":"2025-05-21T19:31:02+00:00","inLanguage":"pt-BR","potentialAction":[{"@type":"ReadAction","target":["https:\/\/www.pmpf.rs.gov.br\/educacao\/cardapio-escolar-2025\/"]}]},{"@type":"WebSite","@id":"https:\/\/www.pmpf.rs.gov.br\/educacao\/#website","url":"https:\/\/www.pmpf.rs.gov.br\/educacao\/","name":"Secretaria de Educa\u00e7\u00e3o","description":"Secretaria de Educa\u00e7\u00e3o da cidade de Passo Fundo","potentialAction":[{"@type":"SearchAction","target":{"@type":"EntryPoint","urlTemplate":"https:\/\/www.pmpf.rs.gov.br\/educacao\/?s={search_term_string}"},"query-input":{"@type":"PropertyValueSpecification","valueRequired":true,"valueName":"search_term_string"}}],"inLanguage":"pt-BR"}]}},"_links":{"self":[{"href":"https:\/\/www.pmpf.rs.gov.br\/educacao\/wp-json\/wp\/v2\/pages\/9917"}],"collection":[{"href":"https:\/\/www.pmpf.rs.gov.br\/educacao\/wp-json\/wp\/v2\/pages"}],"about":[{"href":"https:\/\/www.pmpf.rs.gov.br\/educacao\/wp-json\/wp\/v2\/types\/page"}],"author":[{"embeddable":true,"href":"https:\/\/www.pmpf.rs.gov.br\/educacao\/wp-json\/wp\/v2\/users\/22"}],"replies":[{"embeddable":true,"href":"https:\/\/www.pmpf.rs.gov.br\/educacao\/wp-json\/wp\/v2\/comments?post=9917"}],"version-history":[{"count":5,"href":"https:\/\/www.pmpf.rs.gov.br\/educacao\/wp-json\/wp\/v2\/pages\/9917\/revisions"}],"predecessor-version":[{"id":9996,"href":"https:\/\/www.pmpf.rs.gov.br\/educacao\/wp-json\/wp\/v2\/pages\/9917\/revisions\/9996"}],"wp:attachment":[{"href":"https:\/\/www.pmpf.rs.gov.br\/educacao\/wp-json\/wp\/v2\/media?parent=9917"}],"curies":[{"name":"wp","href":"https:\/\/api.w.org\/{rel}","templated":true}]}}