{"id":8951,"date":"2023-01-18T15:02:35","date_gmt":"2023-01-18T18:02:35","guid":{"rendered":"https:\/\/www.pmpf.rs.gov.br\/educacao\/?page_id=8951"},"modified":"2025-07-01T14:24:59","modified_gmt":"2025-07-01T17:24:59","slug":"prisma-espaco-geek","status":"publish","type":"page","link":"https:\/\/www.pmpf.rs.gov.br\/educacao\/prisma-espaco-geek\/","title":{"rendered":"Prisma Espa\u00e7o Geek"},"content":{"rendered":"\n<figure class=\"wp-block-image size-large\"><a href=\"https:\/\/prisma.educapf.org\/\" target=\"_blank\" rel=\"noreferrer noopener\"><img loading=\"lazy\" decoding=\"async\" width=\"1024\" height=\"320\" src=\"https:\/\/www.pmpf.rs.gov.br\/educacao\/wp-content\/uploads\/sites\/43\/2023\/01\/cropped-capa-site-1-1024x320.png\" alt=\"\" class=\"wp-image-8961\" srcset=\"https:\/\/www.pmpf.rs.gov.br\/educacao\/wp-content\/uploads\/sites\/43\/2023\/01\/cropped-capa-site-1-1024x320.png 1024w, https:\/\/www.pmpf.rs.gov.br\/educacao\/wp-content\/uploads\/sites\/43\/2023\/01\/cropped-capa-site-1-300x94.png 300w, https:\/\/www.pmpf.rs.gov.br\/educacao\/wp-content\/uploads\/sites\/43\/2023\/01\/cropped-capa-site-1-768x240.png 768w, https:\/\/www.pmpf.rs.gov.br\/educacao\/wp-content\/uploads\/sites\/43\/2023\/01\/cropped-capa-site-1-1536x480.png 1536w, https:\/\/www.pmpf.rs.gov.br\/educacao\/wp-content\/uploads\/sites\/43\/2023\/01\/cropped-capa-site-1.png 1600w\" sizes=\"(max-width: 1024px) 100vw, 1024px\" \/><\/a><\/figure>\n\n\n\n<p><strong>Um Espa\u00e7o P\u00fablico Disruptivo de Aprendizagem Criativa!<\/strong><\/p>\n\n\n\n<figure class=\"wp-block-embed is-type-video is-provider-youtube wp-block-embed-youtube wp-embed-aspect-16-9 wp-has-aspect-ratio\"><div class=\"wp-block-embed__wrapper\">\n<iframe loading=\"lazy\" title=\"O que \u00e9 o Prisma?\" width=\"600\" height=\"338\" src=\"https:\/\/www.youtube.com\/embed\/11TGP5QZ2Nk?feature=oembed\" frameborder=\"0\" allow=\"accelerometer; autoplay; clipboard-write; encrypted-media; gyroscope; picture-in-picture; web-share\" referrerpolicy=\"strict-origin-when-cross-origin\" allowfullscreen><\/iframe>\n<\/div><\/figure>\n\n\n\n<p>Criado pelo&nbsp;<a href=\"https:\/\/leismunicipais.com.br\/a1\/rs\/p\/passo-fundo\/decreto\/2019\/6\/51\/decreto-n-51-2019-cria-no-ambito-da-administracao-direta-do-poder-executivo-municipal-a-prisma-estacao-cultural-da-gare-conforme-especifica?q=51\">decreto n\u00ba 51 de 31 de maio de 2019<\/a>, PRISMA: Esta\u00e7\u00e3o Cultural da Gare, espa\u00e7o cultural, tecnol\u00f3gico e de educa\u00e7\u00e3o, localizada no Parque da Gare em Passo Fundo, RS, constitui-se num um espa\u00e7o geek de leitura e autoria, do impresso ao digital, abrangendo literatura, educa\u00e7\u00e3o, cultura,&nbsp; artes, tecnologia e games.<\/p>\n\n\n\n<p>\u00d3rg\u00e3o administrativo vinculado \u00e0 Secretaria de Educa\u00e7\u00e3o, informalmente chamado de PRISMA Espa\u00e7o Geek, \u00e9 um espa\u00e7o disruptivo de aprendizagem criativa, de&nbsp; cria\u00e7\u00e3o, converg\u00eancia e difus\u00e3o de conhecimento com \u00eanfase na dimens\u00e3o do impresso \u00e0s m\u00faltiplas modalidades emergentes na Cultura Digital, com foco na Cultura Geek.<\/p>\n\n\n\n<p>Seu objetivo \u00e9 contribuir para o desenvolvimento de compet\u00eancias necess\u00e1rias para a viv\u00eancia de crian\u00e7as, jovens e adultos no mundo contempor\u00e2neo que se modifica permanentemente em fun\u00e7\u00e3o do surgimento de tecnologias inovadoras, por interm\u00e9dio de linguagens, materiais, produtos, equipamentos de diferentes naturezas, com \u00eanfase nas tecnologias digitais, alavancando suas condi\u00e7\u00f5es sociais, educacionais e culturais do munic\u00edpio.<\/p>\n\n\n\n<p>As a\u00e7\u00f5es do Prisma objetivam promover o di\u00e1logo entre as distintas \u00e1reas do conhecimento, na perspectiva da interdisciplinaridade, ludicidade e do entretenimento. O Espa\u00e7o desenvolver\u00e1 atividades a partir de narrativas que perpassam jogos de tabuleiro, RPGs, de cartas, eletr\u00f4nicos, computadores, tablets, TVs, impressora 3D, kits de rob\u00f3tica, lousa digital, literatura infantil, juvenil e adulta, peri\u00f3dicos digitais e impressos, hist\u00f3rias em quadrinhos e mang\u00e1s, elementos da Cultura Geek em conson\u00e2ncia com as caracter\u00edsticas do mundo contempor\u00e2neo.<\/p>\n\n\n\n<p>Venha nos visitar na&nbsp;Rua Minas Gerais, 555 &#8211; Centro, Passo Fundo &#8211; RS<\/p>\n\n\n\n<p>Conhe\u00e7a mais e fa\u00e7a sua inscri\u00e7\u00e3o para as atividades do Prisma pelo site: <a href=\"https:\/\/prisma.educapf.org\/\" target=\"_blank\" rel=\"noreferrer noopener\">https:\/\/prisma.educapf.org\/<\/a><\/p>\n\n\n\n<p><\/p>\n","protected":false},"excerpt":{"rendered":"<p>Um Espa\u00e7o P\u00fablico Disruptivo de Aprendizagem Criativa! Criado pelo&nbsp;decreto n\u00ba 51 de 31 de maio de 2019, PRISMA: Esta\u00e7\u00e3o Cultural da Gare, espa\u00e7o cultural, tecnol\u00f3gico e de educa\u00e7\u00e3o, localizada no Parque da [&hellip;]<\/p>\n","protected":false},"author":22,"featured_media":0,"parent":0,"menu_order":0,"comment_status":"closed","ping_status":"closed","template":"","meta":{"footnotes":""},"class_list":["post-8951","page","type-page","status-publish","hentry"],"yoast_head":"<!-- This site is optimized with the Yoast SEO plugin v23.8 - https:\/\/yoast.com\/wordpress\/plugins\/seo\/ -->\n<title>Prisma Espa\u00e7o Geek - Secretaria de Educa\u00e7\u00e3o<\/title>\n<meta name=\"robots\" content=\"index, follow, max-snippet:-1, max-image-preview:large, max-video-preview:-1\" \/>\n<link rel=\"canonical\" href=\"https:\/\/www.pmpf.rs.gov.br\/educacao\/prisma-espaco-geek\/\" \/>\n<meta property=\"og:locale\" content=\"pt_BR\" \/>\n<meta property=\"og:type\" content=\"article\" \/>\n<meta property=\"og:title\" content=\"Prisma Espa\u00e7o Geek - Secretaria de Educa\u00e7\u00e3o\" \/>\n<meta property=\"og:description\" content=\"Um Espa\u00e7o P\u00fablico Disruptivo de Aprendizagem Criativa! Criado pelo&nbsp;decreto n\u00ba 51 de 31 de maio de 2019, PRISMA: Esta\u00e7\u00e3o Cultural da Gare, espa\u00e7o cultural, tecnol\u00f3gico e de educa\u00e7\u00e3o, localizada no Parque da [&hellip;]\" \/>\n<meta property=\"og:url\" content=\"https:\/\/www.pmpf.rs.gov.br\/educacao\/prisma-espaco-geek\/\" \/>\n<meta property=\"og:site_name\" content=\"Secretaria de Educa\u00e7\u00e3o\" \/>\n<meta property=\"article:modified_time\" content=\"2025-07-01T17:24:59+00:00\" \/>\n<meta property=\"og:image\" content=\"https:\/\/www.pmpf.rs.gov.br\/educacao\/wp-content\/uploads\/sites\/43\/2023\/01\/cropped-capa-site-1.png\" \/>\n\t<meta property=\"og:image:width\" content=\"1600\" \/>\n\t<meta property=\"og:image:height\" content=\"500\" \/>\n\t<meta property=\"og:image:type\" content=\"image\/png\" \/>\n<meta name=\"twitter:card\" content=\"summary_large_image\" \/>\n<meta name=\"twitter:label1\" content=\"Est. tempo de leitura\" \/>\n\t<meta name=\"twitter:data1\" content=\"2 minutos\" \/>\n<script type=\"application\/ld+json\" class=\"yoast-schema-graph\">{\"@context\":\"https:\/\/schema.org\",\"@graph\":[{\"@type\":\"WebPage\",\"@id\":\"https:\/\/www.pmpf.rs.gov.br\/educacao\/prisma-espaco-geek\/\",\"url\":\"https:\/\/www.pmpf.rs.gov.br\/educacao\/prisma-espaco-geek\/\",\"name\":\"Prisma Espa\u00e7o Geek - Secretaria de Educa\u00e7\u00e3o\",\"isPartOf\":{\"@id\":\"https:\/\/www.pmpf.rs.gov.br\/educacao\/#website\"},\"primaryImageOfPage\":{\"@id\":\"https:\/\/www.pmpf.rs.gov.br\/educacao\/prisma-espaco-geek\/#primaryimage\"},\"image\":{\"@id\":\"https:\/\/www.pmpf.rs.gov.br\/educacao\/prisma-espaco-geek\/#primaryimage\"},\"thumbnailUrl\":\"https:\/\/www.pmpf.rs.gov.br\/educacao\/wp-content\/uploads\/sites\/43\/2023\/01\/cropped-capa-site-1-1024x320.png\",\"datePublished\":\"2023-01-18T18:02:35+00:00\",\"dateModified\":\"2025-07-01T17:24:59+00:00\",\"inLanguage\":\"pt-BR\",\"potentialAction\":[{\"@type\":\"ReadAction\",\"target\":[\"https:\/\/www.pmpf.rs.gov.br\/educacao\/prisma-espaco-geek\/\"]}]},{\"@type\":\"ImageObject\",\"inLanguage\":\"pt-BR\",\"@id\":\"https:\/\/www.pmpf.rs.gov.br\/educacao\/prisma-espaco-geek\/#primaryimage\",\"url\":\"https:\/\/www.pmpf.rs.gov.br\/educacao\/wp-content\/uploads\/sites\/43\/2023\/01\/cropped-capa-site-1.png\",\"contentUrl\":\"https:\/\/www.pmpf.rs.gov.br\/educacao\/wp-content\/uploads\/sites\/43\/2023\/01\/cropped-capa-site-1.png\",\"width\":1600,\"height\":500},{\"@type\":\"WebSite\",\"@id\":\"https:\/\/www.pmpf.rs.gov.br\/educacao\/#website\",\"url\":\"https:\/\/www.pmpf.rs.gov.br\/educacao\/\",\"name\":\"Secretaria de Educa\u00e7\u00e3o\",\"description\":\"Secretaria de Educa\u00e7\u00e3o da cidade de Passo Fundo\",\"potentialAction\":[{\"@type\":\"SearchAction\",\"target\":{\"@type\":\"EntryPoint\",\"urlTemplate\":\"https:\/\/www.pmpf.rs.gov.br\/educacao\/?s={search_term_string}\"},\"query-input\":{\"@type\":\"PropertyValueSpecification\",\"valueRequired\":true,\"valueName\":\"search_term_string\"}}],\"inLanguage\":\"pt-BR\"}]}<\/script>\n<!-- \/ Yoast SEO plugin. -->","yoast_head_json":{"title":"Prisma Espa\u00e7o Geek - Secretaria de Educa\u00e7\u00e3o","robots":{"index":"index","follow":"follow","max-snippet":"max-snippet:-1","max-image-preview":"max-image-preview:large","max-video-preview":"max-video-preview:-1"},"canonical":"https:\/\/www.pmpf.rs.gov.br\/educacao\/prisma-espaco-geek\/","og_locale":"pt_BR","og_type":"article","og_title":"Prisma Espa\u00e7o Geek - Secretaria de Educa\u00e7\u00e3o","og_description":"Um Espa\u00e7o P\u00fablico Disruptivo de Aprendizagem Criativa! Criado pelo&nbsp;decreto n\u00ba 51 de 31 de maio de 2019, PRISMA: Esta\u00e7\u00e3o Cultural da Gare, espa\u00e7o cultural, tecnol\u00f3gico e de educa\u00e7\u00e3o, localizada no Parque da [&hellip;]","og_url":"https:\/\/www.pmpf.rs.gov.br\/educacao\/prisma-espaco-geek\/","og_site_name":"Secretaria de Educa\u00e7\u00e3o","article_modified_time":"2025-07-01T17:24:59+00:00","og_image":[{"width":1600,"height":500,"url":"https:\/\/www.pmpf.rs.gov.br\/educacao\/wp-content\/uploads\/sites\/43\/2023\/01\/cropped-capa-site-1.png","type":"image\/png"}],"twitter_card":"summary_large_image","twitter_misc":{"Est. tempo de leitura":"2 minutos"},"schema":{"@context":"https:\/\/schema.org","@graph":[{"@type":"WebPage","@id":"https:\/\/www.pmpf.rs.gov.br\/educacao\/prisma-espaco-geek\/","url":"https:\/\/www.pmpf.rs.gov.br\/educacao\/prisma-espaco-geek\/","name":"Prisma Espa\u00e7o Geek - Secretaria de Educa\u00e7\u00e3o","isPartOf":{"@id":"https:\/\/www.pmpf.rs.gov.br\/educacao\/#website"},"primaryImageOfPage":{"@id":"https:\/\/www.pmpf.rs.gov.br\/educacao\/prisma-espaco-geek\/#primaryimage"},"image":{"@id":"https:\/\/www.pmpf.rs.gov.br\/educacao\/prisma-espaco-geek\/#primaryimage"},"thumbnailUrl":"https:\/\/www.pmpf.rs.gov.br\/educacao\/wp-content\/uploads\/sites\/43\/2023\/01\/cropped-capa-site-1-1024x320.png","datePublished":"2023-01-18T18:02:35+00:00","dateModified":"2025-07-01T17:24:59+00:00","inLanguage":"pt-BR","potentialAction":[{"@type":"ReadAction","target":["https:\/\/www.pmpf.rs.gov.br\/educacao\/prisma-espaco-geek\/"]}]},{"@type":"ImageObject","inLanguage":"pt-BR","@id":"https:\/\/www.pmpf.rs.gov.br\/educacao\/prisma-espaco-geek\/#primaryimage","url":"https:\/\/www.pmpf.rs.gov.br\/educacao\/wp-content\/uploads\/sites\/43\/2023\/01\/cropped-capa-site-1.png","contentUrl":"https:\/\/www.pmpf.rs.gov.br\/educacao\/wp-content\/uploads\/sites\/43\/2023\/01\/cropped-capa-site-1.png","width":1600,"height":500},{"@type":"WebSite","@id":"https:\/\/www.pmpf.rs.gov.br\/educacao\/#website","url":"https:\/\/www.pmpf.rs.gov.br\/educacao\/","name":"Secretaria de Educa\u00e7\u00e3o","description":"Secretaria de Educa\u00e7\u00e3o da cidade de Passo Fundo","potentialAction":[{"@type":"SearchAction","target":{"@type":"EntryPoint","urlTemplate":"https:\/\/www.pmpf.rs.gov.br\/educacao\/?s={search_term_string}"},"query-input":{"@type":"PropertyValueSpecification","valueRequired":true,"valueName":"search_term_string"}}],"inLanguage":"pt-BR"}]}},"_links":{"self":[{"href":"https:\/\/www.pmpf.rs.gov.br\/educacao\/wp-json\/wp\/v2\/pages\/8951"}],"collection":[{"href":"https:\/\/www.pmpf.rs.gov.br\/educacao\/wp-json\/wp\/v2\/pages"}],"about":[{"href":"https:\/\/www.pmpf.rs.gov.br\/educacao\/wp-json\/wp\/v2\/types\/page"}],"author":[{"embeddable":true,"href":"https:\/\/www.pmpf.rs.gov.br\/educacao\/wp-json\/wp\/v2\/users\/22"}],"replies":[{"embeddable":true,"href":"https:\/\/www.pmpf.rs.gov.br\/educacao\/wp-json\/wp\/v2\/comments?post=8951"}],"version-history":[{"count":8,"href":"https:\/\/www.pmpf.rs.gov.br\/educacao\/wp-json\/wp\/v2\/pages\/8951\/revisions"}],"predecessor-version":[{"id":10029,"href":"https:\/\/www.pmpf.rs.gov.br\/educacao\/wp-json\/wp\/v2\/pages\/8951\/revisions\/10029"}],"wp:attachment":[{"href":"https:\/\/www.pmpf.rs.gov.br\/educacao\/wp-json\/wp\/v2\/media?parent=8951"}],"curies":[{"name":"wp","href":"https:\/\/api.w.org\/{rel}","templated":true}]}}