{"id":126,"date":"2021-12-21T12:15:25","date_gmt":"2021-12-21T15:15:25","guid":{"rendered":"https:\/\/www.pmpf.rs.gov.br\/educacao\/?page_id=126"},"modified":"2025-07-11T15:12:56","modified_gmt":"2025-07-11T18:12:56","slug":"rae-rede-de-apoio-a-escola","status":"publish","type":"page","link":"https:\/\/www.pmpf.rs.gov.br\/educacao\/rae-rede-de-apoio-a-escola\/","title":{"rendered":"RAE &#8211; Rede de Apoio \u00e0 Escola"},"content":{"rendered":"\n<p>A REDE \u00e9 formada por segmentos da sociedade que se re\u00fanem para discutir e elaborar alternativas para melhorar a frequ\u00eancia, indisciplina e aprendizagem.&nbsp;S\u00e3o quatro RAEs, baseadas no zoneamento dos quatro CRAS (Centro de Refer\u00eancia de Assist\u00eancia Social) existentes, abrangendo escolas p\u00fablicas e  unidades de sa\u00fade. A RAE tem por objetivo o trabalho em rede e a busca de solu\u00e7\u00f5es coletivas de alternativas para diminuir a evas\u00e3o e outros problemas que interferem direta ou indiretamente no processo ensino aprendizagem e\/ou na socializa\u00e7\u00e3o do educando.Na busca ativa dos alunos em situa\u00e7\u00e3o de evas\u00e3o escolar, participam membros dos segmentos: Semcas (CRAS e CREAS), SME, 7a CRE, SMS e Conselho Tutelar Microrregi\u00e3o 1 e 2. Em 2024 o Sistema da Fica FICAI foi reestruturado.&nbsp;<\/p>\n\n\n\n<p>Uma vez apurado que um aluno atingiu&nbsp;determinado n\u00famero de faltas, consecutivas&nbsp;ou alternadas, a pr\u00f3pria escola deve j\u00e1&nbsp;procurar interceder diretamente junto \u00e0 sua&nbsp;fam\u00edlia, de modo a apurar a raz\u00e3o da&nbsp;infrequ\u00eancia e, desde logo, proceder \u00e0s&nbsp;orienta\u00e7\u00f5es que se fizerem necess\u00e1rias, num&nbsp;verdadeiro trabalho de resgate do aluno&nbsp;infrequente e registrar na nova FICAI 4.0.<\/p>\n\n\n\n<p>No preenchimento da nova FICAI 4.0 deve&nbsp;constar os dados do estudante e fam\u00edlia,&nbsp;quais as a\u00e7\u00f5es da escola perante a&nbsp;infrequ\u00eancia escolar, o que a escola j\u00e1 fez&nbsp;de busca ativa e datas\/registros de contatos&nbsp;e\/ ou visitas com a fam\u00edlia e estudante.&nbsp;Se o aluno n\u00e3o retornar, encaminhar a FICAI para a Rede de Apoio, dentro da pr\u00f3pria&nbsp;FICAI 4.0. A partir disso, ser\u00e3o discutidas solu\u00e7\u00f5es para o problema e a crian\u00e7a poder\u00e1 ser direcionada&nbsp;para atendimento espec\u00edfico, caso seja&nbsp;necess\u00e1rio.<\/p>\n\n\n\n<h3 class=\"wp-block-heading\"><strong>Entidades envolvidas<\/strong><\/h3>\n\n\n\n<p>CRAS da regi\u00e3o<br>CAIS e\/ou ESFs da regi\u00e3o<br>Escolas municipais da regi\u00e3o<br>Escolas estaduais da regi\u00e3o<br>Conselho Tutelar<br>Associa\u00e7\u00f5es dos bairros da regi\u00e3o<br>Religi\u00f5es da regi\u00e3o<br>Brigada Militar<br>Promotoria Regional e Educa\u00e7\u00e3o<br>Secretaria Municipal de Educa\u00e7\u00e3o<br>7\u00aa Coordenadoria Regional de Educa\u00e7\u00e3o<br>Secretaria Municipal de Sa\u00fade<br>Secretaria Municipal de Cidadania e Assist\u00eancia Social<br>Coordenadoria das Associa\u00e7\u00f5es de Bairros<\/p>\n\n\n\n<h3 class=\"wp-block-heading\"><strong>Fun\u00e7\u00f5es da RAE<\/strong><\/h3>\n\n\n\n<p>A RAE tem por objetivo o trabalho em rede e a busca de solu\u00e7\u00f5es coletivas de alternativas para diminuir a evas\u00e3o e outros problemas que interferem direta ou indiretamente no processo ensino-aprendizagem e\/ou na socializa\u00e7\u00e3o do educando.<\/p>\n\n\n\n<h3 class=\"wp-block-heading\"><strong>Objetivo da RAE<\/strong><\/h3>\n\n\n\n<p>Subsidiar professores e diretores de escolas na tarefa di\u00e1ria de combater a evas\u00e3o, oferecendo parceria e apoio por meio de capacita\u00e7\u00f5es aos educadores formais; a\u00e7\u00f5es conjuntas de promo\u00e7\u00e3o dos direitos \u00e0 educa\u00e7\u00e3o; mapeamento de alunos infrequentes e com hist\u00f3rico de viol\u00eancia no ambiente escolar, e atua\u00e7\u00e3o junto ao professor na abordagem com os n\u00facleos familiares mapeados.<\/p>\n\n\n\n<h3 class=\"wp-block-heading\"><strong>Escolas P\u00fablicas de Passo Fundo Atendidas pelas RAEs<\/strong><\/h3>\n\n\n\n<div style=\"height:10px\" aria-hidden=\"true\" class=\"wp-block-spacer\"><\/div>\n\n\n\n<figure class=\"wp-block-table is-style-regular\"><table><tbody><tr><td><strong>RAE 1 \u2013 CRAS I<\/strong><br><br>EMEF Benoni Rosado<br>EMEF Eloy Pinheiro Machado<br>EMEF Escola do Hoje<br>EMEF Etelvina Rocha Duro<br>EMEF Lions PF Norte<br>EMEF S\u00e3o Luiz Gonzaga<br>EMEF Zeferino Dem\u00e9trio Costi<br>EMEI Branca de Neve<br>EMEI Cantinho Feliz<br>EMEI Crian\u00e7a Feliz&nbsp;<br>EMEI Geny Ara\u00fajo Rebechi<br>EMEI Jardim do Sol<br>EMEI Jos\u00e9 Ant\u00f4nio Falc\u00e3o<br>EMEI Padre Pergentino Dalmagro<br>EMEI Padre Zezinho<br>EMEI Raio de Luz<br>EEEF Coronel Gerv\u00e1sio Lucas Annes<br>EEEF Paulo Freire (FASE)<br>EEEM Professora Eulina Braga<br>Instituto Estadual Cardeal Arcoverde<br>EE General Pretes Guimar\u00e3es&nbsp;&nbsp;<br>Instituto Federal de Educa\u00e7\u00e3o, Ci\u00eancias e Tecnologias &#8211; IFSUL&nbsp;&nbsp;<br>Col\u00e9gio Salvatoriano Bom Conselho&nbsp;&nbsp;<\/td><td><strong>RAE 2 \u2013 CRAS II<\/strong><br><br>EMEF Coronel Sebasti\u00e3o Rocha<br>EMEF Daniel Dipp<br>EMEF Guaracy Barroso Marinho<br>EMEF Prof. Arno Otto Kiehl<br>EMEF Senador Pasqualini<br>EMEI Estrela da Manh\u00e3<br>EMEI Margarida<br>EMEI Os\u00f3rio Cardoso Teixeira<br>EMEI Padre Alcides<br>EMEI Sonho Encantado<br>EMEI Ursinhos Carinhosos<br>Col\u00e9gio Estadual Joaquim Fagundes dos Reis<br>EEE Profissional Jo\u00e3o de C\u00e9saro<br>EEEB Nicolau de Ara\u00fajo Vergueiro<br>EEEF Irm\u00e3 Maria Margarida<br>EEEM Anna Lu\u00edsa Ferr\u00e3o Teixeira<br>EEEM Ernesto Tochetto<br>EEEM Prof\u00aa Lucille Fragoso de Albuquerque<br>EEEM Prot\u00e1sio Alves<br>Col\u00e9gio Marista Concei\u00e7\u00e3o&nbsp;<br>Escola San Patrick&nbsp;<br>Escola Novo C\u00edrculo &#8211; ENC&nbsp;<\/td><\/tr><\/tbody><\/table><\/figure>\n\n\n\n<figure class=\"wp-block-table is-style-regular\"><table><tbody><tr><td><strong>RAE 3 \u2013 CRAS III<\/strong><br><br>EMEF Antonino Xavier<br>EMEF Arlindo de Souza Mattos<br>EMEF Coronel Lolico<br>EMEF Frederico Ferri<br>EMEF Georgina Rosado<br>EMEF Dom Jos\u00e9 Gomes\u00a0<br>EMEF Prof\u00aa Helena Salton<br>EMEF Romana Gobbi<br>EMEF Santo Ant\u00f4nio<br>EMEF Wolmar Salton<br>EMEI Andr\u00e9 Zaffari<br>EMEI Cantinho da Ritinha<br>EMEI Fof\u00e3o<br>EMEI Maria Elizabeth<br>EMEI Prof. Jos\u00e9 Laud\u00e1rio Haupenthal\u00a0<br>EMEI Rita Sirotsky<br>EMEI Santa Isabel<br>EMEI Silo\u00e9 Rocha Bordignon<br>EMEI Tio Patinhas<br>EMEI Waldorf Sep\u00e9 Tiaraju<br>EMEI Vov\u00f3 Nelly<br>Col\u00e9gio Tiradentes da Brigada Militar<br>EEEB Monteiro Lobato<br>EEEF Salom\u00e3o Iochpe<br>EEEF Monte Castelo<br>EEEF Abhramo Angelo Zanotto<br>EEEF Gomercindo dos Reis<br>EEEF Jer\u00f4nimo Coelho<br>EEEF Jo\u00e3o Rosso<br>EEEF Maur\u00edcio Sirotsky Sobrinho<br>EEEF Padre Paulo Jacques<br>EEEF Valdemar Zanatta<br>EEEF Wolmar Antonio Salton<br>EEEM Alberto Pasqualini<br>EEEM Antonino Xavier e Oliveira<br>Col\u00e9gio Notre Dame\u00a0<br>Escola Notre Dame Menino Jesus\u00a0<br>Escola Bom Pastor\u00a0<\/td><td><strong>RAE 4<\/strong><br><br>EMEF Adolfo Camargo&nbsp;<br>EMEF Arlindo Luiz Os\u00f3rio<br>EMEF Cohab Secchi<br>EMEF Dy\u00f3genes Martins Pinto&nbsp;&nbsp;<br>EMEF Fredolino Chimango<br>EMEF Irm\u00e3 Maria Catarina<br>EMEF Jardim Am\u00e9rica<br>EMEF Le\u00e3o Nunes de Castro<br>EMEF Notre Dame<br>EMEF Padre Jos\u00e9 de Anchieta<br>EMEF Santo Agostinho<br>EMEF Urbano Ribas<br>EMEI Abelhinhas<br>EMEI Amizade<br>EMEI Ari Schaeffer<br>EMEI Chapeuzinho Vermelho<br>EMEI Fadinha<br>EMEI Francisco Bianchini<br>EMEI Menino Deus\/Prof. Bandana<br>EMEI Nossa Senhora das Gra\u00e7as<br>EMEI O Mundo da Crian\u00e7a<br>EMEI Santa Luzia<br>EMEI Santa Terezinha<br>EMEI Parque do Sol<br>EEEF Anna Willig<br>EEEF Bela Vista<br>EEEM Adelino Pereira Sim\u00f5es<br>EEEM Maria Dolores Freitas Barros<br>EEEM Mario Quintana<br>SOCREBE&nbsp;<br>Instituto Menino Deus<br>Instituto Educacional IE<br><br><br><br><br><\/td><\/tr><\/tbody><\/table><\/figure>\n\n\n\n<div style=\"height:10px\" aria-hidden=\"true\" class=\"wp-block-spacer\"><\/div>\n\n\n\n<h3 class=\"wp-block-heading\"><strong>Contato<\/strong><\/h3>\n\n\n\n<p><a href=\"mailto:raepassofundo@edu.pmpf.rs.gov.br\" target=\"_blank\" rel=\"noreferrer noopener\">raepassofundo@edu.pmpf.rs.gov.br<\/a><br>Est\u00e1 localizado na Rua Ant\u00f4nio Ara\u00fajo n\u00ba 1151, 1\u00ba andar<br><strong>Hor\u00e1rio de Atendimento:&nbsp;<\/strong> 13h \u00e0s 17h, de segunda a sexta-feira<\/p>\n\n\n\n<hr class=\"wp-block-separator has-alpha-channel-opacity\" \/>\n","protected":false},"excerpt":{"rendered":"<p>A REDE \u00e9 formada por segmentos da sociedade que se re\u00fanem para discutir e elaborar alternativas para melhorar a frequ\u00eancia, indisciplina e aprendizagem.&nbsp;S\u00e3o quatro RAEs, baseadas no zoneamento dos quatro CRAS (Centro [&hellip;]<\/p>\n","protected":false},"author":1,"featured_media":0,"parent":0,"menu_order":0,"comment_status":"closed","ping_status":"closed","template":"","meta":{"footnotes":""},"class_list":["post-126","page","type-page","status-publish","hentry"],"yoast_head":"<!-- This site is optimized with the Yoast SEO plugin v23.8 - https:\/\/yoast.com\/wordpress\/plugins\/seo\/ -->\n<title>RAE - Rede de Apoio \u00e0 Escola - Secretaria de Educa\u00e7\u00e3o<\/title>\n<meta name=\"robots\" content=\"index, follow, max-snippet:-1, max-image-preview:large, max-video-preview:-1\" \/>\n<link rel=\"canonical\" href=\"https:\/\/www.pmpf.rs.gov.br\/educacao\/rae-rede-de-apoio-a-escola\/\" \/>\n<meta property=\"og:locale\" content=\"pt_BR\" \/>\n<meta property=\"og:type\" content=\"article\" \/>\n<meta property=\"og:title\" content=\"RAE - Rede de Apoio \u00e0 Escola - Secretaria de Educa\u00e7\u00e3o\" \/>\n<meta property=\"og:description\" content=\"A REDE \u00e9 formada por segmentos da sociedade que se re\u00fanem para discutir e elaborar alternativas para melhorar a frequ\u00eancia, indisciplina e aprendizagem.&nbsp;S\u00e3o quatro RAEs, baseadas no zoneamento dos quatro CRAS (Centro [&hellip;]\" \/>\n<meta property=\"og:url\" content=\"https:\/\/www.pmpf.rs.gov.br\/educacao\/rae-rede-de-apoio-a-escola\/\" \/>\n<meta property=\"og:site_name\" content=\"Secretaria de Educa\u00e7\u00e3o\" \/>\n<meta property=\"article:modified_time\" content=\"2025-07-11T18:12:56+00:00\" \/>\n<meta name=\"twitter:card\" content=\"summary_large_image\" \/>\n<meta name=\"twitter:label1\" content=\"Est. tempo de leitura\" \/>\n\t<meta name=\"twitter:data1\" content=\"5 minutos\" \/>\n<script type=\"application\/ld+json\" class=\"yoast-schema-graph\">{\"@context\":\"https:\/\/schema.org\",\"@graph\":[{\"@type\":\"WebPage\",\"@id\":\"https:\/\/www.pmpf.rs.gov.br\/educacao\/rae-rede-de-apoio-a-escola\/\",\"url\":\"https:\/\/www.pmpf.rs.gov.br\/educacao\/rae-rede-de-apoio-a-escola\/\",\"name\":\"RAE - Rede de Apoio \u00e0 Escola - Secretaria de Educa\u00e7\u00e3o\",\"isPartOf\":{\"@id\":\"https:\/\/www.pmpf.rs.gov.br\/educacao\/#website\"},\"datePublished\":\"2021-12-21T15:15:25+00:00\",\"dateModified\":\"2025-07-11T18:12:56+00:00\",\"inLanguage\":\"pt-BR\",\"potentialAction\":[{\"@type\":\"ReadAction\",\"target\":[\"https:\/\/www.pmpf.rs.gov.br\/educacao\/rae-rede-de-apoio-a-escola\/\"]}]},{\"@type\":\"WebSite\",\"@id\":\"https:\/\/www.pmpf.rs.gov.br\/educacao\/#website\",\"url\":\"https:\/\/www.pmpf.rs.gov.br\/educacao\/\",\"name\":\"Secretaria de Educa\u00e7\u00e3o\",\"description\":\"Secretaria de Educa\u00e7\u00e3o da cidade de Passo Fundo\",\"potentialAction\":[{\"@type\":\"SearchAction\",\"target\":{\"@type\":\"EntryPoint\",\"urlTemplate\":\"https:\/\/www.pmpf.rs.gov.br\/educacao\/?s={search_term_string}\"},\"query-input\":{\"@type\":\"PropertyValueSpecification\",\"valueRequired\":true,\"valueName\":\"search_term_string\"}}],\"inLanguage\":\"pt-BR\"}]}<\/script>\n<!-- \/ Yoast SEO plugin. -->","yoast_head_json":{"title":"RAE - Rede de Apoio \u00e0 Escola - Secretaria de Educa\u00e7\u00e3o","robots":{"index":"index","follow":"follow","max-snippet":"max-snippet:-1","max-image-preview":"max-image-preview:large","max-video-preview":"max-video-preview:-1"},"canonical":"https:\/\/www.pmpf.rs.gov.br\/educacao\/rae-rede-de-apoio-a-escola\/","og_locale":"pt_BR","og_type":"article","og_title":"RAE - Rede de Apoio \u00e0 Escola - Secretaria de Educa\u00e7\u00e3o","og_description":"A REDE \u00e9 formada por segmentos da sociedade que se re\u00fanem para discutir e elaborar alternativas para melhorar a frequ\u00eancia, indisciplina e aprendizagem.&nbsp;S\u00e3o quatro RAEs, baseadas no zoneamento dos quatro CRAS (Centro [&hellip;]","og_url":"https:\/\/www.pmpf.rs.gov.br\/educacao\/rae-rede-de-apoio-a-escola\/","og_site_name":"Secretaria de Educa\u00e7\u00e3o","article_modified_time":"2025-07-11T18:12:56+00:00","twitter_card":"summary_large_image","twitter_misc":{"Est. tempo de leitura":"5 minutos"},"schema":{"@context":"https:\/\/schema.org","@graph":[{"@type":"WebPage","@id":"https:\/\/www.pmpf.rs.gov.br\/educacao\/rae-rede-de-apoio-a-escola\/","url":"https:\/\/www.pmpf.rs.gov.br\/educacao\/rae-rede-de-apoio-a-escola\/","name":"RAE - Rede de Apoio \u00e0 Escola - Secretaria de Educa\u00e7\u00e3o","isPartOf":{"@id":"https:\/\/www.pmpf.rs.gov.br\/educacao\/#website"},"datePublished":"2021-12-21T15:15:25+00:00","dateModified":"2025-07-11T18:12:56+00:00","inLanguage":"pt-BR","potentialAction":[{"@type":"ReadAction","target":["https:\/\/www.pmpf.rs.gov.br\/educacao\/rae-rede-de-apoio-a-escola\/"]}]},{"@type":"WebSite","@id":"https:\/\/www.pmpf.rs.gov.br\/educacao\/#website","url":"https:\/\/www.pmpf.rs.gov.br\/educacao\/","name":"Secretaria de Educa\u00e7\u00e3o","description":"Secretaria de Educa\u00e7\u00e3o da cidade de Passo Fundo","potentialAction":[{"@type":"SearchAction","target":{"@type":"EntryPoint","urlTemplate":"https:\/\/www.pmpf.rs.gov.br\/educacao\/?s={search_term_string}"},"query-input":{"@type":"PropertyValueSpecification","valueRequired":true,"valueName":"search_term_string"}}],"inLanguage":"pt-BR"}]}},"_links":{"self":[{"href":"https:\/\/www.pmpf.rs.gov.br\/educacao\/wp-json\/wp\/v2\/pages\/126"}],"collection":[{"href":"https:\/\/www.pmpf.rs.gov.br\/educacao\/wp-json\/wp\/v2\/pages"}],"about":[{"href":"https:\/\/www.pmpf.rs.gov.br\/educacao\/wp-json\/wp\/v2\/types\/page"}],"author":[{"embeddable":true,"href":"https:\/\/www.pmpf.rs.gov.br\/educacao\/wp-json\/wp\/v2\/users\/1"}],"replies":[{"embeddable":true,"href":"https:\/\/www.pmpf.rs.gov.br\/educacao\/wp-json\/wp\/v2\/comments?post=126"}],"version-history":[{"count":16,"href":"https:\/\/www.pmpf.rs.gov.br\/educacao\/wp-json\/wp\/v2\/pages\/126\/revisions"}],"predecessor-version":[{"id":10038,"href":"https:\/\/www.pmpf.rs.gov.br\/educacao\/wp-json\/wp\/v2\/pages\/126\/revisions\/10038"}],"wp:attachment":[{"href":"https:\/\/www.pmpf.rs.gov.br\/educacao\/wp-json\/wp\/v2\/media?parent=126"}],"curies":[{"name":"wp","href":"https:\/\/api.w.org\/{rel}","templated":true}]}}