{"id":124,"date":"2021-12-21T12:12:03","date_gmt":"2021-12-21T15:12:03","guid":{"rendered":"https:\/\/www.pmpf.rs.gov.br\/educacao\/?page_id=124"},"modified":"2022-03-07T16:29:40","modified_gmt":"2022-03-07T19:29:40","slug":"biblioteca-publica-municipal-arno-viuniski","status":"publish","type":"page","link":"https:\/\/www.pmpf.rs.gov.br\/educacao\/biblioteca-publica-municipal-arno-viuniski\/","title":{"rendered":"Biblioteca P\u00fablica Municipal Arno Viuniski"},"content":{"rendered":"\n<h2 class=\"wp-block-heading\"><em>Espa\u00e7o de forma\u00e7\u00e3o de leitores<\/em><\/h2>\n\n\n\n<p>Desde 2013, a Biblioteca P\u00fablica Municipal Arno Viuniski apresenta um novo conceito de biblioteca, com um espa\u00e7o dedicado \u00e0s crian\u00e7as e forma\u00e7\u00e3o de novos leitores, ao aprendizado de novas linguagens e \u00e0 percep\u00e7\u00e3o audiovisual.<\/p>\n\n\n\n<p>Uma \u00e1rea com espa\u00e7o ao ar livre foi incorporada \u00e0 redefini\u00e7\u00e3o das salas com o intuito de favorecer a leitura. Al\u00e9m disso, todas as estantes t\u00eam dicas de leitura, juntamente com a reposi\u00e7\u00e3o de novos livros, obras de arte expostas, conta\u00e7\u00e3o de hist\u00f3rias e palco para apresenta\u00e7\u00f5es.<\/p>\n\n\n\n<p>Al\u00e9m de contar com um acervo entre os diferentes g\u00eaneros da literatura, a biblioteca oferece o Espa\u00e7o Autor Passo-fundense, com a inten\u00e7\u00e3o de valorizar a produ\u00e7\u00e3o intelectual local.<\/p>\n\n\n\n<p>A Biblioteca P\u00fablica Municipal Arno Viuniski foi criada atrav\u00e9s do decreto de lei federal n\u00ba 1.939, pelo ent\u00e3o prefeito Arthur Ferreira Filho. Foi inaugurada no dia 02 de abril de 1940, na Sede do Gr\u00eamio Passo-fundense de Letras.<\/p>\n\n\n\n<p><strong>Quem foi Arno Viuniski<\/strong><br>Arno Viuniski, filho do casal Moyses e Rachel Viuniski, nasceu em Passo Fundo, no dia 11 de novembro de 1949, e faleceu prematuramente aos 30 anos.<\/p>\n\n\n\n<p>Estudou at\u00e9 o Ensino M\u00e9dio no Instituto Educacional, cursou a Faculdade de Arquitetura e Comunica\u00e7\u00e3o Social, ambas na Universidade Unisinos de S\u00e3o Leopoldo. Estagiou na Secretaria de Obras e Via\u00e7\u00e3o da Prefeitura de Passo Fundo, sendo o autor do projeto arquitet\u00f4nico da Biblioteca Municipal de Passo Fundo, no per\u00edodo de 1976, hoje, chamada Biblioteca P\u00fablica Municipal Arno Viuniski. O projeto contemplava uma arquitetura arrojada para \u00e9poca, com seu formato hexagonal.<\/p>\n","protected":false},"excerpt":{"rendered":"<p>Espa\u00e7o de forma\u00e7\u00e3o de leitores Desde 2013, a Biblioteca P\u00fablica Municipal Arno Viuniski apresenta um novo conceito de biblioteca, com um espa\u00e7o dedicado \u00e0s crian\u00e7as e forma\u00e7\u00e3o de novos leitores, ao aprendizado [&hellip;]<\/p>\n","protected":false},"author":1,"featured_media":0,"parent":0,"menu_order":0,"comment_status":"closed","ping_status":"closed","template":"","meta":{"footnotes":""},"class_list":["post-124","page","type-page","status-publish","hentry"],"yoast_head":"<!-- This site is optimized with the Yoast SEO plugin v23.8 - https:\/\/yoast.com\/wordpress\/plugins\/seo\/ -->\n<title>Biblioteca P\u00fablica Municipal Arno Viuniski - Secretaria de Educa\u00e7\u00e3o<\/title>\n<meta name=\"robots\" content=\"index, follow, max-snippet:-1, max-image-preview:large, max-video-preview:-1\" \/>\n<link rel=\"canonical\" href=\"https:\/\/www.pmpf.rs.gov.br\/educacao\/biblioteca-publica-municipal-arno-viuniski\/\" \/>\n<meta property=\"og:locale\" content=\"pt_BR\" \/>\n<meta property=\"og:type\" content=\"article\" \/>\n<meta property=\"og:title\" content=\"Biblioteca P\u00fablica Municipal Arno Viuniski - Secretaria de Educa\u00e7\u00e3o\" \/>\n<meta property=\"og:description\" content=\"Espa\u00e7o de forma\u00e7\u00e3o de leitores Desde 2013, a Biblioteca P\u00fablica Municipal Arno Viuniski apresenta um novo conceito de biblioteca, com um espa\u00e7o dedicado \u00e0s crian\u00e7as e forma\u00e7\u00e3o de novos leitores, ao aprendizado [&hellip;]\" \/>\n<meta property=\"og:url\" content=\"https:\/\/www.pmpf.rs.gov.br\/educacao\/biblioteca-publica-municipal-arno-viuniski\/\" \/>\n<meta property=\"og:site_name\" content=\"Secretaria de Educa\u00e7\u00e3o\" \/>\n<meta property=\"article:modified_time\" content=\"2022-03-07T19:29:40+00:00\" \/>\n<meta name=\"twitter:card\" content=\"summary_large_image\" \/>\n<meta name=\"twitter:label1\" content=\"Est. tempo de leitura\" \/>\n\t<meta name=\"twitter:data1\" content=\"2 minutos\" \/>\n<script type=\"application\/ld+json\" class=\"yoast-schema-graph\">{\"@context\":\"https:\/\/schema.org\",\"@graph\":[{\"@type\":\"WebPage\",\"@id\":\"https:\/\/www.pmpf.rs.gov.br\/educacao\/biblioteca-publica-municipal-arno-viuniski\/\",\"url\":\"https:\/\/www.pmpf.rs.gov.br\/educacao\/biblioteca-publica-municipal-arno-viuniski\/\",\"name\":\"Biblioteca P\u00fablica Municipal Arno Viuniski - Secretaria de Educa\u00e7\u00e3o\",\"isPartOf\":{\"@id\":\"https:\/\/www.pmpf.rs.gov.br\/educacao\/#website\"},\"datePublished\":\"2021-12-21T15:12:03+00:00\",\"dateModified\":\"2022-03-07T19:29:40+00:00\",\"inLanguage\":\"pt-BR\",\"potentialAction\":[{\"@type\":\"ReadAction\",\"target\":[\"https:\/\/www.pmpf.rs.gov.br\/educacao\/biblioteca-publica-municipal-arno-viuniski\/\"]}]},{\"@type\":\"WebSite\",\"@id\":\"https:\/\/www.pmpf.rs.gov.br\/educacao\/#website\",\"url\":\"https:\/\/www.pmpf.rs.gov.br\/educacao\/\",\"name\":\"Secretaria de Educa\u00e7\u00e3o\",\"description\":\"Secretaria de Educa\u00e7\u00e3o da cidade de Passo Fundo\",\"potentialAction\":[{\"@type\":\"SearchAction\",\"target\":{\"@type\":\"EntryPoint\",\"urlTemplate\":\"https:\/\/www.pmpf.rs.gov.br\/educacao\/?s={search_term_string}\"},\"query-input\":{\"@type\":\"PropertyValueSpecification\",\"valueRequired\":true,\"valueName\":\"search_term_string\"}}],\"inLanguage\":\"pt-BR\"}]}<\/script>\n<!-- \/ Yoast SEO plugin. -->","yoast_head_json":{"title":"Biblioteca P\u00fablica Municipal Arno Viuniski - Secretaria de Educa\u00e7\u00e3o","robots":{"index":"index","follow":"follow","max-snippet":"max-snippet:-1","max-image-preview":"max-image-preview:large","max-video-preview":"max-video-preview:-1"},"canonical":"https:\/\/www.pmpf.rs.gov.br\/educacao\/biblioteca-publica-municipal-arno-viuniski\/","og_locale":"pt_BR","og_type":"article","og_title":"Biblioteca P\u00fablica Municipal Arno Viuniski - Secretaria de Educa\u00e7\u00e3o","og_description":"Espa\u00e7o de forma\u00e7\u00e3o de leitores Desde 2013, a Biblioteca P\u00fablica Municipal Arno Viuniski apresenta um novo conceito de biblioteca, com um espa\u00e7o dedicado \u00e0s crian\u00e7as e forma\u00e7\u00e3o de novos leitores, ao aprendizado [&hellip;]","og_url":"https:\/\/www.pmpf.rs.gov.br\/educacao\/biblioteca-publica-municipal-arno-viuniski\/","og_site_name":"Secretaria de Educa\u00e7\u00e3o","article_modified_time":"2022-03-07T19:29:40+00:00","twitter_card":"summary_large_image","twitter_misc":{"Est. tempo de leitura":"2 minutos"},"schema":{"@context":"https:\/\/schema.org","@graph":[{"@type":"WebPage","@id":"https:\/\/www.pmpf.rs.gov.br\/educacao\/biblioteca-publica-municipal-arno-viuniski\/","url":"https:\/\/www.pmpf.rs.gov.br\/educacao\/biblioteca-publica-municipal-arno-viuniski\/","name":"Biblioteca P\u00fablica Municipal Arno Viuniski - Secretaria de Educa\u00e7\u00e3o","isPartOf":{"@id":"https:\/\/www.pmpf.rs.gov.br\/educacao\/#website"},"datePublished":"2021-12-21T15:12:03+00:00","dateModified":"2022-03-07T19:29:40+00:00","inLanguage":"pt-BR","potentialAction":[{"@type":"ReadAction","target":["https:\/\/www.pmpf.rs.gov.br\/educacao\/biblioteca-publica-municipal-arno-viuniski\/"]}]},{"@type":"WebSite","@id":"https:\/\/www.pmpf.rs.gov.br\/educacao\/#website","url":"https:\/\/www.pmpf.rs.gov.br\/educacao\/","name":"Secretaria de Educa\u00e7\u00e3o","description":"Secretaria de Educa\u00e7\u00e3o da cidade de Passo Fundo","potentialAction":[{"@type":"SearchAction","target":{"@type":"EntryPoint","urlTemplate":"https:\/\/www.pmpf.rs.gov.br\/educacao\/?s={search_term_string}"},"query-input":{"@type":"PropertyValueSpecification","valueRequired":true,"valueName":"search_term_string"}}],"inLanguage":"pt-BR"}]}},"_links":{"self":[{"href":"https:\/\/www.pmpf.rs.gov.br\/educacao\/wp-json\/wp\/v2\/pages\/124"}],"collection":[{"href":"https:\/\/www.pmpf.rs.gov.br\/educacao\/wp-json\/wp\/v2\/pages"}],"about":[{"href":"https:\/\/www.pmpf.rs.gov.br\/educacao\/wp-json\/wp\/v2\/types\/page"}],"author":[{"embeddable":true,"href":"https:\/\/www.pmpf.rs.gov.br\/educacao\/wp-json\/wp\/v2\/users\/1"}],"replies":[{"embeddable":true,"href":"https:\/\/www.pmpf.rs.gov.br\/educacao\/wp-json\/wp\/v2\/comments?post=124"}],"version-history":[{"count":5,"href":"https:\/\/www.pmpf.rs.gov.br\/educacao\/wp-json\/wp\/v2\/pages\/124\/revisions"}],"predecessor-version":[{"id":8235,"href":"https:\/\/www.pmpf.rs.gov.br\/educacao\/wp-json\/wp\/v2\/pages\/124\/revisions\/8235"}],"wp:attachment":[{"href":"https:\/\/www.pmpf.rs.gov.br\/educacao\/wp-json\/wp\/v2\/media?parent=124"}],"curies":[{"name":"wp","href":"https:\/\/api.w.org\/{rel}","templated":true}]}}