{"id":102,"date":"2021-12-21T12:02:35","date_gmt":"2021-12-21T15:02:35","guid":{"rendered":"https:\/\/www.pmpf.rs.gov.br\/educacao\/?page_id=102"},"modified":"2026-02-24T08:39:20","modified_gmt":"2026-02-24T11:39:20","slug":"central-municipal-de-vagas","status":"publish","type":"page","link":"https:\/\/www.pmpf.rs.gov.br\/educacao\/central-municipal-de-vagas\/","title":{"rendered":"Central Municipal de Vagas"},"content":{"rendered":"\n<p>A Central Municipal de Vagas \u00e9&nbsp; respons\u00e1vel pela designa\u00e7\u00e3o dos estudantes que buscam vagas nas escolas da Rede Municipal de Ensino de Passo Fundo.<\/p>\n\n\n\n<div style=\"height:20px\" aria-hidden=\"true\" class=\"wp-block-spacer\"><\/div>\n\n\n\n<div class=\"wp-block-buttons is-horizontal is-content-justification-center is-layout-flex wp-container-core-buttons-is-layout-1 wp-block-buttons-is-layout-flex\">\n<div class=\"wp-block-button\"><a class=\"wp-block-button__link has-white-color has-blue-background-color has-text-color has-background wp-element-button\" href=\"https:\/\/www.pmpf.rs.gov.br\/educacao\/wp-content\/uploads\/sites\/43\/2023\/02\/decreto-141-2025.pdf\" style=\"border-radius:8px\" target=\"_blank\" rel=\"noreferrer noopener\">DECRETO 141\/2025<\/a><\/div>\n\n\n\n<div class=\"wp-block-button\"><a class=\"wp-block-button__link has-white-color has-blue-background-color has-text-color has-background wp-element-button\" href=\"https:\/\/centraldevagas.pmpf.rs.gov.br\/\" style=\"border-radius:8px\" target=\"_blank\" rel=\"noreferrer noopener\">Inscri\u00e7\u00f5es Vagas Remanescentes<\/a><\/div>\n\n\n\n<div class=\"wp-block-button\"><a class=\"wp-block-button__link has-white-color has-blue-background-color has-text-color has-background wp-element-button\" href=\"https:\/\/drive.google.com\/drive\/folders\/1DWt5aG0fhWyGha421SHvdkRwUM8oW_kH?usp=drive_link\" style=\"border-radius:8px\" target=\"_blank\" rel=\"noreferrer noopener\">Resultados 2026<\/a><\/div>\n<\/div>\n\n\n\n<div style=\"height:20px\" aria-hidden=\"true\" class=\"wp-block-spacer\"><\/div>\n\n\n\n<h2 class=\"wp-block-heading\">Etapas Atendidas<\/h2>\n\n\n\n<p><strong>Creche<\/strong><br>Ber\u00e7\u00e1rio &#8211; a partir dos 6 meses<br>Maternal I &#8211; 2 anos completos at\u00e9 31 de mar\u00e7o de 2026<br>Maternal II &#8211; 3 anos completos at\u00e9 31 de mar\u00e7o de 2026<\/p>\n\n\n\n<p><strong>Pr\u00e9 Escola<\/strong><br>Pr\u00e9 I &#8211; 4 anos completos at\u00e9 31 de mar\u00e7o de 2026<br>Pre II &#8211; 5 anos completos at\u00e9 31 de mar\u00e7o de 2026<\/p>\n\n\n\n<p><strong>Ensino Fundamental<\/strong><br>Anos Iniciais (1\u00ba ao 5\u00ba ano)<br>Para ingresso no 1\u00ba ano do Ensino Fundamental \u00e9 preciso ter 6 anos completos at\u00e9 31 de mar\u00e7o de 2026.<br>Anos Finais (6\u00ba ao 9\u00ba ano)<\/p>\n\n\n\n<hr class=\"wp-block-separator has-css-opacity\"\/>\n\n\n\n<h2 class=\"wp-block-heading\">Escolas Municipais de Educa\u00e7\u00e3o Infantil<\/h2>\n\n\n\n<figure class=\"wp-block-table\"><table><tbody><tr><td><strong>N\u00ba<\/strong><\/td><td><strong>EMEI<\/strong><\/td><td><strong>Endere\u00e7o<\/strong><\/td><td><strong>Bairro\/Vila<\/strong><\/td><\/tr><tr><td>001<\/td><td>EMEI Abelhinhas<\/td><td>Rua Nicolau Ribeiro, 171<\/td><td>Nossa Senhora Aparecida<\/td><\/tr><tr><td>002<\/td><td>EMEI Amizade<\/td><td>Rua Alferes Rodrigues, 102<\/td><td>Oper\u00e1ria<\/td><\/tr><tr><td>003<\/td><td>EMEI Andr\u00e9 Zaffari<\/td><td>Rua Ismael de Quadros, 310<\/td><td>Vila Lu\u00edza<\/td><\/tr><tr><td>004<\/td><td>EMEI Ari Schaeffer<\/td><td>Rua Jos\u00e9 dos Santos, 315<\/td><td>Integra\u00e7\u00e3o<\/td><\/tr><tr><td>005<\/td><td>EMEI Branca de Neve<\/td><td>Rua Padre Ant\u00f4nio Vieira, 246<\/td><td>S\u00e3o Jos\u00e9<\/td><\/tr><tr><td>006<\/td><td>EMEI Cantinho Feliz<\/td><td>Avenida Telmo Ilha, 514<\/td><td>Leonardo Ilha<\/td><\/tr><tr><td>007<\/td><td>EMEI Cantinho da Ritinha<\/td><td>Rua Jovina Martins, 500<\/td><td>Loteamento Santa Rita<\/td><\/tr><tr><td>008<\/td><td>EMEI Chapeuzinho Vermelho<\/td><td>Rua Jo\u00e3o Miotto, 200<\/td><td>Jardim Am\u00e9rica<\/td><\/tr><tr><td>009<\/td><td>EMEI Crian\u00e7a Feliz<\/td><td>Rua Manoel Portela, 166<\/td><td>Manoel Portela<\/td><\/tr><tr><td>010<\/td><td>EMEI Estrela da Manh\u00e3<\/td><td>Rua Uruguaiana, 628<\/td><td>Dona Elisa<\/td><\/tr><tr><td>011<\/td><td>EMEI Fadinha<\/td><td>Rua Palmares, 434<\/td><td>Don\u00e1ria<\/td><\/tr><tr><td>012<\/td><td>EMEI Fof\u00e3o<\/td><td>Rua Jorge Barbieux, 385<\/td><td>Planaltina<\/td><\/tr><tr><td>013<\/td><td>EMEI Francisco Biancini<\/td><td>Rua Ant\u00f4nio da Silva, 197<\/td><td>Jaboticabal<\/td><\/tr><tr><td>014<\/td><td>EMEI Geny Ara\u00fajo Rebechi<\/td><td>Alberi Rodrigues, 684<\/td><td>Manoel Corralo<\/td><\/tr><tr><td>015<\/td><td>EMEI Jardim do Sol<\/td><td>Beco Afonso Pena, 21<\/td><td>Petr\u00f3polis<\/td><\/tr><tr><td>016<\/td><td>EMEI Jos\u00e9 Ant\u00f4nio Falc\u00e3o<\/td><td>Rua da Pedreira, 93<\/td><td>S\u00e3o Luiz Gonzaga<\/td><\/tr><tr><td>017<\/td><td>EMEI Professor Jos\u00e9 Laud\u00e1rio Haupenthal&nbsp;<\/td><td>Rua Leopoldo Vila Nova, 776<\/td><td>Santa Maria<\/td><\/tr><tr><td>018<\/td><td>EMEI Marinilza de Farias Santos<\/td><td>Av. Leonidia da Cunha Fiore, 528<\/td><td>Maggi de C\u00e9saro<\/td><\/tr><tr><td>019<\/td><td>EMEI Margarida<\/td><td>Rua Pantale\u00e3o Bolner, 51<\/td><td>Zacchia<\/td><\/tr><tr><td>020<\/td><td>EMEI Maria Elizabeth<\/td><td>Rua \u00c1lvaro Berthier, 105<\/td><td>S\u00e3o Crist\u00f3v\u00e3o<\/td><\/tr><tr><td>021<\/td><td>EMEI Nossa Senhora das Gra\u00e7as<\/td><td>Rua Imb\u00e9, 46<\/td><td>Nen\u00ea Graeff<\/td><\/tr><tr><td>022<\/td><td>EMEI Menino Deus \u2013 Professor Bandana<\/td><td>Rua Benjamin Fauth, 114<\/td><td>Lot. Menino Deus<\/td><\/tr><tr><td>023<\/td><td>EMEI O Mundo da Crian\u00e7a<\/td><td>Rua Lu\u00eds Varela, 51<\/td><td>Cohab II<\/td><\/tr><tr><td>024<\/td><td>EMEI Os\u00f3rio Cardoso Teixeira<\/td><td>Rua Canoas, 207&nbsp;<\/td><td>Lot. Le\u00e3o XIII<\/td><\/tr><tr><td>025<\/td><td>EMEI Padre Alcides<\/td><td>Rua Jorge Dadia, 117<\/td><td>Victor Issler<\/td><\/tr><tr><td>026<\/td><td>EMEI Padre Pergentino<\/td><td>Rua Tramanda\u00ed, 609<\/td><td>Parque Farroupilha<\/td><\/tr><tr><td>027<\/td><td>EMEI Padre Zezinho<\/td><td>Rua Olavo Bilac, 1311<\/td><td>Loteamento Umb\u00fa<\/td><\/tr><tr><td>028<\/td><td>EMEI Parque do Sol&nbsp;<\/td><td>Rua Jo\u00e3o Bonaseski, s\/n\u00ba<\/td><td>Parque do Sol<\/td><\/tr><tr><td>029<\/td><td>EMEI Professor Darcisio Staudt<\/td><td>Av. Rio Grande, 1662<\/td><td>Valinhos<\/td><\/tr><tr><td>029<\/td><td>EMEI Raio de Luz<\/td><td>Rua Dr. Bozano,619<\/td><td>Petr\u00f3polis<\/td><\/tr><tr><td>030<\/td><td>EMEI Rita Sirotsky<\/td><td>Avenida Aspirante Jenner, 470<\/td><td>Santa Maria<\/td><\/tr><tr><td>031<\/td><td>EMEI Silo\u00e9 Rocha Bordignon<\/td><td>Rua Morom, 2500<\/td><td>Centro<\/td><\/tr><tr><td>032<\/td><td>EMEI Santa Isabel<\/td><td>Rua Pio XI, 733<\/td><td>Lucas Ara\u00fajo<\/td><\/tr><tr><td>033<\/td><td>EMEI Santa Luzia<\/td><td>Rua Onofre Pedroso, 181<\/td><td>Cohab I<\/td><\/tr><tr><td>034<\/td><td>EMEI Sonho Encantado<\/td><td>Rua Alegrete, 888<\/td><td>H\u00edpica<\/td><\/tr><tr><td>035<\/td><td>EMEI Tio Patinhas<\/td><td>Rua Padre Geraldo, 110<\/td><td>Vila Jardim<\/td><\/tr><tr><td>036<\/td><td>EMEI Waldorf Sep\u00e9 Tiaraju<\/td><td>Rua C\u00edcero Garcia, 136<\/td><td>Loteamento C\u00e9sar Santos<\/td><\/tr><tr><td>037<\/td><td>EMEI Ursinhos Carinhosos<\/td><td>Rua S\u00e3o Sebasti\u00e3o, 295<\/td><td>Vera Cruz<\/td><\/tr><tr><td>038<\/td><td>EMEI Uno a uno con Amor<\/td><td>Rua Lu\u00eds Nardi, 401<\/td><td>Nen\u00ea Graeff<\/td><\/tr><tr><td>040<\/td><td>EMEI Vov\u00f3 Nelly<\/td><td>Rua Maur\u00edcio Cardoso, 91<\/td><td>Centro<\/td><\/tr><\/tbody><\/table><\/figure>\n\n\n\n<h2 class=\"wp-block-heading\"><strong>Entidades Parceiras &#8211; Pr\u00e9-escola &#8211; Educa\u00e7\u00e3o Infantil<\/strong><\/h2>\n\n\n\n<figure class=\"wp-block-table\"><table><tbody><tr><td><strong>N\u00ba<\/strong><\/td><td><strong>Nome<\/strong><\/td><td><strong>Endere\u00e7o<\/strong><\/td><td><strong>Bairro<\/strong><\/td><\/tr><tr><td>001<\/td><td>Escola de Educa\u00e7\u00e3o Infantil Lar Ivone Terezinha Dall\u2019Igna<\/td><td>Rua S\u00e3o Leopoldo, 200<\/td><td>Vera Cruz<\/td><\/tr><tr><td>002<\/td><td>SOCREBE &#8211; Sociedade Cultural Recreativa e Beneficente S\u00e3o Jo\u00e3o Bosco<\/td><td>Av. Jo\u00e3o Catapan, 1297<\/td><td>Santa Marta<\/td><\/tr><\/tbody><\/table><\/figure>\n\n\n\n<h2 class=\"wp-block-heading\"><strong>Escolas Municipais de Ensino Fundamental<\/strong><\/h2>\n\n\n\n<figure class=\"wp-block-table\"><table><tbody><tr><td><strong>N\u00ba<\/strong><\/td><td><strong>EMEF<\/strong><\/td><td><strong>Endere\u00e7o<\/strong><\/td><td><strong>Bairro<\/strong><\/td><\/tr><tr><td>001<\/td><td>EMEF Adolfo Camargo<\/td><td>Rua Ernesto Morsch, 245<\/td><td>Santa Marta<\/td><\/tr><tr><td>002<\/td><td>EMEF Antonino Xavier<\/td><td>Rua Oscar Pinto, 903<\/td><td>Vila Jardim<\/td><\/tr><tr><td>003<\/td><td>EMEF Arlindo de Souza Mattos<\/td><td>Rua Felipe Muliterno, 100<\/td><td>Vila Mattos<\/td><\/tr><tr><td>004<\/td><td>EMEF Arlindo Luiz Os\u00f3rio<\/td><td>Rua Pedro Culmann, 385<\/td><td>Vila Dona J\u00falia<\/td><\/tr><tr><td>005<\/td><td>EMEF Romana Gobbi<\/td><td>Rua Roberto Silveira, 130<\/td><td>Loteamento Santo Ant\u00f4nio<\/td><\/tr><tr><td>006<\/td><td>EMEF Cohab Secchi<\/td><td>Rua Dalila Mello, 160<\/td><td>Luiz Secchi<\/td><\/tr><tr><td>007<\/td><td>EMEF Coronel Lolico<\/td><td>Travessa Peri, 25<\/td><td>Loteamento Tupinamb\u00e1<\/td><\/tr><tr><td>008<\/td><td>EMEF Coronel Sebasti\u00e3o<\/td><td>Rua Br\u00e1s Cubas, 350<\/td><td>Valinhos<\/td><\/tr><tr><td>009<\/td><td>EMEF Daniel Dipp<\/td><td>Rua S\u00e3o Sebasti\u00e3o, 1941<\/td><td>H\u00edpica<\/td><\/tr><tr><td>010<\/td><td>EMEF Dom Jos\u00e9 Gomes<\/td><td>Rua Pedro Boscarin, 1214<\/td><td>Loteamento Santa Rita<\/td><\/tr><tr><td>011<\/td><td>EMEF Dy\u00f3genes Martins Pinto<\/td><td>Rua Coronel Bicaco, 850<\/td><td>Loteamento Prof\u00ba Schisler<\/td><\/tr><tr><td>012<\/td><td>EMEF Eloy Pinheiro Machado<\/td><td>Avenida Telmo Ilha, 478<\/td><td>Loteamento Leonardo Ilha<\/td><\/tr><tr><td>013<\/td><td>EMEF Escola do Hoje<\/td><td>BR 285, KM 171<\/td><td>S\u00e3o Jos\u00e9<\/td><\/tr><tr><td>014<\/td><td>EMEF Etelvina Rocha Duro<\/td><td>Rua Sinimb\u00fa, 790<\/td><td>Parque Farroupilha<\/td><\/tr><tr><td>015<\/td><td>EMEF Frederico Ferri<\/td><td>Rua Jer\u00f4nimo Marques, 351<\/td><td>Loteamento Maggi de Cesaro<\/td><\/tr><tr><td>016<\/td><td>EMEF Fredolino Chimango<\/td><td>Avenida Alvorada, 567<\/td><td>Jaboticabal<\/td><\/tr><tr><td>017<\/td><td>EMEF Georgina Rosado<\/td><td>Rua Alfredo Chaves, 1791<\/td><td>Lucas Ara\u00fajo<\/td><\/tr><tr><td>018<\/td><td>EMEF Guaracy Barroso Marinho<\/td><td>Rua Francisco Dal Conte, 200<\/td><td>Alexandre Zacchia<\/td><\/tr><tr><td>019<\/td><td>EMEF Irm\u00e3 Maria Catarina<\/td><td>Rua Esteio, 135<\/td><td>Ipiranga<\/td><\/tr><tr><td>020<\/td><td>EMEF Jardim Am\u00e9rica<\/td><td>Rua Felipe Cunha, 524<\/td><td>Jardim Am\u00e9rica<\/td><\/tr><tr><td>021<\/td><td>EMEF Le\u00e3o Nunes de Castro<\/td><td>RS 153, KM 09<\/td><td>Bom Recreio<\/td><\/tr><tr><td>022<\/td><td>EMEF Lions Clube Passo Fundo Norte<\/td><td>Rua Parob\u00e9, 86<\/td><td>Loteamento Nova Esta\u00e7\u00e3o<\/td><\/tr><tr><td>023<\/td><td>EMEF Notre Dame<\/td><td>Avenida Jo\u00e3o Catapan, 733<\/td><td>Vila Berthier<\/td><\/tr><tr><td>024<\/td><td>EMEF Padre Jos\u00e9 de Anchieta<\/td><td>Rua Euclides da Cunha, 174<\/td><td>Jer\u00f4nimo Coelho<\/td><\/tr><tr><td>025<\/td><td>EMEF Professor Arno Otto Kiehl<\/td><td>Rua Dona Paula, 267<\/td><td>Primeiro Centen\u00e1rio<\/td><\/tr><tr><td>026<\/td><td>EMEF Professora Helena Salton<\/td><td>Rua Francisco Biancini, 444<\/td><td>Loteamento C\u00e9sar Santos<\/td><\/tr><tr><td>027<\/td><td>EMEF Romana Gobbi<\/td><td>Rua Roberto Silveira, 130<\/td><td>Loteamento Santo Ant\u00f4nio<\/td><\/tr><tr><td>028<\/td><td>EMEF Santo Agostinho<\/td><td>Rua Alceu Laus, 789<\/td><td>Nen\u00ea Graeff<\/td><\/tr><tr><td>029<\/td><td>EMEF Santo Antonio<\/td><td>Rua Dirceu Sander, 816<\/td><td>Vila Ricci<\/td><\/tr><tr><td>030<\/td><td>EMEF S\u00e3o Luiz Gonzaga<\/td><td>Rua Buenos Aires, 749<\/td><td>S\u00e3o Luiz Gonzaga<\/td><\/tr><tr><td>031<\/td><td>EMEF Senador Pasqualini<\/td><td>Rua Ludovico Della M\u00e9a, 508<\/td><td>Vera Cruz<\/td><\/tr><tr><td>032<\/td><td>EMEF Urbano Ribas<\/td><td>Rua Frederico Graeff, 85<\/td><td>Vila Independente<\/td><\/tr><tr><td>033<\/td><td>EMEF Wolmar Salton<\/td><td>Rua Claudino Toldo, 155<\/td><td>S\u00e3o Crist\u00f3v\u00e3o<\/td><\/tr><tr><td>034<\/td><td>EMEF Zeferino Dem\u00e9trio Costi<\/td><td>Rua Independ\u00eancia, 380<\/td><td>Vila Popular<\/td><\/tr><\/tbody><\/table><\/figure>\n\n\n\n<h2 class=\"wp-block-heading\">D\u00favidas e Informa\u00e7\u00f5es<\/h2>\n\n\n\n<p>O respons\u00e1vel que tiver d\u00favidas ou alguma dificuldade para realizar a inscri\u00e7\u00e3o on-line, poder\u00e1 buscar apoio na Central Municipal de Vagas (Av. Brasil Leste, 839 (junto a Escola das Profiss\u00f5es) ou nas seguintes escolas, as quais estar\u00e3o auxiliando nesse processo:<br><\/p>\n\n\n\n<figure class=\"wp-block-table\"><table><tbody><tr><td><strong>N\u00ba<\/strong><\/td><td><strong>EMEF<\/strong><\/td><td><strong>Endere\u00e7o<\/strong><\/td><td><strong>Bairro\/Valinhos<\/strong><\/td><\/tr><tr><td>001<\/td><td>EMEF Adolfo Camargo<\/td><td>Rua Ernesto Morsch, 245<\/td><td>Santa Marta<\/td><\/tr><tr><td>002<\/td><td>EMEF Daniel Dipp<\/td><td>Rua , Rua S\u00e3o Sebasti\u00e3o, 1941<\/td><td>H\u00edpica&nbsp;<\/td><\/tr><tr><td>003<\/td><td>EMEF Dy\u00f3genes Martins Pinto<\/td><td>Rua Coronel Bicaco, 850<\/td><td>Loteamento Prof\u00ba Schisler<\/td><\/tr><tr><td>004<\/td><td>EMEF S\u00e3o Luiz Gonzaga<\/td><td>Rua Buenos Aires, 749<\/td><td>S\u00e3o Luiz Gonzaga<\/td><\/tr><tr><td>005<\/td><td>EMEF Romana Gobbi<\/td><td>Rua Roberto Silveira, 130<\/td><td>Loteamento Santo Ant\u00f4nio<\/td><\/tr><tr><td>006<\/td><td>EMEF Guaracy Barroso Marinho<\/td><td>Rua Francisco Dal Conte, 200<\/td><td>Jos\u00e9 Alexandre Zachia&nbsp;<\/td><\/tr><\/tbody><\/table><\/figure>\n\n\n\n<p><strong>Obs: as escolas citadas acima estar\u00e3o recebendo pessoal da Central Municipal de Vagas para auxiliar no processo de inscri\u00e7\u00e3o.&nbsp; A inscri\u00e7\u00e3o nesses locais, assim como para aqueles que realizarem on-line, N\u00c3O garante a vaga.<\/strong><\/p>\n\n\n\n<p><br><strong>Central Municipal de Vagas<\/strong><br>Endere\u00e7o:&nbsp;Av Brasil Leste, 839 <br>(Em frente ao Largo da Literatura, no pr\u00e9dio da Escola das Profiss\u00f5es)<br><a href=\"https:\/\/maps.app.goo.gl\/B1jfdGDuB5kT6pzX8\"><strong><em>Clique aqui para obter o direcionamento.<\/em><\/strong><\/a><\/p>\n\n\n\n<p><strong>E-mail:<\/strong>&nbsp;central.vagas@edu.pmpf.rs.gov.br<\/p>\n\n\n\n<p><strong>Telefones:<\/strong>&nbsp;<a href=\"https:\/\/wa.me\/555433146911\">(54)3314 6911<\/a> (Whatsapp)<\/p>\n\n\n\n<ul class=\"wp-block-social-links alignleft is-layout-flex wp-block-social-links-is-layout-flex\"><li class=\"wp-social-link wp-social-link-whatsapp  wp-block-social-link\"><a href=\"https:\/\/%20https:\/\/wa.me\/555433146911\" class=\"wp-block-social-link-anchor\"><svg width=\"24\" height=\"24\" viewBox=\"0 0 24 24\" version=\"1.1\" xmlns=\"http:\/\/www.w3.org\/2000\/svg\" aria-hidden=\"true\" focusable=\"false\"><path d=\"M 12.011719 2 C 6.5057187 2 2.0234844 6.478375 2.0214844 11.984375 C 2.0204844 13.744375 2.4814687 15.462563 3.3554688 16.976562 L 2 22 L 7.2324219 20.763672 C 8.6914219 21.559672 10.333859 21.977516 12.005859 21.978516 L 12.009766 21.978516 C 17.514766 21.978516 21.995047 17.499141 21.998047 11.994141 C 22.000047 9.3251406 20.962172 6.8157344 19.076172 4.9277344 C 17.190172 3.0407344 14.683719 2.001 12.011719 2 z M 12.009766 4 C 14.145766 4.001 16.153109 4.8337969 17.662109 6.3417969 C 19.171109 7.8517969 20.000047 9.8581875 19.998047 11.992188 C 19.996047 16.396187 16.413812 19.978516 12.007812 19.978516 C 10.674812 19.977516 9.3544062 19.642812 8.1914062 19.007812 L 7.5175781 18.640625 L 6.7734375 18.816406 L 4.8046875 19.28125 L 5.2851562 17.496094 L 5.5019531 16.695312 L 5.0878906 15.976562 C 4.3898906 14.768562 4.0204844 13.387375 4.0214844 11.984375 C 4.0234844 7.582375 7.6067656 4 12.009766 4 z M 8.4765625 7.375 C 8.3095625 7.375 8.0395469 7.4375 7.8105469 7.6875 C 7.5815469 7.9365 6.9355469 8.5395781 6.9355469 9.7675781 C 6.9355469 10.995578 7.8300781 12.182609 7.9550781 12.349609 C 8.0790781 12.515609 9.68175 15.115234 12.21875 16.115234 C 14.32675 16.946234 14.754891 16.782234 15.212891 16.740234 C 15.670891 16.699234 16.690438 16.137687 16.898438 15.554688 C 17.106437 14.971687 17.106922 14.470187 17.044922 14.367188 C 16.982922 14.263188 16.816406 14.201172 16.566406 14.076172 C 16.317406 13.951172 15.090328 13.348625 14.861328 13.265625 C 14.632328 13.182625 14.464828 13.140625 14.298828 13.390625 C 14.132828 13.640625 13.655766 14.201187 13.509766 14.367188 C 13.363766 14.534188 13.21875 14.556641 12.96875 14.431641 C 12.71875 14.305641 11.914938 14.041406 10.960938 13.191406 C 10.218937 12.530406 9.7182656 11.714844 9.5722656 11.464844 C 9.4272656 11.215844 9.5585938 11.079078 9.6835938 10.955078 C 9.7955938 10.843078 9.9316406 10.663578 10.056641 10.517578 C 10.180641 10.371578 10.223641 10.267562 10.306641 10.101562 C 10.389641 9.9355625 10.347156 9.7890625 10.285156 9.6640625 C 10.223156 9.5390625 9.737625 8.3065 9.515625 7.8125 C 9.328625 7.3975 9.131125 7.3878594 8.953125 7.3808594 C 8.808125 7.3748594 8.6425625 7.375 8.4765625 7.375 z\"><\/path><\/svg><span class=\"wp-block-social-link-label screen-reader-text\">WhatsApp<\/span><\/a><\/li><\/ul>\n\n\n\n<div style=\"height:19px\" aria-hidden=\"true\" class=\"wp-block-spacer\"><\/div>\n\n\n\n<hr class=\"wp-block-separator has-alpha-channel-opacity\"\/>\n","protected":false},"excerpt":{"rendered":"<p>A Central Municipal de Vagas \u00e9&nbsp; respons\u00e1vel pela designa\u00e7\u00e3o dos estudantes que buscam vagas nas escolas da Rede Municipal de Ensino de Passo Fundo. Etapas Atendidas CrecheBer\u00e7\u00e1rio &#8211; a partir dos 6 [&hellip;]<\/p>\n","protected":false},"author":1,"featured_media":0,"parent":0,"menu_order":0,"comment_status":"closed","ping_status":"closed","template":"","meta":{"footnotes":""},"class_list":["post-102","page","type-page","status-publish","hentry"],"yoast_head":"<!-- This site is optimized with the Yoast SEO plugin v23.8 - https:\/\/yoast.com\/wordpress\/plugins\/seo\/ -->\n<title>Central Municipal de Vagas - Secretaria de Educa\u00e7\u00e3o<\/title>\n<meta name=\"robots\" content=\"index, follow, max-snippet:-1, max-image-preview:large, max-video-preview:-1\" \/>\n<link rel=\"canonical\" href=\"https:\/\/www.pmpf.rs.gov.br\/educacao\/central-municipal-de-vagas\/\" \/>\n<meta property=\"og:locale\" content=\"pt_BR\" \/>\n<meta property=\"og:type\" content=\"article\" \/>\n<meta property=\"og:title\" content=\"Central Municipal de Vagas - Secretaria de Educa\u00e7\u00e3o\" \/>\n<meta property=\"og:description\" content=\"A Central Municipal de Vagas \u00e9&nbsp; respons\u00e1vel pela designa\u00e7\u00e3o dos estudantes que buscam vagas nas escolas da Rede Municipal de Ensino de Passo Fundo. Etapas Atendidas CrecheBer\u00e7\u00e1rio &#8211; a partir dos 6 [&hellip;]\" \/>\n<meta property=\"og:url\" content=\"https:\/\/www.pmpf.rs.gov.br\/educacao\/central-municipal-de-vagas\/\" \/>\n<meta property=\"og:site_name\" content=\"Secretaria de Educa\u00e7\u00e3o\" \/>\n<meta property=\"article:modified_time\" content=\"2026-02-24T11:39:20+00:00\" \/>\n<meta name=\"twitter:card\" content=\"summary_large_image\" \/>\n<meta name=\"twitter:label1\" content=\"Est. tempo de leitura\" \/>\n\t<meta name=\"twitter:data1\" content=\"7 minutos\" \/>\n<script type=\"application\/ld+json\" class=\"yoast-schema-graph\">{\"@context\":\"https:\/\/schema.org\",\"@graph\":[{\"@type\":\"WebPage\",\"@id\":\"https:\/\/www.pmpf.rs.gov.br\/educacao\/central-municipal-de-vagas\/\",\"url\":\"https:\/\/www.pmpf.rs.gov.br\/educacao\/central-municipal-de-vagas\/\",\"name\":\"Central Municipal de Vagas - Secretaria de Educa\u00e7\u00e3o\",\"isPartOf\":{\"@id\":\"https:\/\/www.pmpf.rs.gov.br\/educacao\/#website\"},\"datePublished\":\"2021-12-21T15:02:35+00:00\",\"dateModified\":\"2026-02-24T11:39:20+00:00\",\"inLanguage\":\"pt-BR\",\"potentialAction\":[{\"@type\":\"ReadAction\",\"target\":[\"https:\/\/www.pmpf.rs.gov.br\/educacao\/central-municipal-de-vagas\/\"]}]},{\"@type\":\"WebSite\",\"@id\":\"https:\/\/www.pmpf.rs.gov.br\/educacao\/#website\",\"url\":\"https:\/\/www.pmpf.rs.gov.br\/educacao\/\",\"name\":\"Secretaria de Educa\u00e7\u00e3o\",\"description\":\"Secretaria de Educa\u00e7\u00e3o da cidade de Passo Fundo\",\"potentialAction\":[{\"@type\":\"SearchAction\",\"target\":{\"@type\":\"EntryPoint\",\"urlTemplate\":\"https:\/\/www.pmpf.rs.gov.br\/educacao\/?s={search_term_string}\"},\"query-input\":{\"@type\":\"PropertyValueSpecification\",\"valueRequired\":true,\"valueName\":\"search_term_string\"}}],\"inLanguage\":\"pt-BR\"}]}<\/script>\n<!-- \/ Yoast SEO plugin. -->","yoast_head_json":{"title":"Central Municipal de Vagas - Secretaria de Educa\u00e7\u00e3o","robots":{"index":"index","follow":"follow","max-snippet":"max-snippet:-1","max-image-preview":"max-image-preview:large","max-video-preview":"max-video-preview:-1"},"canonical":"https:\/\/www.pmpf.rs.gov.br\/educacao\/central-municipal-de-vagas\/","og_locale":"pt_BR","og_type":"article","og_title":"Central Municipal de Vagas - Secretaria de Educa\u00e7\u00e3o","og_description":"A Central Municipal de Vagas \u00e9&nbsp; respons\u00e1vel pela designa\u00e7\u00e3o dos estudantes que buscam vagas nas escolas da Rede Municipal de Ensino de Passo Fundo. Etapas Atendidas CrecheBer\u00e7\u00e1rio &#8211; a partir dos 6 [&hellip;]","og_url":"https:\/\/www.pmpf.rs.gov.br\/educacao\/central-municipal-de-vagas\/","og_site_name":"Secretaria de Educa\u00e7\u00e3o","article_modified_time":"2026-02-24T11:39:20+00:00","twitter_card":"summary_large_image","twitter_misc":{"Est. tempo de leitura":"7 minutos"},"schema":{"@context":"https:\/\/schema.org","@graph":[{"@type":"WebPage","@id":"https:\/\/www.pmpf.rs.gov.br\/educacao\/central-municipal-de-vagas\/","url":"https:\/\/www.pmpf.rs.gov.br\/educacao\/central-municipal-de-vagas\/","name":"Central Municipal de Vagas - Secretaria de Educa\u00e7\u00e3o","isPartOf":{"@id":"https:\/\/www.pmpf.rs.gov.br\/educacao\/#website"},"datePublished":"2021-12-21T15:02:35+00:00","dateModified":"2026-02-24T11:39:20+00:00","inLanguage":"pt-BR","potentialAction":[{"@type":"ReadAction","target":["https:\/\/www.pmpf.rs.gov.br\/educacao\/central-municipal-de-vagas\/"]}]},{"@type":"WebSite","@id":"https:\/\/www.pmpf.rs.gov.br\/educacao\/#website","url":"https:\/\/www.pmpf.rs.gov.br\/educacao\/","name":"Secretaria de Educa\u00e7\u00e3o","description":"Secretaria de Educa\u00e7\u00e3o da cidade de Passo Fundo","potentialAction":[{"@type":"SearchAction","target":{"@type":"EntryPoint","urlTemplate":"https:\/\/www.pmpf.rs.gov.br\/educacao\/?s={search_term_string}"},"query-input":{"@type":"PropertyValueSpecification","valueRequired":true,"valueName":"search_term_string"}}],"inLanguage":"pt-BR"}]}},"_links":{"self":[{"href":"https:\/\/www.pmpf.rs.gov.br\/educacao\/wp-json\/wp\/v2\/pages\/102"}],"collection":[{"href":"https:\/\/www.pmpf.rs.gov.br\/educacao\/wp-json\/wp\/v2\/pages"}],"about":[{"href":"https:\/\/www.pmpf.rs.gov.br\/educacao\/wp-json\/wp\/v2\/types\/page"}],"author":[{"embeddable":true,"href":"https:\/\/www.pmpf.rs.gov.br\/educacao\/wp-json\/wp\/v2\/users\/1"}],"replies":[{"embeddable":true,"href":"https:\/\/www.pmpf.rs.gov.br\/educacao\/wp-json\/wp\/v2\/comments?post=102"}],"version-history":[{"count":74,"href":"https:\/\/www.pmpf.rs.gov.br\/educacao\/wp-json\/wp\/v2\/pages\/102\/revisions"}],"predecessor-version":[{"id":10255,"href":"https:\/\/www.pmpf.rs.gov.br\/educacao\/wp-json\/wp\/v2\/pages\/102\/revisions\/10255"}],"wp:attachment":[{"href":"https:\/\/www.pmpf.rs.gov.br\/educacao\/wp-json\/wp\/v2\/media?parent=102"}],"curies":[{"name":"wp","href":"https:\/\/api.w.org\/{rel}","templated":true}]}}