{"id":97,"date":"2021-11-16T16:50:54","date_gmt":"2021-11-16T19:50:54","guid":{"rendered":"https:\/\/www.pmpf.rs.gov.br\/secretaria-de-cultura\/?page_id=97"},"modified":"2025-05-15T16:31:34","modified_gmt":"2025-05-15T19:31:34","slug":"conheca-a-secretaria","status":"publish","type":"page","link":"https:\/\/www.pmpf.rs.gov.br\/cultura\/conheca-a-secretaria\/","title":{"rendered":"Conhe\u00e7a o Secret\u00e1rio"},"content":{"rendered":"\n<h2 class=\"wp-block-heading\">Secret\u00e1rio da Gest\u00e3o 2025-2028 &#8211; Rafael Bortoluzzi<\/h2>\n\n\n\n<div style=\"height:10px\" aria-hidden=\"true\" class=\"wp-block-spacer\"><\/div>\n\n\n\n<div class=\"wp-block-media-text is-stacked-on-mobile\"><figure class=\"wp-block-media-text__media\"><img loading=\"lazy\" decoding=\"async\" width=\"1024\" height=\"682\" src=\"https:\/\/www.pmpf.rs.gov.br\/cultura\/wp-content\/uploads\/sites\/25\/2025\/01\/cultura-bortoluzzi-2025-1024x682.jpg\" alt=\"\" class=\"wp-image-4064 size-full\" srcset=\"https:\/\/www.pmpf.rs.gov.br\/cultura\/wp-content\/uploads\/sites\/25\/2025\/01\/cultura-bortoluzzi-2025-1024x682.jpg 1024w, https:\/\/www.pmpf.rs.gov.br\/cultura\/wp-content\/uploads\/sites\/25\/2025\/01\/cultura-bortoluzzi-2025-300x200.jpg 300w, https:\/\/www.pmpf.rs.gov.br\/cultura\/wp-content\/uploads\/sites\/25\/2025\/01\/cultura-bortoluzzi-2025-768x512.jpg 768w, https:\/\/www.pmpf.rs.gov.br\/cultura\/wp-content\/uploads\/sites\/25\/2025\/01\/cultura-bortoluzzi-2025.jpg 1280w\" sizes=\"(max-width: 1024px) 100vw, 1024px\" \/><\/figure><div class=\"wp-block-media-text__content\">\n<p>Graduado em Direito, Rafael Bortoluzzi foi vereador entre os anos de 2009 a 2012, al\u00e9m de ter atuado como assessor Legislativo, diretor Legislativo, procurador adjunto da C\u00e2mara de Vereadores de Passo Fundo e Secret\u00e1rio da Secretaria Municipal de Cidadania e Assist\u00eancia Social.<\/p>\n<\/div><\/div>\n\n\n\n<hr class=\"wp-block-separator has-alpha-channel-opacity\"\/>\n\n\n\n<p class=\"has-medium-font-size\"><\/p>\n\n\n\n<p><\/p>\n","protected":false},"excerpt":{"rendered":"<p>Secret\u00e1rio da Gest\u00e3o 2025-2028 &#8211; Rafael Bortoluzzi Graduado em Direito, Rafael Bortoluzzi foi vereador entre os anos de 2009 a 2012, al\u00e9m de ter atuado como assessor Legislativo, diretor Legislativo, procurador adjunto [&hellip;]<\/p>\n","protected":false},"author":1,"featured_media":0,"parent":0,"menu_order":0,"comment_status":"closed","ping_status":"closed","template":"","meta":{"footnotes":""},"class_list":["post-97","page","type-page","status-publish","hentry"],"yoast_head":"<!-- This site is optimized with the Yoast SEO plugin v23.8 - https:\/\/yoast.com\/wordpress\/plugins\/seo\/ -->\n<title>Conhe\u00e7a o Secret\u00e1rio - Secretaria de Cultura<\/title>\n<meta name=\"robots\" content=\"index, follow, max-snippet:-1, max-image-preview:large, max-video-preview:-1\" \/>\n<link rel=\"canonical\" href=\"https:\/\/www.pmpf.rs.gov.br\/cultura\/conheca-a-secretaria\/\" \/>\n<meta property=\"og:locale\" content=\"pt_BR\" \/>\n<meta property=\"og:type\" content=\"article\" \/>\n<meta property=\"og:title\" content=\"Conhe\u00e7a o Secret\u00e1rio - Secretaria de Cultura\" \/>\n<meta property=\"og:description\" content=\"Secret\u00e1rio da Gest\u00e3o 2025-2028 &#8211; Rafael Bortoluzzi Graduado em Direito, Rafael Bortoluzzi foi vereador entre os anos de 2009 a 2012, al\u00e9m de ter atuado como assessor Legislativo, diretor Legislativo, procurador adjunto [&hellip;]\" \/>\n<meta property=\"og:url\" content=\"https:\/\/www.pmpf.rs.gov.br\/cultura\/conheca-a-secretaria\/\" \/>\n<meta property=\"og:site_name\" content=\"Secretaria de Cultura\" \/>\n<meta property=\"article:modified_time\" content=\"2025-05-15T19:31:34+00:00\" \/>\n<meta property=\"og:image\" content=\"https:\/\/www.pmpf.rs.gov.br\/cultura\/wp-content\/uploads\/sites\/25\/2025\/01\/cultura-bortoluzzi-2025.jpg\" \/>\n\t<meta property=\"og:image:width\" content=\"1280\" \/>\n\t<meta property=\"og:image:height\" content=\"853\" \/>\n\t<meta property=\"og:image:type\" content=\"image\/jpeg\" \/>\n<meta name=\"twitter:card\" content=\"summary_large_image\" \/>\n<meta name=\"twitter:label1\" content=\"Est. tempo de leitura\" \/>\n\t<meta name=\"twitter:data1\" content=\"1 minuto\" \/>\n<script type=\"application\/ld+json\" class=\"yoast-schema-graph\">{\"@context\":\"https:\/\/schema.org\",\"@graph\":[{\"@type\":\"WebPage\",\"@id\":\"https:\/\/www.pmpf.rs.gov.br\/cultura\/conheca-a-secretaria\/\",\"url\":\"https:\/\/www.pmpf.rs.gov.br\/cultura\/conheca-a-secretaria\/\",\"name\":\"Conhe\u00e7a o Secret\u00e1rio - Secretaria de Cultura\",\"isPartOf\":{\"@id\":\"https:\/\/www.pmpf.rs.gov.br\/cultura\/#website\"},\"primaryImageOfPage\":{\"@id\":\"https:\/\/www.pmpf.rs.gov.br\/cultura\/conheca-a-secretaria\/#primaryimage\"},\"image\":{\"@id\":\"https:\/\/www.pmpf.rs.gov.br\/cultura\/conheca-a-secretaria\/#primaryimage\"},\"thumbnailUrl\":\"https:\/\/www.pmpf.rs.gov.br\/cultura\/wp-content\/uploads\/sites\/25\/2025\/01\/cultura-bortoluzzi-2025-1024x682.jpg\",\"datePublished\":\"2021-11-16T19:50:54+00:00\",\"dateModified\":\"2025-05-15T19:31:34+00:00\",\"inLanguage\":\"pt-BR\",\"potentialAction\":[{\"@type\":\"ReadAction\",\"target\":[\"https:\/\/www.pmpf.rs.gov.br\/cultura\/conheca-a-secretaria\/\"]}]},{\"@type\":\"ImageObject\",\"inLanguage\":\"pt-BR\",\"@id\":\"https:\/\/www.pmpf.rs.gov.br\/cultura\/conheca-a-secretaria\/#primaryimage\",\"url\":\"https:\/\/www.pmpf.rs.gov.br\/cultura\/wp-content\/uploads\/sites\/25\/2025\/01\/cultura-bortoluzzi-2025.jpg\",\"contentUrl\":\"https:\/\/www.pmpf.rs.gov.br\/cultura\/wp-content\/uploads\/sites\/25\/2025\/01\/cultura-bortoluzzi-2025.jpg\",\"width\":1280,\"height\":853},{\"@type\":\"WebSite\",\"@id\":\"https:\/\/www.pmpf.rs.gov.br\/cultura\/#website\",\"url\":\"https:\/\/www.pmpf.rs.gov.br\/cultura\/\",\"name\":\"Secretaria de Cultura\",\"description\":\"S\u00f3 mais um site Prefeitura de Passo Fundo\",\"potentialAction\":[{\"@type\":\"SearchAction\",\"target\":{\"@type\":\"EntryPoint\",\"urlTemplate\":\"https:\/\/www.pmpf.rs.gov.br\/cultura\/?s={search_term_string}\"},\"query-input\":{\"@type\":\"PropertyValueSpecification\",\"valueRequired\":true,\"valueName\":\"search_term_string\"}}],\"inLanguage\":\"pt-BR\"}]}<\/script>\n<!-- \/ Yoast SEO plugin. -->","yoast_head_json":{"title":"Conhe\u00e7a o Secret\u00e1rio - Secretaria de Cultura","robots":{"index":"index","follow":"follow","max-snippet":"max-snippet:-1","max-image-preview":"max-image-preview:large","max-video-preview":"max-video-preview:-1"},"canonical":"https:\/\/www.pmpf.rs.gov.br\/cultura\/conheca-a-secretaria\/","og_locale":"pt_BR","og_type":"article","og_title":"Conhe\u00e7a o Secret\u00e1rio - Secretaria de Cultura","og_description":"Secret\u00e1rio da Gest\u00e3o 2025-2028 &#8211; Rafael Bortoluzzi Graduado em Direito, Rafael Bortoluzzi foi vereador entre os anos de 2009 a 2012, al\u00e9m de ter atuado como assessor Legislativo, diretor Legislativo, procurador adjunto [&hellip;]","og_url":"https:\/\/www.pmpf.rs.gov.br\/cultura\/conheca-a-secretaria\/","og_site_name":"Secretaria de Cultura","article_modified_time":"2025-05-15T19:31:34+00:00","og_image":[{"width":1280,"height":853,"url":"https:\/\/www.pmpf.rs.gov.br\/cultura\/wp-content\/uploads\/sites\/25\/2025\/01\/cultura-bortoluzzi-2025.jpg","type":"image\/jpeg"}],"twitter_card":"summary_large_image","twitter_misc":{"Est. tempo de leitura":"1 minuto"},"schema":{"@context":"https:\/\/schema.org","@graph":[{"@type":"WebPage","@id":"https:\/\/www.pmpf.rs.gov.br\/cultura\/conheca-a-secretaria\/","url":"https:\/\/www.pmpf.rs.gov.br\/cultura\/conheca-a-secretaria\/","name":"Conhe\u00e7a o Secret\u00e1rio - Secretaria de Cultura","isPartOf":{"@id":"https:\/\/www.pmpf.rs.gov.br\/cultura\/#website"},"primaryImageOfPage":{"@id":"https:\/\/www.pmpf.rs.gov.br\/cultura\/conheca-a-secretaria\/#primaryimage"},"image":{"@id":"https:\/\/www.pmpf.rs.gov.br\/cultura\/conheca-a-secretaria\/#primaryimage"},"thumbnailUrl":"https:\/\/www.pmpf.rs.gov.br\/cultura\/wp-content\/uploads\/sites\/25\/2025\/01\/cultura-bortoluzzi-2025-1024x682.jpg","datePublished":"2021-11-16T19:50:54+00:00","dateModified":"2025-05-15T19:31:34+00:00","inLanguage":"pt-BR","potentialAction":[{"@type":"ReadAction","target":["https:\/\/www.pmpf.rs.gov.br\/cultura\/conheca-a-secretaria\/"]}]},{"@type":"ImageObject","inLanguage":"pt-BR","@id":"https:\/\/www.pmpf.rs.gov.br\/cultura\/conheca-a-secretaria\/#primaryimage","url":"https:\/\/www.pmpf.rs.gov.br\/cultura\/wp-content\/uploads\/sites\/25\/2025\/01\/cultura-bortoluzzi-2025.jpg","contentUrl":"https:\/\/www.pmpf.rs.gov.br\/cultura\/wp-content\/uploads\/sites\/25\/2025\/01\/cultura-bortoluzzi-2025.jpg","width":1280,"height":853},{"@type":"WebSite","@id":"https:\/\/www.pmpf.rs.gov.br\/cultura\/#website","url":"https:\/\/www.pmpf.rs.gov.br\/cultura\/","name":"Secretaria de Cultura","description":"S\u00f3 mais um site Prefeitura de Passo Fundo","potentialAction":[{"@type":"SearchAction","target":{"@type":"EntryPoint","urlTemplate":"https:\/\/www.pmpf.rs.gov.br\/cultura\/?s={search_term_string}"},"query-input":{"@type":"PropertyValueSpecification","valueRequired":true,"valueName":"search_term_string"}}],"inLanguage":"pt-BR"}]}},"_links":{"self":[{"href":"https:\/\/www.pmpf.rs.gov.br\/cultura\/wp-json\/wp\/v2\/pages\/97"}],"collection":[{"href":"https:\/\/www.pmpf.rs.gov.br\/cultura\/wp-json\/wp\/v2\/pages"}],"about":[{"href":"https:\/\/www.pmpf.rs.gov.br\/cultura\/wp-json\/wp\/v2\/types\/page"}],"author":[{"embeddable":true,"href":"https:\/\/www.pmpf.rs.gov.br\/cultura\/wp-json\/wp\/v2\/users\/1"}],"replies":[{"embeddable":true,"href":"https:\/\/www.pmpf.rs.gov.br\/cultura\/wp-json\/wp\/v2\/comments?post=97"}],"version-history":[{"count":14,"href":"https:\/\/www.pmpf.rs.gov.br\/cultura\/wp-json\/wp\/v2\/pages\/97\/revisions"}],"predecessor-version":[{"id":4214,"href":"https:\/\/www.pmpf.rs.gov.br\/cultura\/wp-json\/wp\/v2\/pages\/97\/revisions\/4214"}],"wp:attachment":[{"href":"https:\/\/www.pmpf.rs.gov.br\/cultura\/wp-json\/wp\/v2\/media?parent=97"}],"curies":[{"name":"wp","href":"https:\/\/api.w.org\/{rel}","templated":true}]}}