{"id":4548,"date":"2026-09-03T15:27:44","date_gmt":"2026-09-03T18:27:44","guid":{"rendered":"https:\/\/www.pmpf.rs.gov.br\/cultura\/?page_id=4548"},"modified":"2026-09-04T10:46:06","modified_gmt":"2026-09-04T13:46:06","slug":"semana-farroupilha-2026","status":"publish","type":"page","link":"https:\/\/www.pmpf.rs.gov.br\/cultura\/semana-farroupilha-2026\/","title":{"rendered":"Programa\u00e7\u00e3o da Semana Farroupilha de 2026"},"content":{"rendered":"\n<h2 class=\"wp-block-heading has-black-color has-text-color has-link-color wp-elements-243741d88844aad6341b6c03a3a11d8c\">Heran\u00e7a Jesu\u00edtica e Guarani \u2014 400 Anos de Cultura e Tradi\u00e7\u00e3o<\/h2>\n\n\n\n<h3 class=\"wp-block-heading\">\ud83d\udcc5 8 a 20 de setembro de 2026<\/h3>\n\n\n\n<p class=\"wp-block-paragraph\">Mais do que celebrar a Revolu\u00e7\u00e3o Farroupilha e os feitos do ga\u00facho a cavalo, os Festejos Farroupilhas de 2026 convidam a comunidade a uma viagem profunda \u00e0s origens da identidade do povo ga\u00facho.<\/p>\n\n\n\n<h2 class=\"wp-block-heading has-black-color has-text-color has-link-color wp-elements-286b254d6700ce82d841ef1b40419b9f\">Rondas 2026<\/h2>\n\n\n\n<h3 class=\"wp-block-heading\">\ud83d\udcc5 Dia 08\/09\/2026 \u2013 Ter\u00e7a feira &#8211; CTG Os\u00f3rio Porto<\/h3>\n\n\n\n<p class=\"wp-block-paragraph\"><strong>Nome do Patr\u00e3o:<\/strong> Ant\u00f4nio Carlos Dias do Prado<br><strong>7h<\/strong> Mateada<br><strong>8h<\/strong> Protocolo<br><strong>8h30min<\/strong> Caf\u00e9 de Chaleira &#8211; Valor do caf\u00e9: R$35,00 (trinta e cinco reais)<br><strong>18h<\/strong> Arriamento de Bandeiras<br><strong>20h<\/strong> Jantar &#8211; Comida Campeira &#8211; Valor R$ 45,00 (quarenta e cinco reais) apresenta\u00e7\u00e3o das invernadas<br><strong>Telefone para contato<\/strong>: 54 \u2013 984444513<\/p>\n\n\n\n<hr class=\"wp-block-separator has-alpha-channel-opacity\"\/>\n\n\n\n<h3 class=\"wp-block-heading\">\ud83d\udcc5 Dia 09\/09\/2026 \u2013 Quarta feira &#8211; CTG Fagundes Dos Reis<\/h3>\n\n\n\n<p class=\"wp-block-paragraph\"><strong>Nome do Patr\u00e3o:<\/strong> Gelson Andre Boeira Alves<br><strong>7h<\/strong> Mateada<br><strong>8h<\/strong> Protocolo<br><strong>8h30min<\/strong> Caf\u00e9 de Chaleira &#8211; Valor do caf\u00e9: R$35,00<br><strong>12h<\/strong> Almo\u00e7o<br><strong>18h<\/strong> Arriamento de Bandeiras<br><strong>Telefone para contato:<\/strong> 54 &#8211; 991891988<\/p>\n\n\n\n<hr class=\"wp-block-separator has-alpha-channel-opacity\"\/>\n\n\n\n<h3 class=\"wp-block-heading\">\ud83d\udcc5 Dia 10\/09\/2026 \u2013 Quinta feira &#8211; CTG Uni\u00e3o Campeira<\/h3>\n\n\n\n<p class=\"wp-block-paragraph\"><strong>Nome do Patr\u00e3o:<\/strong> Ant\u00f4nio Salvador<br><strong>7h<\/strong> Mateada<br><strong>8h<\/strong> Protocolo<br><strong>8h30min<\/strong> Caf\u00e9 de Chaleira &#8211; Valor do caf\u00e9 R$35,00 (trinta e cinco reais)<br><strong>12h30min<\/strong> &#8211; Almo\u00e7o (Vaca Atolada e acompanhamentos) \u2013 valor: R$<br><strong>18h<\/strong> Arriamento de Bandeiras<br><strong>Telefone para contato<\/strong> 54 \u2013 996112740<\/p>\n\n\n\n<hr class=\"wp-block-separator has-alpha-channel-opacity\"\/>\n\n\n\n<h3 class=\"wp-block-heading\">\ud83d\udcc5 Dia 11\/09\/2026 \u2013 Sexta feira &#8211; CTG Dom Luiz Felipe de Nadal<\/h3>\n\n\n\n<p class=\"wp-block-paragraph\"><strong>Nome do Patr\u00e3o:<\/strong> Orlei R. Basseggio<br><strong>8h<\/strong> Protocolo<br><strong>8h30min<\/strong> Caf\u00e9 de Chaleira &#8211; Valor do caf\u00e9 R$35,00 (trinta e cinco reais)<br><strong>18h<\/strong> Arriamento de Bandeiras<br><strong>21h<\/strong> Costel\u00e3o e Fandango &#8211; Encerramento do Curso de Dan\u00e7a<br><strong>Valor do ingresso:<\/strong> R$ 90,00 (noventa reais) &#8211; anima\u00e7\u00e3o de F\u00e1bio Quara\u00ed e grupo<br><strong>Telefone para contato<\/strong>: 54 \u2013 99131653<\/p>\n\n\n\n<hr class=\"wp-block-separator has-alpha-channel-opacity\"\/>\n\n\n\n<h3 class=\"wp-block-heading\">\ud83d\udcc5 Dia 12\/09\/2026 \u2013 S\u00e1bado &#8211; CTG Amigos da Tradi\u00e7\u00e3o de Bela Vista<\/h3>\n\n\n\n<p class=\"wp-block-paragraph\"><strong>Nome do Patr\u00e3o:<\/strong> Neri Pedro Molssato<br><strong>7h<\/strong> Mateada<br><strong>8h<\/strong> Protocolo<br><strong>8h30min<\/strong> Caf\u00e9 de Chaleira -Valor do caf\u00e9 R$35,00 \u2013 Ingressos limitados<br><strong>12h<\/strong> Almo\u00e7o churrasco de gado, ovelha e acompanhamentos<br><strong>Valor <\/strong>de $ 55,00 (cinquenta e cinco reais &#8211; ingressos limitados)<br><strong>18h<\/strong> Arriamento de Bandeiras<br>Pontos de vendas dos ingressos do caf\u00e9 e almo\u00e7o no Supermercado Voguel<br>Telefone para contato: 54 \u2013 996399569 \/ 54 996681733<\/p>\n\n\n\n<hr class=\"wp-block-separator has-alpha-channel-opacity\"\/>\n\n\n\n<h3 class=\"wp-block-heading\">\ud83d\udcc5 Dia 13\/09\/2026 \u2013 domingo &#8211; Associa\u00e7\u00e3o dos Trovadores Pedro Ribeiro da Luz<\/h3>\n\n\n\n<p class=\"wp-block-paragraph\"><strong>Nome do Patr\u00e3o:<\/strong> Valdecir de Oliveira<br><strong>6h<\/strong> Mateada<br><strong>8h<\/strong> Protocolo<br><strong>8h30min<\/strong> Caf\u00e9 de Chaleira &#8211; Valor do caf\u00e9 R$35,00 (trinta e cinco reais)<br><strong>12h<\/strong> Almo\u00e7o churrasco servido na mesa com acompanhamentos no valor de R$ 70,00 com<br>musica ao vivo \u2013 fazer reservas<br><strong>18h<\/strong> Arriamento de Bandeiras<br><strong>Telefone para contato<\/strong>: 54 \u2013 999104460<\/p>\n\n\n\n<hr class=\"wp-block-separator has-alpha-channel-opacity\"\/>\n\n\n\n<h3 class=\"wp-block-heading\">\ud83d\udcc5 Dia 14\/09\/2026 \u2013 Segunda feira &#8211; CTG Lalau Miranda<\/h3>\n\n\n\n<p class=\"wp-block-paragraph\"><strong>Nome do Patr\u00e3o:<\/strong> Marcelo Dapper<br><strong>7h<\/strong> Mateada<br><strong>8h<\/strong> Protocolo<br><strong>8h30min<\/strong> Caf\u00e9 de Chaleira &#8211; Valor do caf\u00e9 R$35,00 (trinta e cinco reais)<br><strong>18h<\/strong> Arriamento de Bandeiras<br><strong>20h<\/strong>  Jantar Boia Campeira- Valor do Ingresso: R$ 45,00<br>Tert\u00falia Livre com os talentos da casa durante o jantar<br><strong>Telefone para contato<\/strong>: 54 \u2013 98434-6568<\/p>\n\n\n\n<hr class=\"wp-block-separator has-alpha-channel-opacity\"\/>\n\n\n\n<h3 class=\"wp-block-heading\">\ud83d\udcc5 Dia 15\/09\/2026 \u2013 Ter\u00e7a feira &#8211; CTG Tropel de Caudilhos<\/h3>\n\n\n\n<p class=\"wp-block-paragraph\"><strong>Nome do Patr\u00e3o:<\/strong> Valdir Granvile<br><strong>7h<\/strong> Mateada<br><strong>8h<\/strong> Protocolo<br><strong>8h30min<\/strong> Caf\u00e9 de Chaleira &#8211; Valor do caf\u00e9 R$35,00 (trinta e cinco reais)<br><strong>18h<\/strong> Arriamento de Bandeiras<br><strong>Telefone para contato:<\/strong> 54 \u2013 991317357<\/p>\n\n\n\n<hr class=\"wp-block-separator has-alpha-channel-opacity\"\/>\n\n\n\n<h3 class=\"wp-block-heading\">\ud83d\udcc5 Dia 16\/09\/2026 &#8211; Quarta feira &#8211; CTG Eduardo Muller<\/h3>\n\n\n\n<p class=\"wp-block-paragraph\"><strong>Nome do Patr\u00e3o:<\/strong> Vilson Dornelles da Silva<br><strong>7h<\/strong> Mateada<br><strong>8h<\/strong> Protocolo<br><strong>8h30min<\/strong> Caf\u00e9 de Chaleira &#8211; Valor do caf\u00e9 R$35,00 (trinta e cinco reais)<br><strong>12h<\/strong> Almo\u00e7o carreteiro de charque, feij\u00e3o e acompanhamentos \u2013 valor R$ 50,00<br><strong>18h<\/strong> Arriamento de Bandeiras<br><strong>Telefone para contato<\/strong>: 54 \u2013 991663515<\/p>\n\n\n\n<hr class=\"wp-block-separator has-alpha-channel-opacity\"\/>\n\n\n\n<h3 class=\"wp-block-heading\">\ud83d\udcc5 Dia 17\/09\/2026 \u2013 Quinta feira &#8211; CTG Est\u00e2ncia Nova<\/h3>\n\n\n\n<p class=\"wp-block-paragraph\"><strong>Nome do Patr\u00e3o:<\/strong> Ant\u00f4nio Loesi de Morais<br><strong>7h<\/strong> Mateada<br><strong>8h<\/strong> Protocolo<br><strong>8h30min<\/strong> Caf\u00e9 de Chaleira &#8211; Valor do caf\u00e9 R$35,00 (trinta e cinco reais)<br><strong>12h<\/strong> Almo\u00e7o &#8211; costela de gado com mandioca valor 50,00 reais por pessoa (reserva)<br><strong>14h<\/strong> Oficinas culturais gest\u00e3o interna pe\u00f5es e prendas<br><strong>18h<\/strong> Arriamento de Bandeiras<br><strong>Telefone para contato:<\/strong> 54 \u2013 991675205<\/p>\n\n\n\n<hr class=\"wp-block-separator has-alpha-channel-opacity\"\/>\n\n\n\n<h3 class=\"wp-block-heading\">\ud83d\udcc5 Dia 18\/09\/2026 -Sexta feira &#8211; CTG Moacyr da Motta Fortes<\/h3>\n\n\n\n<p class=\"wp-block-paragraph\"><strong>Nome do Patr\u00e3o:<\/strong> Eleandro J. Colussi<br><strong>7h<\/strong> Mateada<br><strong>8h<\/strong> Protocolo<br><strong>8h30min<\/strong> Caf\u00e9 de Chaleira &#8211; Valor do caf\u00e9 R$35,00 (trinta e cinco reais)<br><strong>12h<\/strong> almo\u00e7o \u2013 churrasco e feijoada valor R$ 60,00<br><strong>14h<\/strong> Oficinas culturais com a gest\u00e3o interna de pe\u00f5es e prendas<br><strong>18h<\/strong> Arriamento de Bandeiras<br><strong>20h<\/strong>  Caf\u00e9 de chaleira \u2013 Valor R$ 35,00<br><strong>Telefone para contato: <\/strong>54 &#8211; 996080881<\/p>\n\n\n\n<hr class=\"wp-block-separator has-alpha-channel-opacity\"\/>\n\n\n\n<h3 class=\"wp-block-heading\">\ud83d\udcc5 Dia 19\/09\/2026 \u2013 S\u00e1bado &#8211; GCT Cavaleiros do Planalto M\u00e9dio<\/h3>\n\n\n\n<p class=\"wp-block-paragraph\"><strong>Nome do Patr\u00e3o:<\/strong> \u00cdndiomar S. Duarte<br><strong>7h<\/strong> Mateada<br><strong>8h<\/strong> Protocolo<br><strong>8h30min<\/strong> Caf\u00e9 de Chaleira &#8211; Valor R$35,00 (trinta e cinco reais) limitado a 900 caf\u00e9s<br><strong>12h30min<\/strong> Almo\u00e7o churrasco de gado, ovelha, lingui\u00e7a, saladas \u2013 Valor R$ 80,00<br><strong>Limitado a 300 almo\u00e7os, reserva fones<\/strong>: Max 99146-6910 Paulo Silveira 99998-7664<br><strong>18h<\/strong> Arriamento de Bandeiras<br><strong>Telefone para contato<\/strong>: 54 \u2013 999696420<\/p>\n\n\n\n<hr class=\"wp-block-separator has-alpha-channel-opacity\"\/>\n\n\n\n<h3 class=\"wp-block-heading\">\ud83d\udcc5 Dia 20 de Setembro em cada entidade<\/h3>\n\n\n\n<p class=\"wp-block-paragraph\"><strong>CTG Os\u00f3rio Porto<\/strong><br>12h30min almo\u00e7o<br>14h domingueira<br><strong>CTG Uni\u00e3o Campeira<\/strong><br>13h &#8211; Costel\u00e3o Farroupilha<br>15h &#8211; Baile e anima\u00e7\u00e3o Som do Sul<br><strong>CTG Eduardo Muller<\/strong><br>12h &#8211; Churrasco dia do ga\u00facho \u2013 Valor do Ingresso: R$ 70,00<br>Card\u00e1pio: churrasco de gado, porco, ovelha, galeto, lingui\u00e7a e acompanham.<br>15h &#8211; Bailanta com Jo\u00e3o dos Santos e Jonas e Jader<br><strong>CTG Lalau Miranda<\/strong><br>12h \u2013 Churrasco Gado, ovelha, porco, lingui\u00e7a e acompanhamentos \u2013 R$ 70,00<br><strong>CTG Est\u00e2ncia Nova<\/strong><br>12h: almo\u00e7o &#8211; churrasco lingui\u00e7a galeto e acompanhamentos no valor de 70,00<br>reais por pessoa a tarde ter\u00e1 anima\u00e7\u00e3o do grupo Sinuelo do Fandango.<br><strong>CTG Moacyr da Motta Fortes<\/strong><br>12h \u2013 Almo\u00e7o churrasco, lingui\u00e7a, galeto e acompanhamentos \u2013 R$ 65,00<br>14h &#8211; Domingueira<br><strong>Associa\u00e7\u00e3o dos Trovadores Pedro Ribeiro da Luz<\/strong><br>12h: churrasco tradicional servido a mesa 70,00 com m\u00fasica ao vivo.<br>Todos os eventos ser\u00e3o reservados com anteced\u00eancia.<br>Reservas antecipadas: 54999104460<br><strong>CTG Tropel de Caudilhos<\/strong><br>12h: Almo\u00e7o \u2013 Churrasco valor R$ 80,00 ingresso limitado<\/p>\n\n\n\n<hr class=\"wp-block-separator has-alpha-channel-opacity\"\/>\n\n\n\n<h3 class=\"wp-block-heading\">Programa\u00e7\u00e3o extra em cada entidade shows e fandangos<\/h3>\n\n\n\n<p class=\"wp-block-paragraph\"><strong>CTG Tropel de Caudilhos<\/strong><br>\ud83d\udcc5 <strong>12 de Setembro (s\u00e1bado)<\/strong> Os Monarcas<br>Informa\u00e7\u00f5es: 54 \u2013 99131-7357<br><strong>CTG Lalau Miranda<\/strong><br>\ud83d\udcc5 <strong>19 de Setembro (s\u00e1bado)<\/strong> &#8211; Jantar Fandango \u2013 Costel\u00e3o a<br>fogo de ch\u00e3o e acompanhamentos &#8211; R$ 100,00<br>Show com &#8220;Os Chacreiros&#8221; e Baile com &#8220;Poncho Velho&#8221;<br>Informa\u00e7\u00f5es: 54 \u2013 99972-6458<\/p>\n\n\n\n<hr class=\"wp-block-separator has-alpha-channel-opacity\"\/>\n\n\n\n<div class=\"wp-block-buttons is-layout-flex wp-block-buttons-is-layout-flex\">\n<div class=\"wp-block-button\"><a class=\"wp-block-button__link has-white-color has-blue-background-color has-text-color has-background has-link-color wp-element-button\" href=\"https:\/\/www.pmpf.rs.gov.br\/cultura\/wp-content\/uploads\/sites\/25\/2021\/11\/semana-farroupilha-completa.pdf\" style=\"border-top-left-radius:12px;border-top-right-radius:12px;border-bottom-left-radius:12px;border-bottom-right-radius:12px\" target=\"_blank\" rel=\"noreferrer noopener\">Download Programa\u00e7\u00e3o Completa<\/a><\/div>\n<\/div>\n\n\n\n<p class=\"wp-block-paragraph\"><\/p>\n","protected":false},"excerpt":{"rendered":"<p>Heran\u00e7a Jesu\u00edtica e Guarani \u2014 400 Anos de Cultura e Tradi\u00e7\u00e3o \ud83d\udcc5 8 a 20 de setembro de 2026 Mais do que celebrar a Revolu\u00e7\u00e3o Farroupilha e os feitos do ga\u00facho a [&hellip;]<\/p>\n","protected":false},"author":4,"featured_media":0,"parent":0,"menu_order":0,"comment_status":"closed","ping_status":"closed","template":"page_secretaria_sem_sidebar.php","meta":{"footnotes":""},"class_list":["post-4548","page","type-page","status-publish","hentry"],"yoast_head":"<!-- This site is optimized with the Yoast SEO plugin v28.1 - https:\/\/yoast.com\/product\/yoast-seo-wordpress\/ -->\n<title>Programa\u00e7\u00e3o da Semana Farroupilha de 2026 - Secretaria de Cultura<\/title>\n<meta name=\"robots\" content=\"index, follow, max-snippet:-1, max-image-preview:large, max-video-preview:-1\" \/>\n<link rel=\"canonical\" href=\"https:\/\/www.pmpf.rs.gov.br\/cultura\/semana-farroupilha-2026\/\" \/>\n<meta property=\"og:locale\" content=\"pt_BR\" \/>\n<meta property=\"og:type\" content=\"article\" \/>\n<meta property=\"og:title\" content=\"Programa\u00e7\u00e3o da Semana Farroupilha de 2026 - Secretaria de Cultura\" \/>\n<meta property=\"og:description\" content=\"Heran\u00e7a Jesu\u00edtica e Guarani \u2014 400 Anos de Cultura e Tradi\u00e7\u00e3o \ud83d\udcc5 8 a 20 de setembro de 2026 Mais do que celebrar a Revolu\u00e7\u00e3o Farroupilha e os feitos do ga\u00facho a [&hellip;]\" \/>\n<meta property=\"og:url\" content=\"https:\/\/www.pmpf.rs.gov.br\/cultura\/semana-farroupilha-2026\/\" \/>\n<meta property=\"og:site_name\" content=\"Secretaria de Cultura\" \/>\n<meta property=\"article:modified_time\" content=\"2026-09-04T13:46:06+00:00\" \/>\n<meta name=\"twitter:card\" content=\"summary_large_image\" \/>\n<meta name=\"twitter:label1\" content=\"Est. tempo de leitura\" \/>\n\t<meta name=\"twitter:data1\" content=\"5 minutos\" \/>\n<script type=\"application\/ld+json\" class=\"yoast-schema-graph\">{\"@context\":\"https:\\\/\\\/schema.org\",\"@graph\":[{\"@type\":\"WebPage\",\"@id\":\"https:\\\/\\\/www.pmpf.rs.gov.br\\\/cultura\\\/semana-farroupilha-2026\\\/\",\"url\":\"https:\\\/\\\/www.pmpf.rs.gov.br\\\/cultura\\\/semana-farroupilha-2026\\\/\",\"name\":\"Programa\u00e7\u00e3o da Semana Farroupilha de 2026 - Secretaria de Cultura\",\"isPartOf\":{\"@id\":\"https:\\\/\\\/www.pmpf.rs.gov.br\\\/cultura\\\/#website\"},\"datePublished\":\"2026-09-03T18:27:44+00:00\",\"dateModified\":\"2026-09-04T13:46:06+00:00\",\"inLanguage\":\"pt-BR\",\"potentialAction\":[{\"@type\":\"ReadAction\",\"target\":[\"https:\\\/\\\/www.pmpf.rs.gov.br\\\/cultura\\\/semana-farroupilha-2026\\\/\"]}]},{\"@type\":\"WebSite\",\"@id\":\"https:\\\/\\\/www.pmpf.rs.gov.br\\\/cultura\\\/#website\",\"url\":\"https:\\\/\\\/www.pmpf.rs.gov.br\\\/cultura\\\/\",\"name\":\"Secretaria de Cultura\",\"description\":\"S\u00f3 mais um site Prefeitura de Passo Fundo\",\"potentialAction\":[{\"@type\":\"SearchAction\",\"target\":{\"@type\":\"EntryPoint\",\"urlTemplate\":\"https:\\\/\\\/www.pmpf.rs.gov.br\\\/cultura\\\/?s={search_term_string}\"},\"query-input\":{\"@type\":\"PropertyValueSpecification\",\"valueRequired\":true,\"valueName\":\"search_term_string\"}}],\"inLanguage\":\"pt-BR\"}]}<\/script>\n<!-- \/ Yoast SEO plugin. -->","yoast_head_json":{"title":"Programa\u00e7\u00e3o da Semana Farroupilha de 2026 - Secretaria de Cultura","robots":{"index":"index","follow":"follow","max-snippet":"max-snippet:-1","max-image-preview":"max-image-preview:large","max-video-preview":"max-video-preview:-1"},"canonical":"https:\/\/www.pmpf.rs.gov.br\/cultura\/semana-farroupilha-2026\/","og_locale":"pt_BR","og_type":"article","og_title":"Programa\u00e7\u00e3o da Semana Farroupilha de 2026 - Secretaria de Cultura","og_description":"Heran\u00e7a Jesu\u00edtica e Guarani \u2014 400 Anos de Cultura e Tradi\u00e7\u00e3o \ud83d\udcc5 8 a 20 de setembro de 2026 Mais do que celebrar a Revolu\u00e7\u00e3o Farroupilha e os feitos do ga\u00facho a [&hellip;]","og_url":"https:\/\/www.pmpf.rs.gov.br\/cultura\/semana-farroupilha-2026\/","og_site_name":"Secretaria de Cultura","article_modified_time":"2026-09-04T13:46:06+00:00","twitter_card":"summary_large_image","twitter_misc":{"Est. tempo de leitura":"5 minutos"},"schema":{"@context":"https:\/\/schema.org","@graph":[{"@type":"WebPage","@id":"https:\/\/www.pmpf.rs.gov.br\/cultura\/semana-farroupilha-2026\/","url":"https:\/\/www.pmpf.rs.gov.br\/cultura\/semana-farroupilha-2026\/","name":"Programa\u00e7\u00e3o da Semana Farroupilha de 2026 - Secretaria de Cultura","isPartOf":{"@id":"https:\/\/www.pmpf.rs.gov.br\/cultura\/#website"},"datePublished":"2026-09-03T18:27:44+00:00","dateModified":"2026-09-04T13:46:06+00:00","inLanguage":"pt-BR","potentialAction":[{"@type":"ReadAction","target":["https:\/\/www.pmpf.rs.gov.br\/cultura\/semana-farroupilha-2026\/"]}]},{"@type":"WebSite","@id":"https:\/\/www.pmpf.rs.gov.br\/cultura\/#website","url":"https:\/\/www.pmpf.rs.gov.br\/cultura\/","name":"Secretaria de Cultura","description":"S\u00f3 mais um site Prefeitura de Passo Fundo","potentialAction":[{"@type":"SearchAction","target":{"@type":"EntryPoint","urlTemplate":"https:\/\/www.pmpf.rs.gov.br\/cultura\/?s={search_term_string}"},"query-input":{"@type":"PropertyValueSpecification","valueRequired":true,"valueName":"search_term_string"}}],"inLanguage":"pt-BR"}]}},"_links":{"self":[{"href":"https:\/\/www.pmpf.rs.gov.br\/cultura\/wp-json\/wp\/v2\/pages\/4548","targetHints":{"allow":["GET"]}}],"collection":[{"href":"https:\/\/www.pmpf.rs.gov.br\/cultura\/wp-json\/wp\/v2\/pages"}],"about":[{"href":"https:\/\/www.pmpf.rs.gov.br\/cultura\/wp-json\/wp\/v2\/types\/page"}],"author":[{"embeddable":true,"href":"https:\/\/www.pmpf.rs.gov.br\/cultura\/wp-json\/wp\/v2\/users\/4"}],"replies":[{"embeddable":true,"href":"https:\/\/www.pmpf.rs.gov.br\/cultura\/wp-json\/wp\/v2\/comments?post=4548"}],"version-history":[{"count":17,"href":"https:\/\/www.pmpf.rs.gov.br\/cultura\/wp-json\/wp\/v2\/pages\/4548\/revisions"}],"predecessor-version":[{"id":4579,"href":"https:\/\/www.pmpf.rs.gov.br\/cultura\/wp-json\/wp\/v2\/pages\/4548\/revisions\/4579"}],"wp:attachment":[{"href":"https:\/\/www.pmpf.rs.gov.br\/cultura\/wp-json\/wp\/v2\/media?parent=4548"}],"curies":[{"name":"wp","href":"https:\/\/api.w.org\/{rel}","templated":true}]}}