{"id":4306,"date":"2025-10-15T09:49:20","date_gmt":"2025-10-15T12:49:20","guid":{"rendered":"https:\/\/www.pmpf.rs.gov.br\/cultura\/?page_id=4306"},"modified":"2026-04-30T13:55:29","modified_gmt":"2026-04-30T16:55:29","slug":"publicacao","status":"publish","type":"page","link":"https:\/\/www.pmpf.rs.gov.br\/cultura\/publicacao\/","title":{"rendered":"Publica\u00e7\u00e3o"},"content":{"rendered":"\n<figure class=\"wp-block-table\"><table class=\"has-fixed-layout\"><tbody><tr><td>Per\u00edodo de Publica\u00e7\u00e3o<\/td><td>Documento<\/td><\/tr><tr><td>30\/04\/2026 at\u00e9 04\/05\/2026<\/td><td><a href=\"https:\/\/www.pmpf.rs.gov.br\/cultura\/wp-content\/uploads\/sites\/25\/2021\/11\/inexigibilidade-festival-coral.pdf\" target=\"_blank\" rel=\"noreferrer noopener\">Processo 2026\/19013 inexigibilidade de licita\u00e7\u00e3o para firmar termo de fomento do Festival Canto Coral de Passo Fundo &#8211; 4\u00aa Edi\u00e7\u00e3o.<\/a><\/td><\/tr><tr><td>22\/12\/2026 at\u00e9 26\/12\/2026<\/td><td><a href=\"https:\/\/www.pmpf.rs.gov.br\/cultura\/wp-content\/uploads\/sites\/25\/2021\/11\/inexigibilidade-7rt.pdf\" target=\"_blank\" rel=\"noreferrer noopener\">Processo 2025\/64804 inexigibilidade de Chamamento P\u00fablico para firmar termo de parceria com a 7\u00aa Regi\u00e3o Tradicionalista.<\/a><\/td><\/tr><tr><td>22\/12\/2025 at\u00e9 26\/12\/2025<\/td><td><a href=\"https:\/\/www.pmpf.rs.gov.br\/cultura\/wp-content\/uploads\/sites\/25\/2021\/11\/inexigibilidade-fecars.pdf\">Processo 2025\/63677 inexigibilidade de Chamamento P\u00fablico para firmar termo de fomento visando a realiza\u00e7\u00e3o da FECARS &#8211; Festa Campeira no Munic\u00edpio<\/a>.<\/td><\/tr><tr><td>24\/12\/2025 at\u00e9 28\/12\/2025<\/td><td><a href=\"https:\/\/www.pmpf.rs.gov.br\/cultura\/wp-content\/uploads\/sites\/25\/2021\/11\/inexigibilidade-atividades-literarias.pdf\" target=\"_blank\" rel=\"noreferrer noopener\">Processo 2025\/66502 inexigibilidade de Chamamento P\u00fablico para firmar termo de fomento visando  a realiza\u00e7\u00e3o das atividades liter\u00e1rias anuais.<\/a><\/td><\/tr><tr><td>04\/03\/2026 at\u00e9 08\/03\/2026<\/td><td><a href=\"https:\/\/www.pmpf.rs.gov.br\/cultura\/wp-content\/uploads\/sites\/25\/2021\/11\/inexigibilidade-aldeia-sesc.pdf\">Processo 2025\/65216  inexigibilidade de Chamamento P\u00fablico para firmar termo de fomento do evento Aldeia Sesc.<\/a><\/td><\/tr><\/tbody><\/table><\/figure>\n\n\n\n<p><\/p>\n\n\n\n<hr class=\"wp-block-separator has-alpha-channel-opacity\"\/>\n\n\n\n<p><\/p>\n\n\n\n<p><\/p>\n","protected":false},"excerpt":{"rendered":"<p>Per\u00edodo de Publica\u00e7\u00e3o Documento 30\/04\/2026 at\u00e9 04\/05\/2026 Processo 2026\/19013 inexigibilidade de licita\u00e7\u00e3o para firmar termo de fomento do Festival Canto Coral de Passo Fundo &#8211; 4\u00aa Edi\u00e7\u00e3o. 22\/12\/2026 at\u00e9 26\/12\/2026 Processo 2025\/64804 [&hellip;]<\/p>\n","protected":false},"author":4,"featured_media":0,"parent":0,"menu_order":0,"comment_status":"closed","ping_status":"closed","template":"","meta":{"footnotes":""},"class_list":["post-4306","page","type-page","status-publish","hentry"],"yoast_head":"<!-- This site is optimized with the Yoast SEO plugin v23.8 - https:\/\/yoast.com\/wordpress\/plugins\/seo\/ -->\n<title>Publica\u00e7\u00e3o - Secretaria de Cultura<\/title>\n<meta name=\"robots\" content=\"index, follow, max-snippet:-1, max-image-preview:large, max-video-preview:-1\" \/>\n<link rel=\"canonical\" href=\"https:\/\/www.pmpf.rs.gov.br\/cultura\/publicacao\/\" \/>\n<meta property=\"og:locale\" content=\"pt_BR\" \/>\n<meta property=\"og:type\" content=\"article\" \/>\n<meta property=\"og:title\" content=\"Publica\u00e7\u00e3o - Secretaria de Cultura\" \/>\n<meta property=\"og:description\" content=\"Per\u00edodo de Publica\u00e7\u00e3o Documento 30\/04\/2026 at\u00e9 04\/05\/2026 Processo 2026\/19013 inexigibilidade de licita\u00e7\u00e3o para firmar termo de fomento do Festival Canto Coral de Passo Fundo &#8211; 4\u00aa Edi\u00e7\u00e3o. 22\/12\/2026 at\u00e9 26\/12\/2026 Processo 2025\/64804 [&hellip;]\" \/>\n<meta property=\"og:url\" content=\"https:\/\/www.pmpf.rs.gov.br\/cultura\/publicacao\/\" \/>\n<meta property=\"og:site_name\" content=\"Secretaria de Cultura\" \/>\n<meta property=\"article:modified_time\" content=\"2026-04-30T16:55:29+00:00\" \/>\n<meta name=\"twitter:card\" content=\"summary_large_image\" \/>\n<meta name=\"twitter:label1\" content=\"Est. tempo de leitura\" \/>\n\t<meta name=\"twitter:data1\" content=\"1 minuto\" \/>\n<script type=\"application\/ld+json\" class=\"yoast-schema-graph\">{\"@context\":\"https:\/\/schema.org\",\"@graph\":[{\"@type\":\"WebPage\",\"@id\":\"https:\/\/www.pmpf.rs.gov.br\/cultura\/publicacao\/\",\"url\":\"https:\/\/www.pmpf.rs.gov.br\/cultura\/publicacao\/\",\"name\":\"Publica\u00e7\u00e3o - Secretaria de Cultura\",\"isPartOf\":{\"@id\":\"https:\/\/www.pmpf.rs.gov.br\/cultura\/#website\"},\"datePublished\":\"2025-10-15T12:49:20+00:00\",\"dateModified\":\"2026-04-30T16:55:29+00:00\",\"inLanguage\":\"pt-BR\",\"potentialAction\":[{\"@type\":\"ReadAction\",\"target\":[\"https:\/\/www.pmpf.rs.gov.br\/cultura\/publicacao\/\"]}]},{\"@type\":\"WebSite\",\"@id\":\"https:\/\/www.pmpf.rs.gov.br\/cultura\/#website\",\"url\":\"https:\/\/www.pmpf.rs.gov.br\/cultura\/\",\"name\":\"Secretaria de Cultura\",\"description\":\"S\u00f3 mais um site Prefeitura de Passo Fundo\",\"potentialAction\":[{\"@type\":\"SearchAction\",\"target\":{\"@type\":\"EntryPoint\",\"urlTemplate\":\"https:\/\/www.pmpf.rs.gov.br\/cultura\/?s={search_term_string}\"},\"query-input\":{\"@type\":\"PropertyValueSpecification\",\"valueRequired\":true,\"valueName\":\"search_term_string\"}}],\"inLanguage\":\"pt-BR\"}]}<\/script>\n<!-- \/ Yoast SEO plugin. -->","yoast_head_json":{"title":"Publica\u00e7\u00e3o - Secretaria de Cultura","robots":{"index":"index","follow":"follow","max-snippet":"max-snippet:-1","max-image-preview":"max-image-preview:large","max-video-preview":"max-video-preview:-1"},"canonical":"https:\/\/www.pmpf.rs.gov.br\/cultura\/publicacao\/","og_locale":"pt_BR","og_type":"article","og_title":"Publica\u00e7\u00e3o - Secretaria de Cultura","og_description":"Per\u00edodo de Publica\u00e7\u00e3o Documento 30\/04\/2026 at\u00e9 04\/05\/2026 Processo 2026\/19013 inexigibilidade de licita\u00e7\u00e3o para firmar termo de fomento do Festival Canto Coral de Passo Fundo &#8211; 4\u00aa Edi\u00e7\u00e3o. 22\/12\/2026 at\u00e9 26\/12\/2026 Processo 2025\/64804 [&hellip;]","og_url":"https:\/\/www.pmpf.rs.gov.br\/cultura\/publicacao\/","og_site_name":"Secretaria de Cultura","article_modified_time":"2026-04-30T16:55:29+00:00","twitter_card":"summary_large_image","twitter_misc":{"Est. tempo de leitura":"1 minuto"},"schema":{"@context":"https:\/\/schema.org","@graph":[{"@type":"WebPage","@id":"https:\/\/www.pmpf.rs.gov.br\/cultura\/publicacao\/","url":"https:\/\/www.pmpf.rs.gov.br\/cultura\/publicacao\/","name":"Publica\u00e7\u00e3o - Secretaria de Cultura","isPartOf":{"@id":"https:\/\/www.pmpf.rs.gov.br\/cultura\/#website"},"datePublished":"2025-10-15T12:49:20+00:00","dateModified":"2026-04-30T16:55:29+00:00","inLanguage":"pt-BR","potentialAction":[{"@type":"ReadAction","target":["https:\/\/www.pmpf.rs.gov.br\/cultura\/publicacao\/"]}]},{"@type":"WebSite","@id":"https:\/\/www.pmpf.rs.gov.br\/cultura\/#website","url":"https:\/\/www.pmpf.rs.gov.br\/cultura\/","name":"Secretaria de Cultura","description":"S\u00f3 mais um site Prefeitura de Passo Fundo","potentialAction":[{"@type":"SearchAction","target":{"@type":"EntryPoint","urlTemplate":"https:\/\/www.pmpf.rs.gov.br\/cultura\/?s={search_term_string}"},"query-input":{"@type":"PropertyValueSpecification","valueRequired":true,"valueName":"search_term_string"}}],"inLanguage":"pt-BR"}]}},"_links":{"self":[{"href":"https:\/\/www.pmpf.rs.gov.br\/cultura\/wp-json\/wp\/v2\/pages\/4306"}],"collection":[{"href":"https:\/\/www.pmpf.rs.gov.br\/cultura\/wp-json\/wp\/v2\/pages"}],"about":[{"href":"https:\/\/www.pmpf.rs.gov.br\/cultura\/wp-json\/wp\/v2\/types\/page"}],"author":[{"embeddable":true,"href":"https:\/\/www.pmpf.rs.gov.br\/cultura\/wp-json\/wp\/v2\/users\/4"}],"replies":[{"embeddable":true,"href":"https:\/\/www.pmpf.rs.gov.br\/cultura\/wp-json\/wp\/v2\/comments?post=4306"}],"version-history":[{"count":13,"href":"https:\/\/www.pmpf.rs.gov.br\/cultura\/wp-json\/wp\/v2\/pages\/4306\/revisions"}],"predecessor-version":[{"id":4484,"href":"https:\/\/www.pmpf.rs.gov.br\/cultura\/wp-json\/wp\/v2\/pages\/4306\/revisions\/4484"}],"wp:attachment":[{"href":"https:\/\/www.pmpf.rs.gov.br\/cultura\/wp-json\/wp\/v2\/media?parent=4306"}],"curies":[{"name":"wp","href":"https:\/\/api.w.org\/{rel}","templated":true}]}}