{"id":270,"date":"2021-12-21T00:24:15","date_gmt":"2021-12-21T03:24:15","guid":{"rendered":"https:\/\/www.pmpf.rs.gov.br\/secretaria-de-cultura\/?page_id=270"},"modified":"2021-12-21T00:24:15","modified_gmt":"2021-12-21T03:24:15","slug":"encontro-de-bandoneon","status":"publish","type":"page","link":"https:\/\/www.pmpf.rs.gov.br\/cultura\/encontro-de-bandoneon\/","title":{"rendered":"Encontro de Bandoneon"},"content":{"rendered":"\n<h2 class=\"wp-block-heading\">A Arte de executar bandoneon<\/h2>\n\n\n\n<div class=\"wp-block-image\"><figure class=\"alignleft size-full\"><img loading=\"lazy\" decoding=\"async\" width=\"340\" height=\"240\" src=\"https:\/\/www.pmpf.rs.gov.br\/secretaria-de-cultura\/wp-content\/uploads\/sites\/25\/2021\/12\/I2015-07-02_05_48_34_106220.jpg\" alt=\"\" class=\"wp-image-271\" srcset=\"https:\/\/www.pmpf.rs.gov.br\/cultura\/wp-content\/uploads\/sites\/25\/2021\/12\/I2015-07-02_05_48_34_106220.jpg 340w, https:\/\/www.pmpf.rs.gov.br\/cultura\/wp-content\/uploads\/sites\/25\/2021\/12\/I2015-07-02_05_48_34_106220-300x212.jpg 300w\" sizes=\"(max-width: 340px) 100vw, 340px\" \/><\/figure><\/div>\n\n\n\n<p><strong>Per\u00edodo:<\/strong>&nbsp;M\u00eas de Maio<\/p>\n\n\n\n<p><strong>Local:<\/strong>&nbsp;Centro de Eventos Notre Dame<\/p>\n\n\n\n<p>O Encontro de Bandoneon de Passo Fundo, se inspira em outros similares que ocorrem em outros rinc\u00f5es. Vem sendo coroado de \u00eaxito a cada edi\u00e7\u00e3o, pelo brilhantismo dos tocadores e pela abnega\u00e7\u00e3o dos organizadores. Este evento foi idealizado inicialmente pelo TIO MENA, Plinio Menna Barreto do Amaral \u00e9 uma promo\u00e7\u00e3o da 7\u00aa Regi\u00e3o Tradicionalista do MTG e conta com o incondicional apoio da Prefeitura Municipal de Passo Fundo e da Secretaria de Cultura. Re\u00fane diversos talentos que dominam a invej\u00e1vel arte de executar BANDONEON de v\u00e1rios munic\u00edpios do RS, Santa Catarina, Paran\u00e1, e outros estados do Brasil, al\u00e9m de participantes do Uruguai e da Argentina. Acontece no m\u00eas de maio no Centro de Eventos Notre Dame.<\/p>\n\n\n\n<figure class=\"wp-block-gallery columns-2 is-cropped wp-block-gallery-1 is-layout-flex wp-block-gallery-is-layout-flex\"><ul class=\"blocks-gallery-grid\"><li class=\"blocks-gallery-item\"><figure><img loading=\"lazy\" decoding=\"async\" width=\"400\" height=\"300\" src=\"https:\/\/www.pmpf.rs.gov.br\/secretaria-de-cultura\/wp-content\/uploads\/sites\/25\/2021\/12\/I2015-07-16_04_11_45_106220.jpg\" alt=\"\" data-id=\"272\" data-full-url=\"https:\/\/www.pmpf.rs.gov.br\/secretaria-de-cultura\/wp-content\/uploads\/sites\/25\/2021\/12\/I2015-07-16_04_11_45_106220.jpg\" data-link=\"https:\/\/www.pmpf.rs.gov.br\/secretaria-de-cultura\/?attachment_id=272\" class=\"wp-image-272\" srcset=\"https:\/\/www.pmpf.rs.gov.br\/cultura\/wp-content\/uploads\/sites\/25\/2021\/12\/I2015-07-16_04_11_45_106220.jpg 400w, https:\/\/www.pmpf.rs.gov.br\/cultura\/wp-content\/uploads\/sites\/25\/2021\/12\/I2015-07-16_04_11_45_106220-300x225.jpg 300w\" sizes=\"(max-width: 400px) 100vw, 400px\" \/><\/figure><\/li><li class=\"blocks-gallery-item\"><figure><img loading=\"lazy\" decoding=\"async\" width=\"1024\" height=\"682\" src=\"https:\/\/www.pmpf.rs.gov.br\/secretaria-de-cultura\/wp-content\/uploads\/sites\/25\/2021\/12\/I2015-07-16_04_12_21_106220-1024x682.jpg\" alt=\"\" data-id=\"273\" data-full-url=\"https:\/\/www.pmpf.rs.gov.br\/secretaria-de-cultura\/wp-content\/uploads\/sites\/25\/2021\/12\/I2015-07-16_04_12_21_106220.jpg\" data-link=\"https:\/\/www.pmpf.rs.gov.br\/secretaria-de-cultura\/?attachment_id=273\" class=\"wp-image-273\" srcset=\"https:\/\/www.pmpf.rs.gov.br\/cultura\/wp-content\/uploads\/sites\/25\/2021\/12\/I2015-07-16_04_12_21_106220-1024x682.jpg 1024w, https:\/\/www.pmpf.rs.gov.br\/cultura\/wp-content\/uploads\/sites\/25\/2021\/12\/I2015-07-16_04_12_21_106220-300x200.jpg 300w, https:\/\/www.pmpf.rs.gov.br\/cultura\/wp-content\/uploads\/sites\/25\/2021\/12\/I2015-07-16_04_12_21_106220-768x512.jpg 768w, https:\/\/www.pmpf.rs.gov.br\/cultura\/wp-content\/uploads\/sites\/25\/2021\/12\/I2015-07-16_04_12_21_106220-1536x1024.jpg 1536w, https:\/\/www.pmpf.rs.gov.br\/cultura\/wp-content\/uploads\/sites\/25\/2021\/12\/I2015-07-16_04_12_21_106220.jpg 1772w\" sizes=\"(max-width: 1024px) 100vw, 1024px\" \/><\/figure><\/li><\/ul><\/figure>\n\n\n\n<p><\/p>\n","protected":false},"excerpt":{"rendered":"<p>A Arte de executar bandoneon Per\u00edodo:&nbsp;M\u00eas de Maio Local:&nbsp;Centro de Eventos Notre Dame O Encontro de Bandoneon de Passo Fundo, se inspira em outros similares que ocorrem em outros rinc\u00f5es. Vem sendo [&hellip;]<\/p>\n","protected":false},"author":1,"featured_media":0,"parent":0,"menu_order":0,"comment_status":"closed","ping_status":"closed","template":"","meta":{"footnotes":""},"class_list":["post-270","page","type-page","status-publish","hentry"],"yoast_head":"<!-- This site is optimized with the Yoast SEO plugin v23.8 - https:\/\/yoast.com\/wordpress\/plugins\/seo\/ -->\n<title>Encontro de Bandoneon - Secretaria de Cultura<\/title>\n<meta name=\"robots\" content=\"index, follow, max-snippet:-1, max-image-preview:large, max-video-preview:-1\" \/>\n<link rel=\"canonical\" href=\"https:\/\/www.pmpf.rs.gov.br\/cultura\/encontro-de-bandoneon\/\" \/>\n<meta property=\"og:locale\" content=\"pt_BR\" \/>\n<meta property=\"og:type\" content=\"article\" \/>\n<meta property=\"og:title\" content=\"Encontro de Bandoneon - Secretaria de Cultura\" \/>\n<meta property=\"og:description\" content=\"A Arte de executar bandoneon Per\u00edodo:&nbsp;M\u00eas de Maio Local:&nbsp;Centro de Eventos Notre Dame O Encontro de Bandoneon de Passo Fundo, se inspira em outros similares que ocorrem em outros rinc\u00f5es. Vem sendo [&hellip;]\" \/>\n<meta property=\"og:url\" content=\"https:\/\/www.pmpf.rs.gov.br\/cultura\/encontro-de-bandoneon\/\" \/>\n<meta property=\"og:site_name\" content=\"Secretaria de Cultura\" \/>\n<meta property=\"og:image\" content=\"https:\/\/www.pmpf.rs.gov.br\/secretaria-de-cultura\/wp-content\/uploads\/sites\/25\/2021\/12\/I2015-07-02_05_48_34_106220.jpg\" \/>\n<meta name=\"twitter:card\" content=\"summary_large_image\" \/>\n<meta name=\"twitter:label1\" content=\"Est. tempo de leitura\" \/>\n\t<meta name=\"twitter:data1\" content=\"2 minutos\" \/>\n<script type=\"application\/ld+json\" class=\"yoast-schema-graph\">{\"@context\":\"https:\/\/schema.org\",\"@graph\":[{\"@type\":\"WebPage\",\"@id\":\"https:\/\/www.pmpf.rs.gov.br\/cultura\/encontro-de-bandoneon\/\",\"url\":\"https:\/\/www.pmpf.rs.gov.br\/cultura\/encontro-de-bandoneon\/\",\"name\":\"Encontro de Bandoneon - Secretaria de Cultura\",\"isPartOf\":{\"@id\":\"https:\/\/www.pmpf.rs.gov.br\/cultura\/#website\"},\"primaryImageOfPage\":{\"@id\":\"https:\/\/www.pmpf.rs.gov.br\/cultura\/encontro-de-bandoneon\/#primaryimage\"},\"image\":{\"@id\":\"https:\/\/www.pmpf.rs.gov.br\/cultura\/encontro-de-bandoneon\/#primaryimage\"},\"thumbnailUrl\":\"https:\/\/www.pmpf.rs.gov.br\/secretaria-de-cultura\/wp-content\/uploads\/sites\/25\/2021\/12\/I2015-07-02_05_48_34_106220.jpg\",\"datePublished\":\"2021-12-21T03:24:15+00:00\",\"dateModified\":\"2021-12-21T03:24:15+00:00\",\"inLanguage\":\"pt-BR\",\"potentialAction\":[{\"@type\":\"ReadAction\",\"target\":[\"https:\/\/www.pmpf.rs.gov.br\/cultura\/encontro-de-bandoneon\/\"]}]},{\"@type\":\"ImageObject\",\"inLanguage\":\"pt-BR\",\"@id\":\"https:\/\/www.pmpf.rs.gov.br\/cultura\/encontro-de-bandoneon\/#primaryimage\",\"url\":\"https:\/\/www.pmpf.rs.gov.br\/secretaria-de-cultura\/wp-content\/uploads\/sites\/25\/2021\/12\/I2015-07-02_05_48_34_106220.jpg\",\"contentUrl\":\"https:\/\/www.pmpf.rs.gov.br\/secretaria-de-cultura\/wp-content\/uploads\/sites\/25\/2021\/12\/I2015-07-02_05_48_34_106220.jpg\"},{\"@type\":\"WebSite\",\"@id\":\"https:\/\/www.pmpf.rs.gov.br\/cultura\/#website\",\"url\":\"https:\/\/www.pmpf.rs.gov.br\/cultura\/\",\"name\":\"Secretaria de Cultura\",\"description\":\"S\u00f3 mais um site Prefeitura de Passo Fundo\",\"potentialAction\":[{\"@type\":\"SearchAction\",\"target\":{\"@type\":\"EntryPoint\",\"urlTemplate\":\"https:\/\/www.pmpf.rs.gov.br\/cultura\/?s={search_term_string}\"},\"query-input\":{\"@type\":\"PropertyValueSpecification\",\"valueRequired\":true,\"valueName\":\"search_term_string\"}}],\"inLanguage\":\"pt-BR\"}]}<\/script>\n<!-- \/ Yoast SEO plugin. -->","yoast_head_json":{"title":"Encontro de Bandoneon - Secretaria de Cultura","robots":{"index":"index","follow":"follow","max-snippet":"max-snippet:-1","max-image-preview":"max-image-preview:large","max-video-preview":"max-video-preview:-1"},"canonical":"https:\/\/www.pmpf.rs.gov.br\/cultura\/encontro-de-bandoneon\/","og_locale":"pt_BR","og_type":"article","og_title":"Encontro de Bandoneon - Secretaria de Cultura","og_description":"A Arte de executar bandoneon Per\u00edodo:&nbsp;M\u00eas de Maio Local:&nbsp;Centro de Eventos Notre Dame O Encontro de Bandoneon de Passo Fundo, se inspira em outros similares que ocorrem em outros rinc\u00f5es. Vem sendo [&hellip;]","og_url":"https:\/\/www.pmpf.rs.gov.br\/cultura\/encontro-de-bandoneon\/","og_site_name":"Secretaria de Cultura","og_image":[{"url":"https:\/\/www.pmpf.rs.gov.br\/secretaria-de-cultura\/wp-content\/uploads\/sites\/25\/2021\/12\/I2015-07-02_05_48_34_106220.jpg"}],"twitter_card":"summary_large_image","twitter_misc":{"Est. tempo de leitura":"2 minutos"},"schema":{"@context":"https:\/\/schema.org","@graph":[{"@type":"WebPage","@id":"https:\/\/www.pmpf.rs.gov.br\/cultura\/encontro-de-bandoneon\/","url":"https:\/\/www.pmpf.rs.gov.br\/cultura\/encontro-de-bandoneon\/","name":"Encontro de Bandoneon - Secretaria de Cultura","isPartOf":{"@id":"https:\/\/www.pmpf.rs.gov.br\/cultura\/#website"},"primaryImageOfPage":{"@id":"https:\/\/www.pmpf.rs.gov.br\/cultura\/encontro-de-bandoneon\/#primaryimage"},"image":{"@id":"https:\/\/www.pmpf.rs.gov.br\/cultura\/encontro-de-bandoneon\/#primaryimage"},"thumbnailUrl":"https:\/\/www.pmpf.rs.gov.br\/secretaria-de-cultura\/wp-content\/uploads\/sites\/25\/2021\/12\/I2015-07-02_05_48_34_106220.jpg","datePublished":"2021-12-21T03:24:15+00:00","dateModified":"2021-12-21T03:24:15+00:00","inLanguage":"pt-BR","potentialAction":[{"@type":"ReadAction","target":["https:\/\/www.pmpf.rs.gov.br\/cultura\/encontro-de-bandoneon\/"]}]},{"@type":"ImageObject","inLanguage":"pt-BR","@id":"https:\/\/www.pmpf.rs.gov.br\/cultura\/encontro-de-bandoneon\/#primaryimage","url":"https:\/\/www.pmpf.rs.gov.br\/secretaria-de-cultura\/wp-content\/uploads\/sites\/25\/2021\/12\/I2015-07-02_05_48_34_106220.jpg","contentUrl":"https:\/\/www.pmpf.rs.gov.br\/secretaria-de-cultura\/wp-content\/uploads\/sites\/25\/2021\/12\/I2015-07-02_05_48_34_106220.jpg"},{"@type":"WebSite","@id":"https:\/\/www.pmpf.rs.gov.br\/cultura\/#website","url":"https:\/\/www.pmpf.rs.gov.br\/cultura\/","name":"Secretaria de Cultura","description":"S\u00f3 mais um site Prefeitura de Passo Fundo","potentialAction":[{"@type":"SearchAction","target":{"@type":"EntryPoint","urlTemplate":"https:\/\/www.pmpf.rs.gov.br\/cultura\/?s={search_term_string}"},"query-input":{"@type":"PropertyValueSpecification","valueRequired":true,"valueName":"search_term_string"}}],"inLanguage":"pt-BR"}]}},"_links":{"self":[{"href":"https:\/\/www.pmpf.rs.gov.br\/cultura\/wp-json\/wp\/v2\/pages\/270"}],"collection":[{"href":"https:\/\/www.pmpf.rs.gov.br\/cultura\/wp-json\/wp\/v2\/pages"}],"about":[{"href":"https:\/\/www.pmpf.rs.gov.br\/cultura\/wp-json\/wp\/v2\/types\/page"}],"author":[{"embeddable":true,"href":"https:\/\/www.pmpf.rs.gov.br\/cultura\/wp-json\/wp\/v2\/users\/1"}],"replies":[{"embeddable":true,"href":"https:\/\/www.pmpf.rs.gov.br\/cultura\/wp-json\/wp\/v2\/comments?post=270"}],"version-history":[{"count":1,"href":"https:\/\/www.pmpf.rs.gov.br\/cultura\/wp-json\/wp\/v2\/pages\/270\/revisions"}],"predecessor-version":[{"id":274,"href":"https:\/\/www.pmpf.rs.gov.br\/cultura\/wp-json\/wp\/v2\/pages\/270\/revisions\/274"}],"wp:attachment":[{"href":"https:\/\/www.pmpf.rs.gov.br\/cultura\/wp-json\/wp\/v2\/media?parent=270"}],"curies":[{"name":"wp","href":"https:\/\/api.w.org\/{rel}","templated":true}]}}