{"id":115,"date":"2021-11-17T10:42:39","date_gmt":"2021-11-17T13:42:39","guid":{"rendered":"https:\/\/www.pmpf.rs.gov.br\/secretaria-de-cultura\/?page_id=115"},"modified":"2021-12-27T21:51:56","modified_gmt":"2021-12-28T00:51:56","slug":"espaco-cultural-roseli-doleski-pretto","status":"publish","type":"page","link":"https:\/\/www.pmpf.rs.gov.br\/cultura\/espaco-cultural-roseli-doleski-pretto\/","title":{"rendered":"Espa\u00e7o Cultural Roseli Dol\u00e9ski Pretto"},"content":{"rendered":"\n<h2 class=\"wp-block-heading\">Complexo Hist\u00f3rico e Cultural de Passo Fundo<\/h2>\n\n\n\n<div class=\"wp-block-image\"><figure class=\"alignleft size-large is-resized\"><img loading=\"lazy\" decoding=\"async\" src=\"https:\/\/www.pmpf.rs.gov.br\/secretaria-de-cultura\/wp-content\/uploads\/sites\/25\/2021\/11\/I2018-04-09_14_50_28_106220-1024x576.jpg\" alt=\"\" class=\"wp-image-116\" width=\"408\" height=\"229\" srcset=\"https:\/\/www.pmpf.rs.gov.br\/cultura\/wp-content\/uploads\/sites\/25\/2021\/11\/I2018-04-09_14_50_28_106220-1024x576.jpg 1024w, https:\/\/www.pmpf.rs.gov.br\/cultura\/wp-content\/uploads\/sites\/25\/2021\/11\/I2018-04-09_14_50_28_106220-300x169.jpg 300w, https:\/\/www.pmpf.rs.gov.br\/cultura\/wp-content\/uploads\/sites\/25\/2021\/11\/I2018-04-09_14_50_28_106220-768x432.jpg 768w, https:\/\/www.pmpf.rs.gov.br\/cultura\/wp-content\/uploads\/sites\/25\/2021\/11\/I2018-04-09_14_50_28_106220-520x292.jpg 520w, https:\/\/www.pmpf.rs.gov.br\/cultura\/wp-content\/uploads\/sites\/25\/2021\/11\/I2018-04-09_14_50_28_106220.jpg 1280w\" sizes=\"(max-width: 408px) 100vw, 408px\" \/><\/figure><\/div>\n\n\n\n<p>O Espa\u00e7o Cultural Roseli Doleski Pretto, foi criado pelo projeto de Lei n\u00ba 4097, de 24 de dezembro de 2003, espa\u00e7o p\u00fablico que compreende o Teatro Municipal M\u00facio de Castro, Sala de Exposi\u00e7\u00f5es Desd\u00eamona Aires, Biblioteca P\u00fablica Municipal Arno Viuniski, Museu Hist\u00f3rico Regional, Museu de Artes Visuais Ruth Schneider, Academia Passo-fundense de Letras, Instituto Hist\u00f3rico de Passo Fundo e Arena Instituto Hist\u00f3rico de Passo Fundo.<\/p>\n\n\n\n<p>Nosso trabalho pretende atrav\u00e9s de uma s\u00e9rie de atividades colocar os alunos em contato com a diversidade dos espa\u00e7os culturais do nosso munic\u00edpio, atrav\u00e9s de visita\u00e7\u00f5es agendadas pela Biblioteca com as escolas, duas vezes por m\u00eas para conhecer o espa\u00e7o:<\/p>\n\n\n\n<p>Este projeto \u00e9 muito importante, pois proporciona aos visitantes um maior conhecimento da hist\u00f3ria da pr\u00f3pria cidade, bem como sua preserva\u00e7\u00e3o e, um reconhecimento da import\u00e2ncia de cada pessoa como parte integrante na forma\u00e7\u00e3o da cultura desse povo acolhedor.<\/p>\n\n\n\n<p>Criado para possibilitar a comunidade local e regional o acesso a este espa\u00e7o como meio de amplia\u00e7\u00e3o e divulga\u00e7\u00e3o deste grande bem cultural, com o objetivo de:<\/p>\n\n\n\n<ul class=\"wp-block-list\"><li>Proporcionar a atualiza\u00e7\u00e3o de conhecimento e gerar qualifica\u00e7\u00e3o.<\/li><li>Promover a inclus\u00e3o cultural e o interc\u00e2mbio entre comunidade e artistas.<\/li><li>Incentivar a forma\u00e7\u00e3o de novos p\u00fablicos.<\/li><li>Provocar a gera\u00e7\u00e3o de trabalho e renda.<\/li><\/ul>\n\n\n\n<h2 class=\"wp-block-heading\">Teatro Municipal M\u00facio de Castro<\/h2>\n\n\n\n<figure class=\"wp-block-image size-full is-resized\"><img loading=\"lazy\" decoding=\"async\" src=\"https:\/\/www.pmpf.rs.gov.br\/secretaria-de-cultura\/wp-content\/uploads\/sites\/25\/2021\/11\/I2018-04-09_14_51_40_106220.jpg\" alt=\"\" class=\"wp-image-117\" width=\"615\" height=\"481\" srcset=\"https:\/\/www.pmpf.rs.gov.br\/cultura\/wp-content\/uploads\/sites\/25\/2021\/11\/I2018-04-09_14_51_40_106220.jpg 615w, https:\/\/www.pmpf.rs.gov.br\/cultura\/wp-content\/uploads\/sites\/25\/2021\/11\/I2018-04-09_14_51_40_106220-300x235.jpg 300w\" sizes=\"(max-width: 615px) 100vw, 615px\" \/><\/figure>\n\n\n\n<p>O pr\u00e9dio mais antigo do espa\u00e7o. Foi sede para v\u00e1rias entidades, al\u00e9m de uma institui\u00e7\u00e3o de ensino e da C\u00e2mara Municipal de Vereadores. Como Teatro, foi inaugurado em dezembro de 1991.<\/p>\n\n\n\n<p>Foi reformado e reinaugurado em maio de 2015. Com capacidade para 164 expectadores.<\/p>\n\n\n\n<p>De maio de 2015 at\u00e9 mar\u00e7o de 2018, o Teatro Municipal M\u00facio de Castro recebeu 306 espet\u00e1culos e 26.487 expectadores. M\u00e9dia mensal de 757 expectadores e aproximadamente 9 espet\u00e1culos por m\u00eas.<\/p>\n\n\n\n<p><strong>Para utiliza\u00e7\u00e3o desse espa\u00e7o, agende atrav\u00e9s do telefone (54) 3312-1959 e preencha a&nbsp;<a href=\"https:\/\/www.pmpf.rs.gov.br\/secretaria-de-cultura\/wp-content\/uploads\/sites\/25\/2021\/11\/ficha_tecnica_teatro_2018.doc\">Ficha de <\/a><a href=\"https:\/\/www.pmpf.rs.gov.br\/secretaria-de-cultura\/wp-content\/uploads\/sites\/25\/2021\/11\/ficha_tecnica_teatro_2018.doc\" target=\"_blank\" rel=\"noreferrer noopener\">Inscri\u00e7\u00e3o<\/a>&nbsp;podendo ser encaminhada pelo e-mail teatromunicipal@pmpf.rs.gov.br.<\/strong><\/p>\n\n\n\n<p><a href=\"https:\/\/www.pmpf.rs.gov.br\/teatro-mucio-de-castro\/\" target=\"_blank\" rel=\"noreferrer noopener\">P\u00e1gina do Teatro Municipal M\u00facio de Castro<\/a><\/p>\n\n\n\n<h2 class=\"wp-block-heading\">Sala de Exposi\u00e7\u00f5es Desd\u00eamona Aires<\/h2>\n\n\n\n<p>Inaugurada em 2017, localizada no segundo andar do pr\u00e9dio do Teatro Municipal M\u00facio de Castro, que recebe exposi\u00e7\u00f5es de pinturas, desenhos, fotografias, esculturas, pequenas instala\u00e7\u00f5es e performances, assim como cole\u00e7\u00f5es de uma forma espec\u00edfica de arte. Com intuito de divulgar e valorizar a arte e o artista da cidade. O nome da sala \u00e9 uma homenagem a uma das precursoras do teatro no munic\u00edpio.<\/p>\n\n\n\n<p><strong>Para utiliza\u00e7\u00e3o desse espa\u00e7o, agende atrav\u00e9s do telefone (54) 3312-1959 e preencha a&nbsp;<a href=\"https:\/\/www.pmpf.rs.gov.br\/secretaria-de-cultura\/wp-content\/uploads\/sites\/25\/2021\/11\/ficha_inscricao_uso_desdemona_2018.doc\" target=\"_blank\" rel=\"noreferrer noopener\">Ficha de Inscri\u00e7\u00e3o<\/a>&nbsp;podendo ser encaminhada pelo e-mail lindiara@pmpf.rs.gov.br.<\/strong><\/p>\n\n\n\n<h2 class=\"wp-block-heading\">Arena do Instituto Hist\u00f3rico<\/h2>\n\n\n\n<figure class=\"wp-block-image size-full\"><img loading=\"lazy\" decoding=\"async\" width=\"480\" height=\"371\" src=\"https:\/\/www.pmpf.rs.gov.br\/secretaria-de-cultura\/wp-content\/uploads\/sites\/25\/2021\/11\/I2018-04-10_09_23_22_106220.jpg\" alt=\"\" class=\"wp-image-121\" srcset=\"https:\/\/www.pmpf.rs.gov.br\/cultura\/wp-content\/uploads\/sites\/25\/2021\/11\/I2018-04-10_09_23_22_106220.jpg 480w, https:\/\/www.pmpf.rs.gov.br\/cultura\/wp-content\/uploads\/sites\/25\/2021\/11\/I2018-04-10_09_23_22_106220-300x232.jpg 300w\" sizes=\"(max-width: 480px) 100vw, 480px\" \/><\/figure>\n\n\n\n<figure class=\"wp-block-image size-full\"><img loading=\"lazy\" decoding=\"async\" width=\"960\" height=\"720\" src=\"https:\/\/www.pmpf.rs.gov.br\/secretaria-de-cultura\/wp-content\/uploads\/sites\/25\/2021\/11\/I2018-04-10_09_26_09_106220-1.jpg\" alt=\"\" class=\"wp-image-123\" srcset=\"https:\/\/www.pmpf.rs.gov.br\/cultura\/wp-content\/uploads\/sites\/25\/2021\/11\/I2018-04-10_09_26_09_106220-1.jpg 960w, https:\/\/www.pmpf.rs.gov.br\/cultura\/wp-content\/uploads\/sites\/25\/2021\/11\/I2018-04-10_09_26_09_106220-1-300x225.jpg 300w, https:\/\/www.pmpf.rs.gov.br\/cultura\/wp-content\/uploads\/sites\/25\/2021\/11\/I2018-04-10_09_26_09_106220-1-768x576.jpg 768w\" sizes=\"(max-width: 960px) 100vw, 960px\" \/><\/figure>\n\n\n\n<p>A mais recente constru\u00e7\u00e3o do Espa\u00e7o. Nasceu para incentivar a arte e os artistas de Passo Fundo, onde recebe shows e eventos culturais como o Encontro das Etnias de Passo Fundo, entre outros.<\/p>\n\n\n\n<h2 class=\"wp-block-heading\">Escadaria<\/h2>\n\n\n\n<figure class=\"wp-block-image size-full\"><img loading=\"lazy\" decoding=\"async\" width=\"720\" height=\"960\" src=\"https:\/\/www.pmpf.rs.gov.br\/secretaria-de-cultura\/wp-content\/uploads\/sites\/25\/2021\/11\/I2018-04-10_09_56_39_106220-1.jpg\" alt=\"\" class=\"wp-image-124\" srcset=\"https:\/\/www.pmpf.rs.gov.br\/cultura\/wp-content\/uploads\/sites\/25\/2021\/11\/I2018-04-10_09_56_39_106220-1.jpg 720w, https:\/\/www.pmpf.rs.gov.br\/cultura\/wp-content\/uploads\/sites\/25\/2021\/11\/I2018-04-10_09_56_39_106220-1-225x300.jpg 225w\" sizes=\"(max-width: 720px) 100vw, 720px\" \/><\/figure>\n\n\n\n<p>Que al\u00e9m de facilitar o acesso, os alunos se deparam com Arte Urbana, foi a primeira escadaria contemplada com uma borboleta pintada em 3D. Trabalho executado pela Confraria das Artes e com o apoio da Secretaria de Cultura.<\/p>\n\n\n\n<h2 class=\"wp-block-heading\">Biblioteca Municipal Arno Viuniski<\/h2>\n\n\n\n<figure class=\"wp-block-image size-full is-resized\"><img loading=\"lazy\" decoding=\"async\" src=\"https:\/\/www.pmpf.rs.gov.br\/secretaria-de-cultura\/wp-content\/uploads\/sites\/25\/2021\/11\/I2018-04-10_09_43_52_106220.jpg\" alt=\"\" class=\"wp-image-125\" width=\"431\" height=\"323\"\/><figcaption>Foto: R\u00e1dio Uirapur\u00fa<\/figcaption><\/figure>\n\n\n\n<p>O pr\u00e9dio da Biblioteca foi constru\u00eddo em 1982, e seu nome \u00e9 uma homenagem para Arno Viuniski, Arquiteto Passo-Fundense, admirado pela dedica\u00e7\u00e3o ao saber. Arno ainda estudante, pensou em um pr\u00e9dio para abrigar a leitura.<\/p>\n\n\n\n<p>Conhe\u00e7a mais a Biblioteca atrav\u00e9s da p\u00e1gina no&nbsp;<a href=\"https:\/\/www.facebook.com\/BibliotecaPublicaPF\/\" target=\"_blank\" rel=\"noreferrer noopener\">Acesse Aqui<\/a>.<\/p>\n\n\n\n<p><strong>Agende a visita\u00e7\u00e3o atrav\u00e9s do telefone (54) 3311-1128.<\/strong><\/p>\n\n\n\n<h2 class=\"wp-block-heading\">Museu Hist\u00f3rico Regional e Museu de Artes Visuais Ruth Schneider<\/h2>\n\n\n\n<figure class=\"wp-block-image size-large\"><img loading=\"lazy\" decoding=\"async\" width=\"1024\" height=\"678\" src=\"https:\/\/www.pmpf.rs.gov.br\/secretaria-de-cultura\/wp-content\/uploads\/sites\/25\/2021\/11\/I2018-04-10_10_11_29_106220-1024x678.jpg\" alt=\"\" class=\"wp-image-126\" srcset=\"https:\/\/www.pmpf.rs.gov.br\/cultura\/wp-content\/uploads\/sites\/25\/2021\/11\/I2018-04-10_10_11_29_106220-1024x678.jpg 1024w, https:\/\/www.pmpf.rs.gov.br\/cultura\/wp-content\/uploads\/sites\/25\/2021\/11\/I2018-04-10_10_11_29_106220-300x199.jpg 300w, https:\/\/www.pmpf.rs.gov.br\/cultura\/wp-content\/uploads\/sites\/25\/2021\/11\/I2018-04-10_10_11_29_106220-768x509.jpg 768w, https:\/\/www.pmpf.rs.gov.br\/cultura\/wp-content\/uploads\/sites\/25\/2021\/11\/I2018-04-10_10_11_29_106220-1536x1017.jpg 1536w, https:\/\/www.pmpf.rs.gov.br\/cultura\/wp-content\/uploads\/sites\/25\/2021\/11\/I2018-04-10_10_11_29_106220.jpg 2048w\" sizes=\"(max-width: 1024px) 100vw, 1024px\" \/><\/figure>\n\n\n\n<p>A constru\u00e7\u00e3o do pr\u00e9dio da Intend\u00eancia Municipal foi iniciada no ano de 1909 e conclu\u00edda em 1911. O pr\u00e9dio abrigou a Intend\u00eancia Municipal at\u00e9 1930, posteriormente, a Prefeitura de Passo Fundo at\u00e9 1976, quando foi edificado &nbsp;o atual centro administrativo Municipal, entregue pelo prefeito, Edu Vila de Azambuja. &nbsp;&nbsp;<\/p>\n\n\n\n<p>A partir de ent\u00e3o o pr\u00e9dio passou a ser usado pela Secretaria de Ind\u00fastria, Com\u00e9rcio, Turismo, Cultura e Desporto, sendo uma de suas salas destinada ao Museu Hist\u00f3rico.<\/p>\n\n\n\n<p>No ano de 1996 foi reinaugurado o Museu Hist\u00f3rico Regional e inaugurado o Museu de Artes Visuais Ruth Schneider, que ocupam o pr\u00e9dio da Antiga Intend\u00eancia Municipal.<\/p>\n\n\n\n<p><a href=\"http:\/\/www.upf.br\/extensao\/visitacao-aos-museus\/museu-historico-regional-mhr\" target=\"_blank\" rel=\"noreferrer noopener nofollow\">Saiba mais.<\/a><\/p>\n\n\n\n<h2 class=\"wp-block-heading\">Academia Passo-Fundense de Letras<\/h2>\n\n\n\n<figure class=\"wp-block-image size-full is-resized\"><img loading=\"lazy\" decoding=\"async\" src=\"https:\/\/www.pmpf.rs.gov.br\/secretaria-de-cultura\/wp-content\/uploads\/sites\/25\/2021\/11\/I2018-04-10_10_37_00_106220.jpg\" alt=\"\" class=\"wp-image-127\" width=\"529\" height=\"391\"\/><\/figure>\n\n\n\n<p>A Academia Passo-Fundense de Letras: Edifica\u00e7\u00e3o constru\u00edda em 1915 para abrigar o Clube Pinheiro Machado. Um de seus principais articuladores foi Francisco Antonino Xavier e Oliveira.<\/p>\n\n\n\n<p>\u00c9 o terceiro pr\u00e9dio mais antigo do Espa\u00e7o Roseli. Constru\u00eddo em 1915. A porta de entrada do pr\u00e9dio \u00e9 conhecida, popularmente, como a porta mais alta do Estado. Por ele passaram institui\u00e7\u00f5es de ensino e de cultura. Em 1940 tamb\u00e9m foi sede da primeira Biblioteca Municipal de nossa cidade.<\/p>\n\n\n\n<p>No ano de &nbsp;1960 passou a ser chamado de Academia Passo-Fundense de Letras, onde s\u00e3o mantidas suas atividades at\u00e9 os dias de hoje.&nbsp;<\/p>\n\n\n\n<p><a href=\"https:\/\/www.facebook.com\/academiapassofundensedeletras\/\" target=\"_blank\" rel=\"noreferrer noopener\">Saiba mais.<\/a><\/p>\n\n\n\n<h2 class=\"wp-block-heading\">Instituto Hist\u00f3rico de Passo Fundo<\/h2>\n\n\n\n<figure class=\"wp-block-image size-full\"><img loading=\"lazy\" decoding=\"async\" width=\"299\" height=\"168\" src=\"https:\/\/www.pmpf.rs.gov.br\/secretaria-de-cultura\/wp-content\/uploads\/sites\/25\/2021\/11\/I2018-04-10_10_57_14_106220.jpg\" alt=\"\" class=\"wp-image-128\"\/><figcaption>Foto: R\u00e1dio Uirapur\u00fa<\/figcaption><\/figure>\n\n\n\n<p>Fundado em abril de 1954, ganhou uma sede pr\u00f3pria em 2017 dentro do espa\u00e7o cultural. Entidade sem fins lucrativo, formada por pessoas interessadas pela hist\u00f3ria, o instituto guarda documentos hist\u00f3ricos, livros, pesquisas e promove eventos.<\/p>\n\n\n\n<p><a href=\"https:\/\/www.facebook.com\/institutohistoricopf\/\" target=\"_blank\" rel=\"noreferrer noopener\">Saiba mais.<\/a><\/p>\n\n\n\n<p><strong>Passo Fundo com o Espa\u00e7o Cultural Roseli Doleski Pretto preserva a hist\u00f3ria e cultura para as pr\u00f3ximas gera\u00e7\u00f5es de Passo Fundo.&nbsp;<\/strong><\/p>\n","protected":false},"excerpt":{"rendered":"<p>Complexo Hist\u00f3rico e Cultural de Passo Fundo O Espa\u00e7o Cultural Roseli Doleski Pretto, foi criado pelo projeto de Lei n\u00ba 4097, de 24 de dezembro de 2003, espa\u00e7o p\u00fablico que compreende o [&hellip;]<\/p>\n","protected":false},"author":1,"featured_media":0,"parent":0,"menu_order":0,"comment_status":"closed","ping_status":"closed","template":"","meta":{"footnotes":""},"class_list":["post-115","page","type-page","status-publish","hentry"],"yoast_head":"<!-- This site is optimized with the Yoast SEO plugin v23.8 - https:\/\/yoast.com\/wordpress\/plugins\/seo\/ -->\n<title>Espa\u00e7o Cultural Roseli Dol\u00e9ski Pretto - Secretaria de Cultura<\/title>\n<meta name=\"robots\" content=\"index, follow, max-snippet:-1, max-image-preview:large, max-video-preview:-1\" \/>\n<link rel=\"canonical\" href=\"https:\/\/www.pmpf.rs.gov.br\/cultura\/espaco-cultural-roseli-doleski-pretto\/\" \/>\n<meta property=\"og:locale\" content=\"pt_BR\" \/>\n<meta property=\"og:type\" content=\"article\" \/>\n<meta property=\"og:title\" content=\"Espa\u00e7o Cultural Roseli Dol\u00e9ski Pretto - Secretaria de Cultura\" \/>\n<meta property=\"og:description\" content=\"Complexo Hist\u00f3rico e Cultural de Passo Fundo O Espa\u00e7o Cultural Roseli Doleski Pretto, foi criado pelo projeto de Lei n\u00ba 4097, de 24 de dezembro de 2003, espa\u00e7o p\u00fablico que compreende o [&hellip;]\" \/>\n<meta property=\"og:url\" content=\"https:\/\/www.pmpf.rs.gov.br\/cultura\/espaco-cultural-roseli-doleski-pretto\/\" \/>\n<meta property=\"og:site_name\" content=\"Secretaria de Cultura\" \/>\n<meta property=\"article:modified_time\" content=\"2021-12-28T00:51:56+00:00\" \/>\n<meta property=\"og:image\" content=\"https:\/\/www.pmpf.rs.gov.br\/secretaria-de-cultura\/wp-content\/uploads\/sites\/25\/2021\/11\/I2018-04-09_14_50_28_106220-1024x576.jpg\" \/>\n<meta name=\"twitter:card\" content=\"summary_large_image\" \/>\n<meta name=\"twitter:label1\" content=\"Est. tempo de leitura\" \/>\n\t<meta name=\"twitter:data1\" content=\"7 minutos\" \/>\n<script type=\"application\/ld+json\" class=\"yoast-schema-graph\">{\"@context\":\"https:\/\/schema.org\",\"@graph\":[{\"@type\":\"WebPage\",\"@id\":\"https:\/\/www.pmpf.rs.gov.br\/cultura\/espaco-cultural-roseli-doleski-pretto\/\",\"url\":\"https:\/\/www.pmpf.rs.gov.br\/cultura\/espaco-cultural-roseli-doleski-pretto\/\",\"name\":\"Espa\u00e7o Cultural Roseli Dol\u00e9ski Pretto - Secretaria de Cultura\",\"isPartOf\":{\"@id\":\"https:\/\/www.pmpf.rs.gov.br\/cultura\/#website\"},\"primaryImageOfPage\":{\"@id\":\"https:\/\/www.pmpf.rs.gov.br\/cultura\/espaco-cultural-roseli-doleski-pretto\/#primaryimage\"},\"image\":{\"@id\":\"https:\/\/www.pmpf.rs.gov.br\/cultura\/espaco-cultural-roseli-doleski-pretto\/#primaryimage\"},\"thumbnailUrl\":\"https:\/\/www.pmpf.rs.gov.br\/secretaria-de-cultura\/wp-content\/uploads\/sites\/25\/2021\/11\/I2018-04-09_14_50_28_106220-1024x576.jpg\",\"datePublished\":\"2021-11-17T13:42:39+00:00\",\"dateModified\":\"2021-12-28T00:51:56+00:00\",\"inLanguage\":\"pt-BR\",\"potentialAction\":[{\"@type\":\"ReadAction\",\"target\":[\"https:\/\/www.pmpf.rs.gov.br\/cultura\/espaco-cultural-roseli-doleski-pretto\/\"]}]},{\"@type\":\"ImageObject\",\"inLanguage\":\"pt-BR\",\"@id\":\"https:\/\/www.pmpf.rs.gov.br\/cultura\/espaco-cultural-roseli-doleski-pretto\/#primaryimage\",\"url\":\"https:\/\/www.pmpf.rs.gov.br\/secretaria-de-cultura\/wp-content\/uploads\/sites\/25\/2021\/11\/I2018-04-09_14_50_28_106220-1024x576.jpg\",\"contentUrl\":\"https:\/\/www.pmpf.rs.gov.br\/secretaria-de-cultura\/wp-content\/uploads\/sites\/25\/2021\/11\/I2018-04-09_14_50_28_106220-1024x576.jpg\"},{\"@type\":\"WebSite\",\"@id\":\"https:\/\/www.pmpf.rs.gov.br\/cultura\/#website\",\"url\":\"https:\/\/www.pmpf.rs.gov.br\/cultura\/\",\"name\":\"Secretaria de Cultura\",\"description\":\"S\u00f3 mais um site Prefeitura de Passo Fundo\",\"potentialAction\":[{\"@type\":\"SearchAction\",\"target\":{\"@type\":\"EntryPoint\",\"urlTemplate\":\"https:\/\/www.pmpf.rs.gov.br\/cultura\/?s={search_term_string}\"},\"query-input\":{\"@type\":\"PropertyValueSpecification\",\"valueRequired\":true,\"valueName\":\"search_term_string\"}}],\"inLanguage\":\"pt-BR\"}]}<\/script>\n<!-- \/ Yoast SEO plugin. -->","yoast_head_json":{"title":"Espa\u00e7o Cultural Roseli Dol\u00e9ski Pretto - Secretaria de Cultura","robots":{"index":"index","follow":"follow","max-snippet":"max-snippet:-1","max-image-preview":"max-image-preview:large","max-video-preview":"max-video-preview:-1"},"canonical":"https:\/\/www.pmpf.rs.gov.br\/cultura\/espaco-cultural-roseli-doleski-pretto\/","og_locale":"pt_BR","og_type":"article","og_title":"Espa\u00e7o Cultural Roseli Dol\u00e9ski Pretto - Secretaria de Cultura","og_description":"Complexo Hist\u00f3rico e Cultural de Passo Fundo O Espa\u00e7o Cultural Roseli Doleski Pretto, foi criado pelo projeto de Lei n\u00ba 4097, de 24 de dezembro de 2003, espa\u00e7o p\u00fablico que compreende o [&hellip;]","og_url":"https:\/\/www.pmpf.rs.gov.br\/cultura\/espaco-cultural-roseli-doleski-pretto\/","og_site_name":"Secretaria de Cultura","article_modified_time":"2021-12-28T00:51:56+00:00","og_image":[{"url":"https:\/\/www.pmpf.rs.gov.br\/secretaria-de-cultura\/wp-content\/uploads\/sites\/25\/2021\/11\/I2018-04-09_14_50_28_106220-1024x576.jpg"}],"twitter_card":"summary_large_image","twitter_misc":{"Est. tempo de leitura":"7 minutos"},"schema":{"@context":"https:\/\/schema.org","@graph":[{"@type":"WebPage","@id":"https:\/\/www.pmpf.rs.gov.br\/cultura\/espaco-cultural-roseli-doleski-pretto\/","url":"https:\/\/www.pmpf.rs.gov.br\/cultura\/espaco-cultural-roseli-doleski-pretto\/","name":"Espa\u00e7o Cultural Roseli Dol\u00e9ski Pretto - Secretaria de Cultura","isPartOf":{"@id":"https:\/\/www.pmpf.rs.gov.br\/cultura\/#website"},"primaryImageOfPage":{"@id":"https:\/\/www.pmpf.rs.gov.br\/cultura\/espaco-cultural-roseli-doleski-pretto\/#primaryimage"},"image":{"@id":"https:\/\/www.pmpf.rs.gov.br\/cultura\/espaco-cultural-roseli-doleski-pretto\/#primaryimage"},"thumbnailUrl":"https:\/\/www.pmpf.rs.gov.br\/secretaria-de-cultura\/wp-content\/uploads\/sites\/25\/2021\/11\/I2018-04-09_14_50_28_106220-1024x576.jpg","datePublished":"2021-11-17T13:42:39+00:00","dateModified":"2021-12-28T00:51:56+00:00","inLanguage":"pt-BR","potentialAction":[{"@type":"ReadAction","target":["https:\/\/www.pmpf.rs.gov.br\/cultura\/espaco-cultural-roseli-doleski-pretto\/"]}]},{"@type":"ImageObject","inLanguage":"pt-BR","@id":"https:\/\/www.pmpf.rs.gov.br\/cultura\/espaco-cultural-roseli-doleski-pretto\/#primaryimage","url":"https:\/\/www.pmpf.rs.gov.br\/secretaria-de-cultura\/wp-content\/uploads\/sites\/25\/2021\/11\/I2018-04-09_14_50_28_106220-1024x576.jpg","contentUrl":"https:\/\/www.pmpf.rs.gov.br\/secretaria-de-cultura\/wp-content\/uploads\/sites\/25\/2021\/11\/I2018-04-09_14_50_28_106220-1024x576.jpg"},{"@type":"WebSite","@id":"https:\/\/www.pmpf.rs.gov.br\/cultura\/#website","url":"https:\/\/www.pmpf.rs.gov.br\/cultura\/","name":"Secretaria de Cultura","description":"S\u00f3 mais um site Prefeitura de Passo Fundo","potentialAction":[{"@type":"SearchAction","target":{"@type":"EntryPoint","urlTemplate":"https:\/\/www.pmpf.rs.gov.br\/cultura\/?s={search_term_string}"},"query-input":{"@type":"PropertyValueSpecification","valueRequired":true,"valueName":"search_term_string"}}],"inLanguage":"pt-BR"}]}},"_links":{"self":[{"href":"https:\/\/www.pmpf.rs.gov.br\/cultura\/wp-json\/wp\/v2\/pages\/115"}],"collection":[{"href":"https:\/\/www.pmpf.rs.gov.br\/cultura\/wp-json\/wp\/v2\/pages"}],"about":[{"href":"https:\/\/www.pmpf.rs.gov.br\/cultura\/wp-json\/wp\/v2\/types\/page"}],"author":[{"embeddable":true,"href":"https:\/\/www.pmpf.rs.gov.br\/cultura\/wp-json\/wp\/v2\/users\/1"}],"replies":[{"embeddable":true,"href":"https:\/\/www.pmpf.rs.gov.br\/cultura\/wp-json\/wp\/v2\/comments?post=115"}],"version-history":[{"count":4,"href":"https:\/\/www.pmpf.rs.gov.br\/cultura\/wp-json\/wp\/v2\/pages\/115\/revisions"}],"predecessor-version":[{"id":2981,"href":"https:\/\/www.pmpf.rs.gov.br\/cultura\/wp-json\/wp\/v2\/pages\/115\/revisions\/2981"}],"wp:attachment":[{"href":"https:\/\/www.pmpf.rs.gov.br\/cultura\/wp-json\/wp\/v2\/media?parent=115"}],"curies":[{"name":"wp","href":"https:\/\/api.w.org\/{rel}","templated":true}]}}