{"id":4580,"date":"2026-09-04T16:38:17","date_gmt":"2026-09-04T19:38:17","guid":{"rendered":"https:\/\/www.pmpf.rs.gov.br\/cultura\/?post_type=eventos&#038;p=4580"},"modified":"2026-09-04T16:39:27","modified_gmt":"2026-09-04T19:39:27","slug":"exposicao-sintese-historica-tributo-a-forca-expedicionaria-brasileira-de-01-a-07-de-setembro","status":"publish","type":"eventos","link":"https:\/\/www.pmpf.rs.gov.br\/cultura\/eventos\/exposicao-sintese-historica-tributo-a-forca-expedicionaria-brasileira-de-01-a-07-de-setembro\/","title":{"rendered":"Exposi\u00e7\u00e3o S\u00edntese Hist\u00f3rica: Tributo \u00e0 For\u00e7a Expedicion\u00e1ria Brasileira de 01 a 07 de setembro"},"content":{"rendered":"\n<p class=\"wp-block-paragraph\">Uma oportunidade para conhecer, valorizar e preservar a mem\u00f3ria da For\u00e7a Expedicion\u00e1ria Brasileira.<\/p>\n\n\n\n<p class=\"wp-block-paragraph\">\ud83d\udd50 Hor\u00e1rios:<br>\u27a1\ufe0f Ter\u00e7a a sexta-feira: 13h30 \u00e0s 17h<br>\u27a1\ufe0f S\u00e1bado e domingo: 16h \u00e0s 19h<br>\u27a1\ufe0f Segunda-feira, dia 7: 9h \u00e0s 11h<\/p>\n\n\n\n<p class=\"wp-block-paragraph\">\ud83c\udf96\ufe0f Proponente: Associa\u00e7\u00e3o dos Reservistas de Passo Fundo (ARPAF)<\/p>\n\n\n\n<p class=\"wp-block-paragraph\">\ud83c\udfa8 Curadoria: Marcos Vedoy e Ang\u00e9lica Borges<\/p>\n\n\n\n<p class=\"wp-block-paragraph\"><\/p>\n","protected":false},"featured_media":0,"template":"","class_list":["post-4580","eventos","type-eventos","status-publish","hentry"],"yoast_head":"<!-- This site is optimized with the Yoast SEO plugin v28.1 - https:\/\/yoast.com\/product\/yoast-seo-wordpress\/ -->\n<title>Exposi\u00e7\u00e3o S\u00edntese Hist\u00f3rica: Tributo \u00e0 For\u00e7a Expedicion\u00e1ria Brasileira de 01 a 07 de setembro - Secretaria de Cultura<\/title>\n<meta name=\"robots\" content=\"index, follow, max-snippet:-1, max-image-preview:large, max-video-preview:-1\" \/>\n<link rel=\"canonical\" href=\"https:\/\/www.pmpf.rs.gov.br\/cultura\/eventos\/exposicao-sintese-historica-tributo-a-forca-expedicionaria-brasileira-de-01-a-07-de-setembro\/\" \/>\n<meta property=\"og:locale\" content=\"pt_BR\" \/>\n<meta property=\"og:type\" content=\"article\" \/>\n<meta property=\"og:title\" content=\"Exposi\u00e7\u00e3o S\u00edntese Hist\u00f3rica: Tributo \u00e0 For\u00e7a Expedicion\u00e1ria Brasileira de 01 a 07 de setembro - Secretaria de Cultura\" \/>\n<meta property=\"og:description\" content=\"Uma oportunidade para conhecer, valorizar e preservar a mem\u00f3ria da For\u00e7a Expedicion\u00e1ria Brasileira. \ud83d\udd50 Hor\u00e1rios:\u27a1\ufe0f Ter\u00e7a a sexta-feira: 13h30 \u00e0s 17h\u27a1\ufe0f S\u00e1bado e domingo: 16h \u00e0s 19h\u27a1\ufe0f Segunda-feira, dia 7: 9h \u00e0s [&hellip;]\" \/>\n<meta property=\"og:url\" content=\"https:\/\/www.pmpf.rs.gov.br\/cultura\/eventos\/exposicao-sintese-historica-tributo-a-forca-expedicionaria-brasileira-de-01-a-07-de-setembro\/\" \/>\n<meta property=\"og:site_name\" content=\"Secretaria de Cultura\" \/>\n<meta property=\"article:modified_time\" content=\"2026-09-04T19:39:27+00:00\" \/>\n<meta name=\"twitter:card\" content=\"summary_large_image\" \/>\n<script type=\"application\/ld+json\" class=\"yoast-schema-graph\">{\"@context\":\"https:\\\/\\\/schema.org\",\"@graph\":[{\"@type\":\"WebPage\",\"@id\":\"https:\\\/\\\/www.pmpf.rs.gov.br\\\/cultura\\\/eventos\\\/exposicao-sintese-historica-tributo-a-forca-expedicionaria-brasileira-de-01-a-07-de-setembro\\\/\",\"url\":\"https:\\\/\\\/www.pmpf.rs.gov.br\\\/cultura\\\/eventos\\\/exposicao-sintese-historica-tributo-a-forca-expedicionaria-brasileira-de-01-a-07-de-setembro\\\/\",\"name\":\"Exposi\u00e7\u00e3o S\u00edntese Hist\u00f3rica: Tributo \u00e0 For\u00e7a Expedicion\u00e1ria Brasileira de 01 a 07 de setembro - Secretaria de Cultura\",\"isPartOf\":{\"@id\":\"https:\\\/\\\/www.pmpf.rs.gov.br\\\/cultura\\\/#website\"},\"datePublished\":\"2026-09-04T19:38:17+00:00\",\"dateModified\":\"2026-09-04T19:39:27+00:00\",\"breadcrumb\":{\"@id\":\"https:\\\/\\\/www.pmpf.rs.gov.br\\\/cultura\\\/eventos\\\/exposicao-sintese-historica-tributo-a-forca-expedicionaria-brasileira-de-01-a-07-de-setembro\\\/#breadcrumb\"},\"inLanguage\":\"pt-BR\",\"potentialAction\":[{\"@type\":\"ReadAction\",\"target\":[\"https:\\\/\\\/www.pmpf.rs.gov.br\\\/cultura\\\/eventos\\\/exposicao-sintese-historica-tributo-a-forca-expedicionaria-brasileira-de-01-a-07-de-setembro\\\/\"]}]},{\"@type\":\"BreadcrumbList\",\"@id\":\"https:\\\/\\\/www.pmpf.rs.gov.br\\\/cultura\\\/eventos\\\/exposicao-sintese-historica-tributo-a-forca-expedicionaria-brasileira-de-01-a-07-de-setembro\\\/#breadcrumb\",\"itemListElement\":[{\"@type\":\"ListItem\",\"position\":1,\"name\":\"Eventos\",\"item\":\"https:\\\/\\\/www.pmpf.rs.gov.br\\\/cultura\\\/eventos\\\/\"},{\"@type\":\"ListItem\",\"position\":2,\"name\":\"Exposi\u00e7\u00e3o S\u00edntese Hist\u00f3rica: Tributo \u00e0 For\u00e7a Expedicion\u00e1ria Brasileira de 01 a 07 de setembro\"}]},{\"@type\":\"WebSite\",\"@id\":\"https:\\\/\\\/www.pmpf.rs.gov.br\\\/cultura\\\/#website\",\"url\":\"https:\\\/\\\/www.pmpf.rs.gov.br\\\/cultura\\\/\",\"name\":\"Secretaria de Cultura\",\"description\":\"S\u00f3 mais um site Prefeitura de Passo Fundo\",\"potentialAction\":[{\"@type\":\"SearchAction\",\"target\":{\"@type\":\"EntryPoint\",\"urlTemplate\":\"https:\\\/\\\/www.pmpf.rs.gov.br\\\/cultura\\\/?s={search_term_string}\"},\"query-input\":{\"@type\":\"PropertyValueSpecification\",\"valueRequired\":true,\"valueName\":\"search_term_string\"}}],\"inLanguage\":\"pt-BR\"}]}<\/script>\n<!-- \/ Yoast SEO plugin. -->","yoast_head_json":{"title":"Exposi\u00e7\u00e3o S\u00edntese Hist\u00f3rica: Tributo \u00e0 For\u00e7a Expedicion\u00e1ria Brasileira de 01 a 07 de setembro - Secretaria de Cultura","robots":{"index":"index","follow":"follow","max-snippet":"max-snippet:-1","max-image-preview":"max-image-preview:large","max-video-preview":"max-video-preview:-1"},"canonical":"https:\/\/www.pmpf.rs.gov.br\/cultura\/eventos\/exposicao-sintese-historica-tributo-a-forca-expedicionaria-brasileira-de-01-a-07-de-setembro\/","og_locale":"pt_BR","og_type":"article","og_title":"Exposi\u00e7\u00e3o S\u00edntese Hist\u00f3rica: Tributo \u00e0 For\u00e7a Expedicion\u00e1ria Brasileira de 01 a 07 de setembro - Secretaria de Cultura","og_description":"Uma oportunidade para conhecer, valorizar e preservar a mem\u00f3ria da For\u00e7a Expedicion\u00e1ria Brasileira. \ud83d\udd50 Hor\u00e1rios:\u27a1\ufe0f Ter\u00e7a a sexta-feira: 13h30 \u00e0s 17h\u27a1\ufe0f S\u00e1bado e domingo: 16h \u00e0s 19h\u27a1\ufe0f Segunda-feira, dia 7: 9h \u00e0s [&hellip;]","og_url":"https:\/\/www.pmpf.rs.gov.br\/cultura\/eventos\/exposicao-sintese-historica-tributo-a-forca-expedicionaria-brasileira-de-01-a-07-de-setembro\/","og_site_name":"Secretaria de Cultura","article_modified_time":"2026-09-04T19:39:27+00:00","twitter_card":"summary_large_image","schema":{"@context":"https:\/\/schema.org","@graph":[{"@type":"WebPage","@id":"https:\/\/www.pmpf.rs.gov.br\/cultura\/eventos\/exposicao-sintese-historica-tributo-a-forca-expedicionaria-brasileira-de-01-a-07-de-setembro\/","url":"https:\/\/www.pmpf.rs.gov.br\/cultura\/eventos\/exposicao-sintese-historica-tributo-a-forca-expedicionaria-brasileira-de-01-a-07-de-setembro\/","name":"Exposi\u00e7\u00e3o S\u00edntese Hist\u00f3rica: Tributo \u00e0 For\u00e7a Expedicion\u00e1ria Brasileira de 01 a 07 de setembro - Secretaria de Cultura","isPartOf":{"@id":"https:\/\/www.pmpf.rs.gov.br\/cultura\/#website"},"datePublished":"2026-09-04T19:38:17+00:00","dateModified":"2026-09-04T19:39:27+00:00","breadcrumb":{"@id":"https:\/\/www.pmpf.rs.gov.br\/cultura\/eventos\/exposicao-sintese-historica-tributo-a-forca-expedicionaria-brasileira-de-01-a-07-de-setembro\/#breadcrumb"},"inLanguage":"pt-BR","potentialAction":[{"@type":"ReadAction","target":["https:\/\/www.pmpf.rs.gov.br\/cultura\/eventos\/exposicao-sintese-historica-tributo-a-forca-expedicionaria-brasileira-de-01-a-07-de-setembro\/"]}]},{"@type":"BreadcrumbList","@id":"https:\/\/www.pmpf.rs.gov.br\/cultura\/eventos\/exposicao-sintese-historica-tributo-a-forca-expedicionaria-brasileira-de-01-a-07-de-setembro\/#breadcrumb","itemListElement":[{"@type":"ListItem","position":1,"name":"Eventos","item":"https:\/\/www.pmpf.rs.gov.br\/cultura\/eventos\/"},{"@type":"ListItem","position":2,"name":"Exposi\u00e7\u00e3o S\u00edntese Hist\u00f3rica: Tributo \u00e0 For\u00e7a Expedicion\u00e1ria Brasileira de 01 a 07 de setembro"}]},{"@type":"WebSite","@id":"https:\/\/www.pmpf.rs.gov.br\/cultura\/#website","url":"https:\/\/www.pmpf.rs.gov.br\/cultura\/","name":"Secretaria de Cultura","description":"S\u00f3 mais um site Prefeitura de Passo Fundo","potentialAction":[{"@type":"SearchAction","target":{"@type":"EntryPoint","urlTemplate":"https:\/\/www.pmpf.rs.gov.br\/cultura\/?s={search_term_string}"},"query-input":{"@type":"PropertyValueSpecification","valueRequired":true,"valueName":"search_term_string"}}],"inLanguage":"pt-BR"}]}},"_links":{"self":[{"href":"https:\/\/www.pmpf.rs.gov.br\/cultura\/wp-json\/wp\/v2\/eventos\/4580","targetHints":{"allow":["GET"]}}],"collection":[{"href":"https:\/\/www.pmpf.rs.gov.br\/cultura\/wp-json\/wp\/v2\/eventos"}],"about":[{"href":"https:\/\/www.pmpf.rs.gov.br\/cultura\/wp-json\/wp\/v2\/types\/eventos"}],"wp:attachment":[{"href":"https:\/\/www.pmpf.rs.gov.br\/cultura\/wp-json\/wp\/v2\/media?parent=4580"}],"curies":[{"name":"wp","href":"https:\/\/api.w.org\/{rel}","templated":true}]}}