{"id":4060,"date":"2024-12-26T11:20:31","date_gmt":"2024-12-26T14:20:31","guid":{"rendered":"https:\/\/www.pmpf.rs.gov.br\/cultura\/?post_type=eventos&#038;p=4060"},"modified":"2025-12-31T08:42:08","modified_gmt":"2025-12-31T11:42:08","slug":"natal-ecologico-maria-fumaca-ate-06-01-205","status":"publish","type":"eventos","link":"https:\/\/www.pmpf.rs.gov.br\/cultura\/eventos\/natal-ecologico-maria-fumaca-ate-06-01-205\/","title":{"rendered":"Natal Ecol\u00f3gico &#8211; Maria Fuma\u00e7a at\u00e9 06\/01\/2026"},"content":{"rendered":"\n<p>Todos os dias, embarque no encantador Trem Maria Fuma\u00e7a e viva uma experi\u00eancia m\u00e1gica no Natal Ecol\u00f3gico! Uma viagem cheia de encanto e esp\u00edrito natalino para todas as idades!&nbsp;<\/p>\n\n\n\n<p><\/p>\n","protected":false},"featured_media":0,"template":"","class_list":["post-4060","eventos","type-eventos","status-publish","hentry"],"yoast_head":"<!-- This site is optimized with the Yoast SEO plugin v23.8 - https:\/\/yoast.com\/wordpress\/plugins\/seo\/ -->\n<title>Natal Ecol\u00f3gico - Maria Fuma\u00e7a at\u00e9 06\/01\/2026 - Secretaria de Cultura<\/title>\n<meta name=\"robots\" content=\"index, follow, max-snippet:-1, max-image-preview:large, max-video-preview:-1\" \/>\n<link rel=\"canonical\" href=\"https:\/\/www.pmpf.rs.gov.br\/cultura\/eventos\/natal-ecologico-maria-fumaca-ate-06-01-205\/\" \/>\n<meta property=\"og:locale\" content=\"pt_BR\" \/>\n<meta property=\"og:type\" content=\"article\" \/>\n<meta property=\"og:title\" content=\"Natal Ecol\u00f3gico - Maria Fuma\u00e7a at\u00e9 06\/01\/2026 - Secretaria de Cultura\" \/>\n<meta property=\"og:description\" content=\"Todos os dias, embarque no encantador Trem Maria Fuma\u00e7a e viva uma experi\u00eancia m\u00e1gica no Natal Ecol\u00f3gico! Uma viagem cheia de encanto e esp\u00edrito natalino para todas as idades!&nbsp;\" \/>\n<meta property=\"og:url\" content=\"https:\/\/www.pmpf.rs.gov.br\/cultura\/eventos\/natal-ecologico-maria-fumaca-ate-06-01-205\/\" \/>\n<meta property=\"og:site_name\" content=\"Secretaria de Cultura\" \/>\n<meta property=\"article:modified_time\" content=\"2025-12-31T11:42:08+00:00\" \/>\n<meta name=\"twitter:card\" content=\"summary_large_image\" \/>\n<script type=\"application\/ld+json\" class=\"yoast-schema-graph\">{\"@context\":\"https:\/\/schema.org\",\"@graph\":[{\"@type\":\"WebPage\",\"@id\":\"https:\/\/www.pmpf.rs.gov.br\/cultura\/eventos\/natal-ecologico-maria-fumaca-ate-06-01-205\/\",\"url\":\"https:\/\/www.pmpf.rs.gov.br\/cultura\/eventos\/natal-ecologico-maria-fumaca-ate-06-01-205\/\",\"name\":\"Natal Ecol\u00f3gico - Maria Fuma\u00e7a at\u00e9 06\/01\/2026 - Secretaria de Cultura\",\"isPartOf\":{\"@id\":\"https:\/\/www.pmpf.rs.gov.br\/cultura\/#website\"},\"datePublished\":\"2024-12-26T14:20:31+00:00\",\"dateModified\":\"2025-12-31T11:42:08+00:00\",\"breadcrumb\":{\"@id\":\"https:\/\/www.pmpf.rs.gov.br\/cultura\/eventos\/natal-ecologico-maria-fumaca-ate-06-01-205\/#breadcrumb\"},\"inLanguage\":\"pt-BR\",\"potentialAction\":[{\"@type\":\"ReadAction\",\"target\":[\"https:\/\/www.pmpf.rs.gov.br\/cultura\/eventos\/natal-ecologico-maria-fumaca-ate-06-01-205\/\"]}]},{\"@type\":\"BreadcrumbList\",\"@id\":\"https:\/\/www.pmpf.rs.gov.br\/cultura\/eventos\/natal-ecologico-maria-fumaca-ate-06-01-205\/#breadcrumb\",\"itemListElement\":[{\"@type\":\"ListItem\",\"position\":1,\"name\":\"Eventos\",\"item\":\"https:\/\/www.pmpf.rs.gov.br\/cultura\/eventos\/\"},{\"@type\":\"ListItem\",\"position\":2,\"name\":\"Natal Ecol\u00f3gico &#8211; Maria Fuma\u00e7a at\u00e9 06\/01\/2026\"}]},{\"@type\":\"WebSite\",\"@id\":\"https:\/\/www.pmpf.rs.gov.br\/cultura\/#website\",\"url\":\"https:\/\/www.pmpf.rs.gov.br\/cultura\/\",\"name\":\"Secretaria de Cultura\",\"description\":\"S\u00f3 mais um site Prefeitura de Passo Fundo\",\"potentialAction\":[{\"@type\":\"SearchAction\",\"target\":{\"@type\":\"EntryPoint\",\"urlTemplate\":\"https:\/\/www.pmpf.rs.gov.br\/cultura\/?s={search_term_string}\"},\"query-input\":{\"@type\":\"PropertyValueSpecification\",\"valueRequired\":true,\"valueName\":\"search_term_string\"}}],\"inLanguage\":\"pt-BR\"}]}<\/script>\n<!-- \/ Yoast SEO plugin. -->","yoast_head_json":{"title":"Natal Ecol\u00f3gico - Maria Fuma\u00e7a at\u00e9 06\/01\/2026 - Secretaria de Cultura","robots":{"index":"index","follow":"follow","max-snippet":"max-snippet:-1","max-image-preview":"max-image-preview:large","max-video-preview":"max-video-preview:-1"},"canonical":"https:\/\/www.pmpf.rs.gov.br\/cultura\/eventos\/natal-ecologico-maria-fumaca-ate-06-01-205\/","og_locale":"pt_BR","og_type":"article","og_title":"Natal Ecol\u00f3gico - Maria Fuma\u00e7a at\u00e9 06\/01\/2026 - Secretaria de Cultura","og_description":"Todos os dias, embarque no encantador Trem Maria Fuma\u00e7a e viva uma experi\u00eancia m\u00e1gica no Natal Ecol\u00f3gico! Uma viagem cheia de encanto e esp\u00edrito natalino para todas as idades!&nbsp;","og_url":"https:\/\/www.pmpf.rs.gov.br\/cultura\/eventos\/natal-ecologico-maria-fumaca-ate-06-01-205\/","og_site_name":"Secretaria de Cultura","article_modified_time":"2025-12-31T11:42:08+00:00","twitter_card":"summary_large_image","schema":{"@context":"https:\/\/schema.org","@graph":[{"@type":"WebPage","@id":"https:\/\/www.pmpf.rs.gov.br\/cultura\/eventos\/natal-ecologico-maria-fumaca-ate-06-01-205\/","url":"https:\/\/www.pmpf.rs.gov.br\/cultura\/eventos\/natal-ecologico-maria-fumaca-ate-06-01-205\/","name":"Natal Ecol\u00f3gico - Maria Fuma\u00e7a at\u00e9 06\/01\/2026 - Secretaria de Cultura","isPartOf":{"@id":"https:\/\/www.pmpf.rs.gov.br\/cultura\/#website"},"datePublished":"2024-12-26T14:20:31+00:00","dateModified":"2025-12-31T11:42:08+00:00","breadcrumb":{"@id":"https:\/\/www.pmpf.rs.gov.br\/cultura\/eventos\/natal-ecologico-maria-fumaca-ate-06-01-205\/#breadcrumb"},"inLanguage":"pt-BR","potentialAction":[{"@type":"ReadAction","target":["https:\/\/www.pmpf.rs.gov.br\/cultura\/eventos\/natal-ecologico-maria-fumaca-ate-06-01-205\/"]}]},{"@type":"BreadcrumbList","@id":"https:\/\/www.pmpf.rs.gov.br\/cultura\/eventos\/natal-ecologico-maria-fumaca-ate-06-01-205\/#breadcrumb","itemListElement":[{"@type":"ListItem","position":1,"name":"Eventos","item":"https:\/\/www.pmpf.rs.gov.br\/cultura\/eventos\/"},{"@type":"ListItem","position":2,"name":"Natal Ecol\u00f3gico &#8211; Maria Fuma\u00e7a at\u00e9 06\/01\/2026"}]},{"@type":"WebSite","@id":"https:\/\/www.pmpf.rs.gov.br\/cultura\/#website","url":"https:\/\/www.pmpf.rs.gov.br\/cultura\/","name":"Secretaria de Cultura","description":"S\u00f3 mais um site Prefeitura de Passo Fundo","potentialAction":[{"@type":"SearchAction","target":{"@type":"EntryPoint","urlTemplate":"https:\/\/www.pmpf.rs.gov.br\/cultura\/?s={search_term_string}"},"query-input":{"@type":"PropertyValueSpecification","valueRequired":true,"valueName":"search_term_string"}}],"inLanguage":"pt-BR"}]}},"_links":{"self":[{"href":"https:\/\/www.pmpf.rs.gov.br\/cultura\/wp-json\/wp\/v2\/eventos\/4060"}],"collection":[{"href":"https:\/\/www.pmpf.rs.gov.br\/cultura\/wp-json\/wp\/v2\/eventos"}],"about":[{"href":"https:\/\/www.pmpf.rs.gov.br\/cultura\/wp-json\/wp\/v2\/types\/eventos"}],"wp:attachment":[{"href":"https:\/\/www.pmpf.rs.gov.br\/cultura\/wp-json\/wp\/v2\/media?parent=4060"}],"curies":[{"name":"wp","href":"https:\/\/api.w.org\/{rel}","templated":true}]}}