{"version":"1.0","provider_name":"Secretaria de Cultura","provider_url":"https:\/\/www.pmpf.rs.gov.br\/cultura","author_name":"cristianem","author_url":"https:\/\/www.pmpf.rs.gov.br\/cultura\/author\/cristianem\/","title":"Exposi\u00e7\u00e3o na Galeria Esta\u00e7\u00e3o da Arte - Secretaria de Cultura","type":"rich","width":600,"height":338,"html":"<blockquote class=\"wp-embedded-content\" data-secret=\"rcdf9rgLLe\"><a href=\"https:\/\/www.pmpf.rs.gov.br\/cultura\/servicos\/galeria-estacao-da-arte\/\">Exposi\u00e7\u00e3o na Galeria Esta\u00e7\u00e3o da Arte<\/a><\/blockquote><iframe sandbox=\"allow-scripts\" security=\"restricted\" src=\"https:\/\/www.pmpf.rs.gov.br\/cultura\/servicos\/galeria-estacao-da-arte\/embed\/#?secret=rcdf9rgLLe\" width=\"600\" height=\"338\" title=\"&#8220;Exposi\u00e7\u00e3o na Galeria Esta\u00e7\u00e3o da Arte&#8221; &#8212; Secretaria de Cultura\" data-secret=\"rcdf9rgLLe\" frameborder=\"0\" marginwidth=\"0\" marginheight=\"0\" scrolling=\"no\" class=\"wp-embedded-content\"><\/iframe><script type=\"text\/javascript\">\n\/* <![CDATA[ *\/\n\/*! This file is auto-generated *\/\n!function(d,l){\"use strict\";l.querySelector&&d.addEventListener&&\"undefined\"!=typeof URL&&(d.wp=d.wp||{},d.wp.receiveEmbedMessage||(d.wp.receiveEmbedMessage=function(e){var t=e.data;if((t||t.secret||t.message||t.value)&&!\/[^a-zA-Z0-9]\/.test(t.secret)){for(var s,r,n,a=l.querySelectorAll('iframe[data-secret=\"'+t.secret+'\"]'),o=l.querySelectorAll('blockquote[data-secret=\"'+t.secret+'\"]'),c=new RegExp(\"^https?:$\",\"i\"),i=0;i<o.length;i++)o[i].style.display=\"none\";for(i=0;i<a.length;i++)s=a[i],e.source===s.contentWindow&&(s.removeAttribute(\"style\"),\"height\"===t.message?(1e3<(r=parseInt(t.value,10))?r=1e3:~~r<200&&(r=200),s.height=r):\"link\"===t.message&&(r=new URL(s.getAttribute(\"src\")),n=new URL(t.value),c.test(n.protocol))&&n.host===r.host&&l.activeElement===s&&(d.top.location.href=t.value))}},d.addEventListener(\"message\",d.wp.receiveEmbedMessage,!1),l.addEventListener(\"DOMContentLoaded\",function(){for(var e,t,s=l.querySelectorAll(\"iframe.wp-embedded-content\"),r=0;r<s.length;r++)(t=(e=s[r]).getAttribute(\"data-secret\"))||(t=Math.random().toString(36).substring(2,12),e.src+=\"#?secret=\"+t,e.setAttribute(\"data-secret\",t)),e.contentWindow.postMessage({message:\"ready\",secret:t},\"*\")},!1)))}(window,document);\n\/* ]]> *\/\n<\/script>\n","description":"Termo de Uso para Realiza\u00e7\u00e3o de Exposi\u00e7\u00f5es de Artes Visuais e\/ou Atividades nas Salas de Exposi\u00e7\u00f5es da Galeria Esta\u00e7\u00e3o da Arte (Antiga Via\u00e7\u00e3o F\u00e9rrea) As inscri\u00e7\u00f5es para propostas expositivas devem obedecer o [&hellip;]"}